{"id":85,"date":"2024-06-20T13:27:37","date_gmt":"2024-06-20T11:27:37","guid":{"rendered":"https:\/\/social-enterprise.nl\/nieuws-en-evenementen\/nieuws\/"},"modified":"2026-01-28T08:48:09","modified_gmt":"2026-01-28T07:48:09","slug":"nieuws","status":"publish","type":"page","link":"https:\/\/social-enterprise.nl\/en\/nieuws-en-evenementen\/nieuws\/","title":{"rendered":"News"},"content":{"rendered":"<style>.kb-row-layout-wrap.wp-block-kadence-rowlayout.kb-row-layout-id85_7581c4-7f{margin-top:var(--global-kb-spacing-md, 2rem);margin-bottom:var(--global-kb-spacing-md, 2rem);}.kb-row-layout-id85_7581c4-7f > .kt-row-column-wrap{align-content:start;}:where(.kb-row-layout-id85_7581c4-7f > .kt-row-column-wrap) > .wp-block-kadence-column{justify-content:start;}.kb-row-layout-id85_7581c4-7f > .kt-row-column-wrap{column-gap:var(--global-kb-gap-md, 2rem);row-gap:var(--global-kb-gap-md, 2rem);grid-template-columns:minmax(0, 1fr);}.kb-row-layout-id85_7581c4-7f > .kt-row-layout-overlay{opacity:0.30;}@media all and (max-width: 1024px){.kb-row-layout-id85_7581c4-7f > .kt-row-column-wrap{grid-template-columns:minmax(0, 1fr);}}@media all and (max-width: 767px){.kb-row-layout-wrap.wp-block-kadence-rowlayout.kb-row-layout-id85_7581c4-7f{margin-top:var(--global-kb-spacing-md, 2rem);margin-bottom:var(--global-kb-spacing-md, 2rem);}.kb-row-layout-id85_7581c4-7f > .kt-row-column-wrap{grid-template-columns:minmax(0, 1fr);}}<\/style><div class=\"kb-row-layout-wrap kb-row-layout-id85_7581c4-7f alignnone wp-block-kadence-rowlayout\"><div class=\"kt-row-column-wrap kt-has-1-columns kt-row-layout-equal kt-tab-layout-inherit kt-mobile-layout-row kt-row-valign-top\">\n<style>.kadence-column85_456ed1-c3 > .kt-inside-inner-col{padding-top:var(--global-kb-spacing-md, 2rem);padding-right:var(--global-kb-spacing-md, 2rem);padding-bottom:var(--global-kb-spacing-md, 2rem);padding-left:var(--global-kb-spacing-md, 2rem);}.kadence-column85_456ed1-c3 > .kt-inside-inner-col,.kadence-column85_456ed1-c3 > .kt-inside-inner-col:before{border-top-left-radius:0px;border-top-right-radius:0px;border-bottom-right-radius:0px;border-bottom-left-radius:0px;}.kadence-column85_456ed1-c3 > .kt-inside-inner-col{column-gap:var(--global-kb-gap-sm, 1rem);}.kadence-column85_456ed1-c3 > .kt-inside-inner-col{flex-direction:column;}.kadence-column85_456ed1-c3 > .kt-inside-inner-col > .aligncenter{width:100%;}.kadence-column85_456ed1-c3 > .kt-inside-inner-col{background-color:var(--global-palette11, #3182CE);}.kadence-column85_456ed1-c3 > .kt-inside-inner-col:before{opacity:0.3;}.kadence-column85_456ed1-c3, .kadence-column85_456ed1-c3 h1, .kadence-column85_456ed1-c3 h2, .kadence-column85_456ed1-c3 h3, .kadence-column85_456ed1-c3 h4, .kadence-column85_456ed1-c3 h5, .kadence-column85_456ed1-c3 h6{color:var(--global-palette9, #ffffff);}.kadence-column85_456ed1-c3 a{color:var(--global-palette1, #3182CE);}.kadence-column85_456ed1-c3{position:relative;}@media all and (max-width: 1024px){.kadence-column85_456ed1-c3 > .kt-inside-inner-col{flex-direction:column;justify-content:center;}}@media all and (max-width: 767px){.kadence-column85_456ed1-c3 > .kt-inside-inner-col{flex-direction:column;justify-content:center;}}.kadence-column85_456ed1-c3:after {  content: '';  border-top: 45px solid #000;  border-left: 45px solid transparent;  position: absolute;  top: 5px;  right: 5px;}<\/style>\n<div class=\"wp-block-kadence-column kadence-column85_456ed1-c3\"><div class=\"kt-inside-inner-col\"><style>.wp-block-kadence-advancedheading.kt-adv-heading85_fa8341-35, .wp-block-kadence-advancedheading.kt-adv-heading85_fa8341-35[data-kb-block=\"kb-adv-heading85_fa8341-35\"]{margin-top:0px;margin-bottom:var(--global-kb-spacing-sm, 1.5rem);font-size:var(--global-kb-font-size-lg, 2rem);font-style:normal;}.wp-block-kadence-advancedheading.kt-adv-heading85_fa8341-35 mark.kt-highlight, .wp-block-kadence-advancedheading.kt-adv-heading85_fa8341-35[data-kb-block=\"kb-adv-heading85_fa8341-35\"] mark.kt-highlight{font-style:normal;color:#f76a0c;-webkit-box-decoration-break:clone;box-decoration-break:clone;padding-top:0px;padding-right:0px;padding-bottom:0px;padding-left:0px;}.wp-block-kadence-advancedheading.kt-adv-heading85_fa8341-35 img.kb-inline-image, .wp-block-kadence-advancedheading.kt-adv-heading85_fa8341-35[data-kb-block=\"kb-adv-heading85_fa8341-35\"] img.kb-inline-image{width:150px;vertical-align:baseline;}<\/style>\n<h2 class=\"kt-adv-heading85_fa8341-35 wp-block-kadence-advancedheading has-theme-palette-3-color has-text-color\" data-kb-block=\"kb-adv-heading85_fa8341-35\">Doorzoek het archief<\/h2>\n\n\n<form data-sf-form-id='611' data-is-rtl='0' data-maintain-state='' data-results-url='https:\/\/social-enterprise.nl\/nieuws-en-evenementen\/nieuws\/' data-ajax-url='https:\/\/social-enterprise.nl\/en\/?sfid=611&amp;sf_action=get_data&amp;sf_data=results' data-ajax-form-url='https:\/\/social-enterprise.nl\/en\/?sfid=611&amp;sf_action=get_data&amp;sf_data=form' data-display-result-method='shortcode' data-use-history-api='1' data-template-loaded='0' data-lang-code='en' data-ajax='1' data-ajax-data-type='json' data-ajax-links-selector='.pagination a' data-ajax-target='#search-filter-results-611' data-ajax-pagination-type='normal' data-update-ajax-url='1' data-only-results-ajax='1' data-scroll-to-pos='0' data-init-paged='1' data-auto-update='' action='https:\/\/social-enterprise.nl\/nieuws-en-evenementen\/nieuws\/' method='post' class='searchandfilter' id='search-filter-form-611' autocomplete='off' data-instance-count='1'><ul><li class=\"sf-field-category\" data-sf-field-name=\"_sft_category\" data-sf-field-type=\"category\" data-sf-field-input-type=\"select\"><h4>Categorie<\/h4>\t\t<label>\n\t\t\t\t   \t\t<select name=\"_sft_category[]\" class=\"sf-input-select\" title=\"\">\n\t\t\t\t\t\t  \t\t\t<option class=\"sf-level-0 sf-item-0 sf-option-active\" selected=\"selected\" data-sf-count=\"0\" data-sf-depth=\"0\" value=\"\">Alle categorie\u00ebn<\/option>\n\t\t\t\t\t\t\t\t\t\t\t<option class=\"sf-level-0 sf-item-1\" data-sf-count=\"6\" data-sf-depth=\"0\" value=\"algemeen\">Algemeen&nbsp;&nbsp;(6)<\/option>\n\t\t\t\t\t\t\t\t\t\t\t<option class=\"sf-level-0 sf-item-1826\" data-sf-count=\"137\" data-sf-depth=\"0\" value=\"artikelen\">Artikelen&nbsp;&nbsp;(137)<\/option>\n\t\t\t\t\t\t\t\t\t\t\t<option class=\"sf-level-0 sf-item-1823\" data-sf-count=\"559\" data-sf-depth=\"0\" value=\"nieuws\">Nieuws&nbsp;&nbsp;(559)<\/option>\n\t\t\t\t\t\t\t\t\t\t\t<option class=\"sf-level-0 sf-item-1824\" data-sf-count=\"3\" data-sf-depth=\"0\" value=\"vacatures-intern\">Vacatures intern&nbsp;&nbsp;(3)<\/option>\n\t\t\t\t\t\t\t\t\t\t\t<\/select><\/label>\t\t\t\t\t\t\t\t\t\t<\/li><li class=\"sf-field-search\" data-sf-field-name=\"search\" data-sf-field-type=\"search\" data-sf-field-input-type=\"\"><h4>Zoeken<\/h4>\t\t<label>\n\t\t\t\t   <input placeholder=\"Bericht zoeken\" name=\"_sf_search[]\" class=\"sf-input-text\" type=\"text\" value=\"\" title=\"\"><\/label>\t\t<\/li><li class=\"sf-field-submit\" data-sf-field-name=\"submit\" data-sf-field-type=\"submit\" data-sf-field-input-type=\"\"><input type=\"submit\" name=\"_sf_submit\" value=\"Zoek\"><\/li><\/ul><\/form>\n<\/div><\/div>\n\n\n<style>.kadence-column85_d712ae-80 > .kt-inside-inner-col,.kadence-column85_d712ae-80 > .kt-inside-inner-col:before{border-top-left-radius:0px;border-top-right-radius:0px;border-bottom-right-radius:0px;border-bottom-left-radius:0px;}.kadence-column85_d712ae-80 > .kt-inside-inner-col{column-gap:var(--global-kb-gap-sm, 1rem);}.kadence-column85_d712ae-80 > .kt-inside-inner-col{flex-direction:column;}.kadence-column85_d712ae-80 > .kt-inside-inner-col > .aligncenter{width:100%;}.kadence-column85_d712ae-80 > .kt-inside-inner-col:before{opacity:0.3;}.kadence-column85_d712ae-80{position:relative;}@media all and (max-width: 1024px){.kadence-column85_d712ae-80 > .kt-inside-inner-col{flex-direction:column;justify-content:center;}}@media all and (max-width: 767px){.kadence-column85_d712ae-80 > .kt-inside-inner-col{flex-direction:column;justify-content:center;}}<\/style>\n<div class=\"wp-block-kadence-column kadence-column85_d712ae-80\"><div class=\"kt-inside-inner-col\"><div class=\"search-filter-results\" id=\"search-filter-results-611\">   \r\n\t<!--Resultaten: 698 - Pagina: 1 of 1<br \/>-->\r\n\t\r\n\t\r\n<div class=\"grid-container\">        <a href=\"https:\/\/social-enterprise.nl\/en\/nieuws\/200-brieven-aan-fractievoorzitters-en-onderhandelaars-publieke-inkoop-in-gemeentelijke-coalitieakkoorden\/\" class=\"grid-item-link grid-item first-item\" style=\"background-image: url('https:\/\/social-enterprise.nl\/wp-content\/uploads\/2026\/04\/DvdS_Event_Overhiedscongres_SocialEnterprise-144.jpg');\">\r\n            <div class=\"overlay-content\">\r\n                <div class=\"grid-item-content\">\r\n                    <h2 class=\"grid-item-title\">200 brieven aan fractievoorzitters: publieke inkoop in gemeentelijke coalitieakkoorden<\/h2>\r\n                    <span class=\"grid-item-date\">20 April 2026<\/span>\r\n                    <div class=\"grid-item-excerpt\">Gemeenten staan de komende jaren voor grote maatschappelijke opgaven \u2013 van het terugdringen van armoede&hellip;<\/div>\r\n                    <!--<div><span class=\"grid-item-category\">Nieuws<\/span><\/div>-->\r\n                <\/div>\r\n            <\/div>\r\n        <\/a>\r\n                <a href=\"https:\/\/social-enterprise.nl\/en\/nieuws\/terugblik-op-het-social-enterprise-overheidscongres-2026\/\" class=\"grid-item-link grid-item\">\r\n            <img loading=\"lazy\" decoding=\"async\" width=\"1920\" height=\"1280\" src=\"https:\/\/social-enterprise.nl\/wp-content\/uploads\/2026\/04\/DvdS_Event_SocialEnterprise-8.jpg\" class=\"attachment-small size-small wp-post-image\" alt=\"\" srcset=\"https:\/\/social-enterprise.nl\/wp-content\/uploads\/2026\/04\/DvdS_Event_SocialEnterprise-8.jpg 1920w, https:\/\/social-enterprise.nl\/wp-content\/uploads\/2026\/04\/DvdS_Event_SocialEnterprise-8-768x512.jpg 768w, https:\/\/social-enterprise.nl\/wp-content\/uploads\/2026\/04\/DvdS_Event_SocialEnterprise-8-1536x1024.jpg 1536w, https:\/\/social-enterprise.nl\/wp-content\/uploads\/2026\/04\/DvdS_Event_SocialEnterprise-8-18x12.jpg 18w\" sizes=\"auto, (max-width: 1920px) 100vw, 1920px\" \/>            <div class=\"grid-item-content\">\r\n                <h2 class=\"grid-item-title\">Terugblik op het Social Enterprise Overheidscongres 2026<\/h2>\r\n                <span class=\"grid-item-date\">16 April 2026<\/span>\r\n                <div class=\"grid-item-excerpt\">Op woensdag 8 april 2026 vond het&nbsp;Social&nbsp;Enterprise Overheidscongres en het eindevent van de City Deal&hellip;<\/div>\r\n                <!--<div><span class=\"grid-item-category\">Nieuws<\/span><\/div>-->\r\n            <\/div>\r\n        <\/a>\r\n                <a href=\"https:\/\/social-enterprise.nl\/en\/nieuws\/impact-agenda-2030\/\" class=\"grid-item-link grid-item\">\r\n            <img loading=\"lazy\" decoding=\"async\" width=\"1024\" height=\"683\" src=\"https:\/\/social-enterprise.nl\/wp-content\/uploads\/2026\/04\/DvdS_Event_SocialEnterprise-2.jpg\" class=\"attachment-small size-small wp-post-image\" alt=\"\" srcset=\"https:\/\/social-enterprise.nl\/wp-content\/uploads\/2026\/04\/DvdS_Event_SocialEnterprise-2.jpg 1024w, https:\/\/social-enterprise.nl\/wp-content\/uploads\/2026\/04\/DvdS_Event_SocialEnterprise-2-768x512.jpg 768w, https:\/\/social-enterprise.nl\/wp-content\/uploads\/2026\/04\/DvdS_Event_SocialEnterprise-2-18x12.jpg 18w\" sizes=\"auto, (max-width: 1024px) 100vw, 1024px\" \/>            <div class=\"grid-item-content\">\r\n                <h2 class=\"grid-item-title\">Impact Agenda 2030<\/h2>\r\n                <span class=\"grid-item-date\">8 April 2026<\/span>\r\n                <div class=\"grid-item-excerpt\">Nederlandse Impact Ecosysteem presenteert nationale handreiking voor een toekomstbestendige en weerbare economie. Nederland zet een&hellip;<\/div>\r\n                <!--<div><span class=\"grid-item-category\">Nieuws<\/span><\/div>-->\r\n            <\/div>\r\n        <\/a>\r\n                <a href=\"https:\/\/social-enterprise.nl\/en\/nieuws\/publieke-inkoop-verdient-een-duidelijke-plek-in-gemeentelijke-coalitieakkoorden\/\" class=\"grid-item-link grid-item\">\r\n            <img loading=\"lazy\" decoding=\"async\" width=\"1920\" height=\"1920\" src=\"https:\/\/social-enterprise.nl\/wp-content\/uploads\/2026\/04\/31-maart-1.jpg\" class=\"attachment-small size-small wp-post-image\" alt=\"\" srcset=\"https:\/\/social-enterprise.nl\/wp-content\/uploads\/2026\/04\/31-maart-1.jpg 1920w, https:\/\/social-enterprise.nl\/wp-content\/uploads\/2026\/04\/31-maart-1-768x768.jpg 768w, https:\/\/social-enterprise.nl\/wp-content\/uploads\/2026\/04\/31-maart-1-1536x1536.jpg 1536w, https:\/\/social-enterprise.nl\/wp-content\/uploads\/2026\/04\/31-maart-1-12x12.jpg 12w\" sizes=\"auto, (max-width: 1920px) 100vw, 1920px\" \/>            <div class=\"grid-item-content\">\r\n                <h2 class=\"grid-item-title\">Publieke inkoop verdient een duidelijke plek in gemeentelijke coalitieakkoorden<\/h2>\r\n                <span class=\"grid-item-date\">1 April 2026<\/span>\r\n                <div class=\"grid-item-excerpt\">Gemeenten staan voor grote keuzes. Met toenemende financi\u00eble druk en aanhoudende maatschappelijke opgaven wordt de&hellip;<\/div>\r\n                <!--<div><span class=\"grid-item-category\">Nieuws<\/span><\/div>-->\r\n            <\/div>\r\n        <\/a>\r\n                <a href=\"https:\/\/social-enterprise.nl\/en\/nieuws\/vul-de-european-social-enterprise-monitor-in\/\" class=\"grid-item-link grid-item\">\r\n            <img loading=\"lazy\" decoding=\"async\" width=\"1536\" height=\"1024\" src=\"https:\/\/social-enterprise.nl\/wp-content\/uploads\/2026\/03\/ESEM-Survey-lancering-aankondiging.jpg\" class=\"attachment-small size-small wp-post-image\" alt=\"\" srcset=\"https:\/\/social-enterprise.nl\/wp-content\/uploads\/2026\/03\/ESEM-Survey-lancering-aankondiging.jpg 1536w, https:\/\/social-enterprise.nl\/wp-content\/uploads\/2026\/03\/ESEM-Survey-lancering-aankondiging-768x512.jpg 768w, https:\/\/social-enterprise.nl\/wp-content\/uploads\/2026\/03\/ESEM-Survey-lancering-aankondiging-18x12.jpg 18w\" sizes=\"auto, (max-width: 1536px) 100vw, 1536px\" \/>            <div class=\"grid-item-content\">\r\n                <h2 class=\"grid-item-title\">Vul de European\u00a0Social\u00a0Enterprise Monitor in!\u00a0<\/h2>\r\n                <span class=\"grid-item-date\">24 March 2026<\/span>\r\n                <div class=\"grid-item-excerpt\">Hoe gaat het met sociale ondernemingen in Nederland en Europa? Dat is precies wat we&hellip;<\/div>\r\n                <!--<div><span class=\"grid-item-category\">Nieuws<\/span><\/div>-->\r\n            <\/div>\r\n        <\/a>\r\n                <a href=\"https:\/\/social-enterprise.nl\/en\/nieuws\/wethouder-john-brom-spreker-bij-het-social-enterprise-overheidscongres-eindevent-city-deal-impact-ondernemen\/\" class=\"grid-item-link grid-item\">\r\n            <img loading=\"lazy\" decoding=\"async\" width=\"600\" height=\"600\" src=\"https:\/\/social-enterprise.nl\/wp-content\/uploads\/2026\/03\/john-brom.jpg\" class=\"attachment-small size-small wp-post-image\" alt=\"\" srcset=\"https:\/\/social-enterprise.nl\/wp-content\/uploads\/2026\/03\/john-brom.jpg 600w, https:\/\/social-enterprise.nl\/wp-content\/uploads\/2026\/03\/john-brom-12x12.jpg 12w\" sizes=\"auto, (max-width: 600px) 100vw, 600px\" \/>            <div class=\"grid-item-content\">\r\n                <h2 class=\"grid-item-title\">Wethouder John Brom spreker bij het\u00a0Social\u00a0Enterprise Overheidscongres &amp; Eindevent City Deal Impact Ondernemen\u00a0<\/h2>\r\n                <span class=\"grid-item-date\">23 March 2026<\/span>\r\n                <div class=\"grid-item-excerpt\">Het&nbsp;Social&nbsp;Enterprise Overheidscongres vindt plaats in Nijmegen, een stad waar veel gebeurt op het gebied van&hellip;<\/div>\r\n                <!--<div><span class=\"grid-item-category\">Nieuws<\/span><\/div>-->\r\n            <\/div>\r\n        <\/a>\r\n                <a href=\"https:\/\/social-enterprise.nl\/en\/nieuws\/14-nieuwe-systeemverbeteraars-in-ons-netwerk\/\" class=\"grid-item-link grid-item\">\r\n            <img loading=\"lazy\" decoding=\"async\" width=\"850\" height=\"500\" src=\"https:\/\/social-enterprise.nl\/wp-content\/uploads\/2026\/03\/LI-9-maart-1.jpg\" class=\"attachment-small size-small wp-post-image\" alt=\"\" srcset=\"https:\/\/social-enterprise.nl\/wp-content\/uploads\/2026\/03\/LI-9-maart-1.jpg 850w, https:\/\/social-enterprise.nl\/wp-content\/uploads\/2026\/03\/LI-9-maart-1-768x452.jpg 768w, https:\/\/social-enterprise.nl\/wp-content\/uploads\/2026\/03\/LI-9-maart-1-18x12.jpg 18w\" sizes=\"auto, (max-width: 850px) 100vw, 850px\" \/>            <div class=\"grid-item-content\">\r\n                <h2 class=\"grid-item-title\">14 nieuwe systeemverbeteraars in ons netwerk!<\/h2>\r\n                <span class=\"grid-item-date\">9 March 2026<\/span>\r\n                <div class=\"grid-item-excerpt\">De social enterprise beweging groeit door. In januari en februari 2026 verwelkomden we 14 nieuwe&hellip;<\/div>\r\n                <!--<div><span class=\"grid-item-category\">Nieuws<\/span><\/div>-->\r\n            <\/div>\r\n        <\/a>\r\n                <a href=\"https:\/\/social-enterprise.nl\/en\/algemeen\/maaike-groen-nieuwe-directeur-social-enterprise-nl\/\" class=\"grid-item-link grid-item\">\r\n            <img loading=\"lazy\" decoding=\"async\" width=\"1500\" height=\"1500\" src=\"https:\/\/social-enterprise.nl\/wp-content\/uploads\/2026\/02\/maaike-vierkant.jpg\" class=\"attachment-small size-small wp-post-image\" alt=\"\" srcset=\"https:\/\/social-enterprise.nl\/wp-content\/uploads\/2026\/02\/maaike-vierkant.jpg 1500w, https:\/\/social-enterprise.nl\/wp-content\/uploads\/2026\/02\/maaike-vierkant-768x768.jpg 768w, https:\/\/social-enterprise.nl\/wp-content\/uploads\/2026\/02\/maaike-vierkant-12x12.jpg 12w\" sizes=\"auto, (max-width: 1500px) 100vw, 1500px\" \/>            <div class=\"grid-item-content\">\r\n                <h2 class=\"grid-item-title\">Maaike Groen nieuwe directeur Social Enterprise NL<\/h2>\r\n                <span class=\"grid-item-date\">25 February 2026<\/span>\r\n                <div class=\"grid-item-excerpt\">Per 1 maart 2026 treedt Maaike Groen aan als directeur van Social Enterprise NL. Zij&hellip;<\/div>\r\n                <!--<div><span class=\"grid-item-category\">Algemeen<\/span><\/div>-->\r\n            <\/div>\r\n        <\/a>\r\n                <a href=\"https:\/\/social-enterprise.nl\/en\/algemeen\/unive-nieuwe-partner-van-social-enterprise-nl\/\" class=\"grid-item-link grid-item\">\r\n            <img loading=\"lazy\" decoding=\"async\" width=\"960\" height=\"640\" src=\"https:\/\/social-enterprise.nl\/wp-content\/uploads\/2026\/03\/svi-event.avif\" class=\"attachment-small size-small wp-post-image\" alt=\"\" srcset=\"https:\/\/social-enterprise.nl\/wp-content\/uploads\/2026\/03\/svi-event.avif 960w, https:\/\/social-enterprise.nl\/wp-content\/uploads\/2026\/03\/svi-event-768x512.jpg 768w, https:\/\/social-enterprise.nl\/wp-content\/uploads\/2026\/03\/svi-event-18x12.jpg 18w\" sizes=\"auto, (max-width: 960px) 100vw, 960px\" \/>            <div class=\"grid-item-content\">\r\n                <h2 class=\"grid-item-title\">Univ\u00e9 nieuwe partner van Social Enterprise NL<\/h2>\r\n                <span class=\"grid-item-date\">24 February 2026<\/span>\r\n                <div class=\"grid-item-excerpt\">Social Enterprise NL is trots om Univ\u00e9 als nieuwe partner te verwelkomen. Met dit partnerschap&hellip;<\/div>\r\n                <!--<div><span class=\"grid-item-category\">Algemeen<\/span><\/div>-->\r\n            <\/div>\r\n        <\/a>\r\n                <a href=\"https:\/\/social-enterprise.nl\/en\/nieuws\/babette-porcelijn-op-het-social-enterprise-overheidscongres\/\" class=\"grid-item-link grid-item\">\r\n            <img loading=\"lazy\" decoding=\"async\" width=\"1282\" height=\"1920\" src=\"https:\/\/social-enterprise.nl\/wp-content\/uploads\/2026\/03\/Babette-Porcelijn_RSD7185-gemaakt-door-Renee-Doorn-frankbyrenee.jpg\" class=\"attachment-small size-small wp-post-image\" alt=\"\" srcset=\"https:\/\/social-enterprise.nl\/wp-content\/uploads\/2026\/03\/Babette-Porcelijn_RSD7185-gemaakt-door-Renee-Doorn-frankbyrenee.jpg 1282w, https:\/\/social-enterprise.nl\/wp-content\/uploads\/2026\/03\/Babette-Porcelijn_RSD7185-gemaakt-door-Renee-Doorn-frankbyrenee-768x1150.jpg 768w, https:\/\/social-enterprise.nl\/wp-content\/uploads\/2026\/03\/Babette-Porcelijn_RSD7185-gemaakt-door-Renee-Doorn-frankbyrenee-1026x1536.jpg 1026w, https:\/\/social-enterprise.nl\/wp-content\/uploads\/2026\/03\/Babette-Porcelijn_RSD7185-gemaakt-door-Renee-Doorn-frankbyrenee-8x12.jpg 8w\" sizes=\"auto, (max-width: 1282px) 100vw, 1282px\" \/>            <div class=\"grid-item-content\">\r\n                <h2 class=\"grid-item-title\">Babette\u00a0Porcelijn\u00a0op het\u00a0Social\u00a0Enterprise Overheidscongres<\/h2>\r\n                <span class=\"grid-item-date\">23 February 2026<\/span>\r\n                <div class=\"grid-item-excerpt\">Babette\u00a0Porcelijn\u00a0zal als\u00a0keynote\u00a0spreken op het Social\u00a0enterprise\u00a0NL\u00a0Overheidscongres en de afsluiting van de City Deal Impact Ondernemen. Babette&hellip;<\/div>\r\n                <!--<div><span class=\"grid-item-category\">Nieuws<\/span><\/div>-->\r\n            <\/div>\r\n        <\/a>\r\n                <a href=\"https:\/\/social-enterprise.nl\/en\/nieuws\/toolkit-aan-de-slag-met-lobby-in-jouw-gemeente\/\" class=\"grid-item-link grid-item\">\r\n            <img loading=\"lazy\" decoding=\"async\" width=\"1920\" height=\"1281\" src=\"https:\/\/social-enterprise.nl\/wp-content\/uploads\/2026\/03\/IMGL5844-Verbeterd-NR.jpg\" class=\"attachment-small size-small wp-post-image\" alt=\"\" srcset=\"https:\/\/social-enterprise.nl\/wp-content\/uploads\/2026\/03\/IMGL5844-Verbeterd-NR.jpg 1920w, https:\/\/social-enterprise.nl\/wp-content\/uploads\/2026\/03\/IMGL5844-Verbeterd-NR-768x512.jpg 768w, https:\/\/social-enterprise.nl\/wp-content\/uploads\/2026\/03\/IMGL5844-Verbeterd-NR-1536x1025.jpg 1536w, https:\/\/social-enterprise.nl\/wp-content\/uploads\/2026\/03\/IMGL5844-Verbeterd-NR-18x12.jpg 18w\" sizes=\"auto, (max-width: 1920px) 100vw, 1920px\" \/>            <div class=\"grid-item-content\">\r\n                <h2 class=\"grid-item-title\">Toolkit &#8211; Aan de slag met lobby in jouw gemeente<\/h2>\r\n                <span class=\"grid-item-date\">23 February 2026<\/span>\r\n                <div class=\"grid-item-excerpt\">Sociale ondernemingen werken dagelijks aan oplossingen voor maatschappelijke vraagstukken, van arbeidsparticipatie en circulaire economie tot&hellip;<\/div>\r\n                <!--<div><span class=\"grid-item-category\">Nieuws<\/span><\/div>-->\r\n            <\/div>\r\n        <\/a>\r\n                <a href=\"https:\/\/social-enterprise.nl\/en\/nieuws\/onze-tips-voor-het-nieuwe-kabinet\/\" class=\"grid-item-link grid-item\">\r\n            <img loading=\"lazy\" decoding=\"async\" width=\"1000\" height=\"568\" src=\"https:\/\/social-enterprise.nl\/wp-content\/uploads\/2026\/02\/aan-de-slag-regeerakkoord.jpg\" class=\"attachment-small size-small wp-post-image\" alt=\"\" srcset=\"https:\/\/social-enterprise.nl\/wp-content\/uploads\/2026\/02\/aan-de-slag-regeerakkoord.jpg 1000w, https:\/\/social-enterprise.nl\/wp-content\/uploads\/2026\/02\/aan-de-slag-regeerakkoord-768x436.jpg 768w, https:\/\/social-enterprise.nl\/wp-content\/uploads\/2026\/02\/aan-de-slag-regeerakkoord-18x10.jpg 18w\" sizes=\"auto, (max-width: 1000px) 100vw, 1000px\" \/>            <div class=\"grid-item-content\">\r\n                <h2 class=\"grid-item-title\">Onze tips voor het nieuwe kabinet<\/h2>\r\n                <span class=\"grid-item-date\">2 February 2026<\/span>\r\n                <div class=\"grid-item-excerpt\">Positief dat het nieuwe kabinet duurzaam en verantwoord ondernemerschap wil stimuleren. Wij geven drie tips&hellip;<\/div>\r\n                <!--<div><span class=\"grid-item-category\">Nieuws<\/span><\/div>-->\r\n            <\/div>\r\n        <\/a>\r\n                <a href=\"https:\/\/social-enterprise.nl\/en\/nieuws\/8-nieuwe-systeemverbeteraars-in-ons-netwerk\/\" class=\"grid-item-link grid-item\">\r\n            <img loading=\"lazy\" decoding=\"async\" width=\"850\" height=\"500\" src=\"https:\/\/social-enterprise.nl\/wp-content\/uploads\/2026\/02\/nov-dec-2.jpg\" class=\"attachment-small size-small wp-post-image\" alt=\"\" srcset=\"https:\/\/social-enterprise.nl\/wp-content\/uploads\/2026\/02\/nov-dec-2.jpg 850w, https:\/\/social-enterprise.nl\/wp-content\/uploads\/2026\/02\/nov-dec-2-768x452.jpg 768w, https:\/\/social-enterprise.nl\/wp-content\/uploads\/2026\/02\/nov-dec-2-18x12.jpg 18w\" sizes=\"auto, (max-width: 850px) 100vw, 850px\" \/>            <div class=\"grid-item-content\">\r\n                <h2 class=\"grid-item-title\">8 nieuwe systeemverbeteraars in ons netwerk!<\/h2>\r\n                <span class=\"grid-item-date\">1 February 2026<\/span>\r\n                <div class=\"grid-item-excerpt\">De social enterprise beweging groeit in volle vaart, wat onder andere te zien is aan&hellip;<\/div>\r\n                <!--<div><span class=\"grid-item-category\">Nieuws<\/span><\/div>-->\r\n            <\/div>\r\n        <\/a>\r\n                <a href=\"https:\/\/social-enterprise.nl\/en\/nieuws\/laat-je-horen-tijdens-de-gemeenteraadsverkiezingen-2026\/\" class=\"grid-item-link grid-item\">\r\n            <img loading=\"lazy\" decoding=\"async\" width=\"1920\" height=\"1281\" src=\"https:\/\/social-enterprise.nl\/wp-content\/uploads\/2026\/01\/20240620_SocialEnterprise_TriodosBank_GIJSDEKRUIJFPHOTOGRAPHY_LowRes-111-1.jpg\" class=\"attachment-small size-small wp-post-image\" alt=\"\" srcset=\"https:\/\/social-enterprise.nl\/wp-content\/uploads\/2026\/01\/20240620_SocialEnterprise_TriodosBank_GIJSDEKRUIJFPHOTOGRAPHY_LowRes-111-1.jpg 1920w, https:\/\/social-enterprise.nl\/wp-content\/uploads\/2026\/01\/20240620_SocialEnterprise_TriodosBank_GIJSDEKRUIJFPHOTOGRAPHY_LowRes-111-1-768x512.jpg 768w, https:\/\/social-enterprise.nl\/wp-content\/uploads\/2026\/01\/20240620_SocialEnterprise_TriodosBank_GIJSDEKRUIJFPHOTOGRAPHY_LowRes-111-1-1536x1025.jpg 1536w, https:\/\/social-enterprise.nl\/wp-content\/uploads\/2026\/01\/20240620_SocialEnterprise_TriodosBank_GIJSDEKRUIJFPHOTOGRAPHY_LowRes-111-1-18x12.jpg 18w\" sizes=\"auto, (max-width: 1920px) 100vw, 1920px\" \/>            <div class=\"grid-item-content\">\r\n                <h2 class=\"grid-item-title\">Laat je horen tijdens de Gemeenteraadsverkiezingen 2026!<\/h2>\r\n                <span class=\"grid-item-date\">19 January 2026<\/span>\r\n                <div class=\"grid-item-excerpt\">Op 18 maart 2026 zijn de Gemeenteraadsverkiezingen. Een uitgelezen moment om jouw sociale onderneming op&hellip;<\/div>\r\n                <!--<div><span class=\"grid-item-category\">Nieuws<\/span><\/div>-->\r\n            <\/div>\r\n        <\/a>\r\n                <a href=\"https:\/\/social-enterprise.nl\/en\/nieuws\/brief-aan-informateur-buma\/\" class=\"grid-item-link grid-item\">\r\n            <img loading=\"lazy\" decoding=\"async\" width=\"750\" height=\"500\" src=\"https:\/\/social-enterprise.nl\/wp-content\/uploads\/2025\/12\/Brief-informateur-Buma.jpg\" class=\"attachment-small size-small wp-post-image\" alt=\"\" srcset=\"https:\/\/social-enterprise.nl\/wp-content\/uploads\/2025\/12\/Brief-informateur-Buma.jpg 750w, https:\/\/social-enterprise.nl\/wp-content\/uploads\/2025\/12\/Brief-informateur-Buma-18x12.jpg 18w\" sizes=\"auto, (max-width: 750px) 100vw, 750px\" \/>            <div class=\"grid-item-content\">\r\n                <h2 class=\"grid-item-title\">Brief aan informateur Buma<\/h2>\r\n                <span class=\"grid-item-date\">11 December 2025<\/span>\r\n                <div class=\"grid-item-excerpt\">Op 4 december 2025 heeft Social Enterprise NL samen met lokale en regionale impactnetwerken een&hellip;<\/div>\r\n                <!--<div><span class=\"grid-item-category\">Nieuws<\/span><\/div>-->\r\n            <\/div>\r\n        <\/a>\r\n                <a href=\"https:\/\/social-enterprise.nl\/en\/vacatures-intern\/vacature-directeur-social-enterprise-nl\/\" class=\"grid-item-link grid-item\">\r\n            <img loading=\"lazy\" decoding=\"async\" width=\"1280\" height=\"853\" src=\"https:\/\/social-enterprise.nl\/wp-content\/uploads\/2025\/09\/WhatsApp-Image-2025-04-23-at-11.20.13.jpeg\" class=\"attachment-small size-small wp-post-image\" alt=\"\" srcset=\"https:\/\/social-enterprise.nl\/wp-content\/uploads\/2025\/09\/WhatsApp-Image-2025-04-23-at-11.20.13.jpeg 1280w, https:\/\/social-enterprise.nl\/wp-content\/uploads\/2025\/09\/WhatsApp-Image-2025-04-23-at-11.20.13-768x512.jpeg 768w, https:\/\/social-enterprise.nl\/wp-content\/uploads\/2025\/09\/WhatsApp-Image-2025-04-23-at-11.20.13-18x12.jpeg 18w\" sizes=\"auto, (max-width: 1280px) 100vw, 1280px\" \/>            <div class=\"grid-item-content\">\r\n                <h2 class=\"grid-item-title\">Vacature: Directeur Social Enterprise NL (deze vacature is gesloten)<\/h2>\r\n                <span class=\"grid-item-date\">2 December 2025<\/span>\r\n                <div class=\"grid-item-excerpt\">Social Enterprise NL zoekt een directeur die het landelijke netwerk van bijna vijfhonderd sociale ondernemingen&hellip;<\/div>\r\n                <!--<div><span class=\"grid-item-category\">Vacatures intern<\/span><\/div>-->\r\n            <\/div>\r\n        <\/a>\r\n                <a href=\"https:\/\/social-enterprise.nl\/en\/nieuws\/de-lobby-2025-terugblik-en-waardevolle-lessen\/\" class=\"grid-item-link grid-item\">\r\n            <img loading=\"lazy\" decoding=\"async\" width=\"1920\" height=\"1351\" src=\"https:\/\/social-enterprise.nl\/wp-content\/uploads\/2025\/11\/groepsfoto-de-lobby-1.jpg\" class=\"attachment-small size-small wp-post-image\" alt=\"\" srcset=\"https:\/\/social-enterprise.nl\/wp-content\/uploads\/2025\/11\/groepsfoto-de-lobby-1.jpg 1920w, https:\/\/social-enterprise.nl\/wp-content\/uploads\/2025\/11\/groepsfoto-de-lobby-1-768x540.jpg 768w, https:\/\/social-enterprise.nl\/wp-content\/uploads\/2025\/11\/groepsfoto-de-lobby-1-1536x1081.jpg 1536w, https:\/\/social-enterprise.nl\/wp-content\/uploads\/2025\/11\/groepsfoto-de-lobby-1-18x12.jpg 18w\" sizes=\"auto, (max-width: 1920px) 100vw, 1920px\" \/>            <div class=\"grid-item-content\">\r\n                <h2 class=\"grid-item-title\">De Lobby 2025: terugblik en waardevolle lessen<\/h2>\r\n                <span class=\"grid-item-date\">26 November 2025<\/span>\r\n                <div class=\"grid-item-excerpt\">Vijf sociaal ondernemers ronden het trainingsprogramma De Lobby succesvol af! In vier trainingsdagen leren zij&hellip;<\/div>\r\n                <!--<div><span class=\"grid-item-category\">Nieuws<\/span><\/div>-->\r\n            <\/div>\r\n        <\/a>\r\n                <a href=\"https:\/\/social-enterprise.nl\/en\/nieuws\/terugblik-op-schaal-je-impact-2025\/\" class=\"grid-item-link grid-item\">\r\n            <img loading=\"lazy\" decoding=\"async\" width=\"1024\" height=\"683\" src=\"https:\/\/social-enterprise.nl\/wp-content\/uploads\/2025\/12\/afsluiting.jpg\" class=\"attachment-small size-small wp-post-image\" alt=\"\" srcset=\"https:\/\/social-enterprise.nl\/wp-content\/uploads\/2025\/12\/afsluiting.jpg 1024w, https:\/\/social-enterprise.nl\/wp-content\/uploads\/2025\/12\/afsluiting-768x512.jpg 768w, https:\/\/social-enterprise.nl\/wp-content\/uploads\/2025\/12\/afsluiting-18x12.jpg 18w\" sizes=\"auto, (max-width: 1024px) 100vw, 1024px\" \/>            <div class=\"grid-item-content\">\r\n                <h2 class=\"grid-item-title\">Terugblik op Schaal je Impact 2025\u00a0<\/h2>\r\n                <span class=\"grid-item-date\">18 November 2025<\/span>\r\n                <div class=\"grid-item-excerpt\">Op dinsdag 11 november 2025 vond de tweede editie van Schaal je Impact plaats in&hellip;<\/div>\r\n                <!--<div><span class=\"grid-item-category\">Artikelen<\/span><\/div>-->\r\n            <\/div>\r\n        <\/a>\r\n                <a href=\"https:\/\/social-enterprise.nl\/en\/nieuws\/9-nieuwe-systeemverbeteraars-in-ons-netwerk-2\/\" class=\"grid-item-link grid-item\">\r\n            <img loading=\"lazy\" decoding=\"async\" width=\"850\" height=\"500\" src=\"https:\/\/social-enterprise.nl\/wp-content\/uploads\/2025\/11\/september-oktober-1.jpg\" class=\"attachment-small size-small wp-post-image\" alt=\"\" srcset=\"https:\/\/social-enterprise.nl\/wp-content\/uploads\/2025\/11\/september-oktober-1.jpg 850w, https:\/\/social-enterprise.nl\/wp-content\/uploads\/2025\/11\/september-oktober-1-768x452.jpg 768w, https:\/\/social-enterprise.nl\/wp-content\/uploads\/2025\/11\/september-oktober-1-18x12.jpg 18w\" sizes=\"auto, (max-width: 850px) 100vw, 850px\" \/>            <div class=\"grid-item-content\">\r\n                <h2 class=\"grid-item-title\">9 nieuwe systeemverbeteraars in ons netwerk!<\/h2>\r\n                <span class=\"grid-item-date\">4 November 2025<\/span>\r\n                <div class=\"grid-item-excerpt\">De social enterprise beweging groeit in volle vaart, wat onder andere te zien is aan&hellip;<\/div>\r\n                <!--<div><span class=\"grid-item-category\">Nieuws<\/span><\/div>-->\r\n            <\/div>\r\n        <\/a>\r\n                <a href=\"https:\/\/social-enterprise.nl\/en\/nieuws\/opinie-verdienvermogen-is-ook-maatschappelijk\/\" class=\"grid-item-link grid-item\">\r\n            <img loading=\"lazy\" decoding=\"async\" width=\"750\" height=\"500\" src=\"https:\/\/social-enterprise.nl\/wp-content\/uploads\/2025\/10\/Opinie-maatschappelijk-verdienvermogen-850-x-500-px-750-x-500-px.jpg\" class=\"attachment-small size-small wp-post-image\" alt=\"\" srcset=\"https:\/\/social-enterprise.nl\/wp-content\/uploads\/2025\/10\/Opinie-maatschappelijk-verdienvermogen-850-x-500-px-750-x-500-px.jpg 750w, https:\/\/social-enterprise.nl\/wp-content\/uploads\/2025\/10\/Opinie-maatschappelijk-verdienvermogen-850-x-500-px-750-x-500-px-18x12.jpg 18w\" sizes=\"auto, (max-width: 750px) 100vw, 750px\" \/>            <div class=\"grid-item-content\">\r\n                <h2 class=\"grid-item-title\">Opinie: Verdienvermogen is ook maatschappelijk<\/h2>\r\n                <span class=\"grid-item-date\">22 October 2025<\/span>\r\n                <div class=\"grid-item-excerpt\">Demissionair minister\u202fVincent\u202fKarremans van Economische Zaken\u202fwaarschuwt voor een grote uitloop van Nederlandse bedrijven: \u2018\u2019je moet als&hellip;<\/div>\r\n                <!--<div><span class=\"grid-item-category\">Nieuws<\/span><\/div>-->\r\n            <\/div>\r\n        <\/a>\r\n                <a href=\"https:\/\/social-enterprise.nl\/en\/nieuws\/stagevacature-communicatie\/\" class=\"grid-item-link grid-item\">\r\n            <img loading=\"lazy\" decoding=\"async\" width=\"858\" height=\"564\" src=\"https:\/\/social-enterprise.nl\/wp-content\/uploads\/2025\/10\/Screenshot-2025-10-17-at-14.51.31.jpg\" class=\"attachment-small size-small wp-post-image\" alt=\"\" srcset=\"https:\/\/social-enterprise.nl\/wp-content\/uploads\/2025\/10\/Screenshot-2025-10-17-at-14.51.31.jpg 858w, https:\/\/social-enterprise.nl\/wp-content\/uploads\/2025\/10\/Screenshot-2025-10-17-at-14.51.31-768x505.jpg 768w, https:\/\/social-enterprise.nl\/wp-content\/uploads\/2025\/10\/Screenshot-2025-10-17-at-14.51.31-18x12.jpg 18w\" sizes=\"auto, (max-width: 858px) 100vw, 858px\" \/>            <div class=\"grid-item-content\">\r\n                <h2 class=\"grid-item-title\">Stagevacature: Communicatie &amp; Community<\/h2>\r\n                <span class=\"grid-item-date\">17 October 2025<\/span>\r\n                <div class=\"grid-item-excerpt\">Wil jij jouw creatieve skills inzetten voor een betere wereld? Krijg jij energie van het&hellip;<\/div>\r\n                <!--<div><span class=\"grid-item-category\">Nieuws<\/span><\/div>-->\r\n            <\/div>\r\n        <\/a>\r\n                <a href=\"https:\/\/social-enterprise.nl\/en\/nieuws\/verkiezingsprogrammas-2025-zo-kijken-partijen-naar-sociaal-ondernemen\/\" class=\"grid-item-link grid-item\">\r\n            <img loading=\"lazy\" decoding=\"async\" width=\"850\" height=\"500\" src=\"https:\/\/social-enterprise.nl\/wp-content\/uploads\/2025\/10\/verkiezingsprogrammas.pdf-3.jpg\" class=\"attachment-small size-small wp-post-image\" alt=\"\" srcset=\"https:\/\/social-enterprise.nl\/wp-content\/uploads\/2025\/10\/verkiezingsprogrammas.pdf-3.jpg 850w, https:\/\/social-enterprise.nl\/wp-content\/uploads\/2025\/10\/verkiezingsprogrammas.pdf-3-768x452.jpg 768w, https:\/\/social-enterprise.nl\/wp-content\/uploads\/2025\/10\/verkiezingsprogrammas.pdf-3-18x12.jpg 18w\" sizes=\"auto, (max-width: 850px) 100vw, 850px\" \/>            <div class=\"grid-item-content\">\r\n                <h2 class=\"grid-item-title\">Verkiezingsprogramma&#8217;s 2025: Zo kijken partijen naar sociaal ondernemen<\/h2>\r\n                <span class=\"grid-item-date\">13 October 2025<\/span>\r\n                <div class=\"grid-item-excerpt\">Op 29 oktober gaat Nederland opnieuw naar de stembus. Een belangrijk moment, want de nieuwe&hellip;<\/div>\r\n                <!--<div><span class=\"grid-item-category\">Nieuws<\/span><\/div>-->\r\n            <\/div>\r\n        <\/a>\r\n                <a href=\"https:\/\/social-enterprise.nl\/en\/nieuws\/aankondiging-stieneke-van-der-graaf-treedt-toe-tot-raad-van-toezicht-social-enterprise-nl\/\" class=\"grid-item-link grid-item\">\r\n            <img loading=\"lazy\" decoding=\"async\" width=\"1920\" height=\"1920\" src=\"https:\/\/social-enterprise.nl\/wp-content\/uploads\/2025\/10\/IMG_1590.jpg\" class=\"attachment-small size-small wp-post-image\" alt=\"\" srcset=\"https:\/\/social-enterprise.nl\/wp-content\/uploads\/2025\/10\/IMG_1590.jpg 1920w, https:\/\/social-enterprise.nl\/wp-content\/uploads\/2025\/10\/IMG_1590-768x768.jpg 768w, https:\/\/social-enterprise.nl\/wp-content\/uploads\/2025\/10\/IMG_1590-1536x1536.jpg 1536w, https:\/\/social-enterprise.nl\/wp-content\/uploads\/2025\/10\/IMG_1590-12x12.jpg 12w\" sizes=\"auto, (max-width: 1920px) 100vw, 1920px\" \/>            <div class=\"grid-item-content\">\r\n                <h2 class=\"grid-item-title\">Aankondiging: Stieneke van der Graaf treedt toe tot Raad van Toezicht Social Enterprise NL\u00a0<\/h2>\r\n                <span class=\"grid-item-date\">13 October 2025<\/span>\r\n                <div class=\"grid-item-excerpt\">Per 1 september 2025 is Stieneke van der Graaf toegetreden tot de Raad van Toezicht&hellip;<\/div>\r\n                <!--<div><span class=\"grid-item-category\">Nieuws<\/span><\/div>-->\r\n            <\/div>\r\n        <\/a>\r\n                <a href=\"https:\/\/social-enterprise.nl\/en\/nieuws\/stage-community-event-management\/\" class=\"grid-item-link grid-item\">\r\n            <img loading=\"lazy\" decoding=\"async\" width=\"850\" height=\"471\" src=\"https:\/\/social-enterprise.nl\/wp-content\/uploads\/2024\/08\/701710339713_Maat_website_artikel_11.png\" class=\"attachment-small size-small wp-post-image\" alt=\"\" srcset=\"https:\/\/social-enterprise.nl\/wp-content\/uploads\/2024\/08\/701710339713_Maat_website_artikel_11.png 850w, https:\/\/social-enterprise.nl\/wp-content\/uploads\/2024\/08\/701710339713_Maat_website_artikel_11-768x426.png 768w\" sizes=\"auto, (max-width: 850px) 100vw, 850px\" \/>            <div class=\"grid-item-content\">\r\n                <h2 class=\"grid-item-title\">Stagevacature: Community &amp; Event management<\/h2>\r\n                <span class=\"grid-item-date\">6 October 2025<\/span>\r\n                <div class=\"grid-item-excerpt\">Bouw jij mee aan de social enterprise beweging en ons netwerk van bijna 500 sociale&hellip;<\/div>\r\n                <!--<div><span class=\"grid-item-category\">Nieuws<\/span><\/div>-->\r\n            <\/div>\r\n        <\/a>\r\n                <a href=\"https:\/\/social-enterprise.nl\/en\/nieuws\/tweede-editie-van-schaal-je-impact-op-11-november-in-rotterdam\/\" class=\"grid-item-link grid-item\">\r\n            <img loading=\"lazy\" decoding=\"async\" width=\"1920\" height=\"1281\" src=\"https:\/\/social-enterprise.nl\/wp-content\/uploads\/2025\/10\/IMGL7128-Verbeterd-NR.jpg\" class=\"attachment-small size-small wp-post-image\" alt=\"\" srcset=\"https:\/\/social-enterprise.nl\/wp-content\/uploads\/2025\/10\/IMGL7128-Verbeterd-NR.jpg 1920w, https:\/\/social-enterprise.nl\/wp-content\/uploads\/2025\/10\/IMGL7128-Verbeterd-NR-768x512.jpg 768w, https:\/\/social-enterprise.nl\/wp-content\/uploads\/2025\/10\/IMGL7128-Verbeterd-NR-1536x1025.jpg 1536w, https:\/\/social-enterprise.nl\/wp-content\/uploads\/2025\/10\/IMGL7128-Verbeterd-NR-18x12.jpg 18w\" sizes=\"auto, (max-width: 1920px) 100vw, 1920px\" \/>            <div class=\"grid-item-content\">\r\n                <h2 class=\"grid-item-title\">Tweede editie van Schaal je Impact op 11 november in Rotterdam\u00a0<\/h2>\r\n                <span class=\"grid-item-date\">2 October 2025<\/span>\r\n                <div class=\"grid-item-excerpt\">Op 11 november 2025 vindt in Theater Zuidplein, Rotterdam, de tweede editie van Schaal je&hellip;<\/div>\r\n                <!--<div><span class=\"grid-item-category\">Artikelen<\/span><\/div>-->\r\n            <\/div>\r\n        <\/a>\r\n                <a href=\"https:\/\/social-enterprise.nl\/en\/vacatures-intern\/aanjager-overheidsrelaties\/\" class=\"grid-item-link grid-item\">\r\n            <img loading=\"lazy\" decoding=\"async\" width=\"1005\" height=\"658\" src=\"https:\/\/social-enterprise.nl\/wp-content\/uploads\/2025\/09\/IMG_1244.jpg\" class=\"attachment-small size-small wp-post-image\" alt=\"\" srcset=\"https:\/\/social-enterprise.nl\/wp-content\/uploads\/2025\/09\/IMG_1244.jpg 1005w, https:\/\/social-enterprise.nl\/wp-content\/uploads\/2025\/09\/IMG_1244-768x503.jpg 768w, https:\/\/social-enterprise.nl\/wp-content\/uploads\/2025\/09\/IMG_1244-18x12.jpg 18w\" sizes=\"auto, (max-width: 1005px) 100vw, 1005px\" \/>            <div class=\"grid-item-content\">\r\n                <h2 class=\"grid-item-title\">Aanjager Overheidsrelaties\u00a0\u00a0(vacature gesloten)<\/h2>\r\n                <span class=\"grid-item-date\">17 September 2025<\/span>\r\n                <div class=\"grid-item-excerpt\">Heb jij een passie voor sociaal ondernemen en wil je bijdragen aan de transitie naar&hellip;<\/div>\r\n                <!--<div><span class=\"grid-item-category\">Nieuws<\/span><\/div>-->\r\n            <\/div>\r\n        <\/a>\r\n                <a href=\"https:\/\/social-enterprise.nl\/en\/nieuws\/13-nieuwe-systeemverbeteraars-in-ons-netwerk\/\" class=\"grid-item-link grid-item\">\r\n            <img loading=\"lazy\" decoding=\"async\" width=\"850\" height=\"500\" src=\"https:\/\/social-enterprise.nl\/wp-content\/uploads\/2025\/09\/juni-juli-augustus-1.jpg\" class=\"attachment-small size-small wp-post-image\" alt=\"\" srcset=\"https:\/\/social-enterprise.nl\/wp-content\/uploads\/2025\/09\/juni-juli-augustus-1.jpg 850w, https:\/\/social-enterprise.nl\/wp-content\/uploads\/2025\/09\/juni-juli-augustus-1-768x452.jpg 768w, https:\/\/social-enterprise.nl\/wp-content\/uploads\/2025\/09\/juni-juli-augustus-1-18x12.jpg 18w\" sizes=\"auto, (max-width: 850px) 100vw, 850px\" \/>            <div class=\"grid-item-content\">\r\n                <h2 class=\"grid-item-title\">13 nieuwe systeemverbeteraars in ons netwerk!<\/h2>\r\n                <span class=\"grid-item-date\">8 September 2025<\/span>\r\n                <div class=\"grid-item-excerpt\">De social enterprise beweging groeit in volle vaart, wat onder andere te zien is aan&hellip;<\/div>\r\n                <!--<div><span class=\"grid-item-category\">Nieuws<\/span><\/div>-->\r\n            <\/div>\r\n        <\/a>\r\n                <a href=\"https:\/\/social-enterprise.nl\/en\/algemeen\/leonie-bank-neemt-afscheid-van-social-enterprise-nl\/\" class=\"grid-item-link grid-item\">\r\n            <img loading=\"lazy\" decoding=\"async\" width=\"1064\" height=\"759\" src=\"https:\/\/social-enterprise.nl\/wp-content\/uploads\/2025\/08\/Screenshot-2025-08-26-123907.jpg\" class=\"attachment-small size-small wp-post-image\" alt=\"\" srcset=\"https:\/\/social-enterprise.nl\/wp-content\/uploads\/2025\/08\/Screenshot-2025-08-26-123907.jpg 1064w, https:\/\/social-enterprise.nl\/wp-content\/uploads\/2025\/08\/Screenshot-2025-08-26-123907-768x548.jpg 768w, https:\/\/social-enterprise.nl\/wp-content\/uploads\/2025\/08\/Screenshot-2025-08-26-123907-18x12.jpg 18w\" sizes=\"auto, (max-width: 1064px) 100vw, 1064px\" \/>            <div class=\"grid-item-content\">\r\n                <h2 class=\"grid-item-title\">Leonie Bank neemt afscheid van Social Enterprise NL\u00a0<\/h2>\r\n                <span class=\"grid-item-date\">26 August 2025<\/span>\r\n                <div class=\"grid-item-excerpt\">Per 1 oktober 2025 neemt Leonie Bank na negen jaar afscheid van Social Enterprise NL.&hellip;<\/div>\r\n                <!--<div><span class=\"grid-item-category\">Algemeen<\/span><\/div>-->\r\n            <\/div>\r\n        <\/a>\r\n                <a href=\"https:\/\/social-enterprise.nl\/en\/artikelen\/meer-invloed-dan-je-denkt-de-verborgen-kracht-van-sociale-ondernemingen-in-beleid\/\" class=\"grid-item-link grid-item\">\r\n            <img loading=\"lazy\" decoding=\"async\" width=\"960\" height=\"640\" src=\"https:\/\/social-enterprise.nl\/wp-content\/uploads\/2025\/08\/DSC07181.jpg\" class=\"attachment-small size-small wp-post-image\" alt=\"\" srcset=\"https:\/\/social-enterprise.nl\/wp-content\/uploads\/2025\/08\/DSC07181.jpg 960w, https:\/\/social-enterprise.nl\/wp-content\/uploads\/2025\/08\/DSC07181-768x512.jpg 768w, https:\/\/social-enterprise.nl\/wp-content\/uploads\/2025\/08\/DSC07181-18x12.jpg 18w\" sizes=\"auto, (max-width: 960px) 100vw, 960px\" \/>            <div class=\"grid-item-content\">\r\n                <h2 class=\"grid-item-title\">Meer invloed dan je denkt: de verborgen kracht van sociale ondernemingen in beleid\u00a0<\/h2>\r\n                <span class=\"grid-item-date\">19 August 2025<\/span>\r\n                <div class=\"grid-item-excerpt\">Wat als de volgende grote oplossing voor een maatschappelijk probleem niet op een overheidskantoor ligt&hellip;<\/div>\r\n                <!--<div><span class=\"grid-item-category\">Artikelen<\/span><\/div>-->\r\n            <\/div>\r\n        <\/a>\r\n                <a href=\"https:\/\/social-enterprise.nl\/en\/nieuws\/9-nieuwe-systeemverbeteraars-in-ons-netwerk\/\" class=\"grid-item-link grid-item\">\r\n            <img loading=\"lazy\" decoding=\"async\" width=\"850\" height=\"500\" src=\"https:\/\/social-enterprise.nl\/wp-content\/uploads\/2025\/07\/Kopie-van-Nieuwe-leden.jpg\" class=\"attachment-small size-small wp-post-image\" alt=\"\" srcset=\"https:\/\/social-enterprise.nl\/wp-content\/uploads\/2025\/07\/Kopie-van-Nieuwe-leden.jpg 850w, https:\/\/social-enterprise.nl\/wp-content\/uploads\/2025\/07\/Kopie-van-Nieuwe-leden-768x452.jpg 768w, https:\/\/social-enterprise.nl\/wp-content\/uploads\/2025\/07\/Kopie-van-Nieuwe-leden-18x12.jpg 18w\" sizes=\"auto, (max-width: 850px) 100vw, 850px\" \/>            <div class=\"grid-item-content\">\r\n                <h2 class=\"grid-item-title\">9 nieuwe systeemverbeteraars in ons netwerk!<\/h2>\r\n                <span class=\"grid-item-date\">8 July 2025<\/span>\r\n                <div class=\"grid-item-excerpt\">De social enterprise beweging groeit in volle vaart, wat onder andere te zien is aan&hellip;<\/div>\r\n                <!--<div><span class=\"grid-item-category\">Nieuws<\/span><\/div>-->\r\n            <\/div>\r\n        <\/a>\r\n                <a href=\"https:\/\/social-enterprise.nl\/en\/nieuws\/versterk-wat-werkt-onze-oproep-aan-de-nederlandse-politiek\/\" class=\"grid-item-link grid-item\">\r\n            <img loading=\"lazy\" decoding=\"async\" width=\"751\" height=\"500\" src=\"https:\/\/social-enterprise.nl\/wp-content\/uploads\/2025\/07\/TK2025_Illustratie_Brief_2.jpg\" class=\"attachment-small size-small wp-post-image\" alt=\"\" srcset=\"https:\/\/social-enterprise.nl\/wp-content\/uploads\/2025\/07\/TK2025_Illustratie_Brief_2.jpg 751w, https:\/\/social-enterprise.nl\/wp-content\/uploads\/2025\/07\/TK2025_Illustratie_Brief_2-18x12.jpg 18w\" sizes=\"auto, (max-width: 751px) 100vw, 751px\" \/>            <div class=\"grid-item-content\">\r\n                <h2 class=\"grid-item-title\">Versterk wat werkt! Onze oproep aan de Nederlandse politiek<\/h2>\r\n                <span class=\"grid-item-date\">3 July 2025<\/span>\r\n                <div class=\"grid-item-excerpt\">De val van het kabinet en de aankondiging van nieuwe verkiezingen vragen om directe actie.&hellip;<\/div>\r\n                <!--<div><span class=\"grid-item-category\">Nieuws<\/span><\/div>-->\r\n            <\/div>\r\n        <\/a>\r\n                <a href=\"https:\/\/social-enterprise.nl\/en\/nieuws\/sociale-ondernemingen-op-de-politieke-agenda-onze-oproep-aan-gemeenten\/\" class=\"grid-item-link grid-item\">\r\n            <img loading=\"lazy\" decoding=\"async\" width=\"1920\" height=\"1280\" src=\"https:\/\/social-enterprise.nl\/wp-content\/uploads\/2025\/06\/IMG_0223.jpg\" class=\"attachment-small size-small wp-post-image\" alt=\"\" srcset=\"https:\/\/social-enterprise.nl\/wp-content\/uploads\/2025\/06\/IMG_0223.jpg 1920w, https:\/\/social-enterprise.nl\/wp-content\/uploads\/2025\/06\/IMG_0223-768x512.jpg 768w, https:\/\/social-enterprise.nl\/wp-content\/uploads\/2025\/06\/IMG_0223-1536x1024.jpg 1536w, https:\/\/social-enterprise.nl\/wp-content\/uploads\/2025\/06\/IMG_0223-18x12.jpg 18w\" sizes=\"auto, (max-width: 1920px) 100vw, 1920px\" \/>            <div class=\"grid-item-content\">\r\n                <h2 class=\"grid-item-title\">Sociale ondernemingen op de politieke agenda: onze oproep aan gemeenten<\/h2>\r\n                <span class=\"grid-item-date\">17 June 2025<\/span>\r\n                <div class=\"grid-item-excerpt\">In aanloop naar de gemeenteraadsverkiezingen van 2026 heeft Social Enterprise NL een brieven verstuurd aan&hellip;<\/div>\r\n                <!--<div><span class=\"grid-item-category\">Nieuws<\/span><\/div>-->\r\n            <\/div>\r\n        <\/a>\r\n                <a href=\"https:\/\/social-enterprise.nl\/en\/nieuws\/500-brieven-aan-programmacommissies-publieke-inkoop-op-de-agenda-voor-gemeenteraadsverkiezingen-2026\/\" class=\"grid-item-link grid-item\">\r\n            <img loading=\"lazy\" decoding=\"async\" width=\"1920\" height=\"1280\" src=\"https:\/\/social-enterprise.nl\/wp-content\/uploads\/2025\/06\/DSC08738.jpg\" class=\"attachment-small size-small wp-post-image\" alt=\"\" srcset=\"https:\/\/social-enterprise.nl\/wp-content\/uploads\/2025\/06\/DSC08738.jpg 1920w, https:\/\/social-enterprise.nl\/wp-content\/uploads\/2025\/06\/DSC08738-768x512.jpg 768w, https:\/\/social-enterprise.nl\/wp-content\/uploads\/2025\/06\/DSC08738-1536x1024.jpg 1536w, https:\/\/social-enterprise.nl\/wp-content\/uploads\/2025\/06\/DSC08738-18x12.jpg 18w\" sizes=\"auto, (max-width: 1920px) 100vw, 1920px\" \/>            <div class=\"grid-item-content\">\r\n                <h2 class=\"grid-item-title\">500 brieven aan programmacommissies: publieke inkoop op de agenda voor gemeenteraadsverkiezingen 2026<\/h2>\r\n                <span class=\"grid-item-date\">11 June 2025<\/span>\r\n                <div class=\"grid-item-excerpt\">Gemeenten staan de komende jaren voor grote maatschappelijke opgaven \u2013 van het terugdringen van armoede&hellip;<\/div>\r\n                <!--<div><span class=\"grid-item-category\">Nieuws<\/span><\/div>-->\r\n            <\/div>\r\n        <\/a>\r\n                <a href=\"https:\/\/social-enterprise.nl\/en\/nieuws\/samen-sterk-voor-beter-nieuwkomersbeleid-lobbytraject-op-maat-voor-sociaal-ondernemers\/\" class=\"grid-item-link grid-item\">\r\n            <img loading=\"lazy\" decoding=\"async\" width=\"712\" height=\"501\" src=\"https:\/\/social-enterprise.nl\/wp-content\/uploads\/2025\/06\/uitgelichte-afbeelding-1.jpg\" class=\"attachment-small size-small wp-post-image\" alt=\"\" srcset=\"https:\/\/social-enterprise.nl\/wp-content\/uploads\/2025\/06\/uitgelichte-afbeelding-1.jpg 712w, https:\/\/social-enterprise.nl\/wp-content\/uploads\/2025\/06\/uitgelichte-afbeelding-1-18x12.jpg 18w\" sizes=\"auto, (max-width: 712px) 100vw, 712px\" \/>            <div class=\"grid-item-content\">\r\n                <h2 class=\"grid-item-title\">Samen sterk voor beter nieuwkomersbeleid &#8211; lobbytraject op maat voor sociaal ondernemers<\/h2>\r\n                <span class=\"grid-item-date\">4 June 2025<\/span>\r\n                <div class=\"grid-item-excerpt\">Social Enterprise NL ontwikkelde met steun van het Oranje Fonds een op-maat lobbytraject met en&hellip;<\/div>\r\n                <!--<div><span class=\"grid-item-category\">Nieuws<\/span><\/div>-->\r\n            <\/div>\r\n        <\/a>\r\n                <a href=\"https:\/\/social-enterprise.nl\/en\/nieuws\/pwc-en-social-enterprise-nl-verlengen-samenwerking-met-3-jaar\/\" class=\"grid-item-link grid-item\">\r\n            <img loading=\"lazy\" decoding=\"async\" width=\"1920\" height=\"1280\" src=\"https:\/\/social-enterprise.nl\/wp-content\/uploads\/2025\/05\/DSC02828.jpg\" class=\"attachment-small size-small wp-post-image\" alt=\"\" srcset=\"https:\/\/social-enterprise.nl\/wp-content\/uploads\/2025\/05\/DSC02828.jpg 1920w, https:\/\/social-enterprise.nl\/wp-content\/uploads\/2025\/05\/DSC02828-768x512.jpg 768w, https:\/\/social-enterprise.nl\/wp-content\/uploads\/2025\/05\/DSC02828-1536x1024.jpg 1536w, https:\/\/social-enterprise.nl\/wp-content\/uploads\/2025\/05\/DSC02828-18x12.jpg 18w\" sizes=\"auto, (max-width: 1920px) 100vw, 1920px\" \/>            <div class=\"grid-item-content\">\r\n                <h2 class=\"grid-item-title\">PwC en Social Enterprise NL verlengen samenwerking met 3 jaar<\/h2>\r\n                <span class=\"grid-item-date\">22 May 2025<\/span>\r\n                <div class=\"grid-item-excerpt\">Langdurige samenwerking krijgt vervolg PwC en Social Enterprise NL hebben hun samenwerking met drie jaar&hellip;<\/div>\r\n                <!--<div><span class=\"grid-item-category\">Nieuws<\/span><\/div>-->\r\n            <\/div>\r\n        <\/a>\r\n                <a href=\"https:\/\/social-enterprise.nl\/en\/nieuws\/sociaal-ondernemers-in-gesprek-met-staatssecretaris-jurgen-nobel\/\" class=\"grid-item-link grid-item\">\r\n            <img loading=\"lazy\" decoding=\"async\" width=\"1920\" height=\"1280\" src=\"https:\/\/social-enterprise.nl\/wp-content\/uploads\/2025\/05\/DSC07181.jpg\" class=\"attachment-small size-small wp-post-image\" alt=\"\" srcset=\"https:\/\/social-enterprise.nl\/wp-content\/uploads\/2025\/05\/DSC07181.jpg 1920w, https:\/\/social-enterprise.nl\/wp-content\/uploads\/2025\/05\/DSC07181-768x512.jpg 768w, https:\/\/social-enterprise.nl\/wp-content\/uploads\/2025\/05\/DSC07181-1536x1024.jpg 1536w, https:\/\/social-enterprise.nl\/wp-content\/uploads\/2025\/05\/DSC07181-18x12.jpg 18w\" sizes=\"auto, (max-width: 1920px) 100vw, 1920px\" \/>            <div class=\"grid-item-content\">\r\n                <h2 class=\"grid-item-title\">Sociaal ondernemers in gesprek met staatssecretaris Jurgen Nobel<\/h2>\r\n                <span class=\"grid-item-date\">12 May 2025<\/span>\r\n                <div class=\"grid-item-excerpt\">Tijdens het Social Enterprise Overheidscongres 2025 vond een betekenisvol gesprek plaats tussen staatssecretaris van SZW&hellip;<\/div>\r\n                <!--<div><span class=\"grid-item-category\">Nieuws<\/span><\/div>-->\r\n            <\/div>\r\n        <\/a>\r\n                <a href=\"https:\/\/social-enterprise.nl\/en\/nieuws\/17-nieuwe-systeemverbeteraars-in-ons-netwerk\/\" class=\"grid-item-link grid-item\">\r\n            <img loading=\"lazy\" decoding=\"async\" width=\"1520\" height=\"896\" src=\"https:\/\/social-enterprise.nl\/wp-content\/uploads\/2025\/04\/Schermafbeelding-2025-04-16-om-12.11.39.jpg\" class=\"attachment-small size-small wp-post-image\" alt=\"\" srcset=\"https:\/\/social-enterprise.nl\/wp-content\/uploads\/2025\/04\/Schermafbeelding-2025-04-16-om-12.11.39.jpg 1520w, https:\/\/social-enterprise.nl\/wp-content\/uploads\/2025\/04\/Schermafbeelding-2025-04-16-om-12.11.39-768x453.jpg 768w, https:\/\/social-enterprise.nl\/wp-content\/uploads\/2025\/04\/Schermafbeelding-2025-04-16-om-12.11.39-18x12.jpg 18w\" sizes=\"auto, (max-width: 1520px) 100vw, 1520px\" \/>            <div class=\"grid-item-content\">\r\n                <h2 class=\"grid-item-title\">17 nieuwe systeemverbeteraars in ons netwerk!<\/h2>\r\n                <span class=\"grid-item-date\">22 April 2025<\/span>\r\n                <div class=\"grid-item-excerpt\">De social enterprise beweging groeit in volle vaart, wat onder andere te zien is aan&hellip;<\/div>\r\n                <!--<div><span class=\"grid-item-category\">Nieuws<\/span><\/div>-->\r\n            <\/div>\r\n        <\/a>\r\n                <a href=\"https:\/\/social-enterprise.nl\/en\/nieuws\/omgaan-met-de-gemeente-2025-de-waardevolle-lessen-en-inzichten\/\" class=\"grid-item-link grid-item\">\r\n            <img loading=\"lazy\" decoding=\"async\" width=\"1920\" height=\"1440\" src=\"https:\/\/social-enterprise.nl\/wp-content\/uploads\/2025\/04\/IMG_1470-conv.jpeg\" class=\"attachment-small size-small wp-post-image\" alt=\"\" srcset=\"https:\/\/social-enterprise.nl\/wp-content\/uploads\/2025\/04\/IMG_1470-conv.jpeg 1920w, https:\/\/social-enterprise.nl\/wp-content\/uploads\/2025\/04\/IMG_1470-conv-768x576.jpeg 768w, https:\/\/social-enterprise.nl\/wp-content\/uploads\/2025\/04\/IMG_1470-conv-1536x1152.jpeg 1536w, https:\/\/social-enterprise.nl\/wp-content\/uploads\/2025\/04\/IMG_1470-conv-16x12.jpeg 16w\" sizes=\"auto, (max-width: 1920px) 100vw, 1920px\" \/>            <div class=\"grid-item-content\">\r\n                <h2 class=\"grid-item-title\">Omgaan met de Gemeente 2025: de waardevolle lessen en inzichten<\/h2>\r\n                <span class=\"grid-item-date\">22 April 2025<\/span>\r\n                <div class=\"grid-item-excerpt\">Negen sociaal ondernemers hebben het trainingsprogramma Omgaan met de Gemeente succesvol afgerond! In de training&hellip;<\/div>\r\n                <!--<div><span class=\"grid-item-category\">Nieuws<\/span><\/div>-->\r\n            <\/div>\r\n        <\/a>\r\n                <a href=\"https:\/\/social-enterprise.nl\/en\/nieuws\/terugblik-social-enterprise-overheidscongres-2025\/\" class=\"grid-item-link grid-item\">\r\n            <img loading=\"lazy\" decoding=\"async\" width=\"1920\" height=\"1280\" src=\"https:\/\/social-enterprise.nl\/wp-content\/uploads\/2025\/04\/DSC07511.jpg\" class=\"attachment-small size-small wp-post-image\" alt=\"\" srcset=\"https:\/\/social-enterprise.nl\/wp-content\/uploads\/2025\/04\/DSC07511.jpg 1920w, https:\/\/social-enterprise.nl\/wp-content\/uploads\/2025\/04\/DSC07511-768x512.jpg 768w, https:\/\/social-enterprise.nl\/wp-content\/uploads\/2025\/04\/DSC07511-1536x1024.jpg 1536w, https:\/\/social-enterprise.nl\/wp-content\/uploads\/2025\/04\/DSC07511-18x12.jpg 18w\" sizes=\"auto, (max-width: 1920px) 100vw, 1920px\" \/>            <div class=\"grid-item-content\">\r\n                <h2 class=\"grid-item-title\">Terugblik Social Enterprise Overheidscongres 2025<\/h2>\r\n                <span class=\"grid-item-date\">15 April 2025<\/span>\r\n                <div class=\"grid-item-excerpt\">Woensdag 9 april vond het Social Enterprise Overheidscongres plaats. Thijs de Lange liep de hele&hellip;<\/div>\r\n                <!--<div><span class=\"grid-item-category\">Nieuws<\/span><\/div>-->\r\n            <\/div>\r\n        <\/a>\r\n                <a href=\"https:\/\/social-enterprise.nl\/en\/algemeen\/csrd-best-practices-wat-werkt-echt\/\" class=\"grid-item-link grid-item\">\r\n            <img loading=\"lazy\" decoding=\"async\" width=\"1912\" height=\"1068\" src=\"https:\/\/social-enterprise.nl\/wp-content\/uploads\/2025\/04\/Foto-07-04-2025-om-17.27.jpeg\" class=\"attachment-small size-small wp-post-image\" alt=\"\" srcset=\"https:\/\/social-enterprise.nl\/wp-content\/uploads\/2025\/04\/Foto-07-04-2025-om-17.27.jpeg 1912w, https:\/\/social-enterprise.nl\/wp-content\/uploads\/2025\/04\/Foto-07-04-2025-om-17.27-768x429.jpeg 768w, https:\/\/social-enterprise.nl\/wp-content\/uploads\/2025\/04\/Foto-07-04-2025-om-17.27-1536x858.jpeg 1536w, https:\/\/social-enterprise.nl\/wp-content\/uploads\/2025\/04\/Foto-07-04-2025-om-17.27-18x10.jpeg 18w\" sizes=\"auto, (max-width: 1912px) 100vw, 1912px\" \/>            <div class=\"grid-item-content\">\r\n                <h2 class=\"grid-item-title\">CSRD Best Practices: wat werkt \u00e9cht?<\/h2>\r\n                <span class=\"grid-item-date\">7 April 2025<\/span>\r\n                <div class=\"grid-item-excerpt\">&#8220;CSRD geeft een duwtje in de rug naar een toekomstbestendig businessmodel.&#8221; &#8211; 2024 CSRD best&hellip;<\/div>\r\n                <!--<div><span class=\"grid-item-category\">Algemeen<\/span><\/div>-->\r\n            <\/div>\r\n        <\/a>\r\n                <a href=\"https:\/\/social-enterprise.nl\/en\/nieuws\/20-nieuwe-systeemverbeteraars-in-ons-netwerk\/\" class=\"grid-item-link grid-item\">\r\n            <img loading=\"lazy\" decoding=\"async\" width=\"850\" height=\"500\" src=\"https:\/\/social-enterprise.nl\/wp-content\/uploads\/2025\/03\/nov-jan.jpg\" class=\"attachment-small size-small wp-post-image\" alt=\"\" srcset=\"https:\/\/social-enterprise.nl\/wp-content\/uploads\/2025\/03\/nov-jan.jpg 850w, https:\/\/social-enterprise.nl\/wp-content\/uploads\/2025\/03\/nov-jan-768x452.jpg 768w, https:\/\/social-enterprise.nl\/wp-content\/uploads\/2025\/03\/nov-jan-18x12.jpg 18w\" sizes=\"auto, (max-width: 850px) 100vw, 850px\" \/>            <div class=\"grid-item-content\">\r\n                <h2 class=\"grid-item-title\">20 nieuwe systeemverbeteraars in ons netwerk!<\/h2>\r\n                <span class=\"grid-item-date\">25 March 2025<\/span>\r\n                <div class=\"grid-item-excerpt\">De social enterprise beweging groeit snel! Steeds meer radicale systeemverbeteraars sluiten zich aan bij het&hellip;<\/div>\r\n                <!--<div><span class=\"grid-item-category\">Nieuws<\/span><\/div>-->\r\n            <\/div>\r\n        <\/a>\r\n                <a href=\"https:\/\/social-enterprise.nl\/en\/nieuws\/terugblik-op-de-masterclass-duurzaam-schalen\/\" class=\"grid-item-link grid-item\">\r\n            <img loading=\"lazy\" decoding=\"async\" width=\"1914\" height=\"1056\" src=\"https:\/\/social-enterprise.nl\/wp-content\/uploads\/2025\/03\/IMG_1679-e1742566900486.jpeg\" class=\"attachment-small size-small wp-post-image\" alt=\"\" srcset=\"https:\/\/social-enterprise.nl\/wp-content\/uploads\/2025\/03\/IMG_1679-e1742566900486.jpeg 1914w, https:\/\/social-enterprise.nl\/wp-content\/uploads\/2025\/03\/IMG_1679-e1742566900486-768x424.jpeg 768w, https:\/\/social-enterprise.nl\/wp-content\/uploads\/2025\/03\/IMG_1679-e1742566900486-1536x847.jpeg 1536w, https:\/\/social-enterprise.nl\/wp-content\/uploads\/2025\/03\/IMG_1679-e1742566900486-18x10.jpeg 18w\" sizes=\"auto, (max-width: 1914px) 100vw, 1914px\" \/>            <div class=\"grid-item-content\">\r\n                <h2 class=\"grid-item-title\">Terugblik op de Masterclass Duurzaam Schalen<\/h2>\r\n                <span class=\"grid-item-date\">21 March 2025<\/span>\r\n                <div class=\"grid-item-excerpt\">&#8220;Groeien zonder je missie te verliezen? Dat is duurzaam schalen in de kern.&#8221; Op dinsdag&hellip;<\/div>\r\n                <!--<div><span class=\"grid-item-category\">Nieuws<\/span><\/div>-->\r\n            <\/div>\r\n        <\/a>\r\n                <a href=\"https:\/\/social-enterprise.nl\/en\/nieuws\/wat-deed-social-enterprise-nl-in-2024\/\" class=\"grid-item-link grid-item\">\r\n            <img loading=\"lazy\" decoding=\"async\" width=\"1920\" height=\"1281\" src=\"https:\/\/social-enterprise.nl\/wp-content\/uploads\/2025\/03\/20240620_SocialEnterprise_TriodosBank_GIJSDEKRUIJFPHOTOGRAPHY_LowRes-150.jpg\" class=\"attachment-small size-small wp-post-image\" alt=\"\" srcset=\"https:\/\/social-enterprise.nl\/wp-content\/uploads\/2025\/03\/20240620_SocialEnterprise_TriodosBank_GIJSDEKRUIJFPHOTOGRAPHY_LowRes-150.jpg 1920w, https:\/\/social-enterprise.nl\/wp-content\/uploads\/2025\/03\/20240620_SocialEnterprise_TriodosBank_GIJSDEKRUIJFPHOTOGRAPHY_LowRes-150-768x512.jpg 768w, https:\/\/social-enterprise.nl\/wp-content\/uploads\/2025\/03\/20240620_SocialEnterprise_TriodosBank_GIJSDEKRUIJFPHOTOGRAPHY_LowRes-150-1536x1025.jpg 1536w, https:\/\/social-enterprise.nl\/wp-content\/uploads\/2025\/03\/20240620_SocialEnterprise_TriodosBank_GIJSDEKRUIJFPHOTOGRAPHY_LowRes-150-18x12.jpg 18w\" sizes=\"auto, (max-width: 1920px) 100vw, 1920px\" \/>            <div class=\"grid-item-content\">\r\n                <h2 class=\"grid-item-title\">Wat deed Social Enterprise NL in 2024?<\/h2>\r\n                <span class=\"grid-item-date\">20 March 2025<\/span>\r\n                <div class=\"grid-item-excerpt\">In 2024 maakten we flinke impact! Ons netwerk groeide naar 468 leden, Buy Social kreeg&hellip;<\/div>\r\n                <!--<div><span class=\"grid-item-category\">Nieuws<\/span><\/div>-->\r\n            <\/div>\r\n        <\/a>\r\n                <a href=\"https:\/\/social-enterprise.nl\/en\/nieuws\/visiepaper-publieke-inkoop\/\" class=\"grid-item-link grid-item\">\r\n            <img loading=\"lazy\" decoding=\"async\" width=\"1920\" height=\"1280\" src=\"https:\/\/social-enterprise.nl\/wp-content\/uploads\/2025\/02\/BuySocialXL_inkoop_front.jpg\" class=\"attachment-small size-small wp-post-image\" alt=\"\" srcset=\"https:\/\/social-enterprise.nl\/wp-content\/uploads\/2025\/02\/BuySocialXL_inkoop_front.jpg 1920w, https:\/\/social-enterprise.nl\/wp-content\/uploads\/2025\/02\/BuySocialXL_inkoop_front-768x512.jpg 768w, https:\/\/social-enterprise.nl\/wp-content\/uploads\/2025\/02\/BuySocialXL_inkoop_front-1536x1024.jpg 1536w, https:\/\/social-enterprise.nl\/wp-content\/uploads\/2025\/02\/BuySocialXL_inkoop_front-18x12.jpg 18w\" sizes=\"auto, (max-width: 1920px) 100vw, 1920px\" \/>            <div class=\"grid-item-content\">\r\n                <h2 class=\"grid-item-title\">Visiepaper publieke inkoop<\/h2>\r\n                <span class=\"grid-item-date\">20 February 2025<\/span>\r\n                <div class=\"grid-item-excerpt\">Publieke inkoop biedt enorme kansen om maatschappelijke impact te vergroten. Het zou h\u00e9t beleidsinstrument moeten&hellip;<\/div>\r\n                <!--<div><span class=\"grid-item-category\">Nieuws<\/span><\/div>-->\r\n            <\/div>\r\n        <\/a>\r\n                <a href=\"https:\/\/social-enterprise.nl\/en\/artikelen\/nederland-koploper-in-sociaal-ondernemen-onderzoek-gepresenteerd-in-davos\/\" class=\"grid-item-link grid-item\">\r\n            <img loading=\"lazy\" decoding=\"async\" width=\"1920\" height=\"1281\" src=\"https:\/\/social-enterprise.nl\/wp-content\/uploads\/2025\/01\/MGL2189-Verbeterd-NR-1.jpg\" class=\"attachment-small size-small wp-post-image\" alt=\"\" srcset=\"https:\/\/social-enterprise.nl\/wp-content\/uploads\/2025\/01\/MGL2189-Verbeterd-NR-1.jpg 1920w, https:\/\/social-enterprise.nl\/wp-content\/uploads\/2025\/01\/MGL2189-Verbeterd-NR-1-768x512.jpg 768w, https:\/\/social-enterprise.nl\/wp-content\/uploads\/2025\/01\/MGL2189-Verbeterd-NR-1-1536x1025.jpg 1536w, https:\/\/social-enterprise.nl\/wp-content\/uploads\/2025\/01\/MGL2189-Verbeterd-NR-1-18x12.jpg 18w\" sizes=\"auto, (max-width: 1920px) 100vw, 1920px\" \/>            <div class=\"grid-item-content\">\r\n                <h2 class=\"grid-item-title\">Nederland koploper in sociaal ondernemen: onderzoek gepresenteerd in Davos<\/h2>\r\n                <span class=\"grid-item-date\">23 January 2025<\/span>\r\n                <div class=\"grid-item-excerpt\">Nederlandse sociale ondernemingen presteren goed vergeleken met soortgelijke bedrijven in Europa. Dit blijkt uit de&hellip;<\/div>\r\n                <!--<div><span class=\"grid-item-category\">Artikelen<\/span><\/div>-->\r\n            <\/div>\r\n        <\/a>\r\n                <a href=\"https:\/\/social-enterprise.nl\/en\/nieuws\/24-nieuwe-systeemverbeteraars-in-ons-netwerk\/\" class=\"grid-item-link grid-item\">\r\n            <img loading=\"lazy\" decoding=\"async\" width=\"850\" height=\"500\" src=\"https:\/\/social-enterprise.nl\/wp-content\/uploads\/2024\/12\/Nieuwe-leden-blog.jpg\" class=\"attachment-small size-small wp-post-image\" alt=\"\" srcset=\"https:\/\/social-enterprise.nl\/wp-content\/uploads\/2024\/12\/Nieuwe-leden-blog.jpg 850w, https:\/\/social-enterprise.nl\/wp-content\/uploads\/2024\/12\/Nieuwe-leden-blog-768x452.jpg 768w, https:\/\/social-enterprise.nl\/wp-content\/uploads\/2024\/12\/Nieuwe-leden-blog-18x12.jpg 18w\" sizes=\"auto, (max-width: 850px) 100vw, 850px\" \/>            <div class=\"grid-item-content\">\r\n                <h2 class=\"grid-item-title\">24 nieuwe systeemverbeteraars in ons netwerk!<\/h2>\r\n                <span class=\"grid-item-date\">19 December 2024<\/span>\r\n                <div class=\"grid-item-excerpt\">De social enterprise beweging groeit in volle vaart, wat onder andere te zien is aan&hellip;<\/div>\r\n                <!--<div><span class=\"grid-item-category\">Nieuws<\/span><\/div>-->\r\n            <\/div>\r\n        <\/a>\r\n                <a href=\"https:\/\/social-enterprise.nl\/en\/nieuws\/sociaal-ondernemers-aan-de-beslistafel-rondetafelgesprek-over-circulaire-financiering\/\" class=\"grid-item-link grid-item\">\r\n            <img loading=\"lazy\" decoding=\"async\" width=\"1920\" height=\"1044\" src=\"https:\/\/social-enterprise.nl\/wp-content\/uploads\/2024\/12\/Scherm\u00adafbeelding-2024-12-16-om-15.47.13.jpg\" class=\"attachment-small size-small wp-post-image\" alt=\"\" srcset=\"https:\/\/social-enterprise.nl\/wp-content\/uploads\/2024\/12\/Scherm\u00adafbeelding-2024-12-16-om-15.47.13.jpg 1920w, https:\/\/social-enterprise.nl\/wp-content\/uploads\/2024\/12\/Scherm\u00adafbeelding-2024-12-16-om-15.47.13-768x418.jpg 768w, https:\/\/social-enterprise.nl\/wp-content\/uploads\/2024\/12\/Scherm\u00adafbeelding-2024-12-16-om-15.47.13-1536x835.jpg 1536w, https:\/\/social-enterprise.nl\/wp-content\/uploads\/2024\/12\/Scherm\u00adafbeelding-2024-12-16-om-15.47.13-18x10.jpg 18w\" sizes=\"auto, (max-width: 1920px) 100vw, 1920px\" \/>            <div class=\"grid-item-content\">\r\n                <h2 class=\"grid-item-title\">Sociaal ondernemers aan de beslistafel: rondetafelgesprek over circulaire financiering\u00a0<\/h2>\r\n                <span class=\"grid-item-date\">16 December 2024<\/span>\r\n                <div class=\"grid-item-excerpt\">Op 12 december 2024 vond in de Tweede Kamer een rondetafelgesprek plaats over circulaire financiering&hellip;<\/div>\r\n                <!--<div><span class=\"grid-item-category\">Nieuws<\/span><\/div>-->\r\n            <\/div>\r\n        <\/a>\r\n                <a href=\"https:\/\/social-enterprise.nl\/en\/nieuws\/kabinet-wil-verder-met-een-toekomstbestendiger-inkoop-en-aanbestedingsbeleid\/\" class=\"grid-item-link grid-item\">\r\n            <img loading=\"lazy\" decoding=\"async\" width=\"1200\" height=\"1200\" src=\"https:\/\/social-enterprise.nl\/wp-content\/uploads\/2024\/12\/Quote-189.jpg\" class=\"attachment-small size-small wp-post-image\" alt=\"\" srcset=\"https:\/\/social-enterprise.nl\/wp-content\/uploads\/2024\/12\/Quote-189.jpg 1200w, https:\/\/social-enterprise.nl\/wp-content\/uploads\/2024\/12\/Quote-189-768x768.jpg 768w, https:\/\/social-enterprise.nl\/wp-content\/uploads\/2024\/12\/Quote-189-12x12.jpg 12w, https:\/\/social-enterprise.nl\/wp-content\/uploads\/2024\/12\/Quote-189-300x300.jpg 300w, https:\/\/social-enterprise.nl\/wp-content\/uploads\/2024\/12\/Quote-189-400x400.jpg 400w, https:\/\/social-enterprise.nl\/wp-content\/uploads\/2024\/12\/Quote-189-600x600.jpg 600w\" sizes=\"auto, (max-width: 1200px) 100vw, 1200px\" \/>            <div class=\"grid-item-content\">\r\n                <h2 class=\"grid-item-title\">Kabinet wil verder met een toekomstbestendiger inkoop- en aanbestedingsbeleid\u00a0<\/h2>\r\n                <span class=\"grid-item-date\">10 December 2024<\/span>\r\n                <div class=\"grid-item-excerpt\">De Rijksoverheid zet een belangrijke stap richting een duurzamer en socialer inkoopbeleid. In een Kamerbrief&hellip;<\/div>\r\n                <!--<div><span class=\"grid-item-category\">Nieuws<\/span><\/div>-->\r\n            <\/div>\r\n        <\/a>\r\n                <a href=\"https:\/\/social-enterprise.nl\/en\/nieuws\/terugblik-op-het-schaal-je-impact-event\/\" class=\"grid-item-link grid-item\">\r\n            <img loading=\"lazy\" decoding=\"async\" width=\"1920\" height=\"1281\" src=\"https:\/\/social-enterprise.nl\/wp-content\/uploads\/2024\/12\/IMGL7723-Verbeterd-NR.jpg\" class=\"attachment-small size-small wp-post-image\" alt=\"Schaal Je Impact event\" srcset=\"https:\/\/social-enterprise.nl\/wp-content\/uploads\/2024\/12\/IMGL7723-Verbeterd-NR.jpg 1920w, https:\/\/social-enterprise.nl\/wp-content\/uploads\/2024\/12\/IMGL7723-Verbeterd-NR-768x512.jpg 768w, https:\/\/social-enterprise.nl\/wp-content\/uploads\/2024\/12\/IMGL7723-Verbeterd-NR-1536x1025.jpg 1536w, https:\/\/social-enterprise.nl\/wp-content\/uploads\/2024\/12\/IMGL7723-Verbeterd-NR-18x12.jpg 18w\" sizes=\"auto, (max-width: 1920px) 100vw, 1920px\" \/>            <div class=\"grid-item-content\">\r\n                <h2 class=\"grid-item-title\">Terugblik op het \u2018Schaal Je Impact\u2019 event<\/h2>\r\n                <span class=\"grid-item-date\">2 December 2024<\/span>\r\n                <div class=\"grid-item-excerpt\">&#8220;Dit event geeft hoop. Wat ik hier zie, heeft een totaal andere energie dan wat&hellip;<\/div>\r\n                <!--<div><span class=\"grid-item-category\">Nieuws<\/span><\/div>-->\r\n            <\/div>\r\n        <\/a>\r\n                <a href=\"https:\/\/social-enterprise.nl\/en\/artikelen\/waarom-sociaal-ondernemers-aan-de-beslistafel-moeten-zitten\/\" class=\"grid-item-link grid-item\">\r\n            <img loading=\"lazy\" decoding=\"async\" width=\"1000\" height=\"750\" src=\"https:\/\/social-enterprise.nl\/wp-content\/uploads\/2024\/11\/WhatsApp-Image-2024-11-21-at-16.52.09.jpeg\" class=\"attachment-small size-small wp-post-image\" alt=\"Sociaal ondernemers aan de beslistafel\" srcset=\"https:\/\/social-enterprise.nl\/wp-content\/uploads\/2024\/11\/WhatsApp-Image-2024-11-21-at-16.52.09.jpeg 1000w, https:\/\/social-enterprise.nl\/wp-content\/uploads\/2024\/11\/WhatsApp-Image-2024-11-21-at-16.52.09-768x576.jpeg 768w, https:\/\/social-enterprise.nl\/wp-content\/uploads\/2024\/11\/WhatsApp-Image-2024-11-21-at-16.52.09-16x12.jpeg 16w\" sizes=\"auto, (max-width: 1000px) 100vw, 1000px\" \/>            <div class=\"grid-item-content\">\r\n                <h2 class=\"grid-item-title\">Waarom sociaal ondernemers aan de beslistafel moeten zitten<\/h2>\r\n                <span class=\"grid-item-date\">26 November 2024<\/span>\r\n                <div class=\"grid-item-excerpt\">Sociaal ondernemers spelen een sleutelrol in de transitie naar een impact economie, waarin maatschappelijke waarde&hellip;<\/div>\r\n                <!--<div><span class=\"grid-item-category\">Artikelen<\/span><\/div>-->\r\n            <\/div>\r\n        <\/a>\r\n                <a href=\"https:\/\/social-enterprise.nl\/en\/nieuws\/inzichten-voor-impact-waardevolle-lessen-uit-de-all-in-open-call\/\" class=\"grid-item-link grid-item\">\r\n            <img loading=\"lazy\" decoding=\"async\" width=\"1920\" height=\"1281\" src=\"https:\/\/social-enterprise.nl\/wp-content\/uploads\/2024\/11\/MGL0729-kopie.jpg\" class=\"attachment-small size-small wp-post-image\" alt=\"Social Enterprise NL all in community\" srcset=\"https:\/\/social-enterprise.nl\/wp-content\/uploads\/2024\/11\/MGL0729-kopie.jpg 1920w, https:\/\/social-enterprise.nl\/wp-content\/uploads\/2024\/11\/MGL0729-kopie-768x512.jpg 768w, https:\/\/social-enterprise.nl\/wp-content\/uploads\/2024\/11\/MGL0729-kopie-1536x1025.jpg 1536w, https:\/\/social-enterprise.nl\/wp-content\/uploads\/2024\/11\/MGL0729-kopie-18x12.jpg 18w\" sizes=\"auto, (max-width: 1920px) 100vw, 1920px\" \/>            <div class=\"grid-item-content\">\r\n                <h2 class=\"grid-item-title\">Inzichten voor Impact: waardevolle lessen uit de All-in open call<\/h2>\r\n                <span class=\"grid-item-date\">8 November 2024<\/span>\r\n                <div class=\"grid-item-excerpt\">In 2024 zijn tien projecten gestart om gelijke kansen te bevorderen voor sociaal ondernemers met&hellip;<\/div>\r\n                <!--<div><span class=\"grid-item-category\">Artikelen<\/span><\/div>-->\r\n            <\/div>\r\n        <\/a>\r\n                <a href=\"https:\/\/social-enterprise.nl\/en\/nieuws\/vacature-programmamanager-leden\/\" class=\"grid-item-link grid-item\">\r\n            <img loading=\"lazy\" decoding=\"async\" width=\"1920\" height=\"1281\" src=\"https:\/\/social-enterprise.nl\/wp-content\/uploads\/2024\/11\/20240620_SocialEnterprise_TriodosBank_GIJSDEKRUIJFPHOTOGRAPHY_LowRes-86.jpg\" class=\"attachment-small size-small wp-post-image\" alt=\"\" srcset=\"https:\/\/social-enterprise.nl\/wp-content\/uploads\/2024\/11\/20240620_SocialEnterprise_TriodosBank_GIJSDEKRUIJFPHOTOGRAPHY_LowRes-86.jpg 1920w, https:\/\/social-enterprise.nl\/wp-content\/uploads\/2024\/11\/20240620_SocialEnterprise_TriodosBank_GIJSDEKRUIJFPHOTOGRAPHY_LowRes-86-768x512.jpg 768w, https:\/\/social-enterprise.nl\/wp-content\/uploads\/2024\/11\/20240620_SocialEnterprise_TriodosBank_GIJSDEKRUIJFPHOTOGRAPHY_LowRes-86-1536x1025.jpg 1536w, https:\/\/social-enterprise.nl\/wp-content\/uploads\/2024\/11\/20240620_SocialEnterprise_TriodosBank_GIJSDEKRUIJFPHOTOGRAPHY_LowRes-86-18x12.jpg 18w\" sizes=\"auto, (max-width: 1920px) 100vw, 1920px\" \/>            <div class=\"grid-item-content\">\r\n                <h2 class=\"grid-item-title\">Vacature: programmamanager leden<\/h2>\r\n                <span class=\"grid-item-date\">6 November 2024<\/span>\r\n                <div class=\"grid-item-excerpt\">Momenteel is deze vacature gesloten. Wil je graag bij Social Enterprise NL werken? Bekijk dan&hellip;<\/div>\r\n                <!--<div><span class=\"grid-item-category\">Nieuws<\/span><\/div>-->\r\n            <\/div>\r\n        <\/a>\r\n                <a href=\"https:\/\/social-enterprise.nl\/en\/algemeen\/consortium-gaat-sociale-innovatie-in-nederland-bevorderen\/\" class=\"grid-item-link grid-item\">\r\n            <img loading=\"lazy\" decoding=\"async\" width=\"1920\" height=\"1284\" src=\"https:\/\/social-enterprise.nl\/wp-content\/uploads\/2024\/10\/DSC08339.jpg\" class=\"attachment-small size-small wp-post-image\" alt=\"\" srcset=\"https:\/\/social-enterprise.nl\/wp-content\/uploads\/2024\/10\/DSC08339.jpg 1920w, https:\/\/social-enterprise.nl\/wp-content\/uploads\/2024\/10\/DSC08339-768x514.jpg 768w, https:\/\/social-enterprise.nl\/wp-content\/uploads\/2024\/10\/DSC08339-1536x1027.jpg 1536w, https:\/\/social-enterprise.nl\/wp-content\/uploads\/2024\/10\/DSC08339-18x12.jpg 18w\" sizes=\"auto, (max-width: 1920px) 100vw, 1920px\" \/>            <div class=\"grid-item-content\">\r\n                <h2 class=\"grid-item-title\">Consortium gaat sociale innovatie in Nederland bevorderen\u00a0<\/h2>\r\n                <span class=\"grid-item-date\">29 October 2024<\/span>\r\n                <div class=\"grid-item-excerpt\">&#8220;De innovaties die sociaal ondernemers realiseren, zijn zeer waardevol voor Nederland. Met het NCC SI&hellip;<\/div>\r\n                <!--<div><span class=\"grid-item-category\">Algemeen<\/span><\/div>-->\r\n            <\/div>\r\n        <\/a>\r\n                <a href=\"https:\/\/social-enterprise.nl\/en\/algemeen\/update-over-de-maatschappelijke-bv\/\" class=\"grid-item-link grid-item\">\r\n            <img loading=\"lazy\" decoding=\"async\" width=\"850\" height=\"500\" src=\"https:\/\/social-enterprise.nl\/wp-content\/uploads\/2024\/10\/BvM-850-x-500-px.jpg\" class=\"attachment-small size-small wp-post-image\" alt=\"\" srcset=\"https:\/\/social-enterprise.nl\/wp-content\/uploads\/2024\/10\/BvM-850-x-500-px.jpg 850w, https:\/\/social-enterprise.nl\/wp-content\/uploads\/2024\/10\/BvM-850-x-500-px-768x452.jpg 768w, https:\/\/social-enterprise.nl\/wp-content\/uploads\/2024\/10\/BvM-850-x-500-px-18x12.jpg 18w\" sizes=\"auto, (max-width: 850px) 100vw, 850px\" \/>            <div class=\"grid-item-content\">\r\n                <h2 class=\"grid-item-title\">Update over de Maatschappelijke BV<\/h2>\r\n                <span class=\"grid-item-date\">23 October 2024<\/span>\r\n                <div class=\"grid-item-excerpt\">We bleven aandacht vragen voor de BVm. Bij alle politieke partijen. En we hebben eindelijk&hellip;<\/div>\r\n                <!--<div><span class=\"grid-item-category\">Algemeen<\/span><\/div>-->\r\n            <\/div>\r\n        <\/a>\r\n                <a href=\"https:\/\/social-enterprise.nl\/en\/nieuws\/social-enterprise-monitor-2024\/\" class=\"grid-item-link grid-item\">\r\n            <img loading=\"lazy\" decoding=\"async\" width=\"749\" height=\"500\" src=\"https:\/\/social-enterprise.nl\/wp-content\/uploads\/2024\/10\/3fc9e766f2954d12775c05dff871e33e.jpg\" class=\"attachment-small size-small wp-post-image\" alt=\"Social Enteprise Monitor 2024\" srcset=\"https:\/\/social-enterprise.nl\/wp-content\/uploads\/2024\/10\/3fc9e766f2954d12775c05dff871e33e.jpg 749w, https:\/\/social-enterprise.nl\/wp-content\/uploads\/2024\/10\/3fc9e766f2954d12775c05dff871e33e-18x12.jpg 18w\" sizes=\"auto, (max-width: 749px) 100vw, 749px\" \/>            <div class=\"grid-item-content\">\r\n                <h2 class=\"grid-item-title\">Social Enterprise Monitor 2024<\/h2>\r\n                <span class=\"grid-item-date\">8 October 2024<\/span>\r\n                <div class=\"grid-item-excerpt\">Sociale ondernemingen groeien stevig! Dat blijkt uit de\u00a0Social Enterprise Monitor 2024\u00a0en sociale ondernemingen bewijzen opnieuw&hellip;<\/div>\r\n                <!--<div><span class=\"grid-item-category\">Nieuws<\/span><\/div>-->\r\n            <\/div>\r\n        <\/a>\r\n                <a href=\"https:\/\/social-enterprise.nl\/en\/nieuws\/juridische-ondersteuning-voor-onze-leden\/\" class=\"grid-item-link grid-item\">\r\n            <img loading=\"lazy\" decoding=\"async\" width=\"785\" height=\"500\" src=\"https:\/\/social-enterprise.nl\/wp-content\/uploads\/2024\/09\/fbbe4d9c1a0d8c895dc4b31d5db47157.jpg\" class=\"attachment-small size-small wp-post-image\" alt=\"\" srcset=\"https:\/\/social-enterprise.nl\/wp-content\/uploads\/2024\/09\/fbbe4d9c1a0d8c895dc4b31d5db47157.jpg 785w, https:\/\/social-enterprise.nl\/wp-content\/uploads\/2024\/09\/fbbe4d9c1a0d8c895dc4b31d5db47157-768x489.jpg 768w, https:\/\/social-enterprise.nl\/wp-content\/uploads\/2024\/09\/fbbe4d9c1a0d8c895dc4b31d5db47157-18x12.jpg 18w\" sizes=\"auto, (max-width: 785px) 100vw, 785px\" \/>            <div class=\"grid-item-content\">\r\n                <h2 class=\"grid-item-title\">Juridische ondersteuning aan onze leden<\/h2>\r\n                <span class=\"grid-item-date\">7 October 2024<\/span>\r\n                <div class=\"grid-item-excerpt\">Om onze leden te kunnen ondersteunen bij juridische vraagstukken, hebben we een samenwerking opgezet met&nbsp;Schuttelaar&hellip;<\/div>\r\n                <!--<div><span class=\"grid-item-category\">Nieuws<\/span><\/div>-->\r\n            <\/div>\r\n        <\/a>\r\n                <a href=\"https:\/\/social-enterprise.nl\/en\/nieuws\/routekaart-naar-inclusieve-financiering\/\" class=\"grid-item-link grid-item\">\r\n            <img loading=\"lazy\" decoding=\"async\" width=\"655\" height=\"500\" src=\"https:\/\/social-enterprise.nl\/wp-content\/uploads\/2024\/09\/8251b8ad889ca891058ffc383ae1ec81.jpg\" class=\"attachment-small size-small wp-post-image\" alt=\"naar inlcusieve financiering\" srcset=\"https:\/\/social-enterprise.nl\/wp-content\/uploads\/2024\/09\/8251b8ad889ca891058ffc383ae1ec81.jpg 655w, https:\/\/social-enterprise.nl\/wp-content\/uploads\/2024\/09\/8251b8ad889ca891058ffc383ae1ec81-16x12.jpg 16w\" sizes=\"auto, (max-width: 655px) 100vw, 655px\" \/>            <div class=\"grid-item-content\">\r\n                <h2 class=\"grid-item-title\">Routekaart naar Inclusieve Financiering<\/h2>\r\n                <span class=\"grid-item-date\">11 September 2024<\/span>\r\n                <div class=\"grid-item-excerpt\">We voerden de afgelopen tijd gesprekken met de grootste financiers van sociale ondernemingen, om de&hellip;<\/div>\r\n                <!--<div><span class=\"grid-item-category\">Nieuws<\/span><\/div>-->\r\n            <\/div>\r\n        <\/a>\r\n                <a href=\"https:\/\/social-enterprise.nl\/en\/nieuws\/de-meerkosten-in-beeld\/\" class=\"grid-item-link grid-item\">\r\n            <img loading=\"lazy\" decoding=\"async\" width=\"1339\" height=\"753\" src=\"https:\/\/social-enterprise.nl\/wp-content\/uploads\/2024\/08\/641721209917_gemeenten-kunnen-sociale-ondernemingen-beter-ondersteunen.jpeg\" class=\"attachment-small size-small wp-post-image\" alt=\"\" srcset=\"https:\/\/social-enterprise.nl\/wp-content\/uploads\/2024\/08\/641721209917_gemeenten-kunnen-sociale-ondernemingen-beter-ondersteunen.jpeg 1339w, https:\/\/social-enterprise.nl\/wp-content\/uploads\/2024\/08\/641721209917_gemeenten-kunnen-sociale-ondernemingen-beter-ondersteunen-768x432.jpeg 768w\" sizes=\"auto, (max-width: 1339px) 100vw, 1339px\" \/>            <div class=\"grid-item-content\">\r\n                <h2 class=\"grid-item-title\">De meerkosten in beeld<\/h2>\r\n                <span class=\"grid-item-date\">17 July 2024<\/span>\r\n                <div class=\"grid-item-excerpt\">Nederland kampt met grote krapte op de arbeidsmarkt en tegelijkertijd met 1,2 miljoen mensen die&hellip;<\/div>\r\n                <!--<div><span class=\"grid-item-category\">Nieuws<\/span><\/div>-->\r\n            <\/div>\r\n        <\/a>\r\n                <a href=\"https:\/\/social-enterprise.nl\/en\/artikelen\/nieuwe-systeemverbeteraars-ons-netwerk\/\" class=\"grid-item-link grid-item\">\r\n            <img loading=\"lazy\" decoding=\"async\" width=\"850\" height=\"500\" src=\"https:\/\/social-enterprise.nl\/wp-content\/uploads\/2024\/09\/logos2.jpg\" class=\"attachment-small size-small wp-post-image\" alt=\"\" srcset=\"https:\/\/social-enterprise.nl\/wp-content\/uploads\/2024\/09\/logos2.jpg 850w, https:\/\/social-enterprise.nl\/wp-content\/uploads\/2024\/09\/logos2-768x452.jpg 768w, https:\/\/social-enterprise.nl\/wp-content\/uploads\/2024\/09\/logos2-18x12.jpg 18w\" sizes=\"auto, (max-width: 850px) 100vw, 850px\" \/>            <div class=\"grid-item-content\">\r\n                <h2 class=\"grid-item-title\">Nieuwe systeemverbeteraars in ons netwerk!<\/h2>\r\n                <span class=\"grid-item-date\">15 July 2024<\/span>\r\n                <div class=\"grid-item-excerpt\">De social enterprise beweging groeit in volle vaart, wat onder andere te zien is aan&hellip;<\/div>\r\n                <!--<div><span class=\"grid-item-category\">Artikelen<\/span><\/div>-->\r\n            <\/div>\r\n        <\/a>\r\n                <a href=\"https:\/\/social-enterprise.nl\/en\/artikelen\/terugblik-social-enterprise-nl-ledenevent-2024\/\" class=\"grid-item-link grid-item\">\r\n            <img loading=\"lazy\" decoding=\"async\" width=\"749\" height=\"500\" src=\"https:\/\/social-enterprise.nl\/wp-content\/uploads\/2024\/09\/31c5a4bb5930157236fc94b99aa1bf10-1.jpg\" class=\"attachment-small size-small wp-post-image\" alt=\"\" srcset=\"https:\/\/social-enterprise.nl\/wp-content\/uploads\/2024\/09\/31c5a4bb5930157236fc94b99aa1bf10-1.jpg 749w, https:\/\/social-enterprise.nl\/wp-content\/uploads\/2024\/09\/31c5a4bb5930157236fc94b99aa1bf10-1-18x12.jpg 18w\" sizes=\"auto, (max-width: 749px) 100vw, 749px\" \/>            <div class=\"grid-item-content\">\r\n                <h2 class=\"grid-item-title\">Terugblik Social Enterprise NL Ledenevent 2024<\/h2>\r\n                <span class=\"grid-item-date\">27 June 2024<\/span>\r\n                <div class=\"grid-item-excerpt\">Op donderdag 20 juni kwamen leden van Social Enterprise NL uit het gehele land bijeen&hellip;<\/div>\r\n                <!--<div><span class=\"grid-item-category\">Artikelen<\/span><\/div>-->\r\n            <\/div>\r\n        <\/a>\r\n                <a href=\"https:\/\/social-enterprise.nl\/en\/nieuws\/tien-jaar-innovatie-en-impact-het-verhaal-van-hopstepleap\/\" class=\"grid-item-link grid-item\">\r\n            <img loading=\"lazy\" decoding=\"async\" width=\"1080\" height=\"1080\" src=\"https:\/\/social-enterprise.nl\/wp-content\/uploads\/2024\/08\/531718807823_Ontwerp_zonder_titel.png\" class=\"attachment-small size-small wp-post-image\" alt=\"\" srcset=\"https:\/\/social-enterprise.nl\/wp-content\/uploads\/2024\/08\/531718807823_Ontwerp_zonder_titel.png 1080w, https:\/\/social-enterprise.nl\/wp-content\/uploads\/2024\/08\/531718807823_Ontwerp_zonder_titel-768x768.png 768w\" sizes=\"auto, (max-width: 1080px) 100vw, 1080px\" \/>            <div class=\"grid-item-content\">\r\n                <h2 class=\"grid-item-title\">Tien Jaar Innovatie en Impact: Het verhaal van HopStep&amp;Leap<\/h2>\r\n                <span class=\"grid-item-date\">19 June 2024<\/span>\r\n                <div class=\"grid-item-excerpt\">Ondernemen is d\u00e9 manier om impact te maken\u00a0 \u201cDe basis van onze samenwerking is het&hellip;<\/div>\r\n                <!--<div><span class=\"grid-item-category\">Nieuws<\/span><\/div>-->\r\n            <\/div>\r\n        <\/a>\r\n                <a href=\"https:\/\/social-enterprise.nl\/en\/nieuws\/terugblik-op-het-commissiedebat-van-de-participatiewet\/\" class=\"grid-item-link grid-item\">\r\n            <img loading=\"lazy\" decoding=\"async\" width=\"2682\" height=\"1425\" src=\"https:\/\/social-enterprise.nl\/wp-content\/uploads\/2024\/08\/481717673590_Screenshot_2024-06-06_at_13-17-00_Debat_Direct.png\" class=\"attachment-small size-small wp-post-image\" alt=\"\" srcset=\"https:\/\/social-enterprise.nl\/wp-content\/uploads\/2024\/08\/481717673590_Screenshot_2024-06-06_at_13-17-00_Debat_Direct.png 2682w, https:\/\/social-enterprise.nl\/wp-content\/uploads\/2024\/08\/481717673590_Screenshot_2024-06-06_at_13-17-00_Debat_Direct-768x408.png 768w, https:\/\/social-enterprise.nl\/wp-content\/uploads\/2024\/08\/481717673590_Screenshot_2024-06-06_at_13-17-00_Debat_Direct-1536x816.png 1536w, https:\/\/social-enterprise.nl\/wp-content\/uploads\/2024\/08\/481717673590_Screenshot_2024-06-06_at_13-17-00_Debat_Direct-2048x1088.png 2048w\" sizes=\"auto, (max-width: 2682px) 100vw, 2682px\" \/>            <div class=\"grid-item-content\">\r\n                <h2 class=\"grid-item-title\">Terugblik op het commissiedebat over de Participatiewet<\/h2>\r\n                <span class=\"grid-item-date\">6 June 2024<\/span>\r\n                <div class=\"grid-item-excerpt\">Sociale ondernemingen zijn een belangrijke samenwerkingspartner in het arbeidsmarktvraagstuk, maar worden door gemeenten onvoldoende gezien&hellip;<\/div>\r\n                <!--<div><span class=\"grid-item-category\">Nieuws<\/span><\/div>-->\r\n            <\/div>\r\n        <\/a>\r\n                <a href=\"https:\/\/social-enterprise.nl\/en\/nieuws\/terugblik-op-het-social-enterprise-overheidscongres-2024\/\" class=\"grid-item-link grid-item\">\r\n            <img loading=\"lazy\" decoding=\"async\" width=\"1920\" height=\"1281\" src=\"https:\/\/social-enterprise.nl\/wp-content\/uploads\/2024\/05\/MGL7574-Verbeterd-NR.jpg\" class=\"attachment-small size-small wp-post-image\" alt=\"\" srcset=\"https:\/\/social-enterprise.nl\/wp-content\/uploads\/2024\/05\/MGL7574-Verbeterd-NR.jpg 1920w, https:\/\/social-enterprise.nl\/wp-content\/uploads\/2024\/05\/MGL7574-Verbeterd-NR-768x512.jpg 768w, https:\/\/social-enterprise.nl\/wp-content\/uploads\/2024\/05\/MGL7574-Verbeterd-NR-1536x1025.jpg 1536w, https:\/\/social-enterprise.nl\/wp-content\/uploads\/2024\/05\/MGL7574-Verbeterd-NR-18x12.jpg 18w\" sizes=\"auto, (max-width: 1920px) 100vw, 1920px\" \/>            <div class=\"grid-item-content\">\r\n                <h2 class=\"grid-item-title\">Terugblik op het Social Enterprise Overheidscongres 2024<\/h2>\r\n                <span class=\"grid-item-date\">31 May 2024<\/span>\r\n                <div class=\"grid-item-excerpt\">Plenaire opening &#8220;Als alles van iemand is, is niks van iedereen&#8221;\u00a0aldus Hans Stegeman, Hoofdeconoom Triodos&hellip;<\/div>\r\n                <!--<div><span class=\"grid-item-category\">Nieuws<\/span><\/div>-->\r\n            <\/div>\r\n        <\/a>\r\n                <a href=\"https:\/\/social-enterprise.nl\/en\/nieuws\/edwin-teljeur-over-het-social-enterprise-overheidscongres-2024-en-de-city-deal-impact-ondernemen-2-0\/\" class=\"grid-item-link grid-item\">\r\n            <img loading=\"lazy\" decoding=\"async\" width=\"768\" height=\"768\" src=\"https:\/\/social-enterprise.nl\/wp-content\/uploads\/2024\/08\/331716802965_edwin-teljeur-meo-1.jpeg\" class=\"attachment-small size-small wp-post-image\" alt=\"\" \/>            <div class=\"grid-item-content\">\r\n                <h2 class=\"grid-item-title\">Edwin Teljeur over het Social Enterprise Overheidscongres 2024 en de City Deal Impact Ondernemen 2.0<\/h2>\r\n                <span class=\"grid-item-date\">27 May 2024<\/span>\r\n                <div class=\"grid-item-excerpt\">Er komt een City Deal Impact Ondernemen 2.0, waarom? De beweging die is opgezet met&hellip;<\/div>\r\n                <!--<div><span class=\"grid-item-category\">Nieuws<\/span><\/div>-->\r\n            <\/div>\r\n        <\/a>\r\n                <a href=\"https:\/\/social-enterprise.nl\/en\/artikelen\/analyse-europese-verkiezingsprogrammas-2024\/\" class=\"grid-item-link grid-item\">\r\n            <img loading=\"lazy\" decoding=\"async\" width=\"675\" height=\"450\" src=\"https:\/\/social-enterprise.nl\/wp-content\/uploads\/2024\/09\/9d8846794939c9057324cd58840cbf77.jpg\" class=\"attachment-small size-small wp-post-image\" alt=\"\" srcset=\"https:\/\/social-enterprise.nl\/wp-content\/uploads\/2024\/09\/9d8846794939c9057324cd58840cbf77.jpg 675w, https:\/\/social-enterprise.nl\/wp-content\/uploads\/2024\/09\/9d8846794939c9057324cd58840cbf77-18x12.jpg 18w\" sizes=\"auto, (max-width: 675px) 100vw, 675px\" \/>            <div class=\"grid-item-content\">\r\n                <h2 class=\"grid-item-title\">Analyse Europese Verkiezingsprogramma&#8217;s 2024<\/h2>\r\n                <span class=\"grid-item-date\">23 May 2024<\/span>\r\n                <div class=\"grid-item-excerpt\">De verkiezingstijd is weer volop in gang met de aanstaande Europese Parlementsverkiezingen, die op 6&hellip;<\/div>\r\n                <!--<div><span class=\"grid-item-category\">Artikelen<\/span><\/div>-->\r\n            <\/div>\r\n        <\/a>\r\n                <a href=\"https:\/\/social-enterprise.nl\/en\/nieuws\/nieuwe-ondernemers-het-netwerk-3\/\" class=\"grid-item-link grid-item\">\r\n            <img loading=\"lazy\" decoding=\"async\" width=\"850\" height=\"471\" src=\"https:\/\/social-enterprise.nl\/wp-content\/uploads\/2024\/10\/965a9f079cc34183aaf62ea7a87b380b.jpg\" class=\"attachment-small size-small wp-post-image\" alt=\"\" srcset=\"https:\/\/social-enterprise.nl\/wp-content\/uploads\/2024\/10\/965a9f079cc34183aaf62ea7a87b380b.jpg 850w, https:\/\/social-enterprise.nl\/wp-content\/uploads\/2024\/10\/965a9f079cc34183aaf62ea7a87b380b-768x426.jpg 768w, https:\/\/social-enterprise.nl\/wp-content\/uploads\/2024\/10\/965a9f079cc34183aaf62ea7a87b380b-18x10.jpg 18w\" sizes=\"auto, (max-width: 850px) 100vw, 850px\" \/>            <div class=\"grid-item-content\">\r\n                <h2 class=\"grid-item-title\">Nieuwe ondernemers in het netwerk<\/h2>\r\n                <span class=\"grid-item-date\">14 May 2024<\/span>\r\n                <div class=\"grid-item-excerpt\">De social enterprise beweging groeit in volle vaart, wat onder andere te zien is aan&hellip;<\/div>\r\n                <!--<div><span class=\"grid-item-category\">Nieuws<\/span><\/div>-->\r\n            <\/div>\r\n        <\/a>\r\n                <a href=\"https:\/\/social-enterprise.nl\/en\/nieuws\/stefan-samen-realiseren-we-radicale-systeemverbetering\/\" class=\"grid-item-link grid-item\">\r\n            <img loading=\"lazy\" decoding=\"async\" width=\"1920\" height=\"1215\" src=\"https:\/\/social-enterprise.nl\/wp-content\/uploads\/2024\/05\/631714995669_IMG_6672_1-scaled-1.jpg\" class=\"attachment-small size-small wp-post-image\" alt=\"\" srcset=\"https:\/\/social-enterprise.nl\/wp-content\/uploads\/2024\/05\/631714995669_IMG_6672_1-scaled-1.jpg 1920w, https:\/\/social-enterprise.nl\/wp-content\/uploads\/2024\/05\/631714995669_IMG_6672_1-scaled-1-768x486.jpg 768w, https:\/\/social-enterprise.nl\/wp-content\/uploads\/2024\/05\/631714995669_IMG_6672_1-scaled-1-1536x972.jpg 1536w, https:\/\/social-enterprise.nl\/wp-content\/uploads\/2024\/05\/631714995669_IMG_6672_1-scaled-1-18x12.jpg 18w\" sizes=\"auto, (max-width: 1920px) 100vw, 1920px\" \/>            <div class=\"grid-item-content\">\r\n                <h2 class=\"grid-item-title\">Stefan: &ldquo;Samen realiseren we radicale systeemverbetering&rdquo;<\/h2>\r\n                <span class=\"grid-item-date\">6 May 2024<\/span>\r\n                <div class=\"grid-item-excerpt\">\u2018Verbeter de wereld, begin een bedrijf.\u2019 De titel van het boek van Willemijn Verloop en&hellip;<\/div>\r\n                <!--<div><span class=\"grid-item-category\">Nieuws<\/span><\/div>-->\r\n            <\/div>\r\n        <\/a>\r\n                <a href=\"https:\/\/social-enterprise.nl\/en\/nieuws\/mark-hillen-minister-adriaansens-voert-wet-sociale-ondernemingen-niet-uit\/\" class=\"grid-item-link grid-item\">\r\n            <img loading=\"lazy\" decoding=\"async\" width=\"800\" height=\"800\" src=\"https:\/\/social-enterprise.nl\/wp-content\/uploads\/2024\/08\/661714382079_foto_mark.jpeg\" class=\"attachment-small size-small wp-post-image\" alt=\"\" srcset=\"https:\/\/social-enterprise.nl\/wp-content\/uploads\/2024\/08\/661714382079_foto_mark.jpeg 800w, https:\/\/social-enterprise.nl\/wp-content\/uploads\/2024\/08\/661714382079_foto_mark-768x768.jpeg 768w\" sizes=\"auto, (max-width: 800px) 100vw, 800px\" \/>            <div class=\"grid-item-content\">\r\n                <h2 class=\"grid-item-title\">Mark Hillen: &quot;Minister Adriaansens voert wet sociale ondernemingen niet uit&quot;<\/h2>\r\n                <span class=\"grid-item-date\">29 April 2024<\/span>\r\n                <div class=\"grid-item-excerpt\">Minister Micky Adriaansens van Economische Zaken en Klimaatbeleid wil de wet niet uitvoeren die sociale&hellip;<\/div>\r\n                <!--<div><span class=\"grid-item-category\">Nieuws<\/span><\/div>-->\r\n            <\/div>\r\n        <\/a>\r\n                <a href=\"https:\/\/social-enterprise.nl\/en\/nieuws\/lancering-ocean-impact-fund\/\" class=\"grid-item-link grid-item\">\r\n            <img loading=\"lazy\" decoding=\"async\" width=\"750\" height=\"500\" src=\"https:\/\/social-enterprise.nl\/wp-content\/uploads\/2024\/08\/891713288265_8da695da4e30726307bdba81aa7cfbae.png\" class=\"attachment-small size-small wp-post-image\" alt=\"\" \/>            <div class=\"grid-item-content\">\r\n                <h2 class=\"grid-item-title\">Lancering Ocean Impact Fund<\/h2>\r\n                <span class=\"grid-item-date\">17 April 2024<\/span>\r\n                <div class=\"grid-item-excerpt\">Ocean Outdoor\u00a0is in Nederland toonaangevend in Digital-Out-of-Home reclame. Met de inzet van digitale schermen in&hellip;<\/div>\r\n                <!--<div><span class=\"grid-item-category\">Nieuws<\/span><\/div>-->\r\n            <\/div>\r\n        <\/a>\r\n                <a href=\"https:\/\/social-enterprise.nl\/en\/nieuws\/werkbezoek-met-europarlementarir-anja-haga\/\" class=\"grid-item-link grid-item\">\r\n            <img loading=\"lazy\" decoding=\"async\" width=\"2048\" height=\"1536\" src=\"https:\/\/social-enterprise.nl\/wp-content\/uploads\/2024\/08\/811712763782_Foto_werkbezoek.jpeg\" class=\"attachment-small size-small wp-post-image\" alt=\"\" srcset=\"https:\/\/social-enterprise.nl\/wp-content\/uploads\/2024\/08\/811712763782_Foto_werkbezoek.jpeg 2048w, https:\/\/social-enterprise.nl\/wp-content\/uploads\/2024\/08\/811712763782_Foto_werkbezoek-768x576.jpeg 768w, https:\/\/social-enterprise.nl\/wp-content\/uploads\/2024\/08\/811712763782_Foto_werkbezoek-1536x1152.jpeg 1536w\" sizes=\"auto, (max-width: 2048px) 100vw, 2048px\" \/>            <div class=\"grid-item-content\">\r\n                <h2 class=\"grid-item-title\">Werkbezoek met Europarlementari&euml;r Anja Haga<\/h2>\r\n                <span class=\"grid-item-date\">10 April 2024<\/span>\r\n                <div class=\"grid-item-excerpt\">Anja Haga zet zich in het Europees Parlement onder andere in voor een circulaire economie&hellip;<\/div>\r\n                <!--<div><span class=\"grid-item-category\">Nieuws<\/span><\/div>-->\r\n            <\/div>\r\n        <\/a>\r\n                <a href=\"https:\/\/social-enterprise.nl\/en\/nieuws\/futureproof-gratis-opleiding-impact-ondernemerschap-voor-medewerkers-sociaal-ondernemers\/\" class=\"grid-item-link grid-item\">\r\n            <img loading=\"lazy\" decoding=\"async\" width=\"850\" height=\"471\" src=\"https:\/\/social-enterprise.nl\/wp-content\/uploads\/2024\/08\/551710842223_Maat_website_artikel_13.png\" class=\"attachment-small size-small wp-post-image\" alt=\"\" srcset=\"https:\/\/social-enterprise.nl\/wp-content\/uploads\/2024\/08\/551710842223_Maat_website_artikel_13.png 850w, https:\/\/social-enterprise.nl\/wp-content\/uploads\/2024\/08\/551710842223_Maat_website_artikel_13-768x426.png 768w\" sizes=\"auto, (max-width: 850px) 100vw, 850px\" \/>            <div class=\"grid-item-content\">\r\n                <h2 class=\"grid-item-title\">Futureproof: Gratis opleiding impact ondernemerschap voor medewerkers sociaal ondernemers<\/h2>\r\n                <span class=\"grid-item-date\">19 March 2024<\/span>\r\n                <div class=\"grid-item-excerpt\">Ben jij op zoek naar middelen om jouw jongere werknemers te ondersteunen in hun professionele&hellip;<\/div>\r\n                <!--<div><span class=\"grid-item-category\">Nieuws<\/span><\/div>-->\r\n            <\/div>\r\n        <\/a>\r\n                <a href=\"https:\/\/social-enterprise.nl\/en\/nieuws\/oproep-aan-minister-adriaansens-breng-zo-snel-mogelijk-het-wetsvoorstel-maatschappelijke-bv-in-consultatie\/\" class=\"grid-item-link grid-item\">\r\n            <img loading=\"lazy\" decoding=\"async\" width=\"850\" height=\"471\" src=\"https:\/\/social-enterprise.nl\/wp-content\/uploads\/2024\/08\/811710170981_Maat_website_artikel_5.png\" class=\"attachment-small size-small wp-post-image\" alt=\"\" srcset=\"https:\/\/social-enterprise.nl\/wp-content\/uploads\/2024\/08\/811710170981_Maat_website_artikel_5.png 850w, https:\/\/social-enterprise.nl\/wp-content\/uploads\/2024\/08\/811710170981_Maat_website_artikel_5-768x426.png 768w\" sizes=\"auto, (max-width: 850px) 100vw, 850px\" \/>            <div class=\"grid-item-content\">\r\n                <h2 class=\"grid-item-title\">Oproep aan Minister Adriaansens: breng zo snel mogelijk het wetsvoorstel Maatschappelijke BV in consultatie<\/h2>\r\n                <span class=\"grid-item-date\">11 March 2024<\/span>\r\n                <div class=\"grid-item-excerpt\">Het is nu precies drie jaar geleden dat het voorontwerp in internetconsultatie kwam. De maatschappelijke&hellip;<\/div>\r\n                <!--<div><span class=\"grid-item-category\">Nieuws<\/span><\/div>-->\r\n            <\/div>\r\n        <\/a>\r\n                <a href=\"https:\/\/social-enterprise.nl\/en\/nieuws\/all-selectie-bekend\/\" class=\"grid-item-link grid-item\">\r\n            <img loading=\"lazy\" decoding=\"async\" width=\"850\" height=\"471\" src=\"https:\/\/social-enterprise.nl\/wp-content\/uploads\/2024\/08\/121709910170_Maat_website_artikel_3.png\" class=\"attachment-small size-small wp-post-image\" alt=\"\" srcset=\"https:\/\/social-enterprise.nl\/wp-content\/uploads\/2024\/08\/121709910170_Maat_website_artikel_3.png 850w, https:\/\/social-enterprise.nl\/wp-content\/uploads\/2024\/08\/121709910170_Maat_website_artikel_3-768x426.png 768w\" sizes=\"auto, (max-width: 850px) 100vw, 850px\" \/>            <div class=\"grid-item-content\">\r\n                <h2 class=\"grid-item-title\">All-in selectie bekend!<\/h2>\r\n                <span class=\"grid-item-date\">8 March 2024<\/span>\r\n                <div class=\"grid-item-excerpt\">Deze tien initiatieven gaan zich richten op een inclusiever sociaal ondernemerschapsecosysteem! Hun activiteiten om gelijke&hellip;<\/div>\r\n                <!--<div><span class=\"grid-item-category\">Nieuws<\/span><\/div>-->\r\n            <\/div>\r\n        <\/a>\r\n                <a href=\"https:\/\/social-enterprise.nl\/en\/nieuws\/masterclass-artificial-intelligence\/\" class=\"grid-item-link grid-item\">\r\n            <img loading=\"lazy\" decoding=\"async\" width=\"850\" height=\"471\" src=\"https:\/\/social-enterprise.nl\/wp-content\/uploads\/2024\/08\/981709902323_Maat_website_artikel_1.png\" class=\"attachment-small size-small wp-post-image\" alt=\"\" srcset=\"https:\/\/social-enterprise.nl\/wp-content\/uploads\/2024\/08\/981709902323_Maat_website_artikel_1.png 850w, https:\/\/social-enterprise.nl\/wp-content\/uploads\/2024\/08\/981709902323_Maat_website_artikel_1-768x426.png 768w\" sizes=\"auto, (max-width: 850px) 100vw, 850px\" \/>            <div class=\"grid-item-content\">\r\n                <h2 class=\"grid-item-title\">Masterclass Artificial Intelligence<\/h2>\r\n                <span class=\"grid-item-date\">8 March 2024<\/span>\r\n                <div class=\"grid-item-excerpt\">Artificial intelligence is sinds 2022 volop in het nieuws en dat is vooral te danken&hellip;<\/div>\r\n                <!--<div><span class=\"grid-item-category\">Nieuws<\/span><\/div>-->\r\n            <\/div>\r\n        <\/a>\r\n                <a href=\"https:\/\/social-enterprise.nl\/en\/nieuws\/wat-deed-social-enterprise-nl-in-2023\/\" class=\"grid-item-link grid-item\">\r\n            <img loading=\"lazy\" decoding=\"async\" width=\"850\" height=\"471\" src=\"https:\/\/social-enterprise.nl\/wp-content\/uploads\/2024\/08\/151709052316_Maat_website_artikel_1.png\" class=\"attachment-small size-small wp-post-image\" alt=\"\" srcset=\"https:\/\/social-enterprise.nl\/wp-content\/uploads\/2024\/08\/151709052316_Maat_website_artikel_1.png 850w, https:\/\/social-enterprise.nl\/wp-content\/uploads\/2024\/08\/151709052316_Maat_website_artikel_1-768x426.png 768w\" sizes=\"auto, (max-width: 850px) 100vw, 850px\" \/>            <div class=\"grid-item-content\">\r\n                <h2 class=\"grid-item-title\">Wat deed Social Enterprise NL in 2023?<\/h2>\r\n                <span class=\"grid-item-date\">27 February 2024<\/span>\r\n                <div class=\"grid-item-excerpt\">Jaaroverzicht 2024 In 2023 scherpte we onze missie aan naar &#8216;Samen realiseren we radicale systeemverbetering&#8217;,&hellip;<\/div>\r\n                <!--<div><span class=\"grid-item-category\">Nieuws<\/span><\/div>-->\r\n            <\/div>\r\n        <\/a>\r\n                <a href=\"https:\/\/social-enterprise.nl\/en\/nieuws\/brief-aan-informateur-plasterk\/\" class=\"grid-item-link grid-item\">\r\n            <img loading=\"lazy\" decoding=\"async\" width=\"850\" height=\"471\" src=\"https:\/\/social-enterprise.nl\/wp-content\/uploads\/2024\/08\/661707231108_Maat_website_artikel_3.png\" class=\"attachment-small size-small wp-post-image\" alt=\"\" srcset=\"https:\/\/social-enterprise.nl\/wp-content\/uploads\/2024\/08\/661707231108_Maat_website_artikel_3.png 850w, https:\/\/social-enterprise.nl\/wp-content\/uploads\/2024\/08\/661707231108_Maat_website_artikel_3-768x426.png 768w\" sizes=\"auto, (max-width: 850px) 100vw, 850px\" \/>            <div class=\"grid-item-content\">\r\n                <h2 class=\"grid-item-title\">Brief aan informateur Plasterk<\/h2>\r\n                <span class=\"grid-item-date\">6 February 2024<\/span>\r\n                <div class=\"grid-item-excerpt\">Op 29 januari 2024 heeft Social Enterprise NL een brief gestuurd aan informateur Plasterk. Hierin&hellip;<\/div>\r\n                <!--<div><span class=\"grid-item-category\">Nieuws<\/span><\/div>-->\r\n            <\/div>\r\n        <\/a>\r\n                <a href=\"https:\/\/social-enterprise.nl\/en\/artikelen\/samenwerking-taaly-en-openembassy-een-inspirerende-stap-naar-inclusievere-integratie-en-inburgering\/\" class=\"grid-item-link grid-item\">\r\n            <img loading=\"lazy\" decoding=\"async\" width=\"760\" height=\"500\" src=\"https:\/\/social-enterprise.nl\/wp-content\/uploads\/2024\/09\/groep_mensen-1.jpg\" class=\"attachment-small size-small wp-post-image\" alt=\"\" srcset=\"https:\/\/social-enterprise.nl\/wp-content\/uploads\/2024\/09\/groep_mensen-1.jpg 760w, https:\/\/social-enterprise.nl\/wp-content\/uploads\/2024\/09\/groep_mensen-1-18x12.jpg 18w\" sizes=\"auto, (max-width: 760px) 100vw, 760px\" \/>            <div class=\"grid-item-content\">\r\n                <h2 class=\"grid-item-title\">Samenwerking Taaly en OpenEmbassy: een inspirerende stap naar inclusievere integratie en inburgering<\/h2>\r\n                <span class=\"grid-item-date\">31 January 2024<\/span>\r\n                <div class=\"grid-item-excerpt\">In de zoektocht naar inclusievere integratie en inburgering, hebben Taaly en OpenEmbassy de handen ineengeslagen.&hellip;<\/div>\r\n                <!--<div><span class=\"grid-item-category\">Artikelen<\/span><\/div>-->\r\n            <\/div>\r\n        <\/a>\r\n                <a href=\"https:\/\/social-enterprise.nl\/en\/artikelen\/masterclass-lobbyforimpact-afgerond-de-essentials-om-aan-de-slag-te-gaan-met-lobbyactiviteiten\/\" class=\"grid-item-link grid-item\">\r\n            <img loading=\"lazy\" decoding=\"async\" width=\"667\" height=\"500\" src=\"https:\/\/social-enterprise.nl\/wp-content\/uploads\/2024\/09\/presentatie.jpg\" class=\"attachment-small size-small wp-post-image\" alt=\"\" srcset=\"https:\/\/social-enterprise.nl\/wp-content\/uploads\/2024\/09\/presentatie.jpg 667w, https:\/\/social-enterprise.nl\/wp-content\/uploads\/2024\/09\/presentatie-16x12.jpg 16w\" sizes=\"auto, (max-width: 667px) 100vw, 667px\" \/>            <div class=\"grid-item-content\">\r\n                <h2 class=\"grid-item-title\">Masterclass #lobbyforimpact afgerond: de essentials om aan de slag te gaan met lobbyactiviteiten<\/h2>\r\n                <span class=\"grid-item-date\">9 January 2024<\/span>\r\n                <div class=\"grid-item-excerpt\">Een mooie start van het nieuwe jaar met een succesvolle Masterclass lobbyen: de essentials. Op&hellip;<\/div>\r\n                <!--<div><span class=\"grid-item-category\">Artikelen<\/span><\/div>-->\r\n            <\/div>\r\n        <\/a>\r\n                <a href=\"https:\/\/social-enterprise.nl\/en\/artikelen\/succesvolle-afsluiting-van-omgaan-met-de-gemeente-2023-praktische-tips-en-onmisbare-lessen\/\" class=\"grid-item-link grid-item\">\r\n            <img loading=\"lazy\" decoding=\"async\" width=\"667\" height=\"500\" src=\"https:\/\/social-enterprise.nl\/wp-content\/uploads\/2024\/09\/lokaal-1.jpg\" class=\"attachment-small size-small wp-post-image\" alt=\"\" srcset=\"https:\/\/social-enterprise.nl\/wp-content\/uploads\/2024\/09\/lokaal-1.jpg 667w, https:\/\/social-enterprise.nl\/wp-content\/uploads\/2024\/09\/lokaal-1-16x12.jpg 16w\" sizes=\"auto, (max-width: 667px) 100vw, 667px\" \/>            <div class=\"grid-item-content\">\r\n                <h2 class=\"grid-item-title\">Succesvolle afsluiting van Omgaan met de Gemeente 2023: praktische tips en onmisbare lessen<\/h2>\r\n                <span class=\"grid-item-date\">18 December 2023<\/span>\r\n                <div class=\"grid-item-excerpt\">Dit jaar heeft weer een mooie groep van negen ondernemers het groeiprogramma Omgaan met de&hellip;<\/div>\r\n                <!--<div><span class=\"grid-item-category\">Artikelen<\/span><\/div>-->\r\n            <\/div>\r\n        <\/a>\r\n                <a href=\"https:\/\/social-enterprise.nl\/en\/nieuws\/hoe-valyuu-werkt-aan-een-wereld-waarin-alle-elektronica-in-gebruik-is\/\" class=\"grid-item-link grid-item\">\r\n            <img loading=\"lazy\" decoding=\"async\" width=\"944\" height=\"523\" src=\"https:\/\/social-enterprise.nl\/wp-content\/uploads\/2024\/08\/891702568133_Systeem_op_de_schop_Valyuu_horizontaal.jpg\" class=\"attachment-small size-small wp-post-image\" alt=\"\" srcset=\"https:\/\/social-enterprise.nl\/wp-content\/uploads\/2024\/08\/891702568133_Systeem_op_de_schop_Valyuu_horizontaal.jpg 944w, https:\/\/social-enterprise.nl\/wp-content\/uploads\/2024\/08\/891702568133_Systeem_op_de_schop_Valyuu_horizontaal-768x425.jpg 768w\" sizes=\"auto, (max-width: 944px) 100vw, 944px\" \/>            <div class=\"grid-item-content\">\r\n                <h2 class=\"grid-item-title\">Hoe Valyuu werkt aan een wereld waarin alle elektronica in gebruik is<\/h2>\r\n                <span class=\"grid-item-date\">15 December 2023<\/span>\r\n                <div class=\"grid-item-excerpt\">Ferhat Topuz had tijdens zijn studie Architectuur een bijbaan in een T-Mobile winkel. Hier merkte&hellip;<\/div>\r\n                <!--<div><span class=\"grid-item-category\">Nieuws<\/span><\/div>-->\r\n            <\/div>\r\n        <\/a>\r\n                <a href=\"https:\/\/social-enterprise.nl\/en\/nieuws\/leonie-bank-treedt-toe-tot-de-directie-social-enterprise-nl\/\" class=\"grid-item-link grid-item\">\r\n            <img loading=\"lazy\" decoding=\"async\" width=\"472\" height=\"447\" src=\"https:\/\/social-enterprise.nl\/wp-content\/uploads\/2024\/08\/431709033280_Leonie_Bank_directeur.png\" class=\"attachment-small size-small wp-post-image\" alt=\"\" \/>            <div class=\"grid-item-content\">\r\n                <h2 class=\"grid-item-title\">Leonie Bank treedt toe tot de directie Social Enterprise NL<\/h2>\r\n                <span class=\"grid-item-date\">14 December 2023<\/span>\r\n                <div class=\"grid-item-excerpt\">Wouter Scheepens, voorzitter van de Raad van Toezicht: \u201cLeonie is sinds 2016 werkzaam bij Social&hellip;<\/div>\r\n                <!--<div><span class=\"grid-item-category\">Nieuws<\/span><\/div>-->\r\n            <\/div>\r\n        <\/a>\r\n                <a href=\"https:\/\/social-enterprise.nl\/en\/artikelen\/eu-position-paper\/\" class=\"grid-item-link grid-item\">\r\n            <img loading=\"lazy\" decoding=\"async\" width=\"850\" height=\"471\" src=\"https:\/\/social-enterprise.nl\/wp-content\/uploads\/2024\/09\/Geef-een-plek-aan-sociale-ondernemingen.jpg\" class=\"attachment-small size-small wp-post-image\" alt=\"\" srcset=\"https:\/\/social-enterprise.nl\/wp-content\/uploads\/2024\/09\/Geef-een-plek-aan-sociale-ondernemingen.jpg 850w, https:\/\/social-enterprise.nl\/wp-content\/uploads\/2024\/09\/Geef-een-plek-aan-sociale-ondernemingen-768x426.jpg 768w, https:\/\/social-enterprise.nl\/wp-content\/uploads\/2024\/09\/Geef-een-plek-aan-sociale-ondernemingen-18x10.jpg 18w\" sizes=\"auto, (max-width: 850px) 100vw, 850px\" \/>            <div class=\"grid-item-content\">\r\n                <h2 class=\"grid-item-title\">Sociaal ondernemen bij Europese Verkiezingen in 2024<\/h2>\r\n                <span class=\"grid-item-date\">16 November 2023<\/span>\r\n                <div class=\"grid-item-excerpt\">Eind september heeft Social Enterprise NL een position paper opgesteld voor de Europese verkiezingen in&hellip;<\/div>\r\n                <!--<div><span class=\"grid-item-category\">Artikelen<\/span><\/div>-->\r\n            <\/div>\r\n        <\/a>\r\n                <a href=\"https:\/\/social-enterprise.nl\/en\/artikelen\/analyse-verkiezingsprogrammas-2023\/\" class=\"grid-item-link grid-item\">\r\n            <img loading=\"lazy\" decoding=\"async\" width=\"750\" height=\"500\" src=\"https:\/\/social-enterprise.nl\/wp-content\/uploads\/2024\/09\/prestentatie.jpg\" class=\"attachment-small size-small wp-post-image\" alt=\"\" srcset=\"https:\/\/social-enterprise.nl\/wp-content\/uploads\/2024\/09\/prestentatie.jpg 750w, https:\/\/social-enterprise.nl\/wp-content\/uploads\/2024\/09\/prestentatie-18x12.jpg 18w\" sizes=\"auto, (max-width: 750px) 100vw, 750px\" \/>            <div class=\"grid-item-content\">\r\n                <h2 class=\"grid-item-title\">Analyse Verkiezingsprogramma&#8217;s 2023<\/h2>\r\n                <span class=\"grid-item-date\">2 November 2023<\/span>\r\n                <div class=\"grid-item-excerpt\">Op 22 november is het zo ver, er mag weer gestemd worden. En het belooft&hellip;<\/div>\r\n                <!--<div><span class=\"grid-item-category\">Artikelen<\/span><\/div>-->\r\n            <\/div>\r\n        <\/a>\r\n                <a href=\"https:\/\/social-enterprise.nl\/en\/artikelen\/overheidssteun-voor-sociaal-ondernemers-de-weg-naar-een-maatschappelijk-verantwoorde-toekomst\/\" class=\"grid-item-link grid-item\">\r\n            <img loading=\"lazy\" decoding=\"async\" width=\"750\" height=\"500\" src=\"https:\/\/social-enterprise.nl\/wp-content\/uploads\/2024\/09\/impact_demonstratie-1.jpg\" class=\"attachment-small size-small wp-post-image\" alt=\"\" srcset=\"https:\/\/social-enterprise.nl\/wp-content\/uploads\/2024\/09\/impact_demonstratie-1.jpg 750w, https:\/\/social-enterprise.nl\/wp-content\/uploads\/2024\/09\/impact_demonstratie-1-18x12.jpg 18w\" sizes=\"auto, (max-width: 750px) 100vw, 750px\" \/>            <div class=\"grid-item-content\">\r\n                <h2 class=\"grid-item-title\">Overheidssteun voor Sociaal Ondernemers: De weg naar een maatschappelijk verantwoorde toekomst<\/h2>\r\n                <span class=\"grid-item-date\">1 November 2023<\/span>\r\n                <div class=\"grid-item-excerpt\">Op donderdag 12 oktober vond op het Social Enterprise World Forum een sessie plaats genaamd\u00a0Rising&hellip;<\/div>\r\n                <!--<div><span class=\"grid-item-category\">Artikelen<\/span><\/div>-->\r\n            <\/div>\r\n        <\/a>\r\n                <a href=\"https:\/\/social-enterprise.nl\/en\/artikelen\/vvder-zet-zich-voor-sociaal-ondernemen\/\" class=\"grid-item-link grid-item\">\r\n            <img loading=\"lazy\" decoding=\"async\" width=\"750\" height=\"500\" src=\"https:\/\/social-enterprise.nl\/wp-content\/uploads\/2024\/09\/money_matters_podcast.jpg\" class=\"attachment-small size-small wp-post-image\" alt=\"\" srcset=\"https:\/\/social-enterprise.nl\/wp-content\/uploads\/2024\/09\/money_matters_podcast.jpg 750w, https:\/\/social-enterprise.nl\/wp-content\/uploads\/2024\/09\/money_matters_podcast-18x12.jpg 18w\" sizes=\"auto, (max-width: 750px) 100vw, 750px\" \/>            <div class=\"grid-item-content\">\r\n                <h2 class=\"grid-item-title\">VVD\u2019er zet zich in voor sociaal ondernemen!<\/h2>\r\n                <span class=\"grid-item-date\">30 October 2023<\/span>\r\n                <div class=\"grid-item-excerpt\">De Tweede Kamerverkiezingen komen steeds dichterbij, maar veel mensen weten nog niet goed waar ze&hellip;<\/div>\r\n                <!--<div><span class=\"grid-item-category\">Artikelen<\/span><\/div>-->\r\n            <\/div>\r\n        <\/a>\r\n                <a href=\"https:\/\/social-enterprise.nl\/en\/nieuws\/vacature-communicatiemanager\/\" class=\"grid-item-link grid-item\">\r\n            <img loading=\"lazy\" decoding=\"async\" width=\"3599\" height=\"2400\" src=\"https:\/\/social-enterprise.nl\/wp-content\/uploads\/2024\/08\/551623148070_kom_jij_ons_team_versterken_Tekengebied_1.png\" class=\"attachment-small size-small wp-post-image\" alt=\"\" srcset=\"https:\/\/social-enterprise.nl\/wp-content\/uploads\/2024\/08\/551623148070_kom_jij_ons_team_versterken_Tekengebied_1.png 3599w, https:\/\/social-enterprise.nl\/wp-content\/uploads\/2024\/08\/551623148070_kom_jij_ons_team_versterken_Tekengebied_1-768x512.png 768w, https:\/\/social-enterprise.nl\/wp-content\/uploads\/2024\/08\/551623148070_kom_jij_ons_team_versterken_Tekengebied_1-1536x1024.png 1536w, https:\/\/social-enterprise.nl\/wp-content\/uploads\/2024\/08\/551623148070_kom_jij_ons_team_versterken_Tekengebied_1-2048x1366.png 2048w\" sizes=\"auto, (max-width: 3599px) 100vw, 3599px\" \/>            <div class=\"grid-item-content\">\r\n                <h2 class=\"grid-item-title\">Vacature: Communicatiemanager<\/h2>\r\n                <span class=\"grid-item-date\">26 October 2023<\/span>\r\n                <div class=\"grid-item-excerpt\">Social Enterprise NL is aanjager van de groeiende beweging van sociaal ondernemers in Nederland. Sociaal&hellip;<\/div>\r\n                <!--<div><span class=\"grid-item-category\">Nieuws<\/span><\/div>-->\r\n            <\/div>\r\n        <\/a>\r\n                <a href=\"https:\/\/social-enterprise.nl\/en\/artikelen\/10-tips-voor-aanbestedingen-voor-sociaal-ondernemers\/\" class=\"grid-item-link grid-item\">\r\n            <img loading=\"lazy\" decoding=\"async\" width=\"850\" height=\"471\" src=\"https:\/\/social-enterprise.nl\/wp-content\/uploads\/2024\/09\/mevouw_in_blauw-1.jpg\" class=\"attachment-small size-small wp-post-image\" alt=\"\" srcset=\"https:\/\/social-enterprise.nl\/wp-content\/uploads\/2024\/09\/mevouw_in_blauw-1.jpg 850w, https:\/\/social-enterprise.nl\/wp-content\/uploads\/2024\/09\/mevouw_in_blauw-1-768x426.jpg 768w, https:\/\/social-enterprise.nl\/wp-content\/uploads\/2024\/09\/mevouw_in_blauw-1-18x10.jpg 18w\" sizes=\"auto, (max-width: 850px) 100vw, 850px\" \/>            <div class=\"grid-item-content\">\r\n                <h2 class=\"grid-item-title\">10 tips voor aanbestedingen voor sociaal ondernemers<\/h2>\r\n                <span class=\"grid-item-date\">25 October 2023<\/span>\r\n                <div class=\"grid-item-excerpt\">Het is een ideale match voor een aanbesteding: grote bedrijven met ervaring met het inschrijven&hellip;<\/div>\r\n                <!--<div><span class=\"grid-item-category\">Artikelen<\/span><\/div>-->\r\n            <\/div>\r\n        <\/a>\r\n                <a href=\"https:\/\/social-enterprise.nl\/en\/artikelen\/mark-in-de-tweede-kamer-terugblik-op-het-rondetafelgesprek-over-het-aanbestedingsbeleid\/\" class=\"grid-item-link grid-item\">\r\n            <img loading=\"lazy\" decoding=\"async\" width=\"850\" height=\"477\" src=\"https:\/\/social-enterprise.nl\/wp-content\/uploads\/2024\/09\/debat-man.jpg\" class=\"attachment-small size-small wp-post-image\" alt=\"\" srcset=\"https:\/\/social-enterprise.nl\/wp-content\/uploads\/2024\/09\/debat-man.jpg 850w, https:\/\/social-enterprise.nl\/wp-content\/uploads\/2024\/09\/debat-man-768x431.jpg 768w, https:\/\/social-enterprise.nl\/wp-content\/uploads\/2024\/09\/debat-man-18x10.jpg 18w\" sizes=\"auto, (max-width: 850px) 100vw, 850px\" \/>            <div class=\"grid-item-content\">\r\n                <h2 class=\"grid-item-title\">Mark in de Tweede Kamer: Terugblik op het Rondetafelgesprek over het Aanbestedingsbeleid<\/h2>\r\n                <span class=\"grid-item-date\">23 October 2023<\/span>\r\n                <div class=\"grid-item-excerpt\">Op 27 september betraden Kamerleden van de partijen VVD, D66, CDA, PvdA, en de ChristenUnie&hellip;<\/div>\r\n                <!--<div><span class=\"grid-item-category\">Artikelen<\/span><\/div>-->\r\n            <\/div>\r\n        <\/a>\r\n                <a href=\"https:\/\/social-enterprise.nl\/en\/nieuws\/schoolsystemen-gaan-op-de-schop-in-onze-nieuwste-podcastaflevering\/\" class=\"grid-item-link grid-item\">\r\n            <img loading=\"lazy\" decoding=\"async\" width=\"1967\" height=\"1090\" src=\"https:\/\/social-enterprise.nl\/wp-content\/uploads\/2024\/08\/791697461845_2022-10-16_Visual_aflevering_35.jpg\" class=\"attachment-small size-small wp-post-image\" alt=\"\" srcset=\"https:\/\/social-enterprise.nl\/wp-content\/uploads\/2024\/08\/791697461845_2022-10-16_Visual_aflevering_35.jpg 1967w, https:\/\/social-enterprise.nl\/wp-content\/uploads\/2024\/08\/791697461845_2022-10-16_Visual_aflevering_35-768x426.jpg 768w, https:\/\/social-enterprise.nl\/wp-content\/uploads\/2024\/08\/791697461845_2022-10-16_Visual_aflevering_35-1536x851.jpg 1536w\" sizes=\"auto, (max-width: 1967px) 100vw, 1967px\" \/>            <div class=\"grid-item-content\">\r\n                <h2 class=\"grid-item-title\">Schoolsystemen gaan op de schop in onze nieuwste podcastaflevering<\/h2>\r\n                <span class=\"grid-item-date\">16 October 2023<\/span>\r\n                <div class=\"grid-item-excerpt\">Darine El Houfi richtte &#8216;Leren voor de Toekomst&#8217; op tijdens zijn studie met als doel&hellip;<\/div>\r\n                <!--<div><span class=\"grid-item-category\">Nieuws<\/span><\/div>-->\r\n            <\/div>\r\n        <\/a>\r\n                <a href=\"https:\/\/social-enterprise.nl\/en\/nieuws\/europees-inkoopinitiatief-buy-social-europe-b2b-officieel-bekendgemaakt\/\" class=\"grid-item-link grid-item\">\r\n            <img loading=\"lazy\" decoding=\"async\" width=\"1200\" height=\"628\" src=\"https:\/\/social-enterprise.nl\/wp-content\/uploads\/2024\/08\/141697120523_Buy_Social_Europe_B2B_16x9.png\" class=\"attachment-small size-small wp-post-image\" alt=\"\" srcset=\"https:\/\/social-enterprise.nl\/wp-content\/uploads\/2024\/08\/141697120523_Buy_Social_Europe_B2B_16x9.png 1200w, https:\/\/social-enterprise.nl\/wp-content\/uploads\/2024\/08\/141697120523_Buy_Social_Europe_B2B_16x9-768x402.png 768w\" sizes=\"auto, (max-width: 1200px) 100vw, 1200px\" \/>            <div class=\"grid-item-content\">\r\n                <h2 class=\"grid-item-title\">Europees inkoopinitiatief Buy Social Europe B2B officieel bekendgemaakt<\/h2>\r\n                <span class=\"grid-item-date\">12 October 2023<\/span>\r\n                <div class=\"grid-item-excerpt\">Het Europese initiatief zet zich in om de inkoop bij sociale ondernemingen verder te vergroten.&hellip;<\/div>\r\n                <!--<div><span class=\"grid-item-category\">Nieuws<\/span><\/div>-->\r\n            <\/div>\r\n        <\/a>\r\n                <a href=\"https:\/\/social-enterprise.nl\/en\/nieuws\/fno-en-social-enterprise-nl-werken-met-impact-door-groei-samen-aan-een-sterk-ecosysteem-voor-impactondernemingen\/\" class=\"grid-item-link grid-item\">\r\n            <img loading=\"lazy\" decoding=\"async\" width=\"655\" height=\"500\" src=\"https:\/\/social-enterprise.nl\/wp-content\/uploads\/2024\/08\/751696926019_buiten.jpg\" class=\"attachment-small size-small wp-post-image\" alt=\"\" \/>            <div class=\"grid-item-content\">\r\n                <h2 class=\"grid-item-title\">FNO en Social Enterprise NL werken met &lsquo;Impact door Groei&rsquo; samen aan een sterk ecosysteem voor impactondernemingen<\/h2>\r\n                <span class=\"grid-item-date\">10 October 2023<\/span>\r\n                <div class=\"grid-item-excerpt\">Sociale- of impactondernemingen lopen voorop in de transitie naar de impacteconomie. Zonder afval. Zonder armoede.&hellip;<\/div>\r\n                <!--<div><span class=\"grid-item-category\">Nieuws<\/span><\/div>-->\r\n            <\/div>\r\n        <\/a>\r\n                <a href=\"https:\/\/social-enterprise.nl\/en\/artikelen\/achter-de-schermen-bijbakkerswerkplaats-rotterdam\/\" class=\"grid-item-link grid-item\">\r\n            <img loading=\"lazy\" decoding=\"async\" width=\"1920\" height=\"1280\" src=\"https:\/\/social-enterprise.nl\/wp-content\/uploads\/2024\/10\/Achter_de_schermen_bij-foto_lisette.jpg\" class=\"attachment-small size-small wp-post-image\" alt=\"\" srcset=\"https:\/\/social-enterprise.nl\/wp-content\/uploads\/2024\/10\/Achter_de_schermen_bij-foto_lisette.jpg 1920w, https:\/\/social-enterprise.nl\/wp-content\/uploads\/2024\/10\/Achter_de_schermen_bij-foto_lisette-768x512.jpg 768w, https:\/\/social-enterprise.nl\/wp-content\/uploads\/2024\/10\/Achter_de_schermen_bij-foto_lisette-1536x1024.jpg 1536w, https:\/\/social-enterprise.nl\/wp-content\/uploads\/2024\/10\/Achter_de_schermen_bij-foto_lisette-18x12.jpg 18w\" sizes=\"auto, (max-width: 1920px) 100vw, 1920px\" \/>            <div class=\"grid-item-content\">\r\n                <h2 class=\"grid-item-title\">Achter de schermen bij&#8230;Bakkerswerkplaats Rotterdam<\/h2>\r\n                <span class=\"grid-item-date\">1 October 2023<\/span>\r\n                <div class=\"grid-item-excerpt\">We mochten een kijkje nemen achter de schermen bij de Bakkerswerkplaats in Rotterdam. Oprichtster Lisette&hellip;<\/div>\r\n                <!--<div><span class=\"grid-item-category\">Artikelen<\/span><\/div>-->\r\n            <\/div>\r\n        <\/a>\r\n                <a href=\"https:\/\/social-enterprise.nl\/en\/artikelen\/zes-highlights-in-het-programma-van-het-social-enterprise-world-forum\/\" class=\"grid-item-link grid-item\">\r\n            <img loading=\"lazy\" decoding=\"async\" width=\"850\" height=\"477\" src=\"https:\/\/social-enterprise.nl\/wp-content\/uploads\/2024\/09\/SEWF23.jpg\" class=\"attachment-small size-small wp-post-image\" alt=\"\" srcset=\"https:\/\/social-enterprise.nl\/wp-content\/uploads\/2024\/09\/SEWF23.jpg 850w, https:\/\/social-enterprise.nl\/wp-content\/uploads\/2024\/09\/SEWF23-768x431.jpg 768w, https:\/\/social-enterprise.nl\/wp-content\/uploads\/2024\/09\/SEWF23-18x10.jpg 18w\" sizes=\"auto, (max-width: 850px) 100vw, 850px\" \/>            <div class=\"grid-item-content\">\r\n                <h2 class=\"grid-item-title\">Zes highlights in het programma van het Social Enterprise World Forum<\/h2>\r\n                <span class=\"grid-item-date\">29 September 2023<\/span>\r\n                <div class=\"grid-item-excerpt\">Het Social Enterprise World Forum 2023, dat dit jaar van 9 tot 13 oktober in&hellip;<\/div>\r\n                <!--<div><span class=\"grid-item-category\">Artikelen<\/span><\/div>-->\r\n            <\/div>\r\n        <\/a>\r\n                <a href=\"https:\/\/social-enterprise.nl\/en\/artikelen\/de-spotlight-cycloon-post-fietskoeriers\/\" class=\"grid-item-link grid-item\">\r\n            <img loading=\"lazy\" decoding=\"async\" width=\"1014\" height=\"675\" src=\"https:\/\/social-enterprise.nl\/wp-content\/uploads\/2024\/09\/Nick-Vreeswijk-_826x550_bijgesneden.jpg\" class=\"attachment-small size-small wp-post-image\" alt=\"\" srcset=\"https:\/\/social-enterprise.nl\/wp-content\/uploads\/2024\/09\/Nick-Vreeswijk-_826x550_bijgesneden.jpg 1014w, https:\/\/social-enterprise.nl\/wp-content\/uploads\/2024\/09\/Nick-Vreeswijk-_826x550_bijgesneden-768x511.jpg 768w, https:\/\/social-enterprise.nl\/wp-content\/uploads\/2024\/09\/Nick-Vreeswijk-_826x550_bijgesneden-18x12.jpg 18w\" sizes=\"auto, (max-width: 1014px) 100vw, 1014px\" \/>            <div class=\"grid-item-content\">\r\n                <h2 class=\"grid-item-title\">In de spotlight: Cycloon Post &amp; Fietskoeriers<\/h2>\r\n                <span class=\"grid-item-date\">26 September 2023<\/span>\r\n                <div class=\"grid-item-excerpt\">'Of je nu een eenmanszaak begint of met 10 of 100 man werkt, je komt&hellip;<\/div>\r\n                <!--<div><span class=\"grid-item-category\">Artikelen<\/span><\/div>-->\r\n            <\/div>\r\n        <\/a>\r\n                <a href=\"https:\/\/social-enterprise.nl\/en\/artikelen\/circulair-voorwaarts-934\/\" class=\"grid-item-link grid-item\">\r\n            <img loading=\"lazy\" decoding=\"async\" width=\"721\" height=\"317\" src=\"https:\/\/social-enterprise.nl\/wp-content\/uploads\/2024\/09\/Zaken_die_je_raken_header.jpg\" class=\"attachment-small size-small wp-post-image\" alt=\"\" srcset=\"https:\/\/social-enterprise.nl\/wp-content\/uploads\/2024\/09\/Zaken_die_je_raken_header.jpg 721w, https:\/\/social-enterprise.nl\/wp-content\/uploads\/2024\/09\/Zaken_die_je_raken_header-18x8.jpg 18w\" sizes=\"auto, (max-width: 721px) 100vw, 721px\" \/>            <div class=\"grid-item-content\">\r\n                <h2 class=\"grid-item-title\">Circulair voorwaarts<\/h2>\r\n                <span class=\"grid-item-date\">26 September 2023<\/span>\r\n                <div class=\"grid-item-excerpt\">Onze planeet heeft het steeds zwaarder te verduren. Door de take, make and dispose cultuur&hellip;<\/div>\r\n                <!--<div><span class=\"grid-item-category\">Artikelen<\/span><\/div>-->\r\n            <\/div>\r\n        <\/a>\r\n                <a href=\"https:\/\/social-enterprise.nl\/en\/nieuws\/nieuwe-ondernemers-in-het-netwerk\/\" class=\"grid-item-link grid-item\">\r\n            <img loading=\"lazy\" decoding=\"async\" width=\"720\" height=\"550\" src=\"https:\/\/social-enterprise.nl\/wp-content\/uploads\/2024\/08\/551695122352_Dia1.jpeg\" class=\"attachment-small size-small wp-post-image\" alt=\"\" \/>            <div class=\"grid-item-content\">\r\n                <h2 class=\"grid-item-title\">Nieuwe ondernemers in het netwerk<\/h2>\r\n                <span class=\"grid-item-date\">19 September 2023<\/span>\r\n                <div class=\"grid-item-excerpt\">Oscar Circulair zamelt gebiedsgericht bedrijfsafval in. Doormiddel van hun unieke fijnmazige inzameling in steden schiet&hellip;<\/div>\r\n                <!--<div><span class=\"grid-item-category\">Nieuws<\/span><\/div>-->\r\n            <\/div>\r\n        <\/a>\r\n                <a href=\"https:\/\/social-enterprise.nl\/en\/nieuws\/wilder-land-in-de-nieuwe-systeem-op-de-schop\/\" class=\"grid-item-link grid-item\">\r\n            <img loading=\"lazy\" decoding=\"async\" width=\"1967\" height=\"1090\" src=\"https:\/\/social-enterprise.nl\/wp-content\/uploads\/2024\/08\/201694681305_2022-09-13_Visual_aflevering_34.jpg\" class=\"attachment-small size-small wp-post-image\" alt=\"\" srcset=\"https:\/\/social-enterprise.nl\/wp-content\/uploads\/2024\/08\/201694681305_2022-09-13_Visual_aflevering_34.jpg 1967w, https:\/\/social-enterprise.nl\/wp-content\/uploads\/2024\/08\/201694681305_2022-09-13_Visual_aflevering_34-768x426.jpg 768w, https:\/\/social-enterprise.nl\/wp-content\/uploads\/2024\/08\/201694681305_2022-09-13_Visual_aflevering_34-1536x851.jpg 1536w\" sizes=\"auto, (max-width: 1967px) 100vw, 1967px\" \/>            <div class=\"grid-item-content\">\r\n                <h2 class=\"grid-item-title\">Wilder Land in de nieuwe Systeem op de Schop<\/h2>\r\n                <span class=\"grid-item-date\">15 September 2023<\/span>\r\n                <div class=\"grid-item-excerpt\">Hun reis begon met als missie: &#8220;superlekkere dingen te maken die super goed zijn voor&hellip;<\/div>\r\n                <!--<div><span class=\"grid-item-category\">Nieuws<\/span><\/div>-->\r\n            <\/div>\r\n        <\/a>\r\n                <a href=\"https:\/\/social-enterprise.nl\/en\/nieuws\/brief-aan-demissionair-minister-adriaansens\/\" class=\"grid-item-link grid-item\">\r\n            <img loading=\"lazy\" decoding=\"async\" width=\"655\" height=\"500\" src=\"https:\/\/social-enterprise.nl\/wp-content\/uploads\/2024\/08\/621694768886_Voorvertoning_brief_aan_minister.jpg\" class=\"attachment-small size-small wp-post-image\" alt=\"\" \/>            <div class=\"grid-item-content\">\r\n                <h2 class=\"grid-item-title\">Brief aan demissionair minister Adriaansens<\/h2>\r\n                <span class=\"grid-item-date\">14 September 2023<\/span>\r\n                <div class=\"grid-item-excerpt\">Op 12 september heeft Social Enterprise NL een brief gestuurd aan demissionair minister van Economische&hellip;<\/div>\r\n                <!--<div><span class=\"grid-item-category\">Nieuws<\/span><\/div>-->\r\n            <\/div>\r\n        <\/a>\r\n                <a href=\"https:\/\/social-enterprise.nl\/en\/artikelen\/toekomst-onderneming\/\" class=\"grid-item-link grid-item\">\r\n            <img loading=\"lazy\" decoding=\"async\" width=\"1000\" height=\"667\" src=\"https:\/\/social-enterprise.nl\/wp-content\/uploads\/2023\/07\/1.jpg\" class=\"attachment-small size-small wp-post-image\" alt=\"\" srcset=\"https:\/\/social-enterprise.nl\/wp-content\/uploads\/2023\/07\/1.jpg 1000w, https:\/\/social-enterprise.nl\/wp-content\/uploads\/2023\/07\/1-768x512.jpg 768w\" sizes=\"auto, (max-width: 1000px) 100vw, 1000px\" \/>            <div class=\"grid-item-content\">\r\n                <h2 class=\"grid-item-title\">De toekomst van de onderneming<\/h2>\r\n                <span class=\"grid-item-date\">25 August 2023<\/span>\r\n                <div class=\"grid-item-excerpt\">Passende keuzes maken voor de toekomst van de onderneming en de rol van de ondernemer&hellip;<\/div>\r\n                <!--<div><span class=\"grid-item-category\">Artikelen<\/span><\/div>-->\r\n            <\/div>\r\n        <\/a>\r\n                <a href=\"https:\/\/social-enterprise.nl\/en\/artikelen\/internationale-groei\/\" class=\"grid-item-link grid-item\">\r\n            <img loading=\"lazy\" decoding=\"async\" width=\"1920\" height=\"1281\" src=\"https:\/\/social-enterprise.nl\/wp-content\/uploads\/2023\/07\/7.jpg\" class=\"attachment-small size-small wp-post-image\" alt=\"\" srcset=\"https:\/\/social-enterprise.nl\/wp-content\/uploads\/2023\/07\/7.jpg 1920w, https:\/\/social-enterprise.nl\/wp-content\/uploads\/2023\/07\/7-768x512.jpg 768w, https:\/\/social-enterprise.nl\/wp-content\/uploads\/2023\/07\/7-1536x1025.jpg 1536w\" sizes=\"auto, (max-width: 1920px) 100vw, 1920px\" \/>            <div class=\"grid-item-content\">\r\n                <h2 class=\"grid-item-title\">Internationale groei<\/h2>\r\n                <span class=\"grid-item-date\">25 August 2023<\/span>\r\n                <div class=\"grid-item-excerpt\">Het vergroten van de afzetmarkt door op te schalen naar het buitenland vraagt om nieuwe&hellip;<\/div>\r\n                <!--<div><span class=\"grid-item-category\">Artikelen<\/span><\/div>-->\r\n            <\/div>\r\n        <\/a>\r\n                <a href=\"https:\/\/social-enterprise.nl\/en\/artikelen\/inkoop-coalities-en-gezamenlijke-aanbestedingen\/\" class=\"grid-item-link grid-item\">\r\n            <img loading=\"lazy\" decoding=\"async\" width=\"1000\" height=\"667\" src=\"https:\/\/social-enterprise.nl\/wp-content\/uploads\/2023\/07\/5.jpg\" class=\"attachment-small size-small wp-post-image\" alt=\"\" srcset=\"https:\/\/social-enterprise.nl\/wp-content\/uploads\/2023\/07\/5.jpg 1000w, https:\/\/social-enterprise.nl\/wp-content\/uploads\/2023\/07\/5-768x512.jpg 768w\" sizes=\"auto, (max-width: 1000px) 100vw, 1000px\" \/>            <div class=\"grid-item-content\">\r\n                <h2 class=\"grid-item-title\">Inkoop, coalities en gezamenlijke aanbestedingen<\/h2>\r\n                <span class=\"grid-item-date\">25 August 2023<\/span>\r\n                <div class=\"grid-item-excerpt\">Naast samenwerkingen met de overheid en het bedrijfsleven kunnen coalities en gezamenlijke aanbestedingen helpen bij&hellip;<\/div>\r\n                <!--<div><span class=\"grid-item-category\">Artikelen<\/span><\/div>-->\r\n            <\/div>\r\n        <\/a>\r\n                <a href=\"https:\/\/social-enterprise.nl\/en\/artikelen\/beinvloeding-en-lobbyen\/\" class=\"grid-item-link grid-item\">\r\n            <img loading=\"lazy\" decoding=\"async\" width=\"1280\" height=\"330\" src=\"https:\/\/social-enterprise.nl\/wp-content\/uploads\/2023\/08\/5-4.jpg\" class=\"attachment-small size-small wp-post-image\" alt=\"\" srcset=\"https:\/\/social-enterprise.nl\/wp-content\/uploads\/2023\/08\/5-4.jpg 1280w, https:\/\/social-enterprise.nl\/wp-content\/uploads\/2023\/08\/5-4-768x198.jpg 768w, https:\/\/social-enterprise.nl\/wp-content\/uploads\/2023\/08\/5-4-18x5.jpg 18w\" sizes=\"auto, (max-width: 1280px) 100vw, 1280px\" \/>            <div class=\"grid-item-content\">\r\n                <h2 class=\"grid-item-title\">Be\u00efnvloeding en lobbyen<\/h2>\r\n                <span class=\"grid-item-date\">25 August 2023<\/span>\r\n                <div class=\"grid-item-excerpt\">Onderzoek laat zien dat sociale ondernemingen andere bedrijven be\u00efnvloeden om systeemverbetering te realiseren. Masterclasses, kennisgroepen&hellip;<\/div>\r\n                <!--<div><span class=\"grid-item-category\">Artikelen<\/span><\/div>-->\r\n            <\/div>\r\n        <\/a>\r\n                <a href=\"https:\/\/social-enterprise.nl\/en\/artikelen\/sociale-organisatiecultuur-en-hr\/\" class=\"grid-item-link grid-item\">\r\n            <img loading=\"lazy\" decoding=\"async\" width=\"1000\" height=\"667\" src=\"https:\/\/social-enterprise.nl\/wp-content\/uploads\/2023\/07\/8.jpg\" class=\"attachment-small size-small wp-post-image\" alt=\"\" srcset=\"https:\/\/social-enterprise.nl\/wp-content\/uploads\/2023\/07\/8.jpg 1000w, https:\/\/social-enterprise.nl\/wp-content\/uploads\/2023\/07\/8-768x512.jpg 768w\" sizes=\"auto, (max-width: 1000px) 100vw, 1000px\" \/>            <div class=\"grid-item-content\">\r\n                <h2 class=\"grid-item-title\">Sociale organisatiecultuur en HR<\/h2>\r\n                <span class=\"grid-item-date\">25 August 2023<\/span>\r\n                <div class=\"grid-item-excerpt\">Bij een sociale onderneming hoort een sociale organisatiecultuur met passend HR beleid. Diversiteit, inclusie en&hellip;<\/div>\r\n                <!--<div><span class=\"grid-item-category\">Artikelen<\/span><\/div>-->\r\n            <\/div>\r\n        <\/a>\r\n                <a href=\"https:\/\/social-enterprise.nl\/en\/artikelen\/samenwerken-met-de-overheid\/\" class=\"grid-item-link grid-item\">\r\n            <img loading=\"lazy\" decoding=\"async\" width=\"1280\" height=\"330\" src=\"https:\/\/social-enterprise.nl\/wp-content\/uploads\/2023\/08\/5-4.jpg\" class=\"attachment-small size-small wp-post-image\" alt=\"\" srcset=\"https:\/\/social-enterprise.nl\/wp-content\/uploads\/2023\/08\/5-4.jpg 1280w, https:\/\/social-enterprise.nl\/wp-content\/uploads\/2023\/08\/5-4-768x198.jpg 768w, https:\/\/social-enterprise.nl\/wp-content\/uploads\/2023\/08\/5-4-18x5.jpg 18w\" sizes=\"auto, (max-width: 1280px) 100vw, 1280px\" \/>            <div class=\"grid-item-content\">\r\n                <h2 class=\"grid-item-title\">Samenwerken met de overheid<\/h2>\r\n                <span class=\"grid-item-date\">23 August 2023<\/span>\r\n                <div class=\"grid-item-excerpt\">We zetten sterk in op samenwerkingen met de overheid en het bedrijfsleven voor professionalisering en&hellip;<\/div>\r\n                <!--<div><span class=\"grid-item-category\">Artikelen<\/span><\/div>-->\r\n            <\/div>\r\n        <\/a>\r\n                <a href=\"https:\/\/social-enterprise.nl\/en\/artikelen\/opschalen-en-financiering\/\" class=\"grid-item-link grid-item\">\r\n            <img loading=\"lazy\" decoding=\"async\" width=\"1280\" height=\"330\" src=\"https:\/\/social-enterprise.nl\/wp-content\/uploads\/2023\/08\/4-3.jpg\" class=\"attachment-small size-small wp-post-image\" alt=\"\" srcset=\"https:\/\/social-enterprise.nl\/wp-content\/uploads\/2023\/08\/4-3.jpg 1280w, https:\/\/social-enterprise.nl\/wp-content\/uploads\/2023\/08\/4-3-768x198.jpg 768w, https:\/\/social-enterprise.nl\/wp-content\/uploads\/2023\/08\/4-3-18x5.jpg 18w\" sizes=\"auto, (max-width: 1280px) 100vw, 1280px\" \/>            <div class=\"grid-item-content\">\r\n                <h2 class=\"grid-item-title\">Opschalen en financiering<\/h2>\r\n                <span class=\"grid-item-date\">23 August 2023<\/span>\r\n                <div class=\"grid-item-excerpt\">Een financieel gezonde onderneming heeft een goede balans tussen inkomsten en impact en is operationeel&hellip;<\/div>\r\n                <!--<div><span class=\"grid-item-category\">Artikelen<\/span><\/div>-->\r\n            <\/div>\r\n        <\/a>\r\n                <a href=\"https:\/\/social-enterprise.nl\/en\/artikelen\/positionering-en-digitale-strategie\/\" class=\"grid-item-link grid-item\">\r\n            <img loading=\"lazy\" decoding=\"async\" width=\"1280\" height=\"330\" src=\"https:\/\/social-enterprise.nl\/wp-content\/uploads\/2023\/08\/3-3.jpg\" class=\"attachment-small size-small wp-post-image\" alt=\"\" srcset=\"https:\/\/social-enterprise.nl\/wp-content\/uploads\/2023\/08\/3-3.jpg 1280w, https:\/\/social-enterprise.nl\/wp-content\/uploads\/2023\/08\/3-3-768x198.jpg 768w, https:\/\/social-enterprise.nl\/wp-content\/uploads\/2023\/08\/3-3-18x5.jpg 18w\" sizes=\"auto, (max-width: 1280px) 100vw, 1280px\" \/>            <div class=\"grid-item-content\">\r\n                <h2 class=\"grid-item-title\">Positionering en digitale strategie<\/h2>\r\n                <span class=\"grid-item-date\">23 August 2023<\/span>\r\n                <div class=\"grid-item-excerpt\">Een authentiek en digitaal zichtbaar merk zijn van belang voor het succes van de sociale&hellip;<\/div>\r\n                <!--<div><span class=\"grid-item-category\">Artikelen<\/span><\/div>-->\r\n            <\/div>\r\n        <\/a>\r\n                <a href=\"https:\/\/social-enterprise.nl\/en\/artikelen\/governance-en-beleid\/\" class=\"grid-item-link grid-item\">\r\n            <img loading=\"lazy\" decoding=\"async\" width=\"1280\" height=\"330\" src=\"https:\/\/social-enterprise.nl\/wp-content\/uploads\/2023\/08\/6-3.jpg\" class=\"attachment-small size-small wp-post-image\" alt=\"\" srcset=\"https:\/\/social-enterprise.nl\/wp-content\/uploads\/2023\/08\/6-3.jpg 1280w, https:\/\/social-enterprise.nl\/wp-content\/uploads\/2023\/08\/6-3-768x198.jpg 768w, https:\/\/social-enterprise.nl\/wp-content\/uploads\/2023\/08\/6-3-18x5.jpg 18w\" sizes=\"auto, (max-width: 1280px) 100vw, 1280px\" \/>            <div class=\"grid-item-content\">\r\n                <h2 class=\"grid-item-title\">Governance en beleid<\/h2>\r\n                <span class=\"grid-item-date\">23 August 2023<\/span>\r\n                <div class=\"grid-item-excerpt\">Het vooropstellen van de maatschappelijke missie via bestuur en beleid vraagt om specifieke juridische kennis&hellip;<\/div>\r\n                <!--<div><span class=\"grid-item-category\">Artikelen<\/span><\/div>-->\r\n            <\/div>\r\n        <\/a>\r\n                <a href=\"https:\/\/social-enterprise.nl\/en\/artikelen\/impact-meten\/\" class=\"grid-item-link grid-item\">\r\n            <img loading=\"lazy\" decoding=\"async\" width=\"1550\" height=\"818\" src=\"https:\/\/social-enterprise.nl\/wp-content\/uploads\/2024\/09\/artikelen.jpg\" class=\"attachment-small size-small wp-post-image\" alt=\"\" srcset=\"https:\/\/social-enterprise.nl\/wp-content\/uploads\/2024\/09\/artikelen.jpg 1550w, https:\/\/social-enterprise.nl\/wp-content\/uploads\/2024\/09\/artikelen-768x405.jpg 768w, https:\/\/social-enterprise.nl\/wp-content\/uploads\/2024\/09\/artikelen-1536x811.jpg 1536w, https:\/\/social-enterprise.nl\/wp-content\/uploads\/2024\/09\/artikelen-18x9.jpg 18w\" sizes=\"auto, (max-width: 1550px) 100vw, 1550px\" \/>            <div class=\"grid-item-content\">\r\n                <h2 class=\"grid-item-title\">Impact meten<\/h2>\r\n                <span class=\"grid-item-date\">23 August 2023<\/span>\r\n                <div class=\"grid-item-excerpt\">Het maken van impact staat voorop bij sociale ondernemingen. Het opstellen van een Theory of&hellip;<\/div>\r\n                <!--<div><span class=\"grid-item-category\">Artikelen<\/span><\/div>-->\r\n            <\/div>\r\n        <\/a>\r\n                <a href=\"https:\/\/social-enterprise.nl\/en\/nieuws\/hoe-diem-do-met-codegorilla-aan-een-inclusieve-it-sector-werkt\/\" class=\"grid-item-link grid-item\">\r\n            <img loading=\"lazy\" decoding=\"async\" width=\"1967\" height=\"1090\" src=\"https:\/\/social-enterprise.nl\/wp-content\/uploads\/2024\/08\/851692020838_2022-08-11_Visual_aflevering_33.jpg\" class=\"attachment-small size-small wp-post-image\" alt=\"\" srcset=\"https:\/\/social-enterprise.nl\/wp-content\/uploads\/2024\/08\/851692020838_2022-08-11_Visual_aflevering_33.jpg 1967w, https:\/\/social-enterprise.nl\/wp-content\/uploads\/2024\/08\/851692020838_2022-08-11_Visual_aflevering_33-768x426.jpg 768w, https:\/\/social-enterprise.nl\/wp-content\/uploads\/2024\/08\/851692020838_2022-08-11_Visual_aflevering_33-1536x851.jpg 1536w\" sizes=\"auto, (max-width: 1967px) 100vw, 1967px\" \/>            <div class=\"grid-item-content\">\r\n                <h2 class=\"grid-item-title\">Hoe Diem Do met CodeGorilla aan een inclusieve IT sector werkt<\/h2>\r\n                <span class=\"grid-item-date\">15 August 2023<\/span>\r\n                <div class=\"grid-item-excerpt\">Met hun unieke kijk en methodiek helpen ze een brede groep mensen \u2014 jong en&hellip;<\/div>\r\n                <!--<div><span class=\"grid-item-category\">Nieuws<\/span><\/div>-->\r\n            <\/div>\r\n        <\/a>\r\n                <a href=\"https:\/\/social-enterprise.nl\/en\/nieuws\/sociaal-ondernemen-op-de-politieke-agenda-verkiezingen-2023\/\" class=\"grid-item-link grid-item\">\r\n            <img loading=\"lazy\" decoding=\"async\" width=\"655\" height=\"500\" src=\"https:\/\/social-enterprise.nl\/wp-content\/uploads\/2024\/08\/691690963172_Voorvertoning_afbeelding_-_Position_paper_Tweede_Kamerverkiezingen_2023.jpg\" class=\"attachment-small size-small wp-post-image\" alt=\"\" \/>            <div class=\"grid-item-content\">\r\n                <h2 class=\"grid-item-title\">Sociaal ondernemen op de politieke agenda &#8211; verkiezingen 2023<\/h2>\r\n                <span class=\"grid-item-date\">1 August 2023<\/span>\r\n                <div class=\"grid-item-excerpt\">AgendaSociaal ondernemen agenderen bij de landelijke politiek doen we op verschillende manieren.Als eerste stap hebben&hellip;<\/div>\r\n                <!--<div><span class=\"grid-item-category\">Nieuws<\/span><\/div>-->\r\n            <\/div>\r\n        <\/a>\r\n                <a href=\"https:\/\/social-enterprise.nl\/en\/artikelen\/ondersteuning-bij-je-financieringsaanvraag\/\" class=\"grid-item-link grid-item\">\r\n            <img loading=\"lazy\" decoding=\"async\" width=\"785\" height=\"500\" src=\"https:\/\/social-enterprise.nl\/wp-content\/uploads\/2024\/09\/ondersteuning_voor_leden_geel.jpg\" class=\"attachment-small size-small wp-post-image\" alt=\"\" srcset=\"https:\/\/social-enterprise.nl\/wp-content\/uploads\/2024\/09\/ondersteuning_voor_leden_geel.jpg 785w, https:\/\/social-enterprise.nl\/wp-content\/uploads\/2024\/09\/ondersteuning_voor_leden_geel-768x489.jpg 768w, https:\/\/social-enterprise.nl\/wp-content\/uploads\/2024\/09\/ondersteuning_voor_leden_geel-18x12.jpg 18w\" sizes=\"auto, (max-width: 785px) 100vw, 785px\" \/>            <div class=\"grid-item-content\">\r\n                <h2 class=\"grid-item-title\">Ondersteuning bij jouw financiering<\/h2>\r\n                <span class=\"grid-item-date\">31 July 2023<\/span>\r\n                <div class=\"grid-item-excerpt\">Om verder te komen met je bedrijf is soms financiering nodig.&nbsp;Roy Gerrits, financiering specialist van&hellip;<\/div>\r\n                <!--<div><span class=\"grid-item-category\">Artikelen<\/span><\/div>-->\r\n            <\/div>\r\n        <\/a>\r\n                <a href=\"https:\/\/social-enterprise.nl\/en\/nieuws\/een-terugblik-op-het-all-in-seminar-in-10-fotos\/\" class=\"grid-item-link grid-item\">\r\n            <img loading=\"lazy\" decoding=\"async\" width=\"655\" height=\"500\" src=\"https:\/\/social-enterprise.nl\/wp-content\/uploads\/2024\/08\/141689934100_buitenkant.jpg\" class=\"attachment-small size-small wp-post-image\" alt=\"\" \/>            <div class=\"grid-item-content\">\r\n                <h2 class=\"grid-item-title\">Een terugblik op het All-in seminar in 10 foto&#039;s<\/h2>\r\n                <span class=\"grid-item-date\">21 July 2023<\/span>\r\n                <div class=\"grid-item-excerpt\">Op 27 juni presenteerden Social Enterprise NL de resultaten van het All-in programma, bedoeld om&hellip;<\/div>\r\n                <!--<div><span class=\"grid-item-category\">Nieuws<\/span><\/div>-->\r\n            <\/div>\r\n        <\/a>\r\n                <a href=\"https:\/\/social-enterprise.nl\/en\/nieuws\/biologische-plantenpakketten-en-meer-in-de-nieuwe-systeem-op-de-schop\/\" class=\"grid-item-link grid-item\">\r\n            <img loading=\"lazy\" decoding=\"async\" width=\"1967\" height=\"1090\" src=\"https:\/\/social-enterprise.nl\/wp-content\/uploads\/2024\/08\/821689259440_2022-07-13_Visual_aflevering_32.jpg\" class=\"attachment-small size-small wp-post-image\" alt=\"\" srcset=\"https:\/\/social-enterprise.nl\/wp-content\/uploads\/2024\/08\/821689259440_2022-07-13_Visual_aflevering_32.jpg 1967w, https:\/\/social-enterprise.nl\/wp-content\/uploads\/2024\/08\/821689259440_2022-07-13_Visual_aflevering_32-768x426.jpg 768w, https:\/\/social-enterprise.nl\/wp-content\/uploads\/2024\/08\/821689259440_2022-07-13_Visual_aflevering_32-1536x851.jpg 1536w\" sizes=\"auto, (max-width: 1967px) 100vw, 1967px\" \/>            <div class=\"grid-item-content\">\r\n                <h2 class=\"grid-item-title\">Biologische plantenpakketten en meer in de nieuwe Systeem op de Schop<\/h2>\r\n                <span class=\"grid-item-date\">13 July 2023<\/span>\r\n                <div class=\"grid-item-excerpt\">Als leek ontdekte ze een studie waaruit bleek dat 81 van de 84 planten die&hellip;<\/div>\r\n                <!--<div><span class=\"grid-item-category\">Nieuws<\/span><\/div>-->\r\n            <\/div>\r\n        <\/a>\r\n                <a href=\"https:\/\/social-enterprise.nl\/en\/artikelen\/speciaal-voor-onze-leden-ondersteuning-van-pwc\/\" class=\"grid-item-link grid-item\">\r\n            <img loading=\"lazy\" decoding=\"async\" width=\"785\" height=\"500\" src=\"https:\/\/social-enterprise.nl\/wp-content\/uploads\/2024\/09\/ondersteuning_voor_leden.jpg\" class=\"attachment-small size-small wp-post-image\" alt=\"\" srcset=\"https:\/\/social-enterprise.nl\/wp-content\/uploads\/2024\/09\/ondersteuning_voor_leden.jpg 785w, https:\/\/social-enterprise.nl\/wp-content\/uploads\/2024\/09\/ondersteuning_voor_leden-768x489.jpg 768w, https:\/\/social-enterprise.nl\/wp-content\/uploads\/2024\/09\/ondersteuning_voor_leden-18x12.jpg 18w\" sizes=\"auto, (max-width: 785px) 100vw, 785px\" \/>            <div class=\"grid-item-content\">\r\n                <h2 class=\"grid-item-title\">Ondersteuning van PwC<\/h2>\r\n                <span class=\"grid-item-date\">12 July 2023<\/span>\r\n                <div class=\"grid-item-excerpt\">Onze partner PwC helpt onze leden pro bono met o.a. financi\u00eble en fiscale vraagstukken. Alle\u00a0kerndiensten\u00a0(behalve&hellip;<\/div>\r\n                <!--<div><span class=\"grid-item-category\">Artikelen<\/span><\/div>-->\r\n            <\/div>\r\n        <\/a>\r\n                <a href=\"https:\/\/social-enterprise.nl\/en\/artikelen\/het-rapport-over-inclusie-iedereen-aan-de-bak-is-uit\/\" class=\"grid-item-link grid-item\">\r\n            <img loading=\"lazy\" decoding=\"async\" width=\"850\" height=\"477\" src=\"https:\/\/social-enterprise.nl\/wp-content\/uploads\/2024\/09\/Iedereen_aan_de_bak.jpg\" class=\"attachment-small size-small wp-post-image\" alt=\"\" srcset=\"https:\/\/social-enterprise.nl\/wp-content\/uploads\/2024\/09\/Iedereen_aan_de_bak.jpg 850w, https:\/\/social-enterprise.nl\/wp-content\/uploads\/2024\/09\/Iedereen_aan_de_bak-768x431.jpg 768w, https:\/\/social-enterprise.nl\/wp-content\/uploads\/2024\/09\/Iedereen_aan_de_bak-18x10.jpg 18w\" sizes=\"auto, (max-width: 850px) 100vw, 850px\" \/>            <div class=\"grid-item-content\">\r\n                <h2 class=\"grid-item-title\">Het rapport over inclusie &#8216;I\u00e9dereen aan de bak!&#8217; is uit!<\/h2>\r\n                <span class=\"grid-item-date\">27 June 2023<\/span>\r\n                <div class=\"grid-item-excerpt\">Op 27 juni presenteerden wij op het op All-in seminar ons nieuwe rapport &#8216;I\u00e9dereen aan&hellip;<\/div>\r\n                <!--<div><span class=\"grid-item-category\">Artikelen<\/span><\/div>-->\r\n            <\/div>\r\n        <\/a>\r\n                <a href=\"https:\/\/social-enterprise.nl\/en\/artikelen\/drie-inzichten-voor-de-vooruitstrevende-beleidsmaker-over-sociaal-ondernemen\/\" class=\"grid-item-link grid-item\">\r\n            <img loading=\"lazy\" decoding=\"async\" width=\"850\" height=\"477\" src=\"https:\/\/social-enterprise.nl\/wp-content\/uploads\/2024\/09\/SEWF.jpg\" class=\"attachment-small size-small wp-post-image\" alt=\"\" srcset=\"https:\/\/social-enterprise.nl\/wp-content\/uploads\/2024\/09\/SEWF.jpg 850w, https:\/\/social-enterprise.nl\/wp-content\/uploads\/2024\/09\/SEWF-768x431.jpg 768w, https:\/\/social-enterprise.nl\/wp-content\/uploads\/2024\/09\/SEWF-18x10.jpg 18w\" sizes=\"auto, (max-width: 850px) 100vw, 850px\" \/>            <div class=\"grid-item-content\">\r\n                <h2 class=\"grid-item-title\">Drie inzichten voor de vooruitstrevende beleidsmaker over sociaal ondernemen<\/h2>\r\n                <span class=\"grid-item-date\">26 June 2023<\/span>\r\n                <div class=\"grid-item-excerpt\">In de aanloop naar het\u00a0Social Enterprise World Forum\u00a0vond onlangs het Policy Forum plaats. Ruim 550&hellip;<\/div>\r\n                <!--<div><span class=\"grid-item-category\">Artikelen<\/span><\/div>-->\r\n            <\/div>\r\n        <\/a>\r\n                <a href=\"https:\/\/social-enterprise.nl\/en\/nieuws\/de-nieuwe-systeem-op-de-schop-over-duurzame-energie\/\" class=\"grid-item-link grid-item\">\r\n            <img loading=\"lazy\" decoding=\"async\" width=\"1920\" height=\"1064\" src=\"https:\/\/social-enterprise.nl\/wp-content\/uploads\/2023\/06\/631686752005_2023-06-14_Visual_aflevering_31-scaled-1.jpg\" class=\"attachment-small size-small wp-post-image\" alt=\"\" srcset=\"https:\/\/social-enterprise.nl\/wp-content\/uploads\/2023\/06\/631686752005_2023-06-14_Visual_aflevering_31-scaled-1.jpg 1920w, https:\/\/social-enterprise.nl\/wp-content\/uploads\/2023\/06\/631686752005_2023-06-14_Visual_aflevering_31-scaled-1-768x426.jpg 768w, https:\/\/social-enterprise.nl\/wp-content\/uploads\/2023\/06\/631686752005_2023-06-14_Visual_aflevering_31-scaled-1-1536x851.jpg 1536w, https:\/\/social-enterprise.nl\/wp-content\/uploads\/2023\/06\/631686752005_2023-06-14_Visual_aflevering_31-scaled-1-18x10.jpg 18w\" sizes=\"auto, (max-width: 1920px) 100vw, 1920px\" \/>            <div class=\"grid-item-content\">\r\n                <h2 class=\"grid-item-title\">De nieuwe Systeem op de Schop over duurzame energie<\/h2>\r\n                <span class=\"grid-item-date\">14 June 2023<\/span>\r\n                <div class=\"grid-item-excerpt\">Gedreven vertellen de in Delft gevestigde ondernemers van DeWarmte over wat nodig is om de&hellip;<\/div>\r\n                <!--<div><span class=\"grid-item-category\">Nieuws<\/span><\/div>-->\r\n            <\/div>\r\n        <\/a>\r\n                <a href=\"https:\/\/social-enterprise.nl\/en\/nieuws\/vacature-aanjager-all-in-programma-vacature-gesloten\/\" class=\"grid-item-link grid-item\">\r\n            <img loading=\"lazy\" decoding=\"async\" width=\"655\" height=\"500\" src=\"https:\/\/social-enterprise.nl\/wp-content\/uploads\/2024\/08\/751686220173_buitenkant.jpg\" class=\"attachment-small size-small wp-post-image\" alt=\"\" \/>            <div class=\"grid-item-content\">\r\n                <h2 class=\"grid-item-title\">Vacature &#039;Aanjager All-in programma&#039; (vacature gesloten)<\/h2>\r\n                <span class=\"grid-item-date\">8 June 2023<\/span>\r\n                <div class=\"grid-item-excerpt\">De eerste fase van het programma is bijna afgerond. We hebben een kwalitatief onderzoek gedaan&hellip;<\/div>\r\n                <!--<div><span class=\"grid-item-category\">Nieuws<\/span><\/div>-->\r\n            <\/div>\r\n        <\/a>\r\n                <a href=\"https:\/\/social-enterprise.nl\/en\/artikelen\/nieuwe-ondernemers-het-netwerk\/\" class=\"grid-item-link grid-item\">\r\n            <img loading=\"lazy\" decoding=\"async\" width=\"1200\" height=\"686\" src=\"https:\/\/social-enterprise.nl\/wp-content\/uploads\/2024\/09\/merken-1.jpg\" class=\"attachment-small size-small wp-post-image\" alt=\"\" srcset=\"https:\/\/social-enterprise.nl\/wp-content\/uploads\/2024\/09\/merken-1.jpg 1200w, https:\/\/social-enterprise.nl\/wp-content\/uploads\/2024\/09\/merken-1-768x439.jpg 768w, https:\/\/social-enterprise.nl\/wp-content\/uploads\/2024\/09\/merken-1-18x10.jpg 18w\" sizes=\"auto, (max-width: 1200px) 100vw, 1200px\" \/>            <div class=\"grid-item-content\">\r\n                <h2 class=\"grid-item-title\">Nieuwe ondernemers in het netwerk<\/h2>\r\n                <span class=\"grid-item-date\">1 June 2023<\/span>\r\n                <div class=\"grid-item-excerpt\">Ons land telt ontzettend veel bijzondere sociaal ondernemers, zo blijkt maar weer! De afgelopen maanden&hellip;<\/div>\r\n                <!--<div><span class=\"grid-item-category\">Artikelen<\/span><\/div>-->\r\n            <\/div>\r\n        <\/a>\r\n                <a href=\"https:\/\/social-enterprise.nl\/en\/nieuws\/een-kleurrijk-gesprek-in-de-nieuwe-systeem-op-de-schop\/\" class=\"grid-item-link grid-item\">\r\n            <img loading=\"lazy\" decoding=\"async\" width=\"1920\" height=\"1064\" src=\"https:\/\/social-enterprise.nl\/wp-content\/uploads\/2023\/05\/671683899501_2022-05-09_Visual_aflevering_30-scaled-1.jpg\" class=\"attachment-small size-small wp-post-image\" alt=\"\" srcset=\"https:\/\/social-enterprise.nl\/wp-content\/uploads\/2023\/05\/671683899501_2022-05-09_Visual_aflevering_30-scaled-1.jpg 1920w, https:\/\/social-enterprise.nl\/wp-content\/uploads\/2023\/05\/671683899501_2022-05-09_Visual_aflevering_30-scaled-1-768x426.jpg 768w, https:\/\/social-enterprise.nl\/wp-content\/uploads\/2023\/05\/671683899501_2022-05-09_Visual_aflevering_30-scaled-1-1536x851.jpg 1536w, https:\/\/social-enterprise.nl\/wp-content\/uploads\/2023\/05\/671683899501_2022-05-09_Visual_aflevering_30-scaled-1-18x10.jpg 18w\" sizes=\"auto, (max-width: 1920px) 100vw, 1920px\" \/>            <div class=\"grid-item-content\">\r\n                <h2 class=\"grid-item-title\">Een kleurrijk gesprek in de nieuwe Systeem op de Schop<\/h2>\r\n                <span class=\"grid-item-date\">12 May 2023<\/span>\r\n                <div class=\"grid-item-excerpt\">Ze werkt aan \u2018eerlijke diversiteit\u2019, niet alleen maar meegaan met een trend. Want over diversiteit&hellip;<\/div>\r\n                <!--<div><span class=\"grid-item-category\">Nieuws<\/span><\/div>-->\r\n            <\/div>\r\n        <\/a>\r\n                <a href=\"https:\/\/social-enterprise.nl\/en\/nieuws\/9-lessen-om-mentale-gezondheid-te-bevorderen-op-de-werkvloer\/\" class=\"grid-item-link grid-item\">\r\n            <img loading=\"lazy\" decoding=\"async\" width=\"655\" height=\"500\" src=\"https:\/\/social-enterprise.nl\/wp-content\/uploads\/2024\/08\/661683611085_visual_buiten_9_leerpunten.jpg\" class=\"attachment-small size-small wp-post-image\" alt=\"\" \/>            <div class=\"grid-item-content\">\r\n                <h2 class=\"grid-item-title\">9 lessen om mentale gezondheid te bevorderen op de werkvloer<\/h2>\r\n                <span class=\"grid-item-date\">8 May 2023<\/span>\r\n                <div class=\"grid-item-excerpt\">Afgelopen maart vond de masterclass Mentale Gezondheid plaats. De (9) belangrijkste bevindingen uit deze workshop&hellip;<\/div>\r\n                <!--<div><span class=\"grid-item-category\">Nieuws<\/span><\/div>-->\r\n            <\/div>\r\n        <\/a>\r\n                <a href=\"https:\/\/social-enterprise.nl\/en\/nieuws\/vacancy-junior-communications-officer-influencers-project\/\" class=\"grid-item-link grid-item\">\r\n            <img loading=\"lazy\" decoding=\"async\" width=\"2331\" height=\"2330\" src=\"https:\/\/social-enterprise.nl\/wp-content\/uploads\/2024\/08\/461604933495_influencers_rapport_insta.png\" class=\"attachment-small size-small wp-post-image\" alt=\"\" srcset=\"https:\/\/social-enterprise.nl\/wp-content\/uploads\/2024\/08\/461604933495_influencers_rapport_insta.png 2331w, https:\/\/social-enterprise.nl\/wp-content\/uploads\/2024\/08\/461604933495_influencers_rapport_insta-768x768.png 768w, https:\/\/social-enterprise.nl\/wp-content\/uploads\/2024\/08\/461604933495_influencers_rapport_insta-1536x1536.png 1536w, https:\/\/social-enterprise.nl\/wp-content\/uploads\/2024\/08\/461604933495_influencers_rapport_insta-2048x2048.png 2048w\" sizes=\"auto, (max-width: 2331px) 100vw, 2331px\" \/>            <div class=\"grid-item-content\">\r\n                <h2 class=\"grid-item-title\">Vacancy: Junior Communications Officer Influencers Project<\/h2>\r\n                <span class=\"grid-item-date\">26 April 2023<\/span>\r\n                <div class=\"grid-item-excerpt\">Tasks > Creating content for social media posts for promotion of the online course> Support&hellip;<\/div>\r\n                <!--<div><span class=\"grid-item-category\">Nieuws<\/span><\/div>-->\r\n            <\/div>\r\n        <\/a>\r\n                <a href=\"https:\/\/social-enterprise.nl\/en\/nieuws\/wear-aan-tafel-bij-systeem-op-de-schop\/\" class=\"grid-item-link grid-item\">\r\n            <img loading=\"lazy\" decoding=\"async\" width=\"944\" height=\"523\" src=\"https:\/\/social-enterprise.nl\/wp-content\/uploads\/2024\/08\/401681489575_2023-04-12_Visual_aflevering_29.jpg\" class=\"attachment-small size-small wp-post-image\" alt=\"\" srcset=\"https:\/\/social-enterprise.nl\/wp-content\/uploads\/2024\/08\/401681489575_2023-04-12_Visual_aflevering_29.jpg 944w, https:\/\/social-enterprise.nl\/wp-content\/uploads\/2024\/08\/401681489575_2023-04-12_Visual_aflevering_29-768x425.jpg 768w\" sizes=\"auto, (max-width: 944px) 100vw, 944px\" \/>            <div class=\"grid-item-content\">\r\n                <h2 class=\"grid-item-title\">WEAR aan tafel bij Systeem op de Schop<\/h2>\r\n                <span class=\"grid-item-date\">14 April 2023<\/span>\r\n                <div class=\"grid-item-excerpt\">Met een winkel in de Rotterdamse Koopgoot, een werkplaats om gebruikte schoenen schoon te maken&hellip;<\/div>\r\n                <!--<div><span class=\"grid-item-category\">Nieuws<\/span><\/div>-->\r\n            <\/div>\r\n        <\/a>\r\n                <a href=\"https:\/\/social-enterprise.nl\/en\/nieuws\/vacature-stagiair-community-events\/\" class=\"grid-item-link grid-item\">\r\n            <img loading=\"lazy\" decoding=\"async\" width=\"3599\" height=\"2400\" src=\"https:\/\/social-enterprise.nl\/wp-content\/uploads\/2024\/08\/201636988719_vacaturebeeld.png\" class=\"attachment-small size-small wp-post-image\" alt=\"\" srcset=\"https:\/\/social-enterprise.nl\/wp-content\/uploads\/2024\/08\/201636988719_vacaturebeeld.png 3599w, https:\/\/social-enterprise.nl\/wp-content\/uploads\/2024\/08\/201636988719_vacaturebeeld-768x512.png 768w, https:\/\/social-enterprise.nl\/wp-content\/uploads\/2024\/08\/201636988719_vacaturebeeld-1536x1024.png 1536w, https:\/\/social-enterprise.nl\/wp-content\/uploads\/2024\/08\/201636988719_vacaturebeeld-2048x1366.png 2048w\" sizes=\"auto, (max-width: 3599px) 100vw, 3599px\" \/>            <div class=\"grid-item-content\">\r\n                <h2 class=\"grid-item-title\">Vacature: Stagiair Community &amp; Events<\/h2>\r\n                <span class=\"grid-item-date\">14 April 2023<\/span>\r\n                <div class=\"grid-item-excerpt\">Wat doet&nbsp;Social&nbsp;Enterprise NL?&nbsp; Social&nbsp;Enterprise NL is aanjager van de groeiende beweging van sociaal ondernemers in&hellip;<\/div>\r\n                <!--<div><span class=\"grid-item-category\">Nieuws<\/span><\/div>-->\r\n            <\/div>\r\n        <\/a>\r\n                <a href=\"https:\/\/social-enterprise.nl\/en\/nieuws\/apeldoornse-wethouder-joon-pleit-voor-bestuurlijk-netwerk-brede-welvaart\/\" class=\"grid-item-link grid-item\">\r\n            <img loading=\"lazy\" decoding=\"async\" width=\"655\" height=\"500\" src=\"https:\/\/social-enterprise.nl\/wp-content\/uploads\/2024\/08\/571681374200_buiten.jpg\" class=\"attachment-small size-small wp-post-image\" alt=\"\" \/>            <div class=\"grid-item-content\">\r\n                <h2 class=\"grid-item-title\">Apeldoornse wethouder Joon pleit voor bestuurlijk netwerk brede welvaart<\/h2>\r\n                <span class=\"grid-item-date\">13 April 2023<\/span>\r\n                <div class=\"grid-item-excerpt\">Hij gaf aan dat er al mooie stappen gemaakt worden door gemeenten, en tegelijkertijd ziet&hellip;<\/div>\r\n                <!--<div><span class=\"grid-item-category\">Nieuws<\/span><\/div>-->\r\n            <\/div>\r\n        <\/a>\r\n                <a href=\"https:\/\/social-enterprise.nl\/en\/artikelen\/impressie-negende-editie-overheidscongres\/\" class=\"grid-item-link grid-item\">\r\n            <img loading=\"lazy\" decoding=\"async\" width=\"850\" height=\"477\" src=\"https:\/\/social-enterprise.nl\/wp-content\/uploads\/2024\/09\/6dedb4a9ced88312eb5e5f4bedb951d5-1.jpg\" class=\"attachment-small size-small wp-post-image\" alt=\"\" srcset=\"https:\/\/social-enterprise.nl\/wp-content\/uploads\/2024\/09\/6dedb4a9ced88312eb5e5f4bedb951d5-1.jpg 850w, https:\/\/social-enterprise.nl\/wp-content\/uploads\/2024\/09\/6dedb4a9ced88312eb5e5f4bedb951d5-1-768x431.jpg 768w, https:\/\/social-enterprise.nl\/wp-content\/uploads\/2024\/09\/6dedb4a9ced88312eb5e5f4bedb951d5-1-18x10.jpg 18w\" sizes=\"auto, (max-width: 850px) 100vw, 850px\" \/>            <div class=\"grid-item-content\">\r\n                <h2 class=\"grid-item-title\">Impressie van negende editie Overheidscongres<\/h2>\r\n                <span class=\"grid-item-date\">31 March 2023<\/span>\r\n                <div class=\"grid-item-excerpt\">Gisteren kwamen ruim 180 bezoekers samen op het Social Enterprise Overheidscongres. Samen hadden zij het&hellip;<\/div>\r\n                <!--<div><span class=\"grid-item-category\">Artikelen<\/span><\/div>-->\r\n            <\/div>\r\n        <\/a>\r\n                <a href=\"https:\/\/social-enterprise.nl\/en\/artikelen\/hoe-leden-terugkijken-op-het-rondetafelgesprek-over-textiel\/\" class=\"grid-item-link grid-item\">\r\n            <img loading=\"lazy\" decoding=\"async\" width=\"1920\" height=\"1075\" src=\"https:\/\/social-enterprise.nl\/wp-content\/uploads\/2024\/09\/bebat3.jpg\" class=\"attachment-small size-small wp-post-image\" alt=\"\" srcset=\"https:\/\/social-enterprise.nl\/wp-content\/uploads\/2024\/09\/bebat3.jpg 1920w, https:\/\/social-enterprise.nl\/wp-content\/uploads\/2024\/09\/bebat3-768x430.jpg 768w, https:\/\/social-enterprise.nl\/wp-content\/uploads\/2024\/09\/bebat3-1536x860.jpg 1536w, https:\/\/social-enterprise.nl\/wp-content\/uploads\/2024\/09\/bebat3-18x10.jpg 18w\" sizes=\"auto, (max-width: 1920px) 100vw, 1920px\" \/>            <div class=\"grid-item-content\">\r\n                <h2 class=\"grid-item-title\">Hoe leden terugkijken op het rondetafelgesprek over textiel<\/h2>\r\n                <span class=\"grid-item-date\">17 March 2023<\/span>\r\n                <div class=\"grid-item-excerpt\">Vorige week donderdag vond het rondetafelgesprek over het verduurzamen van de textielindustrie plaats in de&hellip;<\/div>\r\n                <!--<div><span class=\"grid-item-category\">Artikelen<\/span><\/div>-->\r\n            <\/div>\r\n        <\/a>\r\n                <a href=\"https:\/\/social-enterprise.nl\/en\/nieuws\/eerste-podcastaflevering-van-2023-online\/\" class=\"grid-item-link grid-item\">\r\n            <img loading=\"lazy\" decoding=\"async\" width=\"944\" height=\"523\" src=\"https:\/\/social-enterprise.nl\/wp-content\/uploads\/2024\/08\/951678872875_2023-03-13_Visual_aflevering_28.jpg\" class=\"attachment-small size-small wp-post-image\" alt=\"\" srcset=\"https:\/\/social-enterprise.nl\/wp-content\/uploads\/2024\/08\/951678872875_2023-03-13_Visual_aflevering_28.jpg 944w, https:\/\/social-enterprise.nl\/wp-content\/uploads\/2024\/08\/951678872875_2023-03-13_Visual_aflevering_28-768x425.jpg 768w\" sizes=\"auto, (max-width: 944px) 100vw, 944px\" \/>            <div class=\"grid-item-content\">\r\n                <h2 class=\"grid-item-title\">De eerste podcastaflevering van 2023 is online!<\/h2>\r\n                <span class=\"grid-item-date\">15 March 2023<\/span>\r\n                <div class=\"grid-item-excerpt\">Na zijn loopbaan bij Triodos Bank begon Rapha\u00ebl met Untapped Talents: een sociale onderneming die&hellip;<\/div>\r\n                <!--<div><span class=\"grid-item-category\">Nieuws<\/span><\/div>-->\r\n            <\/div>\r\n        <\/a>\r\n                <a href=\"https:\/\/social-enterprise.nl\/en\/nieuws\/top-100-vrouwelijke-sociaal-ondernemers-bekendgemaakt\/\" class=\"grid-item-link grid-item\">\r\n            <img loading=\"lazy\" decoding=\"async\" width=\"655\" height=\"500\" src=\"https:\/\/social-enterprise.nl\/wp-content\/uploads\/2024\/08\/381678356787_top_100_vrouwen_buiten.jpg\" class=\"attachment-small size-small wp-post-image\" alt=\"\" \/>            <div class=\"grid-item-content\">\r\n                <h2 class=\"grid-item-title\">Top 100 vrouwelijke sociaal ondernemers bekendgemaakt<\/h2>\r\n                <span class=\"grid-item-date\">9 March 2023<\/span>\r\n                <div class=\"grid-item-excerpt\">Dit jaar staan er negen vrouwelijke ondernemers uit Nederland op deze lijst. Zo gaat het&hellip;<\/div>\r\n                <!--<div><span class=\"grid-item-category\">Nieuws<\/span><\/div>-->\r\n            <\/div>\r\n        <\/a>\r\n                <a href=\"https:\/\/social-enterprise.nl\/en\/nieuws\/ook-veel-leden-vragen-om-wetgevingnu\/\" class=\"grid-item-link grid-item\">\r\n            <img loading=\"lazy\" decoding=\"async\" width=\"655\" height=\"500\" src=\"https:\/\/social-enterprise.nl\/wp-content\/uploads\/2024\/08\/221677674407_buiten.jpg\" class=\"attachment-small size-small wp-post-image\" alt=\"\" \/>            <div class=\"grid-item-content\">\r\n                <h2 class=\"grid-item-title\">Ook veel leden vragen om #WetgevingNU<\/h2>\r\n                <span class=\"grid-item-date\">1 March 2023<\/span>\r\n                <div class=\"grid-item-excerpt\">Het kabinet liet eerder al weten aan de initiatiefnemers van de initiatiefwet &#8216;Verantwoord en duurzaam&hellip;<\/div>\r\n                <!--<div><span class=\"grid-item-category\">Nieuws<\/span><\/div>-->\r\n            <\/div>\r\n        <\/a>\r\n                <a href=\"https:\/\/social-enterprise.nl\/en\/nieuws\/in-apeldoorn-is-het-uitgangspunt-de-brede-welvaart\/\" class=\"grid-item-link grid-item\">\r\n            <img loading=\"lazy\" decoding=\"async\" width=\"655\" height=\"500\" src=\"https:\/\/social-enterprise.nl\/wp-content\/uploads\/2024\/08\/781677138894_buiten_jeroen_joon.jpg\" class=\"attachment-small size-small wp-post-image\" alt=\"\" \/>            <div class=\"grid-item-content\">\r\n                <h2 class=\"grid-item-title\">In Apeldoorn is het uitgangspunt de brede welvaart<\/h2>\r\n                <span class=\"grid-item-date\">23 February 2023<\/span>\r\n                <div class=\"grid-item-excerpt\">U bent een van de weinige wethouders in Nederland met de portefeuille met brede welvaart.&hellip;<\/div>\r\n                <!--<div><span class=\"grid-item-category\">Nieuws<\/span><\/div>-->\r\n            <\/div>\r\n        <\/a>\r\n                <a href=\"https:\/\/social-enterprise.nl\/en\/nieuws\/van-der-graaf-vraagt-opnieuw-aandacht-voor-bvm\/\" class=\"grid-item-link grid-item\">\r\n                        <div class=\"grid-item-content\">\r\n                <h2 class=\"grid-item-title\">Van der Graaf vraagt opnieuw aandacht voor BVm<\/h2>\r\n                <span class=\"grid-item-date\">16 February 2023<\/span>\r\n                <div class=\"grid-item-excerpt\">Stieneke van der Graaf vraagt opnieuw naar de stand van zaken rond de BVm aan&hellip;<\/div>\r\n                <!--<div><span class=\"grid-item-category\">Nieuws<\/span><\/div>-->\r\n            <\/div>\r\n        <\/a>\r\n                <a href=\"https:\/\/social-enterprise.nl\/en\/nieuws\/geslaagd-werkbezoek-van-drie-ministeries-bij-sociaal-ondernemers\/\" class=\"grid-item-link grid-item\">\r\n            <img loading=\"lazy\" decoding=\"async\" width=\"655\" height=\"500\" src=\"https:\/\/social-enterprise.nl\/wp-content\/uploads\/2024\/08\/641676995048_buiten_werkbezoek_ministeries.jpg\" class=\"attachment-small size-small wp-post-image\" alt=\"\" \/>            <div class=\"grid-item-content\">\r\n                <h2 class=\"grid-item-title\">Geslaagd werkbezoek van drie ministeries bij sociaal ondernemers<\/h2>\r\n                <span class=\"grid-item-date\">15 February 2023<\/span>\r\n                <div class=\"grid-item-excerpt\">Aanleiding van het werkbezoek is de City Deal Impact Ondernemen waar de ministeries onderdeel van&hellip;<\/div>\r\n                <!--<div><span class=\"grid-item-category\">Nieuws<\/span><\/div>-->\r\n            <\/div>\r\n        <\/a>\r\n                <a href=\"https:\/\/social-enterprise.nl\/en\/nieuws\/jaaroverzicht-2022\/\" class=\"grid-item-link grid-item\">\r\n            <img loading=\"lazy\" decoding=\"async\" width=\"655\" height=\"500\" src=\"https:\/\/social-enterprise.nl\/wp-content\/uploads\/2024\/08\/351675262952_outside.jpg\" class=\"attachment-small size-small wp-post-image\" alt=\"\" \/>            <div class=\"grid-item-content\">\r\n                <h2 class=\"grid-item-title\">Wat deed Social Enterprise NL in 2022?<\/h2>\r\n                <span class=\"grid-item-date\">1 February 2023<\/span>\r\n                <div class=\"grid-item-excerpt\">Afgelopen jaar zorgden we ervoor dat het Social Enterprise World Forum naar Nederland komt, maakte&hellip;<\/div>\r\n                <!--<div><span class=\"grid-item-category\">Nieuws<\/span><\/div>-->\r\n            <\/div>\r\n        <\/a>\r\n                <a href=\"https:\/\/social-enterprise.nl\/en\/nieuws\/social-enterprise-world-forum\/\" class=\"grid-item-link grid-item\">\r\n            <img loading=\"lazy\" decoding=\"async\" width=\"2000\" height=\"2000\" src=\"https:\/\/social-enterprise.nl\/wp-content\/uploads\/2024\/08\/591674731811_Promotie_SEWF.png\" class=\"attachment-small size-small wp-post-image\" alt=\"\" srcset=\"https:\/\/social-enterprise.nl\/wp-content\/uploads\/2024\/08\/591674731811_Promotie_SEWF.png 2000w, https:\/\/social-enterprise.nl\/wp-content\/uploads\/2024\/08\/591674731811_Promotie_SEWF-768x768.png 768w, https:\/\/social-enterprise.nl\/wp-content\/uploads\/2024\/08\/591674731811_Promotie_SEWF-1536x1536.png 1536w\" sizes=\"auto, (max-width: 2000px) 100vw, 2000px\" \/>            <div class=\"grid-item-content\">\r\n                <h2 class=\"grid-item-title\">Social Enterprise World Forum<\/h2>\r\n                <span class=\"grid-item-date\">26 January 2023<\/span>\r\n                <div class=\"grid-item-excerpt\">Here\u2019s a line-up of events and\u00a0#socent\u00a0opportunities filled with incredible inspiration, learning and networking with thousands&hellip;<\/div>\r\n                <!--<div><span class=\"grid-item-category\">Nieuws<\/span><\/div>-->\r\n            <\/div>\r\n        <\/a>\r\n                <a href=\"https:\/\/social-enterprise.nl\/en\/artikelen\/maak-je-impact-zichtbaar\/\" class=\"grid-item-link grid-item\">\r\n            <img loading=\"lazy\" decoding=\"async\" width=\"850\" height=\"477\" src=\"https:\/\/social-enterprise.nl\/wp-content\/uploads\/2024\/09\/mevrouw.jpg\" class=\"attachment-small size-small wp-post-image\" alt=\"\" srcset=\"https:\/\/social-enterprise.nl\/wp-content\/uploads\/2024\/09\/mevrouw.jpg 850w, https:\/\/social-enterprise.nl\/wp-content\/uploads\/2024\/09\/mevrouw-768x431.jpg 768w, https:\/\/social-enterprise.nl\/wp-content\/uploads\/2024\/09\/mevrouw-18x10.jpg 18w\" sizes=\"auto, (max-width: 850px) 100vw, 850px\" \/>            <div class=\"grid-item-content\">\r\n                <h2 class=\"grid-item-title\">Gastblog: Maak je impact zichtbaar!<\/h2>\r\n                <span class=\"grid-item-date\">20 December 2022<\/span>\r\n                <div class=\"grid-item-excerpt\">In dit gastblog vertelt Greetje van Minnen hoe je veel kan leren van de impact&hellip;<\/div>\r\n                <!--<div><span class=\"grid-item-category\">Artikelen<\/span><\/div>-->\r\n            <\/div>\r\n        <\/a>\r\n                <a href=\"https:\/\/social-enterprise.nl\/en\/artikelen\/trainingstraject-omgaan-met-de-gemeente-2022-succesvol-afgesloten\/\" class=\"grid-item-link grid-item\">\r\n            <img loading=\"lazy\" decoding=\"async\" width=\"667\" height=\"500\" src=\"https:\/\/social-enterprise.nl\/wp-content\/uploads\/2024\/09\/groep_mensen.jpg\" class=\"attachment-small size-small wp-post-image\" alt=\"\" srcset=\"https:\/\/social-enterprise.nl\/wp-content\/uploads\/2024\/09\/groep_mensen.jpg 667w, https:\/\/social-enterprise.nl\/wp-content\/uploads\/2024\/09\/groep_mensen-16x12.jpg 16w\" sizes=\"auto, (max-width: 667px) 100vw, 667px\" \/>            <div class=\"grid-item-content\">\r\n                <h2 class=\"grid-item-title\">Trainingstraject Omgaan met de Gemeente 2022 succesvol afgesloten<\/h2>\r\n                <span class=\"grid-item-date\">20 December 2022<\/span>\r\n                <div class=\"grid-item-excerpt\">Zes sociaal ondernemers hebben het trainingstraject Omgaan met de Gemeente succesvol afgerond. In het trainingstraject&hellip;<\/div>\r\n                <!--<div><span class=\"grid-item-category\">Artikelen<\/span><\/div>-->\r\n            <\/div>\r\n        <\/a>\r\n                <a href=\"https:\/\/social-enterprise.nl\/en\/nieuws\/nieuwe-podcast-met-yoni-nu-online\/\" class=\"grid-item-link grid-item\">\r\n            <img loading=\"lazy\" decoding=\"async\" width=\"1967\" height=\"1090\" src=\"https:\/\/social-enterprise.nl\/wp-content\/uploads\/2024\/08\/361671435874_2022-12-16_Visual_aflevering_27.jpg\" class=\"attachment-small size-small wp-post-image\" alt=\"\" srcset=\"https:\/\/social-enterprise.nl\/wp-content\/uploads\/2024\/08\/361671435874_2022-12-16_Visual_aflevering_27.jpg 1967w, https:\/\/social-enterprise.nl\/wp-content\/uploads\/2024\/08\/361671435874_2022-12-16_Visual_aflevering_27-768x426.jpg 768w, https:\/\/social-enterprise.nl\/wp-content\/uploads\/2024\/08\/361671435874_2022-12-16_Visual_aflevering_27-1536x851.jpg 1536w\" sizes=\"auto, (max-width: 1967px) 100vw, 1967px\" \/>            <div class=\"grid-item-content\">\r\n                <h2 class=\"grid-item-title\">Nieuwe podcast met Yoni nu online<\/h2>\r\n                <span class=\"grid-item-date\">19 December 2022<\/span>\r\n                <div class=\"grid-item-excerpt\">Yoni wil het taboe rondom menstruatie doorbreken en voegt tegelijkertijd meer duurzame opties toe aan&hellip;<\/div>\r\n                <!--<div><span class=\"grid-item-category\">Nieuws<\/span><\/div>-->\r\n            <\/div>\r\n        <\/a>\r\n                <a href=\"https:\/\/social-enterprise.nl\/en\/artikelen\/nieuwe-leden-blog\/\" class=\"grid-item-link grid-item\">\r\n            <img loading=\"lazy\" decoding=\"async\" width=\"850\" height=\"477\" src=\"https:\/\/social-enterprise.nl\/wp-content\/uploads\/2024\/09\/merken2.jpg\" class=\"attachment-small size-small wp-post-image\" alt=\"\" srcset=\"https:\/\/social-enterprise.nl\/wp-content\/uploads\/2024\/09\/merken2.jpg 850w, https:\/\/social-enterprise.nl\/wp-content\/uploads\/2024\/09\/merken2-768x431.jpg 768w, https:\/\/social-enterprise.nl\/wp-content\/uploads\/2024\/09\/merken2-18x10.jpg 18w\" sizes=\"auto, (max-width: 850px) 100vw, 850px\" \/>            <div class=\"grid-item-content\">\r\n                <h2 class=\"grid-item-title\">Nieuwe leden blog<\/h2>\r\n                <span class=\"grid-item-date\">14 December 2022<\/span>\r\n                <div class=\"grid-item-excerpt\">Ook in de maanden november en december hebben we in ons netwerk weer een heleboel&hellip;<\/div>\r\n                <!--<div><span class=\"grid-item-category\">Artikelen<\/span><\/div>-->\r\n            <\/div>\r\n        <\/a>\r\n                <a href=\"https:\/\/social-enterprise.nl\/en\/nieuws\/nieuwe-podcast-met-cinetree\/\" class=\"grid-item-link grid-item\">\r\n            <img loading=\"lazy\" decoding=\"async\" width=\"944\" height=\"523\" src=\"https:\/\/social-enterprise.nl\/wp-content\/uploads\/2024\/08\/401670242952_2022-12-02_Visual_aflevering_26.jpg\" class=\"attachment-small size-small wp-post-image\" alt=\"\" srcset=\"https:\/\/social-enterprise.nl\/wp-content\/uploads\/2024\/08\/401670242952_2022-12-02_Visual_aflevering_26.jpg 944w, https:\/\/social-enterprise.nl\/wp-content\/uploads\/2024\/08\/401670242952_2022-12-02_Visual_aflevering_26-768x425.jpg 768w\" sizes=\"auto, (max-width: 944px) 100vw, 944px\" \/>            <div class=\"grid-item-content\">\r\n                <h2 class=\"grid-item-title\">Nieuwe podcast Systeem op de Schop met Cinetree<\/h2>\r\n                <span class=\"grid-item-date\">5 December 2022<\/span>\r\n                <div class=\"grid-item-excerpt\">Hanna richtte eind 2014 Cinetree op vanuit haar geloof in de kracht van goede verhalen.&hellip;<\/div>\r\n                <!--<div><span class=\"grid-item-category\">Nieuws<\/span><\/div>-->\r\n            <\/div>\r\n        <\/a>\r\n                <a href=\"https:\/\/social-enterprise.nl\/en\/nieuws\/sociaal-ondernemerschap-goed-aanwezig-coalitieakkoorden-2022-2026\/\" class=\"grid-item-link grid-item\">\r\n            <img loading=\"lazy\" decoding=\"async\" width=\"850\" height=\"471\" src=\"https:\/\/social-enterprise.nl\/wp-content\/uploads\/2024\/08\/271670513999_frontje2.jpg\" class=\"attachment-small size-small wp-post-image\" alt=\"\" srcset=\"https:\/\/social-enterprise.nl\/wp-content\/uploads\/2024\/08\/271670513999_frontje2.jpg 850w, https:\/\/social-enterprise.nl\/wp-content\/uploads\/2024\/08\/271670513999_frontje2-768x426.jpg 768w\" sizes=\"auto, (max-width: 850px) 100vw, 850px\" \/>            <div class=\"grid-item-content\">\r\n                <h2 class=\"grid-item-title\">Komt sociaal ondernemerschap voor in gemeentelijke coalitieakkoorden?<\/h2>\r\n                <span class=\"grid-item-date\">30 November 2022<\/span>\r\n                <div class=\"grid-item-excerpt\">De afgelopen periode heeft Social Enterprise NL de tijd genomen om alle coalitieakkoorden van de&hellip;<\/div>\r\n                <!--<div><span class=\"grid-item-category\">Nieuws<\/span><\/div>-->\r\n            <\/div>\r\n        <\/a>\r\n                <a href=\"https:\/\/social-enterprise.nl\/en\/nieuws\/tweede-trainingsdag-van-expeditie-impact\/\" class=\"grid-item-link grid-item\">\r\n            <img loading=\"lazy\" decoding=\"async\" width=\"655\" height=\"500\" src=\"https:\/\/social-enterprise.nl\/wp-content\/uploads\/2024\/08\/661669632067_frontje.jpg\" class=\"attachment-small size-small wp-post-image\" alt=\"\" \/>            <div class=\"grid-item-content\">\r\n                <h2 class=\"grid-item-title\">Tweede trainingsdag van Expeditie Impact<\/h2>\r\n                <span class=\"grid-item-date\">28 November 2022<\/span>\r\n                <div class=\"grid-item-excerpt\">De ondernemingen hebben op deze tweede dag alweer grote stappen gezet om het impact meten&hellip;<\/div>\r\n                <!--<div><span class=\"grid-item-category\">Nieuws<\/span><\/div>-->\r\n            <\/div>\r\n        <\/a>\r\n                <a href=\"https:\/\/social-enterprise.nl\/en\/artikelen\/nieuwe-aanwinsten-het-netwerk\/\" class=\"grid-item-link grid-item\">\r\n            <img loading=\"lazy\" decoding=\"async\" width=\"850\" height=\"477\" src=\"https:\/\/social-enterprise.nl\/wp-content\/uploads\/2024\/09\/merken.jpg\" class=\"attachment-small size-small wp-post-image\" alt=\"\" srcset=\"https:\/\/social-enterprise.nl\/wp-content\/uploads\/2024\/09\/merken.jpg 850w, https:\/\/social-enterprise.nl\/wp-content\/uploads\/2024\/09\/merken-768x431.jpg 768w, https:\/\/social-enterprise.nl\/wp-content\/uploads\/2024\/09\/merken-18x10.jpg 18w\" sizes=\"auto, (max-width: 850px) 100vw, 850px\" \/>            <div class=\"grid-item-content\">\r\n                <h2 class=\"grid-item-title\">Nieuwe aanwinsten in het netwerk<\/h2>\r\n                <span class=\"grid-item-date\">16 November 2022<\/span>\r\n                <div class=\"grid-item-excerpt\">Ons netwerk aan mooie sociaal ondernemingen staat niet stil, maar groeit door. Zo hebben we&hellip;<\/div>\r\n                <!--<div><span class=\"grid-item-category\">Artikelen<\/span><\/div>-->\r\n            <\/div>\r\n        <\/a>\r\n                <a href=\"https:\/\/social-enterprise.nl\/en\/nieuws\/vijf-bevindingen-uit-nieuwe-esem\/\" class=\"grid-item-link grid-item\">\r\n            <img loading=\"lazy\" decoding=\"async\" width=\"655\" height=\"500\" src=\"https:\/\/social-enterprise.nl\/wp-content\/uploads\/2024\/08\/311668523497_esem_out_artikel.jpg\" class=\"attachment-small size-small wp-post-image\" alt=\"\" \/>            <div class=\"grid-item-content\">\r\n                <h2 class=\"grid-item-title\">Vijf bevindingen uit de nieuwe European Social Enterprise Monitor<\/h2>\r\n                <span class=\"grid-item-date\">15 November 2022<\/span>\r\n                <div class=\"grid-item-excerpt\">In het rapport valt te lezen dat de social enterprise sector in Europa groeit. Tussen&hellip;<\/div>\r\n                <!--<div><span class=\"grid-item-category\">Nieuws<\/span><\/div>-->\r\n            <\/div>\r\n        <\/a>\r\n                <a href=\"https:\/\/social-enterprise.nl\/en\/nieuws\/kamerlid-hagen-d66-stelt-vragen-tijdens-circulaire-economie-debat\/\" class=\"grid-item-link grid-item\">\r\n            <img loading=\"lazy\" decoding=\"async\" width=\"655\" height=\"500\" src=\"https:\/\/social-enterprise.nl\/wp-content\/uploads\/2024\/08\/921668182907_thumbnail_kiki.jpg\" class=\"attachment-small size-small wp-post-image\" alt=\"\" \/>            <div class=\"grid-item-content\">\r\n                <h2 class=\"grid-item-title\">Kamerlid Hagen (D66) stelt vragen tijdens Circulaire Economie debat<\/h2>\r\n                <span class=\"grid-item-date\">11 November 2022<\/span>\r\n                <div class=\"grid-item-excerpt\">In gesprek over UPV en NPCE Kiki opent met haar eerste vragen aan de staatssecretaris&hellip;<\/div>\r\n                <!--<div><span class=\"grid-item-category\">Nieuws<\/span><\/div>-->\r\n            <\/div>\r\n        <\/a>\r\n                <a href=\"https:\/\/social-enterprise.nl\/en\/artikelen\/5-acties-als-ambtenaar\/\" class=\"grid-item-link grid-item\">\r\n            <img loading=\"lazy\" decoding=\"async\" width=\"850\" height=\"471\" src=\"https:\/\/social-enterprise.nl\/wp-content\/uploads\/2024\/09\/puzzelstuk.jpg\" class=\"attachment-small size-small wp-post-image\" alt=\"\" srcset=\"https:\/\/social-enterprise.nl\/wp-content\/uploads\/2024\/09\/puzzelstuk.jpg 850w, https:\/\/social-enterprise.nl\/wp-content\/uploads\/2024\/09\/puzzelstuk-768x426.jpg 768w, https:\/\/social-enterprise.nl\/wp-content\/uploads\/2024\/09\/puzzelstuk-18x10.jpg 18w\" sizes=\"auto, (max-width: 850px) 100vw, 850px\" \/>            <div class=\"grid-item-content\">\r\n                <h2 class=\"grid-item-title\">Deze vijf acties kun je meteen doen om meer impact te maken als ambtenaar<\/h2>\r\n                <span class=\"grid-item-date\">25 October 2022<\/span>\r\n                <div class=\"grid-item-excerpt\">Veel ambtenaren willen maatschappelijk van betekenis zijn. En dat kan natuurlijk op vele manieren. Bijvoorbeeld&hellip;<\/div>\r\n                <!--<div><span class=\"grid-item-category\">Artikelen<\/span><\/div>-->\r\n            <\/div>\r\n        <\/a>\r\n                <a href=\"https:\/\/social-enterprise.nl\/en\/nieuws\/aftrap-najaarseditie-expeditie-impact-2022\/\" class=\"grid-item-link grid-item\">\r\n            <img loading=\"lazy\" decoding=\"async\" width=\"667\" height=\"500\" src=\"https:\/\/social-enterprise.nl\/wp-content\/uploads\/2024\/08\/391667291034_0a4df5351cf75bd60334d26312f49d54.jpg\" class=\"attachment-small size-small wp-post-image\" alt=\"\" \/>            <div class=\"grid-item-content\">\r\n                <h2 class=\"grid-item-title\">Aftrap najaarseditie Expeditie Impact 2022<\/h2>\r\n                <span class=\"grid-item-date\">18 October 2022<\/span>\r\n                <div class=\"grid-item-excerpt\">Een nieuwe groep enthousiaste deelnemers stond op 11 oktober klaar voor de start. Klaar voor&hellip;<\/div>\r\n                <!--<div><span class=\"grid-item-category\">Nieuws<\/span><\/div>-->\r\n            <\/div>\r\n        <\/a>\r\n                <a href=\"https:\/\/social-enterprise.nl\/en\/nieuws\/toonaangevende-partijen-slaan-de-handen-ineen-om-toegang-tot-vastgoed-voor-bewonersbedrijven-te-verbeteren\/\" class=\"grid-item-link grid-item\">\r\n            <img loading=\"lazy\" decoding=\"async\" width=\"667\" height=\"500\" src=\"https:\/\/social-enterprise.nl\/wp-content\/uploads\/2022\/09\/5624d51f14dc14d1790e7e1511a703dd.jpg\" class=\"attachment-small size-small wp-post-image\" alt=\"\" srcset=\"https:\/\/social-enterprise.nl\/wp-content\/uploads\/2022\/09\/5624d51f14dc14d1790e7e1511a703dd.jpg 667w, https:\/\/social-enterprise.nl\/wp-content\/uploads\/2022\/09\/5624d51f14dc14d1790e7e1511a703dd-16x12.jpg 16w\" sizes=\"auto, (max-width: 667px) 100vw, 667px\" \/>            <div class=\"grid-item-content\">\r\n                <h2 class=\"grid-item-title\">Toonaangevende partijen slaan de handen ineen om toegang tot vastgoed voor bewonersbedrijven te verbeteren<\/h2>\r\n                <span class=\"grid-item-date\">22 September 2022<\/span>\r\n                <div class=\"grid-item-excerpt\">Nieuwe entiteit die verhuurt en aankoopt De tien partijen verbinden zich nu aan de ambitie&hellip;<\/div>\r\n                <!--<div><span class=\"grid-item-category\">Nieuws<\/span><\/div>-->\r\n            <\/div>\r\n        <\/a>\r\n                <a href=\"https:\/\/social-enterprise.nl\/en\/nieuws\/luister-nu-naar-systeem-op-de-schop-met-social-capital\/\" class=\"grid-item-link grid-item\">\r\n            <img loading=\"lazy\" decoding=\"async\" width=\"944\" height=\"523\" src=\"https:\/\/social-enterprise.nl\/wp-content\/uploads\/2024\/08\/641663613328_index.jpg\" class=\"attachment-small size-small wp-post-image\" alt=\"\" srcset=\"https:\/\/social-enterprise.nl\/wp-content\/uploads\/2024\/08\/641663613328_index.jpg 944w, https:\/\/social-enterprise.nl\/wp-content\/uploads\/2024\/08\/641663613328_index-768x425.jpg 768w\" sizes=\"auto, (max-width: 944px) 100vw, 944px\" \/>            <div class=\"grid-item-content\">\r\n                <h2 class=\"grid-item-title\">Luister nu naar Systeem op de Schop met Social Capital<\/h2>\r\n                <span class=\"grid-item-date\">19 September 2022<\/span>\r\n                <div class=\"grid-item-excerpt\">Social Capital is ontstaan vanuit een gedeelde visie van Heineken Nederland en twee elkaar aanvullende&hellip;<\/div>\r\n                <!--<div><span class=\"grid-item-category\">Nieuws<\/span><\/div>-->\r\n            <\/div>\r\n        <\/a>\r\n                <a href=\"https:\/\/social-enterprise.nl\/en\/nieuws\/afsluitend-evenement-expeditie-impact\/\" class=\"grid-item-link grid-item\">\r\n            <img loading=\"lazy\" decoding=\"async\" width=\"826\" height=\"550\" src=\"https:\/\/social-enterprise.nl\/wp-content\/uploads\/2024\/08\/941663166677_2022-09-14_Visual_artikel_Expeditie_Impact_afsluiting.jpg\" class=\"attachment-small size-small wp-post-image\" alt=\"\" srcset=\"https:\/\/social-enterprise.nl\/wp-content\/uploads\/2024\/08\/941663166677_2022-09-14_Visual_artikel_Expeditie_Impact_afsluiting.jpg 826w, https:\/\/social-enterprise.nl\/wp-content\/uploads\/2024\/08\/941663166677_2022-09-14_Visual_artikel_Expeditie_Impact_afsluiting-768x511.jpg 768w\" sizes=\"auto, (max-width: 826px) 100vw, 826px\" \/>            <div class=\"grid-item-content\">\r\n                <h2 class=\"grid-item-title\">Afsluitend evenement Expeditie Impact<\/h2>\r\n                <span class=\"grid-item-date\">14 September 2022<\/span>\r\n                <div class=\"grid-item-excerpt\">Tijdens deze afsluiting presenteerden huidige deelnemers Soci-com, HiWork, InnAut, BliXem, Mixblik en Rataplan hun resultaten&hellip;<\/div>\r\n                <!--<div><span class=\"grid-item-category\">Nieuws<\/span><\/div>-->\r\n            <\/div>\r\n        <\/a>\r\n                <a href=\"https:\/\/social-enterprise.nl\/en\/nieuws\/werkbezoek-minister-adriaansens-en-stieneke-van-der-graaf\/\" class=\"grid-item-link grid-item\">\r\n            <img loading=\"lazy\" decoding=\"async\" width=\"1080\" height=\"1080\" src=\"https:\/\/social-enterprise.nl\/wp-content\/uploads\/2024\/08\/361663052398_2022-09-13_WerkbezoekMinisterAdriaansens.jpg\" class=\"attachment-small size-small wp-post-image\" alt=\"\" srcset=\"https:\/\/social-enterprise.nl\/wp-content\/uploads\/2024\/08\/361663052398_2022-09-13_WerkbezoekMinisterAdriaansens.jpg 1080w, https:\/\/social-enterprise.nl\/wp-content\/uploads\/2024\/08\/361663052398_2022-09-13_WerkbezoekMinisterAdriaansens-768x768.jpg 768w\" sizes=\"auto, (max-width: 1080px) 100vw, 1080px\" \/>            <div class=\"grid-item-content\">\r\n                <h2 class=\"grid-item-title\">Werkbezoek minister Adriaansens en Stieneke van der Graaf<\/h2>\r\n                <span class=\"grid-item-date\">26 August 2022<\/span>\r\n                <div class=\"grid-item-excerpt\">Op 18 augustus brachten Micky Adriaansens (Minister van Economische Zaken en Klimaat) en Stieneke van&hellip;<\/div>\r\n                <!--<div><span class=\"grid-item-category\">Nieuws<\/span><\/div>-->\r\n            <\/div>\r\n        <\/a>\r\n                <a href=\"https:\/\/social-enterprise.nl\/en\/nieuws\/tweejarige-verlenging-partnership-abn-amro\/\" class=\"grid-item-link grid-item\">\r\n            <img loading=\"lazy\" decoding=\"async\" width=\"826\" height=\"550\" src=\"https:\/\/social-enterprise.nl\/wp-content\/uploads\/2024\/08\/291661334027_2022-08-24_VisualTweejarigeVerlengingABNAMRO_v01.jpg\" class=\"attachment-small size-small wp-post-image\" alt=\"\" srcset=\"https:\/\/social-enterprise.nl\/wp-content\/uploads\/2024\/08\/291661334027_2022-08-24_VisualTweejarigeVerlengingABNAMRO_v01.jpg 826w, https:\/\/social-enterprise.nl\/wp-content\/uploads\/2024\/08\/291661334027_2022-08-24_VisualTweejarigeVerlengingABNAMRO_v01-768x511.jpg 768w\" sizes=\"auto, (max-width: 826px) 100vw, 826px\" \/>            <div class=\"grid-item-content\">\r\n                <h2 class=\"grid-item-title\">Tweejarige verlenging partnership ABN AMRO<\/h2>\r\n                <span class=\"grid-item-date\">24 August 2022<\/span>\r\n                <div class=\"grid-item-excerpt\">Een logisch en belangrijk partnership voor ABN AMRO, aldus Robert Swaak: &#8220;Sociaal ondernemers combineren een&hellip;<\/div>\r\n                <!--<div><span class=\"grid-item-category\">Nieuws<\/span><\/div>-->\r\n            <\/div>\r\n        <\/a>\r\n                <a href=\"https:\/\/social-enterprise.nl\/en\/nieuws\/luister-nu-naar-systeem-op-de-schop-met-freshtable\/\" class=\"grid-item-link grid-item\">\r\n            <img loading=\"lazy\" decoding=\"async\" width=\"1200\" height=\"627\" src=\"https:\/\/social-enterprise.nl\/wp-content\/uploads\/2024\/08\/531660121419_SODS_visual_24.png\" class=\"attachment-small size-small wp-post-image\" alt=\"\" srcset=\"https:\/\/social-enterprise.nl\/wp-content\/uploads\/2024\/08\/531660121419_SODS_visual_24.png 1200w, https:\/\/social-enterprise.nl\/wp-content\/uploads\/2024\/08\/531660121419_SODS_visual_24-768x401.png 768w\" sizes=\"auto, (max-width: 1200px) 100vw, 1200px\" \/>            <div class=\"grid-item-content\">\r\n                <h2 class=\"grid-item-title\">Luister nu naar Systeem op de Schop met Freshtable<\/h2>\r\n                <span class=\"grid-item-date\">10 August 2022<\/span>\r\n                <div class=\"grid-item-excerpt\">Yasmina Khababi van bezorgservice en sociale onderneming Freshtable gaat rond de tafel met Stefan Panhuijsen&hellip;<\/div>\r\n                <!--<div><span class=\"grid-item-category\">Nieuws<\/span><\/div>-->\r\n            <\/div>\r\n        <\/a>\r\n                <a href=\"https:\/\/social-enterprise.nl\/en\/nieuws\/bijeenkomst-de-ondernemer-als-lobbyist\/\" class=\"grid-item-link grid-item\">\r\n            <img loading=\"lazy\" decoding=\"async\" width=\"1920\" height=\"1826\" src=\"https:\/\/social-enterprise.nl\/wp-content\/uploads\/2022\/07\/321657098860_Lobbyavond-scaled-1.jpg\" class=\"attachment-small size-small wp-post-image\" alt=\"\" srcset=\"https:\/\/social-enterprise.nl\/wp-content\/uploads\/2022\/07\/321657098860_Lobbyavond-scaled-1.jpg 1920w, https:\/\/social-enterprise.nl\/wp-content\/uploads\/2022\/07\/321657098860_Lobbyavond-scaled-1-768x730.jpg 768w, https:\/\/social-enterprise.nl\/wp-content\/uploads\/2022\/07\/321657098860_Lobbyavond-scaled-1-1536x1461.jpg 1536w, https:\/\/social-enterprise.nl\/wp-content\/uploads\/2022\/07\/321657098860_Lobbyavond-scaled-1-13x12.jpg 13w\" sizes=\"auto, (max-width: 1920px) 100vw, 1920px\" \/>            <div class=\"grid-item-content\">\r\n                <h2 class=\"grid-item-title\">Bijeenkomst: De ondernemer als lobbyist<\/h2>\r\n                <span class=\"grid-item-date\">6 July 2022<\/span>\r\n                <div class=\"grid-item-excerpt\">Charlotte van Wezel nam ons mee in de nut en noodzaak van lobby voor sociaal&hellip;<\/div>\r\n                <!--<div><span class=\"grid-item-category\">Nieuws<\/span><\/div>-->\r\n            <\/div>\r\n        <\/a>\r\n                <a href=\"https:\/\/social-enterprise.nl\/en\/nieuws\/seepje-grote-winnaar-eerste-editie-de-social-enterprizes\/\" class=\"grid-item-link grid-item\">\r\n            <img loading=\"lazy\" decoding=\"async\" width=\"1920\" height=\"1280\" src=\"https:\/\/social-enterprise.nl\/wp-content\/uploads\/2022\/07\/101656941263_220630-Event_Soesterberg_SENL_RT-130_groot-scaled-1.jpg\" class=\"attachment-small size-small wp-post-image\" alt=\"\" srcset=\"https:\/\/social-enterprise.nl\/wp-content\/uploads\/2022\/07\/101656941263_220630-Event_Soesterberg_SENL_RT-130_groot-scaled-1.jpg 1920w, https:\/\/social-enterprise.nl\/wp-content\/uploads\/2022\/07\/101656941263_220630-Event_Soesterberg_SENL_RT-130_groot-scaled-1-768x512.jpg 768w, https:\/\/social-enterprise.nl\/wp-content\/uploads\/2022\/07\/101656941263_220630-Event_Soesterberg_SENL_RT-130_groot-scaled-1-1536x1024.jpg 1536w, https:\/\/social-enterprise.nl\/wp-content\/uploads\/2022\/07\/101656941263_220630-Event_Soesterberg_SENL_RT-130_groot-scaled-1-18x12.jpg 18w\" sizes=\"auto, (max-width: 1920px) 100vw, 1920px\" \/>            <div class=\"grid-item-content\">\r\n                <h2 class=\"grid-item-title\">Seepje grote winnaar eerste editie De Social EnterPrizes<\/h2>\r\n                <span class=\"grid-item-date\">4 July 2022<\/span>\r\n                <div class=\"grid-item-excerpt\">Seepje: snelle groei en systeemveranderingSeepje is winnaar in de categorie Social Enterprise van het Jaar.&hellip;<\/div>\r\n                <!--<div><span class=\"grid-item-category\">Nieuws<\/span><\/div>-->\r\n            <\/div>\r\n        <\/a>\r\n                <a href=\"https:\/\/social-enterprise.nl\/en\/nieuws\/terugblik-de-impact-economie-en-de-rol-van-sociale-ondernemingen\/\" class=\"grid-item-link grid-item\">\r\n            <img loading=\"lazy\" decoding=\"async\" width=\"667\" height=\"500\" src=\"https:\/\/social-enterprise.nl\/wp-content\/uploads\/2022\/06\/3eb30d89fa3409dd1736bb2a1da081d7.jpg\" class=\"attachment-small size-small wp-post-image\" alt=\"\" srcset=\"https:\/\/social-enterprise.nl\/wp-content\/uploads\/2022\/06\/3eb30d89fa3409dd1736bb2a1da081d7.jpg 667w, https:\/\/social-enterprise.nl\/wp-content\/uploads\/2022\/06\/3eb30d89fa3409dd1736bb2a1da081d7-16x12.jpg 16w\" sizes=\"auto, (max-width: 667px) 100vw, 667px\" \/>            <div class=\"grid-item-content\">\r\n                <h2 class=\"grid-item-title\">Terugblik: &lsquo;De impact economie en de rol van sociale ondernemingen&rsquo;<\/h2>\r\n                <span class=\"grid-item-date\">27 June 2022<\/span>\r\n                <div class=\"grid-item-excerpt\">Een bijeenkomst waar kamerleden Stieneke van der Graaf (CU), Romke de Jong (D66), Suzanne Kr&ouml;ger&hellip;<\/div>\r\n                <!--<div><span class=\"grid-item-category\">Nieuws<\/span><\/div>-->\r\n            <\/div>\r\n        <\/a>\r\n                <a href=\"https:\/\/social-enterprise.nl\/en\/nieuws\/eigen-haard-is-goud-waard-de-zoektocht-naar-passende-financiering-voor-de-aankoop-van-vastgoed-door-bewonersbedrijven\/\" class=\"grid-item-link grid-item\">\r\n            <img loading=\"lazy\" decoding=\"async\" width=\"1748\" height=\"1240\" src=\"https:\/\/social-enterprise.nl\/wp-content\/uploads\/2024\/08\/681656331893_TOEKOMSTFASE.jpg\" class=\"attachment-small size-small wp-post-image\" alt=\"\" srcset=\"https:\/\/social-enterprise.nl\/wp-content\/uploads\/2024\/08\/681656331893_TOEKOMSTFASE.jpg 1748w, https:\/\/social-enterprise.nl\/wp-content\/uploads\/2024\/08\/681656331893_TOEKOMSTFASE-768x545.jpg 768w, https:\/\/social-enterprise.nl\/wp-content\/uploads\/2024\/08\/681656331893_TOEKOMSTFASE-1536x1090.jpg 1536w\" sizes=\"auto, (max-width: 1748px) 100vw, 1748px\" \/>            <div class=\"grid-item-content\">\r\n                <h2 class=\"grid-item-title\">Eigen haard is goud waard: de zoektocht naar passende financiering voor de aankoop van vastgoed door bewonersbedrijven<\/h2>\r\n                <span class=\"grid-item-date\">27 June 2022<\/span>\r\n                <div class=\"grid-item-excerpt\">De wereld van bewonersbedrijven De wereld van bewonersbedrijven, een onderneming van en voor buurtbewoners, is&hellip;<\/div>\r\n                <!--<div><span class=\"grid-item-category\">Nieuws<\/span><\/div>-->\r\n            <\/div>\r\n        <\/a>\r\n                <a href=\"https:\/\/social-enterprise.nl\/en\/nieuws\/van-jong-tot-oud-nieuwe-sociaal-ondernemers-in-het-netwerk\/\" class=\"grid-item-link grid-item\">\r\n            <img loading=\"lazy\" decoding=\"async\" width=\"1521\" height=\"857\" src=\"https:\/\/social-enterprise.nl\/wp-content\/uploads\/2024\/08\/341655382400_Schermafbeelding_2022-06-16_142418.jpg\" class=\"attachment-small size-small wp-post-image\" alt=\"\" srcset=\"https:\/\/social-enterprise.nl\/wp-content\/uploads\/2024\/08\/341655382400_Schermafbeelding_2022-06-16_142418.jpg 1521w, https:\/\/social-enterprise.nl\/wp-content\/uploads\/2024\/08\/341655382400_Schermafbeelding_2022-06-16_142418-768x433.jpg 768w\" sizes=\"auto, (max-width: 1521px) 100vw, 1521px\" \/>            <div class=\"grid-item-content\">\r\n                <h2 class=\"grid-item-title\">Van jong tot oud, nieuwe sociaal ondernemers in het netwerk!<\/h2>\r\n                <span class=\"grid-item-date\">16 June 2022<\/span>\r\n                <div class=\"grid-item-excerpt\">Ben je benieuwd naar de rest van ons groeiende netwerk? Kijk dan eens rond in&hellip;<\/div>\r\n                <!--<div><span class=\"grid-item-category\">Nieuws<\/span><\/div>-->\r\n            <\/div>\r\n        <\/a>\r\n                <a href=\"https:\/\/social-enterprise.nl\/en\/nieuws\/luister-nu-naar-systeem-op-de-schop-met-de-afrikaanderwijk-coperatie\/\" class=\"grid-item-link grid-item\">\r\n            <img loading=\"lazy\" decoding=\"async\" width=\"1200\" height=\"630\" src=\"https:\/\/social-enterprise.nl\/wp-content\/uploads\/2024\/08\/131655291618_SODS_visual_23_breed.png\" class=\"attachment-small size-small wp-post-image\" alt=\"\" srcset=\"https:\/\/social-enterprise.nl\/wp-content\/uploads\/2024\/08\/131655291618_SODS_visual_23_breed.png 1200w, https:\/\/social-enterprise.nl\/wp-content\/uploads\/2024\/08\/131655291618_SODS_visual_23_breed-768x403.png 768w\" sizes=\"auto, (max-width: 1200px) 100vw, 1200px\" \/>            <div class=\"grid-item-content\">\r\n                <h2 class=\"grid-item-title\">Luister nu naar Systeem op de Schop met de Afrikaanderwijk Co&ouml;peratie<\/h2>\r\n                <span class=\"grid-item-date\">9 June 2022<\/span>\r\n                <div class=\"grid-item-excerpt\">Annet vertelt over hoe de Afrikaanderwijk Co&ouml;peratie is uitgegroeid tot het succes dat het nu&hellip;<\/div>\r\n                <!--<div><span class=\"grid-item-category\">Nieuws<\/span><\/div>-->\r\n            <\/div>\r\n        <\/a>\r\n                <a href=\"https:\/\/social-enterprise.nl\/en\/nieuws\/deze-27-sociaal-ondernemers-zijn-genomineerd-voor-de-social-enterprizes\/\" class=\"grid-item-link grid-item\">\r\n            <img loading=\"lazy\" decoding=\"async\" width=\"2471\" height=\"887\" src=\"https:\/\/social-enterprise.nl\/wp-content\/uploads\/2024\/08\/771654007480_Genomineerden_compleet_V1.png\" class=\"attachment-small size-small wp-post-image\" alt=\"\" srcset=\"https:\/\/social-enterprise.nl\/wp-content\/uploads\/2024\/08\/771654007480_Genomineerden_compleet_V1.png 2471w, https:\/\/social-enterprise.nl\/wp-content\/uploads\/2024\/08\/771654007480_Genomineerden_compleet_V1-768x276.png 768w, https:\/\/social-enterprise.nl\/wp-content\/uploads\/2024\/08\/771654007480_Genomineerden_compleet_V1-1536x551.png 1536w, https:\/\/social-enterprise.nl\/wp-content\/uploads\/2024\/08\/771654007480_Genomineerden_compleet_V1-2048x735.png 2048w\" sizes=\"auto, (max-width: 2471px) 100vw, 2471px\" \/>            <div class=\"grid-item-content\">\r\n                <h2 class=\"grid-item-title\">Deze 27 sociaal ondernemers zijn genomineerd voor de Social EnterPrizes<\/h2>\r\n                <span class=\"grid-item-date\">1 June 2022<\/span>\r\n                <div class=\"grid-item-excerpt\">Om social enterprises te bedanken voor hun tomeloze inzet en hun positieve maatschappelijke bijdrages, organiseert&hellip;<\/div>\r\n                <!--<div><span class=\"grid-item-category\">Nieuws<\/span><\/div>-->\r\n            <\/div>\r\n        <\/a>\r\n                <a href=\"https:\/\/social-enterprise.nl\/en\/nieuws\/luister-nu-naar-systeem-op-de-schop-met-de-oprichters-van-social-enterprise-nl\/\" class=\"grid-item-link grid-item\">\r\n            <img loading=\"lazy\" decoding=\"async\" width=\"1200\" height=\"630\" src=\"https:\/\/social-enterprise.nl\/wp-content\/uploads\/2024\/08\/611653643033_SODS22_10jaarspecial-01_breed-01.png\" class=\"attachment-small size-small wp-post-image\" alt=\"\" srcset=\"https:\/\/social-enterprise.nl\/wp-content\/uploads\/2024\/08\/611653643033_SODS22_10jaarspecial-01_breed-01.png 1200w, https:\/\/social-enterprise.nl\/wp-content\/uploads\/2024\/08\/611653643033_SODS22_10jaarspecial-01_breed-01-768x403.png 768w\" sizes=\"auto, (max-width: 1200px) 100vw, 1200px\" \/>            <div class=\"grid-item-content\">\r\n                <h2 class=\"grid-item-title\">Luister nu naar Systeem op de Schop met de oprichters van Social Enterprise NL<\/h2>\r\n                <span class=\"grid-item-date\">27 May 2022<\/span>\r\n                <div class=\"grid-item-excerpt\">In deze Systeem op de Schop special gaat Stefan Panhuijsen in gesprek met onze Social&hellip;<\/div>\r\n                <!--<div><span class=\"grid-item-category\">Nieuws<\/span><\/div>-->\r\n            <\/div>\r\n        <\/a>\r\n                <a href=\"https:\/\/social-enterprise.nl\/en\/nieuws\/stichting-lalibela-ontvangt-pay-it-forward-award\/\" class=\"grid-item-link grid-item\">\r\n            <img loading=\"lazy\" decoding=\"async\" width=\"1440\" height=\"962\" src=\"https:\/\/social-enterprise.nl\/wp-content\/uploads\/2022\/05\/4.jpg\" class=\"attachment-small size-small wp-post-image\" alt=\"\" srcset=\"https:\/\/social-enterprise.nl\/wp-content\/uploads\/2022\/05\/4.jpg 1440w, https:\/\/social-enterprise.nl\/wp-content\/uploads\/2022\/05\/4-768x513.jpg 768w, https:\/\/social-enterprise.nl\/wp-content\/uploads\/2022\/05\/4-18x12.jpg 18w\" sizes=\"auto, (max-width: 1440px) 100vw, 1440px\" \/>            <div class=\"grid-item-content\">\r\n                <h2 class=\"grid-item-title\">Stichting Lalibela ontvangt pay-it-forward award<\/h2>\r\n                <span class=\"grid-item-date\">25 May 2022<\/span>\r\n                <div class=\"grid-item-excerpt\">Deze Butterfly Award kent een pay-it-forward principe. Dit betekent dat Annet van Otterloo, oprichtster van&hellip;<\/div>\r\n                <!--<div><span class=\"grid-item-category\">Nieuws<\/span><\/div>-->\r\n            <\/div>\r\n        <\/a>\r\n                <a href=\"https:\/\/social-enterprise.nl\/en\/nieuws\/bijeenkomst-de-impact-economie-en-de-rol-van-sociale-ondernemingen\/\" class=\"grid-item-link grid-item\">\r\n            <img loading=\"lazy\" decoding=\"async\" width=\"1514\" height=\"1021\" src=\"https:\/\/social-enterprise.nl\/wp-content\/uploads\/2024\/08\/401653388894_210706-Televisie-4.jpeg\" class=\"attachment-small size-small wp-post-image\" alt=\"\" srcset=\"https:\/\/social-enterprise.nl\/wp-content\/uploads\/2024\/08\/401653388894_210706-Televisie-4.jpeg 1514w, https:\/\/social-enterprise.nl\/wp-content\/uploads\/2024\/08\/401653388894_210706-Televisie-4-768x518.jpeg 768w\" sizes=\"auto, (max-width: 1514px) 100vw, 1514px\" \/>            <div class=\"grid-item-content\">\r\n                <h2 class=\"grid-item-title\">Bijeenkomst: De impact economie en de rol van sociale ondernemingen<\/h2>\r\n                <span class=\"grid-item-date\">24 May 2022<\/span>\r\n                <div class=\"grid-item-excerpt\">Het Kabinet heeft de ambitie om een economie te cre&euml;ren die werkt voor mensen. Een&hellip;<\/div>\r\n                <!--<div><span class=\"grid-item-category\">Nieuws<\/span><\/div>-->\r\n            <\/div>\r\n        <\/a>\r\n                <a href=\"https:\/\/social-enterprise.nl\/en\/nieuws\/luister-nu-naar-systeem-op-de-schop-met-true-price\/\" class=\"grid-item-link grid-item\">\r\n            <img loading=\"lazy\" decoding=\"async\" width=\"1200\" height=\"630\" src=\"https:\/\/social-enterprise.nl\/wp-content\/uploads\/2024\/08\/181651220881_SODS21_Michel_breed-01.png\" class=\"attachment-small size-small wp-post-image\" alt=\"\" srcset=\"https:\/\/social-enterprise.nl\/wp-content\/uploads\/2024\/08\/181651220881_SODS21_Michel_breed-01.png 1200w, https:\/\/social-enterprise.nl\/wp-content\/uploads\/2024\/08\/181651220881_SODS21_Michel_breed-01-768x403.png 768w\" sizes=\"auto, (max-width: 1200px) 100vw, 1200px\" \/>            <div class=\"grid-item-content\">\r\n                <h2 class=\"grid-item-title\">Luister nu naar Systeem op de Schop met True Price<\/h2>\r\n                <span class=\"grid-item-date\">29 April 2022<\/span>\r\n                <div class=\"grid-item-excerpt\">Michel Scholte van True Price over hoe je als ondernemer, activist en adviseur de echte&hellip;<\/div>\r\n                <!--<div><span class=\"grid-item-category\">Nieuws<\/span><\/div>-->\r\n            <\/div>\r\n        <\/a>\r\n                <a href=\"https:\/\/social-enterprise.nl\/en\/artikelen\/column-stotterend-voorwaarts\/\" class=\"grid-item-link grid-item\">\r\n            <img loading=\"lazy\" decoding=\"async\" width=\"750\" height=\"500\" src=\"https:\/\/social-enterprise.nl\/wp-content\/uploads\/2024\/09\/6673a6d002b82795fdb544206be1b650.jpg\" class=\"attachment-small size-small wp-post-image\" alt=\"\" srcset=\"https:\/\/social-enterprise.nl\/wp-content\/uploads\/2024\/09\/6673a6d002b82795fdb544206be1b650.jpg 750w, https:\/\/social-enterprise.nl\/wp-content\/uploads\/2024\/09\/6673a6d002b82795fdb544206be1b650-18x12.jpg 18w\" sizes=\"auto, (max-width: 750px) 100vw, 750px\" \/>            <div class=\"grid-item-content\">\r\n                <h2 class=\"grid-item-title\">Column: stotterend voorwaarts<\/h2>\r\n                <span class=\"grid-item-date\">26 April 2022<\/span>\r\n                <div class=\"grid-item-excerpt\">Dit column is geschreven door Maurice Specht, onafhankelijk onderzoeker, schrijver en doener. De column is&hellip;<\/div>\r\n                <!--<div><span class=\"grid-item-category\">Artikelen<\/span><\/div>-->\r\n            <\/div>\r\n        <\/a>\r\n                <a href=\"https:\/\/social-enterprise.nl\/en\/nieuws\/vacature-stagiaire-communicatie\/\" class=\"grid-item-link grid-item\">\r\n            <img loading=\"lazy\" decoding=\"async\" width=\"3599\" height=\"2400\" src=\"https:\/\/social-enterprise.nl\/wp-content\/uploads\/2024\/08\/161650448154_vacaturebeeld.png\" class=\"attachment-small size-small wp-post-image\" alt=\"\" srcset=\"https:\/\/social-enterprise.nl\/wp-content\/uploads\/2024\/08\/161650448154_vacaturebeeld.png 3599w, https:\/\/social-enterprise.nl\/wp-content\/uploads\/2024\/08\/161650448154_vacaturebeeld-768x512.png 768w, https:\/\/social-enterprise.nl\/wp-content\/uploads\/2024\/08\/161650448154_vacaturebeeld-1536x1024.png 1536w, https:\/\/social-enterprise.nl\/wp-content\/uploads\/2024\/08\/161650448154_vacaturebeeld-2048x1366.png 2048w\" sizes=\"auto, (max-width: 3599px) 100vw, 3599px\" \/>            <div class=\"grid-item-content\">\r\n                <h2 class=\"grid-item-title\">Vacature: Stagiair(e) Communicatie<\/h2>\r\n                <span class=\"grid-item-date\">25 April 2022<\/span>\r\n                <div class=\"grid-item-excerpt\">Wat doet Social Enterprise NL? Social&nbsp;Enterprise NL is aanjager van de groeiende beweging van sociaal&hellip;<\/div>\r\n                <!--<div><span class=\"grid-item-category\">Nieuws<\/span><\/div>-->\r\n            <\/div>\r\n        <\/a>\r\n                <a href=\"https:\/\/social-enterprise.nl\/en\/nieuws\/derde-butterfly-award-voor-de-afrikaanderwijk-coperatie\/\" class=\"grid-item-link grid-item\">\r\n            <img loading=\"lazy\" decoding=\"async\" width=\"749\" height=\"500\" src=\"https:\/\/social-enterprise.nl\/wp-content\/uploads\/2022\/04\/5017c1cafab700edfb08fe432426232f.jpg\" class=\"attachment-small size-small wp-post-image\" alt=\"\" srcset=\"https:\/\/social-enterprise.nl\/wp-content\/uploads\/2022\/04\/5017c1cafab700edfb08fe432426232f.jpg 749w, https:\/\/social-enterprise.nl\/wp-content\/uploads\/2022\/04\/5017c1cafab700edfb08fe432426232f-18x12.jpg 18w\" sizes=\"auto, (max-width: 749px) 100vw, 749px\" \/>            <div class=\"grid-item-content\">\r\n                <h2 class=\"grid-item-title\">Derde Butterfly Award voor de Afrikaanderwijk Co&ouml;peratie<\/h2>\r\n                <span class=\"grid-item-date\">14 April 2022<\/span>\r\n                <div class=\"grid-item-excerpt\">De Butterfly Award, een vlinder gemaakt door Nic&amp;Mic, werd uitgereikt aan Annet van Otterloo die&hellip;<\/div>\r\n                <!--<div><span class=\"grid-item-category\">Nieuws<\/span><\/div>-->\r\n            <\/div>\r\n        <\/a>\r\n                <a href=\"https:\/\/social-enterprise.nl\/en\/nieuws\/code-sociale-ondernemingen-ruim-50-deelnemers-in-register\/\" class=\"grid-item-link grid-item\">\r\n            <img loading=\"lazy\" decoding=\"async\" width=\"850\" height=\"480\" src=\"https:\/\/social-enterprise.nl\/wp-content\/uploads\/2022\/04\/185d3a15a4ec00833d128a2a998fc727.jpg\" class=\"attachment-small size-small wp-post-image\" alt=\"\" srcset=\"https:\/\/social-enterprise.nl\/wp-content\/uploads\/2022\/04\/185d3a15a4ec00833d128a2a998fc727.jpg 850w, https:\/\/social-enterprise.nl\/wp-content\/uploads\/2022\/04\/185d3a15a4ec00833d128a2a998fc727-768x434.jpg 768w, https:\/\/social-enterprise.nl\/wp-content\/uploads\/2022\/04\/185d3a15a4ec00833d128a2a998fc727-18x10.jpg 18w\" sizes=\"auto, (max-width: 850px) 100vw, 850px\" \/>            <div class=\"grid-item-content\">\r\n                <h2 class=\"grid-item-title\">Code Sociale Ondernemingen: ruim 50 deelnemers in Register<\/h2>\r\n                <span class=\"grid-item-date\">12 April 2022<\/span>\r\n                <div class=\"grid-item-excerpt\">Vanhulley, Squarewise, Moyee Coffee, Beleef Dementie, de Clique en tientallen andere sociale ondernemingen zijn al&hellip;<\/div>\r\n                <!--<div><span class=\"grid-item-category\">Nieuws<\/span><\/div>-->\r\n            <\/div>\r\n        <\/a>\r\n                <a href=\"https:\/\/social-enterprise.nl\/en\/nieuws\/per-direct-2-werkplekken-beschikbaar-bij-social-enterprise-nl\/\" class=\"grid-item-link grid-item\">\r\n            <img loading=\"lazy\" decoding=\"async\" width=\"835\" height=\"691\" src=\"https:\/\/social-enterprise.nl\/wp-content\/uploads\/2024\/08\/111649676784_2022-04-04_2.png\" class=\"attachment-small size-small wp-post-image\" alt=\"\" srcset=\"https:\/\/social-enterprise.nl\/wp-content\/uploads\/2024\/08\/111649676784_2022-04-04_2.png 835w, https:\/\/social-enterprise.nl\/wp-content\/uploads\/2024\/08\/111649676784_2022-04-04_2-768x636.png 768w\" sizes=\"auto, (max-width: 835px) 100vw, 835px\" \/>            <div class=\"grid-item-content\">\r\n                <h2 class=\"grid-item-title\">Per direct 2 werkplekken beschikbaar bij Social Enterprise NL!<\/h2>\r\n                <span class=\"grid-item-date\">11 April 2022<\/span>\r\n                <div class=\"grid-item-excerpt\">Naast de werkplekken kan je ook gebruik maken van de belhokken en een vergaderruimte. En&hellip;<\/div>\r\n                <!--<div><span class=\"grid-item-category\">Nieuws<\/span><\/div>-->\r\n            <\/div>\r\n        <\/a>\r\n                <a href=\"https:\/\/social-enterprise.nl\/en\/nieuws\/aandeel-vrouwen-in-de-top-bij-sociale-ondernemingen-ligt-20-hoger-dan-bij-regulier-mkb\/\" class=\"grid-item-link grid-item\">\r\n            <img loading=\"lazy\" decoding=\"async\" width=\"958\" height=\"574\" src=\"https:\/\/social-enterprise.nl\/wp-content\/uploads\/2024\/08\/251649668623_ESEM_2_NL.png\" class=\"attachment-small size-small wp-post-image\" alt=\"\" srcset=\"https:\/\/social-enterprise.nl\/wp-content\/uploads\/2024\/08\/251649668623_ESEM_2_NL.png 958w, https:\/\/social-enterprise.nl\/wp-content\/uploads\/2024\/08\/251649668623_ESEM_2_NL-768x460.png 768w\" sizes=\"auto, (max-width: 958px) 100vw, 958px\" \/>            <div class=\"grid-item-content\">\r\n                <h2 class=\"grid-item-title\">Aandeel vrouwen in de top bij sociale ondernemingen ligt 20% hoger dan bij regulier MKB<\/h2>\r\n                <span class=\"grid-item-date\">11 April 2022<\/span>\r\n                <div class=\"grid-item-excerpt\">Sociale ondernemingen zijn sterke, inclusieve ondernemingen met een opvallend hoog aandeel vrouwen aan de top&hellip;<\/div>\r\n                <!--<div><span class=\"grid-item-category\">Nieuws<\/span><\/div>-->\r\n            <\/div>\r\n        <\/a>\r\n                <a href=\"https:\/\/social-enterprise.nl\/en\/nieuws\/sociale-ondernemingen-participatiewet-werkt-niet\/\" class=\"grid-item-link grid-item\">\r\n            <img loading=\"lazy\" decoding=\"async\" width=\"1494\" height=\"574\" src=\"https:\/\/social-enterprise.nl\/wp-content\/uploads\/2024\/08\/271648819978_2022-04-01_9.png\" class=\"attachment-small size-small wp-post-image\" alt=\"\" srcset=\"https:\/\/social-enterprise.nl\/wp-content\/uploads\/2024\/08\/271648819978_2022-04-01_9.png 1494w, https:\/\/social-enterprise.nl\/wp-content\/uploads\/2024\/08\/271648819978_2022-04-01_9-768x295.png 768w\" sizes=\"auto, (max-width: 1494px) 100vw, 1494px\" \/>            <div class=\"grid-item-content\">\r\n                <h2 class=\"grid-item-title\">Sociale ondernemingen: Participatiewet werkt niet<\/h2>\r\n                <span class=\"grid-item-date\">1 April 2022<\/span>\r\n                <div class=\"grid-item-excerpt\">De Participatiewet is in 2016 ingevoerd met als doel een eenduidig beleid te cre\u00ebren voor&hellip;<\/div>\r\n                <!--<div><span class=\"grid-item-category\">Nieuws<\/span><\/div>-->\r\n            <\/div>\r\n        <\/a>\r\n                <a href=\"https:\/\/social-enterprise.nl\/en\/nieuws\/banen-met-je-buurt\/\" class=\"grid-item-link grid-item\">\r\n            <img loading=\"lazy\" decoding=\"async\" width=\"1521\" height=\"689\" src=\"https:\/\/social-enterprise.nl\/wp-content\/uploads\/2024\/08\/471648813936_2022-04-01_8.png\" class=\"attachment-small size-small wp-post-image\" alt=\"\" srcset=\"https:\/\/social-enterprise.nl\/wp-content\/uploads\/2024\/08\/471648813936_2022-04-01_8.png 1521w, https:\/\/social-enterprise.nl\/wp-content\/uploads\/2024\/08\/471648813936_2022-04-01_8-768x348.png 768w\" sizes=\"auto, (max-width: 1521px) 100vw, 1521px\" \/>            <div class=\"grid-item-content\">\r\n                <h2 class=\"grid-item-title\">Nieuw Programma: Banen voor je Buurt<\/h2>\r\n                <span class=\"grid-item-date\">30 March 2022<\/span>\r\n                <div class=\"grid-item-excerpt\">Tijdens dit nieuwe programma Banen voor je Buurt gaan we samen ontdekken hoe je betaald&hellip;<\/div>\r\n                <!--<div><span class=\"grid-item-category\">Nieuws<\/span><\/div>-->\r\n            <\/div>\r\n        <\/a>\r\n                <a href=\"https:\/\/social-enterprise.nl\/en\/nieuws\/nu-live-de-podcast-wereldverbeterbaas-samen-met-abn-amro-en-pwc\/\" class=\"grid-item-link grid-item\">\r\n            <img loading=\"lazy\" decoding=\"async\" width=\"1920\" height=\"1083\" src=\"https:\/\/social-enterprise.nl\/wp-content\/uploads\/2024\/08\/791647933848_16-9_WereldverbeterBAAS_ABN_Newbees_01.png\" class=\"attachment-small size-small wp-post-image\" alt=\"\" srcset=\"https:\/\/social-enterprise.nl\/wp-content\/uploads\/2024\/08\/791647933848_16-9_WereldverbeterBAAS_ABN_Newbees_01.png 1920w, https:\/\/social-enterprise.nl\/wp-content\/uploads\/2024\/08\/791647933848_16-9_WereldverbeterBAAS_ABN_Newbees_01-768x433.png 768w, https:\/\/social-enterprise.nl\/wp-content\/uploads\/2024\/08\/791647933848_16-9_WereldverbeterBAAS_ABN_Newbees_01-1536x866.png 1536w\" sizes=\"auto, (max-width: 1920px) 100vw, 1920px\" \/>            <div class=\"grid-item-content\">\r\n                <h2 class=\"grid-item-title\">Nu live: de podcast WereldverbeterBAAS samen met ABN AMRO en PwC<\/h2>\r\n                <span class=\"grid-item-date\">22 March 2022<\/span>\r\n                <div class=\"grid-item-excerpt\">In totaal verschijnen er zeven afleveringen van de podcast met zeven verschillende interessante duo\u2019s. Onder&hellip;<\/div>\r\n                <!--<div><span class=\"grid-item-category\">Nieuws<\/span><\/div>-->\r\n            <\/div>\r\n        <\/a>\r\n                <a href=\"https:\/\/social-enterprise.nl\/en\/nieuws\/het-netwerk-groeit-met-nieuwe-sociaal-ondernemers\/\" class=\"grid-item-link grid-item\">\r\n            <img loading=\"lazy\" decoding=\"async\" width=\"1423\" height=\"801\" src=\"https:\/\/social-enterprise.nl\/wp-content\/uploads\/2024\/08\/131646990591_Nieuwe_leden.jpg\" class=\"attachment-small size-small wp-post-image\" alt=\"\" srcset=\"https:\/\/social-enterprise.nl\/wp-content\/uploads\/2024\/08\/131646990591_Nieuwe_leden.jpg 1423w, https:\/\/social-enterprise.nl\/wp-content\/uploads\/2024\/08\/131646990591_Nieuwe_leden-768x432.jpg 768w\" sizes=\"auto, (max-width: 1423px) 100vw, 1423px\" \/>            <div class=\"grid-item-content\">\r\n                <h2 class=\"grid-item-title\">Het netwerk groeit met nieuwe sociaal ondernemers!<\/h2>\r\n                <span class=\"grid-item-date\">11 March 2022<\/span>\r\n                <div class=\"grid-item-excerpt\">Talentissimo Talentissimo is het expertisecentrum voor hoogbegaafdheid, van wieg tot werk. De organisatie werkt direct&hellip;<\/div>\r\n                <!--<div><span class=\"grid-item-category\">Nieuws<\/span><\/div>-->\r\n            <\/div>\r\n        <\/a>\r\n                <a href=\"https:\/\/social-enterprise.nl\/en\/nieuws\/memoriam-henk-smit\/\" class=\"grid-item-link grid-item\">\r\n            <img loading=\"lazy\" decoding=\"async\" width=\"349\" height=\"527\" src=\"https:\/\/social-enterprise.nl\/wp-content\/uploads\/2024\/08\/491646920929_HenkSmit.png\" class=\"attachment-small size-small wp-post-image\" alt=\"\" \/>            <div class=\"grid-item-content\">\r\n                <h2 class=\"grid-item-title\">In Memoriam Henk Smit<\/h2>\r\n                <span class=\"grid-item-date\">9 March 2022<\/span>\r\n                <div class=\"grid-item-excerpt\">Henk voelde als geen ander wat mensen en de wereld nodig hebben. Vijfentwintig jaar gelden&hellip;<\/div>\r\n                <!--<div><span class=\"grid-item-category\">Nieuws<\/span><\/div>-->\r\n            <\/div>\r\n        <\/a>\r\n                <a href=\"https:\/\/social-enterprise.nl\/en\/nieuws\/open-brief-aan-minister-economische-zaken-en-klimaat-micky-adriaansens\/\" class=\"grid-item-link grid-item\">\r\n            <img loading=\"lazy\" decoding=\"async\" width=\"1024\" height=\"650\" src=\"https:\/\/social-enterprise.nl\/wp-content\/uploads\/2024\/08\/121645085748_Speerpunten_all.png\" class=\"attachment-small size-small wp-post-image\" alt=\"\" srcset=\"https:\/\/social-enterprise.nl\/wp-content\/uploads\/2024\/08\/121645085748_Speerpunten_all.png 1024w, https:\/\/social-enterprise.nl\/wp-content\/uploads\/2024\/08\/121645085748_Speerpunten_all-768x488.png 768w\" sizes=\"auto, (max-width: 1024px) 100vw, 1024px\" \/>            <div class=\"grid-item-content\">\r\n                <h2 class=\"grid-item-title\">Open brief aan minister Economische Zaken en Klimaat Micky Adriaansens<\/h2>\r\n                <span class=\"grid-item-date\">8 March 2022<\/span>\r\n                <div class=\"grid-item-excerpt\">Het kabinet wil naar een &#8216;ondernemende, innovatieve en eerlijke economie&#8217;, zo staat in het nieuwe&hellip;<\/div>\r\n                <!--<div><span class=\"grid-item-category\">Nieuws<\/span><\/div>-->\r\n            <\/div>\r\n        <\/a>\r\n                <a href=\"https:\/\/social-enterprise.nl\/en\/nieuws\/sociaal-ondernemers-voor-oekraine\/\" class=\"grid-item-link grid-item\">\r\n            <img loading=\"lazy\" decoding=\"async\" width=\"1440\" height=\"960\" src=\"https:\/\/social-enterprise.nl\/wp-content\/uploads\/2022\/03\/811646662814_Foto_Oekraine-scaled-1.jpg\" class=\"attachment-small size-small wp-post-image\" alt=\"\" srcset=\"https:\/\/social-enterprise.nl\/wp-content\/uploads\/2022\/03\/811646662814_Foto_Oekraine-scaled-1.jpg 1440w, https:\/\/social-enterprise.nl\/wp-content\/uploads\/2022\/03\/811646662814_Foto_Oekraine-scaled-1-768x512.jpg 768w, https:\/\/social-enterprise.nl\/wp-content\/uploads\/2022\/03\/811646662814_Foto_Oekraine-scaled-1-18x12.jpg 18w\" sizes=\"auto, (max-width: 1440px) 100vw, 1440px\" \/>            <div class=\"grid-item-content\">\r\n                <h2 class=\"grid-item-title\">Sociaal ondernemers voor Oekra&iuml;ne<\/h2>\r\n                <span class=\"grid-item-date\">7 March 2022<\/span>\r\n                <div class=\"grid-item-excerpt\">Tip jij ons ook jouw goede initiatief of een actie die je voorbij hebt zien&hellip;<\/div>\r\n                <!--<div><span class=\"grid-item-category\">Nieuws<\/span><\/div>-->\r\n            <\/div>\r\n        <\/a>\r\n                <a href=\"https:\/\/social-enterprise.nl\/en\/nieuws\/blik-met-ons-terug-op-2021\/\" class=\"grid-item-link grid-item\">\r\n            <img loading=\"lazy\" decoding=\"async\" width=\"780\" height=\"586\" src=\"https:\/\/social-enterprise.nl\/wp-content\/uploads\/2024\/08\/541646224902_Header.png\" class=\"attachment-small size-small wp-post-image\" alt=\"\" srcset=\"https:\/\/social-enterprise.nl\/wp-content\/uploads\/2024\/08\/541646224902_Header.png 780w, https:\/\/social-enterprise.nl\/wp-content\/uploads\/2024\/08\/541646224902_Header-768x577.png 768w\" sizes=\"auto, (max-width: 780px) 100vw, 780px\" \/>            <div class=\"grid-item-content\">\r\n                <h2 class=\"grid-item-title\">Blik met ons terug op 2021!<\/h2>\r\n                <span class=\"grid-item-date\">2 March 2022<\/span>\r\n                <div class=\"grid-item-excerpt\">Of klik hier voor het jaaroverzicht in pdf.\u00a0<\/div>\r\n                <!--<div><span class=\"grid-item-category\">Nieuws<\/span><\/div>-->\r\n            <\/div>\r\n        <\/a>\r\n                <a href=\"https:\/\/social-enterprise.nl\/en\/nieuws\/luister-nu-naar-systeem-op-de-schop-met-mywheels\/\" class=\"grid-item-link grid-item\">\r\n            <img loading=\"lazy\" decoding=\"async\" width=\"1200\" height=\"631\" src=\"https:\/\/social-enterprise.nl\/wp-content\/uploads\/2024\/08\/451645438444_SODS20_Karina_breed.png\" class=\"attachment-small size-small wp-post-image\" alt=\"\" srcset=\"https:\/\/social-enterprise.nl\/wp-content\/uploads\/2024\/08\/451645438444_SODS20_Karina_breed.png 1200w, https:\/\/social-enterprise.nl\/wp-content\/uploads\/2024\/08\/451645438444_SODS20_Karina_breed-768x404.png 768w\" sizes=\"auto, (max-width: 1200px) 100vw, 1200px\" \/>            <div class=\"grid-item-content\">\r\n                <h2 class=\"grid-item-title\">Luister nu naar Systeem op de Schop met MyWheels<\/h2>\r\n                <span class=\"grid-item-date\">21 February 2022<\/span>\r\n                <div class=\"grid-item-excerpt\">In de 20ste aflevering praten Stefan en Willemijn over auto\u2019s en de deeleconomie samen met&hellip;<\/div>\r\n                <!--<div><span class=\"grid-item-category\">Nieuws<\/span><\/div>-->\r\n            <\/div>\r\n        <\/a>\r\n                <a href=\"https:\/\/social-enterprise.nl\/en\/artikelen\/aanloop-naar-de-gemeenteraadsverkiezingen\/\" class=\"grid-item-link grid-item\">\r\n                        <div class=\"grid-item-content\">\r\n                <h2 class=\"grid-item-title\">In aanloop naar de Gemeenteraadsverkiezingen<\/h2>\r\n                <span class=\"grid-item-date\">2 February 2022<\/span>\r\n                <div class=\"grid-item-excerpt\">Op 16 maart zijn de Gemeenteraadsverkiezingen. Een blangrijk moment om sociaal ondernemen te agenderen bij&hellip;<\/div>\r\n                <!--<div><span class=\"grid-item-category\">Artikelen<\/span><\/div>-->\r\n            <\/div>\r\n        <\/a>\r\n                <a href=\"https:\/\/social-enterprise.nl\/en\/nieuws\/luister-nu-naar-systeem-op-de-schop-met-seepje\/\" class=\"grid-item-link grid-item\">\r\n            <img loading=\"lazy\" decoding=\"async\" width=\"1200\" height=\"630\" src=\"https:\/\/social-enterprise.nl\/wp-content\/uploads\/2024\/08\/751643626383_SODS19_Jasper_breed.png\" class=\"attachment-small size-small wp-post-image\" alt=\"\" srcset=\"https:\/\/social-enterprise.nl\/wp-content\/uploads\/2024\/08\/751643626383_SODS19_Jasper_breed.png 1200w, https:\/\/social-enterprise.nl\/wp-content\/uploads\/2024\/08\/751643626383_SODS19_Jasper_breed-768x403.png 768w\" sizes=\"auto, (max-width: 1200px) 100vw, 1200px\" \/>            <div class=\"grid-item-content\">\r\n                <h2 class=\"grid-item-title\">Luister nu naar Systeem op de Schop met Seepje<\/h2>\r\n                <span class=\"grid-item-date\">31 January 2022<\/span>\r\n                <div class=\"grid-item-excerpt\">In de 19e aflevering praat Jasper Gabrielse van Seepje met Stefan en Willemijn over zijn&hellip;<\/div>\r\n                <!--<div><span class=\"grid-item-category\">Nieuws<\/span><\/div>-->\r\n            <\/div>\r\n        <\/a>\r\n                <a href=\"https:\/\/social-enterprise.nl\/en\/nieuws\/verkiezingsdebat-2022-de-toekomst-van-onze-economie\/\" class=\"grid-item-link grid-item\">\r\n                        <div class=\"grid-item-content\">\r\n                <h2 class=\"grid-item-title\">Verkiezingsdebat 2022: De toekomst van onze economie<\/h2>\r\n                <span class=\"grid-item-date\">28 January 2022<\/span>\r\n                <div class=\"grid-item-excerpt\">Terwijl we nog druk bezig zijn met het bestrijden van het coronavirus en het opvangen&hellip;<\/div>\r\n                <!--<div><span class=\"grid-item-category\">Nieuws<\/span><\/div>-->\r\n            <\/div>\r\n        <\/a>\r\n                <a href=\"https:\/\/social-enterprise.nl\/en\/nieuws\/social-enterprise-nl-begint-2022-met-10-nieuwe-leden\/\" class=\"grid-item-link grid-item\">\r\n            <img loading=\"lazy\" decoding=\"async\" width=\"1042\" height=\"585\" src=\"https:\/\/social-enterprise.nl\/wp-content\/uploads\/2024\/08\/601642686260_Schermafbeelding_2022-01-18_om_14.42.59.png\" class=\"attachment-small size-small wp-post-image\" alt=\"\" srcset=\"https:\/\/social-enterprise.nl\/wp-content\/uploads\/2024\/08\/601642686260_Schermafbeelding_2022-01-18_om_14.42.59.png 1042w, https:\/\/social-enterprise.nl\/wp-content\/uploads\/2024\/08\/601642686260_Schermafbeelding_2022-01-18_om_14.42.59-768x431.png 768w\" sizes=\"auto, (max-width: 1042px) 100vw, 1042px\" \/>            <div class=\"grid-item-content\">\r\n                <h2 class=\"grid-item-title\">Social Enterprise NL begint 2022 met 10 nieuwe leden!<\/h2>\r\n                <span class=\"grid-item-date\">18 January 2022<\/span>\r\n                <div class=\"grid-item-excerpt\">A&amp;M Recycling Als toonaangevende speler in de circulaire economie geeft A&amp;M Recycling een nieuwe toekomst&hellip;<\/div>\r\n                <!--<div><span class=\"grid-item-category\">Nieuws<\/span><\/div>-->\r\n            <\/div>\r\n        <\/a>\r\n                <a href=\"https:\/\/social-enterprise.nl\/en\/nieuws\/luister-nu-naar-systeem-op-de-schop-met-winc-academy\/\" class=\"grid-item-link grid-item\">\r\n            <img loading=\"lazy\" decoding=\"async\" width=\"1200\" height=\"630\" src=\"https:\/\/social-enterprise.nl\/wp-content\/uploads\/2024\/08\/881641907861_SODS18_Marijn_breed-01-01.png\" class=\"attachment-small size-small wp-post-image\" alt=\"\" srcset=\"https:\/\/social-enterprise.nl\/wp-content\/uploads\/2024\/08\/881641907861_SODS18_Marijn_breed-01-01.png 1200w, https:\/\/social-enterprise.nl\/wp-content\/uploads\/2024\/08\/881641907861_SODS18_Marijn_breed-01-01-768x403.png 768w\" sizes=\"auto, (max-width: 1200px) 100vw, 1200px\" \/>            <div class=\"grid-item-content\">\r\n                <h2 class=\"grid-item-title\">Luister nu naar Systeem op de Schop met Winc Academy<\/h2>\r\n                <span class=\"grid-item-date\">11 January 2022<\/span>\r\n                <div class=\"grid-item-excerpt\">Marijn Pijnenborg wist het zeker: internet is de toekomst. Toen ze als eerste dat verkondigde&hellip;<\/div>\r\n                <!--<div><span class=\"grid-item-category\">Nieuws<\/span><\/div>-->\r\n            <\/div>\r\n        <\/a>\r\n                <a href=\"https:\/\/social-enterprise.nl\/en\/nieuws\/luister-nu-naar-systeem-op-de-schop-met-oneworld\/\" class=\"grid-item-link grid-item\">\r\n            <img loading=\"lazy\" decoding=\"async\" width=\"1200\" height=\"630\" src=\"https:\/\/social-enterprise.nl\/wp-content\/uploads\/2024\/08\/261641292633_SODS17_Seada_breed-01.png\" class=\"attachment-small size-small wp-post-image\" alt=\"\" srcset=\"https:\/\/social-enterprise.nl\/wp-content\/uploads\/2024\/08\/261641292633_SODS17_Seada_breed-01.png 1200w, https:\/\/social-enterprise.nl\/wp-content\/uploads\/2024\/08\/261641292633_SODS17_Seada_breed-01-768x403.png 768w\" sizes=\"auto, (max-width: 1200px) 100vw, 1200px\" \/>            <div class=\"grid-item-content\">\r\n                <h2 class=\"grid-item-title\">Luister nu naar Systeem op de Schop met OneWorld<\/h2>\r\n                <span class=\"grid-item-date\">21 December 2021<\/span>\r\n                <div class=\"grid-item-excerpt\">Seada Nourhussen, hoofdredacteur en mede-eigenaresse van OneWorld, vertelt in de 17e aflevering aan Stefan en&hellip;<\/div>\r\n                <!--<div><span class=\"grid-item-category\">Nieuws<\/span><\/div>-->\r\n            <\/div>\r\n        <\/a>\r\n                <a href=\"https:\/\/social-enterprise.nl\/en\/nieuws\/vacature-organisatietalent-tijdelijk\/\" class=\"grid-item-link grid-item\">\r\n            <img loading=\"lazy\" decoding=\"async\" width=\"3599\" height=\"2400\" src=\"https:\/\/social-enterprise.nl\/wp-content\/uploads\/2024\/08\/851636463716_vacaturebeeld.png\" class=\"attachment-small size-small wp-post-image\" alt=\"\" srcset=\"https:\/\/social-enterprise.nl\/wp-content\/uploads\/2024\/08\/851636463716_vacaturebeeld.png 3599w, https:\/\/social-enterprise.nl\/wp-content\/uploads\/2024\/08\/851636463716_vacaturebeeld-768x512.png 768w, https:\/\/social-enterprise.nl\/wp-content\/uploads\/2024\/08\/851636463716_vacaturebeeld-1536x1024.png 1536w, https:\/\/social-enterprise.nl\/wp-content\/uploads\/2024\/08\/851636463716_vacaturebeeld-2048x1366.png 2048w\" sizes=\"auto, (max-width: 3599px) 100vw, 3599px\" \/>            <div class=\"grid-item-content\">\r\n                <h2 class=\"grid-item-title\">Vacature: Organisatietalent (tijdelijk)<\/h2>\r\n                <span class=\"grid-item-date\">20 December 2021<\/span>\r\n                <div class=\"grid-item-excerpt\">Social Enterprise NL is aanjager van de groeiende beweging van sociaal ondernemers in Nederland. Sociaal&hellip;<\/div>\r\n                <!--<div><span class=\"grid-item-category\">Nieuws<\/span><\/div>-->\r\n            <\/div>\r\n        <\/a>\r\n                <a href=\"https:\/\/social-enterprise.nl\/en\/nieuws\/kabinet-kiest-voor-een-eerlijke-economie\/\" class=\"grid-item-link grid-item\">\r\n            <img loading=\"lazy\" decoding=\"async\" width=\"1440\" height=\"1080\" src=\"https:\/\/social-enterprise.nl\/wp-content\/uploads\/2021\/12\/511639585383_Foto_15-12-2021_15_23_43-scaled-1.jpg\" class=\"attachment-small size-small wp-post-image\" alt=\"\" srcset=\"https:\/\/social-enterprise.nl\/wp-content\/uploads\/2021\/12\/511639585383_Foto_15-12-2021_15_23_43-scaled-1.jpg 1440w, https:\/\/social-enterprise.nl\/wp-content\/uploads\/2021\/12\/511639585383_Foto_15-12-2021_15_23_43-scaled-1-768x576.jpg 768w, https:\/\/social-enterprise.nl\/wp-content\/uploads\/2021\/12\/511639585383_Foto_15-12-2021_15_23_43-scaled-1-16x12.jpg 16w\" sizes=\"auto, (max-width: 1440px) 100vw, 1440px\" \/>            <div class=\"grid-item-content\">\r\n                <h2 class=\"grid-item-title\">Kabinet kiest voor een eerlijke economie<\/h2>\r\n                <span class=\"grid-item-date\">15 December 2021<\/span>\r\n                <div class=\"grid-item-excerpt\">Het kabinet omschrijft het als volgt:&nbsp; &ldquo;Met het oog op het behoud van een gelijk&hellip;<\/div>\r\n                <!--<div><span class=\"grid-item-category\">Nieuws<\/span><\/div>-->\r\n            <\/div>\r\n        <\/a>\r\n                <a href=\"https:\/\/social-enterprise.nl\/en\/nieuws\/de-pay-it-forward-award-gaat-naar-welcome-app\/\" class=\"grid-item-link grid-item\">\r\n            <img loading=\"lazy\" decoding=\"async\" width=\"1440\" height=\"962\" src=\"https:\/\/social-enterprise.nl\/wp-content\/uploads\/2021\/12\/Welcome_App_uitreiking.jpg\" class=\"attachment-small size-small wp-post-image\" alt=\"\" srcset=\"https:\/\/social-enterprise.nl\/wp-content\/uploads\/2021\/12\/Welcome_App_uitreiking.jpg 1440w, https:\/\/social-enterprise.nl\/wp-content\/uploads\/2021\/12\/Welcome_App_uitreiking-768x513.jpg 768w, https:\/\/social-enterprise.nl\/wp-content\/uploads\/2021\/12\/Welcome_App_uitreiking-18x12.jpg 18w\" sizes=\"auto, (max-width: 1440px) 100vw, 1440px\" \/>            <div class=\"grid-item-content\">\r\n                <h2 class=\"grid-item-title\">De pay-it-forward award gaat naar Welcome App<\/h2>\r\n                <span class=\"grid-item-date\">2 December 2021<\/span>\r\n                <div class=\"grid-item-excerpt\">Deze Butterfly Award kent een pay-it-forward principe. Dit betekent dat Max Kranendijk, oprichter van Oma\u2019s&hellip;<\/div>\r\n                <!--<div><span class=\"grid-item-category\">Nieuws<\/span><\/div>-->\r\n            <\/div>\r\n        <\/a>\r\n                <a href=\"https:\/\/social-enterprise.nl\/en\/nieuws\/het-succes-van-de-eerste-fair-friday\/\" class=\"grid-item-link grid-item\">\r\n            <img loading=\"lazy\" decoding=\"async\" width=\"960\" height=\"540\" src=\"https:\/\/social-enterprise.nl\/wp-content\/uploads\/2024\/08\/271638351117_Logos_alle_deelnemers.jpeg\" class=\"attachment-small size-small wp-post-image\" alt=\"\" srcset=\"https:\/\/social-enterprise.nl\/wp-content\/uploads\/2024\/08\/271638351117_Logos_alle_deelnemers.jpeg 960w, https:\/\/social-enterprise.nl\/wp-content\/uploads\/2024\/08\/271638351117_Logos_alle_deelnemers-768x432.jpeg 768w\" sizes=\"auto, (max-width: 960px) 100vw, 960px\" \/>            <div class=\"grid-item-content\">\r\n                <h2 class=\"grid-item-title\">Het succes van de eerste Fair Friday<\/h2>\r\n                <span class=\"grid-item-date\">1 December 2021<\/span>\r\n                <div class=\"grid-item-excerpt\">Onze boodschap voor de wereld? Koop fair of koop niet! #FairFriday stond geheel in het&hellip;<\/div>\r\n                <!--<div><span class=\"grid-item-category\">Nieuws<\/span><\/div>-->\r\n            <\/div>\r\n        <\/a>\r\n                <a href=\"https:\/\/social-enterprise.nl\/en\/nieuws\/luister-nu-naar-systeem-op-de-schop-met-omas-soep\/\" class=\"grid-item-link grid-item\">\r\n            <img loading=\"lazy\" decoding=\"async\" width=\"2500\" height=\"1314\" src=\"https:\/\/social-enterprise.nl\/wp-content\/uploads\/2024\/08\/911638180800_SODS16_Max_breed.png\" class=\"attachment-small size-small wp-post-image\" alt=\"\" srcset=\"https:\/\/social-enterprise.nl\/wp-content\/uploads\/2024\/08\/911638180800_SODS16_Max_breed.png 2500w, https:\/\/social-enterprise.nl\/wp-content\/uploads\/2024\/08\/911638180800_SODS16_Max_breed-768x404.png 768w, https:\/\/social-enterprise.nl\/wp-content\/uploads\/2024\/08\/911638180800_SODS16_Max_breed-1536x807.png 1536w, https:\/\/social-enterprise.nl\/wp-content\/uploads\/2024\/08\/911638180800_SODS16_Max_breed-2048x1076.png 2048w\" sizes=\"auto, (max-width: 2500px) 100vw, 2500px\" \/>            <div class=\"grid-item-content\">\r\n                <h2 class=\"grid-item-title\">Luister nu naar Systeem op de Schop met Oma&#039;s Soep<\/h2>\r\n                <span class=\"grid-item-date\">29 November 2021<\/span>\r\n                <div class=\"grid-item-excerpt\">In de 16e\u00a0aflevering willen Stefan en Willemijn alles over het succesverhaal van Oma\u2019s Soep horen&hellip;<\/div>\r\n                <!--<div><span class=\"grid-item-category\">Nieuws<\/span><\/div>-->\r\n            <\/div>\r\n        <\/a>\r\n                <a href=\"https:\/\/social-enterprise.nl\/en\/nieuws\/pwc-en-social-enterprise-nl-samen-naar-de-impact-economie\/\" class=\"grid-item-link grid-item\">\r\n            <img loading=\"lazy\" decoding=\"async\" width=\"886\" height=\"562\" src=\"https:\/\/social-enterprise.nl\/wp-content\/uploads\/2024\/08\/731637335961_Schermafbeelding_2021-11-19_om_16.30.35.png\" class=\"attachment-small size-small wp-post-image\" alt=\"\" srcset=\"https:\/\/social-enterprise.nl\/wp-content\/uploads\/2024\/08\/731637335961_Schermafbeelding_2021-11-19_om_16.30.35.png 886w, https:\/\/social-enterprise.nl\/wp-content\/uploads\/2024\/08\/731637335961_Schermafbeelding_2021-11-19_om_16.30.35-768x487.png 768w\" sizes=\"auto, (max-width: 886px) 100vw, 886px\" \/>            <div class=\"grid-item-content\">\r\n                <h2 class=\"grid-item-title\">PwC en Social Enterprise NL: samen naar de Impact Economie<\/h2>\r\n                <span class=\"grid-item-date\">19 November 2021<\/span>\r\n                <div class=\"grid-item-excerpt\">PwC is blij met de verlenging van het partnerschap. Wineke Haagsma: &ldquo;Social enterprises zijn een&hellip;<\/div>\r\n                <!--<div><span class=\"grid-item-category\">Nieuws<\/span><\/div>-->\r\n            <\/div>\r\n        <\/a>\r\n                <a href=\"https:\/\/social-enterprise.nl\/en\/artikelen\/trainingsprogramma-pitchen-voor-impact\/\" class=\"grid-item-link grid-item\">\r\n            <img loading=\"lazy\" decoding=\"async\" width=\"1080\" height=\"595\" src=\"https:\/\/social-enterprise.nl\/wp-content\/uploads\/2021\/11\/Schermafbeelding-2024-10-14-153201-1.jpg\" class=\"attachment-small size-small wp-post-image\" alt=\"\" srcset=\"https:\/\/social-enterprise.nl\/wp-content\/uploads\/2021\/11\/Schermafbeelding-2024-10-14-153201-1.jpg 1080w, https:\/\/social-enterprise.nl\/wp-content\/uploads\/2021\/11\/Schermafbeelding-2024-10-14-153201-1-768x423.jpg 768w, https:\/\/social-enterprise.nl\/wp-content\/uploads\/2021\/11\/Schermafbeelding-2024-10-14-153201-1-18x10.jpg 18w\" sizes=\"auto, (max-width: 1080px) 100vw, 1080px\" \/>            <div class=\"grid-item-content\">\r\n                <h2 class=\"grid-item-title\">Trainingsprogramma Pitchen voor Impact<\/h2>\r\n                <span class=\"grid-item-date\">18 November 2021<\/span>\r\n                <div class=\"grid-item-excerpt\">Samen met&nbsp;LSA&nbsp;en&nbsp;KNHM&nbsp;organiseren wij speciaal in het kader van het project Social Finance for Community Based&hellip;<\/div>\r\n                <!--<div><span class=\"grid-item-category\">Artikelen<\/span><\/div>-->\r\n            <\/div>\r\n        <\/a>\r\n                <a href=\"https:\/\/social-enterprise.nl\/en\/nieuws\/luister-nu-naar-systeem-op-de-schop-met-wakuli\/\" class=\"grid-item-link grid-item\">\r\n            <img loading=\"lazy\" decoding=\"async\" width=\"3600\" height=\"1890\" src=\"https:\/\/social-enterprise.nl\/wp-content\/uploads\/2024\/08\/231636532026_SODS_Wakuli_breed_png-01.png\" class=\"attachment-small size-small wp-post-image\" alt=\"\" srcset=\"https:\/\/social-enterprise.nl\/wp-content\/uploads\/2024\/08\/231636532026_SODS_Wakuli_breed_png-01.png 3600w, https:\/\/social-enterprise.nl\/wp-content\/uploads\/2024\/08\/231636532026_SODS_Wakuli_breed_png-01-768x403.png 768w, https:\/\/social-enterprise.nl\/wp-content\/uploads\/2024\/08\/231636532026_SODS_Wakuli_breed_png-01-1536x806.png 1536w, https:\/\/social-enterprise.nl\/wp-content\/uploads\/2024\/08\/231636532026_SODS_Wakuli_breed_png-01-2048x1075.png 2048w\" sizes=\"auto, (max-width: 3600px) 100vw, 3600px\" \/>            <div class=\"grid-item-content\">\r\n                <h2 class=\"grid-item-title\">Luister nu naar Systeem op de Schop met Wakuli<\/h2>\r\n                <span class=\"grid-item-date\">10 November 2021<\/span>\r\n                <div class=\"grid-item-excerpt\">In de 15e aflevering is Yorick Bruins, co-founder&nbsp;van&nbsp;Wakuli&nbsp;te gast in de studio bij Willemijn en&hellip;<\/div>\r\n                <!--<div><span class=\"grid-item-category\">Nieuws<\/span><\/div>-->\r\n            <\/div>\r\n        <\/a>\r\n                <a href=\"https:\/\/social-enterprise.nl\/en\/nieuws\/omas-soep-is-minstens-zo-belangrijk-als-de-plastic-soep\/\" class=\"grid-item-link grid-item\">\r\n            <img loading=\"lazy\" decoding=\"async\" width=\"1024\" height=\"818\" src=\"https:\/\/social-enterprise.nl\/wp-content\/uploads\/2024\/08\/831635934373_DSC04545-2.jpg\" class=\"attachment-small size-small wp-post-image\" alt=\"\" srcset=\"https:\/\/social-enterprise.nl\/wp-content\/uploads\/2024\/08\/831635934373_DSC04545-2.jpg 1024w, https:\/\/social-enterprise.nl\/wp-content\/uploads\/2024\/08\/831635934373_DSC04545-2-768x614.jpg 768w\" sizes=\"auto, (max-width: 1024px) 100vw, 1024px\" \/>            <div class=\"grid-item-content\">\r\n                <h2 class=\"grid-item-title\">Oma&#039;s soep is minstens zo belangrijk als de plastic soep<\/h2>\r\n                <span class=\"grid-item-date\">3 November 2021<\/span>\r\n                <div class=\"grid-item-excerpt\">Fred&nbsp;Matser&nbsp;en Willemijn Verloop, namens Fred Foundation en Social Enterprise NL, mochten de oprichter&nbsp;Max Kranendijk&nbsp;van het&hellip;<\/div>\r\n                <!--<div><span class=\"grid-item-category\">Nieuws<\/span><\/div>-->\r\n            <\/div>\r\n        <\/a>\r\n                <a href=\"https:\/\/social-enterprise.nl\/en\/nieuws\/vacature-project-officer-social-enterprises-as-influencers\/\" class=\"grid-item-link grid-item\">\r\n            <img loading=\"lazy\" decoding=\"async\" width=\"3599\" height=\"2400\" src=\"https:\/\/social-enterprise.nl\/wp-content\/uploads\/2024\/08\/741635861564_vacaturebeeld.png\" class=\"attachment-small size-small wp-post-image\" alt=\"\" srcset=\"https:\/\/social-enterprise.nl\/wp-content\/uploads\/2024\/08\/741635861564_vacaturebeeld.png 3599w, https:\/\/social-enterprise.nl\/wp-content\/uploads\/2024\/08\/741635861564_vacaturebeeld-768x512.png 768w, https:\/\/social-enterprise.nl\/wp-content\/uploads\/2024\/08\/741635861564_vacaturebeeld-1536x1024.png 1536w, https:\/\/social-enterprise.nl\/wp-content\/uploads\/2024\/08\/741635861564_vacaturebeeld-2048x1366.png 2048w\" sizes=\"auto, (max-width: 3599px) 100vw, 3599px\" \/>            <div class=\"grid-item-content\">\r\n                <h2 class=\"grid-item-title\">Vacature Project Officer Social Enterprises as Influencers<\/h2>\r\n                <span class=\"grid-item-date\">2 November 2021<\/span>\r\n                <div class=\"grid-item-excerpt\">Social Enterprises as Influencers In 2020\u00a0heeft\u00a0Social Enterprise NL\u00a0het rapport\u00a0Social enterprises as influencers of the mainstream&hellip;<\/div>\r\n                <!--<div><span class=\"grid-item-category\">Nieuws<\/span><\/div>-->\r\n            <\/div>\r\n        <\/a>\r\n                <a href=\"https:\/\/social-enterprise.nl\/en\/nieuws\/drie-werkplekken-bij-midwest-beschikbaar\/\" class=\"grid-item-link grid-item\">\r\n            <img loading=\"lazy\" decoding=\"async\" width=\"2048\" height=\"1536\" src=\"https:\/\/social-enterprise.nl\/wp-content\/uploads\/2024\/08\/491634550404_1633959456721.jpeg\" class=\"attachment-small size-small wp-post-image\" alt=\"\" srcset=\"https:\/\/social-enterprise.nl\/wp-content\/uploads\/2024\/08\/491634550404_1633959456721.jpeg 2048w, https:\/\/social-enterprise.nl\/wp-content\/uploads\/2024\/08\/491634550404_1633959456721-768x576.jpeg 768w, https:\/\/social-enterprise.nl\/wp-content\/uploads\/2024\/08\/491634550404_1633959456721-1536x1152.jpeg 1536w\" sizes=\"auto, (max-width: 2048px) 100vw, 2048px\" \/>            <div class=\"grid-item-content\">\r\n                <h2 class=\"grid-item-title\">Drie werkplekken bij MidWest beschikbaar<\/h2>\r\n                <span class=\"grid-item-date\">18 October 2021<\/span>\r\n                <div class=\"grid-item-excerpt\">Dit jaar zijn wij met ons team verhuisd naar het prachtige MidWest Amsterdam. Een ontmoetingsplek&hellip;<\/div>\r\n                <!--<div><span class=\"grid-item-category\">Nieuws<\/span><\/div>-->\r\n            <\/div>\r\n        <\/a>\r\n                <a href=\"https:\/\/social-enterprise.nl\/en\/nieuws\/dit-was-het-social-enterprise-overheidscongres-2021\/\" class=\"grid-item-link grid-item\">\r\n            <img loading=\"lazy\" decoding=\"async\" width=\"1258\" height=\"699\" src=\"https:\/\/social-enterprise.nl\/wp-content\/uploads\/2024\/08\/991634280677_Overheidscongres.png\" class=\"attachment-small size-small wp-post-image\" alt=\"\" srcset=\"https:\/\/social-enterprise.nl\/wp-content\/uploads\/2024\/08\/991634280677_Overheidscongres.png 1258w, https:\/\/social-enterprise.nl\/wp-content\/uploads\/2024\/08\/991634280677_Overheidscongres-768x427.png 768w\" sizes=\"auto, (max-width: 1258px) 100vw, 1258px\" \/>            <div class=\"grid-item-content\">\r\n                <h2 class=\"grid-item-title\">Dit was het Social Enterprise Overheidscongres 2021<\/h2>\r\n                <span class=\"grid-item-date\">15 October 2021<\/span>\r\n                <div class=\"grid-item-excerpt\">Bekijk bovenstaande video om het ochtendprogramma terug te kijken. Plenair ochtendprogramma&nbsp; Het plenaire gedeelte begon&hellip;<\/div>\r\n                <!--<div><span class=\"grid-item-category\">Nieuws<\/span><\/div>-->\r\n            <\/div>\r\n        <\/a>\r\n                <a href=\"https:\/\/social-enterprise.nl\/en\/nieuws\/publicatie-onderzoeksrapport-kapitaal-voor-de-buurt\/\" class=\"grid-item-link grid-item\">\r\n            <img loading=\"lazy\" decoding=\"async\" width=\"449\" height=\"290\" src=\"https:\/\/social-enterprise.nl\/wp-content\/uploads\/2024\/08\/901634027595_Printscreen_voorblad_rapport_kopie.png\" class=\"attachment-small size-small wp-post-image\" alt=\"\" \/>            <div class=\"grid-item-content\">\r\n                <h2 class=\"grid-item-title\">Publicatie onderzoeksrapport &lsquo;Kapitaal voor de buurt&rsquo;<\/h2>\r\n                <span class=\"grid-item-date\">12 October 2021<\/span>\r\n                <div class=\"grid-item-excerpt\">Een bloeiende sector, maar toegang tot financiering&nbsp;nog lastig&nbsp;Bewonersbedrijven vormen een bloeiende en groeiende beweging in&hellip;<\/div>\r\n                <!--<div><span class=\"grid-item-category\">Nieuws<\/span><\/div>-->\r\n            <\/div>\r\n        <\/a>\r\n                <a href=\"https:\/\/social-enterprise.nl\/en\/nieuws\/de-pay-it-forward-award-is-voor-snack-with-benefits\/\" class=\"grid-item-link grid-item\">\r\n            <img loading=\"lazy\" decoding=\"async\" width=\"1440\" height=\"1086\" src=\"https:\/\/social-enterprise.nl\/wp-content\/uploads\/2021\/10\/731633964141_IMG_4978_kopie-scaled-1.jpg\" class=\"attachment-small size-small wp-post-image\" alt=\"\" srcset=\"https:\/\/social-enterprise.nl\/wp-content\/uploads\/2021\/10\/731633964141_IMG_4978_kopie-scaled-1.jpg 1440w, https:\/\/social-enterprise.nl\/wp-content\/uploads\/2021\/10\/731633964141_IMG_4978_kopie-scaled-1-768x579.jpg 768w, https:\/\/social-enterprise.nl\/wp-content\/uploads\/2021\/10\/731633964141_IMG_4978_kopie-scaled-1-16x12.jpg 16w\" sizes=\"auto, (max-width: 1440px) 100vw, 1440px\" \/>            <div class=\"grid-item-content\">\r\n                <h2 class=\"grid-item-title\">De pay-it-forward award is voor Snack With Benefits<\/h2>\r\n                <span class=\"grid-item-date\">11 October 2021<\/span>\r\n                <div class=\"grid-item-excerpt\">De Butterfly Award kent een pay-it-forward principe. Dit betekent dat Laura Hoogland van SUNT, die&hellip;<\/div>\r\n                <!--<div><span class=\"grid-item-category\">Nieuws<\/span><\/div>-->\r\n            <\/div>\r\n        <\/a>\r\n                <a href=\"https:\/\/social-enterprise.nl\/en\/nieuws\/luister-nu-naar-systeem-op-de-schop-met-sunt\/\" class=\"grid-item-link grid-item\">\r\n            <img loading=\"lazy\" decoding=\"async\" width=\"1200\" height=\"630\" src=\"https:\/\/social-enterprise.nl\/wp-content\/uploads\/2024\/08\/451632753343_SODS14_Laura_socialmediabreed-01.png\" class=\"attachment-small size-small wp-post-image\" alt=\"\" srcset=\"https:\/\/social-enterprise.nl\/wp-content\/uploads\/2024\/08\/451632753343_SODS14_Laura_socialmediabreed-01.png 1200w, https:\/\/social-enterprise.nl\/wp-content\/uploads\/2024\/08\/451632753343_SODS14_Laura_socialmediabreed-01-768x403.png 768w\" sizes=\"auto, (max-width: 1200px) 100vw, 1200px\" \/>            <div class=\"grid-item-content\">\r\n                <h2 class=\"grid-item-title\">Luister nu naar Systeem op de Schop met SUNT<\/h2>\r\n                <span class=\"grid-item-date\">23 August 2021<\/span>\r\n                <div class=\"grid-item-excerpt\">In de 14e aflevering is a woman on a mission te gast bij Stefan en&hellip;<\/div>\r\n                <!--<div><span class=\"grid-item-category\">Nieuws<\/span><\/div>-->\r\n            <\/div>\r\n        <\/a>\r\n                <a href=\"https:\/\/social-enterprise.nl\/en\/nieuws\/luister-nu-naar-systeem-op-de-schop-met-cycloon\/\" class=\"grid-item-link grid-item\">\r\n            <img loading=\"lazy\" decoding=\"async\" width=\"1200\" height=\"630\" src=\"https:\/\/social-enterprise.nl\/wp-content\/uploads\/2024\/08\/161628579696_SODS13_Marieke_breed-02.png\" class=\"attachment-small size-small wp-post-image\" alt=\"\" srcset=\"https:\/\/social-enterprise.nl\/wp-content\/uploads\/2024\/08\/161628579696_SODS13_Marieke_breed-02.png 1200w, https:\/\/social-enterprise.nl\/wp-content\/uploads\/2024\/08\/161628579696_SODS13_Marieke_breed-02-768x403.png 768w\" sizes=\"auto, (max-width: 1200px) 100vw, 1200px\" \/>            <div class=\"grid-item-content\">\r\n                <h2 class=\"grid-item-title\">Luister nu naar Systeem op de Schop met Cycloon<\/h2>\r\n                <span class=\"grid-item-date\">10 August 2021<\/span>\r\n                <div class=\"grid-item-excerpt\">In de 13e aflevering is Marieke Snoek, directeur van Cycloon Post &amp; Fietskoeriers, te gast&hellip;<\/div>\r\n                <!--<div><span class=\"grid-item-category\">Nieuws<\/span><\/div>-->\r\n            <\/div>\r\n        <\/a>\r\n                <a href=\"https:\/\/social-enterprise.nl\/en\/nieuws\/de-wasstraat-inspiratiesessies\/\" class=\"grid-item-link grid-item\">\r\n            <img loading=\"lazy\" decoding=\"async\" width=\"2000\" height=\"1386\" src=\"https:\/\/social-enterprise.nl\/wp-content\/uploads\/2024\/08\/951626767771_Team-DeWasstraat-c-IlsedeVries-HUMAN.jpg\" class=\"attachment-small size-small wp-post-image\" alt=\"\" srcset=\"https:\/\/social-enterprise.nl\/wp-content\/uploads\/2024\/08\/951626767771_Team-DeWasstraat-c-IlsedeVries-HUMAN.jpg 2000w, https:\/\/social-enterprise.nl\/wp-content\/uploads\/2024\/08\/951626767771_Team-DeWasstraat-c-IlsedeVries-HUMAN-768x532.jpg 768w, https:\/\/social-enterprise.nl\/wp-content\/uploads\/2024\/08\/951626767771_Team-DeWasstraat-c-IlsedeVries-HUMAN-1536x1064.jpg 1536w\" sizes=\"auto, (max-width: 2000px) 100vw, 2000px\" \/>            <div class=\"grid-item-content\">\r\n                <h2 class=\"grid-item-title\">De Wasstraat Inspiratiesessies<\/h2>\r\n                <span class=\"grid-item-date\">20 July 2021<\/span>\r\n                <div class=\"grid-item-excerpt\">In navolging van de vijfdelige documentaireserie De Wasstraat, waarin zes werknemers en de directeur van&hellip;<\/div>\r\n                <!--<div><span class=\"grid-item-category\">Nieuws<\/span><\/div>-->\r\n            <\/div>\r\n        <\/a>\r\n                <a href=\"https:\/\/social-enterprise.nl\/en\/nieuws\/terugkijken-webinar-toeleiding-naar-werk\/\" class=\"grid-item-link grid-item\">\r\n            <img loading=\"lazy\" decoding=\"async\" width=\"711\" height=\"500\" src=\"https:\/\/social-enterprise.nl\/wp-content\/uploads\/2024\/08\/101625643939_ab9d955544939aab8063f6e63d6ca289.png\" class=\"attachment-small size-small wp-post-image\" alt=\"\" \/>            <div class=\"grid-item-content\">\r\n                <h2 class=\"grid-item-title\">Terugkijken: webinar Toeleiding naar werk<\/h2>\r\n                <span class=\"grid-item-date\">7 July 2021<\/span>\r\n                <div class=\"grid-item-excerpt\">Het webinar gaat over de vraag hoe&nbsp;we meer regie kunnen geven aan kandidaten en werkgevers.&hellip;<\/div>\r\n                <!--<div><span class=\"grid-item-category\">Nieuws<\/span><\/div>-->\r\n            <\/div>\r\n        <\/a>\r\n                <a href=\"https:\/\/social-enterprise.nl\/en\/nieuws\/op-werkbezoek-bij-3-sociale-ondernemingen-in-amsterdam\/\" class=\"grid-item-link grid-item\">\r\n            <img loading=\"lazy\" decoding=\"async\" width=\"3600\" height=\"2024\" src=\"https:\/\/social-enterprise.nl\/wp-content\/uploads\/2024\/08\/301625579204_werkbezoeken_Tekengebied_1.png\" class=\"attachment-small size-small wp-post-image\" alt=\"\" srcset=\"https:\/\/social-enterprise.nl\/wp-content\/uploads\/2024\/08\/301625579204_werkbezoeken_Tekengebied_1.png 3600w, https:\/\/social-enterprise.nl\/wp-content\/uploads\/2024\/08\/301625579204_werkbezoeken_Tekengebied_1-768x432.png 768w, https:\/\/social-enterprise.nl\/wp-content\/uploads\/2024\/08\/301625579204_werkbezoeken_Tekengebied_1-1536x864.png 1536w, https:\/\/social-enterprise.nl\/wp-content\/uploads\/2024\/08\/301625579204_werkbezoeken_Tekengebied_1-2048x1151.png 2048w\" sizes=\"auto, (max-width: 3600px) 100vw, 3600px\" \/>            <div class=\"grid-item-content\">\r\n                <h2 class=\"grid-item-title\">Op werkbezoek bij 3 sociale ondernemingen in Amsterdam<\/h2>\r\n                <span class=\"grid-item-date\">6 July 2021<\/span>\r\n                <div class=\"grid-item-excerpt\">De eerste stop was\u00a0bij de\u00a0Chocolatemakers\u00a0in de Hemhavens van Amsterdam.\u00a0Enver Loke\u00a0en\u00a0Rodney Nikkels\u00a0namen ons mee in het&hellip;<\/div>\r\n                <!--<div><span class=\"grid-item-category\">Nieuws<\/span><\/div>-->\r\n            <\/div>\r\n        <\/a>\r\n                <a href=\"https:\/\/social-enterprise.nl\/en\/nieuws\/luister-nu-naar-systeem-op-de-schop-met-de-vegetarische-slager\/\" class=\"grid-item-link grid-item\">\r\n            <img loading=\"lazy\" decoding=\"async\" width=\"1200\" height=\"630\" src=\"https:\/\/social-enterprise.nl\/wp-content\/uploads\/2024\/08\/671625481224_jaapkorteweg-podcast.png\" class=\"attachment-small size-small wp-post-image\" alt=\"\" srcset=\"https:\/\/social-enterprise.nl\/wp-content\/uploads\/2024\/08\/671625481224_jaapkorteweg-podcast.png 1200w, https:\/\/social-enterprise.nl\/wp-content\/uploads\/2024\/08\/671625481224_jaapkorteweg-podcast-768x403.png 768w\" sizes=\"auto, (max-width: 1200px) 100vw, 1200px\" \/>            <div class=\"grid-item-content\">\r\n                <h2 class=\"grid-item-title\">Luister nu naar Systeem op de schop met De Vegetarische Slager<\/h2>\r\n                <span class=\"grid-item-date\">5 July 2021<\/span>\r\n                <div class=\"grid-item-excerpt\">Voor de 12e aflevering hebben Stefan en Willemijn de enige echte Jaap Korteweg uitgenodigd om&hellip;<\/div>\r\n                <!--<div><span class=\"grid-item-category\">Nieuws<\/span><\/div>-->\r\n            <\/div>\r\n        <\/a>\r\n                <a href=\"https:\/\/social-enterprise.nl\/en\/nieuws\/bananenredder-laura-hoogland-van-sunt-food-ontvangt-eerste-butterfly-award\/\" class=\"grid-item-link grid-item\">\r\n            <img loading=\"lazy\" decoding=\"async\" width=\"1440\" height=\"988\" src=\"https:\/\/social-enterprise.nl\/wp-content\/uploads\/2021\/07\/641625123217_ButterflyAward01-scaled-1.jpg\" class=\"attachment-small size-small wp-post-image\" alt=\"\" srcset=\"https:\/\/social-enterprise.nl\/wp-content\/uploads\/2021\/07\/641625123217_ButterflyAward01-scaled-1.jpg 1440w, https:\/\/social-enterprise.nl\/wp-content\/uploads\/2021\/07\/641625123217_ButterflyAward01-scaled-1-768x527.jpg 768w, https:\/\/social-enterprise.nl\/wp-content\/uploads\/2021\/07\/641625123217_ButterflyAward01-scaled-1-18x12.jpg 18w\" sizes=\"auto, (max-width: 1440px) 100vw, 1440px\" \/>            <div class=\"grid-item-content\">\r\n                <h2 class=\"grid-item-title\">Bananenredder Laura Hoogland van SUNT Food ontvangt eerste Butterfly Award<\/h2>\r\n                <span class=\"grid-item-date\">1 July 2021<\/span>\r\n                <div class=\"grid-item-excerpt\">Over de Butterfly Award De Butterfly Award cre&euml;ert positieve aandacht voor inspirerende sociaal ondernemers die&hellip;<\/div>\r\n                <!--<div><span class=\"grid-item-category\">Nieuws<\/span><\/div>-->\r\n            <\/div>\r\n        <\/a>\r\n                <a href=\"https:\/\/social-enterprise.nl\/en\/nieuws\/luister-nu-naar-systeem-op-de-schop-met-thimo-van-de-fawaka-ondernemersschool\/\" class=\"grid-item-link grid-item\">\r\n            <img loading=\"lazy\" decoding=\"async\" width=\"3600\" height=\"1890\" src=\"https:\/\/social-enterprise.nl\/wp-content\/uploads\/2024\/08\/681624278901_Socialmedia_breed-Thiemo-01.png\" class=\"attachment-small size-small wp-post-image\" alt=\"\" srcset=\"https:\/\/social-enterprise.nl\/wp-content\/uploads\/2024\/08\/681624278901_Socialmedia_breed-Thiemo-01.png 3600w, https:\/\/social-enterprise.nl\/wp-content\/uploads\/2024\/08\/681624278901_Socialmedia_breed-Thiemo-01-768x403.png 768w, https:\/\/social-enterprise.nl\/wp-content\/uploads\/2024\/08\/681624278901_Socialmedia_breed-Thiemo-01-1536x806.png 1536w, https:\/\/social-enterprise.nl\/wp-content\/uploads\/2024\/08\/681624278901_Socialmedia_breed-Thiemo-01-2048x1075.png 2048w\" sizes=\"auto, (max-width: 3600px) 100vw, 3600px\" \/>            <div class=\"grid-item-content\">\r\n                <h2 class=\"grid-item-title\">Luister nu naar Systeem op de schop met Thi&euml;mo van de Fawaka Ondernemersschool<\/h2>\r\n                <span class=\"grid-item-date\">21 June 2021<\/span>\r\n                <div class=\"grid-item-excerpt\">In de elfde \u202faflevering van Systeem op de Schop worden Stefan en Willemijn in de&hellip;<\/div>\r\n                <!--<div><span class=\"grid-item-category\">Nieuws<\/span><\/div>-->\r\n            <\/div>\r\n        <\/a>\r\n                <a href=\"https:\/\/social-enterprise.nl\/en\/artikelen\/achter-de-schermen-bij-foenix-apeldoorn\/\" class=\"grid-item-link grid-item\">\r\n            <img loading=\"lazy\" decoding=\"async\" width=\"749\" height=\"500\" src=\"https:\/\/social-enterprise.nl\/wp-content\/uploads\/2024\/10\/48d4a9660dd3518566862549539e9bc6.jpg\" class=\"attachment-small size-small wp-post-image\" alt=\"\" srcset=\"https:\/\/social-enterprise.nl\/wp-content\/uploads\/2024\/10\/48d4a9660dd3518566862549539e9bc6.jpg 749w, https:\/\/social-enterprise.nl\/wp-content\/uploads\/2024\/10\/48d4a9660dd3518566862549539e9bc6-18x12.jpg 18w\" sizes=\"auto, (max-width: 749px) 100vw, 749px\" \/>            <div class=\"grid-item-content\">\r\n                <h2 class=\"grid-item-title\">Achter de schermen bij Foenix Apeldoorn<\/h2>\r\n                <span class=\"grid-item-date\">9 June 2021<\/span>\r\n                <div class=\"grid-item-excerpt\">Foenix, de vogel uit de Griekse mythologie die spullen verzameld,\u00a0dat weer\u00a0als brandstof gebruikt en daarna&hellip;<\/div>\r\n                <!--<div><span class=\"grid-item-category\">Artikelen<\/span><\/div>-->\r\n            <\/div>\r\n        <\/a>\r\n                <a href=\"https:\/\/social-enterprise.nl\/en\/nieuws\/vacature-project-lead-influencers\/\" class=\"grid-item-link grid-item\">\r\n            <img loading=\"lazy\" decoding=\"async\" width=\"3599\" height=\"2400\" src=\"https:\/\/social-enterprise.nl\/wp-content\/uploads\/2024\/08\/851623152468_vacaturebeeld.png\" class=\"attachment-small size-small wp-post-image\" alt=\"\" srcset=\"https:\/\/social-enterprise.nl\/wp-content\/uploads\/2024\/08\/851623152468_vacaturebeeld.png 3599w, https:\/\/social-enterprise.nl\/wp-content\/uploads\/2024\/08\/851623152468_vacaturebeeld-768x512.png 768w, https:\/\/social-enterprise.nl\/wp-content\/uploads\/2024\/08\/851623152468_vacaturebeeld-1536x1024.png 1536w, https:\/\/social-enterprise.nl\/wp-content\/uploads\/2024\/08\/851623152468_vacaturebeeld-2048x1366.png 2048w\" sizes=\"auto, (max-width: 3599px) 100vw, 3599px\" \/>            <div class=\"grid-item-content\">\r\n                <h2 class=\"grid-item-title\">Vacancy: Project Lead Influencers<\/h2>\r\n                <span class=\"grid-item-date\">8 June 2021<\/span>\r\n                <div class=\"grid-item-excerpt\">In 2020 Social Enterprise NL conducted\u00a0a scoping study\u00a0on the ways social enterprises can influence the&hellip;<\/div>\r\n                <!--<div><span class=\"grid-item-category\">Nieuws<\/span><\/div>-->\r\n            <\/div>\r\n        <\/a>\r\n                <a href=\"https:\/\/social-enterprise.nl\/en\/nieuws\/luister-nu-naar-systeem-op-de-schop-met-mud-jeans\/\" class=\"grid-item-link grid-item\">\r\n            <img loading=\"lazy\" decoding=\"async\" width=\"1200\" height=\"630\" src=\"https:\/\/social-enterprise.nl\/wp-content\/uploads\/2024\/08\/141623057000_SODS10_Bert_Socialmedia_breed-01.png\" class=\"attachment-small size-small wp-post-image\" alt=\"\" srcset=\"https:\/\/social-enterprise.nl\/wp-content\/uploads\/2024\/08\/141623057000_SODS10_Bert_Socialmedia_breed-01.png 1200w, https:\/\/social-enterprise.nl\/wp-content\/uploads\/2024\/08\/141623057000_SODS10_Bert_Socialmedia_breed-01-768x403.png 768w\" sizes=\"auto, (max-width: 1200px) 100vw, 1200px\" \/>            <div class=\"grid-item-content\">\r\n                <h2 class=\"grid-item-title\">Luister nu naar Systeem op de schop met MUD Jeans<\/h2>\r\n                <span class=\"grid-item-date\">7 June 2021<\/span>\r\n                <div class=\"grid-item-excerpt\">Als je zegt dat het de&nbsp;kledingindustrie de&nbsp;twee na vervuilendste industrie ter wereld is, gelooft iedereen&hellip;<\/div>\r\n                <!--<div><span class=\"grid-item-category\">Nieuws<\/span><\/div>-->\r\n            <\/div>\r\n        <\/a>\r\n                <a href=\"https:\/\/social-enterprise.nl\/en\/nieuws\/whitepaper-toeleiding-naar-werk-aan-de-onderkant-van-de-arbeidsmarkt-open-ter-consultatie\/\" class=\"grid-item-link grid-item\">\r\n            <img loading=\"lazy\" decoding=\"async\" width=\"1129\" height=\"794\" src=\"https:\/\/social-enterprise.nl\/wp-content\/uploads\/2024\/08\/961622728467_Schermafbeelding_2021-06-03_om_15.53.39.png\" class=\"attachment-small size-small wp-post-image\" alt=\"\" srcset=\"https:\/\/social-enterprise.nl\/wp-content\/uploads\/2024\/08\/961622728467_Schermafbeelding_2021-06-03_om_15.53.39.png 1129w, https:\/\/social-enterprise.nl\/wp-content\/uploads\/2024\/08\/961622728467_Schermafbeelding_2021-06-03_om_15.53.39-768x540.png 768w\" sizes=\"auto, (max-width: 1129px) 100vw, 1129px\" \/>            <div class=\"grid-item-content\">\r\n                <h2 class=\"grid-item-title\">Publicatie en consultatie whitepaper: naar een arbeidsmarkt die werkt voor iedereen<\/h2>\r\n                <span class=\"grid-item-date\">7 June 2021<\/span>\r\n                <div class=\"grid-item-excerpt\">Toeleiding: een complex vraagstukHet vraagstuk arbeidsparticipatie is groot en complex en boekt al decennia weinig&hellip;<\/div>\r\n                <!--<div><span class=\"grid-item-category\">Nieuws<\/span><\/div>-->\r\n            <\/div>\r\n        <\/a>\r\n                <a href=\"https:\/\/social-enterprise.nl\/en\/nieuws\/luister-nu-naar-systeem-op-de-schop-met-anita-groenink-van-midwest\/\" class=\"grid-item-link grid-item\">\r\n            <img loading=\"lazy\" decoding=\"async\" width=\"1200\" height=\"630\" src=\"https:\/\/social-enterprise.nl\/wp-content\/uploads\/2024\/08\/711622019499_SODS09_Anita_breed-02.png\" class=\"attachment-small size-small wp-post-image\" alt=\"\" srcset=\"https:\/\/social-enterprise.nl\/wp-content\/uploads\/2024\/08\/711622019499_SODS09_Anita_breed-02.png 1200w, https:\/\/social-enterprise.nl\/wp-content\/uploads\/2024\/08\/711622019499_SODS09_Anita_breed-02-768x403.png 768w\" sizes=\"auto, (max-width: 1200px) 100vw, 1200px\" \/>            <div class=\"grid-item-content\">\r\n                <h2 class=\"grid-item-title\">Luister nu naar Systeem op de schop met Anita Groenink van MidWest<\/h2>\r\n                <span class=\"grid-item-date\">26 May 2021<\/span>\r\n                <div class=\"grid-item-excerpt\">Anita&nbsp;had&nbsp;in&nbsp;de beginjaren na haar studie&nbsp;nog niet de impactbril op, maar&nbsp;het duurde niet heel lang voordat&hellip;<\/div>\r\n                <!--<div><span class=\"grid-item-category\">Nieuws<\/span><\/div>-->\r\n            <\/div>\r\n        <\/a>\r\n                <a href=\"https:\/\/social-enterprise.nl\/en\/nieuws\/lancering-ocean-blue-fund\/\" class=\"grid-item-link grid-item\">\r\n            <img loading=\"lazy\" decoding=\"async\" width=\"941\" height=\"627\" src=\"https:\/\/social-enterprise.nl\/wp-content\/uploads\/2024\/08\/441621944542_ocean.png\" class=\"attachment-small size-small wp-post-image\" alt=\"\" srcset=\"https:\/\/social-enterprise.nl\/wp-content\/uploads\/2024\/08\/441621944542_ocean.png 941w, https:\/\/social-enterprise.nl\/wp-content\/uploads\/2024\/08\/441621944542_ocean-768x512.png 768w\" sizes=\"auto, (max-width: 941px) 100vw, 941px\" \/>            <div class=\"grid-item-content\">\r\n                <h2 class=\"grid-item-title\">Lancering Ocean Blue Fund<\/h2>\r\n                <span class=\"grid-item-date\">25 May 2021<\/span>\r\n                <div class=\"grid-item-excerpt\">Het doel van het Ocean Blue Fund is om bedrijven die een positieve impact maken&hellip;<\/div>\r\n                <!--<div><span class=\"grid-item-category\">Nieuws<\/span><\/div>-->\r\n            <\/div>\r\n        <\/a>\r\n                <a href=\"https:\/\/social-enterprise.nl\/en\/nieuws\/de-bvm-geeft-vorm-aan-gewenste-maatschappelijke-ontwikkelingen\/\" class=\"grid-item-link grid-item\">\r\n            <img loading=\"lazy\" decoding=\"async\" width=\"960\" height=\"640\" src=\"https:\/\/social-enterprise.nl\/wp-content\/uploads\/2024\/08\/451621244182_government-3601904_960_720.jpeg\" class=\"attachment-small size-small wp-post-image\" alt=\"\" srcset=\"https:\/\/social-enterprise.nl\/wp-content\/uploads\/2024\/08\/451621244182_government-3601904_960_720.jpeg 960w, https:\/\/social-enterprise.nl\/wp-content\/uploads\/2024\/08\/451621244182_government-3601904_960_720-768x512.jpeg 768w\" sizes=\"auto, (max-width: 960px) 100vw, 960px\" \/>            <div class=\"grid-item-content\">\r\n                <h2 class=\"grid-item-title\">De BVm geeft vorm aan gewenste maatschappelijke ontwikkelingen<\/h2>\r\n                <span class=\"grid-item-date\">17 May 2021<\/span>\r\n                <div class=\"grid-item-excerpt\">Met veel enthousiasme en positieve waardering hebben wij gereageerd op de internetconsultatie van de aanzet&hellip;<\/div>\r\n                <!--<div><span class=\"grid-item-category\">Nieuws<\/span><\/div>-->\r\n            <\/div>\r\n        <\/a>\r\n                <a href=\"https:\/\/social-enterprise.nl\/en\/nieuws\/naar-de-impact-economie\/\" class=\"grid-item-link grid-item\">\r\n            <img loading=\"lazy\" decoding=\"async\" width=\"3542\" height=\"2084\" src=\"https:\/\/social-enterprise.nl\/wp-content\/uploads\/2024\/08\/581614777266_manifest_nieuws_Tekengebied_1.png\" class=\"attachment-small size-small wp-post-image\" alt=\"\" srcset=\"https:\/\/social-enterprise.nl\/wp-content\/uploads\/2024\/08\/581614777266_manifest_nieuws_Tekengebied_1.png 3542w, https:\/\/social-enterprise.nl\/wp-content\/uploads\/2024\/08\/581614777266_manifest_nieuws_Tekengebied_1-768x452.png 768w, https:\/\/social-enterprise.nl\/wp-content\/uploads\/2024\/08\/581614777266_manifest_nieuws_Tekengebied_1-1536x904.png 1536w, https:\/\/social-enterprise.nl\/wp-content\/uploads\/2024\/08\/581614777266_manifest_nieuws_Tekengebied_1-2048x1205.png 2048w\" sizes=\"auto, (max-width: 3542px) 100vw, 3542px\" \/>            <div class=\"grid-item-content\">\r\n                <h2 class=\"grid-item-title\">Naar de Impact Economie!<\/h2>\r\n                <span class=\"grid-item-date\">11 May 2021<\/span>\r\n                <div class=\"grid-item-excerpt\">De\u00a0transitie naar de Impact Economie kan alleen worden gerealiseerd als zowel ondernemers \u00e1ls de overheid&hellip;<\/div>\r\n                <!--<div><span class=\"grid-item-category\">Nieuws<\/span><\/div>-->\r\n            <\/div>\r\n        <\/a>\r\n                <a href=\"https:\/\/social-enterprise.nl\/en\/nieuws\/heb-jij-een-financieel-of-fiscaal-vraagstuk-waar-je-zelf-niet-uit-komt\/\" class=\"grid-item-link grid-item\">\r\n            <img loading=\"lazy\" decoding=\"async\" width=\"3600\" height=\"2400\" src=\"https:\/\/social-enterprise.nl\/wp-content\/uploads\/2024\/08\/891619610656_pwc_thumbnail.png\" class=\"attachment-small size-small wp-post-image\" alt=\"\" srcset=\"https:\/\/social-enterprise.nl\/wp-content\/uploads\/2024\/08\/891619610656_pwc_thumbnail.png 3600w, https:\/\/social-enterprise.nl\/wp-content\/uploads\/2024\/08\/891619610656_pwc_thumbnail-768x512.png 768w, https:\/\/social-enterprise.nl\/wp-content\/uploads\/2024\/08\/891619610656_pwc_thumbnail-1536x1024.png 1536w, https:\/\/social-enterprise.nl\/wp-content\/uploads\/2024\/08\/891619610656_pwc_thumbnail-2048x1365.png 2048w\" sizes=\"auto, (max-width: 3600px) 100vw, 3600px\" \/>            <div class=\"grid-item-content\">\r\n                <h2 class=\"grid-item-title\">Heb jij een financieel of fiscaal vraagstuk waar je zelf niet uit komt?<\/h2>\r\n                <span class=\"grid-item-date\">28 April 2021<\/span>\r\n                <div class=\"grid-item-excerpt\">Een project duurt gemiddeld tussen de 50 &#8211; 250 uur, heeft een doorlooptijd van 1&hellip;<\/div>\r\n                <!--<div><span class=\"grid-item-category\">Nieuws<\/span><\/div>-->\r\n            <\/div>\r\n        <\/a>\r\n                <a href=\"https:\/\/social-enterprise.nl\/en\/artikelen\/hoe-stichting-doen-bewonersinitiatieven-ondersteunt\/\" class=\"grid-item-link grid-item\">\r\n            <img loading=\"lazy\" decoding=\"async\" width=\"1920\" height=\"1280\" src=\"https:\/\/social-enterprise.nl\/wp-content\/uploads\/2024\/10\/Leeszaal_Rotterdam_West_DOEN_2019_01_17-003_foto_Ivar_Pel.jpg\" class=\"attachment-small size-small wp-post-image\" alt=\"\" srcset=\"https:\/\/social-enterprise.nl\/wp-content\/uploads\/2024\/10\/Leeszaal_Rotterdam_West_DOEN_2019_01_17-003_foto_Ivar_Pel.jpg 1920w, https:\/\/social-enterprise.nl\/wp-content\/uploads\/2024\/10\/Leeszaal_Rotterdam_West_DOEN_2019_01_17-003_foto_Ivar_Pel-768x512.jpg 768w, https:\/\/social-enterprise.nl\/wp-content\/uploads\/2024\/10\/Leeszaal_Rotterdam_West_DOEN_2019_01_17-003_foto_Ivar_Pel-1536x1024.jpg 1536w, https:\/\/social-enterprise.nl\/wp-content\/uploads\/2024\/10\/Leeszaal_Rotterdam_West_DOEN_2019_01_17-003_foto_Ivar_Pel-18x12.jpg 18w\" sizes=\"auto, (max-width: 1920px) 100vw, 1920px\" \/>            <div class=\"grid-item-content\">\r\n                <h2 class=\"grid-item-title\">Hoe Stichting DOEN bewonersinitiatieven ondersteunt<\/h2>\r\n                <span class=\"grid-item-date\">23 April 2021<\/span>\r\n                <div class=\"grid-item-excerpt\">Stichting DOEN is een van de projectpartners van het project\u00a0\u2018Social finance for community based social&hellip;<\/div>\r\n                <!--<div><span class=\"grid-item-category\">Artikelen<\/span><\/div>-->\r\n            <\/div>\r\n        <\/a>\r\n                <a href=\"https:\/\/social-enterprise.nl\/en\/nieuws\/luister-nu-naar-systeem-op-de-schop-met-de-correspondent\/\" class=\"grid-item-link grid-item\">\r\n            <img loading=\"lazy\" decoding=\"async\" width=\"3600\" height=\"1890\" src=\"https:\/\/social-enterprise.nl\/wp-content\/uploads\/2024\/08\/521618828916_Socialmedia_breed-Ernst-Jan_Pfauth2-01.png\" class=\"attachment-small size-small wp-post-image\" alt=\"\" srcset=\"https:\/\/social-enterprise.nl\/wp-content\/uploads\/2024\/08\/521618828916_Socialmedia_breed-Ernst-Jan_Pfauth2-01.png 3600w, https:\/\/social-enterprise.nl\/wp-content\/uploads\/2024\/08\/521618828916_Socialmedia_breed-Ernst-Jan_Pfauth2-01-768x403.png 768w, https:\/\/social-enterprise.nl\/wp-content\/uploads\/2024\/08\/521618828916_Socialmedia_breed-Ernst-Jan_Pfauth2-01-1536x806.png 1536w, https:\/\/social-enterprise.nl\/wp-content\/uploads\/2024\/08\/521618828916_Socialmedia_breed-Ernst-Jan_Pfauth2-01-2048x1075.png 2048w\" sizes=\"auto, (max-width: 3600px) 100vw, 3600px\" \/>            <div class=\"grid-item-content\">\r\n                <h2 class=\"grid-item-title\">Luister nu naar Systeem op de schop met De Correspondent<\/h2>\r\n                <span class=\"grid-item-date\">19 April 2021<\/span>\r\n                <div class=\"grid-item-excerpt\">In de studio ontvangen Stefan en Willemijn voor de 8e&nbsp;aflevering Ernst-Jan&nbsp;Pfauth, bekend als medeoprichter van&hellip;<\/div>\r\n                <!--<div><span class=\"grid-item-category\">Nieuws<\/span><\/div>-->\r\n            <\/div>\r\n        <\/a>\r\n                <a href=\"https:\/\/social-enterprise.nl\/en\/nieuws\/luister-nu-naar-systeem-op-de-schop-met-tine-de-moor\/\" class=\"grid-item-link grid-item\">\r\n            <img loading=\"lazy\" decoding=\"async\" width=\"3600\" height=\"1890\" src=\"https:\/\/social-enterprise.nl\/wp-content\/uploads\/2024\/08\/621617701961_Socialmedia_breed1-01.png\" class=\"attachment-small size-small wp-post-image\" alt=\"\" srcset=\"https:\/\/social-enterprise.nl\/wp-content\/uploads\/2024\/08\/621617701961_Socialmedia_breed1-01.png 3600w, https:\/\/social-enterprise.nl\/wp-content\/uploads\/2024\/08\/621617701961_Socialmedia_breed1-01-768x403.png 768w, https:\/\/social-enterprise.nl\/wp-content\/uploads\/2024\/08\/621617701961_Socialmedia_breed1-01-1536x806.png 1536w, https:\/\/social-enterprise.nl\/wp-content\/uploads\/2024\/08\/621617701961_Socialmedia_breed1-01-2048x1075.png 2048w\" sizes=\"auto, (max-width: 3600px) 100vw, 3600px\" \/>            <div class=\"grid-item-content\">\r\n                <h2 class=\"grid-item-title\">Luister nu naar Systeem op de schop met Tine de Moor<\/h2>\r\n                <span class=\"grid-item-date\">6 April 2021<\/span>\r\n                <div class=\"grid-item-excerpt\">Prof. Tine De Moor behaalde een doctoraat in de geschiedenis aan de Universiteit Gent (2003)&hellip;<\/div>\r\n                <!--<div><span class=\"grid-item-category\">Nieuws<\/span><\/div>-->\r\n            <\/div>\r\n        <\/a>\r\n                <a href=\"https:\/\/social-enterprise.nl\/en\/nieuws\/terugkijken-expertsessie-internetconsultatie-bvm\/\" class=\"grid-item-link grid-item\">\r\n            <img loading=\"lazy\" decoding=\"async\" width=\"693\" height=\"500\" src=\"https:\/\/social-enterprise.nl\/wp-content\/uploads\/2024\/08\/451617290811_d28f95d24fcf3615c8ce2899379a3c1b.png\" class=\"attachment-small size-small wp-post-image\" alt=\"\" \/>            <div class=\"grid-item-content\">\r\n                <h2 class=\"grid-item-title\">Terugkijken: Expertsessie internetconsultatie BVm<\/h2>\r\n                <span class=\"grid-item-date\">1 April 2021<\/span>\r\n                <div class=\"grid-item-excerpt\">Expertsessie Op dinsdag 30 maart vond de expertsessie plaats, waarbij zeven experts met elkaar in&hellip;<\/div>\r\n                <!--<div><span class=\"grid-item-category\">Nieuws<\/span><\/div>-->\r\n            <\/div>\r\n        <\/a>\r\n                <a href=\"https:\/\/social-enterprise.nl\/en\/nieuws\/1-miljoen-euro-voor-sociale-buurten-en-sterke-gemeenschappen\/\" class=\"grid-item-link grid-item\">\r\n            <img loading=\"lazy\" decoding=\"async\" width=\"1190\" height=\"803\" src=\"https:\/\/social-enterprise.nl\/wp-content\/uploads\/2024\/08\/691616573806_LSAB_892x602_SocialEnterprice_bannerbeeld.png\" class=\"attachment-small size-small wp-post-image\" alt=\"\" srcset=\"https:\/\/social-enterprise.nl\/wp-content\/uploads\/2024\/08\/691616573806_LSAB_892x602_SocialEnterprice_bannerbeeld.png 1190w, https:\/\/social-enterprise.nl\/wp-content\/uploads\/2024\/08\/691616573806_LSAB_892x602_SocialEnterprice_bannerbeeld-768x518.png 768w\" sizes=\"auto, (max-width: 1190px) 100vw, 1190px\" \/>            <div class=\"grid-item-content\">\r\n                <h2 class=\"grid-item-title\">1 miljoen euro voor sociale buurten en sterke gemeenschappen<\/h2>\r\n                <span class=\"grid-item-date\">24 March 2021<\/span>\r\n                <div class=\"grid-item-excerpt\">\u2018Kom op voor de kwetsbare gebieden\u2019 klinkt de oproep van 15 burgemeesters over de problemen&hellip;<\/div>\r\n                <!--<div><span class=\"grid-item-category\">Nieuws<\/span><\/div>-->\r\n            <\/div>\r\n        <\/a>\r\n                <a href=\"https:\/\/social-enterprise.nl\/en\/nieuws\/expertsessie-internetconsultatie-bvm\/\" class=\"grid-item-link grid-item\">\r\n            <img loading=\"lazy\" decoding=\"async\" width=\"1040\" height=\"750\" src=\"https:\/\/social-enterprise.nl\/wp-content\/uploads\/2024\/08\/441614786632_SENL_0011_Community.png\" class=\"attachment-small size-small wp-post-image\" alt=\"\" srcset=\"https:\/\/social-enterprise.nl\/wp-content\/uploads\/2024\/08\/441614786632_SENL_0011_Community.png 1040w, https:\/\/social-enterprise.nl\/wp-content\/uploads\/2024\/08\/441614786632_SENL_0011_Community-768x554.png 768w\" sizes=\"auto, (max-width: 1040px) 100vw, 1040px\" \/>            <div class=\"grid-item-content\">\r\n                <h2 class=\"grid-item-title\">Expertsessie internetconsultatie BVm<\/h2>\r\n                <span class=\"grid-item-date\">23 March 2021<\/span>\r\n                <div class=\"grid-item-excerpt\">Op 30 maart&nbsp;(16.30-18.00)&nbsp;organiseert&nbsp;Social&nbsp;Enterprise NL een&nbsp;expertsessie&nbsp;over&nbsp;de&nbsp;Aanzet&nbsp;wettelijke&nbsp;regeling voor&nbsp;de&nbsp;BVm&nbsp;die momenteel in internetconsultatie is (internetconsultatie.nl). Doel van de sessie&hellip;<\/div>\r\n                <!--<div><span class=\"grid-item-category\">Nieuws<\/span><\/div>-->\r\n            <\/div>\r\n        <\/a>\r\n                <a href=\"https:\/\/social-enterprise.nl\/en\/nieuws\/social-finance-for-community-based-social-enterprises\/\" class=\"grid-item-link grid-item\">\r\n            <img loading=\"lazy\" decoding=\"async\" width=\"1208\" height=\"819\" src=\"https:\/\/social-enterprise.nl\/wp-content\/uploads\/2024\/08\/131581520485_varkentje_met_geld.png\" class=\"attachment-small size-small wp-post-image\" alt=\"\" srcset=\"https:\/\/social-enterprise.nl\/wp-content\/uploads\/2024\/08\/131581520485_varkentje_met_geld.png 1208w, https:\/\/social-enterprise.nl\/wp-content\/uploads\/2024\/08\/131581520485_varkentje_met_geld-768x521.png 768w\" sizes=\"auto, (max-width: 1208px) 100vw, 1208px\" \/>            <div class=\"grid-item-content\">\r\n                <h2 class=\"grid-item-title\">Social Finance for Community Based Social Enterprises<\/h2>\r\n                <span class=\"grid-item-date\">23 March 2021<\/span>\r\n                <div class=\"grid-item-excerpt\">We gaan in 20 maanden in 4 fases aan de slag met het verbeteren van&hellip;<\/div>\r\n                <!--<div><span class=\"grid-item-category\">Nieuws<\/span><\/div>-->\r\n            <\/div>\r\n        <\/a>\r\n                <a href=\"https:\/\/social-enterprise.nl\/en\/nieuws\/luister-nu-naar-systeem-op-de-schop-met-the-dutch-weed-burger\/\" class=\"grid-item-link grid-item\">\r\n            <img loading=\"lazy\" decoding=\"async\" width=\"1200\" height=\"631\" src=\"https:\/\/social-enterprise.nl\/wp-content\/uploads\/2024\/08\/781616410879_SODS06_Mark_Kulsdom_breed.png\" class=\"attachment-small size-small wp-post-image\" alt=\"\" srcset=\"https:\/\/social-enterprise.nl\/wp-content\/uploads\/2024\/08\/781616410879_SODS06_Mark_Kulsdom_breed.png 1200w, https:\/\/social-enterprise.nl\/wp-content\/uploads\/2024\/08\/781616410879_SODS06_Mark_Kulsdom_breed-768x404.png 768w\" sizes=\"auto, (max-width: 1200px) 100vw, 1200px\" \/>            <div class=\"grid-item-content\">\r\n                <h2 class=\"grid-item-title\">Luister nu naar Systeem op de schop met The Dutch Weed Burger<\/h2>\r\n                <span class=\"grid-item-date\">22 March 2021<\/span>\r\n                <div class=\"grid-item-excerpt\">Een activist pur sang is te gast bij Stefan en Willemijn in deze 6e aflevering.&hellip;<\/div>\r\n                <!--<div><span class=\"grid-item-category\">Nieuws<\/span><\/div>-->\r\n            <\/div>\r\n        <\/a>\r\n                <a href=\"https:\/\/social-enterprise.nl\/en\/nieuws\/terugkijken-meetup-internetconsultatie-bvm\/\" class=\"grid-item-link grid-item\">\r\n            <img loading=\"lazy\" decoding=\"async\" width=\"1040\" height=\"750\" src=\"https:\/\/social-enterprise.nl\/wp-content\/uploads\/2024\/08\/441614786632_SENL_0011_Community.png\" class=\"attachment-small size-small wp-post-image\" alt=\"\" srcset=\"https:\/\/social-enterprise.nl\/wp-content\/uploads\/2024\/08\/441614786632_SENL_0011_Community.png 1040w, https:\/\/social-enterprise.nl\/wp-content\/uploads\/2024\/08\/441614786632_SENL_0011_Community-768x554.png 768w\" sizes=\"auto, (max-width: 1040px) 100vw, 1040px\" \/>            <div class=\"grid-item-content\">\r\n                <h2 class=\"grid-item-title\">Terugkijken: Meetup internetconsultatie BVm<\/h2>\r\n                <span class=\"grid-item-date\">17 March 2021<\/span>\r\n                <div class=\"grid-item-excerpt\">In de onderstaande video kijk je de Meetup terug. , Bekijk ook hier de powerpointslides&hellip;<\/div>\r\n                <!--<div><span class=\"grid-item-category\">Nieuws<\/span><\/div>-->\r\n            <\/div>\r\n        <\/a>\r\n                <a href=\"https:\/\/social-enterprise.nl\/en\/artikelen\/expeditie-impact-van-start\/\" class=\"grid-item-link grid-item\">\r\n            <img loading=\"lazy\" decoding=\"async\" width=\"800\" height=\"500\" src=\"https:\/\/social-enterprise.nl\/wp-content\/uploads\/2024\/10\/44e221a57c7c03d96d273490211c99ad.jpg\" class=\"attachment-small size-small wp-post-image\" alt=\"\" srcset=\"https:\/\/social-enterprise.nl\/wp-content\/uploads\/2024\/10\/44e221a57c7c03d96d273490211c99ad.jpg 800w, https:\/\/social-enterprise.nl\/wp-content\/uploads\/2024\/10\/44e221a57c7c03d96d273490211c99ad-768x480.jpg 768w, https:\/\/social-enterprise.nl\/wp-content\/uploads\/2024\/10\/44e221a57c7c03d96d273490211c99ad-18x12.jpg 18w\" sizes=\"auto, (max-width: 800px) 100vw, 800px\" \/>            <div class=\"grid-item-content\">\r\n                <h2 class=\"grid-item-title\">Expeditie Impact is van start!<\/h2>\r\n                <span class=\"grid-item-date\">16 March 2021<\/span>\r\n                <div class=\"grid-item-excerpt\">Twee weken geleden is Expeditie Impact opnieuw van start gegaan. Deze keer gefocust op Arbeidsparticipatie.&hellip;<\/div>\r\n                <!--<div><span class=\"grid-item-category\">Artikelen<\/span><\/div>-->\r\n            <\/div>\r\n        <\/a>\r\n                <a href=\"https:\/\/social-enterprise.nl\/en\/nieuws\/het-economiedebat-de-hoogtepunten\/\" class=\"grid-item-link grid-item\">\r\n            <img loading=\"lazy\" decoding=\"async\" width=\"1903\" height=\"982\" src=\"https:\/\/social-enterprise.nl\/wp-content\/uploads\/2024\/08\/851615813898_Schermafbeelding_2021-03-15_om_14.10.50.png\" class=\"attachment-small size-small wp-post-image\" alt=\"\" srcset=\"https:\/\/social-enterprise.nl\/wp-content\/uploads\/2024\/08\/851615813898_Schermafbeelding_2021-03-15_om_14.10.50.png 1903w, https:\/\/social-enterprise.nl\/wp-content\/uploads\/2024\/08\/851615813898_Schermafbeelding_2021-03-15_om_14.10.50-768x396.png 768w, https:\/\/social-enterprise.nl\/wp-content\/uploads\/2024\/08\/851615813898_Schermafbeelding_2021-03-15_om_14.10.50-1536x793.png 1536w\" sizes=\"auto, (max-width: 1903px) 100vw, 1903px\" \/>            <div class=\"grid-item-content\">\r\n                <h2 class=\"grid-item-title\">Het Economiedebat: de hoogtepunten<\/h2>\r\n                <span class=\"grid-item-date\">15 March 2021<\/span>\r\n                <div class=\"grid-item-excerpt\">Een toekomstbestendige economie\u00a0 Op 1 maart organiseerde Social Enterprise NL samen met De Balie Het&hellip;<\/div>\r\n                <!--<div><span class=\"grid-item-category\">Nieuws<\/span><\/div>-->\r\n            <\/div>\r\n        <\/a>\r\n                <a href=\"https:\/\/social-enterprise.nl\/en\/nieuws\/city-deal-impact-ondernemen-ondertekend\/\" class=\"grid-item-link grid-item\">\r\n            <img loading=\"lazy\" decoding=\"async\" width=\"700\" height=\"274\" src=\"https:\/\/social-enterprise.nl\/wp-content\/uploads\/2024\/08\/311615462177_beeldmerk_Impact_Ondernemen.png\" class=\"attachment-small size-small wp-post-image\" alt=\"\" \/>            <div class=\"grid-item-content\">\r\n                <h2 class=\"grid-item-title\">City deal Impact Ondernemen ondertekend!<\/h2>\r\n                <span class=\"grid-item-date\">11 March 2021<\/span>\r\n                <div class=\"grid-item-excerpt\">City Deal: versterken van impact ondernemen De City Deal Impact Ondernemen\u00a0is\u00a0tot stand\u00a0gekomen\u00a0onder verantwoordelijkheid van het&hellip;<\/div>\r\n                <!--<div><span class=\"grid-item-category\">Nieuws<\/span><\/div>-->\r\n            <\/div>\r\n        <\/a>\r\n                <a href=\"https:\/\/social-enterprise.nl\/en\/nieuws\/luister-nu-naar-systeem-op-de-schop-met-eppo-bruins-cu\/\" class=\"grid-item-link grid-item\">\r\n            <img loading=\"lazy\" decoding=\"async\" width=\"3600\" height=\"1890\" src=\"https:\/\/social-enterprise.nl\/wp-content\/uploads\/2024\/08\/201615282408_Socialmedia_breed-Eppo-01.png\" class=\"attachment-small size-small wp-post-image\" alt=\"\" srcset=\"https:\/\/social-enterprise.nl\/wp-content\/uploads\/2024\/08\/201615282408_Socialmedia_breed-Eppo-01.png 3600w, https:\/\/social-enterprise.nl\/wp-content\/uploads\/2024\/08\/201615282408_Socialmedia_breed-Eppo-01-768x403.png 768w, https:\/\/social-enterprise.nl\/wp-content\/uploads\/2024\/08\/201615282408_Socialmedia_breed-Eppo-01-1536x806.png 1536w, https:\/\/social-enterprise.nl\/wp-content\/uploads\/2024\/08\/201615282408_Socialmedia_breed-Eppo-01-2048x1075.png 2048w\" sizes=\"auto, (max-width: 3600px) 100vw, 3600px\" \/>            <div class=\"grid-item-content\">\r\n                <h2 class=\"grid-item-title\">Luister nu naar Systeem op de Schop met Eppo Bruins (CU)<\/h2>\r\n                <span class=\"grid-item-date\">9 March 2021<\/span>\r\n                <div class=\"grid-item-excerpt\">In de 5e aflevering vertelt Tweede Kamerlid\u00a0Eppo\u00a0Bruins (CU) aan Stefan en Willemijn hoe hij zich&hellip;<\/div>\r\n                <!--<div><span class=\"grid-item-category\">Nieuws<\/span><\/div>-->\r\n            <\/div>\r\n        <\/a>\r\n                <a href=\"https:\/\/social-enterprise.nl\/en\/nieuws\/manifest-impact-economie\/\" class=\"grid-item-link grid-item\">\r\n            <img loading=\"lazy\" decoding=\"async\" width=\"3542\" height=\"2084\" src=\"https:\/\/social-enterprise.nl\/wp-content\/uploads\/2024\/08\/581614777266_manifest_nieuws_Tekengebied_1.png\" class=\"attachment-small size-small wp-post-image\" alt=\"\" srcset=\"https:\/\/social-enterprise.nl\/wp-content\/uploads\/2024\/08\/581614777266_manifest_nieuws_Tekengebied_1.png 3542w, https:\/\/social-enterprise.nl\/wp-content\/uploads\/2024\/08\/581614777266_manifest_nieuws_Tekengebied_1-768x452.png 768w, https:\/\/social-enterprise.nl\/wp-content\/uploads\/2024\/08\/581614777266_manifest_nieuws_Tekengebied_1-1536x904.png 1536w, https:\/\/social-enterprise.nl\/wp-content\/uploads\/2024\/08\/581614777266_manifest_nieuws_Tekengebied_1-2048x1205.png 2048w\" sizes=\"auto, (max-width: 3542px) 100vw, 3542px\" \/>            <div class=\"grid-item-content\">\r\n                <h2 class=\"grid-item-title\">Manifest Impact Economie<\/h2>\r\n                <span class=\"grid-item-date\">3 March 2021<\/span>\r\n                <div class=\"grid-item-excerpt\">Ondernemers voor wie impact voorop staat zijn de koplopers van deze beweging naar een circulaire,&hellip;<\/div>\r\n                <!--<div><span class=\"grid-item-category\">Nieuws<\/span><\/div>-->\r\n            <\/div>\r\n        <\/a>\r\n                <a href=\"https:\/\/social-enterprise.nl\/en\/nieuws\/luister-nu-naar-systeem-op-de-schop-met-a-beautiful-mess\/\" class=\"grid-item-link grid-item\">\r\n            <img loading=\"lazy\" decoding=\"async\" width=\"1200\" height=\"630\" src=\"https:\/\/social-enterprise.nl\/wp-content\/uploads\/2024\/08\/741613987133_SODS04_Naz_breed-01.png\" class=\"attachment-small size-small wp-post-image\" alt=\"\" srcset=\"https:\/\/social-enterprise.nl\/wp-content\/uploads\/2024\/08\/741613987133_SODS04_Naz_breed-01.png 1200w, https:\/\/social-enterprise.nl\/wp-content\/uploads\/2024\/08\/741613987133_SODS04_Naz_breed-01-768x403.png 768w\" sizes=\"auto, (max-width: 1200px) 100vw, 1200px\" \/>            <div class=\"grid-item-content\">\r\n                <h2 class=\"grid-item-title\">Luister nu naar Systeem op de schop met A Beautiful Mess<\/h2>\r\n                <span class=\"grid-item-date\">22 February 2021<\/span>\r\n                <div class=\"grid-item-excerpt\">Stefan en Willemijn gaan in aflevering 4 in gesprek met&nbsp;Naz&nbsp;Kawan, co-founder&nbsp;van A&nbsp;Beautiful&nbsp;Mess. Een textielatelier waar&hellip;<\/div>\r\n                <!--<div><span class=\"grid-item-category\">Nieuws<\/span><\/div>-->\r\n            <\/div>\r\n        <\/a>\r\n                <a href=\"https:\/\/social-enterprise.nl\/en\/nieuws\/verkiezingen-het-economiedebat\/\" class=\"grid-item-link grid-item\">\r\n            <img loading=\"lazy\" decoding=\"async\" width=\"1920\" height=\"1080\" src=\"https:\/\/social-enterprise.nl\/wp-content\/uploads\/2024\/08\/721613391238_economiedebat.png\" class=\"attachment-small size-small wp-post-image\" alt=\"\" srcset=\"https:\/\/social-enterprise.nl\/wp-content\/uploads\/2024\/08\/721613391238_economiedebat.png 1920w, https:\/\/social-enterprise.nl\/wp-content\/uploads\/2024\/08\/721613391238_economiedebat-768x432.png 768w, https:\/\/social-enterprise.nl\/wp-content\/uploads\/2024\/08\/721613391238_economiedebat-1536x864.png 1536w\" sizes=\"auto, (max-width: 1920px) 100vw, 1920px\" \/>            <div class=\"grid-item-content\">\r\n                <h2 class=\"grid-item-title\">Verkiezingen: Het Economiedebat<\/h2>\r\n                <span class=\"grid-item-date\">18 February 2021<\/span>\r\n                <div class=\"grid-item-excerpt\">Moet er een periode van grote bezuinigingen volgen om het gat van de enorme staatsschuld&hellip;<\/div>\r\n                <!--<div><span class=\"grid-item-category\">Nieuws<\/span><\/div>-->\r\n            <\/div>\r\n        <\/a>\r\n                <a href=\"https:\/\/social-enterprise.nl\/en\/nieuws\/blik-met-ons-terug-op-2020\/\" class=\"grid-item-link grid-item\">\r\n            <img loading=\"lazy\" decoding=\"async\" width=\"834\" height=\"380\" src=\"https:\/\/social-enterprise.nl\/wp-content\/uploads\/2024\/08\/791613568602_jaaroverzicht2020_shot.png\" class=\"attachment-small size-small wp-post-image\" alt=\"\" srcset=\"https:\/\/social-enterprise.nl\/wp-content\/uploads\/2024\/08\/791613568602_jaaroverzicht2020_shot.png 834w, https:\/\/social-enterprise.nl\/wp-content\/uploads\/2024\/08\/791613568602_jaaroverzicht2020_shot-768x350.png 768w\" sizes=\"auto, (max-width: 834px) 100vw, 834px\" \/>            <div class=\"grid-item-content\">\r\n                <h2 class=\"grid-item-title\">Blik met ons terug op 2020!<\/h2>\r\n                <span class=\"grid-item-date\">17 February 2021<\/span>\r\n                <div class=\"grid-item-excerpt\">Of klik hier voor het jaaroverzicht in pdf.\u00a0<\/div>\r\n                <!--<div><span class=\"grid-item-category\">Nieuws<\/span><\/div>-->\r\n            <\/div>\r\n        <\/a>\r\n                <a href=\"https:\/\/social-enterprise.nl\/en\/nieuws\/luister-nu-naar-systeem-op-de-schop-met-fairphone\/\" class=\"grid-item-link grid-item\">\r\n            <img loading=\"lazy\" decoding=\"async\" width=\"1200\" height=\"630\" src=\"https:\/\/social-enterprise.nl\/wp-content\/uploads\/2024\/08\/921612787618_SODS03_Eva_breed-01.png\" class=\"attachment-small size-small wp-post-image\" alt=\"\" srcset=\"https:\/\/social-enterprise.nl\/wp-content\/uploads\/2024\/08\/921612787618_SODS03_Eva_breed-01.png 1200w, https:\/\/social-enterprise.nl\/wp-content\/uploads\/2024\/08\/921612787618_SODS03_Eva_breed-01-768x403.png 768w\" sizes=\"auto, (max-width: 1200px) 100vw, 1200px\" \/>            <div class=\"grid-item-content\">\r\n                <h2 class=\"grid-item-title\">Luister nu naar Systeem op de schop met Fairphone<\/h2>\r\n                <span class=\"grid-item-date\">8 February 2021<\/span>\r\n                <div class=\"grid-item-excerpt\">In de derde aflevering willen Stefan en Willemijn alles weten over de scale-up geheimen van&hellip;<\/div>\r\n                <!--<div><span class=\"grid-item-category\">Nieuws<\/span><\/div>-->\r\n            <\/div>\r\n        <\/a>\r\n                <a href=\"https:\/\/social-enterprise.nl\/en\/nieuws\/impact-entrepreneurs-masterclasses-1\/\" class=\"grid-item-link grid-item\">\r\n            <img loading=\"lazy\" decoding=\"async\" width=\"1200\" height=\"630\" src=\"https:\/\/social-enterprise.nl\/wp-content\/uploads\/2024\/08\/801611925227_COVER-FB_TALENT-LMS.jpeg\" class=\"attachment-small size-small wp-post-image\" alt=\"\" srcset=\"https:\/\/social-enterprise.nl\/wp-content\/uploads\/2024\/08\/801611925227_COVER-FB_TALENT-LMS.jpeg 1200w, https:\/\/social-enterprise.nl\/wp-content\/uploads\/2024\/08\/801611925227_COVER-FB_TALENT-LMS-768x403.jpeg 768w\" sizes=\"auto, (max-width: 1200px) 100vw, 1200px\" \/>            <div class=\"grid-item-content\">\r\n                <h2 class=\"grid-item-title\">The Impact Entrepreneurs masterclasses<\/h2>\r\n                <span class=\"grid-item-date\">29 January 2021<\/span>\r\n                <div class=\"grid-item-excerpt\">Er is een breed aanbod aan masterclasses waarin diverse onderwerpen aan bod komen.&nbsp;Voor The Impact&hellip;<\/div>\r\n                <!--<div><span class=\"grid-item-category\">Nieuws<\/span><\/div>-->\r\n            <\/div>\r\n        <\/a>\r\n                <a href=\"https:\/\/social-enterprise.nl\/en\/artikelen\/achter-de-schermen-bij-de-fietskoerier-utrecht\/\" class=\"grid-item-link grid-item\">\r\n            <img loading=\"lazy\" decoding=\"async\" width=\"370\" height=\"463\" src=\"https:\/\/social-enterprise.nl\/wp-content\/uploads\/2024\/10\/9b4144e677c2211cc5a5ee78d9345949.jpg\" class=\"attachment-small size-small wp-post-image\" alt=\"\" srcset=\"https:\/\/social-enterprise.nl\/wp-content\/uploads\/2024\/10\/9b4144e677c2211cc5a5ee78d9345949.jpg 370w, https:\/\/social-enterprise.nl\/wp-content\/uploads\/2024\/10\/9b4144e677c2211cc5a5ee78d9345949-10x12.jpg 10w\" sizes=\"auto, (max-width: 370px) 100vw, 370px\" \/>            <div class=\"grid-item-content\">\r\n                <h2 class=\"grid-item-title\">Achter de schermen bij&#8230; De Fietskoerier Utrecht<\/h2>\r\n                <span class=\"grid-item-date\">25 January 2021<\/span>\r\n                <div class=\"grid-item-excerpt\">De Fietskoerier Utrecht laat zien dat het bezorgen van pakketten en post meer kan zijn&hellip;<\/div>\r\n                <!--<div><span class=\"grid-item-category\">Artikelen<\/span><\/div>-->\r\n            <\/div>\r\n        <\/a>\r\n                <a href=\"https:\/\/social-enterprise.nl\/en\/nieuws\/nieuw-de-podcast-systeem-op-de-schop\/\" class=\"grid-item-link grid-item\">\r\n            <img loading=\"lazy\" decoding=\"async\" width=\"1440\" height=\"798\" src=\"https:\/\/social-enterprise.nl\/wp-content\/uploads\/2021\/01\/Banner944-edit.jpg\" class=\"attachment-small size-small wp-post-image\" alt=\"\" srcset=\"https:\/\/social-enterprise.nl\/wp-content\/uploads\/2021\/01\/Banner944-edit.jpg 1440w, https:\/\/social-enterprise.nl\/wp-content\/uploads\/2021\/01\/Banner944-edit-768x426.jpg 768w, https:\/\/social-enterprise.nl\/wp-content\/uploads\/2021\/01\/Banner944-edit-18x10.jpg 18w\" sizes=\"auto, (max-width: 1440px) 100vw, 1440px\" \/>            <div class=\"grid-item-content\">\r\n                <h2 class=\"grid-item-title\">Nieuw: de podcast Systeem op de Schop<\/h2>\r\n                <span class=\"grid-item-date\">15 January 2021<\/span>\r\n                <div class=\"grid-item-excerpt\">Systeem op de schop is de podcast over sociaal ondernemen, de impact economie en alles&hellip;<\/div>\r\n                <!--<div><span class=\"grid-item-category\">Nieuws<\/span><\/div>-->\r\n            <\/div>\r\n        <\/a>\r\n                <a href=\"https:\/\/social-enterprise.nl\/en\/nieuws\/doe-goed-met-data-toolbox-een-stappenplan-om-datagedreven-impact-te-maken\/\" class=\"grid-item-link grid-item\">\r\n            <img loading=\"lazy\" decoding=\"async\" width=\"1333\" height=\"585\" src=\"https:\/\/social-enterprise.nl\/wp-content\/uploads\/2024\/08\/311610616167_Doe_Goed_Met_Data_Toolbox.png\" class=\"attachment-small size-small wp-post-image\" alt=\"\" srcset=\"https:\/\/social-enterprise.nl\/wp-content\/uploads\/2024\/08\/311610616167_Doe_Goed_Met_Data_Toolbox.png 1333w, https:\/\/social-enterprise.nl\/wp-content\/uploads\/2024\/08\/311610616167_Doe_Goed_Met_Data_Toolbox-768x337.png 768w\" sizes=\"auto, (max-width: 1333px) 100vw, 1333px\" \/>            <div class=\"grid-item-content\">\r\n                <h2 class=\"grid-item-title\">Doe Goed Met Data toolbox: Een stappenplan om datagedreven impact te maken<\/h2>\r\n                <span class=\"grid-item-date\">14 January 2021<\/span>\r\n                <div class=\"grid-item-excerpt\">De afgelopen maanden hebben wij samen met&nbsp;sociale onderneming&nbsp;Diversion,&nbsp;Connect&nbsp;Holland, JADS MKB Datalabs,&nbsp;Multitude&nbsp;en een hele hoop sociaal&hellip;<\/div>\r\n                <!--<div><span class=\"grid-item-category\">Nieuws<\/span><\/div>-->\r\n            <\/div>\r\n        <\/a>\r\n                <a href=\"https:\/\/social-enterprise.nl\/en\/nieuws\/social-enterprise-nl-verwelkomt-17-nieuwe-leden\/\" class=\"grid-item-link grid-item\">\r\n            <img loading=\"lazy\" decoding=\"async\" width=\"1280\" height=\"720\" src=\"https:\/\/social-enterprise.nl\/wp-content\/uploads\/2024\/08\/551610037329_SENL_nieuwe_leden_5_januari_2021.jpg\" class=\"attachment-small size-small wp-post-image\" alt=\"\" srcset=\"https:\/\/social-enterprise.nl\/wp-content\/uploads\/2024\/08\/551610037329_SENL_nieuwe_leden_5_januari_2021.jpg 1280w, https:\/\/social-enterprise.nl\/wp-content\/uploads\/2024\/08\/551610037329_SENL_nieuwe_leden_5_januari_2021-768x432.jpg 768w\" sizes=\"auto, (max-width: 1280px) 100vw, 1280px\" \/>            <div class=\"grid-item-content\">\r\n                <h2 class=\"grid-item-title\">Social Enterprise NL verwelkomt 17 nieuwe leden!<\/h2>\r\n                <span class=\"grid-item-date\">8 January 2021<\/span>\r\n                <div class=\"grid-item-excerpt\">ARGO360 ARGO360 helpt organisaties met de afvoer en verwerking van overtollige en\/of afgeschreven ICT-apparatuur, zoals&hellip;<\/div>\r\n                <!--<div><span class=\"grid-item-category\">Nieuws<\/span><\/div>-->\r\n            <\/div>\r\n        <\/a>\r\n                <a href=\"https:\/\/social-enterprise.nl\/en\/nieuws\/onderzoek-zicht-op-duurzame-samenwerking-tussen-gemeenten-en-sociaal-ondernemers\/\" class=\"grid-item-link grid-item\">\r\n            <img loading=\"lazy\" decoding=\"async\" width=\"1200\" height=\"750\" src=\"https:\/\/social-enterprise.nl\/wp-content\/uploads\/2024\/08\/631606815614_onderzoek_pwc.png\" class=\"attachment-small size-small wp-post-image\" alt=\"\" srcset=\"https:\/\/social-enterprise.nl\/wp-content\/uploads\/2024\/08\/631606815614_onderzoek_pwc.png 1200w, https:\/\/social-enterprise.nl\/wp-content\/uploads\/2024\/08\/631606815614_onderzoek_pwc-768x480.png 768w\" sizes=\"auto, (max-width: 1200px) 100vw, 1200px\" \/>            <div class=\"grid-item-content\">\r\n                <h2 class=\"grid-item-title\">Onderzoek: zicht op duurzame samenwerking tussen gemeenten en sociaal ondernemers<\/h2>\r\n                <span class=\"grid-item-date\">1 December 2020<\/span>\r\n                <div class=\"grid-item-excerpt\">Gemeenten geven aan dat zij de afgelopen twee jaar behoorlijke stappen hebben gezet ter verbetering&hellip;<\/div>\r\n                <!--<div><span class=\"grid-item-category\">Nieuws<\/span><\/div>-->\r\n            <\/div>\r\n        <\/a>\r\n                <a href=\"https:\/\/social-enterprise.nl\/en\/nieuws\/dit-was-de-social-enterprise-scriptieprijs-2020\/\" class=\"grid-item-link grid-item\">\r\n            <img loading=\"lazy\" decoding=\"async\" width=\"533\" height=\"400\" src=\"https:\/\/social-enterprise.nl\/wp-content\/uploads\/2024\/09\/4ff21e14e23d8e494cced54ec0757887.jpg\" class=\"attachment-small size-small wp-post-image\" alt=\"\" srcset=\"https:\/\/social-enterprise.nl\/wp-content\/uploads\/2024\/09\/4ff21e14e23d8e494cced54ec0757887.jpg 533w, https:\/\/social-enterprise.nl\/wp-content\/uploads\/2024\/09\/4ff21e14e23d8e494cced54ec0757887-16x12.jpg 16w\" sizes=\"auto, (max-width: 533px) 100vw, 533px\" \/>            <div class=\"grid-item-content\">\r\n                <h2 class=\"grid-item-title\">Dit was de Social Enterprise Scriptieprijs 2020<\/h2>\r\n                <span class=\"grid-item-date\">30 November 2020<\/span>\r\n                <div class=\"grid-item-excerpt\">De Social Enterprise Scriptieprijs wordt ieder jaar uitgereikt aan de student met de beste scriptie&hellip;<\/div>\r\n                <!--<div><span class=\"grid-item-category\">Nieuws<\/span><\/div>-->\r\n            <\/div>\r\n        <\/a>\r\n                <a href=\"https:\/\/social-enterprise.nl\/en\/nieuws\/the-impact-entrepreneurs-masterclasses\/\" class=\"grid-item-link grid-item\">\r\n            <img loading=\"lazy\" decoding=\"async\" width=\"1170\" height=\"450\" src=\"https:\/\/social-enterprise.nl\/wp-content\/uploads\/2024\/08\/861606813565_COVER-Masterclass_DEF.jpg\" class=\"attachment-small size-small wp-post-image\" alt=\"\" srcset=\"https:\/\/social-enterprise.nl\/wp-content\/uploads\/2024\/08\/861606813565_COVER-Masterclass_DEF.jpg 1170w, https:\/\/social-enterprise.nl\/wp-content\/uploads\/2024\/08\/861606813565_COVER-Masterclass_DEF-768x295.jpg 768w\" sizes=\"auto, (max-width: 1170px) 100vw, 1170px\" \/>            <div class=\"grid-item-content\">\r\n                <h2 class=\"grid-item-title\">The Impact Entrepreneurs &#8211; Masterclasses<\/h2>\r\n                <span class=\"grid-item-date\">26 November 2020<\/span>\r\n                <div class=\"grid-item-excerpt\">Elk succesvol bedrijf begint met een slim idee. Denk aan inspirerende rolmodellen in de impact-community,&hellip;<\/div>\r\n                <!--<div><span class=\"grid-item-category\">Nieuws<\/span><\/div>-->\r\n            <\/div>\r\n        <\/a>\r\n                <a href=\"https:\/\/social-enterprise.nl\/en\/nieuws\/sociale-ondernemingen-innoveren-door-de-crisis\/\" class=\"grid-item-link grid-item\">\r\n            <img loading=\"lazy\" decoding=\"async\" width=\"1361\" height=\"1361\" src=\"https:\/\/social-enterprise.nl\/wp-content\/uploads\/2024\/08\/881606126823_Infographic_Survey_november_2020_def.png\" class=\"attachment-small size-small wp-post-image\" alt=\"\" srcset=\"https:\/\/social-enterprise.nl\/wp-content\/uploads\/2024\/08\/881606126823_Infographic_Survey_november_2020_def.png 1361w, https:\/\/social-enterprise.nl\/wp-content\/uploads\/2024\/08\/881606126823_Infographic_Survey_november_2020_def-768x768.png 768w\" sizes=\"auto, (max-width: 1361px) 100vw, 1361px\" \/>            <div class=\"grid-item-content\">\r\n                <h2 class=\"grid-item-title\">Sociale ondernemingen innoveren door de crisis<\/h2>\r\n                <span class=\"grid-item-date\">23 November 2020<\/span>\r\n                <div class=\"grid-item-excerpt\">Bijna driekwart van de sociale ondernemingen verwacht dit jaar een lagere omzet maar bij slechts&hellip;<\/div>\r\n                <!--<div><span class=\"grid-item-category\">Nieuws<\/span><\/div>-->\r\n            <\/div>\r\n        <\/a>\r\n                <a href=\"https:\/\/social-enterprise.nl\/en\/nieuws\/social-enterprise-nl-winnaar-european-enterprise-promotion-award\/\" class=\"grid-item-link grid-item\">\r\n            <img loading=\"lazy\" decoding=\"async\" width=\"1281\" height=\"773\" src=\"https:\/\/social-enterprise.nl\/wp-content\/uploads\/2024\/08\/321605535481_EEPA4.png\" class=\"attachment-small size-small wp-post-image\" alt=\"\" srcset=\"https:\/\/social-enterprise.nl\/wp-content\/uploads\/2024\/08\/321605535481_EEPA4.png 1281w, https:\/\/social-enterprise.nl\/wp-content\/uploads\/2024\/08\/321605535481_EEPA4-768x463.png 768w\" sizes=\"auto, (max-width: 1281px) 100vw, 1281px\" \/>            <div class=\"grid-item-content\">\r\n                <h2 class=\"grid-item-title\">Social Enterprise NL winnaar European Enterprise Promotion Award<\/h2>\r\n                <span class=\"grid-item-date\">16 November 2020<\/span>\r\n                <div class=\"grid-item-excerpt\">Social Enterprise NL ziet de award als een mooie bekroning op haar werk. Mark Hillen,&hellip;<\/div>\r\n                <!--<div><span class=\"grid-item-category\">Nieuws<\/span><\/div>-->\r\n            <\/div>\r\n        <\/a>\r\n                <a href=\"https:\/\/social-enterprise.nl\/en\/nieuws\/publication-research-report-social-enterprises-as-influencers-of-the-broader-business-community\/\" class=\"grid-item-link grid-item\">\r\n            <img loading=\"lazy\" decoding=\"async\" width=\"2481\" height=\"1536\" src=\"https:\/\/social-enterprise.nl\/wp-content\/uploads\/2024\/08\/441604933487_influencers_rapport_groot_.png\" class=\"attachment-small size-small wp-post-image\" alt=\"\" srcset=\"https:\/\/social-enterprise.nl\/wp-content\/uploads\/2024\/08\/441604933487_influencers_rapport_groot_.png 2481w, https:\/\/social-enterprise.nl\/wp-content\/uploads\/2024\/08\/441604933487_influencers_rapport_groot_-768x475.png 768w, https:\/\/social-enterprise.nl\/wp-content\/uploads\/2024\/08\/441604933487_influencers_rapport_groot_-1536x951.png 1536w, https:\/\/social-enterprise.nl\/wp-content\/uploads\/2024\/08\/441604933487_influencers_rapport_groot_-2048x1268.png 2048w\" sizes=\"auto, (max-width: 2481px) 100vw, 2481px\" \/>            <div class=\"grid-item-content\">\r\n                <h2 class=\"grid-item-title\">Publication research report &lsquo;Social Enterprises as Influencers of the Broader Business Community&rsquo;<\/h2>\r\n                <span class=\"grid-item-date\">9 November 2020<\/span>\r\n                <div class=\"grid-item-excerpt\">Social enterprises \u2013 companies with an impact first mission \u2013 play a crucial role in&hellip;<\/div>\r\n                <!--<div><span class=\"grid-item-category\">Nieuws<\/span><\/div>-->\r\n            <\/div>\r\n        <\/a>\r\n                <a href=\"https:\/\/social-enterprise.nl\/en\/nieuws\/drie-partijen-slaan-handen-ineen-voor-betere-financiering-bewonersbedrijven\/\" class=\"grid-item-link grid-item\">\r\n            <img loading=\"lazy\" decoding=\"async\" width=\"1000\" height=\"522\" src=\"https:\/\/social-enterprise.nl\/wp-content\/uploads\/2024\/08\/371604668491_sc.jpeg\" class=\"attachment-small size-small wp-post-image\" alt=\"\" srcset=\"https:\/\/social-enterprise.nl\/wp-content\/uploads\/2024\/08\/371604668491_sc.jpeg 1000w, https:\/\/social-enterprise.nl\/wp-content\/uploads\/2024\/08\/371604668491_sc-768x401.jpeg 768w\" sizes=\"auto, (max-width: 1000px) 100vw, 1000px\" \/>            <div class=\"grid-item-content\">\r\n                <h2 class=\"grid-item-title\">Drie partijen slaan handen ineen voor betere financiering BewonersBedrijven<\/h2>\r\n                <span class=\"grid-item-date\">6 November 2020<\/span>\r\n                <div class=\"grid-item-excerpt\">In steeds meer buurten vind je BewonersBedrijven, sociale ondernemingen die gerund worden door bewoners. Samen&hellip;<\/div>\r\n                <!--<div><span class=\"grid-item-category\">Nieuws<\/span><\/div>-->\r\n            <\/div>\r\n        <\/a>\r\n                <a href=\"https:\/\/social-enterprise.nl\/en\/nieuws\/sociale-ondernemingen-financieel-gezond-maar-hard-getroffen-door-corona\/\" class=\"grid-item-link grid-item\">\r\n            <img loading=\"lazy\" decoding=\"async\" width=\"1684\" height=\"1191\" src=\"https:\/\/social-enterprise.nl\/wp-content\/uploads\/2024\/08\/561599460831_Infographic_SEM_2020.png\" class=\"attachment-small size-small wp-post-image\" alt=\"\" srcset=\"https:\/\/social-enterprise.nl\/wp-content\/uploads\/2024\/08\/561599460831_Infographic_SEM_2020.png 1684w, https:\/\/social-enterprise.nl\/wp-content\/uploads\/2024\/08\/561599460831_Infographic_SEM_2020-768x543.png 768w, https:\/\/social-enterprise.nl\/wp-content\/uploads\/2024\/08\/561599460831_Infographic_SEM_2020-1536x1086.png 1536w\" sizes=\"auto, (max-width: 1684px) 100vw, 1684px\" \/>            <div class=\"grid-item-content\">\r\n                <h2 class=\"grid-item-title\">Sociale ondernemingen financieel gezond, maar hard getroffen door Corona<\/h2>\r\n                <span class=\"grid-item-date\">7 September 2020<\/span>\r\n                <div class=\"grid-item-excerpt\">Bekijk hier de infographic met de resultaten uit de Social Enterprise Monitor 2020. Sociale ondernemingen&hellip;<\/div>\r\n                <!--<div><span class=\"grid-item-category\">Nieuws<\/span><\/div>-->\r\n            <\/div>\r\n        <\/a>\r\n                <a href=\"https:\/\/social-enterprise.nl\/en\/nieuws\/prof-tine-de-moor-gaat-evolutie-sociale-ondernemingen-onderzoeken-bij-rsm\/\" class=\"grid-item-link grid-item\">\r\n            <img loading=\"lazy\" decoding=\"async\" width=\"562\" height=\"400\" src=\"https:\/\/social-enterprise.nl\/wp-content\/uploads\/2024\/08\/821599035851_csm_3e0d10a0980d4c5bdcee60633c6280fc-db0a0700-ec6a-11ea-b9fc-adf85f2f9f8a_629232d855.png\" class=\"attachment-small size-small wp-post-image\" alt=\"\" \/>            <div class=\"grid-item-content\">\r\n                <h2 class=\"grid-item-title\">Prof. Tine De Moor gaat evolutie sociale ondernemingen onderzoeken bij RSM<\/h2>\r\n                <span class=\"grid-item-date\">2 September 2020<\/span>\r\n                <div class=\"grid-item-excerpt\">Hierbij zal bijzondere aandacht besteed worden aan de opkomst van instituties voor collectieve actie in&hellip;<\/div>\r\n                <!--<div><span class=\"grid-item-category\">Nieuws<\/span><\/div>-->\r\n            <\/div>\r\n        <\/a>\r\n                <a href=\"https:\/\/social-enterprise.nl\/en\/nieuws\/social-enterprise-scriptieprijs-2020\/\" class=\"grid-item-link grid-item\">\r\n            <img loading=\"lazy\" decoding=\"async\" width=\"1440\" height=\"962\" src=\"https:\/\/social-enterprise.nl\/wp-content\/uploads\/2020\/08\/dsc016.jpg\" class=\"attachment-small size-small wp-post-image\" alt=\"\" srcset=\"https:\/\/social-enterprise.nl\/wp-content\/uploads\/2020\/08\/dsc016.jpg 1440w, https:\/\/social-enterprise.nl\/wp-content\/uploads\/2020\/08\/dsc016-768x513.jpg 768w, https:\/\/social-enterprise.nl\/wp-content\/uploads\/2020\/08\/dsc016-18x12.jpg 18w\" sizes=\"auto, (max-width: 1440px) 100vw, 1440px\" \/>            <div class=\"grid-item-content\">\r\n                <h2 class=\"grid-item-title\">Social Enterprise Scriptieprijs 2020<\/h2>\r\n                <span class=\"grid-item-date\">5 August 2020<\/span>\r\n                <div class=\"grid-item-excerpt\">Steeds vaker schrijven studenten hun scriptie over sociaal ondernemerschap. Een positieve ontwikkeling, want meer kennis&hellip;<\/div>\r\n                <!--<div><span class=\"grid-item-category\">Nieuws<\/span><\/div>-->\r\n            <\/div>\r\n        <\/a>\r\n                <a href=\"https:\/\/social-enterprise.nl\/en\/nieuws\/sociaal-ondernemers-zien-kansen-tijdens-corona-maar-voor-1-op-de-5-komt-voortbestaan-in-gevaar\/\" class=\"grid-item-link grid-item\">\r\n            <img loading=\"lazy\" decoding=\"async\" width=\"2500\" height=\"1000\" src=\"https:\/\/social-enterprise.nl\/wp-content\/uploads\/2024\/08\/301595343576_023_Free_assignment_2.jpg\" class=\"attachment-small size-small wp-post-image\" alt=\"\" srcset=\"https:\/\/social-enterprise.nl\/wp-content\/uploads\/2024\/08\/301595343576_023_Free_assignment_2.jpg 2500w, https:\/\/social-enterprise.nl\/wp-content\/uploads\/2024\/08\/301595343576_023_Free_assignment_2-768x307.jpg 768w, https:\/\/social-enterprise.nl\/wp-content\/uploads\/2024\/08\/301595343576_023_Free_assignment_2-1536x614.jpg 1536w, https:\/\/social-enterprise.nl\/wp-content\/uploads\/2024\/08\/301595343576_023_Free_assignment_2-2048x819.jpg 2048w\" sizes=\"auto, (max-width: 2500px) 100vw, 2500px\" \/>            <div class=\"grid-item-content\">\r\n                <h2 class=\"grid-item-title\">Sociaal ondernemers zien kansen tijdens corona, maar voor 1 op de 5 komt voortbestaan in gevaar<\/h2>\r\n                <span class=\"grid-item-date\">31 July 2020<\/span>\r\n                <div class=\"grid-item-excerpt\">Sociale ondernemingen zijn hard getroffen door de coronacrisis, maar hoe hard precies? 74% van de&hellip;<\/div>\r\n                <!--<div><span class=\"grid-item-category\">Nieuws<\/span><\/div>-->\r\n            <\/div>\r\n        <\/a>\r\n                <a href=\"https:\/\/social-enterprise.nl\/en\/nieuws\/vacature-community-en-eventmedewerker\/\" class=\"grid-item-link grid-item\">\r\n            <img loading=\"lazy\" decoding=\"async\" width=\"1440\" height=\"949\" src=\"https:\/\/social-enterprise.nl\/wp-content\/uploads\/2020\/07\/831573729223_teamfoto2019_crop-scaled-1.jpg\" class=\"attachment-small size-small wp-post-image\" alt=\"\" srcset=\"https:\/\/social-enterprise.nl\/wp-content\/uploads\/2020\/07\/831573729223_teamfoto2019_crop-scaled-1.jpg 1440w, https:\/\/social-enterprise.nl\/wp-content\/uploads\/2020\/07\/831573729223_teamfoto2019_crop-scaled-1-768x506.jpg 768w, https:\/\/social-enterprise.nl\/wp-content\/uploads\/2020\/07\/831573729223_teamfoto2019_crop-scaled-1-18x12.jpg 18w\" sizes=\"auto, (max-width: 1440px) 100vw, 1440px\" \/>            <div class=\"grid-item-content\">\r\n                <h2 class=\"grid-item-title\">Vacature Community en Eventmedewerker<\/h2>\r\n                <span class=\"grid-item-date\">28 July 2020<\/span>\r\n                <div class=\"grid-item-excerpt\">Social Enterprise NL is aanjager van de groeiende beweging van sociaal ondernemers in Nederland. Sociaal&hellip;<\/div>\r\n                <!--<div><span class=\"grid-item-category\">Nieuws<\/span><\/div>-->\r\n            <\/div>\r\n        <\/a>\r\n                <a href=\"https:\/\/social-enterprise.nl\/en\/nieuws\/ben-jij-al-bekend-met-inclusief-werkt\/\" class=\"grid-item-link grid-item\">\r\n            <img loading=\"lazy\" decoding=\"async\" width=\"874\" height=\"826\" src=\"https:\/\/social-enterprise.nl\/wp-content\/uploads\/2024\/08\/241597303763_Illustratie_Kenniscentrum1.jpg\" class=\"attachment-small size-small wp-post-image\" alt=\"\" srcset=\"https:\/\/social-enterprise.nl\/wp-content\/uploads\/2024\/08\/241597303763_Illustratie_Kenniscentrum1.jpg 874w, https:\/\/social-enterprise.nl\/wp-content\/uploads\/2024\/08\/241597303763_Illustratie_Kenniscentrum1-768x726.jpg 768w\" sizes=\"auto, (max-width: 874px) 100vw, 874px\" \/>            <div class=\"grid-item-content\">\r\n                <h2 class=\"grid-item-title\">Ben jij al bekend met Inclusief werkt?<\/h2>\r\n                <span class=\"grid-item-date\">24 July 2020<\/span>\r\n                <div class=\"grid-item-excerpt\">Praktijkgerichte kennis voor sociaal ondernemers Op de website www.inclusiefwerkt.nl staan &#8211; veelal gratis te gebruiken&hellip;<\/div>\r\n                <!--<div><span class=\"grid-item-category\">Nieuws<\/span><\/div>-->\r\n            <\/div>\r\n        <\/a>\r\n                <a href=\"https:\/\/social-enterprise.nl\/en\/nieuws\/faq-over-de-introductie-van-de-bvm\/\" class=\"grid-item-link grid-item\">\r\n            <img loading=\"lazy\" decoding=\"async\" width=\"1040\" height=\"750\" src=\"https:\/\/social-enterprise.nl\/wp-content\/uploads\/2024\/08\/691595343546_SENL_0011_Community.png\" class=\"attachment-small size-small wp-post-image\" alt=\"\" srcset=\"https:\/\/social-enterprise.nl\/wp-content\/uploads\/2024\/08\/691595343546_SENL_0011_Community.png 1040w, https:\/\/social-enterprise.nl\/wp-content\/uploads\/2024\/08\/691595343546_SENL_0011_Community-768x554.png 768w\" sizes=\"auto, (max-width: 1040px) 100vw, 1040px\" \/>            <div class=\"grid-item-content\">\r\n                <h2 class=\"grid-item-title\">FAQ over de introductie van de BVm<\/h2>\r\n                <span class=\"grid-item-date\">21 July 2020<\/span>\r\n                <div class=\"grid-item-excerpt\">Wanneer komt de BVm er dan? (en komt ie er echt?) De afgelopen jaren zijn&hellip;<\/div>\r\n                <!--<div><span class=\"grid-item-category\">Nieuws<\/span><\/div>-->\r\n            <\/div>\r\n        <\/a>\r\n                <a href=\"https:\/\/social-enterprise.nl\/en\/nieuws\/goed-nieuws-kabinet-kiest-voor-bvm-en-meer-stimuleringsregelingen\/\" class=\"grid-item-link grid-item\">\r\n            <img loading=\"lazy\" decoding=\"async\" width=\"1250\" height=\"1250\" src=\"https:\/\/social-enterprise.nl\/wp-content\/uploads\/2024\/08\/261594384645_mona-keijzer-1.jpg\" class=\"attachment-small size-small wp-post-image\" alt=\"\" srcset=\"https:\/\/social-enterprise.nl\/wp-content\/uploads\/2024\/08\/261594384645_mona-keijzer-1.jpg 1250w, https:\/\/social-enterprise.nl\/wp-content\/uploads\/2024\/08\/261594384645_mona-keijzer-1-768x768.jpg 768w\" sizes=\"auto, (max-width: 1250px) 100vw, 1250px\" \/>            <div class=\"grid-item-content\">\r\n                <h2 class=\"grid-item-title\">GOED NIEUWS &#8211; Kabinet kiest voor BVm en meer stimuleringsregelingen<\/h2>\r\n                <span class=\"grid-item-date\">10 July 2020<\/span>\r\n                <div class=\"grid-item-excerpt\">rechtsvorm sociale ondernemingen, bvm<\/div>\r\n                <!--<div><span class=\"grid-item-category\">Nieuws<\/span><\/div>-->\r\n            <\/div>\r\n        <\/a>\r\n                <a href=\"https:\/\/social-enterprise.nl\/en\/nieuws\/join-sewf-digital-het-grootste-online-social-enterprise-event\/\" class=\"grid-item-link grid-item\">\r\n            <img loading=\"lazy\" decoding=\"async\" width=\"1024\" height=\"512\" src=\"https:\/\/social-enterprise.nl\/wp-content\/uploads\/2024\/08\/791595413331_Connect_4_1.png\" class=\"attachment-small size-small wp-post-image\" alt=\"\" srcset=\"https:\/\/social-enterprise.nl\/wp-content\/uploads\/2024\/08\/791595413331_Connect_4_1.png 1024w, https:\/\/social-enterprise.nl\/wp-content\/uploads\/2024\/08\/791595413331_Connect_4_1-768x384.png 768w\" sizes=\"auto, (max-width: 1024px) 100vw, 1024px\" \/>            <div class=\"grid-item-content\">\r\n                <h2 class=\"grid-item-title\">Join SEWF Digital, het grootste online social enterprise event<\/h2>\r\n                <span class=\"grid-item-date\">6 July 2020<\/span>\r\n                <div class=\"grid-item-excerpt\">Biggest &amp; digital SEWF Digital wordt het grootste online evenement ooit over sociaal ondernemerschap en&hellip;<\/div>\r\n                <!--<div><span class=\"grid-item-category\">Nieuws<\/span><\/div>-->\r\n            <\/div>\r\n        <\/a>\r\n                <a href=\"https:\/\/social-enterprise.nl\/en\/artikelen\/achter-de-schermen-bij-fun-forest\/\" class=\"grid-item-link grid-item\">\r\n            <img loading=\"lazy\" decoding=\"async\" width=\"1920\" height=\"1280\" src=\"https:\/\/social-enterprise.nl\/wp-content\/uploads\/2024\/10\/Fun_Forest_Oprichters_Ernst-Jan_en_Fieke.jpg\" class=\"attachment-small size-small wp-post-image\" alt=\"\" srcset=\"https:\/\/social-enterprise.nl\/wp-content\/uploads\/2024\/10\/Fun_Forest_Oprichters_Ernst-Jan_en_Fieke.jpg 1920w, https:\/\/social-enterprise.nl\/wp-content\/uploads\/2024\/10\/Fun_Forest_Oprichters_Ernst-Jan_en_Fieke-768x512.jpg 768w, https:\/\/social-enterprise.nl\/wp-content\/uploads\/2024\/10\/Fun_Forest_Oprichters_Ernst-Jan_en_Fieke-1536x1024.jpg 1536w, https:\/\/social-enterprise.nl\/wp-content\/uploads\/2024\/10\/Fun_Forest_Oprichters_Ernst-Jan_en_Fieke-18x12.jpg 18w\" sizes=\"auto, (max-width: 1920px) 100vw, 1920px\" \/>            <div class=\"grid-item-content\">\r\n                <h2 class=\"grid-item-title\">Achter de schermen bij.. Fun Forest<\/h2>\r\n                <span class=\"grid-item-date\">3 July 2020<\/span>\r\n                <div class=\"grid-item-excerpt\">Bij Fun Forest staat plezier en de verbinding in de maatschappij voorop. Jongeren die geen&hellip;<\/div>\r\n                <!--<div><span class=\"grid-item-category\">Artikelen<\/span><\/div>-->\r\n            <\/div>\r\n        <\/a>\r\n                <a href=\"https:\/\/social-enterprise.nl\/en\/nieuws\/vervolgonderzoek-naar-samenwerking-tussen-gemeenten-en-sociale-ondernemingen\/\" class=\"grid-item-link grid-item\">\r\n                        <div class=\"grid-item-content\">\r\n                <h2 class=\"grid-item-title\">Vervolgonderzoek naar samenwerking tussen gemeenten en sociale ondernemingen<\/h2>\r\n                <span class=\"grid-item-date\">17 June 2020<\/span>\r\n                <div class=\"grid-item-excerpt\">PwC is samen met Social Enterprise NL gestart met een vervolgonderzoek naar de relatie en&hellip;<\/div>\r\n                <!--<div><span class=\"grid-item-category\">Nieuws<\/span><\/div>-->\r\n            <\/div>\r\n        <\/a>\r\n                <a href=\"https:\/\/social-enterprise.nl\/en\/nieuws\/onderwijsprogramma-futureproof-live\/\" class=\"grid-item-link grid-item\">\r\n            <img loading=\"lazy\" decoding=\"async\" width=\"1200\" height=\"630\" src=\"https:\/\/social-enterprise.nl\/wp-content\/uploads\/2024\/08\/881590739273_Futureproof-website.png\" class=\"attachment-small size-small wp-post-image\" alt=\"\" srcset=\"https:\/\/social-enterprise.nl\/wp-content\/uploads\/2024\/08\/881590739273_Futureproof-website.png 1200w, https:\/\/social-enterprise.nl\/wp-content\/uploads\/2024\/08\/881590739273_Futureproof-website-768x403.png 768w\" sizes=\"auto, (max-width: 1200px) 100vw, 1200px\" \/>            <div class=\"grid-item-content\">\r\n                <h2 class=\"grid-item-title\">Onderwijsprogramma Futureproof is live<\/h2>\r\n                <span class=\"grid-item-date\">29 May 2020<\/span>\r\n                <div class=\"grid-item-excerpt\">Futureproof is live!\u00a0Starters4Communities,\u00a0Fawaka Ondernemersschool,\u00a0Social Impact Factory\u00a0en Social Enterprise NL hebben de handen ineengeslagen en gezamenlijk&hellip;<\/div>\r\n                <!--<div><span class=\"grid-item-category\">Nieuws<\/span><\/div>-->\r\n            <\/div>\r\n        <\/a>\r\n                <a href=\"https:\/\/social-enterprise.nl\/en\/nieuws\/vacature-productiestage-leden-events\/\" class=\"grid-item-link grid-item\">\r\n            <img loading=\"lazy\" decoding=\"async\" width=\"1200\" height=\"800\" src=\"https:\/\/social-enterprise.nl\/wp-content\/uploads\/2024\/08\/251572347432_Teamfoto2019_01.jpg\" class=\"attachment-small size-small wp-post-image\" alt=\"\" srcset=\"https:\/\/social-enterprise.nl\/wp-content\/uploads\/2024\/08\/251572347432_Teamfoto2019_01.jpg 1200w, https:\/\/social-enterprise.nl\/wp-content\/uploads\/2024\/08\/251572347432_Teamfoto2019_01-768x512.jpg 768w\" sizes=\"auto, (max-width: 1200px) 100vw, 1200px\" \/>            <div class=\"grid-item-content\">\r\n                <h2 class=\"grid-item-title\">Vacature: Stagiair Netwerk &amp; Productie<\/h2>\r\n                <span class=\"grid-item-date\">27 May 2020<\/span>\r\n                <div class=\"grid-item-excerpt\">Social Enterprise NL\u00a0is aanjager van de groeiende beweging van sociaal ondernemers in Nederland. Samen met&hellip;<\/div>\r\n                <!--<div><span class=\"grid-item-category\">Nieuws<\/span><\/div>-->\r\n            <\/div>\r\n        <\/a>\r\n                <a href=\"https:\/\/social-enterprise.nl\/en\/nieuws\/sociaal-ondernemen-op-de-politieke-agenda-2021-2025\/\" class=\"grid-item-link grid-item\">\r\n            <img loading=\"lazy\" decoding=\"async\" width=\"1502\" height=\"1000\" src=\"https:\/\/social-enterprise.nl\/wp-content\/uploads\/2024\/08\/161589396988_01_Join_the_Movement_-_aangepast.jpg\" class=\"attachment-small size-small wp-post-image\" alt=\"\" srcset=\"https:\/\/social-enterprise.nl\/wp-content\/uploads\/2024\/08\/161589396988_01_Join_the_Movement_-_aangepast.jpg 1502w, https:\/\/social-enterprise.nl\/wp-content\/uploads\/2024\/08\/161589396988_01_Join_the_Movement_-_aangepast-768x511.jpg 768w\" sizes=\"auto, (max-width: 1502px) 100vw, 1502px\" \/>            <div class=\"grid-item-content\">\r\n                <h2 class=\"grid-item-title\">Sociaal ondernemen op de politieke agenda 2021-2025<\/h2>\r\n                <span class=\"grid-item-date\">13 May 2020<\/span>\r\n                <div class=\"grid-item-excerpt\">Zelden was het heden zo ongewis, dat ieder plan voor de toekomst bij voorbaat \u2018onder&hellip;<\/div>\r\n                <!--<div><span class=\"grid-item-category\">Nieuws<\/span><\/div>-->\r\n            <\/div>\r\n        <\/a>\r\n                <a href=\"https:\/\/social-enterprise.nl\/en\/nieuws\/onderzoeksrapport-stimuleren-van-herkenning-van-sociale-ondernemingen-gepubliceerd\/\" class=\"grid-item-link grid-item\">\r\n            <img loading=\"lazy\" decoding=\"async\" width=\"1502\" height=\"1000\" src=\"https:\/\/social-enterprise.nl\/wp-content\/uploads\/2024\/08\/531552467565_023_Free_assignment_2_-_aangepast.jpg\" class=\"attachment-small size-small wp-post-image\" alt=\"\" srcset=\"https:\/\/social-enterprise.nl\/wp-content\/uploads\/2024\/08\/531552467565_023_Free_assignment_2_-_aangepast.jpg 1502w, https:\/\/social-enterprise.nl\/wp-content\/uploads\/2024\/08\/531552467565_023_Free_assignment_2_-_aangepast-768x511.jpg 768w\" sizes=\"auto, (max-width: 1502px) 100vw, 1502px\" \/>            <div class=\"grid-item-content\">\r\n                <h2 class=\"grid-item-title\">Onderzoeksrapport &#039;Stimuleren van (h)erkenning van sociale ondernemingen&#039; gepubliceerd<\/h2>\r\n                <span class=\"grid-item-date\">11 May 2020<\/span>\r\n                <div class=\"grid-item-excerpt\">Op 30 april jl heeft Staatssecretaris van Economische Zaken en Klimaat Mona Keijzer het eindrapport&hellip;<\/div>\r\n                <!--<div><span class=\"grid-item-category\">Nieuws<\/span><\/div>-->\r\n            <\/div>\r\n        <\/a>\r\n                <a href=\"https:\/\/social-enterprise.nl\/en\/nieuws\/alle-corona-initiatieven-op-thema\/\" class=\"grid-item-link grid-item\">\r\n            <img loading=\"lazy\" decoding=\"async\" width=\"540\" height=\"281\" src=\"https:\/\/social-enterprise.nl\/wp-content\/uploads\/2024\/08\/541588328361_Thema_pagina_corona_initiatieven_.png\" class=\"attachment-small size-small wp-post-image\" alt=\"\" \/>            <div class=\"grid-item-content\">\r\n                <h2 class=\"grid-item-title\">Alle corona initiatieven op thema<\/h2>\r\n                <span class=\"grid-item-date\">1 May 2020<\/span>\r\n                <div class=\"grid-item-excerpt\">Sociale en duurzame mondkapjes: \u2023 Fashionable en veilig? Bekijk de stijlvolle mondmaskers van Fraenck in&hellip;<\/div>\r\n                <!--<div><span class=\"grid-item-category\">Nieuws<\/span><\/div>-->\r\n            <\/div>\r\n        <\/a>\r\n                <a href=\"https:\/\/social-enterprise.nl\/en\/artikelen\/het-netwerk-staat-voor-je-klaar\/\" class=\"grid-item-link grid-item\">\r\n            <img loading=\"lazy\" decoding=\"async\" width=\"1502\" height=\"1000\" src=\"https:\/\/social-enterprise.nl\/wp-content\/uploads\/2024\/09\/01_Join_the_Movement_-_aangepast.jpg\" class=\"attachment-small size-small wp-post-image\" alt=\"\" srcset=\"https:\/\/social-enterprise.nl\/wp-content\/uploads\/2024\/09\/01_Join_the_Movement_-_aangepast.jpg 1502w, https:\/\/social-enterprise.nl\/wp-content\/uploads\/2024\/09\/01_Join_the_Movement_-_aangepast-768x511.jpg 768w, https:\/\/social-enterprise.nl\/wp-content\/uploads\/2024\/09\/01_Join_the_Movement_-_aangepast-18x12.jpg 18w\" sizes=\"auto, (max-width: 1502px) 100vw, 1502px\" \/>            <div class=\"grid-item-content\">\r\n                <h2 class=\"grid-item-title\">Het netwerk staat voor je klaar<\/h2>\r\n                <span class=\"grid-item-date\">29 April 2020<\/span>\r\n                <div class=\"grid-item-excerpt\">Steeds meer sociaal ondernemers weten elkaar en ons te vinden voor hulp en idee\u00ebn in&hellip;<\/div>\r\n                <!--<div><span class=\"grid-item-category\">Artikelen<\/span><\/div>-->\r\n            <\/div>\r\n        <\/a>\r\n                <a href=\"https:\/\/social-enterprise.nl\/en\/nieuws\/deel-xiv-sociaal-ondernemers-staan-op-en-pakken-door-in-tijden-van-het-coronavirus\/\" class=\"grid-item-link grid-item\">\r\n            <img loading=\"lazy\" decoding=\"async\" width=\"526\" height=\"369\" src=\"https:\/\/social-enterprise.nl\/wp-content\/uploads\/2024\/08\/471587632458_Screenshot_2020-04-22_at_16.16.03.png\" class=\"attachment-small size-small wp-post-image\" alt=\"\" \/>            <div class=\"grid-item-content\">\r\n                <h2 class=\"grid-item-title\">Deel XIV: Sociaal ondernemers staan op en pakken door in tijden van het coronavirus<\/h2>\r\n                <span class=\"grid-item-date\">23 April 2020<\/span>\r\n                <div class=\"grid-item-excerpt\">Bekijk het volledige overzicht op www.social-enterprise.nl\/corona. , Gelijke rechten voor al het groenten en fruit&hellip;<\/div>\r\n                <!--<div><span class=\"grid-item-category\">Nieuws<\/span><\/div>-->\r\n            <\/div>\r\n        <\/a>\r\n                <a href=\"https:\/\/social-enterprise.nl\/en\/nieuws\/deel-xiii-sociaal-ondernemers-staan-op-en-pakken-door-in-tijden-van-het-coronavirus\/\" class=\"grid-item-link grid-item\">\r\n            <img loading=\"lazy\" decoding=\"async\" width=\"702\" height=\"439\" src=\"https:\/\/social-enterprise.nl\/wp-content\/uploads\/2024\/08\/921587470721_Mondmasker_Fabriek_2.png\" class=\"attachment-small size-small wp-post-image\" alt=\"\" \/>            <div class=\"grid-item-content\">\r\n                <h2 class=\"grid-item-title\">Deel XIII: Sociaal ondernemers staan op en pakken door in tijden van het coronavirus<\/h2>\r\n                <span class=\"grid-item-date\">21 April 2020<\/span>\r\n                <div class=\"grid-item-excerpt\">Bekijk het volledige overzicht op www.social-enterprise.nl\/corona. De allereerste Nederlandse Mondmasker Fabriek\u00a0 De\u00a0Mondmasker Fabriek\u00a0is een feit!\u00a0Om&hellip;<\/div>\r\n                <!--<div><span class=\"grid-item-category\">Nieuws<\/span><\/div>-->\r\n            <\/div>\r\n        <\/a>\r\n                <a href=\"https:\/\/social-enterprise.nl\/en\/nieuws\/deel-xii-sociaal-ondernemers-staan-op-en-pakken-door-in-tijden-van-het-coronavirus\/\" class=\"grid-item-link grid-item\">\r\n            <img loading=\"lazy\" decoding=\"async\" width=\"1300\" height=\"1300\" src=\"https:\/\/social-enterprise.nl\/wp-content\/uploads\/2024\/08\/591587045550_Troostdoos.jpg\" class=\"attachment-small size-small wp-post-image\" alt=\"\" srcset=\"https:\/\/social-enterprise.nl\/wp-content\/uploads\/2024\/08\/591587045550_Troostdoos.jpg 1300w, https:\/\/social-enterprise.nl\/wp-content\/uploads\/2024\/08\/591587045550_Troostdoos-768x768.jpg 768w\" sizes=\"auto, (max-width: 1300px) 100vw, 1300px\" \/>            <div class=\"grid-item-content\">\r\n                <h2 class=\"grid-item-title\">Deel XII: Sociaal ondernemers staan op en pakken door in tijden van het coronavirus<\/h2>\r\n                <span class=\"grid-item-date\">16 April 2020<\/span>\r\n                <div class=\"grid-item-excerpt\">Bekijk het volledige overzicht op www.social-enterprise.nl\/corona. De Midwest Troostdoos\u00a0 Midwest wilt d.m.v. de verhuur van&hellip;<\/div>\r\n                <!--<div><span class=\"grid-item-category\">Nieuws<\/span><\/div>-->\r\n            <\/div>\r\n        <\/a>\r\n                <a href=\"https:\/\/social-enterprise.nl\/en\/nieuws\/corona-oproep\/\" class=\"grid-item-link grid-item\">\r\n            <img loading=\"lazy\" decoding=\"async\" width=\"1200\" height=\"628\" src=\"https:\/\/social-enterprise.nl\/wp-content\/uploads\/2024\/08\/711587017182_Gezamenlijk_corona_statementV3.png\" class=\"attachment-small size-small wp-post-image\" alt=\"\" srcset=\"https:\/\/social-enterprise.nl\/wp-content\/uploads\/2024\/08\/711587017182_Gezamenlijk_corona_statementV3.png 1200w, https:\/\/social-enterprise.nl\/wp-content\/uploads\/2024\/08\/711587017182_Gezamenlijk_corona_statementV3-768x402.png 768w\" sizes=\"auto, (max-width: 1200px) 100vw, 1200px\" \/>            <div class=\"grid-item-content\">\r\n                <h2 class=\"grid-item-title\">Extra steun voor sociale ondernemingen is nodig!<\/h2>\r\n                <span class=\"grid-item-date\">16 April 2020<\/span>\r\n                <div class=\"grid-item-excerpt\">Daarom roepen wij het ministerie van Economische Zaken en Klimaat op tot extra maatregelen. In&hellip;<\/div>\r\n                <!--<div><span class=\"grid-item-category\">Nieuws<\/span><\/div>-->\r\n            <\/div>\r\n        <\/a>\r\n                <a href=\"https:\/\/social-enterprise.nl\/en\/nieuws\/deel-xi-sociaal-ondernemers-staan-op-en-pakken-door-in-tijden-van-het-coronavirus\/\" class=\"grid-item-link grid-item\">\r\n            <img loading=\"lazy\" decoding=\"async\" width=\"1165\" height=\"452\" src=\"https:\/\/social-enterprise.nl\/wp-content\/uploads\/2024\/08\/561586869144_Screenshot_2020-04-14_at_14.50.38.png\" class=\"attachment-small size-small wp-post-image\" alt=\"\" srcset=\"https:\/\/social-enterprise.nl\/wp-content\/uploads\/2024\/08\/561586869144_Screenshot_2020-04-14_at_14.50.38.png 1165w, https:\/\/social-enterprise.nl\/wp-content\/uploads\/2024\/08\/561586869144_Screenshot_2020-04-14_at_14.50.38-768x298.png 768w\" sizes=\"auto, (max-width: 1165px) 100vw, 1165px\" \/>            <div class=\"grid-item-content\">\r\n                <h2 class=\"grid-item-title\">Deel XI: Sociaal ondernemers staan op en pakken door in tijden van het coronavirus<\/h2>\r\n                <span class=\"grid-item-date\">14 April 2020<\/span>\r\n                <div class=\"grid-item-excerpt\">Bekijk het volledige overzicht op www.social-enterprise.nl\/corona. Zet jouw held in het zonnetje en steun de&hellip;<\/div>\r\n                <!--<div><span class=\"grid-item-category\">Nieuws<\/span><\/div>-->\r\n            <\/div>\r\n        <\/a>\r\n                <a href=\"https:\/\/social-enterprise.nl\/en\/nieuws\/deel-x-sociaal-ondernemers-staan-op-en-pakken-door-in-tijden-van-het-coronavirus\/\" class=\"grid-item-link grid-item\">\r\n            <img loading=\"lazy\" decoding=\"async\" width=\"1271\" height=\"633\" src=\"https:\/\/social-enterprise.nl\/wp-content\/uploads\/2024\/08\/111586438342_Singalong_rechthoek.png\" class=\"attachment-small size-small wp-post-image\" alt=\"\" srcset=\"https:\/\/social-enterprise.nl\/wp-content\/uploads\/2024\/08\/111586438342_Singalong_rechthoek.png 1271w, https:\/\/social-enterprise.nl\/wp-content\/uploads\/2024\/08\/111586438342_Singalong_rechthoek-768x382.png 768w\" sizes=\"auto, (max-width: 1271px) 100vw, 1271px\" \/>            <div class=\"grid-item-content\">\r\n                <h2 class=\"grid-item-title\">Deel X: Sociaal ondernemers staan op en pakken door in tijden van het coronavirus<\/h2>\r\n                <span class=\"grid-item-date\">9 April 2020<\/span>\r\n                <div class=\"grid-item-excerpt\">Bekijk het volledige overzicht op www.social-enterprise.nl\/corona. Zingend het weekend in met de Huiskamer Singalong! De&hellip;<\/div>\r\n                <!--<div><span class=\"grid-item-category\">Nieuws<\/span><\/div>-->\r\n            <\/div>\r\n        <\/a>\r\n                <a href=\"https:\/\/social-enterprise.nl\/en\/nieuws\/deel-ix-sociaal-ondernemers-staan-op-en-pakken-door-in-tijden-van-het-coronavirus\/\" class=\"grid-item-link grid-item\">\r\n            <img loading=\"lazy\" decoding=\"async\" width=\"1200\" height=\"500\" src=\"https:\/\/social-enterprise.nl\/wp-content\/uploads\/2024\/08\/261586253850_chocolatemakers_2.png\" class=\"attachment-small size-small wp-post-image\" alt=\"\" srcset=\"https:\/\/social-enterprise.nl\/wp-content\/uploads\/2024\/08\/261586253850_chocolatemakers_2.png 1200w, https:\/\/social-enterprise.nl\/wp-content\/uploads\/2024\/08\/261586253850_chocolatemakers_2-768x320.png 768w\" sizes=\"auto, (max-width: 1200px) 100vw, 1200px\" \/>            <div class=\"grid-item-content\">\r\n                <h2 class=\"grid-item-title\">Deel IX: Sociaal ondernemers staan op en pakken door in tijden van het coronavirus<\/h2>\r\n                <span class=\"grid-item-date\">7 April 2020<\/span>\r\n                <div class=\"grid-item-excerpt\">Bekijk het volledige overzicht op www.social-enterprise.nl\/corona. Chocolade trakteren is altijd een goed idee Wie verlangt&hellip;<\/div>\r\n                <!--<div><span class=\"grid-item-category\">Nieuws<\/span><\/div>-->\r\n            <\/div>\r\n        <\/a>\r\n                <a href=\"https:\/\/social-enterprise.nl\/en\/nieuws\/deel-viii-sociaal-ondernemers-staan-op-en-pakken-door-in-tijden-van-het-coronavirus\/\" class=\"grid-item-link grid-item\">\r\n            <img loading=\"lazy\" decoding=\"async\" width=\"800\" height=\"435\" src=\"https:\/\/social-enterprise.nl\/wp-content\/uploads\/2024\/08\/651586348829_sheltersuit.jpg\" class=\"attachment-small size-small wp-post-image\" alt=\"\" srcset=\"https:\/\/social-enterprise.nl\/wp-content\/uploads\/2024\/08\/651586348829_sheltersuit.jpg 800w, https:\/\/social-enterprise.nl\/wp-content\/uploads\/2024\/08\/651586348829_sheltersuit-768x418.jpg 768w\" sizes=\"auto, (max-width: 800px) 100vw, 800px\" \/>            <div class=\"grid-item-content\">\r\n                <h2 class=\"grid-item-title\">Deel VIII: Sociaal ondernemers staan op en pakken door in tijden van het coronavirus<\/h2>\r\n                <span class=\"grid-item-date\">3 April 2020<\/span>\r\n                <div class=\"grid-item-excerpt\">Bekijk het volledige overzicht op www.social-enterprise.nl\/corona. Wat als je geen huis hebt om in binnen&hellip;<\/div>\r\n                <!--<div><span class=\"grid-item-category\">Nieuws<\/span><\/div>-->\r\n            <\/div>\r\n        <\/a>\r\n                <a href=\"https:\/\/social-enterprise.nl\/en\/nieuws\/deel-vii-sociaal-ondernemers-staan-op-en-pakken-door-in-tijden-van-het-coronavirus\/\" class=\"grid-item-link grid-item\">\r\n            <img loading=\"lazy\" decoding=\"async\" width=\"1280\" height=\"713\" src=\"https:\/\/social-enterprise.nl\/wp-content\/uploads\/2024\/08\/761585744398_Atelier-Vanhulley_1280x1280.jpg\" class=\"attachment-small size-small wp-post-image\" alt=\"\" srcset=\"https:\/\/social-enterprise.nl\/wp-content\/uploads\/2024\/08\/761585744398_Atelier-Vanhulley_1280x1280.jpg 1280w, https:\/\/social-enterprise.nl\/wp-content\/uploads\/2024\/08\/761585744398_Atelier-Vanhulley_1280x1280-768x428.jpg 768w\" sizes=\"auto, (max-width: 1280px) 100vw, 1280px\" \/>            <div class=\"grid-item-content\">\r\n                <h2 class=\"grid-item-title\">Deel VII: Sociaal ondernemers staan op en pakken door in tijden van het coronavirus<\/h2>\r\n                <span class=\"grid-item-date\">1 April 2020<\/span>\r\n                <div class=\"grid-item-excerpt\">Bekijk het volledige overzicht op www.social-enterprise.nl\/corona. Betekenisvolle mondkapjes in the making\u00a0 Oprichtster Jolijn van VanHulley,&hellip;<\/div>\r\n                <!--<div><span class=\"grid-item-category\">Nieuws<\/span><\/div>-->\r\n            <\/div>\r\n        <\/a>\r\n                <a href=\"https:\/\/social-enterprise.nl\/en\/nieuws\/deel-vi-sociaal-ondernemers-staan-op-en-pakken-door-in-tijden-van-het-coronavirus\/\" class=\"grid-item-link grid-item\">\r\n            <img loading=\"lazy\" decoding=\"async\" width=\"1600\" height=\"1200\" src=\"https:\/\/social-enterprise.nl\/wp-content\/uploads\/2024\/08\/301585573262_Blijf-Thuis-Box.jpg\" class=\"attachment-small size-small wp-post-image\" alt=\"\" srcset=\"https:\/\/social-enterprise.nl\/wp-content\/uploads\/2024\/08\/301585573262_Blijf-Thuis-Box.jpg 1600w, https:\/\/social-enterprise.nl\/wp-content\/uploads\/2024\/08\/301585573262_Blijf-Thuis-Box-768x576.jpg 768w, https:\/\/social-enterprise.nl\/wp-content\/uploads\/2024\/08\/301585573262_Blijf-Thuis-Box-1536x1152.jpg 1536w\" sizes=\"auto, (max-width: 1600px) 100vw, 1600px\" \/>            <div class=\"grid-item-content\">\r\n                <h2 class=\"grid-item-title\">Deel VI: Sociaal ondernemers staan op en pakken door in tijden van het coronavirus<\/h2>\r\n                <span class=\"grid-item-date\">30 March 2020<\/span>\r\n                <div class=\"grid-item-excerpt\">Bekijk het volledige overzicht op www.social-enterprise.nl\/corona. Verwennerij voor alle thuiswerkers en thuisblijvers\u00a0 Sociale ondernemingen die&hellip;<\/div>\r\n                <!--<div><span class=\"grid-item-category\">Nieuws<\/span><\/div>-->\r\n            <\/div>\r\n        <\/a>\r\n                <a href=\"https:\/\/social-enterprise.nl\/en\/nieuws\/deel-v-sociaal-ondernemers-staan-op-en-pakken-door-in-tijden-van-het-coronavirus\/\" class=\"grid-item-link grid-item\">\r\n            <img loading=\"lazy\" decoding=\"async\" width=\"2048\" height=\"1072\" src=\"https:\/\/social-enterprise.nl\/wp-content\/uploads\/2024\/08\/531585315197_Sencity_quarantaine_show_blog_deel_V.jpg\" class=\"attachment-small size-small wp-post-image\" alt=\"\" srcset=\"https:\/\/social-enterprise.nl\/wp-content\/uploads\/2024\/08\/531585315197_Sencity_quarantaine_show_blog_deel_V.jpg 2048w, https:\/\/social-enterprise.nl\/wp-content\/uploads\/2024\/08\/531585315197_Sencity_quarantaine_show_blog_deel_V-768x402.jpg 768w, https:\/\/social-enterprise.nl\/wp-content\/uploads\/2024\/08\/531585315197_Sencity_quarantaine_show_blog_deel_V-1536x804.jpg 1536w\" sizes=\"auto, (max-width: 2048px) 100vw, 2048px\" \/>            <div class=\"grid-item-content\">\r\n                <h2 class=\"grid-item-title\">Deel V: Sociaal ondernemers staan op en pakken door in tijden van het coronavirus<\/h2>\r\n                <span class=\"grid-item-date\">27 March 2020<\/span>\r\n                <div class=\"grid-item-excerpt\">Bekijk het volledige overzicht op www.social-enterprise.nl\/corona. De Grote Sencity Quarantaine Show\u00a0\u00a0 Sencity Festival 2020 is,&hellip;<\/div>\r\n                <!--<div><span class=\"grid-item-category\">Nieuws<\/span><\/div>-->\r\n            <\/div>\r\n        <\/a>\r\n                <a href=\"https:\/\/social-enterprise.nl\/en\/nieuws\/deel-iv-sociaal-ondernemers-staan-op-en-pakken-door-in-tijden-van-het-coronavirus\/\" class=\"grid-item-link grid-item\">\r\n            <img loading=\"lazy\" decoding=\"async\" width=\"595\" height=\"449\" src=\"https:\/\/social-enterprise.nl\/wp-content\/uploads\/2024\/08\/171585148365_Thuisgekookt.nl.png\" class=\"attachment-small size-small wp-post-image\" alt=\"\" \/>            <div class=\"grid-item-content\">\r\n                <h2 class=\"grid-item-title\">Deel IV: Sociaal ondernemers staan op en pakken door in tijden van het coronavirus<\/h2>\r\n                <span class=\"grid-item-date\">25 March 2020<\/span>\r\n                <div class=\"grid-item-excerpt\">Bekijk het volledige overzicht op www.social-enterprise.nl\/corona. Steun je buurtgenoten met een lekkere maaltijd\u00a0 Stichting Thuisgekookt\u00a0koppelt&hellip;<\/div>\r\n                <!--<div><span class=\"grid-item-category\">Nieuws<\/span><\/div>-->\r\n            <\/div>\r\n        <\/a>\r\n                <a href=\"https:\/\/social-enterprise.nl\/en\/nieuws\/deel-iii-sociaal-ondernemers-staan-op-en-pakken-door-in-tijden-van-het-coronavirus\/\" class=\"grid-item-link grid-item\">\r\n            <img loading=\"lazy\" decoding=\"async\" width=\"1024\" height=\"543\" src=\"https:\/\/social-enterprise.nl\/wp-content\/uploads\/2020\/03\/moyee.jpg\" class=\"attachment-small size-small wp-post-image\" alt=\"\" srcset=\"https:\/\/social-enterprise.nl\/wp-content\/uploads\/2020\/03\/moyee.jpg 1024w, https:\/\/social-enterprise.nl\/wp-content\/uploads\/2020\/03\/moyee-768x407.jpg 768w, https:\/\/social-enterprise.nl\/wp-content\/uploads\/2020\/03\/moyee-18x10.jpg 18w\" sizes=\"auto, (max-width: 1024px) 100vw, 1024px\" \/>            <div class=\"grid-item-content\">\r\n                <h2 class=\"grid-item-title\">Deel III: Sociaal ondernemers staan op en pakken door in tijden van het coronavirus<\/h2>\r\n                <span class=\"grid-item-date\">23 March 2020<\/span>\r\n                <div class=\"grid-item-excerpt\">Bekijk het volledige overzicht opwww.social-enterprise.nl\/corona. Extra kilo&#8217;s koffie om te delenNet als veel andere bedrijven,&hellip;<\/div>\r\n                <!--<div><span class=\"grid-item-category\">Nieuws<\/span><\/div>-->\r\n            <\/div>\r\n        <\/a>\r\n                <a href=\"https:\/\/social-enterprise.nl\/en\/nieuws\/deel-ii-sociaal-ondernemers-staan-op-en-pakken-door-in-tijden-van-het-coronavirus\/\" class=\"grid-item-link grid-item\">\r\n            <img loading=\"lazy\" decoding=\"async\" width=\"407\" height=\"299\" src=\"https:\/\/social-enterprise.nl\/wp-content\/uploads\/2024\/08\/971584719746_Screenshot_2020-03-20_at_16.54.33.png\" class=\"attachment-small size-small wp-post-image\" alt=\"\" \/>            <div class=\"grid-item-content\">\r\n                <h2 class=\"grid-item-title\">Deel II: Sociaal ondernemers staan op en pakken door in tijden van het coronavirus<\/h2>\r\n                <span class=\"grid-item-date\">20 March 2020<\/span>\r\n                <div class=\"grid-item-excerpt\">Bekijk het volledige overzicht opwww.social-enterprise.nl\/corona. Wat kan ik doen? NLvoorElkaar laat zien hoe je een&hellip;<\/div>\r\n                <!--<div><span class=\"grid-item-category\">Nieuws<\/span><\/div>-->\r\n            <\/div>\r\n        <\/a>\r\n                <a href=\"https:\/\/social-enterprise.nl\/en\/nieuws\/deel-i-sociaal-ondernemers-staan-op-en-pakken-door-in-tijden-van-het-coronavirus\/\" class=\"grid-item-link grid-item\">\r\n            <img loading=\"lazy\" decoding=\"async\" width=\"598\" height=\"394\" src=\"https:\/\/social-enterprise.nl\/wp-content\/uploads\/2024\/08\/861584548600_Screenshot_2020-03-18_at_17.03.42.png\" class=\"attachment-small size-small wp-post-image\" alt=\"\" \/>            <div class=\"grid-item-content\">\r\n                <h2 class=\"grid-item-title\">Deel I: Sociaal ondernemers staan op en pakken door in tijden van het coronavirus<\/h2>\r\n                <span class=\"grid-item-date\">18 March 2020<\/span>\r\n                <div class=\"grid-item-excerpt\">Nieuwe bezorgservice voor de ondersteuning van restaurantsFOODLOGICA\u00a0bezorgt etenswaren aan bedrijven in de voedselbranche om het&hellip;<\/div>\r\n                <!--<div><span class=\"grid-item-category\">Nieuws<\/span><\/div>-->\r\n            <\/div>\r\n        <\/a>\r\n                <a href=\"https:\/\/social-enterprise.nl\/en\/nieuws\/start-van-onderzoek-naar-benvloedingsrol-sociale-ondernemingen\/\" class=\"grid-item-link grid-item\">\r\n            <img loading=\"lazy\" decoding=\"async\" width=\"1062\" height=\"709\" src=\"https:\/\/social-enterprise.nl\/wp-content\/uploads\/2024\/08\/611583852104_Screenshot_2020-03-10_at_15.54.25.png\" class=\"attachment-small size-small wp-post-image\" alt=\"\" srcset=\"https:\/\/social-enterprise.nl\/wp-content\/uploads\/2024\/08\/611583852104_Screenshot_2020-03-10_at_15.54.25.png 1062w, https:\/\/social-enterprise.nl\/wp-content\/uploads\/2024\/08\/611583852104_Screenshot_2020-03-10_at_15.54.25-768x513.png 768w\" sizes=\"auto, (max-width: 1062px) 100vw, 1062px\" \/>            <div class=\"grid-item-content\">\r\n                <h2 class=\"grid-item-title\">Start van onderzoek naar be&iuml;nvloedingsrol sociale ondernemingen.<\/h2>\r\n                <span class=\"grid-item-date\">10 March 2020<\/span>\r\n                <div class=\"grid-item-excerpt\">74% is actief bezig met het be\u00efnvloeden van anderen Sociale ondernemingen kunnen een belangrijke rol&hellip;<\/div>\r\n                <!--<div><span class=\"grid-item-category\">Nieuws<\/span><\/div>-->\r\n            <\/div>\r\n        <\/a>\r\n                <a href=\"https:\/\/social-enterprise.nl\/en\/nieuws\/lancering-leaders-of-tomorrow-programma\/\" class=\"grid-item-link grid-item\">\r\n            <img loading=\"lazy\" decoding=\"async\" width=\"1083\" height=\"386\" src=\"https:\/\/social-enterprise.nl\/wp-content\/uploads\/2024\/08\/811583239655_LeadersofTomorrow.png\" class=\"attachment-small size-small wp-post-image\" alt=\"\" srcset=\"https:\/\/social-enterprise.nl\/wp-content\/uploads\/2024\/08\/811583239655_LeadersofTomorrow.png 1083w, https:\/\/social-enterprise.nl\/wp-content\/uploads\/2024\/08\/811583239655_LeadersofTomorrow-768x274.png 768w\" sizes=\"auto, (max-width: 1083px) 100vw, 1083px\" \/>            <div class=\"grid-item-content\">\r\n                <h2 class=\"grid-item-title\">Lancering Leaders of Tomorrow programma<\/h2>\r\n                <span class=\"grid-item-date\">3 March 2020<\/span>\r\n                <div class=\"grid-item-excerpt\">Het programma Het Leaders of Tomorrow Program is een 2,5 dag durend programma en richt&hellip;<\/div>\r\n                <!--<div><span class=\"grid-item-category\">Nieuws<\/span><\/div>-->\r\n            <\/div>\r\n        <\/a>\r\n                <a href=\"https:\/\/social-enterprise.nl\/en\/nieuws\/ezk-maak-opdrachten-voor-sociale-ondernemingen-beter-vindbaar\/\" class=\"grid-item-link grid-item\">\r\n            <img loading=\"lazy\" decoding=\"async\" width=\"1920\" height=\"1281\" src=\"https:\/\/social-enterprise.nl\/wp-content\/uploads\/2020\/02\/MGL0358-1.jpg\" class=\"attachment-small size-small wp-post-image\" alt=\"\" srcset=\"https:\/\/social-enterprise.nl\/wp-content\/uploads\/2020\/02\/MGL0358-1.jpg 1920w, https:\/\/social-enterprise.nl\/wp-content\/uploads\/2020\/02\/MGL0358-1-768x512.jpg 768w, https:\/\/social-enterprise.nl\/wp-content\/uploads\/2020\/02\/MGL0358-1-1536x1025.jpg 1536w, https:\/\/social-enterprise.nl\/wp-content\/uploads\/2020\/02\/MGL0358-1-18x12.jpg 18w\" sizes=\"auto, (max-width: 1920px) 100vw, 1920px\" \/>            <div class=\"grid-item-content\">\r\n                <h2 class=\"grid-item-title\">EZK: maak opdrachten voor sociale ondernemingen beter vindbaar<\/h2>\r\n                <span class=\"grid-item-date\">20 February 2020<\/span>\r\n                <div class=\"grid-item-excerpt\">In het bijzonder voor opdrachten die voorbehouden worden aan sociale ondernemingen waarvan minimaal 30% van&hellip;<\/div>\r\n                <!--<div><span class=\"grid-item-category\">Nieuws<\/span><\/div>-->\r\n            <\/div>\r\n        <\/a>\r\n                <a href=\"https:\/\/social-enterprise.nl\/en\/nieuws\/nieuwsbrief\/\" class=\"grid-item-link grid-item\">\r\n            <img loading=\"lazy\" decoding=\"async\" width=\"562\" height=\"671\" src=\"https:\/\/social-enterprise.nl\/wp-content\/uploads\/2024\/09\/Screenshot_2020-02-19_at_10.34.31.jpg\" class=\"attachment-small size-small wp-post-image\" alt=\"\" srcset=\"https:\/\/social-enterprise.nl\/wp-content\/uploads\/2024\/09\/Screenshot_2020-02-19_at_10.34.31.jpg 562w, https:\/\/social-enterprise.nl\/wp-content\/uploads\/2024\/09\/Screenshot_2020-02-19_at_10.34.31-10x12.jpg 10w\" sizes=\"auto, (max-width: 562px) 100vw, 562px\" \/>            <div class=\"grid-item-content\">\r\n                <h2 class=\"grid-item-title\">Nieuws waar jij deze maand van op de hoogte moet zijn<\/h2>\r\n                <span class=\"grid-item-date\">19 February 2020<\/span>\r\n                <div class=\"grid-item-excerpt\">Lees deze maand in de Social Enterprise NL nieuwsbrief over onder andere de mijlpalen van&hellip;<\/div>\r\n                <!--<div><span class=\"grid-item-category\">Nieuws<\/span><\/div>-->\r\n            <\/div>\r\n        <\/a>\r\n                <a href=\"https:\/\/social-enterprise.nl\/en\/nieuws\/nieuws-waar-jij-deze-maand-van-op-de-hoogte-moet-zijn\/\" class=\"grid-item-link grid-item\">\r\n            <img loading=\"lazy\" decoding=\"async\" width=\"561\" height=\"161\" src=\"https:\/\/social-enterprise.nl\/wp-content\/uploads\/2024\/08\/971582210593_nieuwsbriefheader.png\" class=\"attachment-small size-small wp-post-image\" alt=\"\" \/>            <div class=\"grid-item-content\">\r\n                <h2 class=\"grid-item-title\">Nieuws waar jij deze maand van op de hoogte moet zijn<\/h2>\r\n                <span class=\"grid-item-date\">19 February 2020<\/span>\r\n                <div class=\"grid-item-excerpt\">Op de hoogte blijven van al het interessante nieuws, de vacatures en de evenementen uit&hellip;<\/div>\r\n                <!--<div><span class=\"grid-item-category\">Nieuws<\/span><\/div>-->\r\n            <\/div>\r\n        <\/a>\r\n                <a href=\"https:\/\/social-enterprise.nl\/en\/nieuws\/uitbreiding-van-het-impactpad-actief-en-gezond-ouder-worden\/\" class=\"grid-item-link grid-item\">\r\n            <img loading=\"lazy\" decoding=\"async\" width=\"904\" height=\"634\" src=\"https:\/\/social-enterprise.nl\/wp-content\/uploads\/2024\/08\/411581411470_Impactpad2020.png\" class=\"attachment-small size-small wp-post-image\" alt=\"\" srcset=\"https:\/\/social-enterprise.nl\/wp-content\/uploads\/2024\/08\/411581411470_Impactpad2020.png 904w, https:\/\/social-enterprise.nl\/wp-content\/uploads\/2024\/08\/411581411470_Impactpad2020-768x539.png 768w\" sizes=\"auto, (max-width: 904px) 100vw, 904px\" \/>            <div class=\"grid-item-content\">\r\n                <h2 class=\"grid-item-title\">Uitbreiding van het Impactpad: actief en gezond ouder worden<\/h2>\r\n                <span class=\"grid-item-date\">11 February 2020<\/span>\r\n                <div class=\"grid-item-excerpt\">Met het Impactpad willen we het meten van impact toegankelijker en betaalbaarder maken door sociaal&hellip;<\/div>\r\n                <!--<div><span class=\"grid-item-category\">Nieuws<\/span><\/div>-->\r\n            <\/div>\r\n        <\/a>\r\n                <a href=\"https:\/\/social-enterprise.nl\/en\/nieuws\/blik-met-ons-terug-op-2019\/\" class=\"grid-item-link grid-item\">\r\n            <img loading=\"lazy\" decoding=\"async\" width=\"738\" height=\"599\" src=\"https:\/\/social-enterprise.nl\/wp-content\/uploads\/2024\/08\/131580734190_infographic_intro.png\" class=\"attachment-small size-small wp-post-image\" alt=\"\" \/>            <div class=\"grid-item-content\">\r\n                <h2 class=\"grid-item-title\">Blik met ons terug op 2019!<\/h2>\r\n                <span class=\"grid-item-date\">3 February 2020<\/span>\r\n                <div class=\"grid-item-excerpt\">Samen bouwen we aan een sociale toekomst! Ook in 2019 is hard gewerkt om de&hellip;<\/div>\r\n                <!--<div><span class=\"grid-item-category\">Nieuws<\/span><\/div>-->\r\n            <\/div>\r\n        <\/a>\r\n                <a href=\"https:\/\/social-enterprise.nl\/en\/artikelen\/achter-de-schermen-bij-de-7-deugden\/\" class=\"grid-item-link grid-item\">\r\n            <img loading=\"lazy\" decoding=\"async\" width=\"1920\" height=\"1283\" src=\"https:\/\/social-enterprise.nl\/wp-content\/uploads\/2024\/10\/foto_7_deugden_1-1.jpg\" class=\"attachment-small size-small wp-post-image\" alt=\"\" srcset=\"https:\/\/social-enterprise.nl\/wp-content\/uploads\/2024\/10\/foto_7_deugden_1-1.jpg 1920w, https:\/\/social-enterprise.nl\/wp-content\/uploads\/2024\/10\/foto_7_deugden_1-1-768x513.jpg 768w, https:\/\/social-enterprise.nl\/wp-content\/uploads\/2024\/10\/foto_7_deugden_1-1-1536x1026.jpg 1536w, https:\/\/social-enterprise.nl\/wp-content\/uploads\/2024\/10\/foto_7_deugden_1-1-18x12.jpg 18w\" sizes=\"auto, (max-width: 1920px) 100vw, 1920px\" \/>            <div class=\"grid-item-content\">\r\n                <h2 class=\"grid-item-title\">Achter de schermen bij\u2026 De 7 Deugden<\/h2>\r\n                <span class=\"grid-item-date\">21 January 2020<\/span>\r\n                <div class=\"grid-item-excerpt\">Wij namen een kijkje achter de schermen bij sociale\u00a0bierbrouwerij De 7 Deugden\u00a0in Amsterdam. Oprichter Garmt&hellip;<\/div>\r\n                <!--<div><span class=\"grid-item-category\">Artikelen<\/span><\/div>-->\r\n            <\/div>\r\n        <\/a>\r\n                <a href=\"https:\/\/social-enterprise.nl\/en\/nieuws\/sociale-ondernemingen-aan-de-slag-met-impact-meten\/\" class=\"grid-item-link grid-item\">\r\n            <img loading=\"lazy\" decoding=\"async\" width=\"1579\" height=\"853\" src=\"https:\/\/social-enterprise.nl\/wp-content\/uploads\/2024\/08\/291579518983_grow_impact_header.jpg\" class=\"attachment-small size-small wp-post-image\" alt=\"\" srcset=\"https:\/\/social-enterprise.nl\/wp-content\/uploads\/2024\/08\/291579518983_grow_impact_header.jpg 1579w, https:\/\/social-enterprise.nl\/wp-content\/uploads\/2024\/08\/291579518983_grow_impact_header-768x415.jpg 768w, https:\/\/social-enterprise.nl\/wp-content\/uploads\/2024\/08\/291579518983_grow_impact_header-1536x830.jpg 1536w\" sizes=\"auto, (max-width: 1579px) 100vw, 1579px\" \/>            <div class=\"grid-item-content\">\r\n                <h2 class=\"grid-item-title\">Sociale ondernemingen aan de slag met impact meten!<\/h2>\r\n                <span class=\"grid-item-date\">20 January 2020<\/span>\r\n                <div class=\"grid-item-excerpt\">Aan het einde van Expeditie Impact hebben zij een one-pager met de belangrijkste resultaten van&hellip;<\/div>\r\n                <!--<div><span class=\"grid-item-category\">Nieuws<\/span><\/div>-->\r\n            <\/div>\r\n        <\/a>\r\n                <a href=\"https:\/\/social-enterprise.nl\/en\/artikelen\/achter-de-schermen-bij-chocolatemakers\/\" class=\"grid-item-link grid-item\">\r\n            <img loading=\"lazy\" decoding=\"async\" width=\"1920\" height=\"1383\" src=\"https:\/\/social-enterprise.nl\/wp-content\/uploads\/2024\/10\/intro.jpg\" class=\"attachment-small size-small wp-post-image\" alt=\"\" srcset=\"https:\/\/social-enterprise.nl\/wp-content\/uploads\/2024\/10\/intro.jpg 1920w, https:\/\/social-enterprise.nl\/wp-content\/uploads\/2024\/10\/intro-768x553.jpg 768w, https:\/\/social-enterprise.nl\/wp-content\/uploads\/2024\/10\/intro-1536x1106.jpg 1536w, https:\/\/social-enterprise.nl\/wp-content\/uploads\/2024\/10\/intro-18x12.jpg 18w\" sizes=\"auto, (max-width: 1920px) 100vw, 1920px\" \/>            <div class=\"grid-item-content\">\r\n                <h2 class=\"grid-item-title\">Achter de schermen bij\u2026 Chocolatemakers<\/h2>\r\n                <span class=\"grid-item-date\">18 December 2019<\/span>\r\n                <div class=\"grid-item-excerpt\">De eerste bezoekbare chocoladefabriek van Nederland is een feit en staat in Amsterdam, in de&hellip;<\/div>\r\n                <!--<div><span class=\"grid-item-category\">Artikelen<\/span><\/div>-->\r\n            <\/div>\r\n        <\/a>\r\n                <a href=\"https:\/\/social-enterprise.nl\/en\/nieuws\/zes-moties-aangenomen-om-sociaal-ondernemers-te-ondersteunen\/\" class=\"grid-item-link grid-item\">\r\n            <img loading=\"lazy\" decoding=\"async\" width=\"1600\" height=\"777\" src=\"https:\/\/social-enterprise.nl\/wp-content\/uploads\/2024\/08\/551575981120_BVmdebat.jpeg\" class=\"attachment-small size-small wp-post-image\" alt=\"\" srcset=\"https:\/\/social-enterprise.nl\/wp-content\/uploads\/2024\/08\/551575981120_BVmdebat.jpeg 1600w, https:\/\/social-enterprise.nl\/wp-content\/uploads\/2024\/08\/551575981120_BVmdebat-768x373.jpeg 768w, https:\/\/social-enterprise.nl\/wp-content\/uploads\/2024\/08\/551575981120_BVmdebat-1536x746.jpeg 1536w\" sizes=\"auto, (max-width: 1600px) 100vw, 1600px\" \/>            <div class=\"grid-item-content\">\r\n                <h2 class=\"grid-item-title\">Zes moties aangenomen om sociaal ondernemers te ondersteunen<\/h2>\r\n                <span class=\"grid-item-date\">10 December 2019<\/span>\r\n                <div class=\"grid-item-excerpt\">Tijdens dit overleg werd de Initiatiefnota \u2018Ondernemen met een maatschappelijke missie\u2019\u00a0van Eppo Bruins (ChristenUnie) besproken,&hellip;<\/div>\r\n                <!--<div><span class=\"grid-item-category\">Nieuws<\/span><\/div>-->\r\n            <\/div>\r\n        <\/a>\r\n                <a href=\"https:\/\/social-enterprise.nl\/en\/nieuws\/tweede-kamer-wil-betere-herkenning-sociale-ondernemingen\/\" class=\"grid-item-link grid-item\">\r\n            <img loading=\"lazy\" decoding=\"async\" width=\"1600\" height=\"777\" src=\"https:\/\/social-enterprise.nl\/wp-content\/uploads\/2024\/08\/501575468711_WhatsApp_Image_2019-12-04_at_15.05.18.jpeg\" class=\"attachment-small size-small wp-post-image\" alt=\"\" srcset=\"https:\/\/social-enterprise.nl\/wp-content\/uploads\/2024\/08\/501575468711_WhatsApp_Image_2019-12-04_at_15.05.18.jpeg 1600w, https:\/\/social-enterprise.nl\/wp-content\/uploads\/2024\/08\/501575468711_WhatsApp_Image_2019-12-04_at_15.05.18-768x373.jpeg 768w, https:\/\/social-enterprise.nl\/wp-content\/uploads\/2024\/08\/501575468711_WhatsApp_Image_2019-12-04_at_15.05.18-1536x746.jpeg 1536w\" sizes=\"auto, (max-width: 1600px) 100vw, 1600px\" \/>            <div class=\"grid-item-content\">\r\n                <h2 class=\"grid-item-title\">Tweede Kamer wil betere (h)erkenning sociale ondernemingen<\/h2>\r\n                <span class=\"grid-item-date\">4 December 2019<\/span>\r\n                <div class=\"grid-item-excerpt\">\u2018En wat betekent dit voor de bakker om de hoek?\u2019 Alle aanwezige Kamerleden (VVD, CDA,&hellip;<\/div>\r\n                <!--<div><span class=\"grid-item-category\">Nieuws<\/span><\/div>-->\r\n            <\/div>\r\n        <\/a>\r\n                <a href=\"https:\/\/social-enterprise.nl\/en\/nieuws\/tweede-kamer-in-gesprek-over-bvm\/\" class=\"grid-item-link grid-item\">\r\n                        <div class=\"grid-item-content\">\r\n                <h2 class=\"grid-item-title\">Tweede Kamer in gesprek over BVm<\/h2>\r\n                <span class=\"grid-item-date\">4 November 2019<\/span>\r\n                <div class=\"grid-item-excerpt\">Het is een belangrijk moment voor de ontwikkeling van sociaal ondernemerschap in Nederland. Wij roepen&hellip;<\/div>\r\n                <!--<div><span class=\"grid-item-category\">Nieuws<\/span><\/div>-->\r\n            <\/div>\r\n        <\/a>\r\n                <a href=\"https:\/\/social-enterprise.nl\/en\/nieuws\/social-enterprise-monitor-2019-groei-en-benvloeding-van-anderen\/\" class=\"grid-item-link grid-item\">\r\n            <img loading=\"lazy\" decoding=\"async\" width=\"687\" height=\"492\" src=\"https:\/\/social-enterprise.nl\/wp-content\/uploads\/2024\/08\/101571657531_Monitor_cover_2019.png\" class=\"attachment-small size-small wp-post-image\" alt=\"\" \/>            <div class=\"grid-item-content\">\r\n                <h2 class=\"grid-item-title\">Social Enterprise Monitor 2019: groei en be&iuml;nvloeding van anderen<\/h2>\r\n                <span class=\"grid-item-date\">22 October 2019<\/span>\r\n                <div class=\"grid-item-excerpt\">Sociale ondernemingen, bedrijven met primair een maatschappelijke missie, groeien en willen ook andere bedrijven aanzetten&hellip;<\/div>\r\n                <!--<div><span class=\"grid-item-category\">Nieuws<\/span><\/div>-->\r\n            <\/div>\r\n        <\/a>\r\n                <a href=\"https:\/\/social-enterprise.nl\/en\/nieuws\/ontwikkelprogramma-sociaal-ondernemen-voor-gemeenten\/\" class=\"grid-item-link grid-item\">\r\n            <img loading=\"lazy\" decoding=\"async\" width=\"557\" height=\"504\" src=\"https:\/\/social-enterprise.nl\/wp-content\/uploads\/2024\/08\/901571121992_ontwikkelprogramma.png\" class=\"attachment-small size-small wp-post-image\" alt=\"\" \/>            <div class=\"grid-item-content\">\r\n                <h2 class=\"grid-item-title\">Ontwikkelprogramma sociaal ondernemen voor gemeenten<\/h2>\r\n                <span class=\"grid-item-date\">15 October 2019<\/span>\r\n                <div class=\"grid-item-excerpt\">Sociaal ondernemers zijn daarmee natuurlijke partners van gemeentes, omdat zij met\u00a0innovatieve oplossingen komen voor maatschappelijke&hellip;<\/div>\r\n                <!--<div><span class=\"grid-item-category\">Nieuws<\/span><\/div>-->\r\n            <\/div>\r\n        <\/a>\r\n                <a href=\"https:\/\/social-enterprise.nl\/en\/artikelen\/de-spotlight-sungevity\/\" class=\"grid-item-link grid-item\">\r\n            <img loading=\"lazy\" decoding=\"async\" width=\"1200\" height=\"675\" src=\"https:\/\/social-enterprise.nl\/wp-content\/uploads\/2024\/09\/Roebyem-Anders-1200x675-1.jpg\" class=\"attachment-small size-small wp-post-image\" alt=\"\" srcset=\"https:\/\/social-enterprise.nl\/wp-content\/uploads\/2024\/09\/Roebyem-Anders-1200x675-1.jpg 1200w, https:\/\/social-enterprise.nl\/wp-content\/uploads\/2024\/09\/Roebyem-Anders-1200x675-1-768x432.jpg 768w, https:\/\/social-enterprise.nl\/wp-content\/uploads\/2024\/09\/Roebyem-Anders-1200x675-1-18x10.jpg 18w\" sizes=\"auto, (max-width: 1200px) 100vw, 1200px\" \/>            <div class=\"grid-item-content\">\r\n                <h2 class=\"grid-item-title\">In de spotlight: Sungevity<\/h2>\r\n                <span class=\"grid-item-date\">26 September 2019<\/span>\r\n                <div class=\"grid-item-excerpt\">\u201cConcurrenten hebben al meerdere keren onze idee\u00ebn, zoals een aanbod op afstand, overgenomen. En daar&hellip;<\/div>\r\n                <!--<div><span class=\"grid-item-category\">Artikelen<\/span><\/div>-->\r\n            <\/div>\r\n        <\/a>\r\n                <a href=\"https:\/\/social-enterprise.nl\/en\/nieuws\/sociale-ondernemingen-werken-met-grow-impact-aan-hun-groeiplan\/\" class=\"grid-item-link grid-item\">\r\n            <img loading=\"lazy\" decoding=\"async\" width=\"1440\" height=\"1080\" src=\"https:\/\/social-enterprise.nl\/wp-content\/uploads\/2019\/09\/Grow_Impact_deelnemers.jpg\" class=\"attachment-small size-small wp-post-image\" alt=\"\" srcset=\"https:\/\/social-enterprise.nl\/wp-content\/uploads\/2019\/09\/Grow_Impact_deelnemers.jpg 1440w, https:\/\/social-enterprise.nl\/wp-content\/uploads\/2019\/09\/Grow_Impact_deelnemers-768x576.jpg 768w, https:\/\/social-enterprise.nl\/wp-content\/uploads\/2019\/09\/Grow_Impact_deelnemers-16x12.jpg 16w\" sizes=\"auto, (max-width: 1440px) 100vw, 1440px\" \/>            <div class=\"grid-item-content\">\r\n                <h2 class=\"grid-item-title\">Sociale ondernemingen werken met Grow Impact aan hun groeiplan!<\/h2>\r\n                <span class=\"grid-item-date\">20 September 2019<\/span>\r\n                <div class=\"grid-item-excerpt\">Brainport Assembly Ondernemerschap waar iedereen bij wint. Brainport Assembly assembleert en monteert in Nederland, waardoor&hellip;<\/div>\r\n                <!--<div><span class=\"grid-item-category\">Nieuws<\/span><\/div>-->\r\n            <\/div>\r\n        <\/a>\r\n                <a href=\"https:\/\/social-enterprise.nl\/en\/nieuws\/gezocht-futureproof-ideen-voor-nieuw-tv-programma\/\" class=\"grid-item-link grid-item\">\r\n                        <div class=\"grid-item-content\">\r\n                <h2 class=\"grid-item-title\">Gezocht: futureproof idee&euml;n voor nieuw tv-programma<\/h2>\r\n                <span class=\"grid-item-date\">18 September 2019<\/span>\r\n                <div class=\"grid-item-excerpt\">De geschikte kandidaat RTL4 is op&nbsp;zoek naar denkers en ondernemers die hun briljante idee graag&hellip;<\/div>\r\n                <!--<div><span class=\"grid-item-category\">Nieuws<\/span><\/div>-->\r\n            <\/div>\r\n        <\/a>\r\n                <a href=\"https:\/\/social-enterprise.nl\/en\/artikelen\/achter-de-schermen-bijbijzondere-breinen\/\" class=\"grid-item-link grid-item\">\r\n            <img loading=\"lazy\" decoding=\"async\" width=\"1920\" height=\"1440\" src=\"https:\/\/social-enterprise.nl\/wp-content\/uploads\/2024\/10\/bijzondere_breinen_intro_afbeelding.jpg\" class=\"attachment-small size-small wp-post-image\" alt=\"\" srcset=\"https:\/\/social-enterprise.nl\/wp-content\/uploads\/2024\/10\/bijzondere_breinen_intro_afbeelding.jpg 1920w, https:\/\/social-enterprise.nl\/wp-content\/uploads\/2024\/10\/bijzondere_breinen_intro_afbeelding-768x576.jpg 768w, https:\/\/social-enterprise.nl\/wp-content\/uploads\/2024\/10\/bijzondere_breinen_intro_afbeelding-1536x1152.jpg 1536w, https:\/\/social-enterprise.nl\/wp-content\/uploads\/2024\/10\/bijzondere_breinen_intro_afbeelding-16x12.jpg 16w\" sizes=\"auto, (max-width: 1920px) 100vw, 1920px\" \/>            <div class=\"grid-item-content\">\r\n                <h2 class=\"grid-item-title\">Achter de schermen bij&#8230; Bijzondere Breinen<\/h2>\r\n                <span class=\"grid-item-date\">11 September 2019<\/span>\r\n                <div class=\"grid-item-excerpt\">Achter de schermen of beter gezegd, vanuit de denkwijzen van Bijzondere Breinen. Want deze sociale&hellip;<\/div>\r\n                <!--<div><span class=\"grid-item-category\">Artikelen<\/span><\/div>-->\r\n            <\/div>\r\n        <\/a>\r\n                <a href=\"https:\/\/social-enterprise.nl\/en\/artikelen\/gemeenten-zetten-plannen-voor-sociaal-ondernemen-voort\/\" class=\"grid-item-link grid-item\">\r\n                        <div class=\"grid-item-content\">\r\n                <h2 class=\"grid-item-title\">Gemeenten zetten plannen voor sociaal ondernemen voort<\/h2>\r\n                <span class=\"grid-item-date\">2 September 2019<\/span>\r\n                <div class=\"grid-item-excerpt\">Sociaal ondernemen krijgt steeds meer aandacht van gemeenten. Social Enterprise NL analyseerde vorig jaar de&hellip;<\/div>\r\n                <!--<div><span class=\"grid-item-category\">Artikelen<\/span><\/div>-->\r\n            <\/div>\r\n        <\/a>\r\n                <a href=\"https:\/\/social-enterprise.nl\/en\/artikelen\/achter-de-schermen-bij-paperwise\/\" class=\"grid-item-link grid-item\">\r\n            <img loading=\"lazy\" decoding=\"async\" width=\"1920\" height=\"1282\" src=\"https:\/\/social-enterprise.nl\/wp-content\/uploads\/2024\/10\/Teamfoto_PaperWise_CKwartier.jpg\" class=\"attachment-small size-small wp-post-image\" alt=\"\" srcset=\"https:\/\/social-enterprise.nl\/wp-content\/uploads\/2024\/10\/Teamfoto_PaperWise_CKwartier.jpg 1920w, https:\/\/social-enterprise.nl\/wp-content\/uploads\/2024\/10\/Teamfoto_PaperWise_CKwartier-768x513.jpg 768w, https:\/\/social-enterprise.nl\/wp-content\/uploads\/2024\/10\/Teamfoto_PaperWise_CKwartier-1536x1026.jpg 1536w, https:\/\/social-enterprise.nl\/wp-content\/uploads\/2024\/10\/Teamfoto_PaperWise_CKwartier-18x12.jpg 18w\" sizes=\"auto, (max-width: 1920px) 100vw, 1920px\" \/>            <div class=\"grid-item-content\">\r\n                <h2 class=\"grid-item-title\">Achter de schermen bij.. PaperWise<\/h2>\r\n                <span class=\"grid-item-date\">16 August 2019<\/span>\r\n                <div class=\"grid-item-excerpt\">Afval noem je toch geen afval als je er nog mooie producten van kan maken?&hellip;<\/div>\r\n                <!--<div><span class=\"grid-item-category\">Artikelen<\/span><\/div>-->\r\n            <\/div>\r\n        <\/a>\r\n                <a href=\"https:\/\/social-enterprise.nl\/en\/nieuws\/social-enterprise-scriptieprijs\/\" class=\"grid-item-link grid-item\">\r\n            <img loading=\"lazy\" decoding=\"async\" width=\"1440\" height=\"577\" src=\"https:\/\/social-enterprise.nl\/wp-content\/uploads\/2019\/07\/991564410363_scriptieprijsklein-scaled-1.jpg\" class=\"attachment-small size-small wp-post-image\" alt=\"\" srcset=\"https:\/\/social-enterprise.nl\/wp-content\/uploads\/2019\/07\/991564410363_scriptieprijsklein-scaled-1.jpg 1440w, https:\/\/social-enterprise.nl\/wp-content\/uploads\/2019\/07\/991564410363_scriptieprijsklein-scaled-1-768x308.jpg 768w, https:\/\/social-enterprise.nl\/wp-content\/uploads\/2019\/07\/991564410363_scriptieprijsklein-scaled-1-18x7.jpg 18w\" sizes=\"auto, (max-width: 1440px) 100vw, 1440px\" \/>            <div class=\"grid-item-content\">\r\n                <h2 class=\"grid-item-title\">Social Enterprise Scriptieprijs<\/h2>\r\n                <span class=\"grid-item-date\">29 July 2019<\/span>\r\n                <div class=\"grid-item-excerpt\">Steeds vaker schrijven studenten hun scriptie over sociaal ondernemerschap. Een positieve ontwikkeling, want meer kennis&hellip;<\/div>\r\n                <!--<div><span class=\"grid-item-category\">Nieuws<\/span><\/div>-->\r\n            <\/div>\r\n        <\/a>\r\n                <a href=\"https:\/\/social-enterprise.nl\/en\/nieuws\/vacature-community-en-eventmanagement-stage\/\" class=\"grid-item-link grid-item\">\r\n            <img loading=\"lazy\" decoding=\"async\" width=\"913\" height=\"665\" src=\"https:\/\/social-enterprise.nl\/wp-content\/uploads\/2024\/08\/531556889313_Teamfoto.png\" class=\"attachment-small size-small wp-post-image\" alt=\"\" srcset=\"https:\/\/social-enterprise.nl\/wp-content\/uploads\/2024\/08\/531556889313_Teamfoto.png 913w, https:\/\/social-enterprise.nl\/wp-content\/uploads\/2024\/08\/531556889313_Teamfoto-768x559.png 768w\" sizes=\"auto, (max-width: 913px) 100vw, 913px\" \/>            <div class=\"grid-item-content\">\r\n                <h2 class=\"grid-item-title\">Vacature: Community- en Eventmanagement stage<\/h2>\r\n                <span class=\"grid-item-date\">11 July 2019<\/span>\r\n                <div class=\"grid-item-excerpt\">Social Enterprise NL\u00a0is aanjager van de groeiende beweging van sociaal ondernemers in Nederland. Samen met&hellip;<\/div>\r\n                <!--<div><span class=\"grid-item-category\">Nieuws<\/span><\/div>-->\r\n            <\/div>\r\n        <\/a>\r\n                <a href=\"https:\/\/social-enterprise.nl\/en\/nieuws\/het-next-level-pitch-event-2019\/\" class=\"grid-item-link grid-item\">\r\n            <img loading=\"lazy\" decoding=\"async\" width=\"1005\" height=\"645\" src=\"https:\/\/social-enterprise.nl\/wp-content\/uploads\/2024\/08\/941562675301_Schermafbeelding_2019-07-09_om_14.08.00.png\" class=\"attachment-small size-small wp-post-image\" alt=\"\" srcset=\"https:\/\/social-enterprise.nl\/wp-content\/uploads\/2024\/08\/941562675301_Schermafbeelding_2019-07-09_om_14.08.00.png 1005w, https:\/\/social-enterprise.nl\/wp-content\/uploads\/2024\/08\/941562675301_Schermafbeelding_2019-07-09_om_14.08.00-768x493.png 768w\" sizes=\"auto, (max-width: 1005px) 100vw, 1005px\" \/>            <div class=\"grid-item-content\">\r\n                <h2 class=\"grid-item-title\">Het Next Level Pitch Event 2019!<\/h2>\r\n                <span class=\"grid-item-date\">9 July 2019<\/span>\r\n                <div class=\"grid-item-excerpt\">Dit jaar vond de vijfde editie van het Next Level programma plaats. De afgelopen twee&hellip;<\/div>\r\n                <!--<div><span class=\"grid-item-category\">Nieuws<\/span><\/div>-->\r\n            <\/div>\r\n        <\/a>\r\n                <a href=\"https:\/\/social-enterprise.nl\/en\/artikelen\/achter-de-schermen-bij-de-koekfabriek\/\" class=\"grid-item-link grid-item\">\r\n            <img loading=\"lazy\" decoding=\"async\" width=\"1920\" height=\"1279\" src=\"https:\/\/social-enterprise.nl\/wp-content\/uploads\/2024\/10\/1-.jpg\" class=\"attachment-small size-small wp-post-image\" alt=\"\" srcset=\"https:\/\/social-enterprise.nl\/wp-content\/uploads\/2024\/10\/1-.jpg 1920w, https:\/\/social-enterprise.nl\/wp-content\/uploads\/2024\/10\/1--768x512.jpg 768w, https:\/\/social-enterprise.nl\/wp-content\/uploads\/2024\/10\/1--1536x1023.jpg 1536w, https:\/\/social-enterprise.nl\/wp-content\/uploads\/2024\/10\/1--18x12.jpg 18w\" sizes=\"auto, (max-width: 1920px) 100vw, 1920px\" \/>            <div class=\"grid-item-content\">\r\n                <h2 class=\"grid-item-title\">Achter de schermen bij&#8230; De Koekfabriek<\/h2>\r\n                <span class=\"grid-item-date\">5 July 2019<\/span>\r\n                <div class=\"grid-item-excerpt\">Bij De Koekfabriek maken mensen met een afstand tot de arbeidsmarkt overheerlijke, ambachtelijke koekjes. De&hellip;<\/div>\r\n                <!--<div><span class=\"grid-item-category\">Artikelen<\/span><\/div>-->\r\n            <\/div>\r\n        <\/a>\r\n                <a href=\"https:\/\/social-enterprise.nl\/en\/nieuws\/bas-van-abel-treedt-toe-tot-raad-van-toezicht\/\" class=\"grid-item-link grid-item\">\r\n            <img loading=\"lazy\" decoding=\"async\" width=\"667\" height=\"500\" src=\"https:\/\/social-enterprise.nl\/wp-content\/uploads\/2019\/07\/dc6bce239748a44a3edab0c0638c6e60.jpg\" class=\"attachment-small size-small wp-post-image\" alt=\"\" srcset=\"https:\/\/social-enterprise.nl\/wp-content\/uploads\/2019\/07\/dc6bce239748a44a3edab0c0638c6e60.jpg 667w, https:\/\/social-enterprise.nl\/wp-content\/uploads\/2019\/07\/dc6bce239748a44a3edab0c0638c6e60-16x12.jpg 16w\" sizes=\"auto, (max-width: 667px) 100vw, 667px\" \/>            <div class=\"grid-item-content\">\r\n                <h2 class=\"grid-item-title\">Bas van Abel treedt toe tot Raad van Toezicht<\/h2>\r\n                <span class=\"grid-item-date\">5 July 2019<\/span>\r\n                <div class=\"grid-item-excerpt\">Mark Hillen geeft aan: &#8220;Bas weet als oprichter van Fairphone wat er komt kijken bij&hellip;<\/div>\r\n                <!--<div><span class=\"grid-item-category\">Nieuws<\/span><\/div>-->\r\n            <\/div>\r\n        <\/a>\r\n                <a href=\"https:\/\/social-enterprise.nl\/en\/artikelen\/social-impact-market-meetup\/\" class=\"grid-item-link grid-item\">\r\n            <img loading=\"lazy\" decoding=\"async\" width=\"321\" height=\"321\" src=\"https:\/\/social-enterprise.nl\/wp-content\/uploads\/2024\/10\/SocialImpactMarketmeetup.png\" class=\"attachment-small size-small wp-post-image\" alt=\"\" srcset=\"https:\/\/social-enterprise.nl\/wp-content\/uploads\/2024\/10\/SocialImpactMarketmeetup.png 321w, https:\/\/social-enterprise.nl\/wp-content\/uploads\/2024\/10\/SocialImpactMarketmeetup-12x12.png 12w\" sizes=\"auto, (max-width: 321px) 100vw, 321px\" \/>            <div class=\"grid-item-content\">\r\n                <h2 class=\"grid-item-title\">Social Impact Market Meetup<\/h2>\r\n                <span class=\"grid-item-date\">3 July 2019<\/span>\r\n                <div class=\"grid-item-excerpt\">Afgelopen 6 juni vond de \u2018Social Impact Market Meetup\u2019 plaats in de Social Impact Factory&hellip;<\/div>\r\n                <!--<div><span class=\"grid-item-category\">Artikelen<\/span><\/div>-->\r\n            <\/div>\r\n        <\/a>\r\n                <a href=\"https:\/\/social-enterprise.nl\/en\/nieuws\/samenwerken-met-n-van-de-goede-doelen-loterijen\/\" class=\"grid-item-link grid-item\">\r\n            <img loading=\"lazy\" decoding=\"async\" width=\"1200\" height=\"803\" src=\"https:\/\/social-enterprise.nl\/wp-content\/uploads\/2019\/06\/711561032139_52048_DSC_1289_1-scaled-1.jpg\" class=\"attachment-small size-small wp-post-image\" alt=\"\" srcset=\"https:\/\/social-enterprise.nl\/wp-content\/uploads\/2019\/06\/711561032139_52048_DSC_1289_1-scaled-1.jpg 1200w, https:\/\/social-enterprise.nl\/wp-content\/uploads\/2019\/06\/711561032139_52048_DSC_1289_1-scaled-1-768x514.jpg 768w, https:\/\/social-enterprise.nl\/wp-content\/uploads\/2019\/06\/711561032139_52048_DSC_1289_1-scaled-1-18x12.jpg 18w\" sizes=\"auto, (max-width: 1200px) 100vw, 1200px\" \/>            <div class=\"grid-item-content\">\r\n                <h2 class=\"grid-item-title\">Samenwerken met &eacute;&eacute;n van de Goede Doelen Loterijen?<\/h2>\r\n                <span class=\"grid-item-date\">12 June 2019<\/span>\r\n                <div class=\"grid-item-excerpt\">Je krijgt namelijk de kans om jouw product als prijs te verkopen aan een van&hellip;<\/div>\r\n                <!--<div><span class=\"grid-item-category\">Nieuws<\/span><\/div>-->\r\n            <\/div>\r\n        <\/a>\r\n                <a href=\"https:\/\/social-enterprise.nl\/en\/nieuws\/nieuwe-koplopers-binnen-het-netwerk\/\" class=\"grid-item-link grid-item\">\r\n            <img loading=\"lazy\" decoding=\"async\" width=\"2091\" height=\"1173\" src=\"https:\/\/social-enterprise.nl\/wp-content\/uploads\/2024\/08\/641560327780_thumbnail__welkom_in_ons_netwerk_juni_2019.png\" class=\"attachment-small size-small wp-post-image\" alt=\"\" srcset=\"https:\/\/social-enterprise.nl\/wp-content\/uploads\/2024\/08\/641560327780_thumbnail__welkom_in_ons_netwerk_juni_2019.png 2091w, https:\/\/social-enterprise.nl\/wp-content\/uploads\/2024\/08\/641560327780_thumbnail__welkom_in_ons_netwerk_juni_2019-768x431.png 768w, https:\/\/social-enterprise.nl\/wp-content\/uploads\/2024\/08\/641560327780_thumbnail__welkom_in_ons_netwerk_juni_2019-1536x862.png 1536w, https:\/\/social-enterprise.nl\/wp-content\/uploads\/2024\/08\/641560327780_thumbnail__welkom_in_ons_netwerk_juni_2019-2048x1149.png 2048w\" sizes=\"auto, (max-width: 2091px) 100vw, 2091px\" \/>            <div class=\"grid-item-content\">\r\n                <h2 class=\"grid-item-title\">Nieuwe koplopers binnen het netwerk!<\/h2>\r\n                <span class=\"grid-item-date\">11 June 2019<\/span>\r\n                <div class=\"grid-item-excerpt\">Het aantal sociale ondernemingen in Nederland neemt toe en het netwerk van Social Enterprise NL&hellip;<\/div>\r\n                <!--<div><span class=\"grid-item-category\">Nieuws<\/span><\/div>-->\r\n            <\/div>\r\n        <\/a>\r\n                <a href=\"https:\/\/social-enterprise.nl\/en\/artikelen\/achter-de-schermen-bij-the-good-roll\/\" class=\"grid-item-link grid-item\">\r\n            <img loading=\"lazy\" decoding=\"async\" width=\"1920\" height=\"1260\" src=\"https:\/\/social-enterprise.nl\/wp-content\/uploads\/2024\/10\/IMG_5900-.jpg\" class=\"attachment-small size-small wp-post-image\" alt=\"\" srcset=\"https:\/\/social-enterprise.nl\/wp-content\/uploads\/2024\/10\/IMG_5900-.jpg 1920w, https:\/\/social-enterprise.nl\/wp-content\/uploads\/2024\/10\/IMG_5900--768x504.jpg 768w, https:\/\/social-enterprise.nl\/wp-content\/uploads\/2024\/10\/IMG_5900--1536x1008.jpg 1536w, https:\/\/social-enterprise.nl\/wp-content\/uploads\/2024\/10\/IMG_5900--18x12.jpg 18w\" sizes=\"auto, (max-width: 1920px) 100vw, 1920px\" \/>            <div class=\"grid-item-content\">\r\n                <h2 class=\"grid-item-title\">Achter de schermen bij&#8230; The Good Roll!<\/h2>\r\n                <span class=\"grid-item-date\">3 June 2019<\/span>\r\n                <div class=\"grid-item-excerpt\">The Good Roll is 100% gerecycled toiletpapier en heeft een positieve impact op het milieu:&hellip;<\/div>\r\n                <!--<div><span class=\"grid-item-category\">Artikelen<\/span><\/div>-->\r\n            <\/div>\r\n        <\/a>\r\n                <a href=\"https:\/\/social-enterprise.nl\/en\/nieuws\/modelstatuten-beschikbaar\/\" class=\"grid-item-link grid-item\">\r\n            <img loading=\"lazy\" decoding=\"async\" width=\"2500\" height=\"1000\" src=\"https:\/\/social-enterprise.nl\/wp-content\/uploads\/2024\/08\/641555919837_014_Social_entrepreneurship_and_education.jpg\" class=\"attachment-small size-small wp-post-image\" alt=\"\" srcset=\"https:\/\/social-enterprise.nl\/wp-content\/uploads\/2024\/08\/641555919837_014_Social_entrepreneurship_and_education.jpg 2500w, https:\/\/social-enterprise.nl\/wp-content\/uploads\/2024\/08\/641555919837_014_Social_entrepreneurship_and_education-768x307.jpg 768w, https:\/\/social-enterprise.nl\/wp-content\/uploads\/2024\/08\/641555919837_014_Social_entrepreneurship_and_education-1536x614.jpg 1536w, https:\/\/social-enterprise.nl\/wp-content\/uploads\/2024\/08\/641555919837_014_Social_entrepreneurship_and_education-2048x819.jpg 2048w\" sizes=\"auto, (max-width: 2500px) 100vw, 2500px\" \/>            <div class=\"grid-item-content\">\r\n                <h2 class=\"grid-item-title\">Modelstatuten beschikbaar!<\/h2>\r\n                <span class=\"grid-item-date\">3 June 2019<\/span>\r\n                <div class=\"grid-item-excerpt\">Deze modelstatuten zijn opgesteld door een notaris van CMS en zijn bedoeld voor een besloten&hellip;<\/div>\r\n                <!--<div><span class=\"grid-item-category\">Nieuws<\/span><\/div>-->\r\n            <\/div>\r\n        <\/a>\r\n                <a href=\"https:\/\/social-enterprise.nl\/en\/nieuws\/goed-nieuws-kabinet-gaat-haalbaarheid-b-v-m-onderzoeken\/\" class=\"grid-item-link grid-item\">\r\n            <img loading=\"lazy\" decoding=\"async\" width=\"2500\" height=\"1000\" src=\"https:\/\/social-enterprise.nl\/wp-content\/uploads\/2024\/08\/281558099076_Erkenning_sociale_onderneming_maatschappelijke_vennootschap_1.jpg\" class=\"attachment-small size-small wp-post-image\" alt=\"\" srcset=\"https:\/\/social-enterprise.nl\/wp-content\/uploads\/2024\/08\/281558099076_Erkenning_sociale_onderneming_maatschappelijke_vennootschap_1.jpg 2500w, https:\/\/social-enterprise.nl\/wp-content\/uploads\/2024\/08\/281558099076_Erkenning_sociale_onderneming_maatschappelijke_vennootschap_1-768x307.jpg 768w, https:\/\/social-enterprise.nl\/wp-content\/uploads\/2024\/08\/281558099076_Erkenning_sociale_onderneming_maatschappelijke_vennootschap_1-1536x614.jpg 1536w, https:\/\/social-enterprise.nl\/wp-content\/uploads\/2024\/08\/281558099076_Erkenning_sociale_onderneming_maatschappelijke_vennootschap_1-2048x819.jpg 2048w\" sizes=\"auto, (max-width: 2500px) 100vw, 2500px\" \/>            <div class=\"grid-item-content\">\r\n                <h2 class=\"grid-item-title\">Goed nieuws: Kabinet gaat haalbaarheid B.V.m onderzoeken!<\/h2>\r\n                <span class=\"grid-item-date\">17 May 2019<\/span>\r\n                <div class=\"grid-item-excerpt\">&#39;De ministerraad heeft besloten om de regelgeving en het speelveld voor ondernemingen met sociale of&hellip;<\/div>\r\n                <!--<div><span class=\"grid-item-category\">Nieuws<\/span><\/div>-->\r\n            <\/div>\r\n        <\/a>\r\n                <a href=\"https:\/\/social-enterprise.nl\/en\/nieuws\/vacature-stagiair-communicatie\/\" class=\"grid-item-link grid-item\">\r\n            <img loading=\"lazy\" decoding=\"async\" width=\"913\" height=\"665\" src=\"https:\/\/social-enterprise.nl\/wp-content\/uploads\/2024\/08\/691556889989_Teamfoto.png\" class=\"attachment-small size-small wp-post-image\" alt=\"\" srcset=\"https:\/\/social-enterprise.nl\/wp-content\/uploads\/2024\/08\/691556889989_Teamfoto.png 913w, https:\/\/social-enterprise.nl\/wp-content\/uploads\/2024\/08\/691556889989_Teamfoto-768x559.png 768w\" sizes=\"auto, (max-width: 913px) 100vw, 913px\" \/>            <div class=\"grid-item-content\">\r\n                <h2 class=\"grid-item-title\">Vacature: Stagiair Communicatie<\/h2>\r\n                <span class=\"grid-item-date\">15 May 2019<\/span>\r\n                <div class=\"grid-item-excerpt\">Over Social Enterprise NL Social Enterprise NL is aanjager van de groeiende beweging van sociaal&hellip;<\/div>\r\n                <!--<div><span class=\"grid-item-category\">Nieuws<\/span><\/div>-->\r\n            <\/div>\r\n        <\/a>\r\n                <a href=\"https:\/\/social-enterprise.nl\/en\/nieuws\/de-code-update\/\" class=\"grid-item-link grid-item\">\r\n            <img loading=\"lazy\" decoding=\"async\" width=\"1280\" height=\"720\" src=\"https:\/\/social-enterprise.nl\/wp-content\/uploads\/2024\/08\/421557914031_de_code_website_thumbnail.png\" class=\"attachment-small size-small wp-post-image\" alt=\"\" srcset=\"https:\/\/social-enterprise.nl\/wp-content\/uploads\/2024\/08\/421557914031_de_code_website_thumbnail.png 1280w, https:\/\/social-enterprise.nl\/wp-content\/uploads\/2024\/08\/421557914031_de_code_website_thumbnail-768x432.png 768w\" sizes=\"auto, (max-width: 1280px) 100vw, 1280px\" \/>            <div class=\"grid-item-content\">\r\n                <h2 class=\"grid-item-title\">De Code: update!<\/h2>\r\n                <span class=\"grid-item-date\">15 May 2019<\/span>\r\n                <div class=\"grid-item-excerpt\">Team Code, Review Board en beoordelaars In december 2018 richtte Social Enterprise NL de onafhankelijke&hellip;<\/div>\r\n                <!--<div><span class=\"grid-item-category\">Nieuws<\/span><\/div>-->\r\n            <\/div>\r\n        <\/a>\r\n                <a href=\"https:\/\/social-enterprise.nl\/en\/nieuws\/vergroot-je-sales-en-zichtbaarheid-via-bol-com\/\" class=\"grid-item-link grid-item\">\r\n            <img loading=\"lazy\" decoding=\"async\" width=\"1181\" height=\"960\" src=\"https:\/\/social-enterprise.nl\/wp-content\/uploads\/2024\/08\/541557913650_logo_bolcom-1.jpg\" class=\"attachment-small size-small wp-post-image\" alt=\"\" srcset=\"https:\/\/social-enterprise.nl\/wp-content\/uploads\/2024\/08\/541557913650_logo_bolcom-1.jpg 1181w, https:\/\/social-enterprise.nl\/wp-content\/uploads\/2024\/08\/541557913650_logo_bolcom-1-768x624.jpg 768w\" sizes=\"auto, (max-width: 1181px) 100vw, 1181px\" \/>            <div class=\"grid-item-content\">\r\n                <h2 class=\"grid-item-title\">Vergroot je sales en zichtbaarheid via bol.com<\/h2>\r\n                <span class=\"grid-item-date\">14 May 2019<\/span>\r\n                <div class=\"grid-item-excerpt\">Bol.com wil sociaal ondernemerschap graag stimuleren en heeft dan ook het helpen groeien van sociaal&hellip;<\/div>\r\n                <!--<div><span class=\"grid-item-category\">Nieuws<\/span><\/div>-->\r\n            <\/div>\r\n        <\/a>\r\n                <a href=\"https:\/\/social-enterprise.nl\/en\/nieuws\/social-impact-lab-2019\/\" class=\"grid-item-link grid-item\">\r\n            <img loading=\"lazy\" decoding=\"async\" width=\"522\" height=\"480\" src=\"https:\/\/social-enterprise.nl\/wp-content\/uploads\/2024\/08\/371557134565_Plaatje_SIL.png\" class=\"attachment-small size-small wp-post-image\" alt=\"\" \/>            <div class=\"grid-item-content\">\r\n                <h2 class=\"grid-item-title\">Social Impact Lab 2019<\/h2>\r\n                <span class=\"grid-item-date\">6 May 2019<\/span>\r\n                <div class=\"grid-item-excerpt\">Heeft jouw onderneming een maatschappelijke missie en wil je een volgende stap maken in het&hellip;<\/div>\r\n                <!--<div><span class=\"grid-item-category\">Nieuws<\/span><\/div>-->\r\n            <\/div>\r\n        <\/a>\r\n                <a href=\"https:\/\/social-enterprise.nl\/en\/artikelen\/de-spotlight-closing-loop\/\" class=\"grid-item-link grid-item\">\r\n            <img loading=\"lazy\" decoding=\"async\" width=\"1060\" height=\"674\" src=\"https:\/\/social-enterprise.nl\/wp-content\/uploads\/2024\/09\/Joost-de-Kluijver-1200x675-1.jpg\" class=\"attachment-small size-small wp-post-image\" alt=\"\" srcset=\"https:\/\/social-enterprise.nl\/wp-content\/uploads\/2024\/09\/Joost-de-Kluijver-1200x675-1.jpg 1060w, https:\/\/social-enterprise.nl\/wp-content\/uploads\/2024\/09\/Joost-de-Kluijver-1200x675-1-768x488.jpg 768w, https:\/\/social-enterprise.nl\/wp-content\/uploads\/2024\/09\/Joost-de-Kluijver-1200x675-1-18x12.jpg 18w\" sizes=\"auto, (max-width: 1060px) 100vw, 1060px\" \/>            <div class=\"grid-item-content\">\r\n                <h2 class=\"grid-item-title\">In de spotlight: Closing the Loop<\/h2>\r\n                <span class=\"grid-item-date\">30 April 2019<\/span>\r\n                <div class=\"grid-item-excerpt\">&#8221;Onze aanpak is feitelijk nodig in zo&#8217;n 150 landen wereldwijd. Want zo veel landen zijn&hellip;<\/div>\r\n                <!--<div><span class=\"grid-item-category\">Artikelen<\/span><\/div>-->\r\n            <\/div>\r\n        <\/a>\r\n                <a href=\"https:\/\/social-enterprise.nl\/en\/artikelen\/in-de-spotlight-astrid-kaag-ambtenaar-noord-brabant\/\" class=\"grid-item-link grid-item\">\r\n            <img loading=\"lazy\" decoding=\"async\" width=\"1088\" height=\"607\" src=\"https:\/\/social-enterprise.nl\/wp-content\/uploads\/2024\/09\/Astrid_Kaag.jpg\" class=\"attachment-small size-small wp-post-image\" alt=\"\" srcset=\"https:\/\/social-enterprise.nl\/wp-content\/uploads\/2024\/09\/Astrid_Kaag.jpg 1088w, https:\/\/social-enterprise.nl\/wp-content\/uploads\/2024\/09\/Astrid_Kaag-768x428.jpg 768w, https:\/\/social-enterprise.nl\/wp-content\/uploads\/2024\/09\/Astrid_Kaag-18x10.jpg 18w\" sizes=\"auto, (max-width: 1088px) 100vw, 1088px\" \/>            <div class=\"grid-item-content\">\r\n                <h2 class=\"grid-item-title\">In de spotlight: Astrid Kaag (ambtenaar Noord-Brabant)<\/h2>\r\n                <span class=\"grid-item-date\">23 April 2019<\/span>\r\n                <div class=\"grid-item-excerpt\">&#8221;Wat zou ik nou anders kunnen doen om er bijvoorbeeld voor te zorgen dat een&hellip;<\/div>\r\n                <!--<div><span class=\"grid-item-category\">Artikelen<\/span><\/div>-->\r\n            <\/div>\r\n        <\/a>\r\n                <a href=\"https:\/\/social-enterprise.nl\/en\/nieuws\/de-finance-tool-gelanceerd\/\" class=\"grid-item-link grid-item\">\r\n            <img loading=\"lazy\" decoding=\"async\" width=\"2500\" height=\"1000\" src=\"https:\/\/social-enterprise.nl\/wp-content\/uploads\/2024\/08\/431555919840_021_Free_assignment_1.jpg\" class=\"attachment-small size-small wp-post-image\" alt=\"\" srcset=\"https:\/\/social-enterprise.nl\/wp-content\/uploads\/2024\/08\/431555919840_021_Free_assignment_1.jpg 2500w, https:\/\/social-enterprise.nl\/wp-content\/uploads\/2024\/08\/431555919840_021_Free_assignment_1-768x307.jpg 768w, https:\/\/social-enterprise.nl\/wp-content\/uploads\/2024\/08\/431555919840_021_Free_assignment_1-1536x614.jpg 1536w, https:\/\/social-enterprise.nl\/wp-content\/uploads\/2024\/08\/431555919840_021_Free_assignment_1-2048x819.jpg 2048w\" sizes=\"auto, (max-width: 2500px) 100vw, 2500px\" \/>            <div class=\"grid-item-content\">\r\n                <h2 class=\"grid-item-title\">De Finance Tool is gelanceerd!<\/h2>\r\n                <span class=\"grid-item-date\">18 April 2019<\/span>\r\n                <div class=\"grid-item-excerpt\">Om sociaal ondernemers inzicht te bieden in het rijke financieringslandschap, hebben we&nbsp;de Finance Tool ontwikkeld.&nbsp;De&hellip;<\/div>\r\n                <!--<div><span class=\"grid-item-category\">Nieuws<\/span><\/div>-->\r\n            <\/div>\r\n        <\/a>\r\n                <a href=\"https:\/\/social-enterprise.nl\/en\/artikelen\/achter-de-schermen-bij-seeme\/\" class=\"grid-item-link grid-item\">\r\n            <img loading=\"lazy\" decoding=\"async\" width=\"1920\" height=\"1280\" src=\"https:\/\/social-enterprise.nl\/wp-content\/uploads\/2024\/10\/IMG_5804.jpg\" class=\"attachment-small size-small wp-post-image\" alt=\"\" srcset=\"https:\/\/social-enterprise.nl\/wp-content\/uploads\/2024\/10\/IMG_5804.jpg 1920w, https:\/\/social-enterprise.nl\/wp-content\/uploads\/2024\/10\/IMG_5804-768x512.jpg 768w, https:\/\/social-enterprise.nl\/wp-content\/uploads\/2024\/10\/IMG_5804-1536x1024.jpg 1536w, https:\/\/social-enterprise.nl\/wp-content\/uploads\/2024\/10\/IMG_5804-18x12.jpg 18w\" sizes=\"auto, (max-width: 1920px) 100vw, 1920px\" \/>            <div class=\"grid-item-content\">\r\n                <h2 class=\"grid-item-title\">Achter de schermen bij&#8230; SeeMe!<\/h2>\r\n                <span class=\"grid-item-date\">12 April 2019<\/span>\r\n                <div class=\"grid-item-excerpt\">Bij SeeMe in Amsterdam kun je als sieraden liefhebber goed terecht voor tijdloze, fairtrade accessoires&hellip;<\/div>\r\n                <!--<div><span class=\"grid-item-category\">Artikelen<\/span><\/div>-->\r\n            <\/div>\r\n        <\/a>\r\n                <a href=\"https:\/\/social-enterprise.nl\/en\/artikelen\/achter-de-schermen-bij-seeme-2\/\" class=\"grid-item-link grid-item\">\r\n            <img loading=\"lazy\" decoding=\"async\" width=\"1920\" height=\"1280\" src=\"https:\/\/social-enterprise.nl\/wp-content\/uploads\/2024\/10\/IMG_5804-.jpg\" class=\"attachment-small size-small wp-post-image\" alt=\"\" srcset=\"https:\/\/social-enterprise.nl\/wp-content\/uploads\/2024\/10\/IMG_5804-.jpg 1920w, https:\/\/social-enterprise.nl\/wp-content\/uploads\/2024\/10\/IMG_5804--768x512.jpg 768w, https:\/\/social-enterprise.nl\/wp-content\/uploads\/2024\/10\/IMG_5804--1536x1024.jpg 1536w, https:\/\/social-enterprise.nl\/wp-content\/uploads\/2024\/10\/IMG_5804--18x12.jpg 18w\" sizes=\"auto, (max-width: 1920px) 100vw, 1920px\" \/>            <div class=\"grid-item-content\">\r\n                <h2 class=\"grid-item-title\">Achter de schermen bij&#8230; SeeMe!<\/h2>\r\n                <span class=\"grid-item-date\">12 April 2019<\/span>\r\n                <div class=\"grid-item-excerpt\">Bij\u00a0SeeMe\u00a0in Amsterdam kun je als sieraden liefhebber goed terecht voor tijdloze, fairtrade accessoires gemaakt van&hellip;<\/div>\r\n                <!--<div><span class=\"grid-item-category\">Artikelen<\/span><\/div>-->\r\n            <\/div>\r\n        <\/a>\r\n                <a href=\"https:\/\/social-enterprise.nl\/en\/artikelen\/de-spotlight-resirest\/\" class=\"grid-item-link grid-item\">\r\n            <img loading=\"lazy\" decoding=\"async\" width=\"1103\" height=\"613\" src=\"https:\/\/social-enterprise.nl\/wp-content\/uploads\/2024\/09\/Geert_Kroos.jpg\" class=\"attachment-small size-small wp-post-image\" alt=\"\" srcset=\"https:\/\/social-enterprise.nl\/wp-content\/uploads\/2024\/09\/Geert_Kroos.jpg 1103w, https:\/\/social-enterprise.nl\/wp-content\/uploads\/2024\/09\/Geert_Kroos-768x427.jpg 768w, https:\/\/social-enterprise.nl\/wp-content\/uploads\/2024\/09\/Geert_Kroos-18x10.jpg 18w\" sizes=\"auto, (max-width: 1103px) 100vw, 1103px\" \/>            <div class=\"grid-item-content\">\r\n                <h2 class=\"grid-item-title\">In de spotlight: ResiRest<\/h2>\r\n                <span class=\"grid-item-date\">11 April 2019<\/span>\r\n                <div class=\"grid-item-excerpt\">''Het is in deze wereld steeds meer het hij en zij, jij en ik en&hellip;<\/div>\r\n                <!--<div><span class=\"grid-item-category\">Artikelen<\/span><\/div>-->\r\n            <\/div>\r\n        <\/a>\r\n                <a href=\"https:\/\/social-enterprise.nl\/en\/nieuws\/sociaal-ondernemers-van-start-met-grow-impact\/\" class=\"grid-item-link grid-item\">\r\n            <img loading=\"lazy\" decoding=\"async\" width=\"1568\" height=\"974\" src=\"https:\/\/social-enterprise.nl\/wp-content\/uploads\/2024\/08\/881554891667_Grow_Impact_groep.jpeg\" class=\"attachment-small size-small wp-post-image\" alt=\"\" srcset=\"https:\/\/social-enterprise.nl\/wp-content\/uploads\/2024\/08\/881554891667_Grow_Impact_groep.jpeg 1568w, https:\/\/social-enterprise.nl\/wp-content\/uploads\/2024\/08\/881554891667_Grow_Impact_groep-768x477.jpeg 768w, https:\/\/social-enterprise.nl\/wp-content\/uploads\/2024\/08\/881554891667_Grow_Impact_groep-1536x954.jpeg 1536w\" sizes=\"auto, (max-width: 1568px) 100vw, 1568px\" \/>            <div class=\"grid-item-content\">\r\n                <h2 class=\"grid-item-title\">Sociaal ondernemers van start met Grow Impact<\/h2>\r\n                <span class=\"grid-item-date\">10 April 2019<\/span>\r\n                <div class=\"grid-item-excerpt\">We stellen de deelnemende sociale ondernemingen graag aan je voor: BUMI Maak kennis met Daan&hellip;<\/div>\r\n                <!--<div><span class=\"grid-item-category\">Nieuws<\/span><\/div>-->\r\n            <\/div>\r\n        <\/a>\r\n                <a href=\"https:\/\/social-enterprise.nl\/en\/nieuws\/maatschappelijk-imago-monitor\/\" class=\"grid-item-link grid-item\">\r\n            <img loading=\"lazy\" decoding=\"async\" width=\"1502\" height=\"1000\" src=\"https:\/\/social-enterprise.nl\/wp-content\/uploads\/2024\/08\/401552467542_05_Events_-_aangepast.jpg\" class=\"attachment-small size-small wp-post-image\" alt=\"\" srcset=\"https:\/\/social-enterprise.nl\/wp-content\/uploads\/2024\/08\/401552467542_05_Events_-_aangepast.jpg 1502w, https:\/\/social-enterprise.nl\/wp-content\/uploads\/2024\/08\/401552467542_05_Events_-_aangepast-768x511.jpg 768w\" sizes=\"auto, (max-width: 1502px) 100vw, 1502px\" \/>            <div class=\"grid-item-content\">\r\n                <h2 class=\"grid-item-title\">Maatschappelijk Imago Monitor<\/h2>\r\n                <span class=\"grid-item-date\">8 April 2019<\/span>\r\n                <div class=\"grid-item-excerpt\">&#39;&#39;Bedrijven moeten maatschappelijke doelen belangrijker maken&#39;&#39;&nbsp; Nederlanders verleggen verantwoordelijkheid voor een duurzame wereld. Twee op&hellip;<\/div>\r\n                <!--<div><span class=\"grid-item-category\">Nieuws<\/span><\/div>-->\r\n            <\/div>\r\n        <\/a>\r\n                <a href=\"https:\/\/social-enterprise.nl\/en\/nieuws\/memo-aan-leden-provinciale-staten\/\" class=\"grid-item-link grid-item\">\r\n            <img loading=\"lazy\" decoding=\"async\" width=\"1502\" height=\"1000\" src=\"https:\/\/social-enterprise.nl\/wp-content\/uploads\/2024\/08\/531552467565_023_Free_assignment_2_-_aangepast.jpg\" class=\"attachment-small size-small wp-post-image\" alt=\"\" srcset=\"https:\/\/social-enterprise.nl\/wp-content\/uploads\/2024\/08\/531552467565_023_Free_assignment_2_-_aangepast.jpg 1502w, https:\/\/social-enterprise.nl\/wp-content\/uploads\/2024\/08\/531552467565_023_Free_assignment_2_-_aangepast-768x511.jpg 768w\" sizes=\"auto, (max-width: 1502px) 100vw, 1502px\" \/>            <div class=\"grid-item-content\">\r\n                <h2 class=\"grid-item-title\">Memo aan leden Provinciale Staten<\/h2>\r\n                <span class=\"grid-item-date\">5 April 2019<\/span>\r\n                <div class=\"grid-item-excerpt\">Naar een sociaal ondernemende provincie Dit is het moment waarop provincies een belangrijke rol kunnen&hellip;<\/div>\r\n                <!--<div><span class=\"grid-item-category\">Nieuws<\/span><\/div>-->\r\n            <\/div>\r\n        <\/a>\r\n                <a href=\"https:\/\/social-enterprise.nl\/en\/nieuws\/werkbezoek-wethouder-kathmann-rotterdam\/\" class=\"grid-item-link grid-item\">\r\n            <img loading=\"lazy\" decoding=\"async\" width=\"1600\" height=\"1200\" src=\"https:\/\/social-enterprise.nl\/wp-content\/uploads\/2024\/08\/301553166087_image1.jpeg\" class=\"attachment-small size-small wp-post-image\" alt=\"\" srcset=\"https:\/\/social-enterprise.nl\/wp-content\/uploads\/2024\/08\/301553166087_image1.jpeg 1600w, https:\/\/social-enterprise.nl\/wp-content\/uploads\/2024\/08\/301553166087_image1-768x576.jpeg 768w, https:\/\/social-enterprise.nl\/wp-content\/uploads\/2024\/08\/301553166087_image1-1536x1152.jpeg 1536w\" sizes=\"auto, (max-width: 1600px) 100vw, 1600px\" \/>            <div class=\"grid-item-content\">\r\n                <h2 class=\"grid-item-title\">Geslaagde bijeenkomst wethouder Kathmann<\/h2>\r\n                <span class=\"grid-item-date\">22 March 2019<\/span>\r\n                <div class=\"grid-item-excerpt\">De wethouder ziet de bijeenkomst als een waardevol moment om te horen met welke dillema\u2019s&hellip;<\/div>\r\n                <!--<div><span class=\"grid-item-category\">Nieuws<\/span><\/div>-->\r\n            <\/div>\r\n        <\/a>\r\n                <a href=\"https:\/\/social-enterprise.nl\/en\/artikelen\/de-spotlight-nofoodwasted\/\" class=\"grid-item-link grid-item\">\r\n            <img loading=\"lazy\" decoding=\"async\" width=\"1200\" height=\"675\" src=\"https:\/\/social-enterprise.nl\/wp-content\/uploads\/2024\/09\/August-de-Vocht.jpg\" class=\"attachment-small size-small wp-post-image\" alt=\"\" srcset=\"https:\/\/social-enterprise.nl\/wp-content\/uploads\/2024\/09\/August-de-Vocht.jpg 1200w, https:\/\/social-enterprise.nl\/wp-content\/uploads\/2024\/09\/August-de-Vocht-768x432.jpg 768w, https:\/\/social-enterprise.nl\/wp-content\/uploads\/2024\/09\/August-de-Vocht-18x10.jpg 18w\" sizes=\"auto, (max-width: 1200px) 100vw, 1200px\" \/>            <div class=\"grid-item-content\">\r\n                <h2 class=\"grid-item-title\">In de spotlight: NoFoodWasted<\/h2>\r\n                <span class=\"grid-item-date\">20 March 2019<\/span>\r\n                <div class=\"grid-item-excerpt\">'Uiteindelijk zou het natuurlijk prachtig zijn als boeren minder kunnen gaan produceren, van kwantiteit naar&hellip;<\/div>\r\n                <!--<div><span class=\"grid-item-category\">Artikelen<\/span><\/div>-->\r\n            <\/div>\r\n        <\/a>\r\n                <a href=\"https:\/\/social-enterprise.nl\/en\/artikelen\/de-voor-en-nadelen-van-de-bv-stichting-constructie\/\" class=\"grid-item-link grid-item\">\r\n            <img loading=\"lazy\" decoding=\"async\" width=\"826\" height=\"550\" src=\"https:\/\/social-enterprise.nl\/wp-content\/uploads\/2024\/10\/028_Wegwijzer_Sociaal_Ondernemen_-_aangepast.jpg\" class=\"attachment-small size-small wp-post-image\" alt=\"\" srcset=\"https:\/\/social-enterprise.nl\/wp-content\/uploads\/2024\/10\/028_Wegwijzer_Sociaal_Ondernemen_-_aangepast.jpg 826w, https:\/\/social-enterprise.nl\/wp-content\/uploads\/2024\/10\/028_Wegwijzer_Sociaal_Ondernemen_-_aangepast-768x511.jpg 768w, https:\/\/social-enterprise.nl\/wp-content\/uploads\/2024\/10\/028_Wegwijzer_Sociaal_Ondernemen_-_aangepast-18x12.jpg 18w\" sizes=\"auto, (max-width: 826px) 100vw, 826px\" \/>            <div class=\"grid-item-content\">\r\n                <h2 class=\"grid-item-title\">De voor- en nadelen van de BV-Stichting-structuur<\/h2>\r\n                <span class=\"grid-item-date\">18 March 2019<\/span>\r\n                <div class=\"grid-item-excerpt\">Heeft het voor mijn onderneming meerwaarde een stichting naast de BV op te zetten? Hoe&hellip;<\/div>\r\n                <!--<div><span class=\"grid-item-category\">Artikelen<\/span><\/div>-->\r\n            <\/div>\r\n        <\/a>\r\n                <a href=\"https:\/\/social-enterprise.nl\/en\/nieuws\/winnaars-bekend-van-de-clean-energy-challenge\/\" class=\"grid-item-link grid-item\">\r\n            <img loading=\"lazy\" decoding=\"async\" width=\"826\" height=\"550\" src=\"https:\/\/social-enterprise.nl\/wp-content\/uploads\/2024\/08\/361551796767_what_design_can_do_bijgesneden.png\" class=\"attachment-small size-small wp-post-image\" alt=\"\" srcset=\"https:\/\/social-enterprise.nl\/wp-content\/uploads\/2024\/08\/361551796767_what_design_can_do_bijgesneden.png 826w, https:\/\/social-enterprise.nl\/wp-content\/uploads\/2024\/08\/361551796767_what_design_can_do_bijgesneden-768x511.png 768w\" sizes=\"auto, (max-width: 826px) 100vw, 826px\" \/>            <div class=\"grid-item-content\">\r\n                <h2 class=\"grid-item-title\">Winnaars bekend van de Clean Energy Challenge<\/h2>\r\n                <span class=\"grid-item-date\">7 March 2019<\/span>\r\n                <div class=\"grid-item-excerpt\">Nu meer dan de helft van de wereldbevolking in steden woont, en daar 70 procent&hellip;<\/div>\r\n                <!--<div><span class=\"grid-item-category\">Nieuws<\/span><\/div>-->\r\n            <\/div>\r\n        <\/a>\r\n                <a href=\"https:\/\/social-enterprise.nl\/en\/nieuws\/vrijwilliger-clean-energy-challenge\/\" class=\"grid-item-link grid-item\">\r\n            <img loading=\"lazy\" decoding=\"async\" width=\"401\" height=\"350\" src=\"https:\/\/social-enterprise.nl\/wp-content\/uploads\/2024\/08\/571551791443_Schermafbeelding_2019-03-05_om_14.08.10-1.png\" class=\"attachment-small size-small wp-post-image\" alt=\"\" \/>            <div class=\"grid-item-content\">\r\n                <h2 class=\"grid-item-title\">Vrijwilliger Clean Energy Challenge<\/h2>\r\n                <span class=\"grid-item-date\">5 March 2019<\/span>\r\n                <div class=\"grid-item-excerpt\">Wat ga je doen?&nbsp; What Design Can Do is een internationaal platform dat aandacht vraagt&hellip;<\/div>\r\n                <!--<div><span class=\"grid-item-category\">Nieuws<\/span><\/div>-->\r\n            <\/div>\r\n        <\/a>\r\n                <a href=\"https:\/\/social-enterprise.nl\/en\/nieuws\/vacature-communicatie\/\" class=\"grid-item-link grid-item\">\r\n            <img loading=\"lazy\" decoding=\"async\" width=\"1200\" height=\"870\" src=\"https:\/\/social-enterprise.nl\/wp-content\/uploads\/2019\/03\/881551784525_IMG_5660-11-scaled-1.jpg\" class=\"attachment-small size-small wp-post-image\" alt=\"\" srcset=\"https:\/\/social-enterprise.nl\/wp-content\/uploads\/2019\/03\/881551784525_IMG_5660-11-scaled-1.jpg 1200w, https:\/\/social-enterprise.nl\/wp-content\/uploads\/2019\/03\/881551784525_IMG_5660-11-scaled-1-768x557.jpg 768w, https:\/\/social-enterprise.nl\/wp-content\/uploads\/2019\/03\/881551784525_IMG_5660-11-scaled-1-18x12.jpg 18w\" sizes=\"auto, (max-width: 1200px) 100vw, 1200px\" \/>            <div class=\"grid-item-content\">\r\n                <h2 class=\"grid-item-title\">Vacature Communicatie<\/h2>\r\n                <span class=\"grid-item-date\">5 March 2019<\/span>\r\n                <div class=\"grid-item-excerpt\">Over Social Enterprise NL Social Enterprise NL is h&eacute;t landelijke netwerk van &eacute;n voor meer&hellip;<\/div>\r\n                <!--<div><span class=\"grid-item-category\">Nieuws<\/span><\/div>-->\r\n            <\/div>\r\n        <\/a>\r\n                <a href=\"https:\/\/social-enterprise.nl\/en\/nieuws\/blik-met-ons-terug-op-2018\/\" class=\"grid-item-link grid-item\">\r\n            <img loading=\"lazy\" decoding=\"async\" width=\"595\" height=\"516\" src=\"https:\/\/social-enterprise.nl\/wp-content\/uploads\/2024\/08\/851550139156_intro_foto_versie_8_bijgesneden-1.png\" class=\"attachment-small size-small wp-post-image\" alt=\"\" \/>            <div class=\"grid-item-content\">\r\n                <h2 class=\"grid-item-title\">Blik met ons terug op 2018!<\/h2>\r\n                <span class=\"grid-item-date\">14 February 2019<\/span>\r\n                <div class=\"grid-item-excerpt\">Samen bouwen we de social enterprise beweging! In 2018 is sociaal ondernemerschap in Nederland verder&hellip;<\/div>\r\n                <!--<div><span class=\"grid-item-category\">Nieuws<\/span><\/div>-->\r\n            <\/div>\r\n        <\/a>\r\n                <a href=\"https:\/\/social-enterprise.nl\/en\/nieuws\/expertmeeting-fair-fashion-fabrics\/\" class=\"grid-item-link grid-item\">\r\n            <img loading=\"lazy\" decoding=\"async\" width=\"1280\" height=\"853\" src=\"https:\/\/social-enterprise.nl\/wp-content\/uploads\/2024\/08\/891550747949_Expertmeetingfashionenfabrics.jpg\" class=\"attachment-small size-small wp-post-image\" alt=\"\" srcset=\"https:\/\/social-enterprise.nl\/wp-content\/uploads\/2024\/08\/891550747949_Expertmeetingfashionenfabrics.jpg 1280w, https:\/\/social-enterprise.nl\/wp-content\/uploads\/2024\/08\/891550747949_Expertmeetingfashionenfabrics-768x512.jpg 768w\" sizes=\"auto, (max-width: 1280px) 100vw, 1280px\" \/>            <div class=\"grid-item-content\">\r\n                <h2 class=\"grid-item-title\">Expertmeeting Fair Fashion &amp; Fabrics<\/h2>\r\n                <span class=\"grid-item-date\">14 February 2019<\/span>\r\n                <div class=\"grid-item-excerpt\">Tijdens de expertmeeting Fair Fashion &amp; Fabrics zijn we met 80 sociaal ondernemers te gast&hellip;<\/div>\r\n                <!--<div><span class=\"grid-item-category\">Nieuws<\/span><\/div>-->\r\n            <\/div>\r\n        <\/a>\r\n                <a href=\"https:\/\/social-enterprise.nl\/en\/nieuws\/meld-je-aan-voor-next-level\/\" class=\"grid-item-link grid-item\">\r\n            <img loading=\"lazy\" decoding=\"async\" width=\"1660\" height=\"987\" src=\"https:\/\/social-enterprise.nl\/wp-content\/uploads\/2024\/08\/831549964941_021_geld_en_sociaal_ondernemerschap_aangepast_-_vierkanter-1.jpg\" class=\"attachment-small size-small wp-post-image\" alt=\"\" srcset=\"https:\/\/social-enterprise.nl\/wp-content\/uploads\/2024\/08\/831549964941_021_geld_en_sociaal_ondernemerschap_aangepast_-_vierkanter-1.jpg 1660w, https:\/\/social-enterprise.nl\/wp-content\/uploads\/2024\/08\/831549964941_021_geld_en_sociaal_ondernemerschap_aangepast_-_vierkanter-1-768x457.jpg 768w, https:\/\/social-enterprise.nl\/wp-content\/uploads\/2024\/08\/831549964941_021_geld_en_sociaal_ondernemerschap_aangepast_-_vierkanter-1-1536x913.jpg 1536w\" sizes=\"auto, (max-width: 1660px) 100vw, 1660px\" \/>            <div class=\"grid-item-content\">\r\n                <h2 class=\"grid-item-title\">Meld je aan voor Next Level!<\/h2>\r\n                <span class=\"grid-item-date\">12 February 2019<\/span>\r\n                <div class=\"grid-item-excerpt\">D&eacute; kans&nbsp;om jouw groeiambities&nbsp;te presenteren aan impact investeerders.&nbsp; , Voor wie is Next Level? Next&hellip;<\/div>\r\n                <!--<div><span class=\"grid-item-category\">Nieuws<\/span><\/div>-->\r\n            <\/div>\r\n        <\/a>\r\n                <a href=\"https:\/\/social-enterprise.nl\/en\/artikelen\/achter-de-schermen-bij-vanplestik\/\" class=\"grid-item-link grid-item\">\r\n            <img loading=\"lazy\" decoding=\"async\" width=\"1280\" height=\"853\" src=\"https:\/\/social-enterprise.nl\/wp-content\/uploads\/2024\/10\/vanplestikkleinergemaakt1-.jpg\" class=\"attachment-small size-small wp-post-image\" alt=\"\" srcset=\"https:\/\/social-enterprise.nl\/wp-content\/uploads\/2024\/10\/vanplestikkleinergemaakt1-.jpg 1280w, https:\/\/social-enterprise.nl\/wp-content\/uploads\/2024\/10\/vanplestikkleinergemaakt1--768x512.jpg 768w, https:\/\/social-enterprise.nl\/wp-content\/uploads\/2024\/10\/vanplestikkleinergemaakt1--18x12.jpg 18w\" sizes=\"auto, (max-width: 1280px) 100vw, 1280px\" \/>            <div class=\"grid-item-content\">\r\n                <h2 class=\"grid-item-title\">Achter de schermen bij&#8230; VanPlestik!<\/h2>\r\n                <span class=\"grid-item-date\">5 February 2019<\/span>\r\n                <div class=\"grid-item-excerpt\">Bij VanPlestik in Amsterdam Noord maken de gedreven Sam en Nout meubels en designstukken met&hellip;<\/div>\r\n                <!--<div><span class=\"grid-item-category\">Artikelen<\/span><\/div>-->\r\n            <\/div>\r\n        <\/a>\r\n                <a href=\"https:\/\/social-enterprise.nl\/en\/nieuws\/vacature-medewerker-beleid-onderzoek-2\/\" class=\"grid-item-link grid-item\">\r\n            <img loading=\"lazy\" decoding=\"async\" width=\"1920\" height=\"1343\" src=\"https:\/\/social-enterprise.nl\/wp-content\/uploads\/2019\/02\/571551175314_Groepsfoto2-scaled-1.jpg\" class=\"attachment-small size-small wp-post-image\" alt=\"\" srcset=\"https:\/\/social-enterprise.nl\/wp-content\/uploads\/2019\/02\/571551175314_Groepsfoto2-scaled-1.jpg 1920w, https:\/\/social-enterprise.nl\/wp-content\/uploads\/2019\/02\/571551175314_Groepsfoto2-scaled-1-768x537.jpg 768w, https:\/\/social-enterprise.nl\/wp-content\/uploads\/2019\/02\/571551175314_Groepsfoto2-scaled-1-1536x1074.jpg 1536w, https:\/\/social-enterprise.nl\/wp-content\/uploads\/2019\/02\/571551175314_Groepsfoto2-scaled-1-18x12.jpg 18w\" sizes=\"auto, (max-width: 1920px) 100vw, 1920px\" \/>            <div class=\"grid-item-content\">\r\n                <h2 class=\"grid-item-title\">Vacature Medewerker Beleid &amp; Onderzoek<\/h2>\r\n                <span class=\"grid-item-date\">1 February 2019<\/span>\r\n                <div class=\"grid-item-excerpt\">Sociaal ondernemers zijn koplopers op weg naar een nieuwe economie. Zij willen maatschappelijke problemen de&hellip;<\/div>\r\n                <!--<div><span class=\"grid-item-category\">Nieuws<\/span><\/div>-->\r\n            <\/div>\r\n        <\/a>\r\n                <a href=\"https:\/\/social-enterprise.nl\/en\/artikelen\/momentum-dutch-social-impact-society\/\" class=\"grid-item-link grid-item\">\r\n            <img loading=\"lazy\" decoding=\"async\" width=\"560\" height=\"280\" src=\"https:\/\/social-enterprise.nl\/wp-content\/uploads\/2024\/08\/631548924674_OECD-social-sharex.jpg\" class=\"attachment-small size-small wp-post-image\" alt=\"\" srcset=\"https:\/\/social-enterprise.nl\/wp-content\/uploads\/2024\/08\/631548924674_OECD-social-sharex.jpg 560w, https:\/\/social-enterprise.nl\/wp-content\/uploads\/2024\/08\/631548924674_OECD-social-sharex-18x9.jpg 18w\" sizes=\"auto, (max-width: 560px) 100vw, 560px\" \/>            <div class=\"grid-item-content\">\r\n                <h2 class=\"grid-item-title\">&#8220;Momentum for a Dutch social impact society&#8221;<\/h2>\r\n                <span class=\"grid-item-date\">31 January 2019<\/span>\r\n                <div class=\"grid-item-excerpt\">De OECD heeft in opdracht van de Europese Commissie een 'policy review' over sociaal ondernemerschap&hellip;<\/div>\r\n                <!--<div><span class=\"grid-item-category\">Artikelen<\/span><\/div>-->\r\n            <\/div>\r\n        <\/a>\r\n                <a href=\"https:\/\/social-enterprise.nl\/en\/artikelen\/grow-impact-dragons-den\/\" class=\"grid-item-link grid-item\">\r\n            <img loading=\"lazy\" decoding=\"async\" width=\"600\" height=\"244\" src=\"https:\/\/social-enterprise.nl\/wp-content\/uploads\/2024\/08\/591531142060_Grow_Impact-1.png\" class=\"attachment-small size-small wp-post-image\" alt=\"\" \/>            <div class=\"grid-item-content\">\r\n                <h2 class=\"grid-item-title\">Grow Impact: Dragons Den<\/h2>\r\n                <span class=\"grid-item-date\">4 January 2019<\/span>\r\n                <div class=\"grid-item-excerpt\">Afgelopen donderdag vond de Dragons Den van de tweede editie van Grow Impact plaats. Grow&hellip;<\/div>\r\n                <!--<div><span class=\"grid-item-category\">Artikelen<\/span><\/div>-->\r\n            <\/div>\r\n        <\/a>\r\n                <a href=\"https:\/\/social-enterprise.nl\/en\/artikelen\/financieringsoverzicht\/\" class=\"grid-item-link grid-item\">\r\n            <img loading=\"lazy\" decoding=\"async\" width=\"2500\" height=\"1000\" src=\"https:\/\/social-enterprise.nl\/wp-content\/uploads\/2024\/08\/431555919840_021_Free_assignment_1.jpg\" class=\"attachment-small size-small wp-post-image\" alt=\"\" srcset=\"https:\/\/social-enterprise.nl\/wp-content\/uploads\/2024\/08\/431555919840_021_Free_assignment_1.jpg 2500w, https:\/\/social-enterprise.nl\/wp-content\/uploads\/2024\/08\/431555919840_021_Free_assignment_1-768x307.jpg 768w, https:\/\/social-enterprise.nl\/wp-content\/uploads\/2024\/08\/431555919840_021_Free_assignment_1-1536x614.jpg 1536w, https:\/\/social-enterprise.nl\/wp-content\/uploads\/2024\/08\/431555919840_021_Free_assignment_1-2048x819.jpg 2048w\" sizes=\"auto, (max-width: 2500px) 100vw, 2500px\" \/>            <div class=\"grid-item-content\">\r\n                <h2 class=\"grid-item-title\">Financieringsoverzicht<\/h2>\r\n                <span class=\"grid-item-date\">1 January 2019<\/span>\r\n                <div class=\"grid-item-excerpt\">E\u00e9n van de grootste obstakels in de ontwikkeling van een gezonde en succesvolle social enterprise&hellip;<\/div>\r\n                <!--<div><span class=\"grid-item-category\">Artikelen<\/span><\/div>-->\r\n            <\/div>\r\n        <\/a>\r\n                <a href=\"https:\/\/social-enterprise.nl\/en\/artikelen\/achter-de-schermen-bij-rescued\/\" class=\"grid-item-link grid-item\">\r\n            <img loading=\"lazy\" decoding=\"async\" width=\"1920\" height=\"1275\" src=\"https:\/\/social-enterprise.nl\/wp-content\/uploads\/2024\/10\/Kaars-.jpg\" class=\"attachment-small size-small wp-post-image\" alt=\"\" srcset=\"https:\/\/social-enterprise.nl\/wp-content\/uploads\/2024\/10\/Kaars-.jpg 1920w, https:\/\/social-enterprise.nl\/wp-content\/uploads\/2024\/10\/Kaars--768x510.jpg 768w, https:\/\/social-enterprise.nl\/wp-content\/uploads\/2024\/10\/Kaars--1536x1020.jpg 1536w, https:\/\/social-enterprise.nl\/wp-content\/uploads\/2024\/10\/Kaars--18x12.jpg 18w\" sizes=\"auto, (max-width: 1920px) 100vw, 1920px\" \/>            <div class=\"grid-item-content\">\r\n                <h2 class=\"grid-item-title\">Achter de schermen bij&#8230; Rescued!<\/h2>\r\n                <span class=\"grid-item-date\">18 December 2018<\/span>\r\n                <div class=\"grid-item-excerpt\">Bij sociale onderneming Rescued! zijn weggegooide materialen de grondstof voor nieuwe producten. Samen met vakmensen&hellip;<\/div>\r\n                <!--<div><span class=\"grid-item-category\">Artikelen<\/span><\/div>-->\r\n            <\/div>\r\n        <\/a>\r\n                <a href=\"https:\/\/social-enterprise.nl\/en\/artikelen\/de-spotlights-codegorilla\/\" class=\"grid-item-link grid-item\">\r\n            <img loading=\"lazy\" decoding=\"async\" width=\"821\" height=\"478\" src=\"https:\/\/social-enterprise.nl\/wp-content\/uploads\/2024\/09\/Diem-Do-1200x675-1.jpg\" class=\"attachment-small size-small wp-post-image\" alt=\"\" srcset=\"https:\/\/social-enterprise.nl\/wp-content\/uploads\/2024\/09\/Diem-Do-1200x675-1.jpg 821w, https:\/\/social-enterprise.nl\/wp-content\/uploads\/2024\/09\/Diem-Do-1200x675-1-768x447.jpg 768w, https:\/\/social-enterprise.nl\/wp-content\/uploads\/2024\/09\/Diem-Do-1200x675-1-18x10.jpg 18w\" sizes=\"auto, (max-width: 821px) 100vw, 821px\" \/>            <div class=\"grid-item-content\">\r\n                <h2 class=\"grid-item-title\">In de spotlights: CodeGorilla<\/h2>\r\n                <span class=\"grid-item-date\">14 December 2018<\/span>\r\n                <div class=\"grid-item-excerpt\">\u201cIk denk dat we nu allemaal wel snappen dat het onderwijs mee moet gaan met&hellip;<\/div>\r\n                <!--<div><span class=\"grid-item-category\">Artikelen<\/span><\/div>-->\r\n            <\/div>\r\n        <\/a>\r\n                <a href=\"https:\/\/social-enterprise.nl\/en\/nieuws\/winnaars-social-grow-sessions-bekend\/\" class=\"grid-item-link grid-item\">\r\n            <img loading=\"lazy\" decoding=\"async\" width=\"2048\" height=\"821\" src=\"https:\/\/social-enterprise.nl\/wp-content\/uploads\/2024\/08\/351544785360_DtrRhWSXQAIP8z4-large-1.jpg\" class=\"attachment-small size-small wp-post-image\" alt=\"\" srcset=\"https:\/\/social-enterprise.nl\/wp-content\/uploads\/2024\/08\/351544785360_DtrRhWSXQAIP8z4-large-1.jpg 2048w, https:\/\/social-enterprise.nl\/wp-content\/uploads\/2024\/08\/351544785360_DtrRhWSXQAIP8z4-large-1-768x308.jpg 768w, https:\/\/social-enterprise.nl\/wp-content\/uploads\/2024\/08\/351544785360_DtrRhWSXQAIP8z4-large-1-1536x616.jpg 1536w\" sizes=\"auto, (max-width: 2048px) 100vw, 2048px\" \/>            <div class=\"grid-item-content\">\r\n                <h2 class=\"grid-item-title\">Winnaars Social Grow Sessions bekend!<\/h2>\r\n                <span class=\"grid-item-date\">14 December 2018<\/span>\r\n                <div class=\"grid-item-excerpt\">Voor de Social Grow Sessions gingen we op zoek naar vernieuwende initiatieven die zich richten&hellip;<\/div>\r\n                <!--<div><span class=\"grid-item-category\">Nieuws<\/span><\/div>-->\r\n            <\/div>\r\n        <\/a>\r\n                <a href=\"https:\/\/social-enterprise.nl\/en\/nieuws\/van-ambitie-naar-meervoudig-rendement\/\" class=\"grid-item-link grid-item\">\r\n            <img loading=\"lazy\" decoding=\"async\" width=\"906\" height=\"363\" src=\"https:\/\/social-enterprise.nl\/wp-content\/uploads\/2024\/08\/571543323935_boeklancering-1.jpeg\" class=\"attachment-small size-small wp-post-image\" alt=\"\" srcset=\"https:\/\/social-enterprise.nl\/wp-content\/uploads\/2024\/08\/571543323935_boeklancering-1.jpeg 906w, https:\/\/social-enterprise.nl\/wp-content\/uploads\/2024\/08\/571543323935_boeklancering-1-768x308.jpeg 768w\" sizes=\"auto, (max-width: 906px) 100vw, 906px\" \/>            <div class=\"grid-item-content\">\r\n                <h2 class=\"grid-item-title\">Van ambitie naar meervoudig rendement<\/h2>\r\n                <span class=\"grid-item-date\">27 November 2018<\/span>\r\n                <div class=\"grid-item-excerpt\">Vorige week was de lancering van het boek 'Sociaal ondernemen; van ambitie naar meervoudig rendement.'&hellip;<\/div>\r\n                <!--<div><span class=\"grid-item-category\">Nieuws<\/span><\/div>-->\r\n            <\/div>\r\n        <\/a>\r\n                <a href=\"https:\/\/social-enterprise.nl\/en\/nieuws\/stagiair-beleid-en-onderzoek-gezocht\/\" class=\"grid-item-link grid-item\">\r\n            <img loading=\"lazy\" decoding=\"async\" width=\"1002\" height=\"400\" src=\"https:\/\/social-enterprise.nl\/wp-content\/uploads\/2024\/08\/901453392331_01_Join_-zw-1.jpg\" class=\"attachment-small size-small wp-post-image\" alt=\"\" srcset=\"https:\/\/social-enterprise.nl\/wp-content\/uploads\/2024\/08\/901453392331_01_Join_-zw-1.jpg 1002w, https:\/\/social-enterprise.nl\/wp-content\/uploads\/2024\/08\/901453392331_01_Join_-zw-1-768x307.jpg 768w\" sizes=\"auto, (max-width: 1002px) 100vw, 1002px\" \/>            <div class=\"grid-item-content\">\r\n                <h2 class=\"grid-item-title\">Stagiair Beleid en Onderzoek gezocht<\/h2>\r\n                <span class=\"grid-item-date\">26 November 2018<\/span>\r\n                <div class=\"grid-item-excerpt\">Wil jij bijdragen aan een beter ecosysteem voor sociale ondernemingen? Denk jij graag na over&hellip;<\/div>\r\n                <!--<div><span class=\"grid-item-category\">Nieuws<\/span><\/div>-->\r\n            <\/div>\r\n        <\/a>\r\n                <a href=\"https:\/\/social-enterprise.nl\/en\/artikelen\/in-de-spotlights-mama-taxi\/\" class=\"grid-item-link grid-item\">\r\n            <img loading=\"lazy\" decoding=\"async\" width=\"1220\" height=\"491\" src=\"https:\/\/social-enterprise.nl\/wp-content\/uploads\/2024\/09\/mamataxipurposepeople.jpg\" class=\"attachment-small size-small wp-post-image\" alt=\"\" srcset=\"https:\/\/social-enterprise.nl\/wp-content\/uploads\/2024\/09\/mamataxipurposepeople.jpg 1220w, https:\/\/social-enterprise.nl\/wp-content\/uploads\/2024\/09\/mamataxipurposepeople-768x309.jpg 768w, https:\/\/social-enterprise.nl\/wp-content\/uploads\/2024\/09\/mamataxipurposepeople-18x7.jpg 18w\" sizes=\"auto, (max-width: 1220px) 100vw, 1220px\" \/>            <div class=\"grid-item-content\">\r\n                <h2 class=\"grid-item-title\">In de spotlights: Mama Taxi<\/h2>\r\n                <span class=\"grid-item-date\">26 November 2018<\/span>\r\n                <div class=\"grid-item-excerpt\">\u201cWat ik zag is dat al die dames die een afstand hebben of hadden tot&hellip;<\/div>\r\n                <!--<div><span class=\"grid-item-category\">Artikelen<\/span><\/div>-->\r\n            <\/div>\r\n        <\/a>\r\n                <a href=\"https:\/\/social-enterprise.nl\/en\/artikelen\/in-de-spotlights-het-danspaleis\/\" class=\"grid-item-link grid-item\">\r\n            <img loading=\"lazy\" decoding=\"async\" width=\"1438\" height=\"574\" src=\"https:\/\/social-enterprise.nl\/wp-content\/uploads\/2024\/09\/Het_Danspaleis.jpg\" class=\"attachment-small size-small wp-post-image\" alt=\"\" srcset=\"https:\/\/social-enterprise.nl\/wp-content\/uploads\/2024\/09\/Het_Danspaleis.jpg 1438w, https:\/\/social-enterprise.nl\/wp-content\/uploads\/2024\/09\/Het_Danspaleis-768x307.jpg 768w, https:\/\/social-enterprise.nl\/wp-content\/uploads\/2024\/09\/Het_Danspaleis-18x7.jpg 18w\" sizes=\"auto, (max-width: 1438px) 100vw, 1438px\" \/>            <div class=\"grid-item-content\">\r\n                <h2 class=\"grid-item-title\">In de spotlights: Het Danspaleis<\/h2>\r\n                <span class=\"grid-item-date\">21 November 2018<\/span>\r\n                <div class=\"grid-item-excerpt\">Sociale onderneming Het Danspaleis brengt verschillende groepen mensen bij elkaar en zet ouderen in beweging.&hellip;<\/div>\r\n                <!--<div><span class=\"grid-item-category\">Artikelen<\/span><\/div>-->\r\n            <\/div>\r\n        <\/a>\r\n                <a href=\"https:\/\/social-enterprise.nl\/en\/nieuws\/doe-mee-met-de-clean-energy-challenge\/\" class=\"grid-item-link grid-item\">\r\n            <img loading=\"lazy\" decoding=\"async\" width=\"2000\" height=\"799\" src=\"https:\/\/social-enterprise.nl\/wp-content\/uploads\/2024\/08\/841542188212_Banner_CEC-1.jpg\" class=\"attachment-small size-small wp-post-image\" alt=\"\" srcset=\"https:\/\/social-enterprise.nl\/wp-content\/uploads\/2024\/08\/841542188212_Banner_CEC-1.jpg 2000w, https:\/\/social-enterprise.nl\/wp-content\/uploads\/2024\/08\/841542188212_Banner_CEC-1-768x307.jpg 768w, https:\/\/social-enterprise.nl\/wp-content\/uploads\/2024\/08\/841542188212_Banner_CEC-1-1536x614.jpg 1536w\" sizes=\"auto, (max-width: 2000px) 100vw, 2000px\" \/>            <div class=\"grid-item-content\">\r\n                <h2 class=\"grid-item-title\">Doe mee met de Clean Energy Challenge<\/h2>\r\n                <span class=\"grid-item-date\">14 November 2018<\/span>\r\n                <div class=\"grid-item-excerpt\">Heb jij een goed idee voor een andere manier van productie, distributie of het gebruik&hellip;<\/div>\r\n                <!--<div><span class=\"grid-item-category\">Nieuws<\/span><\/div>-->\r\n            <\/div>\r\n        <\/a>\r\n                <a href=\"https:\/\/social-enterprise.nl\/en\/artikelen\/bericht-uit-brussel-992\/\" class=\"grid-item-link grid-item\">\r\n                        <div class=\"grid-item-content\">\r\n                <h2 class=\"grid-item-title\">Bericht uit Brussel<\/h2>\r\n                <span class=\"grid-item-date\">25 October 2018<\/span>\r\n                <div class=\"grid-item-excerpt\">De Europese Commissie stimuleert sinds 2011 sociaal ondernemerschap middels het Social Business Initiative (SBI). De&hellip;<\/div>\r\n                <!--<div><span class=\"grid-item-category\">Artikelen<\/span><\/div>-->\r\n            <\/div>\r\n        <\/a>\r\n                <a href=\"https:\/\/social-enterprise.nl\/en\/nieuws\/van-black-hole-naar-gidsland-sociaal-ondernemerschap\/\" class=\"grid-item-link grid-item\">\r\n                        <div class=\"grid-item-content\">\r\n                <h2 class=\"grid-item-title\">Van &#039;black hole&#039; naar gidsland sociaal ondernemerschap<\/h2>\r\n                <span class=\"grid-item-date\">24 October 2018<\/span>\r\n                <div class=\"grid-item-excerpt\">De Nederlandse social enterprise sector is de afgelopen vijf jaar enorm gegroeid. Onze partner PwC&hellip;<\/div>\r\n                <!--<div><span class=\"grid-item-category\">Nieuws<\/span><\/div>-->\r\n            <\/div>\r\n        <\/a>\r\n                <a href=\"https:\/\/social-enterprise.nl\/en\/nieuws\/17-sociaal-ondernemers-op-missie-naar-socap\/\" class=\"grid-item-link grid-item\">\r\n                        <div class=\"grid-item-content\">\r\n                <h2 class=\"grid-item-title\">17 sociaal ondernemers op missie naar SOCAP<\/h2>\r\n                <span class=\"grid-item-date\">23 October 2018<\/span>\r\n                <div class=\"grid-item-excerpt\">\u00c9\u00e9n van internationaal grootste impact conferenties in San Francisco (SOCAP) kleurt dit jaar weer oranje.&hellip;<\/div>\r\n                <!--<div><span class=\"grid-item-category\">Nieuws<\/span><\/div>-->\r\n            <\/div>\r\n        <\/a>\r\n                <a href=\"https:\/\/social-enterprise.nl\/en\/nieuws\/vacature-stage-communicatie\/\" class=\"grid-item-link grid-item\">\r\n            <img loading=\"lazy\" decoding=\"async\" width=\"1187\" height=\"502\" src=\"https:\/\/social-enterprise.nl\/wp-content\/uploads\/2024\/08\/191507894145_Schermafbeelding_2017-10-13_om_13.28.28-1.png\" class=\"attachment-small size-small wp-post-image\" alt=\"\" srcset=\"https:\/\/social-enterprise.nl\/wp-content\/uploads\/2024\/08\/191507894145_Schermafbeelding_2017-10-13_om_13.28.28-1.png 1187w, https:\/\/social-enterprise.nl\/wp-content\/uploads\/2024\/08\/191507894145_Schermafbeelding_2017-10-13_om_13.28.28-1-768x325.png 768w\" sizes=\"auto, (max-width: 1187px) 100vw, 1187px\" \/>            <div class=\"grid-item-content\">\r\n                <h2 class=\"grid-item-title\">Vacature: stage communicatie<\/h2>\r\n                <span class=\"grid-item-date\">19 October 2018<\/span>\r\n                <div class=\"grid-item-excerpt\">Ben jij social media savvy, word je blij van (online) communicatie en ben je creatief&hellip;<\/div>\r\n                <!--<div><span class=\"grid-item-category\">Nieuws<\/span><\/div>-->\r\n            <\/div>\r\n        <\/a>\r\n                <a href=\"https:\/\/social-enterprise.nl\/en\/nieuws\/15-t-m-17-november-zijn-the-impact-days\/\" class=\"grid-item-link grid-item\">\r\n            <img loading=\"lazy\" decoding=\"async\" width=\"1920\" height=\"770\" src=\"https:\/\/social-enterprise.nl\/wp-content\/uploads\/2018\/10\/421539866430_Impactdays-1-scaled-1.jpg\" class=\"attachment-small size-small wp-post-image\" alt=\"\" srcset=\"https:\/\/social-enterprise.nl\/wp-content\/uploads\/2018\/10\/421539866430_Impactdays-1-scaled-1.jpg 1920w, https:\/\/social-enterprise.nl\/wp-content\/uploads\/2018\/10\/421539866430_Impactdays-1-scaled-1-768x308.jpg 768w, https:\/\/social-enterprise.nl\/wp-content\/uploads\/2018\/10\/421539866430_Impactdays-1-scaled-1-1536x616.jpg 1536w, https:\/\/social-enterprise.nl\/wp-content\/uploads\/2018\/10\/421539866430_Impactdays-1-scaled-1-18x7.jpg 18w\" sizes=\"auto, (max-width: 1920px) 100vw, 1920px\" \/>            <div class=\"grid-item-content\">\r\n                <h2 class=\"grid-item-title\">15 t\/m 17 november zijn The Impact Days!<\/h2>\r\n                <span class=\"grid-item-date\">18 October 2018<\/span>\r\n                <div class=\"grid-item-excerpt\">Om een extra impuls te geven om sociaal ondernemerschap en sociaal inkopen te stimuleren en&hellip;<\/div>\r\n                <!--<div><span class=\"grid-item-category\">Nieuws<\/span><\/div>-->\r\n            <\/div>\r\n        <\/a>\r\n                <a href=\"https:\/\/social-enterprise.nl\/en\/nieuws\/code-sociale-ondernemingen-update\/\" class=\"grid-item-link grid-item\">\r\n            <img loading=\"lazy\" decoding=\"async\" width=\"3328\" height=\"1334\" src=\"https:\/\/social-enterprise.nl\/wp-content\/uploads\/2024\/08\/991539164420_FC_Code_Sociaal_Onderneming-horizontaal_Tekengebied_1-1.png\" class=\"attachment-small size-small wp-post-image\" alt=\"\" srcset=\"https:\/\/social-enterprise.nl\/wp-content\/uploads\/2024\/08\/991539164420_FC_Code_Sociaal_Onderneming-horizontaal_Tekengebied_1-1.png 3328w, https:\/\/social-enterprise.nl\/wp-content\/uploads\/2024\/08\/991539164420_FC_Code_Sociaal_Onderneming-horizontaal_Tekengebied_1-1-768x308.png 768w, https:\/\/social-enterprise.nl\/wp-content\/uploads\/2024\/08\/991539164420_FC_Code_Sociaal_Onderneming-horizontaal_Tekengebied_1-1-1536x616.png 1536w, https:\/\/social-enterprise.nl\/wp-content\/uploads\/2024\/08\/991539164420_FC_Code_Sociaal_Onderneming-horizontaal_Tekengebied_1-1-2048x821.png 2048w\" sizes=\"auto, (max-width: 3328px) 100vw, 3328px\" \/>            <div class=\"grid-item-content\">\r\n                <h2 class=\"grid-item-title\">Code Sociale Ondernemingen &#8211; Update<\/h2>\r\n                <span class=\"grid-item-date\">10 October 2018<\/span>\r\n                <div class=\"grid-item-excerpt\">Om de zichtbaarheid en (h)erkenning van sociale ondernemingen in Nederland te vergroten, is de Code&hellip;<\/div>\r\n                <!--<div><span class=\"grid-item-category\">Nieuws<\/span><\/div>-->\r\n            <\/div>\r\n        <\/a>\r\n                <a href=\"https:\/\/social-enterprise.nl\/en\/nieuws\/winnaar-social-enterprise-scriptieprijs-2018-bekend\/\" class=\"grid-item-link grid-item\">\r\n            <img loading=\"lazy\" decoding=\"async\" width=\"1920\" height=\"770\" src=\"https:\/\/social-enterprise.nl\/wp-content\/uploads\/2024\/09\/scriptieprijsklein.jpg\" class=\"attachment-small size-small wp-post-image\" alt=\"\" srcset=\"https:\/\/social-enterprise.nl\/wp-content\/uploads\/2024\/09\/scriptieprijsklein.jpg 1920w, https:\/\/social-enterprise.nl\/wp-content\/uploads\/2024\/09\/scriptieprijsklein-768x308.jpg 768w, https:\/\/social-enterprise.nl\/wp-content\/uploads\/2024\/09\/scriptieprijsklein-1536x616.jpg 1536w, https:\/\/social-enterprise.nl\/wp-content\/uploads\/2024\/09\/scriptieprijsklein-18x7.jpg 18w\" sizes=\"auto, (max-width: 1920px) 100vw, 1920px\" \/>            <div class=\"grid-item-content\">\r\n                <h2 class=\"grid-item-title\">Winnaar Social Enterprise Scriptieprijs 2018 bekend!<\/h2>\r\n                <span class=\"grid-item-date\">9 October 2018<\/span>\r\n                <div class=\"grid-item-excerpt\">Dit jaar was alweer de vijfde uitreiking van de Social Enterprise Scriptieprijs. Vier talentvolle studenten&hellip;<\/div>\r\n                <!--<div><span class=\"grid-item-category\">Nieuws<\/span><\/div>-->\r\n            <\/div>\r\n        <\/a>\r\n                <a href=\"https:\/\/social-enterprise.nl\/en\/artikelen\/in-de-spotlights-lendahand\/\" class=\"grid-item-link grid-item\">\r\n            <img loading=\"lazy\" decoding=\"async\" width=\"1200\" height=\"481\" src=\"https:\/\/social-enterprise.nl\/wp-content\/uploads\/2024\/09\/PETER-HEIJEN-1200x675-1.jpg\" class=\"attachment-small size-small wp-post-image\" alt=\"\" srcset=\"https:\/\/social-enterprise.nl\/wp-content\/uploads\/2024\/09\/PETER-HEIJEN-1200x675-1.jpg 1200w, https:\/\/social-enterprise.nl\/wp-content\/uploads\/2024\/09\/PETER-HEIJEN-1200x675-1-768x308.jpg 768w, https:\/\/social-enterprise.nl\/wp-content\/uploads\/2024\/09\/PETER-HEIJEN-1200x675-1-18x7.jpg 18w\" sizes=\"auto, (max-width: 1200px) 100vw, 1200px\" \/>            <div class=\"grid-item-content\">\r\n                <h2 class=\"grid-item-title\">In de spotlights: Lendahand<\/h2>\r\n                <span class=\"grid-item-date\">5 October 2018<\/span>\r\n                <div class=\"grid-item-excerpt\">\u201cIk geloof dat iedereen een kans verdient om zichzelf te ontplooien, om iets uit het&hellip;<\/div>\r\n                <!--<div><span class=\"grid-item-category\">Artikelen<\/span><\/div>-->\r\n            <\/div>\r\n        <\/a>\r\n                <a href=\"https:\/\/social-enterprise.nl\/en\/artikelen\/in-de-spotlights-mud-jeans\/\" class=\"grid-item-link grid-item\">\r\n            <img loading=\"lazy\" decoding=\"async\" width=\"1280\" height=\"512\" src=\"https:\/\/social-enterprise.nl\/wp-content\/uploads\/2024\/09\/maatschapwijmud.jpg\" class=\"attachment-small size-small wp-post-image\" alt=\"\" srcset=\"https:\/\/social-enterprise.nl\/wp-content\/uploads\/2024\/09\/maatschapwijmud.jpg 1280w, https:\/\/social-enterprise.nl\/wp-content\/uploads\/2024\/09\/maatschapwijmud-768x307.jpg 768w, https:\/\/social-enterprise.nl\/wp-content\/uploads\/2024\/09\/maatschapwijmud-18x7.jpg 18w\" sizes=\"auto, (max-width: 1280px) 100vw, 1280px\" \/>            <div class=\"grid-item-content\">\r\n                <h2 class=\"grid-item-title\">In de spotlights: Mud Jeans<\/h2>\r\n                <span class=\"grid-item-date\">24 September 2018<\/span>\r\n                <div class=\"grid-item-excerpt\">&#8216;Ik wil niet dat Mud Jeans gigantisch wordt, ik wil dat onze werkwijze de wereld&hellip;<\/div>\r\n                <!--<div><span class=\"grid-item-category\">Artikelen<\/span><\/div>-->\r\n            <\/div>\r\n        <\/a>\r\n                <a href=\"https:\/\/social-enterprise.nl\/en\/nieuws\/vacature-stagiaire-leden-en-eventmanagement\/\" class=\"grid-item-link grid-item\">\r\n            <img loading=\"lazy\" decoding=\"async\" width=\"929\" height=\"378\" src=\"https:\/\/social-enterprise.nl\/wp-content\/uploads\/2024\/08\/251531902102_Schermafbeelding_2018-07-18_om_10.20.23-1.png\" class=\"attachment-small size-small wp-post-image\" alt=\"\" srcset=\"https:\/\/social-enterprise.nl\/wp-content\/uploads\/2024\/08\/251531902102_Schermafbeelding_2018-07-18_om_10.20.23-1.png 929w, https:\/\/social-enterprise.nl\/wp-content\/uploads\/2024\/08\/251531902102_Schermafbeelding_2018-07-18_om_10.20.23-1-768x312.png 768w\" sizes=\"auto, (max-width: 929px) 100vw, 929px\" \/>            <div class=\"grid-item-content\">\r\n                <h2 class=\"grid-item-title\">Vacature: Stagiair(e) Leden- en Eventmanagement<\/h2>\r\n                <span class=\"grid-item-date\">10 September 2018<\/span>\r\n                <div class=\"grid-item-excerpt\">Wil jij een groot netwerk sociaal ondernemers leren kennen en bijdragen aan de groei en&hellip;<\/div>\r\n                <!--<div><span class=\"grid-item-category\">Nieuws<\/span><\/div>-->\r\n            <\/div>\r\n        <\/a>\r\n                <a href=\"https:\/\/social-enterprise.nl\/en\/nieuws\/cu-dient-initiatiefnota-ondernemen-met-een-maatschappelijke-missie-in-971\/\" class=\"grid-item-link grid-item\">\r\n                        <div class=\"grid-item-content\">\r\n                <h2 class=\"grid-item-title\">CU dient Initiatiefnota &#039;Ondernemen met een maatschappelijke missie&#039; in<\/h2>\r\n                <span class=\"grid-item-date\">8 September 2018<\/span>\r\n                <div class=\"grid-item-excerpt\">De ChristenUnie heeft vandaag de Initiatiefnota 'Ondernemen met een maatschappelijke missie' ingediend. Een belangrijke stap&hellip;<\/div>\r\n                <!--<div><span class=\"grid-item-category\">Nieuws<\/span><\/div>-->\r\n            <\/div>\r\n        <\/a>\r\n                <a href=\"https:\/\/social-enterprise.nl\/en\/nieuws\/social-enterprise-monitor-2018-groei-onder-ondernemende-activisten\/\" class=\"grid-item-link grid-item\">\r\n            <img loading=\"lazy\" decoding=\"async\" width=\"625\" height=\"250\" src=\"https:\/\/social-enterprise.nl\/wp-content\/uploads\/2024\/08\/961441895377_017_Publicaties_sociaal_ondernemen_ZLR-1.jpg\" class=\"attachment-small size-small wp-post-image\" alt=\"\" \/>            <div class=\"grid-item-content\">\r\n                <h2 class=\"grid-item-title\">Social Enterprise Monitor 2018: groei onder ondernemende activisten<\/h2>\r\n                <span class=\"grid-item-date\">8 September 2018<\/span>\r\n                <div class=\"grid-item-excerpt\">Uit het jaarlijkse onderzoek onder sociale ondernemingen wordt duidelijk dat er niet alleen goede economische&hellip;<\/div>\r\n                <!--<div><span class=\"grid-item-category\">Nieuws<\/span><\/div>-->\r\n            <\/div>\r\n        <\/a>\r\n                <a href=\"https:\/\/social-enterprise.nl\/en\/nieuws\/nieuwe-publicatie-impactmanagement-van-meten-naar-maximaliseren\/\" class=\"grid-item-link grid-item\">\r\n            <img loading=\"lazy\" decoding=\"async\" width=\"1057\" height=\"424\" src=\"https:\/\/social-enterprise.nl\/wp-content\/uploads\/2024\/08\/291535632837_Schermafbeelding_2018-08-30_om_14.39.31-1.png\" class=\"attachment-small size-small wp-post-image\" alt=\"\" srcset=\"https:\/\/social-enterprise.nl\/wp-content\/uploads\/2024\/08\/291535632837_Schermafbeelding_2018-08-30_om_14.39.31-1.png 1057w, https:\/\/social-enterprise.nl\/wp-content\/uploads\/2024\/08\/291535632837_Schermafbeelding_2018-08-30_om_14.39.31-1-768x308.png 768w\" sizes=\"auto, (max-width: 1057px) 100vw, 1057px\" \/>            <div class=\"grid-item-content\">\r\n                <h2 class=\"grid-item-title\">Nieuwe publicatie Impactmanagement: van meten naar maximaliseren!<\/h2>\r\n                <span class=\"grid-item-date\">30 August 2018<\/span>\r\n                <div class=\"grid-item-excerpt\">Als sociaal ondernemer heb je een missie: positieve impact cre\u00ebren. Maar hoe weet je zeker&hellip;<\/div>\r\n                <!--<div><span class=\"grid-item-category\">Nieuws<\/span><\/div>-->\r\n            <\/div>\r\n        <\/a>\r\n                <a href=\"https:\/\/social-enterprise.nl\/en\/artikelen\/in-de-spotlights-greenfox-social-return\/\" class=\"grid-item-link grid-item\">\r\n            <img loading=\"lazy\" decoding=\"async\" width=\"899\" height=\"399\" src=\"https:\/\/social-enterprise.nl\/wp-content\/uploads\/2024\/09\/Schermafbeelding_2018-08-28_om_13.40.42.jpg\" class=\"attachment-small size-small wp-post-image\" alt=\"\" srcset=\"https:\/\/social-enterprise.nl\/wp-content\/uploads\/2024\/09\/Schermafbeelding_2018-08-28_om_13.40.42.jpg 899w, https:\/\/social-enterprise.nl\/wp-content\/uploads\/2024\/09\/Schermafbeelding_2018-08-28_om_13.40.42-768x341.jpg 768w, https:\/\/social-enterprise.nl\/wp-content\/uploads\/2024\/09\/Schermafbeelding_2018-08-28_om_13.40.42-18x8.jpg 18w\" sizes=\"auto, (max-width: 899px) 100vw, 899px\" \/>            <div class=\"grid-item-content\">\r\n                <h2 class=\"grid-item-title\">In de spotlights: GreenFox Social Return<\/h2>\r\n                <span class=\"grid-item-date\">28 August 2018<\/span>\r\n                <div class=\"grid-item-excerpt\">\u201cEr is niks mooier dan in je werk laten zien dat het anders kan,\u201d aldus&hellip;<\/div>\r\n                <!--<div><span class=\"grid-item-category\">Artikelen<\/span><\/div>-->\r\n            <\/div>\r\n        <\/a>\r\n                <a href=\"https:\/\/social-enterprise.nl\/en\/nieuws\/de-social-enterprise-scriptieprijs\/\" class=\"grid-item-link grid-item\">\r\n            <img loading=\"lazy\" decoding=\"async\" width=\"741\" height=\"299\" src=\"https:\/\/social-enterprise.nl\/wp-content\/uploads\/2024\/08\/411533905945_Schermafbeelding_2018-08-10_om_14.58.34-1.png\" class=\"attachment-small size-small wp-post-image\" alt=\"\" \/>            <div class=\"grid-item-content\">\r\n                <h2 class=\"grid-item-title\">De Social Enterprise Scriptieprijs<\/h2>\r\n                <span class=\"grid-item-date\">10 August 2018<\/span>\r\n                <div class=\"grid-item-excerpt\">Kennis over sociaal ondernemerschap is hard nodig. Schrijf jij je scriptie over sociaal ondernemerschap? Geef&hellip;<\/div>\r\n                <!--<div><span class=\"grid-item-category\">Nieuws<\/span><\/div>-->\r\n            <\/div>\r\n        <\/a>\r\n                <a href=\"https:\/\/social-enterprise.nl\/en\/nieuws\/meet-your-mentor-gaat-weer-van-start\/\" class=\"grid-item-link grid-item\">\r\n            <img loading=\"lazy\" decoding=\"async\" width=\"2500\" height=\"1000\" src=\"https:\/\/social-enterprise.nl\/wp-content\/uploads\/2024\/08\/241529933256_010_FAQ-1.jpg\" class=\"attachment-small size-small wp-post-image\" alt=\"\" srcset=\"https:\/\/social-enterprise.nl\/wp-content\/uploads\/2024\/08\/241529933256_010_FAQ-1.jpg 2500w, https:\/\/social-enterprise.nl\/wp-content\/uploads\/2024\/08\/241529933256_010_FAQ-1-768x307.jpg 768w, https:\/\/social-enterprise.nl\/wp-content\/uploads\/2024\/08\/241529933256_010_FAQ-1-1536x614.jpg 1536w, https:\/\/social-enterprise.nl\/wp-content\/uploads\/2024\/08\/241529933256_010_FAQ-1-2048x819.jpg 2048w\" sizes=\"auto, (max-width: 2500px) 100vw, 2500px\" \/>            <div class=\"grid-item-content\">\r\n                <h2 class=\"grid-item-title\">Meet Your Mentor gaat weer van start<\/h2>\r\n                <span class=\"grid-item-date\">30 July 2018<\/span>\r\n                <div class=\"grid-item-excerpt\">Of je net 1 jaar draait of al 5 jaar actief bent, elke fase van&hellip;<\/div>\r\n                <!--<div><span class=\"grid-item-category\">Nieuws<\/span><\/div>-->\r\n            <\/div>\r\n        <\/a>\r\n                <a href=\"https:\/\/social-enterprise.nl\/en\/nieuws\/grow-impact-vergroot-je-impact-in-90-dagen\/\" class=\"grid-item-link grid-item\">\r\n            <img loading=\"lazy\" decoding=\"async\" width=\"600\" height=\"244\" src=\"https:\/\/social-enterprise.nl\/wp-content\/uploads\/2024\/08\/591531142060_Grow_Impact-1.png\" class=\"attachment-small size-small wp-post-image\" alt=\"\" \/>            <div class=\"grid-item-content\">\r\n                <h2 class=\"grid-item-title\">Grow Impact: vergroot je impact in 90 dagen!<\/h2>\r\n                <span class=\"grid-item-date\">30 July 2018<\/span>\r\n                <div class=\"grid-item-excerpt\">Ben jij toe aan een volgende groeistap? Wil je in korte tijd flink groeien, maar&hellip;<\/div>\r\n                <!--<div><span class=\"grid-item-category\">Nieuws<\/span><\/div>-->\r\n            <\/div>\r\n        <\/a>\r\n                <a href=\"https:\/\/social-enterprise.nl\/en\/artikelen\/in-de-spotlights-thuisafgehaald\/\" class=\"grid-item-link grid-item\">\r\n            <img loading=\"lazy\" decoding=\"async\" width=\"1369\" height=\"646\" src=\"https:\/\/social-enterprise.nl\/wp-content\/uploads\/2024\/09\/Schermafbeelding_2018-07-26_om_12.26.02.jpg\" class=\"attachment-small size-small wp-post-image\" alt=\"\" srcset=\"https:\/\/social-enterprise.nl\/wp-content\/uploads\/2024\/09\/Schermafbeelding_2018-07-26_om_12.26.02.jpg 1369w, https:\/\/social-enterprise.nl\/wp-content\/uploads\/2024\/09\/Schermafbeelding_2018-07-26_om_12.26.02-768x362.jpg 768w, https:\/\/social-enterprise.nl\/wp-content\/uploads\/2024\/09\/Schermafbeelding_2018-07-26_om_12.26.02-18x8.jpg 18w\" sizes=\"auto, (max-width: 1369px) 100vw, 1369px\" \/>            <div class=\"grid-item-content\">\r\n                <h2 class=\"grid-item-title\">In de spotlights: Thuisafgehaald<\/h2>\r\n                <span class=\"grid-item-date\">26 July 2018<\/span>\r\n                <div class=\"grid-item-excerpt\">&#8216;We horen van 70% van de afhalers dat ze gezonder eten sinds er een thuiskok&hellip;<\/div>\r\n                <!--<div><span class=\"grid-item-category\">Artikelen<\/span><\/div>-->\r\n            <\/div>\r\n        <\/a>\r\n                <a href=\"https:\/\/social-enterprise.nl\/en\/nieuws\/vacature-stagiair-code-sociale-ondernemingen\/\" class=\"grid-item-link grid-item\">\r\n            <img loading=\"lazy\" decoding=\"async\" width=\"2120\" height=\"848\" src=\"https:\/\/social-enterprise.nl\/wp-content\/uploads\/2024\/08\/211526370364_the-code-1.jpg\" class=\"attachment-small size-small wp-post-image\" alt=\"\" srcset=\"https:\/\/social-enterprise.nl\/wp-content\/uploads\/2024\/08\/211526370364_the-code-1.jpg 2120w, https:\/\/social-enterprise.nl\/wp-content\/uploads\/2024\/08\/211526370364_the-code-1-768x307.jpg 768w, https:\/\/social-enterprise.nl\/wp-content\/uploads\/2024\/08\/211526370364_the-code-1-1536x614.jpg 1536w, https:\/\/social-enterprise.nl\/wp-content\/uploads\/2024\/08\/211526370364_the-code-1-2048x819.jpg 2048w\" sizes=\"auto, (max-width: 2120px) 100vw, 2120px\" \/>            <div class=\"grid-item-content\">\r\n                <h2 class=\"grid-item-title\">Vacature: Stagiair Code Sociale Ondernemingen!<\/h2>\r\n                <span class=\"grid-item-date\">24 July 2018<\/span>\r\n                <div class=\"grid-item-excerpt\">Op zoek naar een stage met impact? Wil je graag werken met en voor sociaal&hellip;<\/div>\r\n                <!--<div><span class=\"grid-item-category\">Nieuws<\/span><\/div>-->\r\n            <\/div>\r\n        <\/a>\r\n                <a href=\"https:\/\/social-enterprise.nl\/en\/artikelen\/kerstpakketten-met-impact-949\/\" class=\"grid-item-link grid-item\">\r\n            <img loading=\"lazy\" decoding=\"async\" width=\"393\" height=\"158\" src=\"https:\/\/social-enterprise.nl\/wp-content\/uploads\/2024\/10\/Schermafbeelding_2017-11-16_om_14.22.52.jpg\" class=\"attachment-small size-small wp-post-image\" alt=\"\" srcset=\"https:\/\/social-enterprise.nl\/wp-content\/uploads\/2024\/10\/Schermafbeelding_2017-11-16_om_14.22.52.jpg 393w, https:\/\/social-enterprise.nl\/wp-content\/uploads\/2024\/10\/Schermafbeelding_2017-11-16_om_14.22.52-18x7.jpg 18w\" sizes=\"auto, (max-width: 393px) 100vw, 393px\" \/>            <div class=\"grid-item-content\">\r\n                <h2 class=\"grid-item-title\">Kerstpakketten met impact<\/h2>\r\n                <span class=\"grid-item-date\">19 July 2018<\/span>\r\n                <div class=\"grid-item-excerpt\">Alhoewel Kerst nog ver weg is, zijn de aanbieders van kerstpakketten al druk in voorbereiding.&hellip;<\/div>\r\n                <!--<div><span class=\"grid-item-category\">Artikelen<\/span><\/div>-->\r\n            <\/div>\r\n        <\/a>\r\n                <a href=\"https:\/\/social-enterprise.nl\/en\/nieuws\/sociaal-ondernemen-veel-genoemd-in-coalitieakkoorden\/\" class=\"grid-item-link grid-item\">\r\n            <img loading=\"lazy\" decoding=\"async\" width=\"625\" height=\"250\" src=\"https:\/\/social-enterprise.nl\/wp-content\/uploads\/2024\/08\/541441895376_02_Social_enterpise_events_zaken_doenZEER_LR-1.jpg\" class=\"attachment-small size-small wp-post-image\" alt=\"\" \/>            <div class=\"grid-item-content\">\r\n                <h2 class=\"grid-item-title\">Sociaal ondernemen veel genoemd in coalitieakkoorden<\/h2>\r\n                <span class=\"grid-item-date\">12 July 2018<\/span>\r\n                <div class=\"grid-item-excerpt\">De meeste gemeenten hebben inmiddels een coalitieakkoord. Social Enterprise NL onderzocht daarom in hoeverre sociaal&hellip;<\/div>\r\n                <!--<div><span class=\"grid-item-category\">Nieuws<\/span><\/div>-->\r\n            <\/div>\r\n        <\/a>\r\n                <a href=\"https:\/\/social-enterprise.nl\/en\/artikelen\/een-ongemakkelijke-waarheid\/\" class=\"grid-item-link grid-item\">\r\n            <img loading=\"lazy\" decoding=\"async\" width=\"721\" height=\"317\" src=\"https:\/\/social-enterprise.nl\/wp-content\/uploads\/2024\/09\/Zaken_die_je_raken_header-1.jpg\" class=\"attachment-small size-small wp-post-image\" alt=\"\" srcset=\"https:\/\/social-enterprise.nl\/wp-content\/uploads\/2024\/09\/Zaken_die_je_raken_header-1.jpg 721w, https:\/\/social-enterprise.nl\/wp-content\/uploads\/2024\/09\/Zaken_die_je_raken_header-1-18x8.jpg 18w\" sizes=\"auto, (max-width: 721px) 100vw, 721px\" \/>            <div class=\"grid-item-content\">\r\n                <h2 class=\"grid-item-title\">Een ongemakkelijke waarheid<\/h2>\r\n                <span class=\"grid-item-date\">3 July 2018<\/span>\r\n                <div class=\"grid-item-excerpt\">Nederland is de op een na slechtst presterende advanced economy als het gaat om duurzaamheid.&hellip;<\/div>\r\n                <!--<div><span class=\"grid-item-category\">Artikelen<\/span><\/div>-->\r\n            <\/div>\r\n        <\/a>\r\n                <a href=\"https:\/\/social-enterprise.nl\/en\/nieuws\/kaartverkoop-gemeentecongres-gestart\/\" class=\"grid-item-link grid-item\">\r\n            <img loading=\"lazy\" decoding=\"async\" width=\"625\" height=\"250\" src=\"https:\/\/social-enterprise.nl\/wp-content\/uploads\/2024\/08\/661441895376_011_social_enterprise_leden_en_beweging_ZLR-1.jpg\" class=\"attachment-small size-small wp-post-image\" alt=\"\" \/>            <div class=\"grid-item-content\">\r\n                <h2 class=\"grid-item-title\">Kaartverkoop gemeentecongres gestart!<\/h2>\r\n                <span class=\"grid-item-date\">29 June 2018<\/span>\r\n                <div class=\"grid-item-excerpt\">De vijfde editie van de social enterprise als businesspartner van de gemeente vindt plaats op&hellip;<\/div>\r\n                <!--<div><span class=\"grid-item-category\">Nieuws<\/span><\/div>-->\r\n            <\/div>\r\n        <\/a>\r\n                <a href=\"https:\/\/social-enterprise.nl\/en\/nieuws\/het-impactpad-maakt-impactmeten-toegankelijk-en-betaalbaar\/\" class=\"grid-item-link grid-item\">\r\n            <img loading=\"lazy\" decoding=\"async\" width=\"538\" height=\"215\" src=\"https:\/\/social-enterprise.nl\/wp-content\/uploads\/2024\/08\/961528122216_impactpad-1.png\" class=\"attachment-small size-small wp-post-image\" alt=\"\" \/>            <div class=\"grid-item-content\">\r\n                <h2 class=\"grid-item-title\">Het Impactpad maakt impactmeten toegankelijk en betaalbaar<\/h2>\r\n                <span class=\"grid-item-date\">26 June 2018<\/span>\r\n                <div class=\"grid-item-excerpt\">Impactmeten is essentieel voor de ontwikkeling van sociaal ondernemerschap in Nederland. Alleen door gebrek aan&hellip;<\/div>\r\n                <!--<div><span class=\"grid-item-category\">Nieuws<\/span><\/div>-->\r\n            <\/div>\r\n        <\/a>\r\n                <a href=\"https:\/\/social-enterprise.nl\/en\/artikelen\/iedereen-werk-is-iedereen-winst\/\" class=\"grid-item-link grid-item\">\r\n            <img loading=\"lazy\" decoding=\"async\" width=\"721\" height=\"317\" src=\"https:\/\/social-enterprise.nl\/wp-content\/uploads\/2024\/09\/Zaken_die_je_raken_header-1.jpg\" class=\"attachment-small size-small wp-post-image\" alt=\"\" srcset=\"https:\/\/social-enterprise.nl\/wp-content\/uploads\/2024\/09\/Zaken_die_je_raken_header-1.jpg 721w, https:\/\/social-enterprise.nl\/wp-content\/uploads\/2024\/09\/Zaken_die_je_raken_header-1-18x8.jpg 18w\" sizes=\"auto, (max-width: 721px) 100vw, 721px\" \/>            <div class=\"grid-item-content\">\r\n                <h2 class=\"grid-item-title\">Iedereen werk is iedereen winst<\/h2>\r\n                <span class=\"grid-item-date\">26 June 2018<\/span>\r\n                <div class=\"grid-item-excerpt\">Werkgelegenheid is een van de grootste problemen van de komende decennia. In Nederland krijgen nu&hellip;<\/div>\r\n                <!--<div><span class=\"grid-item-category\">Artikelen<\/span><\/div>-->\r\n            <\/div>\r\n        <\/a>\r\n                <a href=\"https:\/\/social-enterprise.nl\/en\/artikelen\/achter-de-schermen-bij-fair-fabrics\/\" class=\"grid-item-link grid-item\">\r\n            <img loading=\"lazy\" decoding=\"async\" width=\"720\" height=\"288\" src=\"https:\/\/social-enterprise.nl\/wp-content\/uploads\/2024\/10\/BeFunky-collage_klein-1.jpg\" class=\"attachment-small size-small wp-post-image\" alt=\"\" srcset=\"https:\/\/social-enterprise.nl\/wp-content\/uploads\/2024\/10\/BeFunky-collage_klein-1.jpg 720w, https:\/\/social-enterprise.nl\/wp-content\/uploads\/2024\/10\/BeFunky-collage_klein-1-18x7.jpg 18w\" sizes=\"auto, (max-width: 720px) 100vw, 720px\" \/>            <div class=\"grid-item-content\">\r\n                <h2 class=\"grid-item-title\">Achter de schermen bij&#8230; Fair Fabrics!<\/h2>\r\n                <span class=\"grid-item-date\">21 June 2018<\/span>\r\n                <div class=\"grid-item-excerpt\">Maak kennis met Fair Fabrics! Deze sociale onderneming verbindt Nederlandse interieurwinkels en ontwerpers met vakateliers&hellip;<\/div>\r\n                <!--<div><span class=\"grid-item-category\">Artikelen<\/span><\/div>-->\r\n            <\/div>\r\n        <\/a>\r\n                <a href=\"https:\/\/social-enterprise.nl\/en\/artikelen\/gezond-gegrond-933\/\" class=\"grid-item-link grid-item\">\r\n            <img loading=\"lazy\" decoding=\"async\" width=\"721\" height=\"317\" src=\"https:\/\/social-enterprise.nl\/wp-content\/uploads\/2024\/09\/Zaken_die_je_raken_header.jpg\" class=\"attachment-small size-small wp-post-image\" alt=\"\" srcset=\"https:\/\/social-enterprise.nl\/wp-content\/uploads\/2024\/09\/Zaken_die_je_raken_header.jpg 721w, https:\/\/social-enterprise.nl\/wp-content\/uploads\/2024\/09\/Zaken_die_je_raken_header-18x8.jpg 18w\" sizes=\"auto, (max-width: 721px) 100vw, 721px\" \/>            <div class=\"grid-item-content\">\r\n                <h2 class=\"grid-item-title\">Gezond gegrond<\/h2>\r\n                <span class=\"grid-item-date\">11 June 2018<\/span>\r\n                <div class=\"grid-item-excerpt\">Hoe kunnen we de groeiende wereldbevolking op een gezonde wijze voeden zonder de aarde uit&hellip;<\/div>\r\n                <!--<div><span class=\"grid-item-category\">Artikelen<\/span><\/div>-->\r\n            <\/div>\r\n        <\/a>\r\n                <a href=\"https:\/\/social-enterprise.nl\/en\/artikelen\/over-en-oud\/\" class=\"grid-item-link grid-item\">\r\n            <img loading=\"lazy\" decoding=\"async\" width=\"721\" height=\"317\" src=\"https:\/\/social-enterprise.nl\/wp-content\/uploads\/2024\/09\/Zaken_die_je_raken_header-1.jpg\" class=\"attachment-small size-small wp-post-image\" alt=\"\" srcset=\"https:\/\/social-enterprise.nl\/wp-content\/uploads\/2024\/09\/Zaken_die_je_raken_header-1.jpg 721w, https:\/\/social-enterprise.nl\/wp-content\/uploads\/2024\/09\/Zaken_die_je_raken_header-1-18x8.jpg 18w\" sizes=\"auto, (max-width: 721px) 100vw, 721px\" \/>            <div class=\"grid-item-content\">\r\n                <h2 class=\"grid-item-title\">Over en Oud?<\/h2>\r\n                <span class=\"grid-item-date\">4 June 2018<\/span>\r\n                <div class=\"grid-item-excerpt\">Wist je dat het aantal 85-plussers tegen 2050 maar liefst verdriedubbeld zal zijn ten opzichte&hellip;<\/div>\r\n                <!--<div><span class=\"grid-item-category\">Artikelen<\/span><\/div>-->\r\n            <\/div>\r\n        <\/a>\r\n                <a href=\"https:\/\/social-enterprise.nl\/en\/nieuws\/vacature-medewerker-beleid-onderzoek\/\" class=\"grid-item-link grid-item\">\r\n            <img loading=\"lazy\" decoding=\"async\" width=\"2500\" height=\"1000\" src=\"https:\/\/social-enterprise.nl\/wp-content\/uploads\/2024\/08\/591528183241_vacature_beleid_en_onderzoek_2-1.png\" class=\"attachment-small size-small wp-post-image\" alt=\"\" srcset=\"https:\/\/social-enterprise.nl\/wp-content\/uploads\/2024\/08\/591528183241_vacature_beleid_en_onderzoek_2-1.png 2500w, https:\/\/social-enterprise.nl\/wp-content\/uploads\/2024\/08\/591528183241_vacature_beleid_en_onderzoek_2-1-768x307.png 768w, https:\/\/social-enterprise.nl\/wp-content\/uploads\/2024\/08\/591528183241_vacature_beleid_en_onderzoek_2-1-1536x614.png 1536w, https:\/\/social-enterprise.nl\/wp-content\/uploads\/2024\/08\/591528183241_vacature_beleid_en_onderzoek_2-1-2048x819.png 2048w\" sizes=\"auto, (max-width: 2500px) 100vw, 2500px\" \/>            <div class=\"grid-item-content\">\r\n                <h2 class=\"grid-item-title\">Vacature: medewerker Beleid &amp; Onderzoek<\/h2>\r\n                <span class=\"grid-item-date\">1 June 2018<\/span>\r\n                <div class=\"grid-item-excerpt\">Wil jij bijdragen aan een beter ecosysteem voor sociale ondernemingen? Denk jij graag na over&hellip;<\/div>\r\n                <!--<div><span class=\"grid-item-category\">Nieuws<\/span><\/div>-->\r\n            <\/div>\r\n        <\/a>\r\n                <a href=\"https:\/\/social-enterprise.nl\/en\/artikelen\/a-race-to-fairness\/\" class=\"grid-item-link grid-item\">\r\n            <img loading=\"lazy\" decoding=\"async\" width=\"721\" height=\"317\" src=\"https:\/\/social-enterprise.nl\/wp-content\/uploads\/2024\/09\/Zaken_die_je_raken_header-1.jpg\" class=\"attachment-small size-small wp-post-image\" alt=\"\" srcset=\"https:\/\/social-enterprise.nl\/wp-content\/uploads\/2024\/09\/Zaken_die_je_raken_header-1.jpg 721w, https:\/\/social-enterprise.nl\/wp-content\/uploads\/2024\/09\/Zaken_die_je_raken_header-1-18x8.jpg 18w\" sizes=\"auto, (max-width: 721px) 100vw, 721px\" \/>            <div class=\"grid-item-content\">\r\n                <h2 class=\"grid-item-title\">A race to fairness<\/h2>\r\n                <span class=\"grid-item-date\">22 May 2018<\/span>\r\n                <div class=\"grid-item-excerpt\">Sociaal ondernemers racen een race. Niet naar de bodem, maar naar een eerlijkere wereld: a&hellip;<\/div>\r\n                <!--<div><span class=\"grid-item-category\">Artikelen<\/span><\/div>-->\r\n            <\/div>\r\n        <\/a>\r\n                <a href=\"https:\/\/social-enterprise.nl\/en\/artikelen\/in-de-spotlights-willemdrees\/\" class=\"grid-item-link grid-item\">\r\n            <img loading=\"lazy\" decoding=\"async\" width=\"1200\" height=\"480\" src=\"https:\/\/social-enterprise.nl\/wp-content\/uploads\/2024\/09\/Drees-Peter-van-den-Bosch-1200x675-1.jpg\" class=\"attachment-small size-small wp-post-image\" alt=\"\" srcset=\"https:\/\/social-enterprise.nl\/wp-content\/uploads\/2024\/09\/Drees-Peter-van-den-Bosch-1200x675-1.jpg 1200w, https:\/\/social-enterprise.nl\/wp-content\/uploads\/2024\/09\/Drees-Peter-van-den-Bosch-1200x675-1-768x307.jpg 768w, https:\/\/social-enterprise.nl\/wp-content\/uploads\/2024\/09\/Drees-Peter-van-den-Bosch-1200x675-1-18x7.jpg 18w\" sizes=\"auto, (max-width: 1200px) 100vw, 1200px\" \/>            <div class=\"grid-item-content\">\r\n                <h2 class=\"grid-item-title\">In de spotlights: Willem&amp;Drees<\/h2>\r\n                <span class=\"grid-item-date\">16 May 2018<\/span>\r\n                <div class=\"grid-item-excerpt\">Willem&amp;Drees stelt biologische en lokale maaltijdboxen samen die bij de consument thuis worden bezorgd. Zo&hellip;<\/div>\r\n                <!--<div><span class=\"grid-item-category\">Artikelen<\/span><\/div>-->\r\n            <\/div>\r\n        <\/a>\r\n                <a href=\"https:\/\/social-enterprise.nl\/en\/nieuws\/op-tv-kromkommer-en-social-enterprise-nl\/\" class=\"grid-item-link grid-item\">\r\n            <img loading=\"lazy\" decoding=\"async\" width=\"597\" height=\"239\" src=\"https:\/\/social-enterprise.nl\/wp-content\/uploads\/2024\/08\/101526307316_odwz-1.png\" class=\"attachment-small size-small wp-post-image\" alt=\"\" \/>            <div class=\"grid-item-content\">\r\n                <h2 class=\"grid-item-title\">Op tv: Kromkommer en Social Enterprise NL<\/h2>\r\n                <span class=\"grid-item-date\">14 May 2018<\/span>\r\n                <div class=\"grid-item-excerpt\">Zondag 13 mei was Mark Hillen samen met Chantal Engelen van Kromkommer te gast bij&hellip;<\/div>\r\n                <!--<div><span class=\"grid-item-category\">Nieuws<\/span><\/div>-->\r\n            <\/div>\r\n        <\/a>\r\n                <a href=\"https:\/\/social-enterprise.nl\/en\/nieuws\/social-impact-lab-2018\/\" class=\"grid-item-link grid-item\">\r\n            <img loading=\"lazy\" decoding=\"async\" width=\"622\" height=\"249\" src=\"https:\/\/social-enterprise.nl\/wp-content\/uploads\/2024\/08\/491526305472_sil-1.png\" class=\"attachment-small size-small wp-post-image\" alt=\"\" \/>            <div class=\"grid-item-content\">\r\n                <h2 class=\"grid-item-title\">Social Impact Lab 2018<\/h2>\r\n                <span class=\"grid-item-date\">14 May 2018<\/span>\r\n                <div class=\"grid-item-excerpt\">De inschrijvingen voor het Social Impact Lab 2018 zijn geopend! Deze internationale challenge van PwC&hellip;<\/div>\r\n                <!--<div><span class=\"grid-item-category\">Nieuws<\/span><\/div>-->\r\n            <\/div>\r\n        <\/a>\r\n                <a href=\"https:\/\/social-enterprise.nl\/en\/artikelen\/in-de-spotlights-ctaste\/\" class=\"grid-item-link grid-item\">\r\n            <img loading=\"lazy\" decoding=\"async\" width=\"1200\" height=\"480\" src=\"https:\/\/social-enterprise.nl\/wp-content\/uploads\/2024\/09\/ctaste.jpg\" class=\"attachment-small size-small wp-post-image\" alt=\"\" srcset=\"https:\/\/social-enterprise.nl\/wp-content\/uploads\/2024\/09\/ctaste.jpg 1200w, https:\/\/social-enterprise.nl\/wp-content\/uploads\/2024\/09\/ctaste-768x307.jpg 768w, https:\/\/social-enterprise.nl\/wp-content\/uploads\/2024\/09\/ctaste-18x7.jpg 18w\" sizes=\"auto, (max-width: 1200px) 100vw, 1200px\" \/>            <div class=\"grid-item-content\">\r\n                <h2 class=\"grid-item-title\">In de spotlights: Ctaste<\/h2>\r\n                <span class=\"grid-item-date\">9 May 2018<\/span>\r\n                <div class=\"grid-item-excerpt\">MaatschapWij interviewt Sandra Ballij, oprichtster van sociale onderneming Ctaste. In dit restaurant werken mensen met&hellip;<\/div>\r\n                <!--<div><span class=\"grid-item-category\">Artikelen<\/span><\/div>-->\r\n            <\/div>\r\n        <\/a>\r\n                <a href=\"https:\/\/social-enterprise.nl\/en\/nieuws\/zaken-die-je-raken-is-uit\/\" class=\"grid-item-link grid-item\">\r\n            <img loading=\"lazy\" decoding=\"async\" width=\"1200\" height=\"480\" src=\"https:\/\/social-enterprise.nl\/wp-content\/uploads\/2024\/08\/521524737340_Zaken_die_je_raken_auteurs_klein-1.png\" class=\"attachment-small size-small wp-post-image\" alt=\"\" srcset=\"https:\/\/social-enterprise.nl\/wp-content\/uploads\/2024\/08\/521524737340_Zaken_die_je_raken_auteurs_klein-1.png 1200w, https:\/\/social-enterprise.nl\/wp-content\/uploads\/2024\/08\/521524737340_Zaken_die_je_raken_auteurs_klein-1-768x307.png 768w\" sizes=\"auto, (max-width: 1200px) 100vw, 1200px\" \/>            <div class=\"grid-item-content\">\r\n                <h2 class=\"grid-item-title\">&#039;Zaken die je raken&#039; is uit!<\/h2>\r\n                <span class=\"grid-item-date\">25 April 2018<\/span>\r\n                <div class=\"grid-item-excerpt\">Het nieuwe boek van Willemijn Verloop, Mark Hillen en Kaat Peeters is officieel gelanceerd! Hierin&hellip;<\/div>\r\n                <!--<div><span class=\"grid-item-category\">Nieuws<\/span><\/div>-->\r\n            <\/div>\r\n        <\/a>\r\n                <a href=\"https:\/\/social-enterprise.nl\/en\/artikelen\/in-de-spotlights-urgenda\/\" class=\"grid-item-link grid-item\">\r\n            <img loading=\"lazy\" decoding=\"async\" width=\"1200\" height=\"480\" src=\"https:\/\/social-enterprise.nl\/wp-content\/uploads\/2024\/09\/urgenda.jpg\" class=\"attachment-small size-small wp-post-image\" alt=\"\" srcset=\"https:\/\/social-enterprise.nl\/wp-content\/uploads\/2024\/09\/urgenda.jpg 1200w, https:\/\/social-enterprise.nl\/wp-content\/uploads\/2024\/09\/urgenda-768x307.jpg 768w, https:\/\/social-enterprise.nl\/wp-content\/uploads\/2024\/09\/urgenda-18x7.jpg 18w\" sizes=\"auto, (max-width: 1200px) 100vw, 1200px\" \/>            <div class=\"grid-item-content\">\r\n                <h2 class=\"grid-item-title\">In de spotlights: Urgenda<\/h2>\r\n                <span class=\"grid-item-date\">25 April 2018<\/span>\r\n                <div class=\"grid-item-excerpt\">Heel Nederland v\u00f3\u00f3r 2030 over op duurzame energie: dat is het doel van Marjan Minnesma&hellip;<\/div>\r\n                <!--<div><span class=\"grid-item-category\">Artikelen<\/span><\/div>-->\r\n            <\/div>\r\n        <\/a>\r\n                <a href=\"https:\/\/social-enterprise.nl\/en\/nieuws\/rondetafel-sociale-ondernemingen-25-april\/\" class=\"grid-item-link grid-item\">\r\n                        <div class=\"grid-item-content\">\r\n                <h2 class=\"grid-item-title\">Rondetafel Sociale Ondernemingen 25 april!<\/h2>\r\n                <span class=\"grid-item-date\">19 April 2018<\/span>\r\n                <div class=\"grid-item-excerpt\">In het regeerakkoord van Rutte III staat dat het kabinet meer \u2018passende regels en ruimte\u2019&hellip;<\/div>\r\n                <!--<div><span class=\"grid-item-category\">Nieuws<\/span><\/div>-->\r\n            <\/div>\r\n        <\/a>\r\n                <a href=\"https:\/\/social-enterprise.nl\/en\/artikelen\/in-de-spotlights-homulder\/\" class=\"grid-item-link grid-item\">\r\n            <img loading=\"lazy\" decoding=\"async\" width=\"1200\" height=\"480\" src=\"https:\/\/social-enterprise.nl\/wp-content\/uploads\/2024\/09\/homulder.jpg\" class=\"attachment-small size-small wp-post-image\" alt=\"\" srcset=\"https:\/\/social-enterprise.nl\/wp-content\/uploads\/2024\/09\/homulder.jpg 1200w, https:\/\/social-enterprise.nl\/wp-content\/uploads\/2024\/09\/homulder-768x307.jpg 768w, https:\/\/social-enterprise.nl\/wp-content\/uploads\/2024\/09\/homulder-18x7.jpg 18w\" sizes=\"auto, (max-width: 1200px) 100vw, 1200px\" \/>            <div class=\"grid-item-content\">\r\n                <h2 class=\"grid-item-title\">In de spotlights: Ho&amp;Mulder<\/h2>\r\n                <span class=\"grid-item-date\">17 April 2018<\/span>\r\n                <div class=\"grid-item-excerpt\">MaatschapWij interviewt Pascal Mulder van HO&amp;MULDER over hoe zij op drie gebieden impact cre\u00ebren met&hellip;<\/div>\r\n                <!--<div><span class=\"grid-item-category\">Artikelen<\/span><\/div>-->\r\n            <\/div>\r\n        <\/a>\r\n                <a href=\"https:\/\/social-enterprise.nl\/en\/nieuws\/grand-finale-van-de-climate-action-challenge-accelerator\/\" class=\"grid-item-link grid-item\">\r\n            <img loading=\"lazy\" decoding=\"async\" width=\"643\" height=\"275\" src=\"https:\/\/social-enterprise.nl\/wp-content\/uploads\/2024\/08\/291501227723_WDCD_Climate_Challenge_Banner_Logo_Nasa-1.png\" class=\"attachment-small size-small wp-post-image\" alt=\"\" \/>            <div class=\"grid-item-content\">\r\n                <h2 class=\"grid-item-title\">Grand Finale van de Climate Action Challenge Accelerator<\/h2>\r\n                <span class=\"grid-item-date\">11 April 2018<\/span>\r\n                <div class=\"grid-item-excerpt\">Op Demoday presenteren de Climate Action Challenge winnaars hun innovatie. Ze vertellen hoe hun onderneming&hellip;<\/div>\r\n                <!--<div><span class=\"grid-item-category\">Nieuws<\/span><\/div>-->\r\n            <\/div>\r\n        <\/a>\r\n                <a href=\"https:\/\/social-enterprise.nl\/en\/nieuws\/laatste-fase-project-impact-meters-maken\/\" class=\"grid-item-link grid-item\">\r\n            <img loading=\"lazy\" decoding=\"async\" width=\"3599\" height=\"1482\" src=\"https:\/\/social-enterprise.nl\/wp-content\/uploads\/2024\/08\/151523436434_afbeelding_nieuwsitem-1.png\" class=\"attachment-small size-small wp-post-image\" alt=\"\" srcset=\"https:\/\/social-enterprise.nl\/wp-content\/uploads\/2024\/08\/151523436434_afbeelding_nieuwsitem-1.png 3599w, https:\/\/social-enterprise.nl\/wp-content\/uploads\/2024\/08\/151523436434_afbeelding_nieuwsitem-1-768x316.png 768w, https:\/\/social-enterprise.nl\/wp-content\/uploads\/2024\/08\/151523436434_afbeelding_nieuwsitem-1-1536x632.png 1536w, https:\/\/social-enterprise.nl\/wp-content\/uploads\/2024\/08\/151523436434_afbeelding_nieuwsitem-1-2048x843.png 2048w\" sizes=\"auto, (max-width: 3599px) 100vw, 3599px\" \/>            <div class=\"grid-item-content\">\r\n                <h2 class=\"grid-item-title\">Laatste fase project Impact Meters Maken<\/h2>\r\n                <span class=\"grid-item-date\">11 April 2018<\/span>\r\n                <div class=\"grid-item-excerpt\">Het project \u2018Impact meters maken\u2019 heeft tot doel om impact meten toegankelijk en betaalbaar te&hellip;<\/div>\r\n                <!--<div><span class=\"grid-item-category\">Nieuws<\/span><\/div>-->\r\n            <\/div>\r\n        <\/a>\r\n                <a href=\"https:\/\/social-enterprise.nl\/en\/artikelen\/in-de-spotlights-i-did\/\" class=\"grid-item-link grid-item\">\r\n            <img loading=\"lazy\" decoding=\"async\" width=\"1200\" height=\"480\" src=\"https:\/\/social-enterprise.nl\/wp-content\/uploads\/2024\/09\/idid.jpg\" class=\"attachment-small size-small wp-post-image\" alt=\"\" srcset=\"https:\/\/social-enterprise.nl\/wp-content\/uploads\/2024\/09\/idid.jpg 1200w, https:\/\/social-enterprise.nl\/wp-content\/uploads\/2024\/09\/idid-768x307.jpg 768w, https:\/\/social-enterprise.nl\/wp-content\/uploads\/2024\/09\/idid-18x7.jpg 18w\" sizes=\"auto, (max-width: 1200px) 100vw, 1200px\" \/>            <div class=\"grid-item-content\">\r\n                <h2 class=\"grid-item-title\">In de spotlights: i-did<\/h2>\r\n                <span class=\"grid-item-date\">3 April 2018<\/span>\r\n                <div class=\"grid-item-excerpt\">MaatschapWij interviewt Mireille Geijsen van i-did over de ontwikkeling van haar sociale onderneming en het&hellip;<\/div>\r\n                <!--<div><span class=\"grid-item-category\">Artikelen<\/span><\/div>-->\r\n            <\/div>\r\n        <\/a>\r\n                <a href=\"https:\/\/social-enterprise.nl\/en\/artikelen\/in-de-spotlights-atlantis-handelshuis\/\" class=\"grid-item-link grid-item\">\r\n            <img loading=\"lazy\" decoding=\"async\" width=\"959\" height=\"408\" src=\"https:\/\/social-enterprise.nl\/wp-content\/uploads\/2024\/09\/Schermafbeelding_2018-03-15_om_09.31.37.jpg\" class=\"attachment-small size-small wp-post-image\" alt=\"\" srcset=\"https:\/\/social-enterprise.nl\/wp-content\/uploads\/2024\/09\/Schermafbeelding_2018-03-15_om_09.31.37.jpg 959w, https:\/\/social-enterprise.nl\/wp-content\/uploads\/2024\/09\/Schermafbeelding_2018-03-15_om_09.31.37-768x327.jpg 768w, https:\/\/social-enterprise.nl\/wp-content\/uploads\/2024\/09\/Schermafbeelding_2018-03-15_om_09.31.37-18x8.jpg 18w\" sizes=\"auto, (max-width: 959px) 100vw, 959px\" \/>            <div class=\"grid-item-content\">\r\n                <h2 class=\"grid-item-title\">In de spotlights: Atlantis Handelshuis<\/h2>\r\n                <span class=\"grid-item-date\">15 March 2018<\/span>\r\n                <div class=\"grid-item-excerpt\">Een van de winnaars van de eerste editie van HeldCare, Mike Venekamp van Atlantis Handelshuis,&hellip;<\/div>\r\n                <!--<div><span class=\"grid-item-category\">Artikelen<\/span><\/div>-->\r\n            <\/div>\r\n        <\/a>\r\n                <a href=\"https:\/\/social-enterprise.nl\/en\/nieuws\/nos-besteedt-aandacht-aan-sociaal-ondernemen\/\" class=\"grid-item-link grid-item\">\r\n                        <div class=\"grid-item-content\">\r\n                <h2 class=\"grid-item-title\">NOS besteedt aandacht aan sociaal ondernemen<\/h2>\r\n                <span class=\"grid-item-date\">12 March 2018<\/span>\r\n                <div class=\"grid-item-excerpt\">'Sociale ondernemingen, die taken van de gemeente overnemen, zijn in opkomst', aldus het NOS Journaal&hellip;<\/div>\r\n                <!--<div><span class=\"grid-item-category\">Nieuws<\/span><\/div>-->\r\n            <\/div>\r\n        <\/a>\r\n                <a href=\"https:\/\/social-enterprise.nl\/en\/nieuws\/social-grow-sessions-2018-aanmeldingen-geopend\/\" class=\"grid-item-link grid-item\">\r\n            <img loading=\"lazy\" decoding=\"async\" width=\"706\" height=\"258\" src=\"https:\/\/social-enterprise.nl\/wp-content\/uploads\/2024\/08\/491494242764_SGS_small-1.png\" class=\"attachment-small size-small wp-post-image\" alt=\"\" \/>            <div class=\"grid-item-content\">\r\n                <h2 class=\"grid-item-title\">Social Grow Sessions 2018 aanmeldingen geopend!<\/h2>\r\n                <span class=\"grid-item-date\">12 March 2018<\/span>\r\n                <div class=\"grid-item-excerpt\">Sociaal ondernemer in zorg en welzijn? Schrijf je dan in voor de derde editie van&hellip;<\/div>\r\n                <!--<div><span class=\"grid-item-category\">Nieuws<\/span><\/div>-->\r\n            <\/div>\r\n        <\/a>\r\n                <a href=\"https:\/\/social-enterprise.nl\/en\/nieuws\/eerste-leerstoel-sociaal-ondernemerschap\/\" class=\"grid-item-link grid-item\">\r\n            <img loading=\"lazy\" decoding=\"async\" width=\"629\" height=\"252\" src=\"https:\/\/social-enterprise.nl\/wp-content\/uploads\/2024\/08\/611520863239_Schermafbeelding_2018-03-12_om_15.00.10-1.png\" class=\"attachment-small size-small wp-post-image\" alt=\"\" \/>            <div class=\"grid-item-content\">\r\n                <h2 class=\"grid-item-title\">Eerste leerstoel Sociaal Ondernemerschap<\/h2>\r\n                <span class=\"grid-item-date\">11 March 2018<\/span>\r\n                <div class=\"grid-item-excerpt\">Op donderdag 1 maart aanvaardde prof. dr. Harry Hummels het ambt van hoogleraar Social Entrepreneurship&hellip;<\/div>\r\n                <!--<div><span class=\"grid-item-category\">Nieuws<\/span><\/div>-->\r\n            <\/div>\r\n        <\/a>\r\n                <a href=\"https:\/\/social-enterprise.nl\/en\/artikelen\/gr2018-en-sociaal-ondernemerschap-880\/\" class=\"grid-item-link grid-item\">\r\n                        <div class=\"grid-item-content\">\r\n                <h2 class=\"grid-item-title\">#GR2018 en sociaal ondernemerschap<\/h2>\r\n                <span class=\"grid-item-date\">1 March 2018<\/span>\r\n                <div class=\"grid-item-excerpt\">Blijft sociaal ondernemerschap na de Gemeenteraadsverkiezingen van 21 maart op de gemeentelijke agenda\u2019s staan? Social&hellip;<\/div>\r\n                <!--<div><span class=\"grid-item-category\">Artikelen<\/span><\/div>-->\r\n            <\/div>\r\n        <\/a>\r\n                <a href=\"https:\/\/social-enterprise.nl\/en\/artikelen\/in-de-spotlights-de-prael\/\" class=\"grid-item-link grid-item\">\r\n            <img loading=\"lazy\" decoding=\"async\" width=\"1200\" height=\"480\" src=\"https:\/\/social-enterprise.nl\/wp-content\/uploads\/2018\/02\/Arno-Kooy-1200x675-1.jpg\" class=\"attachment-small size-small wp-post-image\" alt=\"\" srcset=\"https:\/\/social-enterprise.nl\/wp-content\/uploads\/2018\/02\/Arno-Kooy-1200x675-1.jpg 1200w, https:\/\/social-enterprise.nl\/wp-content\/uploads\/2018\/02\/Arno-Kooy-1200x675-1-768x307.jpg 768w, https:\/\/social-enterprise.nl\/wp-content\/uploads\/2018\/02\/Arno-Kooy-1200x675-1-18x7.jpg 18w\" sizes=\"auto, (max-width: 1200px) 100vw, 1200px\" \/>            <div class=\"grid-item-content\">\r\n                <h2 class=\"grid-item-title\">In de spotlights: De Prael<\/h2>\r\n                <span class=\"grid-item-date\">28 February 2018<\/span>\r\n                <div class=\"grid-item-excerpt\">MaatschapWij interviewt Arno Kooy van brouwerij de Prael over hun doelen en toekomstplannen om mensen&hellip;<\/div>\r\n                <!--<div><span class=\"grid-item-category\">Artikelen<\/span><\/div>-->\r\n            <\/div>\r\n        <\/a>\r\n                <a href=\"https:\/\/social-enterprise.nl\/en\/nieuws\/next-level-in-mei-van-start\/\" class=\"grid-item-link grid-item\">\r\n            <img loading=\"lazy\" decoding=\"async\" width=\"2500\" height=\"1000\" src=\"https:\/\/social-enterprise.nl\/wp-content\/uploads\/2024\/08\/341519122910_021_Free_assignment_1-1.jpg\" class=\"attachment-small size-small wp-post-image\" alt=\"\" srcset=\"https:\/\/social-enterprise.nl\/wp-content\/uploads\/2024\/08\/341519122910_021_Free_assignment_1-1.jpg 2500w, https:\/\/social-enterprise.nl\/wp-content\/uploads\/2024\/08\/341519122910_021_Free_assignment_1-1-768x307.jpg 768w, https:\/\/social-enterprise.nl\/wp-content\/uploads\/2024\/08\/341519122910_021_Free_assignment_1-1-1536x614.jpg 1536w, https:\/\/social-enterprise.nl\/wp-content\/uploads\/2024\/08\/341519122910_021_Free_assignment_1-1-2048x819.jpg 2048w\" sizes=\"auto, (max-width: 2500px) 100vw, 2500px\" \/>            <div class=\"grid-item-content\">\r\n                <h2 class=\"grid-item-title\">Next Level in mei van start!<\/h2>\r\n                <span class=\"grid-item-date\">21 February 2018<\/span>\r\n                <div class=\"grid-item-excerpt\">Op zoek naar investeerders? Next Level is het access to finance programma van Social Enterprise&hellip;<\/div>\r\n                <!--<div><span class=\"grid-item-category\">Nieuws<\/span><\/div>-->\r\n            <\/div>\r\n        <\/a>\r\n                <a href=\"https:\/\/social-enterprise.nl\/en\/artikelen\/in-de-spotlights-makers-unite\/\" class=\"grid-item-link grid-item\">\r\n            <img loading=\"lazy\" decoding=\"async\" width=\"1700\" height=\"638\" src=\"https:\/\/social-enterprise.nl\/wp-content\/uploads\/2024\/09\/Schermafbeelding_2018-02-05_om_14.20.07.jpg\" class=\"attachment-small size-small wp-post-image\" alt=\"\" srcset=\"https:\/\/social-enterprise.nl\/wp-content\/uploads\/2024\/09\/Schermafbeelding_2018-02-05_om_14.20.07.jpg 1700w, https:\/\/social-enterprise.nl\/wp-content\/uploads\/2024\/09\/Schermafbeelding_2018-02-05_om_14.20.07-768x288.jpg 768w, https:\/\/social-enterprise.nl\/wp-content\/uploads\/2024\/09\/Schermafbeelding_2018-02-05_om_14.20.07-1536x576.jpg 1536w, https:\/\/social-enterprise.nl\/wp-content\/uploads\/2024\/09\/Schermafbeelding_2018-02-05_om_14.20.07-18x7.jpg 18w\" sizes=\"auto, (max-width: 1700px) 100vw, 1700px\" \/>            <div class=\"grid-item-content\">\r\n                <h2 class=\"grid-item-title\">In de spotlights: Makers Unite<\/h2>\r\n                <span class=\"grid-item-date\">5 February 2018<\/span>\r\n                <div class=\"grid-item-excerpt\">MaatschapWij interviewt Makers Unite over waarom zij een sociaal inclusieve onderneming zijn en wat zij&hellip;<\/div>\r\n                <!--<div><span class=\"grid-item-category\">Artikelen<\/span><\/div>-->\r\n            <\/div>\r\n        <\/a>\r\n                <a href=\"https:\/\/social-enterprise.nl\/en\/artikelen\/in-de-spotlights-de-correspondent\/\" class=\"grid-item-link grid-item\">\r\n            <img loading=\"lazy\" decoding=\"async\" width=\"1788\" height=\"744\" src=\"https:\/\/social-enterprise.nl\/wp-content\/uploads\/2024\/09\/Schermafbeelding_2018-02-05_om_14.12.52.jpg\" class=\"attachment-small size-small wp-post-image\" alt=\"\" srcset=\"https:\/\/social-enterprise.nl\/wp-content\/uploads\/2024\/09\/Schermafbeelding_2018-02-05_om_14.12.52.jpg 1788w, https:\/\/social-enterprise.nl\/wp-content\/uploads\/2024\/09\/Schermafbeelding_2018-02-05_om_14.12.52-768x320.jpg 768w, https:\/\/social-enterprise.nl\/wp-content\/uploads\/2024\/09\/Schermafbeelding_2018-02-05_om_14.12.52-1536x639.jpg 1536w, https:\/\/social-enterprise.nl\/wp-content\/uploads\/2024\/09\/Schermafbeelding_2018-02-05_om_14.12.52-18x7.jpg 18w\" sizes=\"auto, (max-width: 1788px) 100vw, 1788px\" \/>            <div class=\"grid-item-content\">\r\n                <h2 class=\"grid-item-title\">In de spotlights: De Correspondent<\/h2>\r\n                <span class=\"grid-item-date\">5 February 2018<\/span>\r\n                <div class=\"grid-item-excerpt\">MaatschapWij interviewt Jelmer Mommers van De Correspondent over klimaatverandering. Hij gelooft dat het tijd voor&hellip;<\/div>\r\n                <!--<div><span class=\"grid-item-category\">Artikelen<\/span><\/div>-->\r\n            <\/div>\r\n        <\/a>\r\n                <a href=\"https:\/\/social-enterprise.nl\/en\/artikelen\/in-de-spotlights-yoni\/\" class=\"grid-item-link grid-item\">\r\n            <img loading=\"lazy\" decoding=\"async\" width=\"1760\" height=\"744\" src=\"https:\/\/social-enterprise.nl\/wp-content\/uploads\/2024\/09\/Schermafbeelding_2018-02-01_om_10.38.46.jpg\" class=\"attachment-small size-small wp-post-image\" alt=\"\" srcset=\"https:\/\/social-enterprise.nl\/wp-content\/uploads\/2024\/09\/Schermafbeelding_2018-02-01_om_10.38.46.jpg 1760w, https:\/\/social-enterprise.nl\/wp-content\/uploads\/2024\/09\/Schermafbeelding_2018-02-01_om_10.38.46-768x325.jpg 768w, https:\/\/social-enterprise.nl\/wp-content\/uploads\/2024\/09\/Schermafbeelding_2018-02-01_om_10.38.46-1536x649.jpg 1536w, https:\/\/social-enterprise.nl\/wp-content\/uploads\/2024\/09\/Schermafbeelding_2018-02-01_om_10.38.46-18x8.jpg 18w\" sizes=\"auto, (max-width: 1760px) 100vw, 1760px\" \/>            <div class=\"grid-item-content\">\r\n                <h2 class=\"grid-item-title\">In de spotlights: Yoni<\/h2>\r\n                <span class=\"grid-item-date\">1 February 2018<\/span>\r\n                <div class=\"grid-item-excerpt\">&#8220;Als niemand erover praat gaan wij het doen&#8221;, aldus Mariah Mansvelt Beck van Yoni. In&hellip;<\/div>\r\n                <!--<div><span class=\"grid-item-category\">Artikelen<\/span><\/div>-->\r\n            <\/div>\r\n        <\/a>\r\n                <a href=\"https:\/\/social-enterprise.nl\/en\/nieuws\/social-enterprise-monitor-2018-geopend\/\" class=\"grid-item-link grid-item\">\r\n            <img loading=\"lazy\" decoding=\"async\" width=\"625\" height=\"250\" src=\"https:\/\/social-enterprise.nl\/wp-content\/uploads\/2024\/08\/541441895376_02_Social_enterpise_events_zaken_doenZEER_LR-2.jpg\" class=\"attachment-small size-small wp-post-image\" alt=\"\" \/>            <div class=\"grid-item-content\">\r\n                <h2 class=\"grid-item-title\">Social Enterprise Monitor 2018 geopend<\/h2>\r\n                <span class=\"grid-item-date\">1 February 2018<\/span>\r\n                <div class=\"grid-item-excerpt\">De Social Enterprise Monitor is het grootste onderzoek naar sociale ondernemingen in Nederland. De vragenlijst&hellip;<\/div>\r\n                <!--<div><span class=\"grid-item-category\">Nieuws<\/span><\/div>-->\r\n            <\/div>\r\n        <\/a>\r\n                <a href=\"https:\/\/social-enterprise.nl\/en\/nieuws\/ministerie-ezk-miskent-rol-van-duurzame-koplopers\/\" class=\"grid-item-link grid-item\">\r\n            <img loading=\"lazy\" decoding=\"async\" width=\"2500\" height=\"1000\" src=\"https:\/\/social-enterprise.nl\/wp-content\/uploads\/2024\/08\/971511528506_02_Doing_good_and_doing_business_-_kopie-1.jpg\" class=\"attachment-small size-small wp-post-image\" alt=\"\" srcset=\"https:\/\/social-enterprise.nl\/wp-content\/uploads\/2024\/08\/971511528506_02_Doing_good_and_doing_business_-_kopie-1.jpg 2500w, https:\/\/social-enterprise.nl\/wp-content\/uploads\/2024\/08\/971511528506_02_Doing_good_and_doing_business_-_kopie-1-768x307.jpg 768w, https:\/\/social-enterprise.nl\/wp-content\/uploads\/2024\/08\/971511528506_02_Doing_good_and_doing_business_-_kopie-1-1536x614.jpg 1536w, https:\/\/social-enterprise.nl\/wp-content\/uploads\/2024\/08\/971511528506_02_Doing_good_and_doing_business_-_kopie-1-2048x819.jpg 2048w\" sizes=\"auto, (max-width: 2500px) 100vw, 2500px\" \/>            <div class=\"grid-item-content\">\r\n                <h2 class=\"grid-item-title\">Ministerie EZK miskent rol van duurzame koplopers<\/h2>\r\n                <span class=\"grid-item-date\">26 January 2018<\/span>\r\n                <div class=\"grid-item-excerpt\">Mark Hillen en Stefan Panhuijsen reageren in het FD op een nieuwjaarsartikel van Maarten Camps,&hellip;<\/div>\r\n                <!--<div><span class=\"grid-item-category\">Nieuws<\/span><\/div>-->\r\n            <\/div>\r\n        <\/a>\r\n                <a href=\"https:\/\/social-enterprise.nl\/en\/artikelen\/in-de-spotlights-bart-krull-van-buy-social\/\" class=\"grid-item-link grid-item\">\r\n            <img loading=\"lazy\" decoding=\"async\" width=\"1788\" height=\"764\" src=\"https:\/\/social-enterprise.nl\/wp-content\/uploads\/2024\/09\/Schermafbeelding_2018-01-23_om_14.12.52.jpg\" class=\"attachment-small size-small wp-post-image\" alt=\"\" srcset=\"https:\/\/social-enterprise.nl\/wp-content\/uploads\/2024\/09\/Schermafbeelding_2018-01-23_om_14.12.52.jpg 1788w, https:\/\/social-enterprise.nl\/wp-content\/uploads\/2024\/09\/Schermafbeelding_2018-01-23_om_14.12.52-768x328.jpg 768w, https:\/\/social-enterprise.nl\/wp-content\/uploads\/2024\/09\/Schermafbeelding_2018-01-23_om_14.12.52-1536x656.jpg 1536w, https:\/\/social-enterprise.nl\/wp-content\/uploads\/2024\/09\/Schermafbeelding_2018-01-23_om_14.12.52-18x8.jpg 18w\" sizes=\"auto, (max-width: 1788px) 100vw, 1788px\" \/>            <div class=\"grid-item-content\">\r\n                <h2 class=\"grid-item-title\">In de spotlights: Bart Krull van Buy Social<\/h2>\r\n                <span class=\"grid-item-date\">23 January 2018<\/span>\r\n                <div class=\"grid-item-excerpt\">MaatschapWij interviewt Bart Krull (Social Enterprise NL) over het belang van sociaal inkopen en de&hellip;<\/div>\r\n                <!--<div><span class=\"grid-item-category\">Artikelen<\/span><\/div>-->\r\n            <\/div>\r\n        <\/a>\r\n                <a href=\"https:\/\/social-enterprise.nl\/en\/nieuws\/lancering-social-impact-market\/\" class=\"grid-item-link grid-item\">\r\n            <img loading=\"lazy\" decoding=\"async\" width=\"2106\" height=\"892\" src=\"https:\/\/social-enterprise.nl\/wp-content\/uploads\/2024\/08\/281516197542_Schermafbeelding_2018-01-17_om_14.55.44-1.png\" class=\"attachment-small size-small wp-post-image\" alt=\"\" srcset=\"https:\/\/social-enterprise.nl\/wp-content\/uploads\/2024\/08\/281516197542_Schermafbeelding_2018-01-17_om_14.55.44-1.png 2106w, https:\/\/social-enterprise.nl\/wp-content\/uploads\/2024\/08\/281516197542_Schermafbeelding_2018-01-17_om_14.55.44-1-768x325.png 768w, https:\/\/social-enterprise.nl\/wp-content\/uploads\/2024\/08\/281516197542_Schermafbeelding_2018-01-17_om_14.55.44-1-1536x651.png 1536w, https:\/\/social-enterprise.nl\/wp-content\/uploads\/2024\/08\/281516197542_Schermafbeelding_2018-01-17_om_14.55.44-1-2048x867.png 2048w\" sizes=\"auto, (max-width: 2106px) 100vw, 2106px\" \/>            <div class=\"grid-item-content\">\r\n                <h2 class=\"grid-item-title\">Lancering Social Impact Market<\/h2>\r\n                <span class=\"grid-item-date\">17 January 2018<\/span>\r\n                <div class=\"grid-item-excerpt\">Op 16 januari is vanuit Buy Social de vernieuwde Social Impact Market gelanceerd! Dit online&hellip;<\/div>\r\n                <!--<div><span class=\"grid-item-category\">Nieuws<\/span><\/div>-->\r\n            <\/div>\r\n        <\/a>\r\n                <a href=\"https:\/\/social-enterprise.nl\/en\/artikelen\/in-de-spotlights-moyee-coffee\/\" class=\"grid-item-link grid-item\">\r\n            <img loading=\"lazy\" decoding=\"async\" width=\"1794\" height=\"778\" src=\"https:\/\/social-enterprise.nl\/wp-content\/uploads\/2024\/09\/Schermafbeelding_2018-01-15_om_13.43.31.jpg\" class=\"attachment-small size-small wp-post-image\" alt=\"\" srcset=\"https:\/\/social-enterprise.nl\/wp-content\/uploads\/2024\/09\/Schermafbeelding_2018-01-15_om_13.43.31.jpg 1794w, https:\/\/social-enterprise.nl\/wp-content\/uploads\/2024\/09\/Schermafbeelding_2018-01-15_om_13.43.31-768x333.jpg 768w, https:\/\/social-enterprise.nl\/wp-content\/uploads\/2024\/09\/Schermafbeelding_2018-01-15_om_13.43.31-1536x666.jpg 1536w, https:\/\/social-enterprise.nl\/wp-content\/uploads\/2024\/09\/Schermafbeelding_2018-01-15_om_13.43.31-18x8.jpg 18w\" sizes=\"auto, (max-width: 1794px) 100vw, 1794px\" \/>            <div class=\"grid-item-content\">\r\n                <h2 class=\"grid-item-title\">In de spotlights: Moyee Coffee<\/h2>\r\n                <span class=\"grid-item-date\">15 January 2018<\/span>\r\n                <div class=\"grid-item-excerpt\">MaatschapWij interviewt Guido van Staveren van Dijk van Moyee Coffee. Hij vertelt waarom hij Moyee&hellip;<\/div>\r\n                <!--<div><span class=\"grid-item-category\">Artikelen<\/span><\/div>-->\r\n            <\/div>\r\n        <\/a>\r\n                <a href=\"https:\/\/social-enterprise.nl\/en\/artikelen\/in-de-spotlights-a-beautiful-story\/\" class=\"grid-item-link grid-item\">\r\n            <img loading=\"lazy\" decoding=\"async\" width=\"1664\" height=\"686\" src=\"https:\/\/social-enterprise.nl\/wp-content\/uploads\/2024\/09\/Schermafbeelding_2018-01-08_om_11.55.39.jpg\" class=\"attachment-small size-small wp-post-image\" alt=\"\" srcset=\"https:\/\/social-enterprise.nl\/wp-content\/uploads\/2024\/09\/Schermafbeelding_2018-01-08_om_11.55.39.jpg 1664w, https:\/\/social-enterprise.nl\/wp-content\/uploads\/2024\/09\/Schermafbeelding_2018-01-08_om_11.55.39-768x317.jpg 768w, https:\/\/social-enterprise.nl\/wp-content\/uploads\/2024\/09\/Schermafbeelding_2018-01-08_om_11.55.39-1536x633.jpg 1536w, https:\/\/social-enterprise.nl\/wp-content\/uploads\/2024\/09\/Schermafbeelding_2018-01-08_om_11.55.39-18x7.jpg 18w\" sizes=\"auto, (max-width: 1664px) 100vw, 1664px\" \/>            <div class=\"grid-item-content\">\r\n                <h2 class=\"grid-item-title\">In de spotlights: A Beautiful Story<\/h2>\r\n                <span class=\"grid-item-date\">8 January 2018<\/span>\r\n                <div class=\"grid-item-excerpt\">MaatschapWij interviewt Cathelijne Lania van A Beautiful Story! Cathelijne vertelt hoe deze sociale onderneming is&hellip;<\/div>\r\n                <!--<div><span class=\"grid-item-category\">Artikelen<\/span><\/div>-->\r\n            <\/div>\r\n        <\/a>\r\n                <a href=\"https:\/\/social-enterprise.nl\/en\/nieuws\/blik-met-ons-terug-op-2017\/\" class=\"grid-item-link grid-item\">\r\n            <img loading=\"lazy\" decoding=\"async\" width=\"1288\" height=\"532\" src=\"https:\/\/social-enterprise.nl\/wp-content\/uploads\/2024\/08\/751513770137_Screen_Shot_2017-12-20_at_12.41.45-1.png\" class=\"attachment-small size-small wp-post-image\" alt=\"\" srcset=\"https:\/\/social-enterprise.nl\/wp-content\/uploads\/2024\/08\/751513770137_Screen_Shot_2017-12-20_at_12.41.45-1.png 1288w, https:\/\/social-enterprise.nl\/wp-content\/uploads\/2024\/08\/751513770137_Screen_Shot_2017-12-20_at_12.41.45-1-768x317.png 768w\" sizes=\"auto, (max-width: 1288px) 100vw, 1288px\" \/>            <div class=\"grid-item-content\">\r\n                <h2 class=\"grid-item-title\">Blik met ons terug op 2017!<\/h2>\r\n                <span class=\"grid-item-date\">20 December 2017<\/span>\r\n                <div class=\"grid-item-excerpt\">Samen met ons fantastische ondernemende netwerk hebben we ook dit jaar weer veel impact gemaakt!&hellip;<\/div>\r\n                <!--<div><span class=\"grid-item-category\">Nieuws<\/span><\/div>-->\r\n            <\/div>\r\n        <\/a>\r\n                <a href=\"https:\/\/social-enterprise.nl\/en\/nieuws\/het-financieel-overzicht-van-2017\/\" class=\"grid-item-link grid-item\">\r\n            <img loading=\"lazy\" decoding=\"async\" width=\"1448\" height=\"592\" src=\"https:\/\/social-enterprise.nl\/wp-content\/uploads\/2024\/08\/761513769940_Screen_Shot_2017-12-20_at_12.38.32-1.png\" class=\"attachment-small size-small wp-post-image\" alt=\"\" srcset=\"https:\/\/social-enterprise.nl\/wp-content\/uploads\/2024\/08\/761513769940_Screen_Shot_2017-12-20_at_12.38.32-1.png 1448w, https:\/\/social-enterprise.nl\/wp-content\/uploads\/2024\/08\/761513769940_Screen_Shot_2017-12-20_at_12.38.32-1-768x314.png 768w\" sizes=\"auto, (max-width: 1448px) 100vw, 1448px\" \/>            <div class=\"grid-item-content\">\r\n                <h2 class=\"grid-item-title\">Het financieel overzicht van 2017<\/h2>\r\n                <span class=\"grid-item-date\">19 December 2017<\/span>\r\n                <div class=\"grid-item-excerpt\">Transparantie vinden we belangrijk! Daarom delen we de inkomsten & uitgaven van Social Enterprise NL&hellip;<\/div>\r\n                <!--<div><span class=\"grid-item-category\">Nieuws<\/span><\/div>-->\r\n            <\/div>\r\n        <\/a>\r\n                <a href=\"https:\/\/social-enterprise.nl\/en\/artikelen\/in-de-spotlights-de-buurtboer\/\" class=\"grid-item-link grid-item\">\r\n            <img loading=\"lazy\" decoding=\"async\" width=\"1794\" height=\"740\" src=\"https:\/\/social-enterprise.nl\/wp-content\/uploads\/2024\/09\/Screen_Shot_2017-12-20_at_12.05.16.jpg\" class=\"attachment-small size-small wp-post-image\" alt=\"\" srcset=\"https:\/\/social-enterprise.nl\/wp-content\/uploads\/2024\/09\/Screen_Shot_2017-12-20_at_12.05.16.jpg 1794w, https:\/\/social-enterprise.nl\/wp-content\/uploads\/2024\/09\/Screen_Shot_2017-12-20_at_12.05.16-768x317.jpg 768w, https:\/\/social-enterprise.nl\/wp-content\/uploads\/2024\/09\/Screen_Shot_2017-12-20_at_12.05.16-1536x634.jpg 1536w, https:\/\/social-enterprise.nl\/wp-content\/uploads\/2024\/09\/Screen_Shot_2017-12-20_at_12.05.16-18x7.jpg 18w\" sizes=\"auto, (max-width: 1794px) 100vw, 1794px\" \/>            <div class=\"grid-item-content\">\r\n                <h2 class=\"grid-item-title\">In de spotlights: de Buurtboer<\/h2>\r\n                <span class=\"grid-item-date\">18 December 2017<\/span>\r\n                <div class=\"grid-item-excerpt\">MaatschapWij interviewt de Buurtboer! Caroline van der Lande legt uit waarom zij zich inzet voor&hellip;<\/div>\r\n                <!--<div><span class=\"grid-item-category\">Artikelen<\/span><\/div>-->\r\n            <\/div>\r\n        <\/a>\r\n                <a href=\"https:\/\/social-enterprise.nl\/en\/nieuws\/winnaars-social-grow-sessions-2017-bekend\/\" class=\"grid-item-link grid-item\">\r\n            <img loading=\"lazy\" decoding=\"async\" width=\"1400\" height=\"560\" src=\"https:\/\/social-enterprise.nl\/wp-content\/uploads\/2024\/08\/161512988360_agenda_item_SE_NL_site_verhouding-1.png\" class=\"attachment-small size-small wp-post-image\" alt=\"\" srcset=\"https:\/\/social-enterprise.nl\/wp-content\/uploads\/2024\/08\/161512988360_agenda_item_SE_NL_site_verhouding-1.png 1400w, https:\/\/social-enterprise.nl\/wp-content\/uploads\/2024\/08\/161512988360_agenda_item_SE_NL_site_verhouding-1-768x307.png 768w\" sizes=\"auto, (max-width: 1400px) 100vw, 1400px\" \/>            <div class=\"grid-item-content\">\r\n                <h2 class=\"grid-item-title\">Winnaars Social Grow Sessions 2017 bekend!<\/h2>\r\n                <span class=\"grid-item-date\">11 December 2017<\/span>\r\n                <div class=\"grid-item-excerpt\">Afgelopen donderdag was de finale van de Social Grow Sessions 2017. Tien sociaal ondernemers pitchten&hellip;<\/div>\r\n                <!--<div><span class=\"grid-item-category\">Nieuws<\/span><\/div>-->\r\n            <\/div>\r\n        <\/a>\r\n                <a href=\"https:\/\/social-enterprise.nl\/en\/artikelen\/in-de-spotlights-social-enterprise-nl\/\" class=\"grid-item-link grid-item\">\r\n            <img loading=\"lazy\" decoding=\"async\" width=\"1778\" height=\"716\" src=\"https:\/\/social-enterprise.nl\/wp-content\/uploads\/2024\/09\/Screen_Shot_2017-11-27_at_14.03.32.jpg\" class=\"attachment-small size-small wp-post-image\" alt=\"\" srcset=\"https:\/\/social-enterprise.nl\/wp-content\/uploads\/2024\/09\/Screen_Shot_2017-11-27_at_14.03.32.jpg 1778w, https:\/\/social-enterprise.nl\/wp-content\/uploads\/2024\/09\/Screen_Shot_2017-11-27_at_14.03.32-768x309.jpg 768w, https:\/\/social-enterprise.nl\/wp-content\/uploads\/2024\/09\/Screen_Shot_2017-11-27_at_14.03.32-1536x619.jpg 1536w, https:\/\/social-enterprise.nl\/wp-content\/uploads\/2024\/09\/Screen_Shot_2017-11-27_at_14.03.32-18x7.jpg 18w\" sizes=\"auto, (max-width: 1778px) 100vw, 1778px\" \/>            <div class=\"grid-item-content\">\r\n                <h2 class=\"grid-item-title\">In de spotlights: Social Enterprise NL<\/h2>\r\n                <span class=\"grid-item-date\">27 November 2017<\/span>\r\n                <div class=\"grid-item-excerpt\">Willemijn Verloop: \u201cSociaal ondernemers zijn superhelden die laten zien dat het anders kan.\u201d Waarom het&hellip;<\/div>\r\n                <!--<div><span class=\"grid-item-category\">Artikelen<\/span><\/div>-->\r\n            <\/div>\r\n        <\/a>\r\n                <a href=\"https:\/\/social-enterprise.nl\/en\/artikelen\/in-de-spotlights-willemijn-verloop-van-social-enterprise-nl\/\" class=\"grid-item-link grid-item\">\r\n            <img loading=\"lazy\" decoding=\"async\" width=\"1778\" height=\"716\" src=\"https:\/\/social-enterprise.nl\/wp-content\/uploads\/2024\/09\/Screen_Shot_2017-11-27_at_14.03.32.jpg\" class=\"attachment-small size-small wp-post-image\" alt=\"\" srcset=\"https:\/\/social-enterprise.nl\/wp-content\/uploads\/2024\/09\/Screen_Shot_2017-11-27_at_14.03.32.jpg 1778w, https:\/\/social-enterprise.nl\/wp-content\/uploads\/2024\/09\/Screen_Shot_2017-11-27_at_14.03.32-768x309.jpg 768w, https:\/\/social-enterprise.nl\/wp-content\/uploads\/2024\/09\/Screen_Shot_2017-11-27_at_14.03.32-1536x619.jpg 1536w, https:\/\/social-enterprise.nl\/wp-content\/uploads\/2024\/09\/Screen_Shot_2017-11-27_at_14.03.32-18x7.jpg 18w\" sizes=\"auto, (max-width: 1778px) 100vw, 1778px\" \/>            <div class=\"grid-item-content\">\r\n                <h2 class=\"grid-item-title\">In de spotlights: Willemijn Verloop van Social Enterprise NL<\/h2>\r\n                <span class=\"grid-item-date\">27 November 2017<\/span>\r\n                <div class=\"grid-item-excerpt\">Willemijn Verloop: \u201cSociaal ondernemers zijn superhelden die laten zien dat het anders kan.\u201d Waarom het&hellip;<\/div>\r\n                <!--<div><span class=\"grid-item-category\">Artikelen<\/span><\/div>-->\r\n            <\/div>\r\n        <\/a>\r\n                <a href=\"https:\/\/social-enterprise.nl\/en\/nieuws\/publicatie-handvat-code-sociale-ondernemingen\/\" class=\"grid-item-link grid-item\">\r\n            <img loading=\"lazy\" decoding=\"async\" width=\"2500\" height=\"1000\" src=\"https:\/\/social-enterprise.nl\/wp-content\/uploads\/2024\/08\/541510221734_01_Join_the_Movement-1.jpg\" class=\"attachment-small size-small wp-post-image\" alt=\"\" srcset=\"https:\/\/social-enterprise.nl\/wp-content\/uploads\/2024\/08\/541510221734_01_Join_the_Movement-1.jpg 2500w, https:\/\/social-enterprise.nl\/wp-content\/uploads\/2024\/08\/541510221734_01_Join_the_Movement-1-768x307.jpg 768w, https:\/\/social-enterprise.nl\/wp-content\/uploads\/2024\/08\/541510221734_01_Join_the_Movement-1-1536x614.jpg 1536w, https:\/\/social-enterprise.nl\/wp-content\/uploads\/2024\/08\/541510221734_01_Join_the_Movement-1-2048x819.jpg 2048w\" sizes=\"auto, (max-width: 2500px) 100vw, 2500px\" \/>            <div class=\"grid-item-content\">\r\n                <h2 class=\"grid-item-title\">Publicatie handvat Code Sociale Ondernemingen<\/h2>\r\n                <span class=\"grid-item-date\">23 November 2017<\/span>\r\n                <div class=\"grid-item-excerpt\">Dit boekje bevat voor elk van de vijf principes van de Code voorbeelden van ondernemingen&hellip;<\/div>\r\n                <!--<div><span class=\"grid-item-category\">Nieuws<\/span><\/div>-->\r\n            <\/div>\r\n        <\/a>\r\n                <a href=\"https:\/\/social-enterprise.nl\/en\/nieuws\/oneworld-aan-de-bak\/\" class=\"grid-item-link grid-item\">\r\n            <img loading=\"lazy\" decoding=\"async\" width=\"2500\" height=\"1000\" src=\"https:\/\/social-enterprise.nl\/wp-content\/uploads\/2024\/08\/611467275176_SE_basislogo-1.jpg\" class=\"attachment-small size-small wp-post-image\" alt=\"\" srcset=\"https:\/\/social-enterprise.nl\/wp-content\/uploads\/2024\/08\/611467275176_SE_basislogo-1.jpg 2500w, https:\/\/social-enterprise.nl\/wp-content\/uploads\/2024\/08\/611467275176_SE_basislogo-1-768x307.jpg 768w, https:\/\/social-enterprise.nl\/wp-content\/uploads\/2024\/08\/611467275176_SE_basislogo-1-1536x614.jpg 1536w, https:\/\/social-enterprise.nl\/wp-content\/uploads\/2024\/08\/611467275176_SE_basislogo-1-2048x819.jpg 2048w\" sizes=\"auto, (max-width: 2500px) 100vw, 2500px\" \/>            <div class=\"grid-item-content\">\r\n                <h2 class=\"grid-item-title\">OneWorld: &#039;Aan de bak&#039;<\/h2>\r\n                <span class=\"grid-item-date\">23 November 2017<\/span>\r\n                <div class=\"grid-item-excerpt\">OneWorld: 'Aan de bak'<\/div>\r\n                <!--<div><span class=\"grid-item-category\">Nieuws<\/span><\/div>-->\r\n            <\/div>\r\n        <\/a>\r\n                <a href=\"https:\/\/social-enterprise.nl\/en\/artikelen\/in-de-spotlights-koeckebackers\/\" class=\"grid-item-link grid-item\">\r\n            <img loading=\"lazy\" decoding=\"async\" width=\"1780\" height=\"712\" src=\"https:\/\/social-enterprise.nl\/wp-content\/uploads\/2024\/09\/MaatschapWIJ_Koeckebackers.jpg\" class=\"attachment-small size-small wp-post-image\" alt=\"\" srcset=\"https:\/\/social-enterprise.nl\/wp-content\/uploads\/2024\/09\/MaatschapWIJ_Koeckebackers.jpg 1780w, https:\/\/social-enterprise.nl\/wp-content\/uploads\/2024\/09\/MaatschapWIJ_Koeckebackers-768x307.jpg 768w, https:\/\/social-enterprise.nl\/wp-content\/uploads\/2024\/09\/MaatschapWIJ_Koeckebackers-1536x614.jpg 1536w, https:\/\/social-enterprise.nl\/wp-content\/uploads\/2024\/09\/MaatschapWIJ_Koeckebackers-18x7.jpg 18w\" sizes=\"auto, (max-width: 1780px) 100vw, 1780px\" \/>            <div class=\"grid-item-content\">\r\n                <h2 class=\"grid-item-title\">In de spotlights: Koeckebackers<\/h2>\r\n                <span class=\"grid-item-date\">22 November 2017<\/span>\r\n                <div class=\"grid-item-excerpt\">MaatschapWij interviewt Joep Langen van Koeckebackers. Hij vertelt hoe hij op het idee kwam om&hellip;<\/div>\r\n                <!--<div><span class=\"grid-item-category\">Artikelen<\/span><\/div>-->\r\n            <\/div>\r\n        <\/a>\r\n                <a href=\"https:\/\/social-enterprise.nl\/en\/nieuws\/project-management-stagiair-gezocht\/\" class=\"grid-item-link grid-item\">\r\n            <img loading=\"lazy\" decoding=\"async\" width=\"2500\" height=\"1000\" src=\"https:\/\/social-enterprise.nl\/wp-content\/uploads\/2024\/08\/541510221734_01_Join_the_Movement-2.jpg\" class=\"attachment-small size-small wp-post-image\" alt=\"\" srcset=\"https:\/\/social-enterprise.nl\/wp-content\/uploads\/2024\/08\/541510221734_01_Join_the_Movement-2.jpg 2500w, https:\/\/social-enterprise.nl\/wp-content\/uploads\/2024\/08\/541510221734_01_Join_the_Movement-2-768x307.jpg 768w, https:\/\/social-enterprise.nl\/wp-content\/uploads\/2024\/08\/541510221734_01_Join_the_Movement-2-1536x614.jpg 1536w, https:\/\/social-enterprise.nl\/wp-content\/uploads\/2024\/08\/541510221734_01_Join_the_Movement-2-2048x819.jpg 2048w\" sizes=\"auto, (max-width: 2500px) 100vw, 2500px\" \/>            <div class=\"grid-item-content\">\r\n                <h2 class=\"grid-item-title\">Project Management stagiair gezocht!<\/h2>\r\n                <span class=\"grid-item-date\">14 November 2017<\/span>\r\n                <div class=\"grid-item-excerpt\">Op zoek naar een stage met impact? Wil je graag werken met en voor sociaal&hellip;<\/div>\r\n                <!--<div><span class=\"grid-item-category\">Nieuws<\/span><\/div>-->\r\n            <\/div>\r\n        <\/a>\r\n                <a href=\"https:\/\/social-enterprise.nl\/en\/nieuws\/leeratelier-sociaal-ondernemerschap-start-4-december\/\" class=\"grid-item-link grid-item\">\r\n            <img loading=\"lazy\" decoding=\"async\" width=\"2500\" height=\"1000\" src=\"https:\/\/social-enterprise.nl\/wp-content\/uploads\/2024\/08\/771509612281_017_Publication__guides-1.jpg\" class=\"attachment-small size-small wp-post-image\" alt=\"\" srcset=\"https:\/\/social-enterprise.nl\/wp-content\/uploads\/2024\/08\/771509612281_017_Publication__guides-1.jpg 2500w, https:\/\/social-enterprise.nl\/wp-content\/uploads\/2024\/08\/771509612281_017_Publication__guides-1-768x307.jpg 768w, https:\/\/social-enterprise.nl\/wp-content\/uploads\/2024\/08\/771509612281_017_Publication__guides-1-1536x614.jpg 1536w, https:\/\/social-enterprise.nl\/wp-content\/uploads\/2024\/08\/771509612281_017_Publication__guides-1-2048x819.jpg 2048w\" sizes=\"auto, (max-width: 2500px) 100vw, 2500px\" \/>            <div class=\"grid-item-content\">\r\n                <h2 class=\"grid-item-title\">Leeratelier Sociaal Ondernemerschap start 4 december<\/h2>\r\n                <span class=\"grid-item-date\">2 November 2017<\/span>\r\n                <div class=\"grid-item-excerpt\">Social Enterprise NL en NSOB organiseren voor de derde keer het Leeratelier Sociaal Ondernemerschap. Met&hellip;<\/div>\r\n                <!--<div><span class=\"grid-item-category\">Nieuws<\/span><\/div>-->\r\n            <\/div>\r\n        <\/a>\r\n                <a href=\"https:\/\/social-enterprise.nl\/en\/nieuws\/oneworld-werk-geeft-vrijheid-reactie-willemijn-verloop-op-refugee-company\/\" class=\"grid-item-link grid-item\">\r\n            <img loading=\"lazy\" decoding=\"async\" width=\"2500\" height=\"1000\" src=\"https:\/\/social-enterprise.nl\/wp-content\/uploads\/2024\/08\/611467275176_SE_basislogo-1.jpg\" class=\"attachment-small size-small wp-post-image\" alt=\"\" srcset=\"https:\/\/social-enterprise.nl\/wp-content\/uploads\/2024\/08\/611467275176_SE_basislogo-1.jpg 2500w, https:\/\/social-enterprise.nl\/wp-content\/uploads\/2024\/08\/611467275176_SE_basislogo-1-768x307.jpg 768w, https:\/\/social-enterprise.nl\/wp-content\/uploads\/2024\/08\/611467275176_SE_basislogo-1-1536x614.jpg 1536w, https:\/\/social-enterprise.nl\/wp-content\/uploads\/2024\/08\/611467275176_SE_basislogo-1-2048x819.jpg 2048w\" sizes=\"auto, (max-width: 2500px) 100vw, 2500px\" \/>            <div class=\"grid-item-content\">\r\n                <h2 class=\"grid-item-title\">OneWorld: &#039;Werk geeft vrijheid&#039; Reactie Willemijn Verloop op Refugee Company<\/h2>\r\n                <span class=\"grid-item-date\">1 November 2017<\/span>\r\n                <div class=\"grid-item-excerpt\">OneWorld: 'Werk geeft vrijheid' Reactie Willemijn Verloop op Refugee Company<\/div>\r\n                <!--<div><span class=\"grid-item-category\">Nieuws<\/span><\/div>-->\r\n            <\/div>\r\n        <\/a>\r\n                <a href=\"https:\/\/social-enterprise.nl\/en\/nieuws\/tweede-ronde-early-adopters-van-de-code\/\" class=\"grid-item-link grid-item\">\r\n            <img loading=\"lazy\" decoding=\"async\" width=\"700\" height=\"280\" src=\"https:\/\/social-enterprise.nl\/wp-content\/uploads\/2024\/08\/531441049421_021_There_s_a_new_generation_of_entrepreneurs-1.jpg\" class=\"attachment-small size-small wp-post-image\" alt=\"\" \/>            <div class=\"grid-item-content\">\r\n                <h2 class=\"grid-item-title\">Tweede ronde early adopters van de Code<\/h2>\r\n                <span class=\"grid-item-date\">12 October 2017<\/span>\r\n                <div class=\"grid-item-excerpt\">Als early adopter onderschrijf je de Code Sociale Ondernemingen, die met de grondslag \u2018impact first\u2019&hellip;<\/div>\r\n                <!--<div><span class=\"grid-item-category\">Nieuws<\/span><\/div>-->\r\n            <\/div>\r\n        <\/a>\r\n                <a href=\"https:\/\/social-enterprise.nl\/en\/nieuws\/social-grow-sessions-2017-van-start\/\" class=\"grid-item-link grid-item\">\r\n            <img loading=\"lazy\" decoding=\"async\" width=\"400\" height=\"160\" src=\"https:\/\/social-enterprise.nl\/wp-content\/uploads\/2024\/08\/641475566826_Coverfoto-1.png\" class=\"attachment-small size-small wp-post-image\" alt=\"\" \/>            <div class=\"grid-item-content\">\r\n                <h2 class=\"grid-item-title\">Social Grow Sessions 2017 van start!<\/h2>\r\n                <span class=\"grid-item-date\">11 October 2017<\/span>\r\n                <div class=\"grid-item-excerpt\">De Social Grow Sessions, het begeleidingstraject rond sociale innovatie van Janssen en Johnson & Johnson&hellip;<\/div>\r\n                <!--<div><span class=\"grid-item-category\">Nieuws<\/span><\/div>-->\r\n            <\/div>\r\n        <\/a>\r\n                <a href=\"https:\/\/social-enterprise.nl\/en\/nieuws\/kabinet-wil-sociale-ondernemingen-stimuleren\/\" class=\"grid-item-link grid-item\">\r\n            <img loading=\"lazy\" decoding=\"async\" width=\"2500\" height=\"1000\" src=\"https:\/\/social-enterprise.nl\/wp-content\/uploads\/2024\/08\/781441285369_017_publicaties_sociaal_ondernemers-1.jpg\" class=\"attachment-small size-small wp-post-image\" alt=\"\" srcset=\"https:\/\/social-enterprise.nl\/wp-content\/uploads\/2024\/08\/781441285369_017_publicaties_sociaal_ondernemers-1.jpg 2500w, https:\/\/social-enterprise.nl\/wp-content\/uploads\/2024\/08\/781441285369_017_publicaties_sociaal_ondernemers-1-768x307.jpg 768w, https:\/\/social-enterprise.nl\/wp-content\/uploads\/2024\/08\/781441285369_017_publicaties_sociaal_ondernemers-1-1536x614.jpg 1536w, https:\/\/social-enterprise.nl\/wp-content\/uploads\/2024\/08\/781441285369_017_publicaties_sociaal_ondernemers-1-2048x819.jpg 2048w\" sizes=\"auto, (max-width: 2500px) 100vw, 2500px\" \/>            <div class=\"grid-item-content\">\r\n                <h2 class=\"grid-item-title\">Kabinet wil sociale ondernemingen stimuleren!<\/h2>\r\n                <span class=\"grid-item-date\">10 October 2017<\/span>\r\n                <div class=\"grid-item-excerpt\">In\u00a0het regeerakkoord staat deze ambitie als volgt omschreven: \"Er komen passende regels en meer ruimte&hellip;<\/div>\r\n                <!--<div><span class=\"grid-item-category\">Nieuws<\/span><\/div>-->\r\n            <\/div>\r\n        <\/a>\r\n                <a href=\"https:\/\/social-enterprise.nl\/en\/nieuws\/het-gemeentecongres-2017-een-terugblik\/\" class=\"grid-item-link grid-item\">\r\n            <img loading=\"lazy\" decoding=\"async\" width=\"1640\" height=\"682\" src=\"https:\/\/social-enterprise.nl\/wp-content\/uploads\/2024\/08\/661507643499_Schermafbeelding_2017-10-10_om_15.51.02-1.png\" class=\"attachment-small size-small wp-post-image\" alt=\"\" srcset=\"https:\/\/social-enterprise.nl\/wp-content\/uploads\/2024\/08\/661507643499_Schermafbeelding_2017-10-10_om_15.51.02-1.png 1640w, https:\/\/social-enterprise.nl\/wp-content\/uploads\/2024\/08\/661507643499_Schermafbeelding_2017-10-10_om_15.51.02-1-768x319.png 768w, https:\/\/social-enterprise.nl\/wp-content\/uploads\/2024\/08\/661507643499_Schermafbeelding_2017-10-10_om_15.51.02-1-1536x639.png 1536w\" sizes=\"auto, (max-width: 1640px) 100vw, 1640px\" \/>            <div class=\"grid-item-content\">\r\n                <h2 class=\"grid-item-title\">Het gemeentecongres 2017 | Een terugblik<\/h2>\r\n                <span class=\"grid-item-date\">10 October 2017<\/span>\r\n                <div class=\"grid-item-excerpt\">Het gemeentecongres 2017 was een succes! We blikken terug op de editie 'De social enterprise&hellip;<\/div>\r\n                <!--<div><span class=\"grid-item-category\">Nieuws<\/span><\/div>-->\r\n            <\/div>\r\n        <\/a>\r\n                <a href=\"https:\/\/social-enterprise.nl\/en\/nieuws\/oneworld-3-d-printen-met-afval-hoe-doen-zij-het\/\" class=\"grid-item-link grid-item\">\r\n            <img loading=\"lazy\" decoding=\"async\" width=\"2500\" height=\"1000\" src=\"https:\/\/social-enterprise.nl\/wp-content\/uploads\/2024\/08\/611467275176_SE_basislogo-1.jpg\" class=\"attachment-small size-small wp-post-image\" alt=\"\" srcset=\"https:\/\/social-enterprise.nl\/wp-content\/uploads\/2024\/08\/611467275176_SE_basislogo-1.jpg 2500w, https:\/\/social-enterprise.nl\/wp-content\/uploads\/2024\/08\/611467275176_SE_basislogo-1-768x307.jpg 768w, https:\/\/social-enterprise.nl\/wp-content\/uploads\/2024\/08\/611467275176_SE_basislogo-1-1536x614.jpg 1536w, https:\/\/social-enterprise.nl\/wp-content\/uploads\/2024\/08\/611467275176_SE_basislogo-1-2048x819.jpg 2048w\" sizes=\"auto, (max-width: 2500px) 100vw, 2500px\" \/>            <div class=\"grid-item-content\">\r\n                <h2 class=\"grid-item-title\">OneWorld: &#039;3-D printen met afval, hoe doen zij het&#039;<\/h2>\r\n                <span class=\"grid-item-date\">3 October 2017<\/span>\r\n                <div class=\"grid-item-excerpt\">OneWorld: '3-D printen met afval, hoe doen zij het'<\/div>\r\n                <!--<div><span class=\"grid-item-category\">Nieuws<\/span><\/div>-->\r\n            <\/div>\r\n        <\/a>\r\n                <a href=\"https:\/\/social-enterprise.nl\/en\/nieuws\/winnaar-social-enterprise-scriptie-event-2017-bekend\/\" class=\"grid-item-link grid-item\">\r\n            <img loading=\"lazy\" decoding=\"async\" width=\"400\" height=\"160\" src=\"https:\/\/social-enterprise.nl\/wp-content\/uploads\/2024\/08\/191508159782_1de33042e982805b45aa11167fdb09a3_f1074-1.jpg\" class=\"attachment-small size-small wp-post-image\" alt=\"\" \/>            <div class=\"grid-item-content\">\r\n                <h2 class=\"grid-item-title\">Winnaar Social Enterprise Scriptie Event 2017 bekend!<\/h2>\r\n                <span class=\"grid-item-date\">2 October 2017<\/span>\r\n                <div class=\"grid-item-excerpt\">Evan van der Holst is de winnaar van de Social Enterprise Scriptieprijs 2017. Van der&hellip;<\/div>\r\n                <!--<div><span class=\"grid-item-category\">Nieuws<\/span><\/div>-->\r\n            <\/div>\r\n        <\/a>\r\n                <a href=\"https:\/\/social-enterprise.nl\/en\/nieuws\/2e-kamerleden-cda-en-d66-op-bezoek-bij-fairphone\/\" class=\"grid-item-link grid-item\">\r\n            <img loading=\"lazy\" decoding=\"async\" width=\"2500\" height=\"1000\" src=\"https:\/\/social-enterprise.nl\/wp-content\/uploads\/2024\/08\/821441285332_03_samenwerken_social_enterprise-1.jpg\" class=\"attachment-small size-small wp-post-image\" alt=\"\" srcset=\"https:\/\/social-enterprise.nl\/wp-content\/uploads\/2024\/08\/821441285332_03_samenwerken_social_enterprise-1.jpg 2500w, https:\/\/social-enterprise.nl\/wp-content\/uploads\/2024\/08\/821441285332_03_samenwerken_social_enterprise-1-768x307.jpg 768w, https:\/\/social-enterprise.nl\/wp-content\/uploads\/2024\/08\/821441285332_03_samenwerken_social_enterprise-1-1536x614.jpg 1536w, https:\/\/social-enterprise.nl\/wp-content\/uploads\/2024\/08\/821441285332_03_samenwerken_social_enterprise-1-2048x819.jpg 2048w\" sizes=\"auto, (max-width: 2500px) 100vw, 2500px\" \/>            <div class=\"grid-item-content\">\r\n                <h2 class=\"grid-item-title\">2e Kamerleden CDA en D66 op bezoek bij Fairphone<\/h2>\r\n                <span class=\"grid-item-date\">21 September 2017<\/span>\r\n                <div class=\"grid-item-excerpt\">Op initiatief van Social Enterprise NL zijn de Tweede Kamerleden Mustafa Amhaouch (CDA) en Jan&hellip;<\/div>\r\n                <!--<div><span class=\"grid-item-category\">Nieuws<\/span><\/div>-->\r\n            <\/div>\r\n        <\/a>\r\n                <a href=\"https:\/\/social-enterprise.nl\/en\/nieuws\/nieuwe-accelerator-climate-action-challenge\/\" class=\"grid-item-link grid-item\">\r\n            <img loading=\"lazy\" decoding=\"async\" width=\"798\" height=\"333\" src=\"https:\/\/social-enterprise.nl\/wp-content\/uploads\/2024\/08\/441503389663_Schermafbeelding_2017-08-22_om_10.13.51-1.png\" class=\"attachment-small size-small wp-post-image\" alt=\"\" srcset=\"https:\/\/social-enterprise.nl\/wp-content\/uploads\/2024\/08\/441503389663_Schermafbeelding_2017-08-22_om_10.13.51-1.png 798w, https:\/\/social-enterprise.nl\/wp-content\/uploads\/2024\/08\/441503389663_Schermafbeelding_2017-08-22_om_10.13.51-1-768x320.png 768w\" sizes=\"auto, (max-width: 798px) 100vw, 798px\" \/>            <div class=\"grid-item-content\">\r\n                <h2 class=\"grid-item-title\">Nieuwe accelerator: Climate Action Challenge<\/h2>\r\n                <span class=\"grid-item-date\">22 August 2017<\/span>\r\n                <div class=\"grid-item-excerpt\">Heeft jouw product of dienst een positieve impact op het klimaat? Helpt jouw onderneming mensen&hellip;<\/div>\r\n                <!--<div><span class=\"grid-item-category\">Nieuws<\/span><\/div>-->\r\n            <\/div>\r\n        <\/a>\r\n                <a href=\"https:\/\/social-enterprise.nl\/en\/nieuws\/impact-startup-fest-op-25-26-september\/\" class=\"grid-item-link grid-item\">\r\n            <img loading=\"lazy\" decoding=\"async\" width=\"753\" height=\"297\" src=\"https:\/\/social-enterprise.nl\/wp-content\/uploads\/2024\/08\/921503315002_Schermafbeelding_2017-08-21_om_13.29.40-1.png\" class=\"attachment-small size-small wp-post-image\" alt=\"\" \/>            <div class=\"grid-item-content\">\r\n                <h2 class=\"grid-item-title\">Impact Startup Fest op 25 &amp; 26 september<\/h2>\r\n                <span class=\"grid-item-date\">21 August 2017<\/span>\r\n                <div class=\"grid-item-excerpt\">Op 25 en 26 september vindt in Den Haag de tweede editie plaats van Impact&hellip;<\/div>\r\n                <!--<div><span class=\"grid-item-category\">Nieuws<\/span><\/div>-->\r\n            <\/div>\r\n        <\/a>\r\n                <a href=\"https:\/\/social-enterprise.nl\/en\/artikelen\/achter-de-schermen-bij-yespers\/\" class=\"grid-item-link grid-item\">\r\n            <img loading=\"lazy\" decoding=\"async\" width=\"1600\" height=\"700\" src=\"https:\/\/social-enterprise.nl\/wp-content\/uploads\/2024\/10\/4.jpg\" class=\"attachment-small size-small wp-post-image\" alt=\"\" srcset=\"https:\/\/social-enterprise.nl\/wp-content\/uploads\/2024\/10\/4.jpg 1600w, https:\/\/social-enterprise.nl\/wp-content\/uploads\/2024\/10\/4-768x336.jpg 768w, https:\/\/social-enterprise.nl\/wp-content\/uploads\/2024\/10\/4-1536x672.jpg 1536w, https:\/\/social-enterprise.nl\/wp-content\/uploads\/2024\/10\/4-18x8.jpg 18w\" sizes=\"auto, (max-width: 1600px) 100vw, 1600px\" \/>            <div class=\"grid-item-content\">\r\n                <h2 class=\"grid-item-title\">Achter de schermen bij&#8230;Yespers<\/h2>\r\n                <span class=\"grid-item-date\">31 July 2017<\/span>\r\n                <div class=\"grid-item-excerpt\">Een smoothie op een boterham. Dit idee was het startschot voor de groente-en fruitspreads van&hellip;<\/div>\r\n                <!--<div><span class=\"grid-item-category\">Artikelen<\/span><\/div>-->\r\n            <\/div>\r\n        <\/a>\r\n                <a href=\"https:\/\/social-enterprise.nl\/en\/nieuws\/schrijf-jij-je-scriptie-over-sociaal-ondernemen\/\" class=\"grid-item-link grid-item\">\r\n                        <div class=\"grid-item-content\">\r\n                <h2 class=\"grid-item-title\">Schrijf jij je scriptie over Sociaal Ondernemen?<\/h2>\r\n                <span class=\"grid-item-date\">18 July 2017<\/span>\r\n                <div class=\"grid-item-excerpt\">Schrijf jij je scriptie over sociaal ondernemen? En wil jij je onderzoek een podium bieden&hellip;<\/div>\r\n                <!--<div><span class=\"grid-item-category\">Nieuws<\/span><\/div>-->\r\n            <\/div>\r\n        <\/a>\r\n                <a href=\"https:\/\/social-enterprise.nl\/en\/nieuws\/meer-dan-150-sociaal-ondernemers-bij-blijburg\/\" class=\"grid-item-link grid-item\">\r\n            <img loading=\"lazy\" decoding=\"async\" width=\"916\" height=\"379\" src=\"https:\/\/social-enterprise.nl\/wp-content\/uploads\/2024\/08\/211499701986_Schermafbeelding_2017-07-10_om_17.52.32-1.png\" class=\"attachment-small size-small wp-post-image\" alt=\"\" srcset=\"https:\/\/social-enterprise.nl\/wp-content\/uploads\/2024\/08\/211499701986_Schermafbeelding_2017-07-10_om_17.52.32-1.png 916w, https:\/\/social-enterprise.nl\/wp-content\/uploads\/2024\/08\/211499701986_Schermafbeelding_2017-07-10_om_17.52.32-1-768x318.png 768w\" sizes=\"auto, (max-width: 916px) 100vw, 916px\" \/>            <div class=\"grid-item-content\">\r\n                <h2 class=\"grid-item-title\">Meer dan 150 sociaal ondernemers bij Blijburg<\/h2>\r\n                <span class=\"grid-item-date\">10 July 2017<\/span>\r\n                <div class=\"grid-item-excerpt\">Ledenevent 2017! 150 sociaal ondernemers van meer dan 100 social enterprises kwamen samen op het&hellip;<\/div>\r\n                <!--<div><span class=\"grid-item-category\">Nieuws<\/span><\/div>-->\r\n            <\/div>\r\n        <\/a>\r\n                <a href=\"https:\/\/social-enterprise.nl\/en\/nieuws\/portretten-van-changemakers\/\" class=\"grid-item-link grid-item\">\r\n            <img loading=\"lazy\" decoding=\"async\" width=\"3600\" height=\"1440\" src=\"https:\/\/social-enterprise.nl\/wp-content\/uploads\/2024\/08\/801606926298_filmpje-1.png\" class=\"attachment-small size-small wp-post-image\" alt=\"\" srcset=\"https:\/\/social-enterprise.nl\/wp-content\/uploads\/2024\/08\/801606926298_filmpje-1.png 3600w, https:\/\/social-enterprise.nl\/wp-content\/uploads\/2024\/08\/801606926298_filmpje-1-768x307.png 768w, https:\/\/social-enterprise.nl\/wp-content\/uploads\/2024\/08\/801606926298_filmpje-1-1536x614.png 1536w, https:\/\/social-enterprise.nl\/wp-content\/uploads\/2024\/08\/801606926298_filmpje-1-2048x819.png 2048w\" sizes=\"auto, (max-width: 3600px) 100vw, 3600px\" \/>            <div class=\"grid-item-content\">\r\n                <h2 class=\"grid-item-title\">Portretten van changemakers!<\/h2>\r\n                <span class=\"grid-item-date\">29 June 2017<\/span>\r\n                <div class=\"grid-item-excerpt\">Sociaal ondernemers steken vaak hun nek uit om de samenleving op een positieve manier te&hellip;<\/div>\r\n                <!--<div><span class=\"grid-item-category\">Nieuws<\/span><\/div>-->\r\n            <\/div>\r\n        <\/a>\r\n                <a href=\"https:\/\/social-enterprise.nl\/en\/nieuws\/code-sociale-ondernemingen\/\" class=\"grid-item-link grid-item\">\r\n            <img loading=\"lazy\" decoding=\"async\" width=\"1920\" height=\"1920\" src=\"https:\/\/social-enterprise.nl\/wp-content\/uploads\/2024\/07\/SE_basislogo.png\" class=\"attachment-small size-small wp-post-image\" alt=\"\" srcset=\"https:\/\/social-enterprise.nl\/wp-content\/uploads\/2024\/07\/SE_basislogo.png 1920w, https:\/\/social-enterprise.nl\/wp-content\/uploads\/2024\/07\/SE_basislogo-768x768.png 768w, https:\/\/social-enterprise.nl\/wp-content\/uploads\/2024\/07\/SE_basislogo-1536x1536.png 1536w\" sizes=\"auto, (max-width: 1920px) 100vw, 1920px\" \/>            <div class=\"grid-item-content\">\r\n                <h2 class=\"grid-item-title\">Code Sociale Ondernemingen<\/h2>\r\n                <span class=\"grid-item-date\">28 June 2017<\/span>\r\n                <div class=\"grid-item-excerpt\">Welkom bij de pagina over de Code Sociale Ondernemingen.<\/div>\r\n                <!--<div><span class=\"grid-item-category\">Nieuws<\/span><\/div>-->\r\n            <\/div>\r\n        <\/a>\r\n                <a href=\"https:\/\/social-enterprise.nl\/en\/nieuws\/principe-1-missie-geborgd-en-meetbaar\/\" class=\"grid-item-link grid-item\">\r\n            <img loading=\"lazy\" decoding=\"async\" width=\"2500\" height=\"1000\" src=\"https:\/\/social-enterprise.nl\/wp-content\/uploads\/2024\/08\/611467275176_SE_basislogo-1.jpg\" class=\"attachment-small size-small wp-post-image\" alt=\"\" srcset=\"https:\/\/social-enterprise.nl\/wp-content\/uploads\/2024\/08\/611467275176_SE_basislogo-1.jpg 2500w, https:\/\/social-enterprise.nl\/wp-content\/uploads\/2024\/08\/611467275176_SE_basislogo-1-768x307.jpg 768w, https:\/\/social-enterprise.nl\/wp-content\/uploads\/2024\/08\/611467275176_SE_basislogo-1-1536x614.jpg 1536w, https:\/\/social-enterprise.nl\/wp-content\/uploads\/2024\/08\/611467275176_SE_basislogo-1-2048x819.jpg 2048w\" sizes=\"auto, (max-width: 2500px) 100vw, 2500px\" \/>            <div class=\"grid-item-content\">\r\n                <h2 class=\"grid-item-title\">Principe 1. Missie: geborgd en meetbaar<\/h2>\r\n                <span class=\"grid-item-date\">27 June 2017<\/span>\r\n                <div class=\"grid-item-excerpt\">Op deze pagina staat het deel uit de Code Principe 1. Missie: geborgd en meetbaar.<\/div>\r\n                <!--<div><span class=\"grid-item-category\">Nieuws<\/span><\/div>-->\r\n            <\/div>\r\n        <\/a>\r\n                <a href=\"https:\/\/social-enterprise.nl\/en\/nieuws\/principe-2-relevante-stakeholders-bepaling-en-dialoog\/\" class=\"grid-item-link grid-item\">\r\n            <img loading=\"lazy\" decoding=\"async\" width=\"2500\" height=\"1000\" src=\"https:\/\/social-enterprise.nl\/wp-content\/uploads\/2024\/08\/611467275176_SE_basislogo-1.jpg\" class=\"attachment-small size-small wp-post-image\" alt=\"\" srcset=\"https:\/\/social-enterprise.nl\/wp-content\/uploads\/2024\/08\/611467275176_SE_basislogo-1.jpg 2500w, https:\/\/social-enterprise.nl\/wp-content\/uploads\/2024\/08\/611467275176_SE_basislogo-1-768x307.jpg 768w, https:\/\/social-enterprise.nl\/wp-content\/uploads\/2024\/08\/611467275176_SE_basislogo-1-1536x614.jpg 1536w, https:\/\/social-enterprise.nl\/wp-content\/uploads\/2024\/08\/611467275176_SE_basislogo-1-2048x819.jpg 2048w\" sizes=\"auto, (max-width: 2500px) 100vw, 2500px\" \/>            <div class=\"grid-item-content\">\r\n                <h2 class=\"grid-item-title\">Principe 2. Relevante stakeholders: bepaling en dialoog<\/h2>\r\n                <span class=\"grid-item-date\">27 June 2017<\/span>\r\n                <div class=\"grid-item-excerpt\">Op deze pagina staat het deel uit de Code Principe 2. Relevante stakeholders: bepaling en&hellip;<\/div>\r\n                <!--<div><span class=\"grid-item-category\">Nieuws<\/span><\/div>-->\r\n            <\/div>\r\n        <\/a>\r\n                <a href=\"https:\/\/social-enterprise.nl\/en\/nieuws\/principe-3-financin-in-overleg-en-zorgvuldig-afgewogen\/\" class=\"grid-item-link grid-item\">\r\n            <img loading=\"lazy\" decoding=\"async\" width=\"2500\" height=\"1000\" src=\"https:\/\/social-enterprise.nl\/wp-content\/uploads\/2024\/08\/611467275176_SE_basislogo-1.jpg\" class=\"attachment-small size-small wp-post-image\" alt=\"\" srcset=\"https:\/\/social-enterprise.nl\/wp-content\/uploads\/2024\/08\/611467275176_SE_basislogo-1.jpg 2500w, https:\/\/social-enterprise.nl\/wp-content\/uploads\/2024\/08\/611467275176_SE_basislogo-1-768x307.jpg 768w, https:\/\/social-enterprise.nl\/wp-content\/uploads\/2024\/08\/611467275176_SE_basislogo-1-1536x614.jpg 1536w, https:\/\/social-enterprise.nl\/wp-content\/uploads\/2024\/08\/611467275176_SE_basislogo-1-2048x819.jpg 2048w\" sizes=\"auto, (max-width: 2500px) 100vw, 2500px\" \/>            <div class=\"grid-item-content\">\r\n                <h2 class=\"grid-item-title\">Principe 3. Financi&euml;n: in overleg en zorgvuldig afgewogen<\/h2>\r\n                <span class=\"grid-item-date\">27 June 2017<\/span>\r\n                <div class=\"grid-item-excerpt\">Op deze pagina staat het deel uit de Code Principe 3. Financi\u00ebn: in overleg en&hellip;<\/div>\r\n                <!--<div><span class=\"grid-item-category\">Nieuws<\/span><\/div>-->\r\n            <\/div>\r\n        <\/a>\r\n                <a href=\"https:\/\/social-enterprise.nl\/en\/nieuws\/principe-4-implementatie-registreren-en-reflecteren\/\" class=\"grid-item-link grid-item\">\r\n            <img loading=\"lazy\" decoding=\"async\" width=\"2500\" height=\"1000\" src=\"https:\/\/social-enterprise.nl\/wp-content\/uploads\/2024\/08\/611467275176_SE_basislogo-1.jpg\" class=\"attachment-small size-small wp-post-image\" alt=\"\" srcset=\"https:\/\/social-enterprise.nl\/wp-content\/uploads\/2024\/08\/611467275176_SE_basislogo-1.jpg 2500w, https:\/\/social-enterprise.nl\/wp-content\/uploads\/2024\/08\/611467275176_SE_basislogo-1-768x307.jpg 768w, https:\/\/social-enterprise.nl\/wp-content\/uploads\/2024\/08\/611467275176_SE_basislogo-1-1536x614.jpg 1536w, https:\/\/social-enterprise.nl\/wp-content\/uploads\/2024\/08\/611467275176_SE_basislogo-1-2048x819.jpg 2048w\" sizes=\"auto, (max-width: 2500px) 100vw, 2500px\" \/>            <div class=\"grid-item-content\">\r\n                <h2 class=\"grid-item-title\">Principe 4. Implementatie: registreren en reflecteren<\/h2>\r\n                <span class=\"grid-item-date\">27 June 2017<\/span>\r\n                <div class=\"grid-item-excerpt\">Op deze pagina staat het deel uit de Code Principe 4. Implementatie: registreren en reflecteren.<\/div>\r\n                <!--<div><span class=\"grid-item-category\">Nieuws<\/span><\/div>-->\r\n            <\/div>\r\n        <\/a>\r\n                <a href=\"https:\/\/social-enterprise.nl\/en\/nieuws\/principe-5-transparantie-actief-en-toegankelijk\/\" class=\"grid-item-link grid-item\">\r\n            <img loading=\"lazy\" decoding=\"async\" width=\"2500\" height=\"1000\" src=\"https:\/\/social-enterprise.nl\/wp-content\/uploads\/2024\/08\/611467275176_SE_basislogo-1.jpg\" class=\"attachment-small size-small wp-post-image\" alt=\"\" srcset=\"https:\/\/social-enterprise.nl\/wp-content\/uploads\/2024\/08\/611467275176_SE_basislogo-1.jpg 2500w, https:\/\/social-enterprise.nl\/wp-content\/uploads\/2024\/08\/611467275176_SE_basislogo-1-768x307.jpg 768w, https:\/\/social-enterprise.nl\/wp-content\/uploads\/2024\/08\/611467275176_SE_basislogo-1-1536x614.jpg 1536w, https:\/\/social-enterprise.nl\/wp-content\/uploads\/2024\/08\/611467275176_SE_basislogo-1-2048x819.jpg 2048w\" sizes=\"auto, (max-width: 2500px) 100vw, 2500px\" \/>            <div class=\"grid-item-content\">\r\n                <h2 class=\"grid-item-title\">Principe 5. Transparantie: actief en toegankelijk<\/h2>\r\n                <span class=\"grid-item-date\">27 June 2017<\/span>\r\n                <div class=\"grid-item-excerpt\">Op deze pagina staat het deel uit de Code Principe 5. Transparantie: actief en toegankelijk.<\/div>\r\n                <!--<div><span class=\"grid-item-category\">Nieuws<\/span><\/div>-->\r\n            <\/div>\r\n        <\/a>\r\n                <a href=\"https:\/\/social-enterprise.nl\/en\/nieuws\/grondslag-impact-first\/\" class=\"grid-item-link grid-item\">\r\n            <img loading=\"lazy\" decoding=\"async\" width=\"2500\" height=\"1000\" src=\"https:\/\/social-enterprise.nl\/wp-content\/uploads\/2024\/08\/611467275176_SE_basislogo-1.jpg\" class=\"attachment-small size-small wp-post-image\" alt=\"\" srcset=\"https:\/\/social-enterprise.nl\/wp-content\/uploads\/2024\/08\/611467275176_SE_basislogo-1.jpg 2500w, https:\/\/social-enterprise.nl\/wp-content\/uploads\/2024\/08\/611467275176_SE_basislogo-1-768x307.jpg 768w, https:\/\/social-enterprise.nl\/wp-content\/uploads\/2024\/08\/611467275176_SE_basislogo-1-1536x614.jpg 1536w, https:\/\/social-enterprise.nl\/wp-content\/uploads\/2024\/08\/611467275176_SE_basislogo-1-2048x819.jpg 2048w\" sizes=\"auto, (max-width: 2500px) 100vw, 2500px\" \/>            <div class=\"grid-item-content\">\r\n                <h2 class=\"grid-item-title\">Grondslag: &ldquo;Impact first&rdquo;<\/h2>\r\n                <span class=\"grid-item-date\">27 June 2017<\/span>\r\n                <div class=\"grid-item-excerpt\">Op deze pagina staat het deel uit de Code Grondslag: \u201cImpact first\u201d.<\/div>\r\n                <!--<div><span class=\"grid-item-category\">Nieuws<\/span><\/div>-->\r\n            <\/div>\r\n        <\/a>\r\n                <a href=\"https:\/\/social-enterprise.nl\/en\/nieuws\/register-toepasselijkheid-en-evaluatie\/\" class=\"grid-item-link grid-item\">\r\n            <img loading=\"lazy\" decoding=\"async\" width=\"640\" height=\"413\" src=\"https:\/\/social-enterprise.nl\/wp-content\/uploads\/2017\/06\/register.jpg\" class=\"attachment-small size-small wp-post-image\" alt=\"\" srcset=\"https:\/\/social-enterprise.nl\/wp-content\/uploads\/2017\/06\/register.jpg 640w, https:\/\/social-enterprise.nl\/wp-content\/uploads\/2017\/06\/register-18x12.jpg 18w\" sizes=\"auto, (max-width: 640px) 100vw, 640px\" \/>            <div class=\"grid-item-content\">\r\n                <h2 class=\"grid-item-title\">Register, Toepasselijkheid en Evaluatie<\/h2>\r\n                <span class=\"grid-item-date\">27 June 2017<\/span>\r\n                <div class=\"grid-item-excerpt\">Op deze pagina staat het deel uit de Code Register, Toepasselijkheid en Evaluatie.<\/div>\r\n                <!--<div><span class=\"grid-item-category\">Nieuws<\/span><\/div>-->\r\n            <\/div>\r\n        <\/a>\r\n                <a href=\"https:\/\/social-enterprise.nl\/en\/artikelen\/achter-de-schermen-bij-cre8\/\" class=\"grid-item-link grid-item\">\r\n            <img loading=\"lazy\" decoding=\"async\" width=\"591\" height=\"236\" src=\"https:\/\/social-enterprise.nl\/wp-content\/uploads\/2024\/10\/beginpagina.jpg\" class=\"attachment-small size-small wp-post-image\" alt=\"\" srcset=\"https:\/\/social-enterprise.nl\/wp-content\/uploads\/2024\/10\/beginpagina.jpg 591w, https:\/\/social-enterprise.nl\/wp-content\/uploads\/2024\/10\/beginpagina-18x7.jpg 18w\" sizes=\"auto, (max-width: 591px) 100vw, 591px\" \/>            <div class=\"grid-item-content\">\r\n                <h2 class=\"grid-item-title\">Achter de schermen bij&#8230; CRE8!<\/h2>\r\n                <span class=\"grid-item-date\">21 June 2017<\/span>\r\n                <div class=\"grid-item-excerpt\">Op maat maken en iets personaliseren is wat CRE8 doet en wat ze uniek maakt.&hellip;<\/div>\r\n                <!--<div><span class=\"grid-item-category\">Artikelen<\/span><\/div>-->\r\n            <\/div>\r\n        <\/a>\r\n                <a href=\"https:\/\/social-enterprise.nl\/en\/nieuws\/stage-vormgeving-online-communicatie\/\" class=\"grid-item-link grid-item\">\r\n            <img loading=\"lazy\" decoding=\"async\" width=\"1000\" height=\"400\" src=\"https:\/\/social-enterprise.nl\/wp-content\/uploads\/2024\/08\/901494335338_Screen_Shot_2017-05-09_at_15.08.13-1.png\" class=\"attachment-small size-small wp-post-image\" alt=\"\" srcset=\"https:\/\/social-enterprise.nl\/wp-content\/uploads\/2024\/08\/901494335338_Screen_Shot_2017-05-09_at_15.08.13-1.png 1000w, https:\/\/social-enterprise.nl\/wp-content\/uploads\/2024\/08\/901494335338_Screen_Shot_2017-05-09_at_15.08.13-1-768x307.png 768w\" sizes=\"auto, (max-width: 1000px) 100vw, 1000px\" \/>            <div class=\"grid-item-content\">\r\n                <h2 class=\"grid-item-title\">Stage Vormgeving &amp; (online) Communicatie<\/h2>\r\n                <span class=\"grid-item-date\">15 June 2017<\/span>\r\n                <div class=\"grid-item-excerpt\">Ben jij social media savvy, word je blij van (online) communicatie en ben je creatief&hellip;<\/div>\r\n                <!--<div><span class=\"grid-item-category\">Nieuws<\/span><\/div>-->\r\n            <\/div>\r\n        <\/a>\r\n                <a href=\"https:\/\/social-enterprise.nl\/en\/nieuws\/oneworld-slaap-zacht-sociaal-ondernemen-hoe-doen-zij-het\/\" class=\"grid-item-link grid-item\">\r\n            <img loading=\"lazy\" decoding=\"async\" width=\"2500\" height=\"1000\" src=\"https:\/\/social-enterprise.nl\/wp-content\/uploads\/2024\/08\/611467275176_SE_basislogo-1.jpg\" class=\"attachment-small size-small wp-post-image\" alt=\"\" srcset=\"https:\/\/social-enterprise.nl\/wp-content\/uploads\/2024\/08\/611467275176_SE_basislogo-1.jpg 2500w, https:\/\/social-enterprise.nl\/wp-content\/uploads\/2024\/08\/611467275176_SE_basislogo-1-768x307.jpg 768w, https:\/\/social-enterprise.nl\/wp-content\/uploads\/2024\/08\/611467275176_SE_basislogo-1-1536x614.jpg 1536w, https:\/\/social-enterprise.nl\/wp-content\/uploads\/2024\/08\/611467275176_SE_basislogo-1-2048x819.jpg 2048w\" sizes=\"auto, (max-width: 2500px) 100vw, 2500px\" \/>            <div class=\"grid-item-content\">\r\n                <h2 class=\"grid-item-title\">OneWorld: &#039;Slaap Zacht &#8211; Sociaal ondernemen, hoe doen zij het&#039;<\/h2>\r\n                <span class=\"grid-item-date\">7 June 2017<\/span>\r\n                <div class=\"grid-item-excerpt\">Yumeko<\/div>\r\n                <!--<div><span class=\"grid-item-category\">Nieuws<\/span><\/div>-->\r\n            <\/div>\r\n        <\/a>\r\n                <a href=\"https:\/\/social-enterprise.nl\/en\/nieuws\/lancering-van-het-leernetwerk-buy-social\/\" class=\"grid-item-link grid-item\">\r\n            <img loading=\"lazy\" decoding=\"async\" width=\"297\" height=\"119\" src=\"https:\/\/social-enterprise.nl\/wp-content\/uploads\/2024\/08\/321496403142_buysocial-1.png\" class=\"attachment-small size-small wp-post-image\" alt=\"\" \/>            <div class=\"grid-item-content\">\r\n                <h2 class=\"grid-item-title\">Lancering van het leernetwerk Buy Social<\/h2>\r\n                <span class=\"grid-item-date\">2 June 2017<\/span>\r\n                <div class=\"grid-item-excerpt\">Vandaag is tijdens de Social Enterprise Days de samenwerking tussen de Social Impact Factory en&hellip;<\/div>\r\n                <!--<div><span class=\"grid-item-category\">Nieuws<\/span><\/div>-->\r\n            <\/div>\r\n        <\/a>\r\n                <a href=\"https:\/\/social-enterprise.nl\/en\/nieuws\/stagiair-community-events-gezocht\/\" class=\"grid-item-link grid-item\">\r\n            <img loading=\"lazy\" decoding=\"async\" width=\"2500\" height=\"1000\" src=\"https:\/\/social-enterprise.nl\/wp-content\/uploads\/2024\/08\/211492503372_05_Events-1.jpg\" class=\"attachment-small size-small wp-post-image\" alt=\"\" srcset=\"https:\/\/social-enterprise.nl\/wp-content\/uploads\/2024\/08\/211492503372_05_Events-1.jpg 2500w, https:\/\/social-enterprise.nl\/wp-content\/uploads\/2024\/08\/211492503372_05_Events-1-768x307.jpg 768w, https:\/\/social-enterprise.nl\/wp-content\/uploads\/2024\/08\/211492503372_05_Events-1-1536x614.jpg 1536w, https:\/\/social-enterprise.nl\/wp-content\/uploads\/2024\/08\/211492503372_05_Events-1-2048x819.jpg 2048w\" sizes=\"auto, (max-width: 2500px) 100vw, 2500px\" \/>            <div class=\"grid-item-content\">\r\n                <h2 class=\"grid-item-title\">Stagiair Community &amp; Events gezocht!<\/h2>\r\n                <span class=\"grid-item-date\">31 May 2017<\/span>\r\n                <div class=\"grid-item-excerpt\">Wil je meebouwen aan een community van meer dan 350 social enterprises? Vind je het&hellip;<\/div>\r\n                <!--<div><span class=\"grid-item-category\">Nieuws<\/span><\/div>-->\r\n            <\/div>\r\n        <\/a>\r\n                <a href=\"https:\/\/social-enterprise.nl\/en\/nieuws\/deze-impact-hebben-we-het-afgelopen-jaar-bereikt\/\" class=\"grid-item-link grid-item\">\r\n            <img loading=\"lazy\" decoding=\"async\" width=\"1577\" height=\"629\" src=\"https:\/\/social-enterprise.nl\/wp-content\/uploads\/2024\/08\/211493984366_Twitterafbeelding-1.png\" class=\"attachment-small size-small wp-post-image\" alt=\"\" srcset=\"https:\/\/social-enterprise.nl\/wp-content\/uploads\/2024\/08\/211493984366_Twitterafbeelding-1.png 1577w, https:\/\/social-enterprise.nl\/wp-content\/uploads\/2024\/08\/211493984366_Twitterafbeelding-1-768x306.png 768w, https:\/\/social-enterprise.nl\/wp-content\/uploads\/2024\/08\/211493984366_Twitterafbeelding-1-1536x613.png 1536w\" sizes=\"auto, (max-width: 1577px) 100vw, 1577px\" \/>            <div class=\"grid-item-content\">\r\n                <h2 class=\"grid-item-title\">Deze impact hebben we het afgelopen jaar bereikt!<\/h2>\r\n                <span class=\"grid-item-date\">5 May 2017<\/span>\r\n                <div class=\"grid-item-excerpt\">De social enterprise sector groeide ook dit jaar weer explosief! Met ons ondernemende netwerk maken&hellip;<\/div>\r\n                <!--<div><span class=\"grid-item-category\">Nieuws<\/span><\/div>-->\r\n            <\/div>\r\n        <\/a>\r\n                <a href=\"https:\/\/social-enterprise.nl\/en\/artikelen\/achter-de-schermen-bij-wasteboards\/\" class=\"grid-item-link grid-item\">\r\n            <img loading=\"lazy\" decoding=\"async\" width=\"1000\" height=\"400\" src=\"https:\/\/social-enterprise.nl\/wp-content\/uploads\/2024\/10\/Screen_Shot_2017-05-02_at_16.18.51.jpg\" class=\"attachment-small size-small wp-post-image\" alt=\"\" srcset=\"https:\/\/social-enterprise.nl\/wp-content\/uploads\/2024\/10\/Screen_Shot_2017-05-02_at_16.18.51.jpg 1000w, https:\/\/social-enterprise.nl\/wp-content\/uploads\/2024\/10\/Screen_Shot_2017-05-02_at_16.18.51-768x307.jpg 768w, https:\/\/social-enterprise.nl\/wp-content\/uploads\/2024\/10\/Screen_Shot_2017-05-02_at_16.18.51-18x7.jpg 18w\" sizes=\"auto, (max-width: 1000px) 100vw, 1000px\" \/>            <div class=\"grid-item-content\">\r\n                <h2 class=\"grid-item-title\">Achter de schermen bij&#8230; Wasteboards!<\/h2>\r\n                <span class=\"grid-item-date\">2 May 2017<\/span>\r\n                <div class=\"grid-item-excerpt\">Unieke, handgemaakte en vooral duurzame skateboards volledig gemaakt van gerecycled plastic. We gingen op bezoek&hellip;<\/div>\r\n                <!--<div><span class=\"grid-item-category\">Artikelen<\/span><\/div>-->\r\n            <\/div>\r\n        <\/a>\r\n                <a href=\"https:\/\/social-enterprise.nl\/en\/nieuws\/oneworld-huis-van-puin-sociaal-ondernemen-hoe-doen-zij-het\/\" class=\"grid-item-link grid-item\">\r\n            <img loading=\"lazy\" decoding=\"async\" width=\"2500\" height=\"1000\" src=\"https:\/\/social-enterprise.nl\/wp-content\/uploads\/2024\/08\/611467275176_SE_basislogo-1.jpg\" class=\"attachment-small size-small wp-post-image\" alt=\"\" srcset=\"https:\/\/social-enterprise.nl\/wp-content\/uploads\/2024\/08\/611467275176_SE_basislogo-1.jpg 2500w, https:\/\/social-enterprise.nl\/wp-content\/uploads\/2024\/08\/611467275176_SE_basislogo-1-768x307.jpg 768w, https:\/\/social-enterprise.nl\/wp-content\/uploads\/2024\/08\/611467275176_SE_basislogo-1-1536x614.jpg 1536w, https:\/\/social-enterprise.nl\/wp-content\/uploads\/2024\/08\/611467275176_SE_basislogo-1-2048x819.jpg 2048w\" sizes=\"auto, (max-width: 2500px) 100vw, 2500px\" \/>            <div class=\"grid-item-content\">\r\n                <h2 class=\"grid-item-title\">OneWorld: &#039;Huis van Puin &#8211; Sociaal ondernemen, hoe doen zij het&#039;<\/h2>\r\n                <span class=\"grid-item-date\">11 April 2017<\/span>\r\n                <div class=\"grid-item-excerpt\">De Mobiele Fabriek<\/div>\r\n                <!--<div><span class=\"grid-item-category\">Nieuws<\/span><\/div>-->\r\n            <\/div>\r\n        <\/a>\r\n                <a href=\"https:\/\/social-enterprise.nl\/en\/nieuws\/gemeentecongres-dit-jaar-in-den-haag\/\" class=\"grid-item-link grid-item\">\r\n            <img loading=\"lazy\" decoding=\"async\" width=\"625\" height=\"250\" src=\"https:\/\/social-enterprise.nl\/wp-content\/uploads\/2024\/08\/661441895376_011_social_enterprise_leden_en_beweging_ZLR-2.jpg\" class=\"attachment-small size-small wp-post-image\" alt=\"\" \/>            <div class=\"grid-item-content\">\r\n                <h2 class=\"grid-item-title\">Gemeentecongres dit jaar in Den Haag<\/h2>\r\n                <span class=\"grid-item-date\">6 April 2017<\/span>\r\n                <div class=\"grid-item-excerpt\">Het congres de social enterprise als businesspartner van de gemeenten vindt dit jaar op 14&hellip;<\/div>\r\n                <!--<div><span class=\"grid-item-category\">Nieuws<\/span><\/div>-->\r\n            <\/div>\r\n        <\/a>\r\n                <a href=\"https:\/\/social-enterprise.nl\/en\/nieuws\/stagiair-sociaal-inkopen-gezocht\/\" class=\"grid-item-link grid-item\">\r\n            <img loading=\"lazy\" decoding=\"async\" width=\"2500\" height=\"1000\" src=\"https:\/\/social-enterprise.nl\/wp-content\/uploads\/2024\/08\/901491289443_08_Opportunities_and_barriers-1.jpg\" class=\"attachment-small size-small wp-post-image\" alt=\"\" srcset=\"https:\/\/social-enterprise.nl\/wp-content\/uploads\/2024\/08\/901491289443_08_Opportunities_and_barriers-1.jpg 2500w, https:\/\/social-enterprise.nl\/wp-content\/uploads\/2024\/08\/901491289443_08_Opportunities_and_barriers-1-768x307.jpg 768w, https:\/\/social-enterprise.nl\/wp-content\/uploads\/2024\/08\/901491289443_08_Opportunities_and_barriers-1-1536x614.jpg 1536w, https:\/\/social-enterprise.nl\/wp-content\/uploads\/2024\/08\/901491289443_08_Opportunities_and_barriers-1-2048x819.jpg 2048w\" sizes=\"auto, (max-width: 2500px) 100vw, 2500px\" \/>            <div class=\"grid-item-content\">\r\n                <h2 class=\"grid-item-title\">Stagiair Sociaal inkopen gezocht<\/h2>\r\n                <span class=\"grid-item-date\">4 April 2017<\/span>\r\n                <div class=\"grid-item-excerpt\">Voor een gave nieuwe samenwerking rondom Sociaal Inkopen zijn we op zoek naar een stagiair&hellip;<\/div>\r\n                <!--<div><span class=\"grid-item-category\">Nieuws<\/span><\/div>-->\r\n            <\/div>\r\n        <\/a>\r\n                <a href=\"https:\/\/social-enterprise.nl\/en\/nieuws\/consultatie-code-sociale-ondernemingen-geopend\/\" class=\"grid-item-link grid-item\">\r\n            <img loading=\"lazy\" decoding=\"async\" width=\"1181\" height=\"472\" src=\"https:\/\/social-enterprise.nl\/wp-content\/uploads\/2024\/08\/311488878174_voorwebsite-1.png\" class=\"attachment-small size-small wp-post-image\" alt=\"\" srcset=\"https:\/\/social-enterprise.nl\/wp-content\/uploads\/2024\/08\/311488878174_voorwebsite-1.png 1181w, https:\/\/social-enterprise.nl\/wp-content\/uploads\/2024\/08\/311488878174_voorwebsite-1-768x307.png 768w\" sizes=\"auto, (max-width: 1181px) 100vw, 1181px\" \/>            <div class=\"grid-item-content\">\r\n                <h2 class=\"grid-item-title\">Consultatie Code Sociale Ondernemingen geopend!<\/h2>\r\n                <span class=\"grid-item-date\">7 March 2017<\/span>\r\n                <div class=\"grid-item-excerpt\">Een onafhankelijke commissie heeft de Code Sociale Ondernemingen opgesteld. Via de internetconsultatie hebben stakeholders van&hellip;<\/div>\r\n                <!--<div><span class=\"grid-item-category\">Nieuws<\/span><\/div>-->\r\n            <\/div>\r\n        <\/a>\r\n                <a href=\"https:\/\/social-enterprise.nl\/en\/nieuws\/toelichting-op-de-code-sociale-ondernemingen\/\" class=\"grid-item-link grid-item\">\r\n            <img loading=\"lazy\" decoding=\"async\" width=\"2500\" height=\"1000\" src=\"https:\/\/social-enterprise.nl\/wp-content\/uploads\/2024\/08\/611467275176_SE_basislogo-1.jpg\" class=\"attachment-small size-small wp-post-image\" alt=\"\" srcset=\"https:\/\/social-enterprise.nl\/wp-content\/uploads\/2024\/08\/611467275176_SE_basislogo-1.jpg 2500w, https:\/\/social-enterprise.nl\/wp-content\/uploads\/2024\/08\/611467275176_SE_basislogo-1-768x307.jpg 768w, https:\/\/social-enterprise.nl\/wp-content\/uploads\/2024\/08\/611467275176_SE_basislogo-1-1536x614.jpg 1536w, https:\/\/social-enterprise.nl\/wp-content\/uploads\/2024\/08\/611467275176_SE_basislogo-1-2048x819.jpg 2048w\" sizes=\"auto, (max-width: 2500px) 100vw, 2500px\" \/>            <div class=\"grid-item-content\">\r\n                <h2 class=\"grid-item-title\">Toelichting op de Code Sociale Ondernemingen<\/h2>\r\n                <span class=\"grid-item-date\">3 March 2017<\/span>\r\n                <div class=\"grid-item-excerpt\">Op deze pagina worden reacties verzameld op de Toelichting op de Code Sociale Ondernemingen. Via&hellip;<\/div>\r\n                <!--<div><span class=\"grid-item-category\">Nieuws<\/span><\/div>-->\r\n            <\/div>\r\n        <\/a>\r\n                <a href=\"https:\/\/social-enterprise.nl\/en\/nieuws\/dit-zijn-de-deelnemers-van-heldcare-2017\/\" class=\"grid-item-link grid-item\">\r\n            <img loading=\"lazy\" decoding=\"async\" width=\"2083\" height=\"833\" src=\"https:\/\/social-enterprise.nl\/wp-content\/uploads\/2024\/08\/111487166066_feest2-01-1.png\" class=\"attachment-small size-small wp-post-image\" alt=\"\" srcset=\"https:\/\/social-enterprise.nl\/wp-content\/uploads\/2024\/08\/111487166066_feest2-01-1.png 2083w, https:\/\/social-enterprise.nl\/wp-content\/uploads\/2024\/08\/111487166066_feest2-01-1-768x307.png 768w, https:\/\/social-enterprise.nl\/wp-content\/uploads\/2024\/08\/111487166066_feest2-01-1-1536x614.png 1536w, https:\/\/social-enterprise.nl\/wp-content\/uploads\/2024\/08\/111487166066_feest2-01-1-2048x819.png 2048w\" sizes=\"auto, (max-width: 2083px) 100vw, 2083px\" \/>            <div class=\"grid-item-content\">\r\n                <h2 class=\"grid-item-title\">Dit zijn de deelnemers van HeldCare 2017!<\/h2>\r\n                <span class=\"grid-item-date\">15 February 2017<\/span>\r\n                <div class=\"grid-item-excerpt\">Op 14 februari is bekendgemaakt wie gaan deelnemen aan HeldCare 2017. HeldCare is een ontwikkeltraject&hellip;<\/div>\r\n                <!--<div><span class=\"grid-item-category\">Nieuws<\/span><\/div>-->\r\n            <\/div>\r\n        <\/a>\r\n                <a href=\"https:\/\/social-enterprise.nl\/en\/nieuws\/reageren-op-de-code-als-geheel\/\" class=\"grid-item-link grid-item\">\r\n            <img loading=\"lazy\" decoding=\"async\" width=\"2500\" height=\"1000\" src=\"https:\/\/social-enterprise.nl\/wp-content\/uploads\/2024\/08\/611467275176_SE_basislogo-1.jpg\" class=\"attachment-small size-small wp-post-image\" alt=\"\" srcset=\"https:\/\/social-enterprise.nl\/wp-content\/uploads\/2024\/08\/611467275176_SE_basislogo-1.jpg 2500w, https:\/\/social-enterprise.nl\/wp-content\/uploads\/2024\/08\/611467275176_SE_basislogo-1-768x307.jpg 768w, https:\/\/social-enterprise.nl\/wp-content\/uploads\/2024\/08\/611467275176_SE_basislogo-1-1536x614.jpg 1536w, https:\/\/social-enterprise.nl\/wp-content\/uploads\/2024\/08\/611467275176_SE_basislogo-1-2048x819.jpg 2048w\" sizes=\"auto, (max-width: 2500px) 100vw, 2500px\" \/>            <div class=\"grid-item-content\">\r\n                <h2 class=\"grid-item-title\">Reageren op de Code als geheel<\/h2>\r\n                <span class=\"grid-item-date\">29 January 2017<\/span>\r\n                <div class=\"grid-item-excerpt\">Op deze pagina worden reacties verzameld op de Code als geheel. Via deze internetconsultatie willen&hellip;<\/div>\r\n                <!--<div><span class=\"grid-item-category\">Nieuws<\/span><\/div>-->\r\n            <\/div>\r\n        <\/a>\r\n                <a href=\"https:\/\/social-enterprise.nl\/en\/artikelen\/scriptie-over-sociaal-ondernemerschap-746\/\" class=\"grid-item-link grid-item\">\r\n            <img loading=\"lazy\" decoding=\"async\" width=\"625\" height=\"250\" src=\"https:\/\/social-enterprise.nl\/wp-content\/uploads\/2024\/08\/961441895377_017_Publicaties_sociaal_ondernemen_ZLR-1.jpg\" class=\"attachment-small size-small wp-post-image\" alt=\"\" \/>            <div class=\"grid-item-content\">\r\n                <h2 class=\"grid-item-title\">Scriptie over sociaal ondernemerschap?<\/h2>\r\n                <span class=\"grid-item-date\">4 January 2017<\/span>\r\n                <div class=\"grid-item-excerpt\">Ben jij van plan je scriptie te schrijven over sociaal ondernemerschap? Dat juichen wij toe!&hellip;<\/div>\r\n                <!--<div><span class=\"grid-item-category\">Artikelen<\/span><\/div>-->\r\n            <\/div>\r\n        <\/a>\r\n                <a href=\"https:\/\/social-enterprise.nl\/en\/nieuws\/succesvolle-1e-editie-van-de-social-grow-sessions\/\" class=\"grid-item-link grid-item\">\r\n            <img loading=\"lazy\" decoding=\"async\" width=\"1400\" height=\"560\" src=\"https:\/\/social-enterprise.nl\/wp-content\/uploads\/2024\/08\/881480589230_agenda_item_SE_NL_site_verhouding-1.png\" class=\"attachment-small size-small wp-post-image\" alt=\"\" srcset=\"https:\/\/social-enterprise.nl\/wp-content\/uploads\/2024\/08\/881480589230_agenda_item_SE_NL_site_verhouding-1.png 1400w, https:\/\/social-enterprise.nl\/wp-content\/uploads\/2024\/08\/881480589230_agenda_item_SE_NL_site_verhouding-1-768x307.png 768w\" sizes=\"auto, (max-width: 1400px) 100vw, 1400px\" \/>            <div class=\"grid-item-content\">\r\n                <h2 class=\"grid-item-title\">Succesvolle 1e editie van de Social Grow Sessions<\/h2>\r\n                <span class=\"grid-item-date\">3 January 2017<\/span>\r\n                <div class=\"grid-item-excerpt\">Vorige maand was de finale van de Social Grow Sessions. Twaalf sociaal ondernemers pitchten hun&hellip;<\/div>\r\n                <!--<div><span class=\"grid-item-category\">Nieuws<\/span><\/div>-->\r\n            <\/div>\r\n        <\/a>\r\n                <a href=\"https:\/\/social-enterprise.nl\/en\/nieuws\/het-filmpje-van-billy-de-wereldredder\/\" class=\"grid-item-link grid-item\">\r\n            <img loading=\"lazy\" decoding=\"async\" width=\"1920\" height=\"763\" src=\"https:\/\/social-enterprise.nl\/wp-content\/uploads\/2024\/08\/951483372136_20160102-thumbnail-actueel-nieuws-1.png\" class=\"attachment-small size-small wp-post-image\" alt=\"\" srcset=\"https:\/\/social-enterprise.nl\/wp-content\/uploads\/2024\/08\/951483372136_20160102-thumbnail-actueel-nieuws-1.png 1920w, https:\/\/social-enterprise.nl\/wp-content\/uploads\/2024\/08\/951483372136_20160102-thumbnail-actueel-nieuws-1-768x305.png 768w, https:\/\/social-enterprise.nl\/wp-content\/uploads\/2024\/08\/951483372136_20160102-thumbnail-actueel-nieuws-1-1536x610.png 1536w\" sizes=\"auto, (max-width: 1920px) 100vw, 1920px\" \/>            <div class=\"grid-item-content\">\r\n                <h2 class=\"grid-item-title\">Het filmpje van Billy de wereldredder&#8230;<\/h2>\r\n                <span class=\"grid-item-date\">24 December 2016<\/span>\r\n                <div class=\"grid-item-excerpt\">Bekijk het leuke filmpje van Billy de wereldredder, ter promotie van de sociale zoekmachine: www.thegoodsearch.nl.&hellip;<\/div>\r\n                <!--<div><span class=\"grid-item-category\">Nieuws<\/span><\/div>-->\r\n            <\/div>\r\n        <\/a>\r\n                <a href=\"https:\/\/social-enterprise.nl\/en\/nieuws\/de-sociale-zoekmachine-www-thegoodsearch-nl\/\" class=\"grid-item-link grid-item\">\r\n            <img loading=\"lazy\" decoding=\"async\" width=\"552\" height=\"220\" src=\"https:\/\/social-enterprise.nl\/wp-content\/uploads\/2024\/08\/441481620150_Logo_TheGoodSearch_klein-1.png\" class=\"attachment-small size-small wp-post-image\" alt=\"\" \/>            <div class=\"grid-item-content\">\r\n                <h2 class=\"grid-item-title\">De sociale zoekmachine: www.thegoodsearch.nl<\/h2>\r\n                <span class=\"grid-item-date\">13 December 2016<\/span>\r\n                <div class=\"grid-item-excerpt\">Op zoekmachine www.thegoodsearch.nl worden de zoekresultaten gefilterd op producten en diensten van sociaal ondernemers. Zo&hellip;<\/div>\r\n                <!--<div><span class=\"grid-item-category\">Nieuws<\/span><\/div>-->\r\n            <\/div>\r\n        <\/a>\r\n                <a href=\"https:\/\/social-enterprise.nl\/en\/nieuws\/heldcare-zoekt-vrijwilligers-tijdens-events\/\" class=\"grid-item-link grid-item\">\r\n            <img loading=\"lazy\" decoding=\"async\" width=\"2470\" height=\"987\" src=\"https:\/\/social-enterprise.nl\/wp-content\/uploads\/2024\/08\/461481201092_20161208-nieuws-vrijwilligers-thumbnail-1.jpg\" class=\"attachment-small size-small wp-post-image\" alt=\"\" srcset=\"https:\/\/social-enterprise.nl\/wp-content\/uploads\/2024\/08\/461481201092_20161208-nieuws-vrijwilligers-thumbnail-1.jpg 2470w, https:\/\/social-enterprise.nl\/wp-content\/uploads\/2024\/08\/461481201092_20161208-nieuws-vrijwilligers-thumbnail-1-768x307.jpg 768w, https:\/\/social-enterprise.nl\/wp-content\/uploads\/2024\/08\/461481201092_20161208-nieuws-vrijwilligers-thumbnail-1-1536x614.jpg 1536w, https:\/\/social-enterprise.nl\/wp-content\/uploads\/2024\/08\/461481201092_20161208-nieuws-vrijwilligers-thumbnail-1-2048x818.jpg 2048w\" sizes=\"auto, (max-width: 2470px) 100vw, 2470px\" \/>            <div class=\"grid-item-content\">\r\n                <h2 class=\"grid-item-title\">HeldCare zoekt vrijwilligers tijdens events!<\/h2>\r\n                <span class=\"grid-item-date\">8 December 2016<\/span>\r\n                <div class=\"grid-item-excerpt\">Benieuwd hoe sociaal ondernemerschap zich ontwikkelt in de zorgsector? En wil je meekijken bij Social&hellip;<\/div>\r\n                <!--<div><span class=\"grid-item-category\">Nieuws<\/span><\/div>-->\r\n            <\/div>\r\n        <\/a>\r\n                <a href=\"https:\/\/social-enterprise.nl\/en\/nieuws\/top-5-meest-impactvolle-sociale-ondernemingen\/\" class=\"grid-item-link grid-item\">\r\n            <img loading=\"lazy\" decoding=\"async\" width=\"575\" height=\"230\" src=\"https:\/\/social-enterprise.nl\/wp-content\/uploads\/2024\/08\/291480694543_20161202-nieuws-chivas-thumbnail-1.jpeg\" class=\"attachment-small size-small wp-post-image\" alt=\"\" \/>            <div class=\"grid-item-content\">\r\n                <h2 class=\"grid-item-title\">Top 5 meest impactvolle sociale ondernemingen<\/h2>\r\n                <span class=\"grid-item-date\">2 December 2016<\/span>\r\n                <div class=\"grid-item-excerpt\">Vandaag is bekendgemaakt welke vijf ondernemingen in de nationale finale staan van de wereldwijde competitie.&hellip;<\/div>\r\n                <!--<div><span class=\"grid-item-category\">Nieuws<\/span><\/div>-->\r\n            <\/div>\r\n        <\/a>\r\n                <a href=\"https:\/\/social-enterprise.nl\/en\/nieuws\/ontwikkeling-het-impact-pad-in-laatste-fase\/\" class=\"grid-item-link grid-item\">\r\n            <img loading=\"lazy\" decoding=\"async\" width=\"625\" height=\"250\" src=\"https:\/\/social-enterprise.nl\/wp-content\/uploads\/2024\/08\/331441895378_026_Social_Enterprise_impact_metenZLR-1.jpg\" class=\"attachment-small size-small wp-post-image\" alt=\"\" \/>            <div class=\"grid-item-content\">\r\n                <h2 class=\"grid-item-title\">Ontwikkeling Het Impact Pad in laatste fase!<\/h2>\r\n                <span class=\"grid-item-date\">1 December 2016<\/span>\r\n                <div class=\"grid-item-excerpt\">Het project \u2018Impact meters maken\u2019 heeft tot doel impact meten toegankelijk en betaalbaar te maken.&hellip;<\/div>\r\n                <!--<div><span class=\"grid-item-category\">Nieuws<\/span><\/div>-->\r\n            <\/div>\r\n        <\/a>\r\n                <a href=\"https:\/\/social-enterprise.nl\/en\/nieuws\/nieuw-wegwijzer-rechtsvorm\/\" class=\"grid-item-link grid-item\">\r\n            <img loading=\"lazy\" decoding=\"async\" width=\"2500\" height=\"1000\" src=\"https:\/\/social-enterprise.nl\/wp-content\/uploads\/2024\/08\/831480484402_legal_entity_final_1-1.jpg\" class=\"attachment-small size-small wp-post-image\" alt=\"\" srcset=\"https:\/\/social-enterprise.nl\/wp-content\/uploads\/2024\/08\/831480484402_legal_entity_final_1-1.jpg 2500w, https:\/\/social-enterprise.nl\/wp-content\/uploads\/2024\/08\/831480484402_legal_entity_final_1-1-768x307.jpg 768w, https:\/\/social-enterprise.nl\/wp-content\/uploads\/2024\/08\/831480484402_legal_entity_final_1-1-1536x614.jpg 1536w, https:\/\/social-enterprise.nl\/wp-content\/uploads\/2024\/08\/831480484402_legal_entity_final_1-1-2048x819.jpg 2048w\" sizes=\"auto, (max-width: 2500px) 100vw, 2500px\" \/>            <div class=\"grid-item-content\">\r\n                <h2 class=\"grid-item-title\">NIEUW &#8211; Wegwijzer Rechtsvorm<\/h2>\r\n                <span class=\"grid-item-date\">1 December 2016<\/span>\r\n                <div class=\"grid-item-excerpt\">Sociale ondernemingen worstelen met de keuze voor een passende rechtsvorm en willen de principes van&hellip;<\/div>\r\n                <!--<div><span class=\"grid-item-category\">Nieuws<\/span><\/div>-->\r\n            <\/div>\r\n        <\/a>\r\n                <a href=\"https:\/\/social-enterprise.nl\/en\/nieuws\/aanmelden-ontwikkel-traject-heldcare-kan-weer\/\" class=\"grid-item-link grid-item\">\r\n            <img loading=\"lazy\" decoding=\"async\" width=\"2470\" height=\"987\" src=\"https:\/\/social-enterprise.nl\/wp-content\/uploads\/2024\/08\/761479127670_HeldCare_logo-SENL-1.jpg\" class=\"attachment-small size-small wp-post-image\" alt=\"\" srcset=\"https:\/\/social-enterprise.nl\/wp-content\/uploads\/2024\/08\/761479127670_HeldCare_logo-SENL-1.jpg 2470w, https:\/\/social-enterprise.nl\/wp-content\/uploads\/2024\/08\/761479127670_HeldCare_logo-SENL-1-768x307.jpg 768w, https:\/\/social-enterprise.nl\/wp-content\/uploads\/2024\/08\/761479127670_HeldCare_logo-SENL-1-1536x614.jpg 1536w, https:\/\/social-enterprise.nl\/wp-content\/uploads\/2024\/08\/761479127670_HeldCare_logo-SENL-1-2048x818.jpg 2048w\" sizes=\"auto, (max-width: 2470px) 100vw, 2470px\" \/>            <div class=\"grid-item-content\">\r\n                <h2 class=\"grid-item-title\">Aanmelden ontwikkel- traject HeldCare kan weer!<\/h2>\r\n                <span class=\"grid-item-date\">14 November 2016<\/span>\r\n                <div class=\"grid-item-excerpt\">HeldCare zoekt helden die impact maken. Die vernieuwende producten\/diensten ontwikkelen in zorg en welzijn, op&hellip;<\/div>\r\n                <!--<div><span class=\"grid-item-category\">Nieuws<\/span><\/div>-->\r\n            <\/div>\r\n        <\/a>\r\n                <a href=\"https:\/\/social-enterprise.nl\/en\/nieuws\/scaling-impact-of-the-social-enterprise-sector\/\" class=\"grid-item-link grid-item\">\r\n            <img loading=\"lazy\" decoding=\"async\" width=\"2500\" height=\"1000\" src=\"https:\/\/social-enterprise.nl\/wp-content\/uploads\/2024\/08\/711441199013_023_Free_assignment_2-1.jpg\" class=\"attachment-small size-small wp-post-image\" alt=\"\" srcset=\"https:\/\/social-enterprise.nl\/wp-content\/uploads\/2024\/08\/711441199013_023_Free_assignment_2-1.jpg 2500w, https:\/\/social-enterprise.nl\/wp-content\/uploads\/2024\/08\/711441199013_023_Free_assignment_2-1-768x307.jpg 768w, https:\/\/social-enterprise.nl\/wp-content\/uploads\/2024\/08\/711441199013_023_Free_assignment_2-1-1536x614.jpg 1536w, https:\/\/social-enterprise.nl\/wp-content\/uploads\/2024\/08\/711441199013_023_Free_assignment_2-1-2048x819.jpg 2048w\" sizes=\"auto, (max-width: 2500px) 100vw, 2500px\" \/>            <div class=\"grid-item-content\">\r\n                <h2 class=\"grid-item-title\">Scaling impact of the social enterprise sector<\/h2>\r\n                <span class=\"grid-item-date\">1 November 2016<\/span>\r\n                <div class=\"grid-item-excerpt\">Het McKinsey rapport \"Scaling the Impact of the Social Enterprise Sector\" brengt de ontwikkelingen van&hellip;<\/div>\r\n                <!--<div><span class=\"grid-item-category\">Nieuws<\/span><\/div>-->\r\n            <\/div>\r\n        <\/a>\r\n                <a href=\"https:\/\/social-enterprise.nl\/en\/nieuws\/zorg-dat-je-online-te-vinden-bent\/\" class=\"grid-item-link grid-item\">\r\n            <img loading=\"lazy\" decoding=\"async\" width=\"625\" height=\"250\" src=\"https:\/\/social-enterprise.nl\/wp-content\/uploads\/2024\/08\/961441895377_017_Publicaties_sociaal_ondernemen_ZLR-2.jpg\" class=\"attachment-small size-small wp-post-image\" alt=\"\" \/>            <div class=\"grid-item-content\">\r\n                <h2 class=\"grid-item-title\">Zorg dat je online te vinden bent!<\/h2>\r\n                <span class=\"grid-item-date\">6 October 2016<\/span>\r\n                <div class=\"grid-item-excerpt\">Als onderneming is het natuurlijk belangrijk dat je online bereikbaar bent. Toch zijn veel sociale&hellip;<\/div>\r\n                <!--<div><span class=\"grid-item-category\">Nieuws<\/span><\/div>-->\r\n            <\/div>\r\n        <\/a>\r\n                <a href=\"https:\/\/social-enterprise.nl\/en\/nieuws\/resultaten-inzendingen-transparant-prijs\/\" class=\"grid-item-link grid-item\">\r\n            <img loading=\"lazy\" decoding=\"async\" width=\"1300\" height=\"520\" src=\"https:\/\/social-enterprise.nl\/wp-content\/uploads\/2024\/08\/471462203099_PwC_fl_4cp_300dpi-1.jpg\" class=\"attachment-small size-small wp-post-image\" alt=\"\" srcset=\"https:\/\/social-enterprise.nl\/wp-content\/uploads\/2024\/08\/471462203099_PwC_fl_4cp_300dpi-1.jpg 1300w, https:\/\/social-enterprise.nl\/wp-content\/uploads\/2024\/08\/471462203099_PwC_fl_4cp_300dpi-1-768x307.jpg 768w\" sizes=\"auto, (max-width: 1300px) 100vw, 1300px\" \/>            <div class=\"grid-item-content\">\r\n                <h2 class=\"grid-item-title\">Resultaten inzendingen Transparant Prijs<\/h2>\r\n                <span class=\"grid-item-date\">6 October 2016<\/span>\r\n                <div class=\"grid-item-excerpt\">De jury van de Transparant Prijs was zeer te spreken over het niveau van openheid&hellip;<\/div>\r\n                <!--<div><span class=\"grid-item-category\">Nieuws<\/span><\/div>-->\r\n            <\/div>\r\n        <\/a>\r\n                <a href=\"https:\/\/social-enterprise.nl\/en\/nieuws\/next-level-access-to-finance-programma\/\" class=\"grid-item-link grid-item\">\r\n            <img loading=\"lazy\" decoding=\"async\" width=\"625\" height=\"250\" src=\"https:\/\/social-enterprise.nl\/wp-content\/uploads\/2024\/08\/541441895376_02_Social_enterpise_events_zaken_doenZEER_LR-3.jpg\" class=\"attachment-small size-small wp-post-image\" alt=\"\" \/>            <div class=\"grid-item-content\">\r\n                <h2 class=\"grid-item-title\">Next Level: access to finance programma<\/h2>\r\n                <span class=\"grid-item-date\">6 October 2016<\/span>\r\n                <div class=\"grid-item-excerpt\">13 oktober start voor de derde keer het access to finance programma Next Level: het&hellip;<\/div>\r\n                <!--<div><span class=\"grid-item-category\">Nieuws<\/span><\/div>-->\r\n            <\/div>\r\n        <\/a>\r\n                <a href=\"https:\/\/social-enterprise.nl\/en\/nieuws\/nominaties-social-enterprise-scriptie-event-2016\/\" class=\"grid-item-link grid-item\">\r\n                        <div class=\"grid-item-content\">\r\n                <h2 class=\"grid-item-title\">Nominaties Social Enterprise Scriptie Event 2016<\/h2>\r\n                <span class=\"grid-item-date\">28 September 2016<\/span>\r\n                <div class=\"grid-item-excerpt\">Dominique Smeets is de winnaar van de Social Enterprise Scriptieprijs 2016. Smeets schreef zijn scriptie&hellip;<\/div>\r\n                <!--<div><span class=\"grid-item-category\">Nieuws<\/span><\/div>-->\r\n            <\/div>\r\n        <\/a>\r\n                <a href=\"https:\/\/social-enterprise.nl\/en\/nieuws\/commissie-code-sociale-ondernemingen-is-van-start\/\" class=\"grid-item-link grid-item\">\r\n            <img loading=\"lazy\" decoding=\"async\" width=\"400\" height=\"159\" src=\"https:\/\/social-enterprise.nl\/wp-content\/uploads\/2024\/08\/611474298168_foto_comissie_front-1.png\" class=\"attachment-small size-small wp-post-image\" alt=\"\" \/>            <div class=\"grid-item-content\">\r\n                <h2 class=\"grid-item-title\">Commissie Code Sociale Ondernemingen is van start!<\/h2>\r\n                <span class=\"grid-item-date\">19 September 2016<\/span>\r\n                <div class=\"grid-item-excerpt\">Een nieuwe commissie gaat de Code Sociale Ondernemingen opstellen. In de code worden richtlijnen gegeven&hellip;<\/div>\r\n                <!--<div><span class=\"grid-item-category\">Nieuws<\/span><\/div>-->\r\n            <\/div>\r\n        <\/a>\r\n                <a href=\"https:\/\/social-enterprise.nl\/en\/nieuws\/nominaties-social-enterprise-scriptie-event\/\" class=\"grid-item-link grid-item\">\r\n                        <div class=\"grid-item-content\">\r\n                <h2 class=\"grid-item-title\">Nominaties Social Enterprise Scriptie Event<\/h2>\r\n                <span class=\"grid-item-date\">14 September 2016<\/span>\r\n                <div class=\"grid-item-excerpt\">Op woensdag 14 september vindt het Social Enterprise NL scriptie event plaats. Wil je dit&hellip;<\/div>\r\n                <!--<div><span class=\"grid-item-category\">Nieuws<\/span><\/div>-->\r\n            <\/div>\r\n        <\/a>\r\n                <a href=\"https:\/\/social-enterprise.nl\/en\/nieuws\/sociale-ondernemingen-op-duurzame-dinsdag-2016\/\" class=\"grid-item-link grid-item\">\r\n            <img loading=\"lazy\" decoding=\"async\" width=\"400\" height=\"160\" src=\"https:\/\/social-enterprise.nl\/wp-content\/uploads\/2024\/08\/771473407038_Duurzamedinsdag-1.png\" class=\"attachment-small size-small wp-post-image\" alt=\"\" \/>            <div class=\"grid-item-content\">\r\n                <h2 class=\"grid-item-title\">Sociale ondernemingen op Duurzame Dinsdag 2016<\/h2>\r\n                <span class=\"grid-item-date\">6 September 2016<\/span>\r\n                <div class=\"grid-item-excerpt\">Op 6 september 2016 vond de negentiende editie van \u2018Duurzame Dinsdag\u2019 plaats: een evenement waar&hellip;<\/div>\r\n                <!--<div><span class=\"grid-item-category\">Nieuws<\/span><\/div>-->\r\n            <\/div>\r\n        <\/a>\r\n                <a href=\"https:\/\/social-enterprise.nl\/en\/nieuws\/heldcare-zoekt-productietijger-m-v\/\" class=\"grid-item-link grid-item\">\r\n            <img loading=\"lazy\" decoding=\"async\" width=\"1350\" height=\"539\" src=\"https:\/\/social-enterprise.nl\/wp-content\/uploads\/2024\/08\/571447145974_Heldcare_ontwikkeltraject_LOGO-1.jpg\" class=\"attachment-small size-small wp-post-image\" alt=\"\" srcset=\"https:\/\/social-enterprise.nl\/wp-content\/uploads\/2024\/08\/571447145974_Heldcare_ontwikkeltraject_LOGO-1.jpg 1350w, https:\/\/social-enterprise.nl\/wp-content\/uploads\/2024\/08\/571447145974_Heldcare_ontwikkeltraject_LOGO-1-768x307.jpg 768w\" sizes=\"auto, (max-width: 1350px) 100vw, 1350px\" \/>            <div class=\"grid-item-content\">\r\n                <h2 class=\"grid-item-title\">HeldCare zoekt &#039;productietijger&#039; M\/V<\/h2>\r\n                <span class=\"grid-item-date\">22 August 2016<\/span>\r\n                <div class=\"grid-item-excerpt\">Ben jij een productietijger m\/v met gevoel voor flair en oog voor detail? Wil je&hellip;<\/div>\r\n                <!--<div><span class=\"grid-item-category\">Nieuws<\/span><\/div>-->\r\n            <\/div>\r\n        <\/a>\r\n                <a href=\"https:\/\/social-enterprise.nl\/en\/nieuws\/heldcare-zoekt-social-media-ondersteuning\/\" class=\"grid-item-link grid-item\">\r\n            <img loading=\"lazy\" decoding=\"async\" width=\"1350\" height=\"539\" src=\"https:\/\/social-enterprise.nl\/wp-content\/uploads\/2024\/08\/571447145974_Heldcare_ontwikkeltraject_LOGO-2.jpg\" class=\"attachment-small size-small wp-post-image\" alt=\"\" srcset=\"https:\/\/social-enterprise.nl\/wp-content\/uploads\/2024\/08\/571447145974_Heldcare_ontwikkeltraject_LOGO-2.jpg 1350w, https:\/\/social-enterprise.nl\/wp-content\/uploads\/2024\/08\/571447145974_Heldcare_ontwikkeltraject_LOGO-2-768x307.jpg 768w\" sizes=\"auto, (max-width: 1350px) 100vw, 1350px\" \/>            <div class=\"grid-item-content\">\r\n                <h2 class=\"grid-item-title\">HeldCare zoekt social media ondersteuning<\/h2>\r\n                <span class=\"grid-item-date\">22 August 2016<\/span>\r\n                <div class=\"grid-item-excerpt\">Ben jij een starter op communicatiegebied, maar wel social media savvy? Wil je graag werken&hellip;<\/div>\r\n                <!--<div><span class=\"grid-item-category\">Nieuws<\/span><\/div>-->\r\n            <\/div>\r\n        <\/a>\r\n                <a href=\"https:\/\/social-enterprise.nl\/en\/nieuws\/ben-jij-onze-nieuwe-communicatie-stagiair\/\" class=\"grid-item-link grid-item\">\r\n            <img loading=\"lazy\" decoding=\"async\" width=\"2500\" height=\"1000\" src=\"https:\/\/social-enterprise.nl\/wp-content\/uploads\/2024\/08\/611467275176_SE_basislogo-1.jpg\" class=\"attachment-small size-small wp-post-image\" alt=\"\" srcset=\"https:\/\/social-enterprise.nl\/wp-content\/uploads\/2024\/08\/611467275176_SE_basislogo-1.jpg 2500w, https:\/\/social-enterprise.nl\/wp-content\/uploads\/2024\/08\/611467275176_SE_basislogo-1-768x307.jpg 768w, https:\/\/social-enterprise.nl\/wp-content\/uploads\/2024\/08\/611467275176_SE_basislogo-1-1536x614.jpg 1536w, https:\/\/social-enterprise.nl\/wp-content\/uploads\/2024\/08\/611467275176_SE_basislogo-1-2048x819.jpg 2048w\" sizes=\"auto, (max-width: 2500px) 100vw, 2500px\" \/>            <div class=\"grid-item-content\">\r\n                <h2 class=\"grid-item-title\">Ben jij onze nieuwe communicatie stagiair?<\/h2>\r\n                <span class=\"grid-item-date\">20 July 2016<\/span>\r\n                <div class=\"grid-item-excerpt\">Heb jij een warm hart voor sociaal ondernemen? Ben je thuis op social media en&hellip;<\/div>\r\n                <!--<div><span class=\"grid-item-category\">Nieuws<\/span><\/div>-->\r\n            <\/div>\r\n        <\/a>\r\n                <a href=\"https:\/\/social-enterprise.nl\/en\/nieuws\/fd-sociaal-ondernemers-doorstaan-crisis-beter\/\" class=\"grid-item-link grid-item\">\r\n            <img loading=\"lazy\" decoding=\"async\" width=\"407\" height=\"173\" src=\"https:\/\/social-enterprise.nl\/wp-content\/uploads\/2024\/08\/601468227964_FD_sociaal_ondernemen_Verloop_juli-1.jpg\" class=\"attachment-small size-small wp-post-image\" alt=\"\" \/>            <div class=\"grid-item-content\">\r\n                <h2 class=\"grid-item-title\">FD: &#039;Sociaal ondernemers doorstaan crisis beter&#039;<\/h2>\r\n                <span class=\"grid-item-date\">11 July 2016<\/span>\r\n                <div class=\"grid-item-excerpt\">'Sociaal ondernemers hebben de crisis beter doorstaan dan andere bedrijven', zegt directeur Willemijn Verloop in&hellip;<\/div>\r\n                <!--<div><span class=\"grid-item-category\">Nieuws<\/span><\/div>-->\r\n            <\/div>\r\n        <\/a>\r\n                <a href=\"https:\/\/social-enterprise.nl\/en\/nieuws\/save-the-date-gemeentecongres\/\" class=\"grid-item-link grid-item\">\r\n            <img loading=\"lazy\" decoding=\"async\" width=\"625\" height=\"250\" src=\"https:\/\/social-enterprise.nl\/wp-content\/uploads\/2024\/08\/661441895376_011_social_enterprise_leden_en_beweging_ZLR-3.jpg\" class=\"attachment-small size-small wp-post-image\" alt=\"\" \/>            <div class=\"grid-item-content\">\r\n                <h2 class=\"grid-item-title\">SAVE THE DATE &#8211; Gemeentecongres<\/h2>\r\n                <span class=\"grid-item-date\">5 July 2016<\/span>\r\n                <div class=\"grid-item-excerpt\">Social Enterprise NL organiseert op 22 september in samenwerking met de gemeente Rotterdam het gemeentecongres&hellip;<\/div>\r\n                <!--<div><span class=\"grid-item-category\">Nieuws<\/span><\/div>-->\r\n            <\/div>\r\n        <\/a>\r\n                <a href=\"https:\/\/social-enterprise.nl\/en\/nieuws\/kabinet-spreekt-zich-uit-voor-sociaal-ondernemen\/\" class=\"grid-item-link grid-item\">\r\n            <img loading=\"lazy\" decoding=\"async\" width=\"2500\" height=\"1000\" src=\"https:\/\/social-enterprise.nl\/wp-content\/uploads\/2024\/08\/711441202046_Gemeentecongres_Social_enterprise_businesspartner_gemeente-1.jpg\" class=\"attachment-small size-small wp-post-image\" alt=\"\" srcset=\"https:\/\/social-enterprise.nl\/wp-content\/uploads\/2024\/08\/711441202046_Gemeentecongres_Social_enterprise_businesspartner_gemeente-1.jpg 2500w, https:\/\/social-enterprise.nl\/wp-content\/uploads\/2024\/08\/711441202046_Gemeentecongres_Social_enterprise_businesspartner_gemeente-1-768x307.jpg 768w, https:\/\/social-enterprise.nl\/wp-content\/uploads\/2024\/08\/711441202046_Gemeentecongres_Social_enterprise_businesspartner_gemeente-1-1536x614.jpg 1536w, https:\/\/social-enterprise.nl\/wp-content\/uploads\/2024\/08\/711441202046_Gemeentecongres_Social_enterprise_businesspartner_gemeente-1-2048x819.jpg 2048w\" sizes=\"auto, (max-width: 2500px) 100vw, 2500px\" \/>            <div class=\"grid-item-content\">\r\n                <h2 class=\"grid-item-title\">Kabinet spreekt zich uit voor sociaal ondernemen<\/h2>\r\n                <span class=\"grid-item-date\">1 July 2016<\/span>\r\n                <div class=\"grid-item-excerpt\">Vandaag reageerde het kabinet middels een kamerbrief op het SER advies van mei 2015. Wij&hellip;<\/div>\r\n                <!--<div><span class=\"grid-item-category\">Nieuws<\/span><\/div>-->\r\n            <\/div>\r\n        <\/a>\r\n                <a href=\"https:\/\/social-enterprise.nl\/en\/nieuws\/be-smart-buy-social-event-een-succes\/\" class=\"grid-item-link grid-item\">\r\n            <img loading=\"lazy\" decoding=\"async\" width=\"1247\" height=\"499\" src=\"https:\/\/social-enterprise.nl\/wp-content\/uploads\/2024\/08\/211459516717_027_Buy_Social-1.jpg\" class=\"attachment-small size-small wp-post-image\" alt=\"\" srcset=\"https:\/\/social-enterprise.nl\/wp-content\/uploads\/2024\/08\/211459516717_027_Buy_Social-1.jpg 1247w, https:\/\/social-enterprise.nl\/wp-content\/uploads\/2024\/08\/211459516717_027_Buy_Social-1-768x307.jpg 768w\" sizes=\"auto, (max-width: 1247px) 100vw, 1247px\" \/>            <div class=\"grid-item-content\">\r\n                <h2 class=\"grid-item-title\">Be Smart Buy Social event een succes<\/h2>\r\n                <span class=\"grid-item-date\">27 May 2016<\/span>\r\n                <div class=\"grid-item-excerpt\">Het eerst Buy Social event kreeg van de sociaal ondernemers een 7,6 en van de&hellip;<\/div>\r\n                <!--<div><span class=\"grid-item-category\">Nieuws<\/span><\/div>-->\r\n            <\/div>\r\n        <\/a>\r\n                <a href=\"https:\/\/social-enterprise.nl\/en\/nieuws\/de-social-enterprise-monitor-2016-groei\/\" class=\"grid-item-link grid-item\">\r\n            <img loading=\"lazy\" decoding=\"async\" width=\"2500\" height=\"1000\" src=\"https:\/\/social-enterprise.nl\/wp-content\/uploads\/2024\/08\/521460632272_recognition__acknowledgement_full-1.jpg\" class=\"attachment-small size-small wp-post-image\" alt=\"\" srcset=\"https:\/\/social-enterprise.nl\/wp-content\/uploads\/2024\/08\/521460632272_recognition__acknowledgement_full-1.jpg 2500w, https:\/\/social-enterprise.nl\/wp-content\/uploads\/2024\/08\/521460632272_recognition__acknowledgement_full-1-768x307.jpg 768w, https:\/\/social-enterprise.nl\/wp-content\/uploads\/2024\/08\/521460632272_recognition__acknowledgement_full-1-1536x614.jpg 1536w, https:\/\/social-enterprise.nl\/wp-content\/uploads\/2024\/08\/521460632272_recognition__acknowledgement_full-1-2048x819.jpg 2048w\" sizes=\"auto, (max-width: 2500px) 100vw, 2500px\" \/>            <div class=\"grid-item-content\">\r\n                <h2 class=\"grid-item-title\">De Social Enterprise Monitor 2016: Groei!<\/h2>\r\n                <span class=\"grid-item-date\">26 May 2016<\/span>\r\n                <div class=\"grid-item-excerpt\">Voor de vierde maal onderzocht Social Enterprise NL de sector van sociaal ondernemers in Nederland.&hellip;<\/div>\r\n                <!--<div><span class=\"grid-item-category\">Nieuws<\/span><\/div>-->\r\n            <\/div>\r\n        <\/a>\r\n                <a href=\"https:\/\/social-enterprise.nl\/en\/nieuws\/programma-2e-editie-nsob-leeratelier-bekend\/\" class=\"grid-item-link grid-item\">\r\n            <img loading=\"lazy\" decoding=\"async\" width=\"625\" height=\"250\" src=\"https:\/\/social-enterprise.nl\/wp-content\/uploads\/2024\/08\/661441895376_011_social_enterprise_leden_en_beweging_ZLR-4.jpg\" class=\"attachment-small size-small wp-post-image\" alt=\"\" \/>            <div class=\"grid-item-content\">\r\n                <h2 class=\"grid-item-title\">Programma 2e editie NSOB Leeratelier bekend<\/h2>\r\n                <span class=\"grid-item-date\">17 May 2016<\/span>\r\n                <div class=\"grid-item-excerpt\">Social Enterprise NL en de Nederlandse School voor Openbaar Bestuur (NSOB) organiseren gezamenlijk het Leeratelier&hellip;<\/div>\r\n                <!--<div><span class=\"grid-item-category\">Nieuws<\/span><\/div>-->\r\n            <\/div>\r\n        <\/a>\r\n                <a href=\"https:\/\/social-enterprise.nl\/en\/nieuws\/publicatie-buy-social-impact-door-inkoop\/\" class=\"grid-item-link grid-item\">\r\n            <img loading=\"lazy\" decoding=\"async\" width=\"1247\" height=\"499\" src=\"https:\/\/social-enterprise.nl\/wp-content\/uploads\/2024\/08\/211459516717_027_Buy_Social-2.jpg\" class=\"attachment-small size-small wp-post-image\" alt=\"\" srcset=\"https:\/\/social-enterprise.nl\/wp-content\/uploads\/2024\/08\/211459516717_027_Buy_Social-2.jpg 1247w, https:\/\/social-enterprise.nl\/wp-content\/uploads\/2024\/08\/211459516717_027_Buy_Social-2-768x307.jpg 768w\" sizes=\"auto, (max-width: 1247px) 100vw, 1247px\" \/>            <div class=\"grid-item-content\">\r\n                <h2 class=\"grid-item-title\">Publicatie Buy Social: &#039;Impact door Inkoop&#039;<\/h2>\r\n                <span class=\"grid-item-date\">1 April 2016<\/span>\r\n                <div class=\"grid-item-excerpt\">Deze publicatie beschrijft hoe bedrijven en overheden maatschappelijke waarde kunnen cre\u00ebren door in te kopen&hellip;<\/div>\r\n                <!--<div><span class=\"grid-item-category\">Nieuws<\/span><\/div>-->\r\n            <\/div>\r\n        <\/a>\r\n                <a href=\"https:\/\/social-enterprise.nl\/en\/nieuws\/leenplatform-peerby-bedankt-de-crowd\/\" class=\"grid-item-link grid-item\">\r\n            <img loading=\"lazy\" decoding=\"async\" width=\"2500\" height=\"1000\" src=\"https:\/\/social-enterprise.nl\/wp-content\/uploads\/2024\/08\/791447239147_026_Final_measuring_impact-1.jpg\" class=\"attachment-small size-small wp-post-image\" alt=\"\" srcset=\"https:\/\/social-enterprise.nl\/wp-content\/uploads\/2024\/08\/791447239147_026_Final_measuring_impact-1.jpg 2500w, https:\/\/social-enterprise.nl\/wp-content\/uploads\/2024\/08\/791447239147_026_Final_measuring_impact-1-768x307.jpg 768w, https:\/\/social-enterprise.nl\/wp-content\/uploads\/2024\/08\/791447239147_026_Final_measuring_impact-1-1536x614.jpg 1536w, https:\/\/social-enterprise.nl\/wp-content\/uploads\/2024\/08\/791447239147_026_Final_measuring_impact-1-2048x819.jpg 2048w\" sizes=\"auto, (max-width: 2500px) 100vw, 2500px\" \/>            <div class=\"grid-item-content\">\r\n                <h2 class=\"grid-item-title\">Leenplatform Peerby bedankt de crowd!<\/h2>\r\n                <span class=\"grid-item-date\">25 March 2016<\/span>\r\n                <div class=\"grid-item-excerpt\">De sociale onderneming Peerby heeft deze week maar liefst 2 miljoen euro opgehaald met een&hellip;<\/div>\r\n                <!--<div><span class=\"grid-item-category\">Nieuws<\/span><\/div>-->\r\n            <\/div>\r\n        <\/a>\r\n                <a href=\"https:\/\/social-enterprise.nl\/en\/nieuws\/de-maatschappelijke-vennootschap-b-v-m\/\" class=\"grid-item-link grid-item\">\r\n            <img loading=\"lazy\" decoding=\"async\" width=\"2500\" height=\"1000\" src=\"https:\/\/social-enterprise.nl\/wp-content\/uploads\/2024\/08\/461458127493_Erkenning_sociale_onderneming_maatschappelijke_vennootschap-1.jpg\" class=\"attachment-small size-small wp-post-image\" alt=\"\" srcset=\"https:\/\/social-enterprise.nl\/wp-content\/uploads\/2024\/08\/461458127493_Erkenning_sociale_onderneming_maatschappelijke_vennootschap-1.jpg 2500w, https:\/\/social-enterprise.nl\/wp-content\/uploads\/2024\/08\/461458127493_Erkenning_sociale_onderneming_maatschappelijke_vennootschap-1-768x307.jpg 768w, https:\/\/social-enterprise.nl\/wp-content\/uploads\/2024\/08\/461458127493_Erkenning_sociale_onderneming_maatschappelijke_vennootschap-1-1536x614.jpg 1536w, https:\/\/social-enterprise.nl\/wp-content\/uploads\/2024\/08\/461458127493_Erkenning_sociale_onderneming_maatschappelijke_vennootschap-1-2048x819.jpg 2048w\" sizes=\"auto, (max-width: 2500px) 100vw, 2500px\" \/>            <div class=\"grid-item-content\">\r\n                <h2 class=\"grid-item-title\">De maatschappelijke vennootschap B.V.m.<\/h2>\r\n                <span class=\"grid-item-date\">16 March 2016<\/span>\r\n                <div class=\"grid-item-excerpt\">Social Enterprise NL presenteert haar visie op een juridische vorm voor sociale ondernemingen: een modaliteit&hellip;<\/div>\r\n                <!--<div><span class=\"grid-item-category\">Nieuws<\/span><\/div>-->\r\n            <\/div>\r\n        <\/a>\r\n                <a href=\"https:\/\/social-enterprise.nl\/en\/nieuws\/fairphone-genomineerd-voor-top-tech-award\/\" class=\"grid-item-link grid-item\">\r\n            <img loading=\"lazy\" decoding=\"async\" width=\"400\" height=\"160\" src=\"https:\/\/social-enterprise.nl\/wp-content\/uploads\/2024\/08\/501455012018_bannerFP-1.jpg\" class=\"attachment-small size-small wp-post-image\" alt=\"\" \/>            <div class=\"grid-item-content\">\r\n                <h2 class=\"grid-item-title\">Fairphone genomineerd voor top tech award!<\/h2>\r\n                <span class=\"grid-item-date\">9 February 2016<\/span>\r\n                <div class=\"grid-item-excerpt\">Tijdens de 'Interactive Innovation Awards' van h\u00e9t jaarlijkse tech festival 'South by Southwest' worden jaarlijks&hellip;<\/div>\r\n                <!--<div><span class=\"grid-item-category\">Nieuws<\/span><\/div>-->\r\n            <\/div>\r\n        <\/a>\r\n                <a href=\"https:\/\/social-enterprise.nl\/en\/nieuws\/input-gezocht-voor-benen-op-tafel-sessies\/\" class=\"grid-item-link grid-item\">\r\n            <img loading=\"lazy\" decoding=\"async\" width=\"2500\" height=\"1000\" src=\"https:\/\/social-enterprise.nl\/wp-content\/uploads\/2024\/08\/801441285381_020_matchen_ondernemers_overheid-1.jpg\" class=\"attachment-small size-small wp-post-image\" alt=\"\" srcset=\"https:\/\/social-enterprise.nl\/wp-content\/uploads\/2024\/08\/801441285381_020_matchen_ondernemers_overheid-1.jpg 2500w, https:\/\/social-enterprise.nl\/wp-content\/uploads\/2024\/08\/801441285381_020_matchen_ondernemers_overheid-1-768x307.jpg 768w, https:\/\/social-enterprise.nl\/wp-content\/uploads\/2024\/08\/801441285381_020_matchen_ondernemers_overheid-1-1536x614.jpg 1536w, https:\/\/social-enterprise.nl\/wp-content\/uploads\/2024\/08\/801441285381_020_matchen_ondernemers_overheid-1-2048x819.jpg 2048w\" sizes=\"auto, (max-width: 2500px) 100vw, 2500px\" \/>            <div class=\"grid-item-content\">\r\n                <h2 class=\"grid-item-title\">Input gezocht voor Benen op Tafel sessies<\/h2>\r\n                <span class=\"grid-item-date\">28 January 2016<\/span>\r\n                <div class=\"grid-item-excerpt\">Wij zijn benieuwd welke vragen of onderwerpen jullie willen behandelen in onze Benen-op-tafel sessies. Sparren&hellip;<\/div>\r\n                <!--<div><span class=\"grid-item-category\">Nieuws<\/span><\/div>-->\r\n            <\/div>\r\n        <\/a>\r\n                <a href=\"https:\/\/social-enterprise.nl\/en\/nieuws\/ortho-innovatief-wint-ondernemersprijs\/\" class=\"grid-item-link grid-item\">\r\n            <img loading=\"lazy\" decoding=\"async\" width=\"1881\" height=\"752\" src=\"https:\/\/social-enterprise.nl\/wp-content\/uploads\/2024\/08\/191452848653_Arie_van_Tienhoven_Ortho_Innovatief-1.jpg\" class=\"attachment-small size-small wp-post-image\" alt=\"\" srcset=\"https:\/\/social-enterprise.nl\/wp-content\/uploads\/2024\/08\/191452848653_Arie_van_Tienhoven_Ortho_Innovatief-1.jpg 1881w, https:\/\/social-enterprise.nl\/wp-content\/uploads\/2024\/08\/191452848653_Arie_van_Tienhoven_Ortho_Innovatief-1-768x307.jpg 768w, https:\/\/social-enterprise.nl\/wp-content\/uploads\/2024\/08\/191452848653_Arie_van_Tienhoven_Ortho_Innovatief-1-1536x614.jpg 1536w\" sizes=\"auto, (max-width: 1881px) 100vw, 1881px\" \/>            <div class=\"grid-item-content\">\r\n                <h2 class=\"grid-item-title\">Ortho Innovatief wint ondernemersprijs<\/h2>\r\n                <span class=\"grid-item-date\">15 January 2016<\/span>\r\n                <div class=\"grid-item-excerpt\">Arie van Tienhoven, oprichter van Ortho Innovatief wint de Ondernemersprijs Midden Holland. Wij zijn trots&hellip;<\/div>\r\n                <!--<div><span class=\"grid-item-category\">Nieuws<\/span><\/div>-->\r\n            <\/div>\r\n        <\/a>\r\n                <a href=\"https:\/\/social-enterprise.nl\/en\/nieuws\/van-hulley-runner-up-publieksprijs-the-circulars\/\" class=\"grid-item-link grid-item\">\r\n            <img loading=\"lazy\" decoding=\"async\" width=\"1200\" height=\"480\" src=\"https:\/\/social-enterprise.nl\/wp-content\/uploads\/2016\/01\/571452087473_Van_Hulley_circulaire_economie-1-scaled-1.jpg\" class=\"attachment-small size-small wp-post-image\" alt=\"\" srcset=\"https:\/\/social-enterprise.nl\/wp-content\/uploads\/2016\/01\/571452087473_Van_Hulley_circulaire_economie-1-scaled-1.jpg 1200w, https:\/\/social-enterprise.nl\/wp-content\/uploads\/2016\/01\/571452087473_Van_Hulley_circulaire_economie-1-scaled-1-768x307.jpg 768w, https:\/\/social-enterprise.nl\/wp-content\/uploads\/2016\/01\/571452087473_Van_Hulley_circulaire_economie-1-scaled-1-18x7.jpg 18w\" sizes=\"auto, (max-width: 1200px) 100vw, 1200px\" \/>            <div class=\"grid-item-content\">\r\n                <h2 class=\"grid-item-title\">Van Hulley runner-up publieksprijs The Circulars<\/h2>\r\n                <span class=\"grid-item-date\">6 January 2016<\/span>\r\n                <div class=\"grid-item-excerpt\">Het Groningse naaiatelier Van Hulley is tweede geworden bij de publieksprijs van The Circulars, een&hellip;<\/div>\r\n                <!--<div><span class=\"grid-item-category\">Nieuws<\/span><\/div>-->\r\n            <\/div>\r\n        <\/a>\r\n                <a href=\"https:\/\/social-enterprise.nl\/en\/nieuws\/beste-wensen-terugblik-op-impact-2015\/\" class=\"grid-item-link grid-item\">\r\n            <img loading=\"lazy\" decoding=\"async\" width=\"955\" height=\"382\" src=\"https:\/\/social-enterprise.nl\/wp-content\/uploads\/2024\/08\/881450791945_Vuurwerk-1.jpg\" class=\"attachment-small size-small wp-post-image\" alt=\"\" srcset=\"https:\/\/social-enterprise.nl\/wp-content\/uploads\/2024\/08\/881450791945_Vuurwerk-1.jpg 955w, https:\/\/social-enterprise.nl\/wp-content\/uploads\/2024\/08\/881450791945_Vuurwerk-1-768x307.jpg 768w\" sizes=\"auto, (max-width: 955px) 100vw, 955px\" \/>            <div class=\"grid-item-content\">\r\n                <h2 class=\"grid-item-title\">Beste wensen &amp; terugblik op impact 2015<\/h2>\r\n                <span class=\"grid-item-date\">22 December 2015<\/span>\r\n                <div class=\"grid-item-excerpt\">Wij willen ons fantastische netwerk van impact-ondernemers bedanken voor een mooi jaar en zien er&hellip;<\/div>\r\n                <!--<div><span class=\"grid-item-category\">Nieuws<\/span><\/div>-->\r\n            <\/div>\r\n        <\/a>\r\n                <a href=\"https:\/\/social-enterprise.nl\/en\/nieuws\/stagiair-communicatie-social-media-gezocht\/\" class=\"grid-item-link grid-item\">\r\n            <img loading=\"lazy\" decoding=\"async\" width=\"2500\" height=\"1000\" src=\"https:\/\/social-enterprise.nl\/wp-content\/uploads\/2024\/08\/141441289207_018_ben_ik_een_sociaal_ondernemer-1.jpg\" class=\"attachment-small size-small wp-post-image\" alt=\"\" srcset=\"https:\/\/social-enterprise.nl\/wp-content\/uploads\/2024\/08\/141441289207_018_ben_ik_een_sociaal_ondernemer-1.jpg 2500w, https:\/\/social-enterprise.nl\/wp-content\/uploads\/2024\/08\/141441289207_018_ben_ik_een_sociaal_ondernemer-1-768x307.jpg 768w, https:\/\/social-enterprise.nl\/wp-content\/uploads\/2024\/08\/141441289207_018_ben_ik_een_sociaal_ondernemer-1-1536x614.jpg 1536w, https:\/\/social-enterprise.nl\/wp-content\/uploads\/2024\/08\/141441289207_018_ben_ik_een_sociaal_ondernemer-1-2048x819.jpg 2048w\" sizes=\"auto, (max-width: 2500px) 100vw, 2500px\" \/>            <div class=\"grid-item-content\">\r\n                <h2 class=\"grid-item-title\">Stagiair communicatie &amp; social media gezocht<\/h2>\r\n                <span class=\"grid-item-date\">14 December 2015<\/span>\r\n                <div class=\"grid-item-excerpt\">Weet jij alles van social media? Heb je een vlotte pen? En wil jij je&hellip;<\/div>\r\n                <!--<div><span class=\"grid-item-category\">Nieuws<\/span><\/div>-->\r\n            <\/div>\r\n        <\/a>\r\n                <a href=\"https:\/\/social-enterprise.nl\/en\/nieuws\/heldcare-van-start-aanmelden-tot-1-jan-2016\/\" class=\"grid-item-link grid-item\">\r\n            <img loading=\"lazy\" decoding=\"async\" width=\"1350\" height=\"539\" src=\"https:\/\/social-enterprise.nl\/wp-content\/uploads\/2024\/08\/571447145974_Heldcare_ontwikkeltraject_LOGO-3.jpg\" class=\"attachment-small size-small wp-post-image\" alt=\"\" srcset=\"https:\/\/social-enterprise.nl\/wp-content\/uploads\/2024\/08\/571447145974_Heldcare_ontwikkeltraject_LOGO-3.jpg 1350w, https:\/\/social-enterprise.nl\/wp-content\/uploads\/2024\/08\/571447145974_Heldcare_ontwikkeltraject_LOGO-3-768x307.jpg 768w\" sizes=\"auto, (max-width: 1350px) 100vw, 1350px\" \/>            <div class=\"grid-item-content\">\r\n                <h2 class=\"grid-item-title\">HeldCare van start! Aanmelden tot 1 jan 2016<\/h2>\r\n                <span class=\"grid-item-date\">5 November 2015<\/span>\r\n                <div class=\"grid-item-excerpt\">HeldCare is een intensief 2-fasen ontwikkeltraject voor vernieuwende initiatieven in de zorg, ontwikkeld door Social&hellip;<\/div>\r\n                <!--<div><span class=\"grid-item-category\">Nieuws<\/span><\/div>-->\r\n            <\/div>\r\n        <\/a>\r\n                <a href=\"https:\/\/social-enterprise.nl\/en\/nieuws\/adviezen-social-enterprise-nl-overgenomen\/\" class=\"grid-item-link grid-item\">\r\n            <img loading=\"lazy\" decoding=\"async\" width=\"2500\" height=\"1000\" src=\"https:\/\/social-enterprise.nl\/wp-content\/uploads\/2024\/08\/581441283096_05_Social_Enterprise_Events_Benen_op_tafel_sessie-1.jpg\" class=\"attachment-small size-small wp-post-image\" alt=\"\" srcset=\"https:\/\/social-enterprise.nl\/wp-content\/uploads\/2024\/08\/581441283096_05_Social_Enterprise_Events_Benen_op_tafel_sessie-1.jpg 2500w, https:\/\/social-enterprise.nl\/wp-content\/uploads\/2024\/08\/581441283096_05_Social_Enterprise_Events_Benen_op_tafel_sessie-1-768x307.jpg 768w, https:\/\/social-enterprise.nl\/wp-content\/uploads\/2024\/08\/581441283096_05_Social_Enterprise_Events_Benen_op_tafel_sessie-1-1536x614.jpg 1536w, https:\/\/social-enterprise.nl\/wp-content\/uploads\/2024\/08\/581441283096_05_Social_Enterprise_Events_Benen_op_tafel_sessie-1-2048x819.jpg 2048w\" sizes=\"auto, (max-width: 2500px) 100vw, 2500px\" \/>            <div class=\"grid-item-content\">\r\n                <h2 class=\"grid-item-title\">Adviezen Social Enterprise NL overgenomen<\/h2>\r\n                <span class=\"grid-item-date\">5 November 2015<\/span>\r\n                <div class=\"grid-item-excerpt\">De nieuwe Aanbestedingswet is naar de Tweede Kamer gestuurd. Hierin zijn adviezen van Social Enterprise&hellip;<\/div>\r\n                <!--<div><span class=\"grid-item-category\">Nieuws<\/span><\/div>-->\r\n            <\/div>\r\n        <\/a>\r\n                <a href=\"https:\/\/social-enterprise.nl\/en\/nieuws\/2e-kamer-stimuleer-sociale-ondernemingen\/\" class=\"grid-item-link grid-item\">\r\n                        <div class=\"grid-item-content\">\r\n                <h2 class=\"grid-item-title\">2e Kamer: stimuleer sociale ondernemingen<\/h2>\r\n                <span class=\"grid-item-date\">16 October 2015<\/span>\r\n                <div class=\"grid-item-excerpt\">Goed nieuws! Tijdens de jaarlijkse begrotingsbehandeling van het ministerie van Economische Zaken hebben verschillende partijen&hellip;<\/div>\r\n                <!--<div><span class=\"grid-item-category\">Nieuws<\/span><\/div>-->\r\n            <\/div>\r\n        <\/a>\r\n                <a href=\"https:\/\/social-enterprise.nl\/en\/nieuws\/cordaid-social-adventure-gaat-weer-van-start\/\" class=\"grid-item-link grid-item\">\r\n            <img loading=\"lazy\" decoding=\"async\" width=\"273\" height=\"109\" src=\"https:\/\/social-enterprise.nl\/wp-content\/uploads\/2024\/08\/561444903169_LOGO_Cordaid-1.jpg\" class=\"attachment-small size-small wp-post-image\" alt=\"\" \/>            <div class=\"grid-item-content\">\r\n                <h2 class=\"grid-item-title\">Cordaid Social AdVenture gaat weer van start!<\/h2>\r\n                <span class=\"grid-item-date\">15 October 2015<\/span>\r\n                <div class=\"grid-item-excerpt\">Sociaal ondernemen, hier \u00e9n daar! Dat is het thema van de tweede Cordaid Social AdVenture.&hellip;<\/div>\r\n                <!--<div><span class=\"grid-item-category\">Nieuws<\/span><\/div>-->\r\n            <\/div>\r\n        <\/a>\r\n                <a href=\"https:\/\/social-enterprise.nl\/en\/nieuws\/actieplan-sociaal-ondernemen-gelanceerd\/\" class=\"grid-item-link grid-item\">\r\n            <img loading=\"lazy\" decoding=\"async\" width=\"751\" height=\"300\" src=\"https:\/\/social-enterprise.nl\/wp-content\/uploads\/2024\/08\/721444223343_Sociaal_ondernemen_plan_amsterdam-1.jpg\" class=\"attachment-small size-small wp-post-image\" alt=\"\" \/>            <div class=\"grid-item-content\">\r\n                <h2 class=\"grid-item-title\">Actieplan sociaal ondernemen gelanceerd<\/h2>\r\n                <span class=\"grid-item-date\">7 October 2015<\/span>\r\n                <div class=\"grid-item-excerpt\">Onlangs heeft de gemeenteraad van Amsterdam ingestemd met het plan om sociaal ondernemen n de&hellip;<\/div>\r\n                <!--<div><span class=\"grid-item-category\">Nieuws<\/span><\/div>-->\r\n            <\/div>\r\n        <\/a>\r\n                <a href=\"https:\/\/social-enterprise.nl\/en\/nieuws\/fairmail-wint-de-transparant-prijs-2015\/\" class=\"grid-item-link grid-item\">\r\n            <img loading=\"lazy\" decoding=\"async\" width=\"720\" height=\"287\" src=\"https:\/\/social-enterprise.nl\/wp-content\/uploads\/2024\/08\/711444046416_Logo_FM-1.jpg\" class=\"attachment-small size-small wp-post-image\" alt=\"\" \/>            <div class=\"grid-item-content\">\r\n                <h2 class=\"grid-item-title\">FairMail wint De Transparant Prijs 2015<\/h2>\r\n                <span class=\"grid-item-date\">2 October 2015<\/span>\r\n                <div class=\"grid-item-excerpt\">FairMail is winnaar van de Transparant Prijs 2015 in de categorie Social Enterprise. De prijs&hellip;<\/div>\r\n                <!--<div><span class=\"grid-item-category\">Nieuws<\/span><\/div>-->\r\n            <\/div>\r\n        <\/a>\r\n                <a href=\"https:\/\/social-enterprise.nl\/en\/nieuws\/tijdelijk-telefonisch-niet-bereikbaar\/\" class=\"grid-item-link grid-item\">\r\n            <img loading=\"lazy\" decoding=\"async\" width=\"595\" height=\"238\" src=\"https:\/\/social-enterprise.nl\/wp-content\/uploads\/2024\/08\/471443528384_Finance_Workshop-1.jpg\" class=\"attachment-small size-small wp-post-image\" alt=\"\" \/>            <div class=\"grid-item-content\">\r\n                <h2 class=\"grid-item-title\">Tijdelijk telefonisch niet bereikbaar<\/h2>\r\n                <span class=\"grid-item-date\">2 October 2015<\/span>\r\n                <div class=\"grid-item-excerpt\">Wegens onze verhuizing zijn we tijdelijk niet bereikbaar op 020-6264410. Tot die tijd kunt u&hellip;<\/div>\r\n                <!--<div><span class=\"grid-item-category\">Nieuws<\/span><\/div>-->\r\n            <\/div>\r\n        <\/a>\r\n                <a href=\"https:\/\/social-enterprise.nl\/en\/nieuws\/reactie-op-plan-van-aanpak-mvi-door-de-overheid\/\" class=\"grid-item-link grid-item\">\r\n            <img loading=\"lazy\" decoding=\"async\" width=\"1104\" height=\"441\" src=\"https:\/\/social-enterprise.nl\/wp-content\/uploads\/2024\/08\/421443095512_Briefhoofd_Duurzaam_inkopen-1.jpg\" class=\"attachment-small size-small wp-post-image\" alt=\"\" srcset=\"https:\/\/social-enterprise.nl\/wp-content\/uploads\/2024\/08\/421443095512_Briefhoofd_Duurzaam_inkopen-1.jpg 1104w, https:\/\/social-enterprise.nl\/wp-content\/uploads\/2024\/08\/421443095512_Briefhoofd_Duurzaam_inkopen-1-768x307.jpg 768w\" sizes=\"auto, (max-width: 1104px) 100vw, 1104px\" \/>            <div class=\"grid-item-content\">\r\n                <h2 class=\"grid-item-title\">Reactie op plan van aanpak MVI door de overheid<\/h2>\r\n                <span class=\"grid-item-date\">24 September 2015<\/span>\r\n                <div class=\"grid-item-excerpt\">Het Plan van Aanpak voor Maatschappelijk Verantwoord Inkopen van staatssecretaris Mansveld, dat volgende week in&hellip;<\/div>\r\n                <!--<div><span class=\"grid-item-category\">Nieuws<\/span><\/div>-->\r\n            <\/div>\r\n        <\/a>\r\n                <a href=\"https:\/\/social-enterprise.nl\/en\/nieuws\/documentaire-fish-climbing-trees-online\/\" class=\"grid-item-link grid-item\">\r\n            <img loading=\"lazy\" decoding=\"async\" width=\"1148\" height=\"459\" src=\"https:\/\/social-enterprise.nl\/wp-content\/uploads\/2024\/08\/871443014467_Screenshot_Fish_CLimbing_Trees-1.jpg\" class=\"attachment-small size-small wp-post-image\" alt=\"\" srcset=\"https:\/\/social-enterprise.nl\/wp-content\/uploads\/2024\/08\/871443014467_Screenshot_Fish_CLimbing_Trees-1.jpg 1148w, https:\/\/social-enterprise.nl\/wp-content\/uploads\/2024\/08\/871443014467_Screenshot_Fish_CLimbing_Trees-1-768x307.jpg 768w\" sizes=\"auto, (max-width: 1148px) 100vw, 1148px\" \/>            <div class=\"grid-item-content\">\r\n                <h2 class=\"grid-item-title\">Documentaire Fish Climbing Trees online<\/h2>\r\n                <span class=\"grid-item-date\">23 September 2015<\/span>\r\n                <div class=\"grid-item-excerpt\">Maandag 21 september presenteerde Melanie van de Velde in EYE Amsterdam haar documentaire Fish Climbing&hellip;<\/div>\r\n                <!--<div><span class=\"grid-item-category\">Nieuws<\/span><\/div>-->\r\n            <\/div>\r\n        <\/a>\r\n                <a href=\"https:\/\/social-enterprise.nl\/en\/nieuws\/nominaties-social-enterprise-scriptie-event-2015\/\" class=\"grid-item-link grid-item\">\r\n                        <div class=\"grid-item-content\">\r\n                <h2 class=\"grid-item-title\">Nominaties Social Enterprise Scriptie Event 2015<\/h2>\r\n                <span class=\"grid-item-date\">19 August 2015<\/span>\r\n                <div class=\"grid-item-excerpt\">Brian van Es is de winnaar van de Social Enterprise Scriptieprijs 2015. Van Es schreef&hellip;<\/div>\r\n                <!--<div><span class=\"grid-item-category\">Nieuws<\/span><\/div>-->\r\n            <\/div>\r\n        <\/a>\r\n                <a href=\"https:\/\/social-enterprise.nl\/en\/nieuws\/social-enterprise-nl-in-gesprek-met-minister-kamp\/\" class=\"grid-item-link grid-item\">\r\n            <img loading=\"lazy\" decoding=\"async\" width=\"307\" height=\"123\" src=\"https:\/\/social-enterprise.nl\/wp-content\/uploads\/2024\/08\/761441203244_Social_enterprise_NL_in_gesprek_met_minister_Kamp-1.jpg\" class=\"attachment-small size-small wp-post-image\" alt=\"\" \/>            <div class=\"grid-item-content\">\r\n                <h2 class=\"grid-item-title\">Social Enterprise NL in gesprek met minister Kamp<\/h2>\r\n                <span class=\"grid-item-date\">17 August 2015<\/span>\r\n                <div class=\"grid-item-excerpt\">Op 13 augustus hebben Mark Hillen en Willemijn Verloop (bestuurders en oprichters Social Enterprise NL)&hellip;<\/div>\r\n                <!--<div><span class=\"grid-item-category\">Nieuws<\/span><\/div>-->\r\n            <\/div>\r\n        <\/a>\r\n                <a href=\"https:\/\/social-enterprise.nl\/en\/nieuws\/ser-gemeenten-doe-mee-aan-leeratelier\/\" class=\"grid-item-link grid-item\">\r\n            <img loading=\"lazy\" decoding=\"async\" width=\"172\" height=\"69\" src=\"https:\/\/social-enterprise.nl\/wp-content\/uploads\/2024\/08\/991441290362_nsobgebouw_SER_Advies_social-1.jpg\" class=\"attachment-small size-small wp-post-image\" alt=\"\" \/>            <div class=\"grid-item-content\">\r\n                <h2 class=\"grid-item-title\">SER: gemeenten doe mee aan Leeratelier<\/h2>\r\n                <span class=\"grid-item-date\">13 July 2015<\/span>\r\n                <div class=\"grid-item-excerpt\">De Nederlandse School voor Openbaar Bestuur (NSOB) en Social Enterprise NL slaan de handen ineen&hellip;<\/div>\r\n                <!--<div><span class=\"grid-item-category\">Nieuws<\/span><\/div>-->\r\n            <\/div>\r\n        <\/a>\r\n                <a href=\"https:\/\/social-enterprise.nl\/en\/nieuws\/samen-pleiten-voor-keurmerk-sociale-firma\/\" class=\"grid-item-link grid-item\">\r\n            <img loading=\"lazy\" decoding=\"async\" width=\"637\" height=\"255\" src=\"https:\/\/social-enterprise.nl\/wp-content\/uploads\/2024\/08\/521441290311_Erkenning_sociale_onderneming-1.jpg\" class=\"attachment-small size-small wp-post-image\" alt=\"\" \/>            <div class=\"grid-item-content\">\r\n                <h2 class=\"grid-item-title\">Samen pleiten voor keurmerk sociale firma<\/h2>\r\n                <span class=\"grid-item-date\">24 June 2015<\/span>\r\n                <div class=\"grid-item-excerpt\">Vebego, Cedris, PSO Nederland en Social Enterprise NL pleiten voor een keurmerk voor 'de sociale&hellip;<\/div>\r\n                <!--<div><span class=\"grid-item-category\">Nieuws<\/span><\/div>-->\r\n            <\/div>\r\n        <\/a>\r\n                <a href=\"https:\/\/social-enterprise.nl\/en\/nieuws\/nu-inschrijven-de-se-als-partner-van-de-gemeente\/\" class=\"grid-item-link grid-item\">\r\n            <img loading=\"lazy\" decoding=\"async\" width=\"2500\" height=\"1000\" src=\"https:\/\/social-enterprise.nl\/wp-content\/uploads\/2024\/08\/861441285358_011_social_enterprise_leden_en_beweging_NL-1.jpg\" class=\"attachment-small size-small wp-post-image\" alt=\"\" srcset=\"https:\/\/social-enterprise.nl\/wp-content\/uploads\/2024\/08\/861441285358_011_social_enterprise_leden_en_beweging_NL-1.jpg 2500w, https:\/\/social-enterprise.nl\/wp-content\/uploads\/2024\/08\/861441285358_011_social_enterprise_leden_en_beweging_NL-1-768x307.jpg 768w, https:\/\/social-enterprise.nl\/wp-content\/uploads\/2024\/08\/861441285358_011_social_enterprise_leden_en_beweging_NL-1-1536x614.jpg 1536w, https:\/\/social-enterprise.nl\/wp-content\/uploads\/2024\/08\/861441285358_011_social_enterprise_leden_en_beweging_NL-1-2048x819.jpg 2048w\" sizes=\"auto, (max-width: 2500px) 100vw, 2500px\" \/>            <div class=\"grid-item-content\">\r\n                <h2 class=\"grid-item-title\">Nu inschrijven: &quot;De SE als partner van de gemeente&quot;<\/h2>\r\n                <span class=\"grid-item-date\">15 June 2015<\/span>\r\n                <div class=\"grid-item-excerpt\">Samen werken aan meer waarde De relatie tussen sociale ondernemingen en gemeenten wordt steeds belangrijker.&hellip;<\/div>\r\n                <!--<div><span class=\"grid-item-category\">Nieuws<\/span><\/div>-->\r\n            <\/div>\r\n        <\/a>\r\n                <a href=\"https:\/\/social-enterprise.nl\/en\/nieuws\/big-society-capital-investeerder-en-aanjager\/\" class=\"grid-item-link grid-item\">\r\n            <img loading=\"lazy\" decoding=\"async\" width=\"463\" height=\"185\" src=\"https:\/\/social-enterprise.nl\/wp-content\/uploads\/2024\/08\/491441290310_BSC_Transforming_Social_Investment-1.png\" class=\"attachment-small size-small wp-post-image\" alt=\"\" \/>            <div class=\"grid-item-content\">\r\n                <h2 class=\"grid-item-title\">Big Society Capital: investeerder en aanjager<\/h2>\r\n                <span class=\"grid-item-date\">14 June 2015<\/span>\r\n                <div class=\"grid-item-excerpt\">In 2012 werd onder veel aandacht Big Society Capital gelanceerd, met een investeringsvermogen van inmiddels&hellip;<\/div>\r\n                <!--<div><span class=\"grid-item-category\">Nieuws<\/span><\/div>-->\r\n            <\/div>\r\n        <\/a>\r\n                <a href=\"https:\/\/social-enterprise.nl\/en\/nieuws\/social-enterprise-monitor-2015-groei\/\" class=\"grid-item-link grid-item\">\r\n            <img loading=\"lazy\" decoding=\"async\" width=\"2500\" height=\"1000\" src=\"https:\/\/social-enterprise.nl\/wp-content\/uploads\/2024\/08\/351441049442_017_Publication_guides1-1.jpg\" class=\"attachment-small size-small wp-post-image\" alt=\"\" srcset=\"https:\/\/social-enterprise.nl\/wp-content\/uploads\/2024\/08\/351441049442_017_Publication_guides1-1.jpg 2500w, https:\/\/social-enterprise.nl\/wp-content\/uploads\/2024\/08\/351441049442_017_Publication_guides1-1-768x307.jpg 768w, https:\/\/social-enterprise.nl\/wp-content\/uploads\/2024\/08\/351441049442_017_Publication_guides1-1-1536x614.jpg 1536w, https:\/\/social-enterprise.nl\/wp-content\/uploads\/2024\/08\/351441049442_017_Publication_guides1-1-2048x819.jpg 2048w\" sizes=\"auto, (max-width: 2500px) 100vw, 2500px\" \/>            <div class=\"grid-item-content\">\r\n                <h2 class=\"grid-item-title\">Social Enterprise Monitor 2015: groei!<\/h2>\r\n                <span class=\"grid-item-date\">29 May 2015<\/span>\r\n                <div class=\"grid-item-excerpt\">Vandaag is de Social Enterprise Monitor 2015\u00a0gepubliceerd, het grootste onderzoek naar social enterprises in Nederland.&hellip;<\/div>\r\n                <!--<div><span class=\"grid-item-category\">Nieuws<\/span><\/div>-->\r\n            <\/div>\r\n        <\/a>\r\n                <a href=\"https:\/\/social-enterprise.nl\/en\/nieuws\/ser-advies-sociaal-ondernemerschap\/\" class=\"grid-item-link grid-item\">\r\n            <img loading=\"lazy\" decoding=\"async\" width=\"349\" height=\"140\" src=\"https:\/\/social-enterprise.nl\/wp-content\/uploads\/2024\/08\/631441290312_SER_logo_advies_sociaal_ondernemerschap-1.jpg\" class=\"attachment-small size-small wp-post-image\" alt=\"\" \/>            <div class=\"grid-item-content\">\r\n                <h2 class=\"grid-item-title\">SER-advies sociaal ondernemerschap<\/h2>\r\n                <span class=\"grid-item-date\">27 May 2015<\/span>\r\n                <div class=\"grid-item-excerpt\">Op vrijdag 22 mei is het ontwerpadvies van de SER over sociaal ondernemerschap unaniem vastgesteld&hellip;<\/div>\r\n                <!--<div><span class=\"grid-item-category\">Nieuws<\/span><\/div>-->\r\n            <\/div>\r\n        <\/a>\r\n                <a href=\"https:\/\/social-enterprise.nl\/en\/nieuws\/gemeentecongres-2015-waarde-ses\/\" class=\"grid-item-link grid-item\">\r\n            <img loading=\"lazy\" decoding=\"async\" width=\"2500\" height=\"1000\" src=\"https:\/\/social-enterprise.nl\/wp-content\/uploads\/2024\/08\/371441049441_011_Community_of_social_enterprises_members_of_movement_Social_Enterprise_NL1_1_-1.jpg\" class=\"attachment-small size-small wp-post-image\" alt=\"\" srcset=\"https:\/\/social-enterprise.nl\/wp-content\/uploads\/2024\/08\/371441049441_011_Community_of_social_enterprises_members_of_movement_Social_Enterprise_NL1_1_-1.jpg 2500w, https:\/\/social-enterprise.nl\/wp-content\/uploads\/2024\/08\/371441049441_011_Community_of_social_enterprises_members_of_movement_Social_Enterprise_NL1_1_-1-768x307.jpg 768w, https:\/\/social-enterprise.nl\/wp-content\/uploads\/2024\/08\/371441049441_011_Community_of_social_enterprises_members_of_movement_Social_Enterprise_NL1_1_-1-1536x614.jpg 1536w, https:\/\/social-enterprise.nl\/wp-content\/uploads\/2024\/08\/371441049441_011_Community_of_social_enterprises_members_of_movement_Social_Enterprise_NL1_1_-1-2048x819.jpg 2048w\" sizes=\"auto, (max-width: 2500px) 100vw, 2500px\" \/>            <div class=\"grid-item-content\">\r\n                <h2 class=\"grid-item-title\">Gemeentecongres 2015: waarde SE&#039;s<\/h2>\r\n                <span class=\"grid-item-date\">25 May 2015<\/span>\r\n                <div class=\"grid-item-excerpt\">17 september 2015 - Georganiseerd door Social Enterprise NL en Movisie. De relatie tussen sociale&hellip;<\/div>\r\n                <!--<div><span class=\"grid-item-category\">Nieuws<\/span><\/div>-->\r\n            <\/div>\r\n        <\/a>\r\n                <a href=\"https:\/\/social-enterprise.nl\/en\/nieuws\/reactie-implementatiewet-aanbestedingsrichtlijnen\/\" class=\"grid-item-link grid-item\">\r\n            <img loading=\"lazy\" decoding=\"async\" width=\"2500\" height=\"1000\" src=\"https:\/\/social-enterprise.nl\/wp-content\/uploads\/2024\/08\/351441049442_017_Publication_guides1-2.jpg\" class=\"attachment-small size-small wp-post-image\" alt=\"\" srcset=\"https:\/\/social-enterprise.nl\/wp-content\/uploads\/2024\/08\/351441049442_017_Publication_guides1-2.jpg 2500w, https:\/\/social-enterprise.nl\/wp-content\/uploads\/2024\/08\/351441049442_017_Publication_guides1-2-768x307.jpg 768w, https:\/\/social-enterprise.nl\/wp-content\/uploads\/2024\/08\/351441049442_017_Publication_guides1-2-1536x614.jpg 1536w, https:\/\/social-enterprise.nl\/wp-content\/uploads\/2024\/08\/351441049442_017_Publication_guides1-2-2048x819.jpg 2048w\" sizes=\"auto, (max-width: 2500px) 100vw, 2500px\" \/>            <div class=\"grid-item-content\">\r\n                <h2 class=\"grid-item-title\">Reactie &#039;Implementatiewet aanbestedingsrichtlijnen&#039;<\/h2>\r\n                <span class=\"grid-item-date\">6 May 2015<\/span>\r\n                <div class=\"grid-item-excerpt\">De overheid laat veel kansen liggen om via aanbestedingen maatschappelijke waarde te maximeren, zie onze&hellip;<\/div>\r\n                <!--<div><span class=\"grid-item-category\">Nieuws<\/span><\/div>-->\r\n            <\/div>\r\n        <\/a>\r\n                <a href=\"https:\/\/social-enterprise.nl\/en\/nieuws\/reactie-social-enterprise-nl-op-ser-advies\/\" class=\"grid-item-link grid-item\">\r\n            <img loading=\"lazy\" decoding=\"async\" width=\"349\" height=\"140\" src=\"https:\/\/social-enterprise.nl\/wp-content\/uploads\/2024\/08\/631441290312_SER_logo_advies_sociaal_ondernemerschap-2.jpg\" class=\"attachment-small size-small wp-post-image\" alt=\"\" \/>            <div class=\"grid-item-content\">\r\n                <h2 class=\"grid-item-title\">Reactie Social Enterprise NL op SER advies<\/h2>\r\n                <span class=\"grid-item-date\">28 April 2015<\/span>\r\n                <div class=\"grid-item-excerpt\">Op zaterdag 11 april jl. heeft de SER het ontwerpadvies over sociaal ondernemerschap in Nederland&hellip;<\/div>\r\n                <!--<div><span class=\"grid-item-category\">Nieuws<\/span><\/div>-->\r\n            <\/div>\r\n        <\/a>\r\n                <a href=\"https:\/\/social-enterprise.nl\/en\/nieuws\/longread-meten-moet-en-hoe-je-dat-doet\/\" class=\"grid-item-link grid-item\">\r\n            <img loading=\"lazy\" decoding=\"async\" width=\"2500\" height=\"1000\" src=\"https:\/\/social-enterprise.nl\/wp-content\/uploads\/2024\/08\/131441285441_026_Social_Enterprise_impact_meten-1.jpg\" class=\"attachment-small size-small wp-post-image\" alt=\"\" srcset=\"https:\/\/social-enterprise.nl\/wp-content\/uploads\/2024\/08\/131441285441_026_Social_Enterprise_impact_meten-1.jpg 2500w, https:\/\/social-enterprise.nl\/wp-content\/uploads\/2024\/08\/131441285441_026_Social_Enterprise_impact_meten-1-768x307.jpg 768w, https:\/\/social-enterprise.nl\/wp-content\/uploads\/2024\/08\/131441285441_026_Social_Enterprise_impact_meten-1-1536x614.jpg 1536w, https:\/\/social-enterprise.nl\/wp-content\/uploads\/2024\/08\/131441285441_026_Social_Enterprise_impact_meten-1-2048x819.jpg 2048w\" sizes=\"auto, (max-width: 2500px) 100vw, 2500px\" \/>            <div class=\"grid-item-content\">\r\n                <h2 class=\"grid-item-title\">Longread: Meten moet, en hoe je dat doet<\/h2>\r\n                <span class=\"grid-item-date\">15 April 2015<\/span>\r\n                <div class=\"grid-item-excerpt\">Voor iedere social enterprise\u00a0is het meten van impact van groot belang. Weten wat je impact&hellip;<\/div>\r\n                <!--<div><span class=\"grid-item-category\">Nieuws<\/span><\/div>-->\r\n            <\/div>\r\n        <\/a>\r\n                <a href=\"https:\/\/social-enterprise.nl\/en\/nieuws\/mobiles-for-good-challenge-geopend\/\" class=\"grid-item-link grid-item\">\r\n            <img loading=\"lazy\" decoding=\"async\" width=\"795\" height=\"318\" src=\"https:\/\/social-enterprise.nl\/wp-content\/uploads\/2024\/08\/221441292422_mobilesforgood_Sociale_Onderneming-1.jpg\" class=\"attachment-small size-small wp-post-image\" alt=\"\" srcset=\"https:\/\/social-enterprise.nl\/wp-content\/uploads\/2024\/08\/221441292422_mobilesforgood_Sociale_Onderneming-1.jpg 795w, https:\/\/social-enterprise.nl\/wp-content\/uploads\/2024\/08\/221441292422_mobilesforgood_Sociale_Onderneming-1-768x307.jpg 768w\" sizes=\"auto, (max-width: 795px) 100vw, 795px\" \/>            <div class=\"grid-item-content\">\r\n                <h2 class=\"grid-item-title\">Mobiles for Good Challenge geopend!<\/h2>\r\n                <span class=\"grid-item-date\">12 April 2015<\/span>\r\n                <div class=\"grid-item-excerpt\">Vodafone Foundation is dit voorjaar weer op zoek naar vernieuwende concepten voor sociale mobiele toepassingen&hellip;<\/div>\r\n                <!--<div><span class=\"grid-item-category\">Nieuws<\/span><\/div>-->\r\n            <\/div>\r\n        <\/a>\r\n                <a href=\"https:\/\/social-enterprise.nl\/en\/nieuws\/ser-overheid-steun-sociale-ondernemingen\/\" class=\"grid-item-link grid-item\">\r\n            <img loading=\"lazy\" decoding=\"async\" width=\"349\" height=\"140\" src=\"https:\/\/social-enterprise.nl\/wp-content\/uploads\/2024\/08\/631441290312_SER_logo_advies_sociaal_ondernemerschap-3.jpg\" class=\"attachment-small size-small wp-post-image\" alt=\"\" \/>            <div class=\"grid-item-content\">\r\n                <h2 class=\"grid-item-title\">SER: &quot;Overheid steun sociale ondernemingen&quot;<\/h2>\r\n                <span class=\"grid-item-date\">11 April 2015<\/span>\r\n                <div class=\"grid-item-excerpt\">De SER heeft op 11 april het ontwerpadvies over sociaal ondernemerschap naar buiten gebracht. Het&hellip;<\/div>\r\n                <!--<div><span class=\"grid-item-category\">Nieuws<\/span><\/div>-->\r\n            <\/div>\r\n        <\/a>\r\n                <a href=\"https:\/\/social-enterprise.nl\/en\/nieuws\/leerstoel-sociaal-ondernemerschap-een-feit\/\" class=\"grid-item-link grid-item\">\r\n            <img loading=\"lazy\" decoding=\"async\" width=\"770\" height=\"308\" src=\"https:\/\/social-enterprise.nl\/wp-content\/uploads\/2024\/08\/501441292424_UU_Leerstoel_sociaal_ondernemerschap-1.jpg\" class=\"attachment-small size-small wp-post-image\" alt=\"\" srcset=\"https:\/\/social-enterprise.nl\/wp-content\/uploads\/2024\/08\/501441292424_UU_Leerstoel_sociaal_ondernemerschap-1.jpg 770w, https:\/\/social-enterprise.nl\/wp-content\/uploads\/2024\/08\/501441292424_UU_Leerstoel_sociaal_ondernemerschap-1-768x307.jpg 768w\" sizes=\"auto, (max-width: 770px) 100vw, 770px\" \/>            <div class=\"grid-item-content\">\r\n                <h2 class=\"grid-item-title\">Leerstoel Sociaal Ondernemerschap een feit<\/h2>\r\n                <span class=\"grid-item-date\">28 March 2015<\/span>\r\n                <div class=\"grid-item-excerpt\">Nederlands eerste leerstoel Sociaal Ondernemerschap komt aan de Universiteit Utrecht.\u00a0De universiteit ontwikkelt een belangrijk expertisecentrum&hellip;<\/div>\r\n                <!--<div><span class=\"grid-item-category\">Nieuws<\/span><\/div>-->\r\n            <\/div>\r\n        <\/a>\r\n                <a href=\"https:\/\/social-enterprise.nl\/en\/nieuws\/amsterdam-voor-sociaal-ondernemerschap\/\" class=\"grid-item-link grid-item\">\r\n            <img loading=\"lazy\" decoding=\"async\" width=\"600\" height=\"400\" src=\"https:\/\/social-enterprise.nl\/wp-content\/uploads\/2015\/03\/Amsterdam-1.jpg\" class=\"attachment-small size-small wp-post-image\" alt=\"\" srcset=\"https:\/\/social-enterprise.nl\/wp-content\/uploads\/2015\/03\/Amsterdam-1.jpg 600w, https:\/\/social-enterprise.nl\/wp-content\/uploads\/2015\/03\/Amsterdam-1-18x12.jpg 18w\" sizes=\"auto, (max-width: 600px) 100vw, 600px\" \/>            <div class=\"grid-item-content\">\r\n                <h2 class=\"grid-item-title\">Amsterdam voor sociaal ondernemerschap<\/h2>\r\n                <span class=\"grid-item-date\">12 March 2015<\/span>\r\n                <div class=\"grid-item-excerpt\">Amsterdam wil een voortrekkers- en aanjagersrol vervullen als het gaat om sociaal ondernemerschap. Dat sprak&hellip;<\/div>\r\n                <!--<div><span class=\"grid-item-category\">Nieuws<\/span><\/div>-->\r\n            <\/div>\r\n        <\/a>\r\n                <a href=\"https:\/\/social-enterprise.nl\/en\/nieuws\/pwc-lanceert-challenge-voor-social-start-ups\/\" class=\"grid-item-link grid-item\">\r\n            <img loading=\"lazy\" decoding=\"async\" width=\"398\" height=\"159\" src=\"https:\/\/social-enterprise.nl\/wp-content\/uploads\/2024\/08\/821442412468_social_impact_LAB_SE_NL-1.jpg\" class=\"attachment-small size-small wp-post-image\" alt=\"\" \/>            <div class=\"grid-item-content\">\r\n                <h2 class=\"grid-item-title\">PwC lanceert challenge voor social start-ups<\/h2>\r\n                <span class=\"grid-item-date\">3 March 2015<\/span>\r\n                <div class=\"grid-item-excerpt\">Na het succes van vorig jaar, lanceert PwC vandaag de tweede editie van haar landelijke&hellip;<\/div>\r\n                <!--<div><span class=\"grid-item-category\">Nieuws<\/span><\/div>-->\r\n            <\/div>\r\n        <\/a>\r\n                <a href=\"https:\/\/social-enterprise.nl\/en\/nieuws\/vacature-stagiair-beleid\/\" class=\"grid-item-link grid-item\">\r\n            <img loading=\"lazy\" decoding=\"async\" width=\"396\" height=\"158\" src=\"https:\/\/social-enterprise.nl\/wp-content\/uploads\/2024\/08\/271442412467_JIJ_sociaal_ondernemen-1.jpg\" class=\"attachment-small size-small wp-post-image\" alt=\"\" \/>            <div class=\"grid-item-content\">\r\n                <h2 class=\"grid-item-title\">VACATURE: stagiair beleid<\/h2>\r\n                <span class=\"grid-item-date\">3 March 2015<\/span>\r\n                <div class=\"grid-item-excerpt\">Wil jij bijdragen aan een beter klimaat voor sociale ondernemingen? Denk jij graag na over&hellip;<\/div>\r\n                <!--<div><span class=\"grid-item-category\">Nieuws<\/span><\/div>-->\r\n            <\/div>\r\n        <\/a>\r\n                <a href=\"https:\/\/social-enterprise.nl\/en\/nieuws\/wr-een-enqute\/\" class=\"grid-item-link grid-item\">\r\n            <img loading=\"lazy\" decoding=\"async\" width=\"396\" height=\"158\" src=\"https:\/\/social-enterprise.nl\/wp-content\/uploads\/2024\/08\/561442412467_Enquetes_sociaal_ondernemers-1.jpg\" class=\"attachment-small size-small wp-post-image\" alt=\"\" \/>            <div class=\"grid-item-content\">\r\n                <h2 class=\"grid-item-title\">W&eacute;&eacute;r een enqu&ecirc;te?<\/h2>\r\n                <span class=\"grid-item-date\">1 March 2015<\/span>\r\n                <div class=\"grid-item-excerpt\">W\u00e9\u00e9r een enqu\u00eate? Dit moeten veel sociaal ondernemers denken wanneer er weer eens een vriendelijk&hellip;<\/div>\r\n                <!--<div><span class=\"grid-item-category\">Nieuws<\/span><\/div>-->\r\n            <\/div>\r\n        <\/a>\r\n                <a href=\"https:\/\/social-enterprise.nl\/en\/nieuws\/leeratelier-sociaal-ondernemerschap\/\" class=\"grid-item-link grid-item\">\r\n            <img loading=\"lazy\" decoding=\"async\" width=\"172\" height=\"69\" src=\"https:\/\/social-enterprise.nl\/wp-content\/uploads\/2024\/08\/991441290362_nsobgebouw_SER_Advies_social-2.jpg\" class=\"attachment-small size-small wp-post-image\" alt=\"\" \/>            <div class=\"grid-item-content\">\r\n                <h2 class=\"grid-item-title\">Leeratelier Sociaal Ondernemerschap<\/h2>\r\n                <span class=\"grid-item-date\">23 February 2015<\/span>\r\n                <div class=\"grid-item-excerpt\">De Nederlandse School voor Openbaar Bestuur (NSOB) en Social Enterprise NL slaan de handen ineen&hellip;<\/div>\r\n                <!--<div><span class=\"grid-item-category\">Nieuws<\/span><\/div>-->\r\n            <\/div>\r\n        <\/a>\r\n                <a href=\"https:\/\/social-enterprise.nl\/en\/nieuws\/snappcar-brengt-impact-autodelen-in-kaart\/\" class=\"grid-item-link grid-item\">\r\n            <img loading=\"lazy\" decoding=\"async\" width=\"400\" height=\"160\" src=\"https:\/\/social-enterprise.nl\/wp-content\/uploads\/2024\/08\/651442412468_snappcar_social_enterprise-1.jpg\" class=\"attachment-small size-small wp-post-image\" alt=\"\" \/>            <div class=\"grid-item-content\">\r\n                <h2 class=\"grid-item-title\">SnappCar brengt impact autodelen in kaart<\/h2>\r\n                <span class=\"grid-item-date\">3 February 2015<\/span>\r\n                <div class=\"grid-item-excerpt\">Deel een auto met iemand anders en je krijgt meer sociale contacten, wordt meer betrokken&hellip;<\/div>\r\n                <!--<div><span class=\"grid-item-category\">Nieuws<\/span><\/div>-->\r\n            <\/div>\r\n        <\/a>\r\n                <a href=\"https:\/\/social-enterprise.nl\/en\/nieuws\/overheid-kiest-voor-zuinig-niet-voor-groen\/\" class=\"grid-item-link grid-item\">\r\n            <img loading=\"lazy\" decoding=\"async\" width=\"2500\" height=\"1000\" src=\"https:\/\/social-enterprise.nl\/wp-content\/uploads\/2024\/08\/311441285387_021_geld_en_sociaal_ondernemerschap-1.jpg\" class=\"attachment-small size-small wp-post-image\" alt=\"\" srcset=\"https:\/\/social-enterprise.nl\/wp-content\/uploads\/2024\/08\/311441285387_021_geld_en_sociaal_ondernemerschap-1.jpg 2500w, https:\/\/social-enterprise.nl\/wp-content\/uploads\/2024\/08\/311441285387_021_geld_en_sociaal_ondernemerschap-1-768x307.jpg 768w, https:\/\/social-enterprise.nl\/wp-content\/uploads\/2024\/08\/311441285387_021_geld_en_sociaal_ondernemerschap-1-1536x614.jpg 1536w, https:\/\/social-enterprise.nl\/wp-content\/uploads\/2024\/08\/311441285387_021_geld_en_sociaal_ondernemerschap-1-2048x819.jpg 2048w\" sizes=\"auto, (max-width: 2500px) 100vw, 2500px\" \/>            <div class=\"grid-item-content\">\r\n                <h2 class=\"grid-item-title\">&quot;Overheid kiest voor zuinig, niet voor groen&quot;<\/h2>\r\n                <span class=\"grid-item-date\">30 January 2015<\/span>\r\n                <div class=\"grid-item-excerpt\">De overheid houdt zich niet aan haar beloften om milieubewust in te kopen. Vier jaar&hellip;<\/div>\r\n                <!--<div><span class=\"grid-item-category\">Nieuws<\/span><\/div>-->\r\n            <\/div>\r\n        <\/a>\r\n                <a href=\"https:\/\/social-enterprise.nl\/en\/nieuws\/cbs-onderstreept-belang-sociale-firma\/\" class=\"grid-item-link grid-item\">\r\n            <img loading=\"lazy\" decoding=\"async\" width=\"2500\" height=\"1000\" src=\"https:\/\/social-enterprise.nl\/wp-content\/uploads\/2024\/08\/911441285330_02_Social_enterpise_events_zaken_doen-1.jpg\" class=\"attachment-small size-small wp-post-image\" alt=\"\" srcset=\"https:\/\/social-enterprise.nl\/wp-content\/uploads\/2024\/08\/911441285330_02_Social_enterpise_events_zaken_doen-1.jpg 2500w, https:\/\/social-enterprise.nl\/wp-content\/uploads\/2024\/08\/911441285330_02_Social_enterpise_events_zaken_doen-1-768x307.jpg 768w, https:\/\/social-enterprise.nl\/wp-content\/uploads\/2024\/08\/911441285330_02_Social_enterpise_events_zaken_doen-1-1536x614.jpg 1536w, https:\/\/social-enterprise.nl\/wp-content\/uploads\/2024\/08\/911441285330_02_Social_enterpise_events_zaken_doen-1-2048x819.jpg 2048w\" sizes=\"auto, (max-width: 2500px) 100vw, 2500px\" \/>            <div class=\"grid-item-content\">\r\n                <h2 class=\"grid-item-title\">CBS onderstreept belang sociale firma<\/h2>\r\n                <span class=\"grid-item-date\">29 January 2015<\/span>\r\n                <div class=\"grid-item-excerpt\">Vanochtend maakte\u00a0het CBS bekend dat in 2013 \u00e9\u00e9n op de drie arbeidsgehandicapten betaald werk deed.\u00a0Personen&hellip;<\/div>\r\n                <!--<div><span class=\"grid-item-category\">Nieuws<\/span><\/div>-->\r\n            <\/div>\r\n        <\/a>\r\n                <a href=\"https:\/\/social-enterprise.nl\/en\/nieuws\/terugblik-werkconferentie-ser-over-sociaal-ondernemerschap\/\" class=\"grid-item-link grid-item\">\r\n            <img loading=\"lazy\" decoding=\"async\" width=\"350\" height=\"262\" src=\"https:\/\/social-enterprise.nl\/wp-content\/uploads\/2024\/08\/691441049454_ser-1.jpg\" class=\"attachment-small size-small wp-post-image\" alt=\"\" \/>            <div class=\"grid-item-content\">\r\n                <h2 class=\"grid-item-title\">Terugblik werkconferentie SER over sociaal ondernemerschap<\/h2>\r\n                <span class=\"grid-item-date\">26 January 2015<\/span>\r\n                <div class=\"grid-item-excerpt\">Op 19 januari organiseerde de SER een interactieve werkconferentie rondom sociaal ondernemerschap. Zo&#8217;n honderd sociaal&hellip;<\/div>\r\n                <!--<div><span class=\"grid-item-category\">Nieuws<\/span><\/div>-->\r\n            <\/div>\r\n        <\/a>\r\n                <a href=\"https:\/\/social-enterprise.nl\/en\/nieuws\/abn-amro-investeert-in-social-enterprise-ttc\/\" class=\"grid-item-link grid-item\">\r\n            <img loading=\"lazy\" decoding=\"async\" width=\"1500\" height=\"1125\" src=\"https:\/\/social-enterprise.nl\/wp-content\/uploads\/2024\/08\/921441049455_Text_to_Change-1.jpg\" class=\"attachment-small size-small wp-post-image\" alt=\"\" srcset=\"https:\/\/social-enterprise.nl\/wp-content\/uploads\/2024\/08\/921441049455_Text_to_Change-1.jpg 1500w, https:\/\/social-enterprise.nl\/wp-content\/uploads\/2024\/08\/921441049455_Text_to_Change-1-768x576.jpg 768w\" sizes=\"auto, (max-width: 1500px) 100vw, 1500px\" \/>            <div class=\"grid-item-content\">\r\n                <h2 class=\"grid-item-title\">ABN AMRO investeert in social enterprise TTC<\/h2>\r\n                <span class=\"grid-item-date\">26 January 2015<\/span>\r\n                <div class=\"grid-item-excerpt\">ABN AMRO heeft een van de grootste social impact investeringen van Nederland gedaan in&#160;TTC (voorheen&hellip;<\/div>\r\n                <!--<div><span class=\"grid-item-category\">Nieuws<\/span><\/div>-->\r\n            <\/div>\r\n        <\/a>\r\n                <a href=\"https:\/\/social-enterprise.nl\/en\/nieuws\/nieuw-boost-programma-voor-social-start-ups\/\" class=\"grid-item-link grid-item\">\r\n            <img loading=\"lazy\" decoding=\"async\" width=\"1000\" height=\"760\" src=\"https:\/\/social-enterprise.nl\/wp-content\/uploads\/2024\/08\/701441049454_nb_SE_Start-1.png\" class=\"attachment-small size-small wp-post-image\" alt=\"\" srcset=\"https:\/\/social-enterprise.nl\/wp-content\/uploads\/2024\/08\/701441049454_nb_SE_Start-1.png 1000w, https:\/\/social-enterprise.nl\/wp-content\/uploads\/2024\/08\/701441049454_nb_SE_Start-1-768x584.png 768w\" sizes=\"auto, (max-width: 1000px) 100vw, 1000px\" \/>            <div class=\"grid-item-content\">\r\n                <h2 class=\"grid-item-title\">Nieuw! BOOST-programma voor social start-ups<\/h2>\r\n                <span class=\"grid-item-date\">16 January 2015<\/span>\r\n                <div class=\"grid-item-excerpt\">Naast het \u2018reguliere\u2019 lidmaatschap biedt Social Enterprise NL vanaf 2015\u00a0ook een\u00a0lidmaatschap\u00a0aan dat speciaal is ontwikkeld&hellip;<\/div>\r\n                <!--<div><span class=\"grid-item-category\">Nieuws<\/span><\/div>-->\r\n            <\/div>\r\n        <\/a>\r\n                <a href=\"https:\/\/social-enterprise.nl\/en\/nieuws\/zevende-druk-verbeter-de-wereld-begin-een-bedrijf\/\" class=\"grid-item-link grid-item\">\r\n            <img loading=\"lazy\" decoding=\"async\" width=\"1581\" height=\"1067\" src=\"https:\/\/social-enterprise.nl\/wp-content\/uploads\/2024\/08\/311441049454_cover_boek_klein-1.jpg\" class=\"attachment-small size-small wp-post-image\" alt=\"\" srcset=\"https:\/\/social-enterprise.nl\/wp-content\/uploads\/2024\/08\/311441049454_cover_boek_klein-1.jpg 1581w, https:\/\/social-enterprise.nl\/wp-content\/uploads\/2024\/08\/311441049454_cover_boek_klein-1-768x518.jpg 768w, https:\/\/social-enterprise.nl\/wp-content\/uploads\/2024\/08\/311441049454_cover_boek_klein-1-1536x1037.jpg 1536w\" sizes=\"auto, (max-width: 1581px) 100vw, 1581px\" \/>            <div class=\"grid-item-content\">\r\n                <h2 class=\"grid-item-title\">Zevende druk &#039;Verbeter de Wereld, Begin een Bedrijf&#039;<\/h2>\r\n                <span class=\"grid-item-date\">15 January 2015<\/span>\r\n                <div class=\"grid-item-excerpt\">Wij zijn trots!&#160;Afgelopen week kwam de zevende&#160;druk van &#8216;Verbeter de Wereld, Begin een Bedrijf&#8217; uit.&hellip;<\/div>\r\n                <!--<div><span class=\"grid-item-category\">Nieuws<\/span><\/div>-->\r\n            <\/div>\r\n        <\/a>\r\n                <a href=\"https:\/\/social-enterprise.nl\/en\/nieuws\/ser-organiseert-werkconferentie-rondom-sociaal-ondernemerschap\/\" class=\"grid-item-link grid-item\">\r\n            <img loading=\"lazy\" decoding=\"async\" width=\"350\" height=\"262\" src=\"https:\/\/social-enterprise.nl\/wp-content\/uploads\/2024\/08\/691441049454_ser-2.jpg\" class=\"attachment-small size-small wp-post-image\" alt=\"\" \/>            <div class=\"grid-item-content\">\r\n                <h2 class=\"grid-item-title\">SER organiseert werkconferentie rondom sociaal ondernemerschap<\/h2>\r\n                <span class=\"grid-item-date\">14 January 2015<\/span>\r\n                <div class=\"grid-item-excerpt\">Afgelopen juni deed minister Asscher een adviesaanvraag bij de SER over sociaal ondernemerschap. De SER-commissie&hellip;<\/div>\r\n                <!--<div><span class=\"grid-item-category\">Nieuws<\/span><\/div>-->\r\n            <\/div>\r\n        <\/a>\r\n                <a href=\"https:\/\/social-enterprise.nl\/en\/nieuws\/nominaties-social-enterprise-scriptie-event-2014\/\" class=\"grid-item-link grid-item\">\r\n                        <div class=\"grid-item-content\">\r\n                <h2 class=\"grid-item-title\">Nominaties Social Enterprise Scriptie Event 2014<\/h2>\r\n                <span class=\"grid-item-date\">30 December 2014<\/span>\r\n                <div class=\"grid-item-excerpt\">Femke Lotgerink is de winnaar van de Social Enterprise Scriptieprijs 2014. Lotgerink schreef haar scriptie&hellip;<\/div>\r\n                <!--<div><span class=\"grid-item-category\">Nieuws<\/span><\/div>-->\r\n            <\/div>\r\n        <\/a>\r\n                <a href=\"https:\/\/social-enterprise.nl\/en\/nieuws\/moties-in-tweede-kamer-aangenomen\/\" class=\"grid-item-link grid-item\">\r\n                        <div class=\"grid-item-content\">\r\n                <h2 class=\"grid-item-title\">Moties in Tweede Kamer aangenomen<\/h2>\r\n                <span class=\"grid-item-date\">17 December 2014<\/span>\r\n                <div class=\"grid-item-excerpt\">Op 12 december&#160;hebben Tweede Kamerleden Carola Schouten (ChristenUnie) en John Kerstens (PvdA) een motie ingediend&hellip;<\/div>\r\n                <!--<div><span class=\"grid-item-category\">Nieuws<\/span><\/div>-->\r\n            <\/div>\r\n        <\/a>\r\n                <a href=\"https:\/\/social-enterprise.nl\/en\/nieuws\/deelnemers-next-level-programma-pitchen-voor-groep-impactinvesteerders\/\" class=\"grid-item-link grid-item\">\r\n            <img loading=\"lazy\" decoding=\"async\" width=\"1200\" height=\"900\" src=\"https:\/\/social-enterprise.nl\/wp-content\/uploads\/2014\/12\/831441049453_P1100993-1-scaled-1.jpg\" class=\"attachment-small size-small wp-post-image\" alt=\"\" srcset=\"https:\/\/social-enterprise.nl\/wp-content\/uploads\/2014\/12\/831441049453_P1100993-1-scaled-1.jpg 1200w, https:\/\/social-enterprise.nl\/wp-content\/uploads\/2014\/12\/831441049453_P1100993-1-scaled-1-768x576.jpg 768w, https:\/\/social-enterprise.nl\/wp-content\/uploads\/2014\/12\/831441049453_P1100993-1-scaled-1-16x12.jpg 16w\" sizes=\"auto, (max-width: 1200px) 100vw, 1200px\" \/>            <div class=\"grid-item-content\">\r\n                <h2 class=\"grid-item-title\">Deelnemers Next Level programma pitchen voor groep impactinvesteerders<\/h2>\r\n                <span class=\"grid-item-date\">12 December 2014<\/span>\r\n                <div class=\"grid-item-excerpt\">Het Next Level programma is een programma voor leden van Social Enterprise NL die serieuze&hellip;<\/div>\r\n                <!--<div><span class=\"grid-item-category\">Nieuws<\/span><\/div>-->\r\n            <\/div>\r\n        <\/a>\r\n                <a href=\"https:\/\/social-enterprise.nl\/en\/nieuws\/europese-social-enterprise-organisaties-bijeen-in-amsterdam\/\" class=\"grid-item-link grid-item\">\r\n            <img loading=\"lazy\" decoding=\"async\" width=\"220\" height=\"220\" src=\"https:\/\/social-enterprise.nl\/wp-content\/uploads\/2024\/08\/231441049451_015_Social_enterprises_in_Europe_small-1.jpg\" class=\"attachment-small size-small wp-post-image\" alt=\"\" \/>            <div class=\"grid-item-content\">\r\n                <h2 class=\"grid-item-title\">Europese social enterprise-organisaties bijeen in Amsterdam<\/h2>\r\n                <span class=\"grid-item-date\">3 December 2014<\/span>\r\n                <div class=\"grid-item-excerpt\">Sociaal ondernemerschap is wereldwijd enorm in opkomst. Veel Europese landen en ook de EU voeren&hellip;<\/div>\r\n                <!--<div><span class=\"grid-item-category\">Nieuws<\/span><\/div>-->\r\n            <\/div>\r\n        <\/a>\r\n                <a href=\"https:\/\/social-enterprise.nl\/en\/nieuws\/vers-van-de-pers-iedereen-werk-iedereen-winst\/\" class=\"grid-item-link grid-item\">\r\n            <img loading=\"lazy\" decoding=\"async\" width=\"744\" height=\"489\" src=\"https:\/\/social-enterprise.nl\/wp-content\/uploads\/2024\/08\/861441049451_voorkant_groot_nieuws-1.png\" class=\"attachment-small size-small wp-post-image\" alt=\"\" \/>            <div class=\"grid-item-content\">\r\n                <h2 class=\"grid-item-title\">Vers van de pers: Iedereen Werk, Iedereen Winst<\/h2>\r\n                <span class=\"grid-item-date\">28 November 2014<\/span>\r\n                <div class=\"grid-item-excerpt\">Op 28 november 2014 werd&#160;het eerste exemplaar van Iedereen Werk, Iedereen Winst, het nieuwste&#160;boek van&hellip;<\/div>\r\n                <!--<div><span class=\"grid-item-category\">Nieuws<\/span><\/div>-->\r\n            <\/div>\r\n        <\/a>\r\n                <a href=\"https:\/\/social-enterprise.nl\/en\/nieuws\/groot-europees-onderzoek-social-enterprise-sector-zal-groeien\/\" class=\"grid-item-link grid-item\">\r\n            <img loading=\"lazy\" decoding=\"async\" width=\"275\" height=\"183\" src=\"https:\/\/social-enterprise.nl\/wp-content\/uploads\/2024\/08\/981441049451_rome-1.jpg\" class=\"attachment-small size-small wp-post-image\" alt=\"\" \/>            <div class=\"grid-item-content\">\r\n                <h2 class=\"grid-item-title\">Groot Europees onderzoek: Social enterprise sector zal groeien<\/h2>\r\n                <span class=\"grid-item-date\">20 November 2014<\/span>\r\n                <div class=\"grid-item-excerpt\">Hoe moet de toekomst van het Social Business Initiative van de Europese Commissie eruit zien?&hellip;<\/div>\r\n                <!--<div><span class=\"grid-item-category\">Nieuws<\/span><\/div>-->\r\n            <\/div>\r\n        <\/a>\r\n                <a href=\"https:\/\/social-enterprise.nl\/en\/nieuws\/ace-start-nieuwe-leergang-sociaal-ondernemen\/\" class=\"grid-item-link grid-item\">\r\n            <img loading=\"lazy\" decoding=\"async\" width=\"595\" height=\"396\" src=\"https:\/\/social-enterprise.nl\/wp-content\/uploads\/2024\/08\/551441049451_aceleergang-1.jpg\" class=\"attachment-small size-small wp-post-image\" alt=\"\" \/>            <div class=\"grid-item-content\">\r\n                <h2 class=\"grid-item-title\">ACE start nieuwe leergang sociaal ondernemen<\/h2>\r\n                <span class=\"grid-item-date\">18 November 2014<\/span>\r\n                <div class=\"grid-item-excerpt\">Speciaal voor sociale ondernemers, die een zakelijke ambitie combineren met een maatschappelijke missie start het&hellip;<\/div>\r\n                <!--<div><span class=\"grid-item-category\">Nieuws<\/span><\/div>-->\r\n            <\/div>\r\n        <\/a>\r\n                <a href=\"https:\/\/social-enterprise.nl\/en\/nieuws\/vanaf-28-november-te-koop-iedereen-werk-iedereen-winst\/\" class=\"grid-item-link grid-item\">\r\n            <img loading=\"lazy\" decoding=\"async\" width=\"744\" height=\"489\" src=\"https:\/\/social-enterprise.nl\/wp-content\/uploads\/2024\/08\/861441049451_voorkant_groot_nieuws-2.png\" class=\"attachment-small size-small wp-post-image\" alt=\"\" \/>            <div class=\"grid-item-content\">\r\n                <h2 class=\"grid-item-title\">Vanaf 28 november te koop: Iedereen Werk, Iedereen Winst<\/h2>\r\n                <span class=\"grid-item-date\">18 November 2014<\/span>\r\n                <div class=\"grid-item-excerpt\">Sociale firma\u2019s bieden werk aan veel mensen met een arbeidsbeperking, dat is hun missie. Zo&hellip;<\/div>\r\n                <!--<div><span class=\"grid-item-category\">Nieuws<\/span><\/div>-->\r\n            <\/div>\r\n        <\/a>\r\n                <a href=\"https:\/\/social-enterprise.nl\/en\/nieuws\/nieuw-boek-michael-jongeneel-triodos\/\" class=\"grid-item-link grid-item\">\r\n            <img loading=\"lazy\" decoding=\"async\" width=\"800\" height=\"600\" src=\"https:\/\/social-enterprise.nl\/wp-content\/uploads\/2024\/08\/401441049451_8essentielestappen2-1.jpg\" class=\"attachment-small size-small wp-post-image\" alt=\"\" srcset=\"https:\/\/social-enterprise.nl\/wp-content\/uploads\/2024\/08\/401441049451_8essentielestappen2-1.jpg 800w, https:\/\/social-enterprise.nl\/wp-content\/uploads\/2024\/08\/401441049451_8essentielestappen2-1-768x576.jpg 768w\" sizes=\"auto, (max-width: 800px) 100vw, 800px\" \/>            <div class=\"grid-item-content\">\r\n                <h2 class=\"grid-item-title\">Nieuw boek Michael Jongeneel (Triodos)<\/h2>\r\n                <span class=\"grid-item-date\">17 November 2014<\/span>\r\n                <div class=\"grid-item-excerpt\">Er moeten in het bedrijfsleven nieuwe leiders opstaan,\u00a0die zich aanpassen aan de laatste economische, politieke&hellip;<\/div>\r\n                <!--<div><span class=\"grid-item-category\">Nieuws<\/span><\/div>-->\r\n            <\/div>\r\n        <\/a>\r\n                <a href=\"https:\/\/social-enterprise.nl\/en\/nieuws\/preview-2-iedereen-werk-iedereen-winst\/\" class=\"grid-item-link grid-item\">\r\n            <img loading=\"lazy\" decoding=\"async\" width=\"775\" height=\"594\" src=\"https:\/\/social-enterprise.nl\/wp-content\/uploads\/2024\/08\/861441049450_iwiw_preview-1.png\" class=\"attachment-small size-small wp-post-image\" alt=\"\" srcset=\"https:\/\/social-enterprise.nl\/wp-content\/uploads\/2024\/08\/861441049450_iwiw_preview-1.png 775w, https:\/\/social-enterprise.nl\/wp-content\/uploads\/2024\/08\/861441049450_iwiw_preview-1-768x589.png 768w\" sizes=\"auto, (max-width: 775px) 100vw, 775px\" \/>            <div class=\"grid-item-content\">\r\n                <h2 class=\"grid-item-title\">Preview #2: Iedereen Werk, Iedereen Winst<\/h2>\r\n                <span class=\"grid-item-date\">7 November 2014<\/span>\r\n                <div class=\"grid-item-excerpt\">Dit interview is een sneak preview van het boek Iedereen Werk, Iedereen Winst, dat op&hellip;<\/div>\r\n                <!--<div><span class=\"grid-item-category\">Nieuws<\/span><\/div>-->\r\n            <\/div>\r\n        <\/a>\r\n                <a href=\"https:\/\/social-enterprise.nl\/en\/nieuws\/artikel-op-sociale-vraagstukken-relatie-gemeente-en-sociaal-ondernemers-kan-veel-beter\/\" class=\"grid-item-link grid-item\">\r\n            <img loading=\"lazy\" decoding=\"async\" width=\"1000\" height=\"1000\" src=\"https:\/\/social-enterprise.nl\/wp-content\/uploads\/2024\/08\/421441049446_savethedate_congres-1.jpg\" class=\"attachment-small size-small wp-post-image\" alt=\"\" srcset=\"https:\/\/social-enterprise.nl\/wp-content\/uploads\/2024\/08\/421441049446_savethedate_congres-1.jpg 1000w, https:\/\/social-enterprise.nl\/wp-content\/uploads\/2024\/08\/421441049446_savethedate_congres-1-768x768.jpg 768w\" sizes=\"auto, (max-width: 1000px) 100vw, 1000px\" \/>            <div class=\"grid-item-content\">\r\n                <h2 class=\"grid-item-title\">Artikel op Sociale Vraagstukken: &#039;Relatie gemeente en sociaal ondernemers kan veel beter&#039;<\/h2>\r\n                <span class=\"grid-item-date\">5 November 2014<\/span>\r\n                <div class=\"grid-item-excerpt\">Verouderde beeldvorming en het gebrek aan beleidskaders staan een goede samenwerking tussen ambtenaren en sociaal&hellip;<\/div>\r\n                <!--<div><span class=\"grid-item-category\">Nieuws<\/span><\/div>-->\r\n            <\/div>\r\n        <\/a>\r\n                <a href=\"https:\/\/social-enterprise.nl\/en\/nieuws\/blog-next-level-2-financiering-impact-meten\/\" class=\"grid-item-link grid-item\">\r\n            <img loading=\"lazy\" decoding=\"async\" width=\"924\" height=\"924\" src=\"https:\/\/social-enterprise.nl\/wp-content\/uploads\/2024\/08\/281441049450_NL_2_001-1.jpg\" class=\"attachment-small size-small wp-post-image\" alt=\"\" srcset=\"https:\/\/social-enterprise.nl\/wp-content\/uploads\/2024\/08\/281441049450_NL_2_001-1.jpg 924w, https:\/\/social-enterprise.nl\/wp-content\/uploads\/2024\/08\/281441049450_NL_2_001-1-768x768.jpg 768w\" sizes=\"auto, (max-width: 924px) 100vw, 924px\" \/>            <div class=\"grid-item-content\">\r\n                <h2 class=\"grid-item-title\">Blog Next Level #2: Financiering &amp; Impact Meten<\/h2>\r\n                <span class=\"grid-item-date\">23 October 2014<\/span>\r\n                <div class=\"grid-item-excerpt\">De deelnemers van het Next Level programma, 8 social enterprises met een serieuze groeiambitie, kwamen&hellip;<\/div>\r\n                <!--<div><span class=\"grid-item-category\">Nieuws<\/span><\/div>-->\r\n            <\/div>\r\n        <\/a>\r\n                <a href=\"https:\/\/social-enterprise.nl\/en\/nieuws\/social-impact-ventures-investeert-in-taxi-electric\/\" class=\"grid-item-link grid-item\">\r\n            <img loading=\"lazy\" decoding=\"async\" width=\"1396\" height=\"1002\" src=\"https:\/\/social-enterprise.nl\/wp-content\/uploads\/2024\/08\/921441049448_filantr_niews-1.jpg\" class=\"attachment-small size-small wp-post-image\" alt=\"\" srcset=\"https:\/\/social-enterprise.nl\/wp-content\/uploads\/2024\/08\/921441049448_filantr_niews-1.jpg 1396w, https:\/\/social-enterprise.nl\/wp-content\/uploads\/2024\/08\/921441049448_filantr_niews-1-768x551.jpg 768w\" sizes=\"auto, (max-width: 1396px) 100vw, 1396px\" \/>            <div class=\"grid-item-content\">\r\n                <h2 class=\"grid-item-title\">Social Impact Ventures investeert in Taxi Electric<\/h2>\r\n                <span class=\"grid-item-date\">22 October 2014<\/span>\r\n                <div class=\"grid-item-excerpt\">Social Impact Ventures NL&#160;heeft haar eerste investering gedaan&#160;in Taxi Electric. Het begin dit jaar opgerichte&hellip;<\/div>\r\n                <!--<div><span class=\"grid-item-category\">Nieuws<\/span><\/div>-->\r\n            <\/div>\r\n        <\/a>\r\n                <a href=\"https:\/\/social-enterprise.nl\/en\/nieuws\/preview-1-iedereen-werk-iedereen-winst\/\" class=\"grid-item-link grid-item\">\r\n            <img loading=\"lazy\" decoding=\"async\" width=\"775\" height=\"594\" src=\"https:\/\/social-enterprise.nl\/wp-content\/uploads\/2024\/08\/861441049450_iwiw_preview-2.png\" class=\"attachment-small size-small wp-post-image\" alt=\"\" srcset=\"https:\/\/social-enterprise.nl\/wp-content\/uploads\/2024\/08\/861441049450_iwiw_preview-2.png 775w, https:\/\/social-enterprise.nl\/wp-content\/uploads\/2024\/08\/861441049450_iwiw_preview-2-768x589.png 768w\" sizes=\"auto, (max-width: 775px) 100vw, 775px\" \/>            <div class=\"grid-item-content\">\r\n                <h2 class=\"grid-item-title\">Preview #1: Iedereen Werk, Iedereen Winst<\/h2>\r\n                <span class=\"grid-item-date\">20 October 2014<\/span>\r\n                <div class=\"grid-item-excerpt\">Dit interview is een sneak preview van het boek Iedereen Werk, Iedereen Winst, dat op&hellip;<\/div>\r\n                <!--<div><span class=\"grid-item-category\">Nieuws<\/span><\/div>-->\r\n            <\/div>\r\n        <\/a>\r\n                <a href=\"https:\/\/social-enterprise.nl\/en\/nieuws\/zesde-druk-verbeter-de-wereld-begin-een-bedrijf\/\" class=\"grid-item-link grid-item\">\r\n            <img loading=\"lazy\" decoding=\"async\" width=\"400\" height=\"300\" src=\"https:\/\/social-enterprise.nl\/wp-content\/uploads\/2024\/08\/571441049450_boek_cover2-1.jpg\" class=\"attachment-small size-small wp-post-image\" alt=\"\" \/>            <div class=\"grid-item-content\">\r\n                <h2 class=\"grid-item-title\">Zesde druk &#039;Verbeter de Wereld, Begin een Bedrijf&#039;<\/h2>\r\n                <span class=\"grid-item-date\">29 September 2014<\/span>\r\n                <div class=\"grid-item-excerpt\">Wij zijn trots!&#160;Afgelopen week kwam de zesde druk van 'Verbeter de Wereld, Begin een Bedrijf'&hellip;<\/div>\r\n                <!--<div><span class=\"grid-item-category\">Nieuws<\/span><\/div>-->\r\n            <\/div>\r\n        <\/a>\r\n                <a href=\"https:\/\/social-enterprise.nl\/en\/nieuws\/blog-next-level-1-next-level-programma-van-start\/\" class=\"grid-item-link grid-item\">\r\n            <img loading=\"lazy\" decoding=\"async\" width=\"1253\" height=\"877\" src=\"https:\/\/social-enterprise.nl\/wp-content\/uploads\/2024\/08\/541441049449_next_level-1.jpg\" class=\"attachment-small size-small wp-post-image\" alt=\"\" srcset=\"https:\/\/social-enterprise.nl\/wp-content\/uploads\/2024\/08\/541441049449_next_level-1.jpg 1253w, https:\/\/social-enterprise.nl\/wp-content\/uploads\/2024\/08\/541441049449_next_level-1-768x538.jpg 768w\" sizes=\"auto, (max-width: 1253px) 100vw, 1253px\" \/>            <div class=\"grid-item-content\">\r\n                <h2 class=\"grid-item-title\">Blog Next Level #1: Next Level programma van start!<\/h2>\r\n                <span class=\"grid-item-date\">23 September 2014<\/span>\r\n                <div class=\"grid-item-excerpt\">Afgelopen weekend ging Social Enterprise &#8211; Next Level officieel van start en maakten de 8&hellip;<\/div>\r\n                <!--<div><span class=\"grid-item-category\">Nieuws<\/span><\/div>-->\r\n            <\/div>\r\n        <\/a>\r\n                <a href=\"https:\/\/social-enterprise.nl\/en\/nieuws\/gastblog-nick-temple-director-social-enterprise-uk\/\" class=\"grid-item-link grid-item\">\r\n            <img loading=\"lazy\" decoding=\"async\" width=\"400\" height=\"270\" src=\"https:\/\/social-enterprise.nl\/wp-content\/uploads\/2024\/08\/251441049449_nick_temple_20140120050529949_1_-1.jpg\" class=\"attachment-small size-small wp-post-image\" alt=\"\" \/>            <div class=\"grid-item-content\">\r\n                <h2 class=\"grid-item-title\">Gastblog: Nick Temple | Director Social Enterprise UK<\/h2>\r\n                <span class=\"grid-item-date\">22 September 2014<\/span>\r\n                <div class=\"grid-item-excerpt\">Nick Temple (Director Social Enterprise UK) was op 4 september te gast bij het congres&hellip;<\/div>\r\n                <!--<div><span class=\"grid-item-category\">Nieuws<\/span><\/div>-->\r\n            <\/div>\r\n        <\/a>\r\n                <a href=\"https:\/\/social-enterprise.nl\/en\/nieuws\/start-acceleratieprogramma-voor-social-start-ups\/\" class=\"grid-item-link grid-item\">\r\n            <img loading=\"lazy\" decoding=\"async\" width=\"577\" height=\"401\" src=\"https:\/\/social-enterprise.nl\/wp-content\/uploads\/2024\/08\/171441049449_60_day_challenge_banner_win_prize_klein-1.png\" class=\"attachment-small size-small wp-post-image\" alt=\"\" \/>            <div class=\"grid-item-content\">\r\n                <h2 class=\"grid-item-title\">Start acceleratieprogramma voor social start-ups<\/h2>\r\n                <span class=\"grid-item-date\">21 September 2014<\/span>\r\n                <div class=\"grid-item-excerpt\">Vanaf oktober start&#160;Impact HUB Amsterdam&#160;i.s.m.&#160;Social Enterprise NL een nieuw acceleratieprogramma voor start-ups. Tijdens de 60-Day&hellip;<\/div>\r\n                <!--<div><span class=\"grid-item-category\">Nieuws<\/span><\/div>-->\r\n            <\/div>\r\n        <\/a>\r\n                <a href=\"https:\/\/social-enterprise.nl\/en\/nieuws\/25-sept-online-college-van-mark-hillen\/\" class=\"grid-item-link grid-item\">\r\n            <img loading=\"lazy\" decoding=\"async\" width=\"467\" height=\"337\" src=\"https:\/\/social-enterprise.nl\/wp-content\/uploads\/2024\/08\/291441049449_omooc-1.jpg\" class=\"attachment-small size-small wp-post-image\" alt=\"\" \/>            <div class=\"grid-item-content\">\r\n                <h2 class=\"grid-item-title\">25 sept: online college van Mark Hillen<\/h2>\r\n                <span class=\"grid-item-date\">21 September 2014<\/span>\r\n                <div class=\"grid-item-excerpt\">Op donderdag 25 september om 12.00 uur kun je een online college van&#160;Mark Hillen (mede-oprichter&hellip;<\/div>\r\n                <!--<div><span class=\"grid-item-category\">Nieuws<\/span><\/div>-->\r\n            <\/div>\r\n        <\/a>\r\n                <a href=\"https:\/\/social-enterprise.nl\/en\/nieuws\/sociale-ondernemingen-in-trek-bij-filantropen\/\" class=\"grid-item-link grid-item\">\r\n            <img loading=\"lazy\" decoding=\"async\" width=\"1396\" height=\"1002\" src=\"https:\/\/social-enterprise.nl\/wp-content\/uploads\/2024\/08\/921441049448_filantr_niews-2.jpg\" class=\"attachment-small size-small wp-post-image\" alt=\"\" srcset=\"https:\/\/social-enterprise.nl\/wp-content\/uploads\/2024\/08\/921441049448_filantr_niews-2.jpg 1396w, https:\/\/social-enterprise.nl\/wp-content\/uploads\/2024\/08\/921441049448_filantr_niews-2-768x551.jpg 768w\" sizes=\"auto, (max-width: 1396px) 100vw, 1396px\" \/>            <div class=\"grid-item-content\">\r\n                <h2 class=\"grid-item-title\">Sociale ondernemingen in trek bij filantropen<\/h2>\r\n                <span class=\"grid-item-date\">10 September 2014<\/span>\r\n                <div class=\"grid-item-excerpt\">Het investeren in sociale ondernemingen was het afgelopen jaar behoorlijk in trek. Dat blijkt uit&hellip;<\/div>\r\n                <!--<div><span class=\"grid-item-category\">Nieuws<\/span><\/div>-->\r\n            <\/div>\r\n        <\/a>\r\n                <a href=\"https:\/\/social-enterprise.nl\/en\/nieuws\/gemeentecongres-groot-succes-presentaties-online\/\" class=\"grid-item-link grid-item\">\r\n            <img loading=\"lazy\" decoding=\"async\" width=\"300\" height=\"300\" src=\"https:\/\/social-enterprise.nl\/wp-content\/uploads\/2024\/08\/971441049448_savethedate_congres_300x300-1.jpg\" class=\"attachment-small size-small wp-post-image\" alt=\"\" \/>            <div class=\"grid-item-content\">\r\n                <h2 class=\"grid-item-title\">Gemeentecongres groot succes &#8211; presentaties online<\/h2>\r\n                <span class=\"grid-item-date\">9 September 2014<\/span>\r\n                <div class=\"grid-item-excerpt\">Op 4 september vond het congres \"De social enterprise als businesspartner van de gemeente\" plaats.&hellip;<\/div>\r\n                <!--<div><span class=\"grid-item-category\">Nieuws<\/span><\/div>-->\r\n            <\/div>\r\n        <\/a>\r\n                <a href=\"https:\/\/social-enterprise.nl\/en\/nieuws\/interview-naar-een-social-enterprise-vriendelijke-gemeente\/\" class=\"grid-item-link grid-item\">\r\n            <img loading=\"lazy\" decoding=\"async\" width=\"1190\" height=\"844\" src=\"https:\/\/social-enterprise.nl\/wp-content\/uploads\/2024\/08\/461441049444_coming_soon-1.jpg\" class=\"attachment-small size-small wp-post-image\" alt=\"\" srcset=\"https:\/\/social-enterprise.nl\/wp-content\/uploads\/2024\/08\/461441049444_coming_soon-1.jpg 1190w, https:\/\/social-enterprise.nl\/wp-content\/uploads\/2024\/08\/461441049444_coming_soon-1-768x545.jpg 768w\" sizes=\"auto, (max-width: 1190px) 100vw, 1190px\" \/>            <div class=\"grid-item-content\">\r\n                <h2 class=\"grid-item-title\">Interview: Naar een social enterprise vriendelijke gemeente<\/h2>\r\n                <span class=\"grid-item-date\">11 August 2014<\/span>\r\n                <div class=\"grid-item-excerpt\">In aanloop naar het congres &#8220;De social enterprise als businesspartner van de gemeenten&#8221; worden op&hellip;<\/div>\r\n                <!--<div><span class=\"grid-item-category\">Nieuws<\/span><\/div>-->\r\n            <\/div>\r\n        <\/a>\r\n                <a href=\"https:\/\/social-enterprise.nl\/en\/nieuws\/sociaal-ondernemers-toon-je-impact\/\" class=\"grid-item-link grid-item\">\r\n            <img loading=\"lazy\" decoding=\"async\" width=\"480\" height=\"357\" src=\"https:\/\/social-enterprise.nl\/wp-content\/uploads\/2024\/08\/361441049448_impactprogramma-1.jpg\" class=\"attachment-small size-small wp-post-image\" alt=\"\" \/>            <div class=\"grid-item-content\">\r\n                <h2 class=\"grid-item-title\">Sociaal ondernemers, toon je impact!<\/h2>\r\n                <span class=\"grid-item-date\">31 July 2014<\/span>\r\n                <div class=\"grid-item-excerpt\">Sociaal ondernemers zijn naast hun financi\u00eble doelstellingen in de eerste plaats gericht op het verwezenlijken&hellip;<\/div>\r\n                <!--<div><span class=\"grid-item-category\">Nieuws<\/span><\/div>-->\r\n            <\/div>\r\n        <\/a>\r\n                <a href=\"https:\/\/social-enterprise.nl\/en\/nieuws\/interview-van-een-achterstand-naar-een-voorsprong\/\" class=\"grid-item-link grid-item\">\r\n            <img loading=\"lazy\" decoding=\"async\" width=\"1394\" height=\"990\" src=\"https:\/\/social-enterprise.nl\/wp-content\/uploads\/2024\/08\/451441049447_ibn_int_bewerkt_1-1.jpg\" class=\"attachment-small size-small wp-post-image\" alt=\"\" srcset=\"https:\/\/social-enterprise.nl\/wp-content\/uploads\/2024\/08\/451441049447_ibn_int_bewerkt_1-1.jpg 1394w, https:\/\/social-enterprise.nl\/wp-content\/uploads\/2024\/08\/451441049447_ibn_int_bewerkt_1-1-768x545.jpg 768w\" sizes=\"auto, (max-width: 1394px) 100vw, 1394px\" \/>            <div class=\"grid-item-content\">\r\n                <h2 class=\"grid-item-title\">Interview: Van een achterstand naar een voorsprong?<\/h2>\r\n                <span class=\"grid-item-date\">30 July 2014<\/span>\r\n                <div class=\"grid-item-excerpt\">In aanloop naar het congres &#8220;De social enterprise als businesspartner van de gemeenten&#8221; worden op&hellip;<\/div>\r\n                <!--<div><span class=\"grid-item-category\">Nieuws<\/span><\/div>-->\r\n            <\/div>\r\n        <\/a>\r\n                <a href=\"https:\/\/social-enterprise.nl\/en\/nieuws\/sociaal-ondernemers-met-de-benen-op-tafel\/\" class=\"grid-item-link grid-item\">\r\n            <img loading=\"lazy\" decoding=\"async\" width=\"2500\" height=\"1000\" src=\"https:\/\/social-enterprise.nl\/wp-content\/uploads\/2024\/08\/891441049447_05_Events-1.jpg\" class=\"attachment-small size-small wp-post-image\" alt=\"\" srcset=\"https:\/\/social-enterprise.nl\/wp-content\/uploads\/2024\/08\/891441049447_05_Events-1.jpg 2500w, https:\/\/social-enterprise.nl\/wp-content\/uploads\/2024\/08\/891441049447_05_Events-1-768x307.jpg 768w, https:\/\/social-enterprise.nl\/wp-content\/uploads\/2024\/08\/891441049447_05_Events-1-1536x614.jpg 1536w, https:\/\/social-enterprise.nl\/wp-content\/uploads\/2024\/08\/891441049447_05_Events-1-2048x819.jpg 2048w\" sizes=\"auto, (max-width: 2500px) 100vw, 2500px\" \/>            <div class=\"grid-item-content\">\r\n                <h2 class=\"grid-item-title\">Sociaal ondernemers met de benen op tafel<\/h2>\r\n                <span class=\"grid-item-date\">29 July 2014<\/span>\r\n                <div class=\"grid-item-excerpt\">Social Enterprise NL linkt ondernemersvragen aan experts binnen ons partnernetwerk, maar uiteindelijk is de ondernemer&hellip;<\/div>\r\n                <!--<div><span class=\"grid-item-category\">Nieuws<\/span><\/div>-->\r\n            <\/div>\r\n        <\/a>\r\n                <a href=\"https:\/\/social-enterprise.nl\/en\/nieuws\/interview-naar-een-duurzaam-inkoopbeleid\/\" class=\"grid-item-link grid-item\">\r\n            <img loading=\"lazy\" decoding=\"async\" width=\"1338\" height=\"1000\" src=\"https:\/\/social-enterprise.nl\/wp-content\/uploads\/2024\/08\/331441049446_duurzaam_inkopen-1.jpg\" class=\"attachment-small size-small wp-post-image\" alt=\"\" srcset=\"https:\/\/social-enterprise.nl\/wp-content\/uploads\/2024\/08\/331441049446_duurzaam_inkopen-1.jpg 1338w, https:\/\/social-enterprise.nl\/wp-content\/uploads\/2024\/08\/331441049446_duurzaam_inkopen-1-768x574.jpg 768w\" sizes=\"auto, (max-width: 1338px) 100vw, 1338px\" \/>            <div class=\"grid-item-content\">\r\n                <h2 class=\"grid-item-title\">Interview: Naar een duurzaam inkoopbeleid<\/h2>\r\n                <span class=\"grid-item-date\">23 July 2014<\/span>\r\n                <div class=\"grid-item-excerpt\">In aanloop naar het congres &#8220;De social enterprise als businesspartner van de gemeenten&#8221; worden interviews&hellip;<\/div>\r\n                <!--<div><span class=\"grid-item-category\">Nieuws<\/span><\/div>-->\r\n            <\/div>\r\n        <\/a>\r\n                <a href=\"https:\/\/social-enterprise.nl\/en\/nieuws\/blog-de-maatschappelijke-onderneming-en-de-social-enterprise\/\" class=\"grid-item-link grid-item\">\r\n            <img loading=\"lazy\" decoding=\"async\" width=\"2500\" height=\"1000\" src=\"https:\/\/social-enterprise.nl\/wp-content\/uploads\/2024\/08\/351441049442_017_Publication_guides1-3.jpg\" class=\"attachment-small size-small wp-post-image\" alt=\"\" srcset=\"https:\/\/social-enterprise.nl\/wp-content\/uploads\/2024\/08\/351441049442_017_Publication_guides1-3.jpg 2500w, https:\/\/social-enterprise.nl\/wp-content\/uploads\/2024\/08\/351441049442_017_Publication_guides1-3-768x307.jpg 768w, https:\/\/social-enterprise.nl\/wp-content\/uploads\/2024\/08\/351441049442_017_Publication_guides1-3-1536x614.jpg 1536w, https:\/\/social-enterprise.nl\/wp-content\/uploads\/2024\/08\/351441049442_017_Publication_guides1-3-2048x819.jpg 2048w\" sizes=\"auto, (max-width: 2500px) 100vw, 2500px\" \/>            <div class=\"grid-item-content\">\r\n                <h2 class=\"grid-item-title\">Blog: De maatschappelijke onderneming en de social enterprise<\/h2>\r\n                <span class=\"grid-item-date\">17 July 2014<\/span>\r\n                <div class=\"grid-item-excerpt\">De maatschappelijke onderneming als rechtsvorm maakt geen deel uit van het regeerakkoord van Rutte II,&hellip;<\/div>\r\n                <!--<div><span class=\"grid-item-category\">Nieuws<\/span><\/div>-->\r\n            <\/div>\r\n        <\/a>\r\n                <a href=\"https:\/\/social-enterprise.nl\/en\/nieuws\/interview-via-sociaal-ondernemen-naar-meer-informele-zorg\/\" class=\"grid-item-link grid-item\">\r\n            <img loading=\"lazy\" decoding=\"async\" width=\"1000\" height=\"1000\" src=\"https:\/\/social-enterprise.nl\/wp-content\/uploads\/2024\/08\/421441049446_savethedate_congres-2.jpg\" class=\"attachment-small size-small wp-post-image\" alt=\"\" srcset=\"https:\/\/social-enterprise.nl\/wp-content\/uploads\/2024\/08\/421441049446_savethedate_congres-2.jpg 1000w, https:\/\/social-enterprise.nl\/wp-content\/uploads\/2024\/08\/421441049446_savethedate_congres-2-768x768.jpg 768w\" sizes=\"auto, (max-width: 1000px) 100vw, 1000px\" \/>            <div class=\"grid-item-content\">\r\n                <h2 class=\"grid-item-title\">Interview: Via sociaal ondernemen naar meer informele zorg<\/h2>\r\n                <span class=\"grid-item-date\">11 July 2014<\/span>\r\n                <div class=\"grid-item-excerpt\">In aanloop naar het congres &#8220;De social enterprise als businesspartner van de gemeenten&#8221; worden interviews&hellip;<\/div>\r\n                <!--<div><span class=\"grid-item-category\">Nieuws<\/span><\/div>-->\r\n            <\/div>\r\n        <\/a>\r\n                <a href=\"https:\/\/social-enterprise.nl\/en\/nieuws\/minister-asscher-vraagt-advies-over-sociaal-ondernemerschap\/\" class=\"grid-item-link grid-item\">\r\n            <img loading=\"lazy\" decoding=\"async\" width=\"400\" height=\"300\" src=\"https:\/\/social-enterprise.nl\/wp-content\/uploads\/2024\/08\/681441049446_SER_nieuws2-1.jpg\" class=\"attachment-small size-small wp-post-image\" alt=\"\" \/>            <div class=\"grid-item-content\">\r\n                <h2 class=\"grid-item-title\">Minister Asscher vraagt advies over sociaal ondernemerschap<\/h2>\r\n                <span class=\"grid-item-date\">9 July 2014<\/span>\r\n                <div class=\"grid-item-excerpt\">Afgelopen&#160;juli is bekend geworden dat minister Asscher de SER heeft gevraagd onderzoek te doen naar&hellip;<\/div>\r\n                <!--<div><span class=\"grid-item-category\">Nieuws<\/span><\/div>-->\r\n            <\/div>\r\n        <\/a>\r\n                <a href=\"https:\/\/social-enterprise.nl\/en\/nieuws\/eu-ontwikkelt-standaarden-voor-meten-van-impact-door-social-enterprises\/\" class=\"grid-item-link grid-item\">\r\n                        <div class=\"grid-item-content\">\r\n                <h2 class=\"grid-item-title\">EU ontwikkelt standaarden voor meten van impact door social enterprises<\/h2>\r\n                <span class=\"grid-item-date\">8 July 2014<\/span>\r\n                <div class=\"grid-item-excerpt\">De Europese Commissie heeft vorige week een European Standard on Impact Measurement aangekondigd. De standaard&hellip;<\/div>\r\n                <!--<div><span class=\"grid-item-category\">Nieuws<\/span><\/div>-->\r\n            <\/div>\r\n        <\/a>\r\n                <a href=\"https:\/\/social-enterprise.nl\/en\/nieuws\/aanmeldingen-geopend-eerste-landelijke-congres-over-social-enterprises-en-de-rol-van-de-gemeente\/\" class=\"grid-item-link grid-item\">\r\n            <img loading=\"lazy\" decoding=\"async\" width=\"2500\" height=\"1000\" src=\"https:\/\/social-enterprise.nl\/wp-content\/uploads\/2024\/08\/371441049441_011_Community_of_social_enterprises_members_of_movement_Social_Enterprise_NL1_1_-2.jpg\" class=\"attachment-small size-small wp-post-image\" alt=\"\" srcset=\"https:\/\/social-enterprise.nl\/wp-content\/uploads\/2024\/08\/371441049441_011_Community_of_social_enterprises_members_of_movement_Social_Enterprise_NL1_1_-2.jpg 2500w, https:\/\/social-enterprise.nl\/wp-content\/uploads\/2024\/08\/371441049441_011_Community_of_social_enterprises_members_of_movement_Social_Enterprise_NL1_1_-2-768x307.jpg 768w, https:\/\/social-enterprise.nl\/wp-content\/uploads\/2024\/08\/371441049441_011_Community_of_social_enterprises_members_of_movement_Social_Enterprise_NL1_1_-2-1536x614.jpg 1536w, https:\/\/social-enterprise.nl\/wp-content\/uploads\/2024\/08\/371441049441_011_Community_of_social_enterprises_members_of_movement_Social_Enterprise_NL1_1_-2-2048x819.jpg 2048w\" sizes=\"auto, (max-width: 2500px) 100vw, 2500px\" \/>            <div class=\"grid-item-content\">\r\n                <h2 class=\"grid-item-title\">Aanmeldingen geopend: Eerste landelijke congres over social enterprises en de rol van de gemeente<\/h2>\r\n                <span class=\"grid-item-date\">4 July 2014<\/span>\r\n                <div class=\"grid-item-excerpt\">\u201cSociale ondernemingen dragen bij aan maatschappelijke vernieuwing en bieden innovatieve oplossingen voor complexe vraagstukken rond&hellip;<\/div>\r\n                <!--<div><span class=\"grid-item-category\">Nieuws<\/span><\/div>-->\r\n            <\/div>\r\n        <\/a>\r\n                <a href=\"https:\/\/social-enterprise.nl\/en\/nieuws\/social-enterprise-nl-lanceert-next-level\/\" class=\"grid-item-link grid-item\">\r\n            <img loading=\"lazy\" decoding=\"async\" width=\"1704\" height=\"1000\" src=\"https:\/\/social-enterprise.nl\/wp-content\/uploads\/2024\/08\/371441049461_02_Doing_good_and_doing_business_nb-1.jpg\" class=\"attachment-small size-small wp-post-image\" alt=\"\" srcset=\"https:\/\/social-enterprise.nl\/wp-content\/uploads\/2024\/08\/371441049461_02_Doing_good_and_doing_business_nb-1.jpg 1704w, https:\/\/social-enterprise.nl\/wp-content\/uploads\/2024\/08\/371441049461_02_Doing_good_and_doing_business_nb-1-768x451.jpg 768w, https:\/\/social-enterprise.nl\/wp-content\/uploads\/2024\/08\/371441049461_02_Doing_good_and_doing_business_nb-1-1536x901.jpg 1536w\" sizes=\"auto, (max-width: 1704px) 100vw, 1704px\" \/>            <div class=\"grid-item-content\">\r\n                <h2 class=\"grid-item-title\">Social Enterprise NL lanceert: Next Level<\/h2>\r\n                <span class=\"grid-item-date\">30 June 2014<\/span>\r\n                <div class=\"grid-item-excerpt\">Heb jij een social enterprise en heb jij de ambitie om een groeispurt te maken&hellip;<\/div>\r\n                <!--<div><span class=\"grid-item-category\">Nieuws<\/span><\/div>-->\r\n            <\/div>\r\n        <\/a>\r\n                <a href=\"https:\/\/social-enterprise.nl\/en\/nieuws\/pwc-publiceert-onderzoek-naar-toegang-tot-kapitaal-voor-social-enterprises\/\" class=\"grid-item-link grid-item\">\r\n            <img loading=\"lazy\" decoding=\"async\" width=\"600\" height=\"400\" src=\"https:\/\/social-enterprise.nl\/wp-content\/uploads\/2024\/08\/411441049446_pwc_23juni-1.jpg\" class=\"attachment-small size-small wp-post-image\" alt=\"\" \/>            <div class=\"grid-item-content\">\r\n                <h2 class=\"grid-item-title\">PwC publiceert onderzoek naar toegang tot kapitaal voor social enterprises<\/h2>\r\n                <span class=\"grid-item-date\">23 June 2014<\/span>\r\n                <div class=\"grid-item-excerpt\">Het hebben van een solide businessplan is een voorwaarde voor social enterprises die op zoek&hellip;<\/div>\r\n                <!--<div><span class=\"grid-item-category\">Nieuws<\/span><\/div>-->\r\n            <\/div>\r\n        <\/a>\r\n                <a href=\"https:\/\/social-enterprise.nl\/en\/nieuws\/social-enterprise-nl-lanceert-nieuw-impact-programma-voor-leden\/\" class=\"grid-item-link grid-item\">\r\n            <img loading=\"lazy\" decoding=\"async\" width=\"480\" height=\"357\" src=\"https:\/\/social-enterprise.nl\/wp-content\/uploads\/2024\/08\/791441049445_impactprogramma-1.jpg\" class=\"attachment-small size-small wp-post-image\" alt=\"\" \/>            <div class=\"grid-item-content\">\r\n                <h2 class=\"grid-item-title\">Social Enterprise NL lanceert nieuw impact programma voor leden<\/h2>\r\n                <span class=\"grid-item-date\">19 June 2014<\/span>\r\n                <div class=\"grid-item-excerpt\">Wil jij ook meer zicht op hoe jouw onderneming&#160;daadwerkelijk impact heeft op mens, maatschappij en&#160;milieu?&hellip;<\/div>\r\n                <!--<div><span class=\"grid-item-category\">Nieuws<\/span><\/div>-->\r\n            <\/div>\r\n        <\/a>\r\n                <a href=\"https:\/\/social-enterprise.nl\/en\/nieuws\/from-now-on-available-social-enterprise-unraveled\/\" class=\"grid-item-link grid-item\">\r\n            <img loading=\"lazy\" decoding=\"async\" width=\"600\" height=\"300\" src=\"https:\/\/social-enterprise.nl\/wp-content\/uploads\/2024\/08\/321441049444_se_unraveled2-1.jpg\" class=\"attachment-small size-small wp-post-image\" alt=\"\" \/>            <div class=\"grid-item-content\">\r\n                <h2 class=\"grid-item-title\">From now on available: Social Enterprise Unraveled<\/h2>\r\n                <span class=\"grid-item-date\">19 June 2014<\/span>\r\n                <div class=\"grid-item-excerpt\">The social enterprise is an up and coming phenomenon around the world. Businesses with a&hellip;<\/div>\r\n                <!--<div><span class=\"grid-item-category\">Nieuws<\/span><\/div>-->\r\n            <\/div>\r\n        <\/a>\r\n                <a href=\"https:\/\/social-enterprise.nl\/en\/nieuws\/winnende-social-enterprises-van-social-impact-lab-bekendgemaakt\/\" class=\"grid-item-link grid-item\">\r\n            <img loading=\"lazy\" decoding=\"async\" width=\"530\" height=\"280\" src=\"https:\/\/social-enterprise.nl\/wp-content\/uploads\/2024\/08\/821441049441_silbig-1.jpg\" class=\"attachment-small size-small wp-post-image\" alt=\"\" \/>            <div class=\"grid-item-content\">\r\n                <h2 class=\"grid-item-title\">Winnende social enterprises van Social Impact Lab bekendgemaakt<\/h2>\r\n                <span class=\"grid-item-date\">17 June 2014<\/span>\r\n                <div class=\"grid-item-excerpt\">Start-ups Amplino, OOPOEH en CTalents zijn de winnaars van Social Impact Lab, een challenge uitgeschreven&hellip;<\/div>\r\n                <!--<div><span class=\"grid-item-category\">Nieuws<\/span><\/div>-->\r\n            <\/div>\r\n        <\/a>\r\n                <a href=\"https:\/\/social-enterprise.nl\/en\/nieuws\/wij-zoeken-een-stagiaire\/\" class=\"grid-item-link grid-item\">\r\n            <img loading=\"lazy\" decoding=\"async\" width=\"1254\" height=\"995\" src=\"https:\/\/social-enterprise.nl\/wp-content\/uploads\/2024\/08\/351441049445_vacature2-1.jpg\" class=\"attachment-small size-small wp-post-image\" alt=\"\" srcset=\"https:\/\/social-enterprise.nl\/wp-content\/uploads\/2024\/08\/351441049445_vacature2-1.jpg 1254w, https:\/\/social-enterprise.nl\/wp-content\/uploads\/2024\/08\/351441049445_vacature2-1-768x609.jpg 768w\" sizes=\"auto, (max-width: 1254px) 100vw, 1254px\" \/>            <div class=\"grid-item-content\">\r\n                <h2 class=\"grid-item-title\">Wij zoeken een stagiair(e)!<\/h2>\r\n                <span class=\"grid-item-date\">16 June 2014<\/span>\r\n                <div class=\"grid-item-excerpt\">Wij zijn op zoek een naar een enthousiaste stagiair die per september een half jaar&hellip;<\/div>\r\n                <!--<div><span class=\"grid-item-category\">Nieuws<\/span><\/div>-->\r\n            <\/div>\r\n        <\/a>\r\n                <a href=\"https:\/\/social-enterprise.nl\/en\/nieuws\/social-enterprises-op-bezoek-bij-minister-president\/\" class=\"grid-item-link grid-item\">\r\n            <img loading=\"lazy\" decoding=\"async\" width=\"1240\" height=\"867\" src=\"https:\/\/social-enterprise.nl\/wp-content\/uploads\/2024\/08\/321441049444_bezoek_rutte2_11juni142-1.jpg\" class=\"attachment-small size-small wp-post-image\" alt=\"\" srcset=\"https:\/\/social-enterprise.nl\/wp-content\/uploads\/2024\/08\/321441049444_bezoek_rutte2_11juni142-1.jpg 1240w, https:\/\/social-enterprise.nl\/wp-content\/uploads\/2024\/08\/321441049444_bezoek_rutte2_11juni142-1-768x537.jpg 768w\" sizes=\"auto, (max-width: 1240px) 100vw, 1240px\" \/>            <div class=\"grid-item-content\">\r\n                <h2 class=\"grid-item-title\">Social enterprises op bezoek bij minister president<\/h2>\r\n                <span class=\"grid-item-date\">12 June 2014<\/span>\r\n                <div class=\"grid-item-excerpt\">Woensdagmiddag 11 juni ontving minister-president Mark Rutte op uitnodiging van Social Enterprise NL en de&hellip;<\/div>\r\n                <!--<div><span class=\"grid-item-category\">Nieuws<\/span><\/div>-->\r\n            <\/div>\r\n        <\/a>\r\n                <a href=\"https:\/\/social-enterprise.nl\/en\/nieuws\/minister-kamp-voorzichtig-positief-over-social-enterprises\/\" class=\"grid-item-link grid-item\">\r\n                        <div class=\"grid-item-content\">\r\n                <h2 class=\"grid-item-title\">Minister Kamp voorzichtig positief over social enterprises<\/h2>\r\n                <span class=\"grid-item-date\">11 June 2014<\/span>\r\n                <div class=\"grid-item-excerpt\">Minister Kamp heeft zich tijdens het Algemeen Overleg Bedrijfslevenbeleid en Innovatie positief uitgesproken over de&hellip;<\/div>\r\n                <!--<div><span class=\"grid-item-category\">Nieuws<\/span><\/div>-->\r\n            <\/div>\r\n        <\/a>\r\n                <a href=\"https:\/\/social-enterprise.nl\/en\/nieuws\/tweede-kamer-in-debat-met-minister-over-beleidsagenda-147iedereen-winst148\/\" class=\"grid-item-link grid-item\">\r\n                        <div class=\"grid-item-content\">\r\n                <h2 class=\"grid-item-title\">Tweede Kamer in debat met minister over beleidsagenda &amp;#147;Iedereen Winst&amp;#148;<\/h2>\r\n                <span class=\"grid-item-date\">5 June 2014<\/span>\r\n                <div class=\"grid-item-excerpt\">Op 11 juni zal tijdens het Algemeen Overleg Bedrijfslevenbeleid en Innovatie van de Tweede Kamercommissie&hellip;<\/div>\r\n                <!--<div><span class=\"grid-item-category\">Nieuws<\/span><\/div>-->\r\n            <\/div>\r\n        <\/a>\r\n                <a href=\"https:\/\/social-enterprise.nl\/en\/nieuws\/boek-social-enterprise-unraveled-vanaf-begin-juni-te-koop\/\" class=\"grid-item-link grid-item\">\r\n            <img loading=\"lazy\" decoding=\"async\" width=\"600\" height=\"300\" src=\"https:\/\/social-enterprise.nl\/wp-content\/uploads\/2024\/08\/321441049444_se_unraveled2-2.jpg\" class=\"attachment-small size-small wp-post-image\" alt=\"\" \/>            <div class=\"grid-item-content\">\r\n                <h2 class=\"grid-item-title\">Boek &#039;Social Enterprise Unraveled&#039; vanaf begin juni te koop<\/h2>\r\n                <span class=\"grid-item-date\">27 May 2014<\/span>\r\n                <div class=\"grid-item-excerpt\">For English see below Begin juni zal het boek Social Enterprise Unraveled&#160;uitkomen. Deze Engelse vertaling&hellip;<\/div>\r\n                <!--<div><span class=\"grid-item-category\">Nieuws<\/span><\/div>-->\r\n            <\/div>\r\n        <\/a>\r\n                <a href=\"https:\/\/social-enterprise.nl\/en\/nieuws\/coming-soon-the-next-level-programma\/\" class=\"grid-item-link grid-item\">\r\n            <img loading=\"lazy\" decoding=\"async\" width=\"1190\" height=\"844\" src=\"https:\/\/social-enterprise.nl\/wp-content\/uploads\/2024\/08\/461441049444_coming_soon-2.jpg\" class=\"attachment-small size-small wp-post-image\" alt=\"\" srcset=\"https:\/\/social-enterprise.nl\/wp-content\/uploads\/2024\/08\/461441049444_coming_soon-2.jpg 1190w, https:\/\/social-enterprise.nl\/wp-content\/uploads\/2024\/08\/461441049444_coming_soon-2-768x545.jpg 768w\" sizes=\"auto, (max-width: 1190px) 100vw, 1190px\" \/>            <div class=\"grid-item-content\">\r\n                <h2 class=\"grid-item-title\">Coming soon: The Next Level programma<\/h2>\r\n                <span class=\"grid-item-date\">26 May 2014<\/span>\r\n                <div class=\"grid-item-excerpt\">Heeft jouw social enterprise de ambitie om internationaal uit te breiden? Wil jij een nieuwe&hellip;<\/div>\r\n                <!--<div><span class=\"grid-item-category\">Nieuws<\/span><\/div>-->\r\n            <\/div>\r\n        <\/a>\r\n                <a href=\"https:\/\/social-enterprise.nl\/en\/nieuws\/kringloopbranche-onderzoekt-mogelijkheden\/\" class=\"grid-item-link grid-item\">\r\n            <img loading=\"lazy\" decoding=\"async\" width=\"476\" height=\"305\" src=\"https:\/\/social-enterprise.nl\/wp-content\/uploads\/2024\/08\/471441049443_krlp2020_small4-1.png\" class=\"attachment-small size-small wp-post-image\" alt=\"\" \/>            <div class=\"grid-item-content\">\r\n                <h2 class=\"grid-item-title\">Kringloopbranche onderzoekt mogelijkheden<\/h2>\r\n                <span class=\"grid-item-date\">14 May 2014<\/span>\r\n                <div class=\"grid-item-excerpt\">Er komt veel op de kringloop af. De overheid trekt zich terug, de concurrentie neemt&hellip;<\/div>\r\n                <!--<div><span class=\"grid-item-category\">Nieuws<\/span><\/div>-->\r\n            <\/div>\r\n        <\/a>\r\n                <a href=\"https:\/\/social-enterprise.nl\/en\/nieuws\/mobiles-for-good-challenge-voor-sociaal-ondernemers-in-high-end-mobiele-techniek-van-start\/\" class=\"grid-item-link grid-item\">\r\n            <img loading=\"lazy\" decoding=\"async\" width=\"794\" height=\"519\" src=\"https:\/\/social-enterprise.nl\/wp-content\/uploads\/2024\/08\/561441049443_mobilesforgood_nieuwsbericht-1.jpg\" class=\"attachment-small size-small wp-post-image\" alt=\"\" srcset=\"https:\/\/social-enterprise.nl\/wp-content\/uploads\/2024\/08\/561441049443_mobilesforgood_nieuwsbericht-1.jpg 794w, https:\/\/social-enterprise.nl\/wp-content\/uploads\/2024\/08\/561441049443_mobilesforgood_nieuwsbericht-1-768x502.jpg 768w\" sizes=\"auto, (max-width: 794px) 100vw, 794px\" \/>            <div class=\"grid-item-content\">\r\n                <h2 class=\"grid-item-title\">&#039;Mobiles for Good Challenge&#039; voor sociaal ondernemers in high-end mobiele techniek van start<\/h2>\r\n                <span class=\"grid-item-date\">14 April 2014<\/span>\r\n                <div class=\"grid-item-excerpt\">Heb je een mobiele tool ontwikkeld die zich richt op maatschappelijke problemen als bijvoorbeeld obesitas,&hellip;<\/div>\r\n                <!--<div><span class=\"grid-item-category\">Nieuws<\/span><\/div>-->\r\n            <\/div>\r\n        <\/a>\r\n                <a href=\"https:\/\/social-enterprise.nl\/en\/nieuws\/social-enterprises-innovatieve-koplopers-en-aanjagers-van-economische-groei\/\" class=\"grid-item-link grid-item\">\r\n            <img loading=\"lazy\" decoding=\"async\" width=\"2500\" height=\"1000\" src=\"https:\/\/social-enterprise.nl\/wp-content\/uploads\/2024\/08\/351441049442_017_Publication_guides1-4.jpg\" class=\"attachment-small size-small wp-post-image\" alt=\"\" srcset=\"https:\/\/social-enterprise.nl\/wp-content\/uploads\/2024\/08\/351441049442_017_Publication_guides1-4.jpg 2500w, https:\/\/social-enterprise.nl\/wp-content\/uploads\/2024\/08\/351441049442_017_Publication_guides1-4-768x307.jpg 768w, https:\/\/social-enterprise.nl\/wp-content\/uploads\/2024\/08\/351441049442_017_Publication_guides1-4-1536x614.jpg 1536w, https:\/\/social-enterprise.nl\/wp-content\/uploads\/2024\/08\/351441049442_017_Publication_guides1-4-2048x819.jpg 2048w\" sizes=\"auto, (max-width: 2500px) 100vw, 2500px\" \/>            <div class=\"grid-item-content\">\r\n                <h2 class=\"grid-item-title\">Social enterprises innovatieve koplopers en aanjagers van economische groei<\/h2>\r\n                <span class=\"grid-item-date\">11 April 2014<\/span>\r\n                <div class=\"grid-item-excerpt\">Sociaal ondernemers vervullen een belangrijke rol binnen de MKB-sector waar het innovaties betreft. Bijna de&hellip;<\/div>\r\n                <!--<div><span class=\"grid-item-category\">Nieuws<\/span><\/div>-->\r\n            <\/div>\r\n        <\/a>\r\n                <a href=\"https:\/\/social-enterprise.nl\/en\/nieuws\/kennisland-hoe-kunnen-we-sociale-innovatie-door-bottom-up-initiatieven-versnellen\/\" class=\"grid-item-link grid-item\">\r\n            <img loading=\"lazy\" decoding=\"async\" width=\"400\" height=\"300\" src=\"https:\/\/social-enterprise.nl\/wp-content\/uploads\/2024\/08\/371441049442_aaa_senl-1.jpg\" class=\"attachment-small size-small wp-post-image\" alt=\"\" \/>            <div class=\"grid-item-content\">\r\n                <h2 class=\"grid-item-title\">Kennisland: hoe kunnen we sociale innovatie door bottom up-initiatieven versnellen?<\/h2>\r\n                <span class=\"grid-item-date\">8 April 2014<\/span>\r\n                <div class=\"grid-item-excerpt\">Kennisland publiceerde afgelopen week Accelerating Amsterdam\u2019s Assets, een document met zes oplossingsrichtingen om bottom up-&hellip;<\/div>\r\n                <!--<div><span class=\"grid-item-category\">Nieuws<\/span><\/div>-->\r\n            <\/div>\r\n        <\/a>\r\n                <a href=\"https:\/\/social-enterprise.nl\/en\/nieuws\/kabinet-zoekt-nationale-iconen-met-maatschappelijke-impact\/\" class=\"grid-item-link grid-item\">\r\n            <img loading=\"lazy\" decoding=\"async\" width=\"617\" height=\"279\" src=\"https:\/\/social-enterprise.nl\/wp-content\/uploads\/2024\/08\/371441049442_nationaalicoon_breed-1.jpg\" class=\"attachment-small size-small wp-post-image\" alt=\"\" \/>            <div class=\"grid-item-content\">\r\n                <h2 class=\"grid-item-title\">Kabinet zoekt Nationale Iconen met maatschappelijke impact<\/h2>\r\n                <span class=\"grid-item-date\">1 April 2014<\/span>\r\n                <div class=\"grid-item-excerpt\">Is jouw onderneming baanbrekend en heeft het een innovatieve wereldwijde uitstraling? Lost het maatschappelijke problemen&hellip;<\/div>\r\n                <!--<div><span class=\"grid-item-category\">Nieuws<\/span><\/div>-->\r\n            <\/div>\r\n        <\/a>\r\n                <a href=\"https:\/\/social-enterprise.nl\/en\/nieuws\/de-social-enterprise-als-businesspartner-van-de-gemeente\/\" class=\"grid-item-link grid-item\">\r\n            <img loading=\"lazy\" decoding=\"async\" width=\"2500\" height=\"1000\" src=\"https:\/\/social-enterprise.nl\/wp-content\/uploads\/2024\/08\/371441049441_011_Community_of_social_enterprises_members_of_movement_Social_Enterprise_NL1_1_-3.jpg\" class=\"attachment-small size-small wp-post-image\" alt=\"\" srcset=\"https:\/\/social-enterprise.nl\/wp-content\/uploads\/2024\/08\/371441049441_011_Community_of_social_enterprises_members_of_movement_Social_Enterprise_NL1_1_-3.jpg 2500w, https:\/\/social-enterprise.nl\/wp-content\/uploads\/2024\/08\/371441049441_011_Community_of_social_enterprises_members_of_movement_Social_Enterprise_NL1_1_-3-768x307.jpg 768w, https:\/\/social-enterprise.nl\/wp-content\/uploads\/2024\/08\/371441049441_011_Community_of_social_enterprises_members_of_movement_Social_Enterprise_NL1_1_-3-1536x614.jpg 1536w, https:\/\/social-enterprise.nl\/wp-content\/uploads\/2024\/08\/371441049441_011_Community_of_social_enterprises_members_of_movement_Social_Enterprise_NL1_1_-3-2048x819.jpg 2048w\" sizes=\"auto, (max-width: 2500px) 100vw, 2500px\" \/>            <div class=\"grid-item-content\">\r\n                <h2 class=\"grid-item-title\">De social enterprise als businesspartner van de gemeente<\/h2>\r\n                <span class=\"grid-item-date\">25 March 2014<\/span>\r\n                <div class=\"grid-item-excerpt\">Social enterprises zijn bedrijven die primair het maatschappelijk belang dienen en die in hoge mate&hellip;<\/div>\r\n                <!--<div><span class=\"grid-item-category\">Nieuws<\/span><\/div>-->\r\n            <\/div>\r\n        <\/a>\r\n                <a href=\"https:\/\/social-enterprise.nl\/en\/nieuws\/social-enterprise-nl-en-cordaid-slaan-handen-ineen-voor-social-enterprises-in-bop-sector\/\" class=\"grid-item-link grid-item\">\r\n            <img loading=\"lazy\" decoding=\"async\" width=\"1000\" height=\"600\" src=\"https:\/\/social-enterprise.nl\/wp-content\/uploads\/2024\/08\/991441049441_cordaid_nieuws-1.jpg\" class=\"attachment-small size-small wp-post-image\" alt=\"\" srcset=\"https:\/\/social-enterprise.nl\/wp-content\/uploads\/2024\/08\/991441049441_cordaid_nieuws-1.jpg 1000w, https:\/\/social-enterprise.nl\/wp-content\/uploads\/2024\/08\/991441049441_cordaid_nieuws-1-768x461.jpg 768w\" sizes=\"auto, (max-width: 1000px) 100vw, 1000px\" \/>            <div class=\"grid-item-content\">\r\n                <h2 class=\"grid-item-title\">Social Enterprise NL en Cordaid slaan handen ineen voor social enterprises in BoP-sector<\/h2>\r\n                <span class=\"grid-item-date\">24 March 2014<\/span>\r\n                <div class=\"grid-item-excerpt\">Social Enterprise NL heeft een nieuwe partner gevonden in Cordaid. Samen gaan zij zich inzetten&hellip;<\/div>\r\n                <!--<div><span class=\"grid-item-category\">Nieuws<\/span><\/div>-->\r\n            <\/div>\r\n        <\/a>\r\n                <a href=\"https:\/\/social-enterprise.nl\/en\/nieuws\/pwc-lanceert-social-impact-lab-voor-startende-social-enterprises\/\" class=\"grid-item-link grid-item\">\r\n            <img loading=\"lazy\" decoding=\"async\" width=\"530\" height=\"280\" src=\"https:\/\/social-enterprise.nl\/wp-content\/uploads\/2024\/08\/821441049441_silbig-2.jpg\" class=\"attachment-small size-small wp-post-image\" alt=\"\" \/>            <div class=\"grid-item-content\">\r\n                <h2 class=\"grid-item-title\">PwC lanceert Social Impact Lab voor startende social enterprises<\/h2>\r\n                <span class=\"grid-item-date\">18 March 2014<\/span>\r\n                <div class=\"grid-item-excerpt\">Heb jij een start-up met een maatschappelijk doel? Ben je korter dan drie jaar actief&hellip;<\/div>\r\n                <!--<div><span class=\"grid-item-category\">Nieuws<\/span><\/div>-->\r\n            <\/div>\r\n        <\/a>\r\n                <a href=\"https:\/\/social-enterprise.nl\/en\/nieuws\/fairphone-digitale-sociale-innovatie\/\" class=\"grid-item-link grid-item\">\r\n            <img loading=\"lazy\" decoding=\"async\" width=\"2500\" height=\"1000\" src=\"https:\/\/social-enterprise.nl\/wp-content\/uploads\/2024\/08\/611467275176_SE_basislogo-1.jpg\" class=\"attachment-small size-small wp-post-image\" alt=\"\" srcset=\"https:\/\/social-enterprise.nl\/wp-content\/uploads\/2024\/08\/611467275176_SE_basislogo-1.jpg 2500w, https:\/\/social-enterprise.nl\/wp-content\/uploads\/2024\/08\/611467275176_SE_basislogo-1-768x307.jpg 768w, https:\/\/social-enterprise.nl\/wp-content\/uploads\/2024\/08\/611467275176_SE_basislogo-1-1536x614.jpg 1536w, https:\/\/social-enterprise.nl\/wp-content\/uploads\/2024\/08\/611467275176_SE_basislogo-1-2048x819.jpg 2048w\" sizes=\"auto, (max-width: 2500px) 100vw, 2500px\" \/>            <div class=\"grid-item-content\">\r\n                <h2 class=\"grid-item-title\">Fairphone: digitale sociale innovatie<\/h2>\r\n                <span class=\"grid-item-date\">17 March 2014<\/span>\r\n                <div class=\"grid-item-excerpt\">Internet speelt in ons dagelijks leven een meer dan cruciale rol als het gaat om&hellip;<\/div>\r\n                <!--<div><span class=\"grid-item-category\">Nieuws<\/span><\/div>-->\r\n            <\/div>\r\n        <\/a>\r\n                <a href=\"https:\/\/social-enterprise.nl\/en\/nieuws\/social-enterprise-nl-en-cordaid-slaan-handen-ineen-voor-social-enterprises-in-de-bop-sector\/\" class=\"grid-item-link grid-item\">\r\n            <img loading=\"lazy\" decoding=\"async\" width=\"2500\" height=\"1000\" src=\"https:\/\/social-enterprise.nl\/wp-content\/uploads\/2024\/08\/611467275176_SE_basislogo-1.jpg\" class=\"attachment-small size-small wp-post-image\" alt=\"\" srcset=\"https:\/\/social-enterprise.nl\/wp-content\/uploads\/2024\/08\/611467275176_SE_basislogo-1.jpg 2500w, https:\/\/social-enterprise.nl\/wp-content\/uploads\/2024\/08\/611467275176_SE_basislogo-1-768x307.jpg 768w, https:\/\/social-enterprise.nl\/wp-content\/uploads\/2024\/08\/611467275176_SE_basislogo-1-1536x614.jpg 1536w, https:\/\/social-enterprise.nl\/wp-content\/uploads\/2024\/08\/611467275176_SE_basislogo-1-2048x819.jpg 2048w\" sizes=\"auto, (max-width: 2500px) 100vw, 2500px\" \/>            <div class=\"grid-item-content\">\r\n                <h2 class=\"grid-item-title\">Social Enterprise NL en Cordaid slaan handen ineen voor social enterprises in de BoP-sector<\/h2>\r\n                <span class=\"grid-item-date\">17 March 2014<\/span>\r\n                <div class=\"grid-item-excerpt\">Social Enterprise NL heeft een nieuwe partner gevonden in Cordaid. Samen met hen gaan we&hellip;<\/div>\r\n                <!--<div><span class=\"grid-item-category\">Nieuws<\/span><\/div>-->\r\n            <\/div>\r\n        <\/a>\r\n                <a href=\"https:\/\/social-enterprise.nl\/en\/nieuws\/lijsttrekkers-amsterdamse-partijen-zien-waarde-van-sociaal-ondernemers\/\" class=\"grid-item-link grid-item\">\r\n                        <div class=\"grid-item-content\">\r\n                <h2 class=\"grid-item-title\">Lijsttrekkers Amsterdamse partijen zien waarde van sociaal ondernemers<\/h2>\r\n                <span class=\"grid-item-date\">10 March 2014<\/span>\r\n                <div class=\"grid-item-excerpt\">Tijdens het lijsttrekkersdebat donderdagmiddag in de Hogeschool van Amsterdam gingen de Amsterdamse lijsttrekkers van de&hellip;<\/div>\r\n                <!--<div><span class=\"grid-item-category\">Nieuws<\/span><\/div>-->\r\n            <\/div>\r\n        <\/a>\r\n                <a href=\"https:\/\/social-enterprise.nl\/en\/nieuws\/kabinet-reageert-op-beleidsagenda-social-enterprise-nl\/\" class=\"grid-item-link grid-item\">\r\n                        <div class=\"grid-item-content\">\r\n                <h2 class=\"grid-item-title\">Kabinet reageert op beleidsagenda Social Enterprise NL<\/h2>\r\n                <span class=\"grid-item-date\">26 February 2014<\/span>\r\n                <div class=\"grid-item-excerpt\">Op 23 januari presenteerde Social Enterprise NL in de Tweede Kamer de beleidsagenda \"Iedereen winst,&hellip;<\/div>\r\n                <!--<div><span class=\"grid-item-category\">Nieuws<\/span><\/div>-->\r\n            <\/div>\r\n        <\/a>\r\n                <a href=\"https:\/\/social-enterprise.nl\/en\/nieuws\/verbeter-de-wereld-begin-een-bedrijf-op-longlist-managementboek-van-het-jaar\/\" class=\"grid-item-link grid-item\">\r\n            <img loading=\"lazy\" decoding=\"async\" width=\"403\" height=\"302\" src=\"https:\/\/social-enterprise.nl\/wp-content\/uploads\/2024\/08\/931441049439_gesigneerd_boek-1.jpg\" class=\"attachment-small size-small wp-post-image\" alt=\"\" \/>            <div class=\"grid-item-content\">\r\n                <h2 class=\"grid-item-title\">&#039;Verbeter de Wereld, Begin een Bedrijf&#039; op longlist Managementboek van het Jaar<\/h2>\r\n                <span class=\"grid-item-date\">25 February 2014<\/span>\r\n                <div class=\"grid-item-excerpt\">Het boek van Willemijn Verloop en Mark Hillen, oprichters van Social Enterprise NL, staat op&hellip;<\/div>\r\n                <!--<div><span class=\"grid-item-category\">Nieuws<\/span><\/div>-->\r\n            <\/div>\r\n        <\/a>\r\n                <a href=\"https:\/\/social-enterprise.nl\/en\/nieuws\/wat-kan-de-gemeente-doen-voor-sociaal-ondernemers\/\" class=\"grid-item-link grid-item\">\r\n            <img loading=\"lazy\" decoding=\"async\" width=\"1178\" height=\"648\" src=\"https:\/\/social-enterprise.nl\/wp-content\/uploads\/2024\/08\/501441049440_gemeentedocument-1.jpg\" class=\"attachment-small size-small wp-post-image\" alt=\"\" srcset=\"https:\/\/social-enterprise.nl\/wp-content\/uploads\/2024\/08\/501441049440_gemeentedocument-1.jpg 1178w, https:\/\/social-enterprise.nl\/wp-content\/uploads\/2024\/08\/501441049440_gemeentedocument-1-768x422.jpg 768w\" sizes=\"auto, (max-width: 1178px) 100vw, 1178px\" \/>            <div class=\"grid-item-content\">\r\n                <h2 class=\"grid-item-title\">Wat kan de gemeente doen voor sociaal ondernemers?<\/h2>\r\n                <span class=\"grid-item-date\">24 February 2014<\/span>\r\n                <div class=\"grid-item-excerpt\">Afgelopen januari presenteerde Social Enterprise NL de agenda &#8216;Iedereen Winst. Samen met de overheid naar&hellip;<\/div>\r\n                <!--<div><span class=\"grid-item-category\">Nieuws<\/span><\/div>-->\r\n            <\/div>\r\n        <\/a>\r\n                <a href=\"https:\/\/social-enterprise.nl\/en\/nieuws\/social-value-act-n-jaar-later\/\" class=\"grid-item-link grid-item\">\r\n                        <div class=\"grid-item-content\">\r\n                <h2 class=\"grid-item-title\">Social Value Act, &eacute;&eacute;n jaar later<\/h2>\r\n                <span class=\"grid-item-date\">24 February 2014<\/span>\r\n                <div class=\"grid-item-excerpt\">Op 1 januari 2013 werd in het Verenigd Koninkrijk de Social Value Act aangenomen, een&hellip;<\/div>\r\n                <!--<div><span class=\"grid-item-category\">Nieuws<\/span><\/div>-->\r\n            <\/div>\r\n        <\/a>\r\n                <a href=\"https:\/\/social-enterprise.nl\/en\/nieuws\/vrij-nederland-het-succes-van-een-eerlijke-nederlandse-telefoon\/\" class=\"grid-item-link grid-item\">\r\n            <img loading=\"lazy\" decoding=\"async\" width=\"350\" height=\"181\" src=\"https:\/\/social-enterprise.nl\/wp-content\/uploads\/2024\/08\/321441049440_fairphone_breed-1.jpg\" class=\"attachment-small size-small wp-post-image\" alt=\"\" \/>            <div class=\"grid-item-content\">\r\n                <h2 class=\"grid-item-title\">Vrij Nederland: het succes van een eerlijke Nederlandse telefoon<\/h2>\r\n                <span class=\"grid-item-date\">21 February 2014<\/span>\r\n                <div class=\"grid-item-excerpt\">&#8220;Vanaf het moment dat mensen gingen betalen, ben ik eigenlijk constant in lichte paniek geweest&#8221;,&hellip;<\/div>\r\n                <!--<div><span class=\"grid-item-category\">Nieuws<\/span><\/div>-->\r\n            <\/div>\r\n        <\/a>\r\n                <a href=\"https:\/\/social-enterprise.nl\/en\/nieuws\/amsterdamse-wethouder-van-es-ziet-kansen-voor-sociaal-ondernemerschap\/\" class=\"grid-item-link grid-item\">\r\n            <img loading=\"lazy\" decoding=\"async\" width=\"1600\" height=\"1200\" src=\"https:\/\/social-enterprise.nl\/wp-content\/uploads\/2024\/08\/191441049439_Stopera-1.jpg\" class=\"attachment-small size-small wp-post-image\" alt=\"\" srcset=\"https:\/\/social-enterprise.nl\/wp-content\/uploads\/2024\/08\/191441049439_Stopera-1.jpg 1600w, https:\/\/social-enterprise.nl\/wp-content\/uploads\/2024\/08\/191441049439_Stopera-1-768x576.jpg 768w, https:\/\/social-enterprise.nl\/wp-content\/uploads\/2024\/08\/191441049439_Stopera-1-1536x1152.jpg 1536w\" sizes=\"auto, (max-width: 1600px) 100vw, 1600px\" \/>            <div class=\"grid-item-content\">\r\n                <h2 class=\"grid-item-title\">Amsterdamse wethouder van Es ziet kansen voor sociaal ondernemerschap<\/h2>\r\n                <span class=\"grid-item-date\">19 February 2014<\/span>\r\n                <div class=\"grid-item-excerpt\">De Amsterdamse wethouder Andr&#233;e van Es ziet in Amsterdamse sociaal ondernemers een potenti&#235;le bondgenoot als&hellip;<\/div>\r\n                <!--<div><span class=\"grid-item-category\">Nieuws<\/span><\/div>-->\r\n            <\/div>\r\n        <\/a>\r\n                <a href=\"https:\/\/social-enterprise.nl\/en\/nieuws\/engelse-vertaling-boek-145verbeter-de-wereld-begin-een-bedrijf146-op-komst\/\" class=\"grid-item-link grid-item\">\r\n            <img loading=\"lazy\" decoding=\"async\" width=\"403\" height=\"302\" src=\"https:\/\/social-enterprise.nl\/wp-content\/uploads\/2024\/08\/931441049439_gesigneerd_boek-2.jpg\" class=\"attachment-small size-small wp-post-image\" alt=\"\" \/>            <div class=\"grid-item-content\">\r\n                <h2 class=\"grid-item-title\">Engelse vertaling boek &amp;#145;Verbeter de Wereld, Begin een Bedrijf&amp;#146; op komst<\/h2>\r\n                <span class=\"grid-item-date\">7 February 2014<\/span>\r\n                <div class=\"grid-item-excerpt\">Inmiddels is de derde druk van het afgelopen november verschenen boek &#8216;Verbeter de Wereld, begin&hellip;<\/div>\r\n                <!--<div><span class=\"grid-item-category\">Nieuws<\/span><\/div>-->\r\n            <\/div>\r\n        <\/a>\r\n                <a href=\"https:\/\/social-enterprise.nl\/en\/nieuws\/social-enterprise-nl-om-tafel-met-tweede-kamerleden\/\" class=\"grid-item-link grid-item\">\r\n            <img loading=\"lazy\" decoding=\"async\" width=\"716\" height=\"359\" src=\"https:\/\/social-enterprise.nl\/wp-content\/uploads\/2024\/08\/561441049438_bijzondere_procedure_600x300-1.jpg\" class=\"attachment-small size-small wp-post-image\" alt=\"\" \/>            <div class=\"grid-item-content\">\r\n                <h2 class=\"grid-item-title\">Social Enterprise NL om tafel met Tweede Kamerleden<\/h2>\r\n                <span class=\"grid-item-date\">25 January 2014<\/span>\r\n                <div class=\"grid-item-excerpt\">Donderdagochtend werd Social Enterprise NL ontvangen in de Tweede Kamer. Mark Hillen en Willemijn Verloop&hellip;<\/div>\r\n                <!--<div><span class=\"grid-item-category\">Nieuws<\/span><\/div>-->\r\n            <\/div>\r\n        <\/a>\r\n                <a href=\"https:\/\/social-enterprise.nl\/en\/nieuws\/pvda-en-vvd-voor-sociaal-ondernemerschap\/\" class=\"grid-item-link grid-item\">\r\n                        <div class=\"grid-item-content\">\r\n                <h2 class=\"grid-item-title\">PvdA en VVD voor sociaal ondernemerschap<\/h2>\r\n                <span class=\"grid-item-date\">23 January 2014<\/span>\r\n                <div class=\"grid-item-excerpt\">PvdA en VVD maken zich hard voor meer sociaal ondernemerschap. Zij willen dat er serieus&hellip;<\/div>\r\n                <!--<div><span class=\"grid-item-category\">Nieuws<\/span><\/div>-->\r\n            <\/div>\r\n        <\/a>\r\n                <a href=\"https:\/\/social-enterprise.nl\/en\/nieuws\/social-enterprise-nl-samen-met-ondernemers-naar-de-tweede-kamer\/\" class=\"grid-item-link grid-item\">\r\n                        <div class=\"grid-item-content\">\r\n                <h2 class=\"grid-item-title\">Social Enterprise NL samen met ondernemers naar de Tweede Kamer<\/h2>\r\n                <span class=\"grid-item-date\">22 January 2014<\/span>\r\n                <div class=\"grid-item-excerpt\">Op donderdag 23 januari gaat de Tweede Kamer in gesprek met Mark Hillen en Willemijn&hellip;<\/div>\r\n                <!--<div><span class=\"grid-item-category\">Nieuws<\/span><\/div>-->\r\n            <\/div>\r\n        <\/a>\r\n                <a href=\"https:\/\/social-enterprise.nl\/en\/nieuws\/europa-benadrukt-sociaal-ondernemen-als-bron-voor-economische-groei\/\" class=\"grid-item-link grid-item\">\r\n            <img loading=\"lazy\" decoding=\"async\" width=\"742\" height=\"444\" src=\"https:\/\/social-enterprise.nl\/wp-content\/uploads\/2024\/08\/131441049436_social_entrepreneurs_haveyo-1.jpg\" class=\"attachment-small size-small wp-post-image\" alt=\"\" \/>            <div class=\"grid-item-content\">\r\n                <h2 class=\"grid-item-title\">Europa benadrukt sociaal ondernemen als bron voor economische groei<\/h2>\r\n                <span class=\"grid-item-date\">17 January 2014<\/span>\r\n                <div class=\"grid-item-excerpt\">Op 16 en 17 januari vond in Straatsburg de eerste EU-Conferentie rondom sociaal ondernemen plaats.&hellip;<\/div>\r\n                <!--<div><span class=\"grid-item-category\">Nieuws<\/span><\/div>-->\r\n            <\/div>\r\n        <\/a>\r\n                <a href=\"https:\/\/social-enterprise.nl\/en\/nieuws\/willemijn-verloop-in-eerste-uitzending-over-visionairs-van-eenvandaag\/\" class=\"grid-item-link grid-item\">\r\n            <img loading=\"lazy\" decoding=\"async\" width=\"562\" height=\"384\" src=\"https:\/\/social-enterprise.nl\/wp-content\/uploads\/2024\/08\/911441049435_EenVandaag_Willemijn_metlogo-1.jpg\" class=\"attachment-small size-small wp-post-image\" alt=\"\" \/>            <div class=\"grid-item-content\">\r\n                <h2 class=\"grid-item-title\">Willemijn Verloop in eerste uitzending over visionairs van EenVandaag<\/h2>\r\n                <span class=\"grid-item-date\">6 January 2014<\/span>\r\n                <div class=\"grid-item-excerpt\">Afgelopen donderdag 2 januari zond EenVandaag een item uit over sociaal ondernemen. Het nieuwsprogramma op&hellip;<\/div>\r\n                <!--<div><span class=\"grid-item-category\">Nieuws<\/span><\/div>-->\r\n            <\/div>\r\n        <\/a>\r\n                <a href=\"https:\/\/social-enterprise.nl\/en\/nieuws\/infographic-social-enterprise-nl-in-2013\/\" class=\"grid-item-link grid-item\">\r\n            <img loading=\"lazy\" decoding=\"async\" width=\"800\" height=\"600\" src=\"https:\/\/social-enterprise.nl\/wp-content\/uploads\/2024\/08\/311441049436_infograph_news-1.jpg\" class=\"attachment-small size-small wp-post-image\" alt=\"\" srcset=\"https:\/\/social-enterprise.nl\/wp-content\/uploads\/2024\/08\/311441049436_infograph_news-1.jpg 800w, https:\/\/social-enterprise.nl\/wp-content\/uploads\/2024\/08\/311441049436_infograph_news-1-768x576.jpg 768w\" sizes=\"auto, (max-width: 800px) 100vw, 800px\" \/>            <div class=\"grid-item-content\">\r\n                <h2 class=\"grid-item-title\">Infographic Social Enterprise NL in 2013<\/h2>\r\n                <span class=\"grid-item-date\">6 January 2014<\/span>\r\n                <div class=\"grid-item-excerpt\">Bekijk het jaaroverzicht Social Enterprise NL en de aangesloten sociaal ondernemers in deze infographic. &nbsp;<\/div>\r\n                <!--<div><span class=\"grid-item-category\">Nieuws<\/span><\/div>-->\r\n            <\/div>\r\n        <\/a>\r\n                <a href=\"https:\/\/social-enterprise.nl\/en\/nieuws\/eerste-nederlandse-social-impact-bonds-van-start\/\" class=\"grid-item-link grid-item\">\r\n            <img loading=\"lazy\" decoding=\"async\" width=\"956\" height=\"535\" src=\"https:\/\/social-enterprise.nl\/wp-content\/uploads\/2024\/08\/631441049435_socialimpbonds-1.jpg\" class=\"attachment-small size-small wp-post-image\" alt=\"\" srcset=\"https:\/\/social-enterprise.nl\/wp-content\/uploads\/2024\/08\/631441049435_socialimpbonds-1.jpg 956w, https:\/\/social-enterprise.nl\/wp-content\/uploads\/2024\/08\/631441049435_socialimpbonds-1-768x430.jpg 768w\" sizes=\"auto, (max-width: 956px) 100vw, 956px\" \/>            <div class=\"grid-item-content\">\r\n                <h2 class=\"grid-item-title\">Eerste Nederlandse Social Impact Bonds van start<\/h2>\r\n                <span class=\"grid-item-date\">23 December 2013<\/span>\r\n                <div class=\"grid-item-excerpt\">ABN AMRO en Start Foundation investeren 680.000 euro in het Rotterdamse bedrijf de Buzinezzclub. Dit&hellip;<\/div>\r\n                <!--<div><span class=\"grid-item-category\">Nieuws<\/span><\/div>-->\r\n            <\/div>\r\n        <\/a>\r\n                <a href=\"https:\/\/social-enterprise.nl\/en\/nieuws\/tweede-teaching-case-beschikbaar-voor-hoger-onderwijs\/\" class=\"grid-item-link grid-item\">\r\n            <img loading=\"lazy\" decoding=\"async\" width=\"417\" height=\"239\" src=\"https:\/\/social-enterprise.nl\/wp-content\/uploads\/2024\/08\/421441049435_ctaste-1.jpg\" class=\"attachment-small size-small wp-post-image\" alt=\"\" \/>            <div class=\"grid-item-content\">\r\n                <h2 class=\"grid-item-title\">Tweede teaching case beschikbaar voor hoger onderwijs<\/h2>\r\n                <span class=\"grid-item-date\">17 December 2013<\/span>\r\n                <div class=\"grid-item-excerpt\">Nederland heeft nog nauwelijks onderwijs op het gebied van sociaal ondernemerschap en daar wil Social&hellip;<\/div>\r\n                <!--<div><span class=\"grid-item-category\">Nieuws<\/span><\/div>-->\r\n            <\/div>\r\n        <\/a>\r\n                <a href=\"https:\/\/social-enterprise.nl\/en\/nieuws\/sociaal-ondernemers-zijn-snelle-groeiers\/\" class=\"grid-item-link grid-item\">\r\n            <img loading=\"lazy\" decoding=\"async\" width=\"334\" height=\"199\" src=\"https:\/\/social-enterprise.nl\/wp-content\/uploads\/2024\/08\/601441049435_fd_gazellen2013-1.jpg\" class=\"attachment-small size-small wp-post-image\" alt=\"\" \/>            <div class=\"grid-item-content\">\r\n                <h2 class=\"grid-item-title\">Sociaal ondernemers zijn snelle groeiers<\/h2>\r\n                <span class=\"grid-item-date\">13 December 2013<\/span>\r\n                <div class=\"grid-item-excerpt\">Vandaag werden de FD Gazellen 2013 bekend gemaakt, de lijst met de snelst groeiende bedrijven&hellip;<\/div>\r\n                <!--<div><span class=\"grid-item-category\">Nieuws<\/span><\/div>-->\r\n            <\/div>\r\n        <\/a>\r\n                <a href=\"https:\/\/social-enterprise.nl\/en\/nieuws\/tweede-druk-verbeter-de-wereld-begin-een-bedrijf\/\" class=\"grid-item-link grid-item\">\r\n            <img loading=\"lazy\" decoding=\"async\" width=\"500\" height=\"500\" src=\"https:\/\/social-enterprise.nl\/wp-content\/uploads\/2024\/08\/561441049435_tweede_druk_zondertekst-1.jpg\" class=\"attachment-small size-small wp-post-image\" alt=\"\" \/>            <div class=\"grid-item-content\">\r\n                <h2 class=\"grid-item-title\">Tweede druk &#039;Verbeter de Wereld, Begin een Bedrijf&#039;<\/h2>\r\n                <span class=\"grid-item-date\">11 December 2013<\/span>\r\n                <div class=\"grid-item-excerpt\">Begin november verscheen het boek &#8216;Verbeter de wereld, begin een bedrijf&#8217;, van de hand van&hellip;<\/div>\r\n                <!--<div><span class=\"grid-item-category\">Nieuws<\/span><\/div>-->\r\n            <\/div>\r\n        <\/a>\r\n                <a href=\"https:\/\/social-enterprise.nl\/en\/nieuws\/doe-mee-met-50-stemmen-project-van-social-enterprise-nl\/\" class=\"grid-item-link grid-item\">\r\n            <img loading=\"lazy\" decoding=\"async\" width=\"800\" height=\"777\" src=\"https:\/\/social-enterprise.nl\/wp-content\/uploads\/2024\/08\/121441049434_yourvoice-1.jpg\" class=\"attachment-small size-small wp-post-image\" alt=\"\" srcset=\"https:\/\/social-enterprise.nl\/wp-content\/uploads\/2024\/08\/121441049434_yourvoice-1.jpg 800w, https:\/\/social-enterprise.nl\/wp-content\/uploads\/2024\/08\/121441049434_yourvoice-1-768x746.jpg 768w\" sizes=\"auto, (max-width: 800px) 100vw, 800px\" \/>            <div class=\"grid-item-content\">\r\n                <h2 class=\"grid-item-title\">Doe mee met &#039;50 Stemmen&#039; project van Social Enterprise NL<\/h2>\r\n                <span class=\"grid-item-date\">5 December 2013<\/span>\r\n                <div class=\"grid-item-excerpt\">Ge&#239;nspireerd op het 50 Voices project van het Guardian Social Enterprise Network willen we hier&hellip;<\/div>\r\n                <!--<div><span class=\"grid-item-category\">Nieuws<\/span><\/div>-->\r\n            <\/div>\r\n        <\/a>\r\n                <a href=\"https:\/\/social-enterprise.nl\/en\/nieuws\/vacature-social-enterprise-nl-gesloten\/\" class=\"grid-item-link grid-item\">\r\n            <img loading=\"lazy\" decoding=\"async\" width=\"1463\" height=\"990\" src=\"https:\/\/social-enterprise.nl\/wp-content\/uploads\/2024\/08\/791441049416_vacature-1.jpg\" class=\"attachment-small size-small wp-post-image\" alt=\"\" srcset=\"https:\/\/social-enterprise.nl\/wp-content\/uploads\/2024\/08\/791441049416_vacature-1.jpg 1463w, https:\/\/social-enterprise.nl\/wp-content\/uploads\/2024\/08\/791441049416_vacature-1-768x520.jpg 768w\" sizes=\"auto, (max-width: 1463px) 100vw, 1463px\" \/>            <div class=\"grid-item-content\">\r\n                <h2 class=\"grid-item-title\">Vacature Social Enterprise NL (gesloten)<\/h2>\r\n                <span class=\"grid-item-date\">28 November 2013<\/span>\r\n                <div class=\"grid-item-excerpt\">Programmamedewerker Social Enterprise NL (Amsterdam, 32-40 uur) &#160;Start 1 februari 2014 Ben jij ondernemend en&hellip;<\/div>\r\n                <!--<div><span class=\"grid-item-category\">Nieuws<\/span><\/div>-->\r\n            <\/div>\r\n        <\/a>\r\n                <a href=\"https:\/\/social-enterprise.nl\/en\/nieuws\/laat-je-stem-horen-en-kom-naar-eu-conferentie-social-entrepreneurs-have-your-say\/\" class=\"grid-item-link grid-item\">\r\n            <img loading=\"lazy\" decoding=\"async\" width=\"443\" height=\"301\" src=\"https:\/\/social-enterprise.nl\/wp-content\/uploads\/2024\/08\/441441049434_flag_yellow_low-1.jpg\" class=\"attachment-small size-small wp-post-image\" alt=\"\" \/>            <div class=\"grid-item-content\">\r\n                <h2 class=\"grid-item-title\">Laat je stem horen en kom naar EU Conferentie: Social Entrepreneurs: Have Your Say!<\/h2>\r\n                <span class=\"grid-item-date\">26 November 2013<\/span>\r\n                <div class=\"grid-item-excerpt\">Op 16 en 17 januari vindt in Straatsburg de EU-conferentie&#160;Social Entrepreneurs: Have Your Say!&#160;plaats. Tijdens&hellip;<\/div>\r\n                <!--<div><span class=\"grid-item-category\">Nieuws<\/span><\/div>-->\r\n            <\/div>\r\n        <\/a>\r\n                <a href=\"https:\/\/social-enterprise.nl\/en\/nieuws\/prangende-behoefte-aan-handvatten-voor-sociale-business-modellen\/\" class=\"grid-item-link grid-item\">\r\n            <img loading=\"lazy\" decoding=\"async\" width=\"700\" height=\"280\" src=\"https:\/\/social-enterprise.nl\/wp-content\/uploads\/2024\/08\/851441049434_023_Free_assignment-1.jpg\" class=\"attachment-small size-small wp-post-image\" alt=\"\" \/>            <div class=\"grid-item-content\">\r\n                <h2 class=\"grid-item-title\">Prangende behoefte aan handvatten voor Sociale Business Modellen<\/h2>\r\n                <span class=\"grid-item-date\">21 November 2013<\/span>\r\n                <div class=\"grid-item-excerpt\">Hoe je goede zaken doet Zoveel mogelijk maatschappelijke impact cre&#235;ren. Dat is wat social enterprises&hellip;<\/div>\r\n                <!--<div><span class=\"grid-item-category\">Nieuws<\/span><\/div>-->\r\n            <\/div>\r\n        <\/a>\r\n                <a href=\"https:\/\/social-enterprise.nl\/en\/nieuws\/lijst-duurzame-jonge-100-vol-sociaal-ondernemers\/\" class=\"grid-item-link grid-item\">\r\n            <img loading=\"lazy\" decoding=\"async\" width=\"517\" height=\"632\" src=\"https:\/\/social-enterprise.nl\/wp-content\/uploads\/2024\/08\/761441049434_next_dj100_klein-1.jpg\" class=\"attachment-small size-small wp-post-image\" alt=\"\" \/>            <div class=\"grid-item-content\">\r\n                <h2 class=\"grid-item-title\">Lijst Duurzame Jonge 100 vol sociaal ondernemers<\/h2>\r\n                <span class=\"grid-item-date\">15 November 2013<\/span>\r\n                <div class=\"grid-item-excerpt\">Vrijdag 15 november werd lijst met de Duurzame Jonge 100 bekend gemaakt, en wat blijkt:&hellip;<\/div>\r\n                <!--<div><span class=\"grid-item-category\">Nieuws<\/span><\/div>-->\r\n            <\/div>\r\n        <\/a>\r\n                <a href=\"https:\/\/social-enterprise.nl\/en\/nieuws\/gastblog-ook-bewoners-zien-waarde-van-ondernemerschap-in\/\" class=\"grid-item-link grid-item\">\r\n            <img loading=\"lazy\" decoding=\"async\" width=\"526\" height=\"297\" src=\"https:\/\/social-enterprise.nl\/wp-content\/uploads\/2024\/08\/211441049434_blog_nieuws-1.jpg\" class=\"attachment-small size-small wp-post-image\" alt=\"\" \/>            <div class=\"grid-item-content\">\r\n                <h2 class=\"grid-item-title\">Gastblog: Ook bewoners zien waarde van ondernemerschap in<\/h2>\r\n                <span class=\"grid-item-date\">13 November 2013<\/span>\r\n                <div class=\"grid-item-excerpt\">Onze nieuwe collega Stefan Panhuijsen ging vorige week naar de praktijkdag BewonersBedrijven in Arnhem. Wat&hellip;<\/div>\r\n                <!--<div><span class=\"grid-item-category\">Nieuws<\/span><\/div>-->\r\n            <\/div>\r\n        <\/a>\r\n                <a href=\"https:\/\/social-enterprise.nl\/en\/nieuws\/bekijk-hier-fairphone-bij-tedx-amsterdam\/\" class=\"grid-item-link grid-item\">\r\n            <img loading=\"lazy\" decoding=\"async\" width=\"257\" height=\"257\" src=\"https:\/\/social-enterprise.nl\/wp-content\/uploads\/2024\/08\/191441049433_tedxbas_square-1.jpg\" class=\"attachment-small size-small wp-post-image\" alt=\"\" \/>            <div class=\"grid-item-content\">\r\n                <h2 class=\"grid-item-title\">Bekijk hier: Fairphone bij TEDx Amsterdam<\/h2>\r\n                <span class=\"grid-item-date\">7 November 2013<\/span>\r\n                <div class=\"grid-item-excerpt\">Woensdag 6 november sprak Bas van Abel van&#160;Fairphone&#160;bij TEDx Amsterdam. Daar hield hij een pleidooi&hellip;<\/div>\r\n                <!--<div><span class=\"grid-item-category\">Nieuws<\/span><\/div>-->\r\n            <\/div>\r\n        <\/a>\r\n                <a href=\"https:\/\/social-enterprise.nl\/en\/nieuws\/impact-hub-amsterdam-betrekt-nieuwe-locatie-op-westergas-terrein\/\" class=\"grid-item-link grid-item\">\r\n            <img loading=\"lazy\" decoding=\"async\" width=\"327\" height=\"327\" src=\"https:\/\/social-enterprise.nl\/wp-content\/uploads\/2024\/08\/291441049433_launch_hub-1.jpg\" class=\"attachment-small size-small wp-post-image\" alt=\"\" \/>            <div class=\"grid-item-content\">\r\n                <h2 class=\"grid-item-title\">Impact HUB Amsterdam betrekt nieuwe locatie op Westergas-terrein<\/h2>\r\n                <span class=\"grid-item-date\">6 November 2013<\/span>\r\n                <div class=\"grid-item-excerpt\">De Impact HUB &#160;in Amsterdam heeft heel wat te vieren dit jaar: z'n vijfjarig bestaan,&hellip;<\/div>\r\n                <!--<div><span class=\"grid-item-category\">Nieuws<\/span><\/div>-->\r\n            <\/div>\r\n        <\/a>\r\n                <a href=\"https:\/\/social-enterprise.nl\/en\/nieuws\/start-foundation-en-vsbfonds-presenteren-rapport-sociaal-ondernemen-passie-en-poen\/\" class=\"grid-item-link grid-item\">\r\n            <img loading=\"lazy\" decoding=\"async\" width=\"354\" height=\"355\" src=\"https:\/\/social-enterprise.nl\/wp-content\/uploads\/2024\/08\/661441049433_vsb-1.jpg\" class=\"attachment-small size-small wp-post-image\" alt=\"\" \/>            <div class=\"grid-item-content\">\r\n                <h2 class=\"grid-item-title\">Start Foundation en VSBfonds presenteren rapport &#039;Sociaal ondernemen: passie en poen&#039;<\/h2>\r\n                <span class=\"grid-item-date\">6 November 2013<\/span>\r\n                <div class=\"grid-item-excerpt\">Afgelopen week werd het rapport 'Sociaal ondernemen: passie en poen' van VSBfonds en Start Foundation&hellip;<\/div>\r\n                <!--<div><span class=\"grid-item-category\">Nieuws<\/span><\/div>-->\r\n            <\/div>\r\n        <\/a>\r\n                <a href=\"https:\/\/social-enterprise.nl\/en\/nieuws\/succesvolle-lancering-boek-verbeter-de-wereld-begin-een-bedrijf\/\" class=\"grid-item-link grid-item\">\r\n            <img loading=\"lazy\" decoding=\"async\" width=\"1803\" height=\"726\" src=\"https:\/\/social-enterprise.nl\/wp-content\/uploads\/2024\/08\/101441049432_boekpres_620x250-1.jpg\" class=\"attachment-small size-small wp-post-image\" alt=\"\" srcset=\"https:\/\/social-enterprise.nl\/wp-content\/uploads\/2024\/08\/101441049432_boekpres_620x250-1.jpg 1803w, https:\/\/social-enterprise.nl\/wp-content\/uploads\/2024\/08\/101441049432_boekpres_620x250-1-768x309.jpg 768w, https:\/\/social-enterprise.nl\/wp-content\/uploads\/2024\/08\/101441049432_boekpres_620x250-1-1536x618.jpg 1536w\" sizes=\"auto, (max-width: 1803px) 100vw, 1803px\" \/>            <div class=\"grid-item-content\">\r\n                <h2 class=\"grid-item-title\">Succesvolle lancering boek &#039;Verbeter de Wereld, Begin een Bedrijf&#039;<\/h2>\r\n                <span class=\"grid-item-date\">1 November 2013<\/span>\r\n                <div class=\"grid-item-excerpt\">Donderdag 31 oktober werd ten overstaande van zo'n 150 man het boek &#8216;Verbeter de Wereld,&hellip;<\/div>\r\n                <!--<div><span class=\"grid-item-category\">Nieuws<\/span><\/div>-->\r\n            <\/div>\r\n        <\/a>\r\n                <a href=\"https:\/\/social-enterprise.nl\/en\/nieuws\/waarom-bedrijven-goed-zijn-in-het-aanpakken-van-maatschappelijke-problemen\/\" class=\"grid-item-link grid-item\">\r\n                        <div class=\"grid-item-content\">\r\n                <h2 class=\"grid-item-title\">Waarom bedrijven goed zijn in het aanpakken van maatschappelijke problemen<\/h2>\r\n                <span class=\"grid-item-date\">28 October 2013<\/span>\r\n                <div class=\"grid-item-excerpt\">Waarom wenden wij ons eigenlijk van oudsher tot non-profitorganisaties, NGO's en overheden om de grootste&hellip;<\/div>\r\n                <!--<div><span class=\"grid-item-category\">Nieuws<\/span><\/div>-->\r\n            <\/div>\r\n        <\/a>\r\n                <a href=\"https:\/\/social-enterprise.nl\/en\/nieuws\/oprichters-social-enterprise-nl-schrijven-boek-verbeter-de-wereld-begin-een-bedrijf\/\" class=\"grid-item-link grid-item\">\r\n            <img loading=\"lazy\" decoding=\"async\" width=\"1024\" height=\"791\" src=\"https:\/\/social-enterprise.nl\/wp-content\/uploads\/2024\/08\/851441049432_A_must_read_1024x791-1.png\" class=\"attachment-small size-small wp-post-image\" alt=\"\" srcset=\"https:\/\/social-enterprise.nl\/wp-content\/uploads\/2024\/08\/851441049432_A_must_read_1024x791-1.png 1024w, https:\/\/social-enterprise.nl\/wp-content\/uploads\/2024\/08\/851441049432_A_must_read_1024x791-1-768x593.png 768w\" sizes=\"auto, (max-width: 1024px) 100vw, 1024px\" \/>            <div class=\"grid-item-content\">\r\n                <h2 class=\"grid-item-title\">Oprichters Social Enterprise NL schrijven boek: &#039;Verbeter de wereld, begin een bedrijf&#039;<\/h2>\r\n                <span class=\"grid-item-date\">21 October 2013<\/span>\r\n                <div class=\"grid-item-excerpt\">Op 1 november is het zover. Dan verschijnt het boek &#8216;Verbeter de wereld, begin een&hellip;<\/div>\r\n                <!--<div><span class=\"grid-item-category\">Nieuws<\/span><\/div>-->\r\n            <\/div>\r\n        <\/a>\r\n                <a href=\"https:\/\/social-enterprise.nl\/en\/nieuws\/dertien-missiegedreven-ondernemers-starten-met-programma-village-capital\/\" class=\"grid-item-link grid-item\">\r\n            <img loading=\"lazy\" decoding=\"async\" width=\"470\" height=\"300\" src=\"https:\/\/social-enterprise.nl\/wp-content\/uploads\/2024\/08\/631441049432_vilcap-1.jpg\" class=\"attachment-small size-small wp-post-image\" alt=\"\" \/>            <div class=\"grid-item-content\">\r\n                <h2 class=\"grid-item-title\">Dertien missiegedreven ondernemers starten met programma Village Capital<\/h2>\r\n                <span class=\"grid-item-date\">20 October 2013<\/span>\r\n                <div class=\"grid-item-excerpt\">Afgelopen vrijdag is in Amsterdam het Nederlandse programma van Village Capital&#160;officieel&#160;van start gegaan. Uit meer&hellip;<\/div>\r\n                <!--<div><span class=\"grid-item-category\">Nieuws<\/span><\/div>-->\r\n            <\/div>\r\n        <\/a>\r\n                <a href=\"https:\/\/social-enterprise.nl\/en\/nieuws\/rutte-onderstreept-belang-van-social-enterprises-in-willem-drees-lezing\/\" class=\"grid-item-link grid-item\">\r\n                        <div class=\"grid-item-content\">\r\n                <h2 class=\"grid-item-title\">Rutte onderstreept belang van social enterprises in Willem Drees-lezing<\/h2>\r\n                <span class=\"grid-item-date\">15 October 2013<\/span>\r\n                <div class=\"grid-item-excerpt\">Gisteravond heeft premier Rutte tijdens de Willem Dreeslezing aandacht besteed aan social enterprises als onderdeel&hellip;<\/div>\r\n                <!--<div><span class=\"grid-item-category\">Nieuws<\/span><\/div>-->\r\n            <\/div>\r\n        <\/a>\r\n                <a href=\"https:\/\/social-enterprise.nl\/en\/nieuws\/meer-sociaal-ondernemers-in-duurzame-top-100\/\" class=\"grid-item-link grid-item\">\r\n            <img loading=\"lazy\" decoding=\"async\" width=\"600\" height=\"395\" src=\"https:\/\/social-enterprise.nl\/wp-content\/uploads\/2024\/08\/421441049431_duurzaamheid1-1.jpg\" class=\"attachment-small size-small wp-post-image\" alt=\"\" \/>            <div class=\"grid-item-content\">\r\n                <h2 class=\"grid-item-title\">Meer sociaal ondernemers in Duurzame Top 100<\/h2>\r\n                <span class=\"grid-item-date\">10 October 2013<\/span>\r\n                <div class=\"grid-item-excerpt\">De&#160;Duurzame Top 100 van Trouw is gisteren&#160;bekend gemaakt. Mooie ontwikkeling is dat deze lijst van&hellip;<\/div>\r\n                <!--<div><span class=\"grid-item-category\">Nieuws<\/span><\/div>-->\r\n            <\/div>\r\n        <\/a>\r\n                <a href=\"https:\/\/social-enterprise.nl\/en\/artikelen\/15-oktober-sharing-dinner-amsterdam-door-share-nl-peers\/\" class=\"grid-item-link grid-item\">\r\n            <img loading=\"lazy\" decoding=\"async\" width=\"951\" height=\"383\" src=\"https:\/\/social-enterprise.nl\/wp-content\/uploads\/2024\/09\/share_620x250.png\" class=\"attachment-small size-small wp-post-image\" alt=\"\" srcset=\"https:\/\/social-enterprise.nl\/wp-content\/uploads\/2024\/09\/share_620x250.png 951w, https:\/\/social-enterprise.nl\/wp-content\/uploads\/2024\/09\/share_620x250-768x309.png 768w, https:\/\/social-enterprise.nl\/wp-content\/uploads\/2024\/09\/share_620x250-18x7.png 18w\" sizes=\"auto, (max-width: 951px) 100vw, 951px\" \/>            <div class=\"grid-item-content\">\r\n                <h2 class=\"grid-item-title\">15 oktober: Sharing Dinner Amsterdam door Share NL &amp; Peers<\/h2>\r\n                <span class=\"grid-item-date\">4 October 2013<\/span>\r\n                <div class=\"grid-item-excerpt\">Op dinsdag 15 oktober worden wereldwijd events georganiseerd om de deeleconomie in de spotlights te&hellip;<\/div>\r\n                <!--<div><span class=\"grid-item-category\">Artikelen<\/span><\/div>-->\r\n            <\/div>\r\n        <\/a>\r\n                <a href=\"https:\/\/social-enterprise.nl\/en\/nieuws\/opiniestuk-roebyem-anders-in-nrc-kijk-naar-iemands-capaciteiten-niet-naar-handicap\/\" class=\"grid-item-link grid-item\">\r\n            <img loading=\"lazy\" decoding=\"async\" width=\"581\" height=\"387\" src=\"https:\/\/social-enterprise.nl\/wp-content\/uploads\/2024\/08\/491441049431_news_630x420-1.jpg\" class=\"attachment-small size-small wp-post-image\" alt=\"\" \/>            <div class=\"grid-item-content\">\r\n                <h2 class=\"grid-item-title\">Opiniestuk Roebyem Anders in NRC: &#039;Kijk naar iemands capaciteiten, niet naar handicap&#039;<\/h2>\r\n                <span class=\"grid-item-date\">4 October 2013<\/span>\r\n                <div class=\"grid-item-excerpt\">NRC publiceerde vandaag een opiniestuk van Roebyem Anders, mede-oprichter van Zonline. In dit stuk gaat&hellip;<\/div>\r\n                <!--<div><span class=\"grid-item-category\">Nieuws<\/span><\/div>-->\r\n            <\/div>\r\n        <\/a>\r\n                <a href=\"https:\/\/social-enterprise.nl\/en\/nieuws\/het-kan-sociaal-groen-en-een-boterham-verdienen\/\" class=\"grid-item-link grid-item\">\r\n            <img loading=\"lazy\" decoding=\"async\" width=\"634\" height=\"256\" src=\"https:\/\/social-enterprise.nl\/wp-content\/uploads\/2024\/08\/491441049431_vk_stuk-1.png\" class=\"attachment-small size-small wp-post-image\" alt=\"\" \/>            <div class=\"grid-item-content\">\r\n                <h2 class=\"grid-item-title\">Het kan: sociaal, groen en een boterham verdienen<\/h2>\r\n                <span class=\"grid-item-date\">23 September 2013<\/span>\r\n                <div class=\"grid-item-excerpt\">Lees&#160;hier&#160;(p.24) &#233;n&#160;hier&#160;(p.25) het Volkrant artikel over social enterprises! Afgelopen weekend besteedde de Volkskrant uitgebreid aandacht&hellip;<\/div>\r\n                <!--<div><span class=\"grid-item-category\">Nieuws<\/span><\/div>-->\r\n            <\/div>\r\n        <\/a>\r\n                <a href=\"https:\/\/social-enterprise.nl\/en\/nieuws\/boekentip-verbeter-de-wereld-begin-een-bedrijf\/\" class=\"grid-item-link grid-item\">\r\n            <img loading=\"lazy\" decoding=\"async\" width=\"580\" height=\"300\" src=\"https:\/\/social-enterprise.nl\/wp-content\/uploads\/2024\/08\/401441049431_afbeelding_boek_nieuwsbrief-1.png\" class=\"attachment-small size-small wp-post-image\" alt=\"\" \/>            <div class=\"grid-item-content\">\r\n                <h2 class=\"grid-item-title\">Boekentip: Verbeter de wereld, begin een bedrijf<\/h2>\r\n                <span class=\"grid-item-date\">18 September 2013<\/span>\r\n                <div class=\"grid-item-excerpt\">Willemijn Verloop en Mark Hillen komen dit najaar met een boek over sociaal ondernemerschap: &#8216;Verbeter&hellip;<\/div>\r\n                <!--<div><span class=\"grid-item-category\">Nieuws<\/span><\/div>-->\r\n            <\/div>\r\n        <\/a>\r\n                <a href=\"https:\/\/social-enterprise.nl\/en\/nieuws\/teaching-case-tony146s-chocolonely-beschikbaar-voor-hoger-onderwijs\/\" class=\"grid-item-link grid-item\">\r\n            <img loading=\"lazy\" decoding=\"async\" width=\"1920\" height=\"774\" src=\"https:\/\/social-enterprise.nl\/wp-content\/uploads\/2013\/09\/Tonys-1.jpg\" class=\"attachment-small size-small wp-post-image\" alt=\"\" srcset=\"https:\/\/social-enterprise.nl\/wp-content\/uploads\/2013\/09\/Tonys-1.jpg 1920w, https:\/\/social-enterprise.nl\/wp-content\/uploads\/2013\/09\/Tonys-1-768x310.jpg 768w, https:\/\/social-enterprise.nl\/wp-content\/uploads\/2013\/09\/Tonys-1-1536x619.jpg 1536w, https:\/\/social-enterprise.nl\/wp-content\/uploads\/2013\/09\/Tonys-1-18x7.jpg 18w\" sizes=\"auto, (max-width: 1920px) 100vw, 1920px\" \/>            <div class=\"grid-item-content\">\r\n                <h2 class=\"grid-item-title\">Teaching case Tony&amp;#146;s Chocolonely beschikbaar voor hoger onderwijs<\/h2>\r\n                <span class=\"grid-item-date\">18 September 2013<\/span>\r\n                <div class=\"grid-item-excerpt\">Nederland heeft nog nauwelijks onderwijs op het gebied van sociaal ondernemerschap en daar wil Social&hellip;<\/div>\r\n                <!--<div><span class=\"grid-item-category\">Nieuws<\/span><\/div>-->\r\n            <\/div>\r\n        <\/a>\r\n                <a href=\"https:\/\/social-enterprise.nl\/en\/nieuws\/wakawaka-brengt-impact-in-beeld\/\" class=\"grid-item-link grid-item\">\r\n            <img loading=\"lazy\" decoding=\"async\" width=\"2377\" height=\"1200\" src=\"https:\/\/social-enterprise.nl\/wp-content\/uploads\/2024\/08\/761441049429_WakaWaka_brengt_impact_in_kaart-1.jpg\" class=\"attachment-small size-small wp-post-image\" alt=\"\" srcset=\"https:\/\/social-enterprise.nl\/wp-content\/uploads\/2024\/08\/761441049429_WakaWaka_brengt_impact_in_kaart-1.jpg 2377w, https:\/\/social-enterprise.nl\/wp-content\/uploads\/2024\/08\/761441049429_WakaWaka_brengt_impact_in_kaart-1-768x388.jpg 768w, https:\/\/social-enterprise.nl\/wp-content\/uploads\/2024\/08\/761441049429_WakaWaka_brengt_impact_in_kaart-1-1536x775.jpg 1536w, https:\/\/social-enterprise.nl\/wp-content\/uploads\/2024\/08\/761441049429_WakaWaka_brengt_impact_in_kaart-1-2048x1034.jpg 2048w\" sizes=\"auto, (max-width: 2377px) 100vw, 2377px\" \/>            <div class=\"grid-item-content\">\r\n                <h2 class=\"grid-item-title\">WakaWaka brengt impact in beeld<\/h2>\r\n                <span class=\"grid-item-date\">18 September 2013<\/span>\r\n                <div class=\"grid-item-excerpt\">WakaWaka&#160;is begonnen als het solar-alternatief voor gevaarlijke kerosinelampjes in donker Afrika. De Waka Waka ledlamp&hellip;<\/div>\r\n                <!--<div><span class=\"grid-item-category\">Nieuws<\/span><\/div>-->\r\n            <\/div>\r\n        <\/a>\r\n                <a href=\"https:\/\/social-enterprise.nl\/en\/nieuws\/20-september-workshop-145finance-for-dummies146\/\" class=\"grid-item-link grid-item\">\r\n            <img loading=\"lazy\" decoding=\"async\" width=\"2559\" height=\"1059\" src=\"https:\/\/social-enterprise.nl\/wp-content\/uploads\/2024\/08\/111441049429_money_MAILCHIMP-1.jpg\" class=\"attachment-small size-small wp-post-image\" alt=\"\" srcset=\"https:\/\/social-enterprise.nl\/wp-content\/uploads\/2024\/08\/111441049429_money_MAILCHIMP-1.jpg 2559w, https:\/\/social-enterprise.nl\/wp-content\/uploads\/2024\/08\/111441049429_money_MAILCHIMP-1-768x318.jpg 768w, https:\/\/social-enterprise.nl\/wp-content\/uploads\/2024\/08\/111441049429_money_MAILCHIMP-1-1536x636.jpg 1536w, https:\/\/social-enterprise.nl\/wp-content\/uploads\/2024\/08\/111441049429_money_MAILCHIMP-1-2048x848.jpg 2048w\" sizes=\"auto, (max-width: 2559px) 100vw, 2559px\" \/>            <div class=\"grid-item-content\">\r\n                <h2 class=\"grid-item-title\">20 september: workshop &amp;#145;Finance for Dummies&amp;#146;<\/h2>\r\n                <span class=\"grid-item-date\">18 September 2013<\/span>\r\n                <div class=\"grid-item-excerpt\">Op vrijdag 20 september organiseren&#160;Nudge&#160;en&#160;Social Enterprise NL&#160;een gratis workshop &#8216;finance voor dummies&#8217;. Bedoeld voor iedereen&hellip;<\/div>\r\n                <!--<div><span class=\"grid-item-category\">Nieuws<\/span><\/div>-->\r\n            <\/div>\r\n        <\/a>\r\n                <a href=\"https:\/\/social-enterprise.nl\/en\/nieuws\/wie-zijn-d-100-duurzame-jonge-koplopers-in-nederland\/\" class=\"grid-item-link grid-item\">\r\n            <img loading=\"lazy\" decoding=\"async\" width=\"650\" height=\"254\" src=\"https:\/\/social-enterprise.nl\/wp-content\/uploads\/2024\/08\/891441049427_timthumbdj100-1.png\" class=\"attachment-small size-small wp-post-image\" alt=\"\" \/>            <div class=\"grid-item-content\">\r\n                <h2 class=\"grid-item-title\">Wie zijn d&eacute; 100 duurzame jonge koplopers in Nederland?<\/h2>\r\n                <span class=\"grid-item-date\">18 September 2013<\/span>\r\n                <div class=\"grid-item-excerpt\">De Duurzame Jonge 100 (DJ100) is een nieuwe verkiezing waarbij wordt gezocht naar de 100&hellip;<\/div>\r\n                <!--<div><span class=\"grid-item-category\">Nieuws<\/span><\/div>-->\r\n            <\/div>\r\n        <\/a>\r\n                <a href=\"https:\/\/social-enterprise.nl\/en\/nieuws\/behoefte-aan-aparte-rechtsvorm-social-enterprises\/\" class=\"grid-item-link grid-item\">\r\n            <img loading=\"lazy\" decoding=\"async\" width=\"620\" height=\"372\" src=\"https:\/\/social-enterprise.nl\/wp-content\/uploads\/2024\/08\/531441049427_timthumb-1.jpg\" class=\"attachment-small size-small wp-post-image\" alt=\"\" \/>            <div class=\"grid-item-content\">\r\n                <h2 class=\"grid-item-title\">Behoefte aan aparte rechtsvorm social enterprises<\/h2>\r\n                <span class=\"grid-item-date\">18 September 2013<\/span>\r\n                <div class=\"grid-item-excerpt\">Uit een steekproef onder social enterprises blijkt dat 65% vindt dat er een aparte rechtsvorm&hellip;<\/div>\r\n                <!--<div><span class=\"grid-item-category\">Nieuws<\/span><\/div>-->\r\n            <\/div>\r\n        <\/a>\r\n                <a href=\"https:\/\/social-enterprise.nl\/en\/nieuws\/laatse-kans-aanmelden-village-capital\/\" class=\"grid-item-link grid-item\">\r\n            <img loading=\"lazy\" decoding=\"async\" width=\"922\" height=\"242\" src=\"https:\/\/social-enterprise.nl\/wp-content\/uploads\/2024\/08\/861441049427_Vilcap_header-1.jpg\" class=\"attachment-small size-small wp-post-image\" alt=\"\" srcset=\"https:\/\/social-enterprise.nl\/wp-content\/uploads\/2024\/08\/861441049427_Vilcap_header-1.jpg 922w, https:\/\/social-enterprise.nl\/wp-content\/uploads\/2024\/08\/861441049427_Vilcap_header-1-768x202.jpg 768w\" sizes=\"auto, (max-width: 922px) 100vw, 922px\" \/>            <div class=\"grid-item-content\">\r\n                <h2 class=\"grid-item-title\">Laatse kans aanmelden Village Capital<\/h2>\r\n                <span class=\"grid-item-date\">18 September 2013<\/span>\r\n                <div class=\"grid-item-excerpt\">Sociaal ondernemer en klaar om te groeien?&#160;Village Capital&#160;helpt sociaal ondernemers&#160;investeerders aan te trekken om hun&hellip;<\/div>\r\n                <!--<div><span class=\"grid-item-category\">Nieuws<\/span><\/div>-->\r\n            <\/div>\r\n        <\/a>\r\n                <a href=\"https:\/\/social-enterprise.nl\/en\/nieuws\/workshop-value-based-prijsstrategien-voor-social-enterprises\/\" class=\"grid-item-link grid-item\">\r\n            <img loading=\"lazy\" decoding=\"async\" width=\"775\" height=\"357\" src=\"https:\/\/social-enterprise.nl\/wp-content\/uploads\/2024\/08\/211441049426_Pricing-1.png\" class=\"attachment-small size-small wp-post-image\" alt=\"\" srcset=\"https:\/\/social-enterprise.nl\/wp-content\/uploads\/2024\/08\/211441049426_Pricing-1.png 775w, https:\/\/social-enterprise.nl\/wp-content\/uploads\/2024\/08\/211441049426_Pricing-1-768x354.png 768w\" sizes=\"auto, (max-width: 775px) 100vw, 775px\" \/>            <div class=\"grid-item-content\">\r\n                <h2 class=\"grid-item-title\">Workshop &quot;Value Based Prijsstrategie&euml;n voor Social Enterprises&quot;<\/h2>\r\n                <span class=\"grid-item-date\">18 September 2013<\/span>\r\n                <div class=\"grid-item-excerpt\">Als ondernemer ben je continu op zoek naar nieuwe manieren om waarde te cre&#235;ren voor&hellip;<\/div>\r\n                <!--<div><span class=\"grid-item-category\">Nieuws<\/span><\/div>-->\r\n            <\/div>\r\n        <\/a>\r\n                <a href=\"https:\/\/social-enterprise.nl\/en\/nieuws\/social-enterprises-uk-motor-voor-groei\/\" class=\"grid-item-link grid-item\">\r\n            <img loading=\"lazy\" decoding=\"async\" width=\"600\" height=\"250\" src=\"https:\/\/social-enterprise.nl\/wp-content\/uploads\/2024\/08\/491441049426_social_enterprise_motor_economie1-1.jpg\" class=\"attachment-small size-small wp-post-image\" alt=\"\" \/>            <div class=\"grid-item-content\">\r\n                <h2 class=\"grid-item-title\">Social enterprises UK motor voor groei<\/h2>\r\n                <span class=\"grid-item-date\">18 September 2013<\/span>\r\n                <div class=\"grid-item-excerpt\">Social enterprises \u2013ondernemingen met een missiegedreven businessmodel\u2013 presteerden het afgelopen jaar in de UK beduidend&hellip;<\/div>\r\n                <!--<div><span class=\"grid-item-category\">Nieuws<\/span><\/div>-->\r\n            <\/div>\r\n        <\/a>\r\n                <a href=\"https:\/\/social-enterprise.nl\/en\/nieuws\/groot-onderzoeksprogramma-voor-duurzame-businessmodellen\/\" class=\"grid-item-link grid-item\">\r\n            <img loading=\"lazy\" decoding=\"async\" width=\"636\" height=\"357\" src=\"https:\/\/social-enterprise.nl\/wp-content\/uploads\/2024\/08\/881441049426_timthumb_1_-1.jpg\" class=\"attachment-small size-small wp-post-image\" alt=\"\" \/>            <div class=\"grid-item-content\">\r\n                <h2 class=\"grid-item-title\">Groot onderzoeksprogramma voor duurzame businessmodellen<\/h2>\r\n                <span class=\"grid-item-date\">12 September 2013<\/span>\r\n                <div class=\"grid-item-excerpt\">In het najaar start een groot wetenschappelijk onderzoek naar het winstgevend maken van duurzame businessmodellen.&hellip;<\/div>\r\n                <!--<div><span class=\"grid-item-category\">Nieuws<\/span><\/div>-->\r\n            <\/div>\r\n        <\/a>\r\n                <a href=\"https:\/\/social-enterprise.nl\/en\/nieuws\/van-ongemak-naar-onderneming-financiering-voor-radicale-vernieuwers\/\" class=\"grid-item-link grid-item\">\r\n            <img loading=\"lazy\" decoding=\"async\" width=\"2500\" height=\"1000\" src=\"https:\/\/social-enterprise.nl\/wp-content\/uploads\/2024\/08\/611467275176_SE_basislogo-1.jpg\" class=\"attachment-small size-small wp-post-image\" alt=\"\" srcset=\"https:\/\/social-enterprise.nl\/wp-content\/uploads\/2024\/08\/611467275176_SE_basislogo-1.jpg 2500w, https:\/\/social-enterprise.nl\/wp-content\/uploads\/2024\/08\/611467275176_SE_basislogo-1-768x307.jpg 768w, https:\/\/social-enterprise.nl\/wp-content\/uploads\/2024\/08\/611467275176_SE_basislogo-1-1536x614.jpg 1536w, https:\/\/social-enterprise.nl\/wp-content\/uploads\/2024\/08\/611467275176_SE_basislogo-1-2048x819.jpg 2048w\" sizes=\"auto, (max-width: 2500px) 100vw, 2500px\" \/>            <div class=\"grid-item-content\">\r\n                <h2 class=\"grid-item-title\">Van ongemak naar onderneming: financiering voor radicale vernieuwers<\/h2>\r\n                <span class=\"grid-item-date\">18 July 2013<\/span>\r\n                <div class=\"grid-item-excerpt\">Kennisland en Vrij Nederland nomineerden in maart 2013 de 23 Radicale vernieuwers&#160; die&#160;door middel van&hellip;<\/div>\r\n                <!--<div><span class=\"grid-item-category\">Nieuws<\/span><\/div>-->\r\n            <\/div>\r\n        <\/a>\r\n                <a href=\"https:\/\/social-enterprise.nl\/en\/nieuws\/masterclass-impact-meten\/\" class=\"grid-item-link grid-item\">\r\n                        <div class=\"grid-item-content\">\r\n                <h2 class=\"grid-item-title\">Masterclass Impact Meten<\/h2>\r\n                <span class=\"grid-item-date\">16 July 2013<\/span>\r\n                <div class=\"grid-item-excerpt\">Voor social enterprises is het interessant om zo goed mogelijk zicht te krijgen op de&hellip;<\/div>\r\n                <!--<div><span class=\"grid-item-category\">Nieuws<\/span><\/div>-->\r\n            <\/div>\r\n        <\/a>\r\n                <a href=\"https:\/\/social-enterprise.nl\/en\/nieuws\/social-enterprise-accelerator-gaat-vanaf-komend-najaar-investeren\/\" class=\"grid-item-link grid-item\">\r\n                        <div class=\"grid-item-content\">\r\n                <h2 class=\"grid-item-title\">Social Enterprise Accelerator gaat vanaf komend najaar investeren<\/h2>\r\n                <span class=\"grid-item-date\">11 July 2013<\/span>\r\n                <div class=\"grid-item-excerpt\">In oktober gaat Social Enterprise Accelerator (SEA) officieel van start. Deze nieuwe organisatie richt zich&hellip;<\/div>\r\n                <!--<div><span class=\"grid-item-category\">Nieuws<\/span><\/div>-->\r\n            <\/div>\r\n        <\/a>\r\n                <a href=\"https:\/\/social-enterprise.nl\/en\/nieuws\/kabinet-wil-ruimte-geven-aan-sociaal-ondernemerschap\/\" class=\"grid-item-link grid-item\">\r\n            <img loading=\"lazy\" decoding=\"async\" width=\"1020\" height=\"400\" src=\"https:\/\/social-enterprise.nl\/wp-content\/uploads\/2024\/08\/401441049425_OLYMPUS_DIGITAL_CAMERA-1.jpg\" class=\"attachment-small size-small wp-post-image\" alt=\"\" srcset=\"https:\/\/social-enterprise.nl\/wp-content\/uploads\/2024\/08\/401441049425_OLYMPUS_DIGITAL_CAMERA-1.jpg 1020w, https:\/\/social-enterprise.nl\/wp-content\/uploads\/2024\/08\/401441049425_OLYMPUS_DIGITAL_CAMERA-1-768x301.jpg 768w\" sizes=\"auto, (max-width: 1020px) 100vw, 1020px\" \/>            <div class=\"grid-item-content\">\r\n                <h2 class=\"grid-item-title\">Kabinet wil ruimte geven aan sociaal ondernemerschap<\/h2>\r\n                <span class=\"grid-item-date\">11 July 2013<\/span>\r\n                <div class=\"grid-item-excerpt\">Het kabinet beschouwt maatschappelijk initiatief en sociaal ondernemerschap als een krachtige ontwikkeling die ruimte en&hellip;<\/div>\r\n                <!--<div><span class=\"grid-item-category\">Nieuws<\/span><\/div>-->\r\n            <\/div>\r\n        <\/a>\r\n                <a href=\"https:\/\/social-enterprise.nl\/en\/nieuws\/amerikaanse-topaccelerator-selecteert-nederlandse-peerby\/\" class=\"grid-item-link grid-item\">\r\n            <img loading=\"lazy\" decoding=\"async\" width=\"700\" height=\"188\" src=\"https:\/\/social-enterprise.nl\/wp-content\/uploads\/2024\/08\/251441049424_news1a-1.jpg\" class=\"attachment-small size-small wp-post-image\" alt=\"\" \/>            <div class=\"grid-item-content\">\r\n                <h2 class=\"grid-item-title\">Amerikaanse topaccelerator selecteert Nederlandse Peerby<\/h2>\r\n                <span class=\"grid-item-date\">8 July 2013<\/span>\r\n                <div class=\"grid-item-excerpt\">Het gerenommeerde Amerikaanse startersprogramma TechStars komt deze zomer voor het eerst naar Europa en heeft&hellip;<\/div>\r\n                <!--<div><span class=\"grid-item-category\">Nieuws<\/span><\/div>-->\r\n            <\/div>\r\n        <\/a>\r\n                <a href=\"https:\/\/social-enterprise.nl\/en\/nieuws\/contouren-stimuleringsagenda-voor-social-enterprises-zichtbaar\/\" class=\"grid-item-link grid-item\">\r\n            <img loading=\"lazy\" decoding=\"async\" width=\"620\" height=\"300\" src=\"https:\/\/social-enterprise.nl\/wp-content\/uploads\/2024\/08\/711441049424_Growth-1.jpg\" class=\"attachment-small size-small wp-post-image\" alt=\"\" \/>            <div class=\"grid-item-content\">\r\n                <h2 class=\"grid-item-title\">Contouren stimuleringsagenda voor social enterprises zichtbaar<\/h2>\r\n                <span class=\"grid-item-date\">8 July 2013<\/span>\r\n                <div class=\"grid-item-excerpt\">Erkenning van de ondernemersvorm, fiscale voordelen en een sociaal inkopende overheid. Dat zijn alvast drie&hellip;<\/div>\r\n                <!--<div><span class=\"grid-item-category\">Nieuws<\/span><\/div>-->\r\n            <\/div>\r\n        <\/a>\r\n                <a href=\"https:\/\/social-enterprise.nl\/en\/nieuws\/village-capital-nl-klaar-om-nederlandse-social-enterprises-te-laten-groeien\/\" class=\"grid-item-link grid-item\">\r\n            <img loading=\"lazy\" decoding=\"async\" width=\"700\" height=\"188\" src=\"https:\/\/social-enterprise.nl\/wp-content\/uploads\/2024\/08\/351441049424_news2-1.jpg\" class=\"attachment-small size-small wp-post-image\" alt=\"\" \/>            <div class=\"grid-item-content\">\r\n                <h2 class=\"grid-item-title\">Village Capital NL klaar om Nederlandse social enterprises te laten groeien<\/h2>\r\n                <span class=\"grid-item-date\">2 July 2013<\/span>\r\n                <div class=\"grid-item-excerpt\">Sociaal ondernemer en klaar om te groeien?&#160;Village Capital&#160;helpt sociaal ondernemers&#160;investeerders aan te trekken om hun&hellip;<\/div>\r\n                <!--<div><span class=\"grid-item-category\">Nieuws<\/span><\/div>-->\r\n            <\/div>\r\n        <\/a>\r\n                <a href=\"https:\/\/social-enterprise.nl\/en\/nieuws\/nieuwe-businessmodellen-enorm-in-de-lift\/\" class=\"grid-item-link grid-item\">\r\n            <img loading=\"lazy\" decoding=\"async\" width=\"650\" height=\"350\" src=\"https:\/\/social-enterprise.nl\/wp-content\/uploads\/2024\/08\/321441049424_nbm_jan_jonker-1.png\" class=\"attachment-small size-small wp-post-image\" alt=\"\" \/>            <div class=\"grid-item-content\">\r\n                <h2 class=\"grid-item-title\">Nieuwe businessmodellen enorm in de lift<\/h2>\r\n                <span class=\"grid-item-date\">1 July 2013<\/span>\r\n                <div class=\"grid-item-excerpt\">Auto&#8217;s delen, grasmaaier van de buren lenen, energie opwekken voor jouw wijk of je eigen&hellip;<\/div>\r\n                <!--<div><span class=\"grid-item-category\">Nieuws<\/span><\/div>-->\r\n            <\/div>\r\n        <\/a>\r\n                <a href=\"https:\/\/social-enterprise.nl\/en\/nieuws\/verbeter-de-wereld-begin-een-bedrijf\/\" class=\"grid-item-link grid-item\">\r\n            <img loading=\"lazy\" decoding=\"async\" width=\"300\" height=\"300\" src=\"https:\/\/social-enterprise.nl\/wp-content\/uploads\/2024\/08\/421441049416_event_boekpresentatie-1.jpg\" class=\"attachment-small size-small wp-post-image\" alt=\"\" \/>            <div class=\"grid-item-content\">\r\n                <h2 class=\"grid-item-title\">Verbeter de wereld, begin een bedrijf<\/h2>\r\n                <span class=\"grid-item-date\">27 June 2013<\/span>\r\n                <div class=\"grid-item-excerpt\">Oprichters van Social Enterprise NL Willemijn Verloop en Mark Hillen komen dit najaar met een&hellip;<\/div>\r\n                <!--<div><span class=\"grid-item-category\">Nieuws<\/span><\/div>-->\r\n            <\/div>\r\n        <\/a>\r\n                <a href=\"https:\/\/social-enterprise.nl\/en\/nieuws\/leergang-sociaal-ondernemen\/\" class=\"grid-item-link grid-item\">\r\n            <img loading=\"lazy\" decoding=\"async\" width=\"1024\" height=\"407\" src=\"https:\/\/social-enterprise.nl\/wp-content\/uploads\/2024\/08\/751441049423_aanmelden_krijt_1024x407-1.jpg\" class=\"attachment-small size-small wp-post-image\" alt=\"\" srcset=\"https:\/\/social-enterprise.nl\/wp-content\/uploads\/2024\/08\/751441049423_aanmelden_krijt_1024x407-1.jpg 1024w, https:\/\/social-enterprise.nl\/wp-content\/uploads\/2024\/08\/751441049423_aanmelden_krijt_1024x407-1-768x305.jpg 768w\" sizes=\"auto, (max-width: 1024px) 100vw, 1024px\" \/>            <div class=\"grid-item-content\">\r\n                <h2 class=\"grid-item-title\">Leergang Sociaal Ondernemen<\/h2>\r\n                <span class=\"grid-item-date\">27 June 2013<\/span>\r\n                <div class=\"grid-item-excerpt\">Heb je behoefte aan handvatten om meer richting te geven aan jouw sociale onderneming?&#160; Wil&hellip;<\/div>\r\n                <!--<div><span class=\"grid-item-category\">Nieuws<\/span><\/div>-->\r\n            <\/div>\r\n        <\/a>\r\n                <a href=\"https:\/\/social-enterprise.nl\/en\/nieuws\/g8-landen-omarmen-impact-investment\/\" class=\"grid-item-link grid-item\">\r\n            <img loading=\"lazy\" decoding=\"async\" width=\"630\" height=\"420\" src=\"https:\/\/social-enterprise.nl\/wp-content\/uploads\/2024\/08\/571441049423_social_impact_investment_forum-1.jpg\" class=\"attachment-small size-small wp-post-image\" alt=\"\" \/>            <div class=\"grid-item-content\">\r\n                <h2 class=\"grid-item-title\">G8 landen omarmen Impact Investment<\/h2>\r\n                <span class=\"grid-item-date\">20 June 2013<\/span>\r\n                <div class=\"grid-item-excerpt\">\"Social investment can be a great force for social change on the planet\". Met die&hellip;<\/div>\r\n                <!--<div><span class=\"grid-item-category\">Nieuws<\/span><\/div>-->\r\n            <\/div>\r\n        <\/a>\r\n                <a href=\"https:\/\/social-enterprise.nl\/en\/artikelen\/24-t-m-29-juni-niet-normaal-lekker-eten-drinken\/\" class=\"grid-item-link grid-item\">\r\n                        <div class=\"grid-item-content\">\r\n                <h2 class=\"grid-item-title\">24 t\/m 29 juni: Niet Normaal Lekker Eten &amp; Drinken<\/h2>\r\n                <span class=\"grid-item-date\">18 June 2013<\/span>\r\n                <div class=\"grid-item-excerpt\">Amsterdamse&nbsp;sociale horecaondernemingen&nbsp;presenteren van 24 t\/m 29 juni hun&nbsp;te gekke menukaart, hun&nbsp;speciale bieren&nbsp;en hun&nbsp;uiteenlopende cateringmogelijkheden tijdens&hellip;<\/div>\r\n                <!--<div><span class=\"grid-item-category\">Artikelen<\/span><\/div>-->\r\n            <\/div>\r\n        <\/a>\r\n                <a href=\"https:\/\/social-enterprise.nl\/en\/nieuws\/faculteitsdag-uu-in-het-teken-van-sociaal-ondernemen\/\" class=\"grid-item-link grid-item\">\r\n            <img loading=\"lazy\" decoding=\"async\" width=\"746\" height=\"497\" src=\"https:\/\/social-enterprise.nl\/wp-content\/uploads\/2024\/08\/551441049423_UU_630x420-1.jpg\" class=\"attachment-small size-small wp-post-image\" alt=\"\" \/>            <div class=\"grid-item-content\">\r\n                <h2 class=\"grid-item-title\">Faculteitsdag UU in het teken van sociaal ondernemen<\/h2>\r\n                <span class=\"grid-item-date\">7 June 2013<\/span>\r\n                <div class=\"grid-item-excerpt\">Op zaterdag 15 juni zal de faculteit Recht, Economie, Bestuur &amp; Organisatie in het teken&hellip;<\/div>\r\n                <!--<div><span class=\"grid-item-category\">Nieuws<\/span><\/div>-->\r\n            <\/div>\r\n        <\/a>\r\n                <a href=\"https:\/\/social-enterprise.nl\/en\/nieuws\/nieuw-campagnefilmpje-als-dit-lukt-dan-wordt-iedereen-daar-beter-van\/\" class=\"grid-item-link grid-item\">\r\n            <img loading=\"lazy\" decoding=\"async\" width=\"620\" height=\"244\" src=\"https:\/\/social-enterprise.nl\/wp-content\/uploads\/2024\/08\/181441049423_screenshot_filmpje_Wat_is_Winst_620x244-1.jpg\" class=\"attachment-small size-small wp-post-image\" alt=\"\" \/>            <div class=\"grid-item-content\">\r\n                <h2 class=\"grid-item-title\">Nieuw campagnefilmpje: &#039;als dit lukt, dan wordt iedereen daar beter van&#039;<\/h2>\r\n                <span class=\"grid-item-date\">6 June 2013<\/span>\r\n                <div class=\"grid-item-excerpt\">Filmpje met negen sociaal ondernemers in de hoofdrol! Sociaal ondernemers willen de wereld verbeteren. Ze&hellip;<\/div>\r\n                <!--<div><span class=\"grid-item-category\">Nieuws<\/span><\/div>-->\r\n            <\/div>\r\n        <\/a>\r\n                <a href=\"https:\/\/social-enterprise.nl\/en\/artikelen\/doe-mee-eet-voor-maximaal-e3\/\" class=\"grid-item-link grid-item\">\r\n            <img loading=\"lazy\" decoding=\"async\" width=\"1920\" height=\"773\" src=\"https:\/\/social-enterprise.nl\/wp-content\/uploads\/2024\/09\/thuis620x250-1.jpg\" class=\"attachment-small size-small wp-post-image\" alt=\"\" srcset=\"https:\/\/social-enterprise.nl\/wp-content\/uploads\/2024\/09\/thuis620x250-1.jpg 1920w, https:\/\/social-enterprise.nl\/wp-content\/uploads\/2024\/09\/thuis620x250-1-768x309.jpg 768w, https:\/\/social-enterprise.nl\/wp-content\/uploads\/2024\/09\/thuis620x250-1-1536x618.jpg 1536w, https:\/\/social-enterprise.nl\/wp-content\/uploads\/2024\/09\/thuis620x250-1-18x7.jpg 18w\" sizes=\"auto, (max-width: 1920px) 100vw, 1920px\" \/>            <div class=\"grid-item-content\">\r\n                <h2 class=\"grid-item-title\">Doe mee! Eet voor maximaal \u20ac3,-<\/h2>\r\n                <span class=\"grid-item-date\">6 June 2013<\/span>\r\n                <div class=\"grid-item-excerpt\">Van 10 t\/m 17 juni organiseert\u00a0Thuisafgehaald\u00a0de AFAS Personal Budgetweek. Thuiskoks worden uitgedaagd maaltijden aan te&hellip;<\/div>\r\n                <!--<div><span class=\"grid-item-category\">Artikelen<\/span><\/div>-->\r\n            <\/div>\r\n        <\/a>\r\n                <a href=\"https:\/\/social-enterprise.nl\/en\/artikelen\/eerste-eerlijke-telefoon-wordt-werkelijkheid\/\" class=\"grid-item-link grid-item\">\r\n            <img loading=\"lazy\" decoding=\"async\" width=\"1915\" height=\"772\" src=\"https:\/\/social-enterprise.nl\/wp-content\/uploads\/2024\/09\/Fairphone_balloons.jpg\" class=\"attachment-small size-small wp-post-image\" alt=\"\" srcset=\"https:\/\/social-enterprise.nl\/wp-content\/uploads\/2024\/09\/Fairphone_balloons.jpg 1915w, https:\/\/social-enterprise.nl\/wp-content\/uploads\/2024\/09\/Fairphone_balloons-768x310.jpg 768w, https:\/\/social-enterprise.nl\/wp-content\/uploads\/2024\/09\/Fairphone_balloons-1536x619.jpg 1536w, https:\/\/social-enterprise.nl\/wp-content\/uploads\/2024\/09\/Fairphone_balloons-18x7.jpg 18w\" sizes=\"auto, (max-width: 1915px) 100vw, 1915px\" \/>            <div class=\"grid-item-content\">\r\n                <h2 class=\"grid-item-title\">Eerste eerlijke telefoon wordt werkelijkheid!<\/h2>\r\n                <span class=\"grid-item-date\">5 June 2013<\/span>\r\n                <div class=\"grid-item-excerpt\">Fairphone is los! Eind mei werd de 5000ste eerlijke telefoon verkocht en met het behalen&hellip;<\/div>\r\n                <!--<div><span class=\"grid-item-category\">Artikelen<\/span><\/div>-->\r\n            <\/div>\r\n        <\/a>\r\n                <a href=\"https:\/\/social-enterprise.nl\/en\/artikelen\/social-enterprises-in-beeld-2\/\" class=\"grid-item-link grid-item\">\r\n            <img loading=\"lazy\" decoding=\"async\" width=\"620\" height=\"250\" src=\"https:\/\/social-enterprise.nl\/wp-content\/uploads\/2024\/09\/In_beeld_Ctaste.jpg\" class=\"attachment-small size-small wp-post-image\" alt=\"\" srcset=\"https:\/\/social-enterprise.nl\/wp-content\/uploads\/2024\/09\/In_beeld_Ctaste.jpg 620w, https:\/\/social-enterprise.nl\/wp-content\/uploads\/2024\/09\/In_beeld_Ctaste-18x7.jpg 18w\" sizes=\"auto, (max-width: 620px) 100vw, 620px\" \/>            <div class=\"grid-item-content\">\r\n                <h2 class=\"grid-item-title\">Social Enterprises in Beeld<\/h2>\r\n                <span class=\"grid-item-date\">4 June 2013<\/span>\r\n                <div class=\"grid-item-excerpt\">SERIE &#8211; Aflevering 2 Op deze plek presenteren we elke maand een bijzondere foto&nbsp;die het&hellip;<\/div>\r\n                <!--<div><span class=\"grid-item-category\">Artikelen<\/span><\/div>-->\r\n            <\/div>\r\n        <\/a>\r\n                <a href=\"https:\/\/social-enterprise.nl\/en\/artikelen\/als-dit-lukt-dan-wordt-iedereen-daar-beter-van\/\" class=\"grid-item-link grid-item\">\r\n                        <div class=\"grid-item-content\">\r\n                <h2 class=\"grid-item-title\">&#8216;Als dit lukt, dan wordt iedereen daar beter van&#8217;<\/h2>\r\n                <span class=\"grid-item-date\">4 June 2013<\/span>\r\n                <div class=\"grid-item-excerpt\">Sociaal ondernemers willen de wereld verbeteren. Ze streven naar maatschappelijke winst. Met als doel: winst&hellip;<\/div>\r\n                <!--<div><span class=\"grid-item-category\">Artikelen<\/span><\/div>-->\r\n            <\/div>\r\n        <\/a>\r\n                <a href=\"https:\/\/social-enterprise.nl\/en\/nieuws\/social-enterprise-nl-in-nos-journaal\/\" class=\"grid-item-link grid-item\">\r\n            <img loading=\"lazy\" decoding=\"async\" width=\"800\" height=\"450\" src=\"https:\/\/social-enterprise.nl\/wp-content\/uploads\/2024\/08\/911441049422_nos_item1-1.jpg\" class=\"attachment-small size-small wp-post-image\" alt=\"\" srcset=\"https:\/\/social-enterprise.nl\/wp-content\/uploads\/2024\/08\/911441049422_nos_item1-1.jpg 800w, https:\/\/social-enterprise.nl\/wp-content\/uploads\/2024\/08\/911441049422_nos_item1-1-768x432.jpg 768w\" sizes=\"auto, (max-width: 800px) 100vw, 800px\" \/>            <div class=\"grid-item-content\">\r\n                <h2 class=\"grid-item-title\">Social Enterprise NL in NOS Journaal<\/h2>\r\n                <span class=\"grid-item-date\">3 June 2013<\/span>\r\n                <div class=\"grid-item-excerpt\">De afgelopen weken werd er in het nieuws volop aandacht besteed aan Social Enterprise NL&hellip;<\/div>\r\n                <!--<div><span class=\"grid-item-category\">Nieuws<\/span><\/div>-->\r\n            <\/div>\r\n        <\/a>\r\n                <a href=\"https:\/\/social-enterprise.nl\/en\/artikelen\/vraag-naar-autisten-stijgt\/\" class=\"grid-item-link grid-item\">\r\n                        <div class=\"grid-item-content\">\r\n                <h2 class=\"grid-item-title\">Vraag naar autisten stijgt<\/h2>\r\n                <span class=\"grid-item-date\">3 June 2013<\/span>\r\n                <div class=\"grid-item-excerpt\">De vraag naar autisten in de technische sector neemt toe, dat meldde EenVandaag in de&hellip;<\/div>\r\n                <!--<div><span class=\"grid-item-category\">Artikelen<\/span><\/div>-->\r\n            <\/div>\r\n        <\/a>\r\n                <a href=\"https:\/\/social-enterprise.nl\/en\/artikelen\/taxi-electric-zorgt-voor-duurzaam-en-voordelig-taxi-en-binnen-amsterdam\/\" class=\"grid-item-link grid-item\">\r\n            <img loading=\"lazy\" decoding=\"async\" width=\"1920\" height=\"775\" src=\"https:\/\/social-enterprise.nl\/wp-content\/uploads\/2024\/09\/taxi_e_blog-1.jpg\" class=\"attachment-small size-small wp-post-image\" alt=\"\" srcset=\"https:\/\/social-enterprise.nl\/wp-content\/uploads\/2024\/09\/taxi_e_blog-1.jpg 1920w, https:\/\/social-enterprise.nl\/wp-content\/uploads\/2024\/09\/taxi_e_blog-1-768x310.jpg 768w, https:\/\/social-enterprise.nl\/wp-content\/uploads\/2024\/09\/taxi_e_blog-1-1536x620.jpg 1536w, https:\/\/social-enterprise.nl\/wp-content\/uploads\/2024\/09\/taxi_e_blog-1-18x7.jpg 18w\" sizes=\"auto, (max-width: 1920px) 100vw, 1920px\" \/>            <div class=\"grid-item-content\">\r\n                <h2 class=\"grid-item-title\">Taxi Electric zorgt voor duurzaam \u00e9n voordelig taxi-en binnen Amsterdam<\/h2>\r\n                <span class=\"grid-item-date\">31 May 2013<\/span>\r\n                <div class=\"grid-item-excerpt\">Zaterdag 1 juni lanceert&nbsp;Taxi Electric&nbsp;de ZoneTaxi in Amsterdam, dit betekent dat je niet alleen elektrisch&hellip;<\/div>\r\n                <!--<div><span class=\"grid-item-category\">Artikelen<\/span><\/div>-->\r\n            <\/div>\r\n        <\/a>\r\n                <a href=\"https:\/\/social-enterprise.nl\/en\/artikelen\/zondag-2-juni-wereldrecordpoging-lunchdelen\/\" class=\"grid-item-link grid-item\">\r\n            <img loading=\"lazy\" decoding=\"async\" width=\"620\" height=\"250\" src=\"https:\/\/social-enterprise.nl\/wp-content\/uploads\/2024\/09\/potluck_picnic_620x250.jpg\" class=\"attachment-small size-small wp-post-image\" alt=\"\" srcset=\"https:\/\/social-enterprise.nl\/wp-content\/uploads\/2024\/09\/potluck_picnic_620x250.jpg 620w, https:\/\/social-enterprise.nl\/wp-content\/uploads\/2024\/09\/potluck_picnic_620x250-18x7.jpg 18w\" sizes=\"auto, (max-width: 620px) 100vw, 620px\" \/>            <div class=\"grid-item-content\">\r\n                <h2 class=\"grid-item-title\">Zondag 2 juni: wereldrecordpoging lunchdelen<\/h2>\r\n                <span class=\"grid-item-date\">30 May 2013<\/span>\r\n                <div class=\"grid-item-excerpt\">Op 2 juni is het Global Sharing Day. Dit kun je groots vieren bij de&nbsp;Potluck&hellip;<\/div>\r\n                <!--<div><span class=\"grid-item-category\">Artikelen<\/span><\/div>-->\r\n            <\/div>\r\n        <\/a>\r\n                <a href=\"https:\/\/social-enterprise.nl\/en\/artikelen\/12-juni-kijkje-in-de-keuken-bij-brouwerij-de-prael\/\" class=\"grid-item-link grid-item\">\r\n            <img loading=\"lazy\" decoding=\"async\" width=\"1920\" height=\"776\" src=\"https:\/\/social-enterprise.nl\/wp-content\/uploads\/2024\/09\/DePrael_620x250.jpg\" class=\"attachment-small size-small wp-post-image\" alt=\"\" srcset=\"https:\/\/social-enterprise.nl\/wp-content\/uploads\/2024\/09\/DePrael_620x250.jpg 1920w, https:\/\/social-enterprise.nl\/wp-content\/uploads\/2024\/09\/DePrael_620x250-768x310.jpg 768w, https:\/\/social-enterprise.nl\/wp-content\/uploads\/2024\/09\/DePrael_620x250-1536x621.jpg 1536w, https:\/\/social-enterprise.nl\/wp-content\/uploads\/2024\/09\/DePrael_620x250-18x7.jpg 18w\" sizes=\"auto, (max-width: 1920px) 100vw, 1920px\" \/>            <div class=\"grid-item-content\">\r\n                <h2 class=\"grid-item-title\">1&amp;2 juni: kijkje in de keuken bij brouwerij de Prael<\/h2>\r\n                <span class=\"grid-item-date\">29 May 2013<\/span>\r\n                <div class=\"grid-item-excerpt\">A.s. zaterdag en zondag kun je -als onderdeel van de open brouwerijdagen- bij&nbsp;Brouwerij de Prael&nbsp;terecht&hellip;<\/div>\r\n                <!--<div><span class=\"grid-item-category\">Artikelen<\/span><\/div>-->\r\n            <\/div>\r\n        <\/a>\r\n                <a href=\"https:\/\/social-enterprise.nl\/en\/artikelen\/social-innovation-meetup-5\/\" class=\"grid-item-link grid-item\">\r\n            <img loading=\"lazy\" decoding=\"async\" width=\"499\" height=\"201\" src=\"https:\/\/social-enterprise.nl\/wp-content\/uploads\/2024\/09\/trust_1_620x250.jpg\" class=\"attachment-small size-small wp-post-image\" alt=\"\" srcset=\"https:\/\/social-enterprise.nl\/wp-content\/uploads\/2024\/09\/trust_1_620x250.jpg 499w, https:\/\/social-enterprise.nl\/wp-content\/uploads\/2024\/09\/trust_1_620x250-18x7.jpg 18w\" sizes=\"auto, (max-width: 499px) 100vw, 499px\" \/>            <div class=\"grid-item-content\">\r\n                <h2 class=\"grid-item-title\">Social Innovation Meetup! #5<\/h2>\r\n                <span class=\"grid-item-date\">28 May 2013<\/span>\r\n                <div class=\"grid-item-excerpt\">Op 11 juni zullen tijdens de vijfde editie van de&nbsp;Social Innovation Meetup!&nbsp;in Pakhuis de Zwijger&hellip;<\/div>\r\n                <!--<div><span class=\"grid-item-category\">Artikelen<\/span><\/div>-->\r\n            <\/div>\r\n        <\/a>\r\n                <a href=\"https:\/\/social-enterprise.nl\/en\/artikelen\/bedgeheimen-van-yumeko-impact-report\/\" class=\"grid-item-link grid-item\">\r\n            <img loading=\"lazy\" decoding=\"async\" width=\"637\" height=\"257\" src=\"https:\/\/social-enterprise.nl\/wp-content\/uploads\/2024\/09\/yumeko_uitgelicht.jpg\" class=\"attachment-small size-small wp-post-image\" alt=\"\" srcset=\"https:\/\/social-enterprise.nl\/wp-content\/uploads\/2024\/09\/yumeko_uitgelicht.jpg 637w, https:\/\/social-enterprise.nl\/wp-content\/uploads\/2024\/09\/yumeko_uitgelicht-18x7.jpg 18w\" sizes=\"auto, (max-width: 637px) 100vw, 637px\" \/>            <div class=\"grid-item-content\">\r\n                <h2 class=\"grid-item-title\">Bedgeheimen van Yumeko: impact report<\/h2>\r\n                <span class=\"grid-item-date\">27 May 2013<\/span>\r\n                <div class=\"grid-item-excerpt\">Slapend de wereld verbeteren, veel leuker kan het niet, zullen ze bij&nbsp;Yumeko&nbsp;wel hebben gedacht. Afgelopen&hellip;<\/div>\r\n                <!--<div><span class=\"grid-item-category\">Artikelen<\/span><\/div>-->\r\n            <\/div>\r\n        <\/a>\r\n                <a href=\"https:\/\/social-enterprise.nl\/en\/artikelen\/social-enterprises-booming-business\/\" class=\"grid-item-link grid-item\">\r\n            <img loading=\"lazy\" decoding=\"async\" width=\"784\" height=\"316\" src=\"https:\/\/social-enterprise.nl\/wp-content\/uploads\/2024\/09\/NOS_item.jpg\" class=\"attachment-small size-small wp-post-image\" alt=\"\" srcset=\"https:\/\/social-enterprise.nl\/wp-content\/uploads\/2024\/09\/NOS_item.jpg 784w, https:\/\/social-enterprise.nl\/wp-content\/uploads\/2024\/09\/NOS_item-768x310.jpg 768w, https:\/\/social-enterprise.nl\/wp-content\/uploads\/2024\/09\/NOS_item-18x7.jpg 18w\" sizes=\"auto, (max-width: 784px) 100vw, 784px\" \/>            <div class=\"grid-item-content\">\r\n                <h2 class=\"grid-item-title\">Social enterprises booming business<\/h2>\r\n                <span class=\"grid-item-date\">24 May 2013<\/span>\r\n                <div class=\"grid-item-excerpt\">Social&nbsp;enterprises zijn booming business! Op donderdag 23 mei was Social Enterprise NL tot twee keer&hellip;<\/div>\r\n                <!--<div><span class=\"grid-item-category\">Artikelen<\/span><\/div>-->\r\n            <\/div>\r\n        <\/a>\r\n                <a href=\"https:\/\/social-enterprise.nl\/en\/nieuws\/forse-stijging-werkgelegenheid-aangesloten-social-enterprises\/\" class=\"grid-item-link grid-item\">\r\n                        <div class=\"grid-item-content\">\r\n                <h2 class=\"grid-item-title\">Forse stijging werkgelegenheid aangesloten social enterprises<\/h2>\r\n                <span class=\"grid-item-date\">23 May 2013<\/span>\r\n                <div class=\"grid-item-excerpt\">Tegen de algemene trend in is de werkgelegenheid bij social enterprises sinds 2010 met 25%&hellip;<\/div>\r\n                <!--<div><span class=\"grid-item-category\">Nieuws<\/span><\/div>-->\r\n            <\/div>\r\n        <\/a>\r\n                <a href=\"https:\/\/social-enterprise.nl\/en\/nieuws\/verkennend-onderzoek-naar-boost-maatregelen-voor-social-enterprises\/\" class=\"grid-item-link grid-item\">\r\n                        <div class=\"grid-item-content\">\r\n                <h2 class=\"grid-item-title\">Verkennend onderzoek naar boost maatregelen voor social enterprises<\/h2>\r\n                <span class=\"grid-item-date\">23 May 2013<\/span>\r\n                <div class=\"grid-item-excerpt\">Welke stimuleringsmaatregelen zijn het meest effectief voor de verdere groei van sociale ondernemingen in Nederland?&hellip;<\/div>\r\n                <!--<div><span class=\"grid-item-category\">Nieuws<\/span><\/div>-->\r\n            <\/div>\r\n        <\/a>\r\n                <a href=\"https:\/\/social-enterprise.nl\/en\/nieuws\/meer-en-beter-onderwijs-over-sociaal-ondernemerschap\/\" class=\"grid-item-link grid-item\">\r\n                        <div class=\"grid-item-content\">\r\n                <h2 class=\"grid-item-title\">Meer en beter onderwijs over sociaal ondernemerschap<\/h2>\r\n                <span class=\"grid-item-date\">23 May 2013<\/span>\r\n                <div class=\"grid-item-excerpt\">Social Enterprise NL is deze maand een Community of Practice (CoP) gestart om meer en&hellip;<\/div>\r\n                <!--<div><span class=\"grid-item-category\">Nieuws<\/span><\/div>-->\r\n            <\/div>\r\n        <\/a>\r\n                <a href=\"https:\/\/social-enterprise.nl\/en\/nieuws\/hoe-de-deeleconomie-merken-en-conversaties-kan-veranderen\/\" class=\"grid-item-link grid-item\">\r\n            <img loading=\"lazy\" decoding=\"async\" width=\"600\" height=\"225\" src=\"https:\/\/social-enterprise.nl\/wp-content\/uploads\/2024\/08\/101441049422_sharing_economy1-1.jpg\" class=\"attachment-small size-small wp-post-image\" alt=\"\" \/>            <div class=\"grid-item-content\">\r\n                <h2 class=\"grid-item-title\">Hoe de deeleconomie merken en conversaties kan veranderen<\/h2>\r\n                <span class=\"grid-item-date\">15 May 2013<\/span>\r\n                <div class=\"grid-item-excerpt\">Een evolutie die al enkele jaren gaande is, heeft eindelijk een gezicht en een naam&hellip;<\/div>\r\n                <!--<div><span class=\"grid-item-category\">Nieuws<\/span><\/div>-->\r\n            <\/div>\r\n        <\/a>\r\n                <a href=\"https:\/\/social-enterprise.nl\/en\/artikelen\/greenfox-ambassadeurs-van-het-duurzame-licht\/\" class=\"grid-item-link grid-item\">\r\n            <img loading=\"lazy\" decoding=\"async\" width=\"1920\" height=\"1280\" src=\"https:\/\/social-enterprise.nl\/wp-content\/uploads\/2024\/09\/Dierenambulance-1.jpg\" class=\"attachment-small size-small wp-post-image\" alt=\"\" srcset=\"https:\/\/social-enterprise.nl\/wp-content\/uploads\/2024\/09\/Dierenambulance-1.jpg 1920w, https:\/\/social-enterprise.nl\/wp-content\/uploads\/2024\/09\/Dierenambulance-1-768x512.jpg 768w, https:\/\/social-enterprise.nl\/wp-content\/uploads\/2024\/09\/Dierenambulance-1-1536x1024.jpg 1536w, https:\/\/social-enterprise.nl\/wp-content\/uploads\/2024\/09\/Dierenambulance-1-18x12.jpg 18w\" sizes=\"auto, (max-width: 1920px) 100vw, 1920px\" \/>            <div class=\"grid-item-content\">\r\n                <h2 class=\"grid-item-title\">Greenfox ambassadeurs van het duurzame licht<\/h2>\r\n                <span class=\"grid-item-date\">15 May 2013<\/span>\r\n                <div class=\"grid-item-excerpt\">Sinds ze met 100 man sterk aan de slag zijn om bestaande tl-verlichting te renoveren&hellip;<\/div>\r\n                <!--<div><span class=\"grid-item-category\">Artikelen<\/span><\/div>-->\r\n            <\/div>\r\n        <\/a>\r\n                <a href=\"https:\/\/social-enterprise.nl\/en\/artikelen\/chocolatemakers-zoeken-loshulp-voor-7-ton-cacaobonen\/\" class=\"grid-item-link grid-item\">\r\n            <img loading=\"lazy\" decoding=\"async\" width=\"620\" height=\"250\" src=\"https:\/\/social-enterprise.nl\/wp-content\/uploads\/2024\/09\/Chocolatemakers_blogfoto.jpg\" class=\"attachment-small size-small wp-post-image\" alt=\"\" srcset=\"https:\/\/social-enterprise.nl\/wp-content\/uploads\/2024\/09\/Chocolatemakers_blogfoto.jpg 620w, https:\/\/social-enterprise.nl\/wp-content\/uploads\/2024\/09\/Chocolatemakers_blogfoto-18x7.jpg 18w\" sizes=\"auto, (max-width: 620px) 100vw, 620px\" \/>            <div class=\"grid-item-content\">\r\n                <h2 class=\"grid-item-title\">Chocolatemakers zoeken loshulp voor 7 ton cacaobonen<\/h2>\r\n                <span class=\"grid-item-date\">15 May 2013<\/span>\r\n                <div class=\"grid-item-excerpt\">Op donderdag 6 juni komt er een groot zeilschip met 7 ton cacaobonen aan in&hellip;<\/div>\r\n                <!--<div><span class=\"grid-item-category\">Artikelen<\/span><\/div>-->\r\n            <\/div>\r\n        <\/a>\r\n                <a href=\"https:\/\/social-enterprise.nl\/en\/artikelen\/zelf-ontworpen-fietsen-die-voor-meer-eigenwaarde-zorgen\/\" class=\"grid-item-link grid-item\">\r\n            <img loading=\"lazy\" decoding=\"async\" width=\"1920\" height=\"1280\" src=\"https:\/\/social-enterprise.nl\/wp-content\/uploads\/2024\/09\/TulpFietsen-1.jpg\" class=\"attachment-small size-small wp-post-image\" alt=\"\" srcset=\"https:\/\/social-enterprise.nl\/wp-content\/uploads\/2024\/09\/TulpFietsen-1.jpg 1920w, https:\/\/social-enterprise.nl\/wp-content\/uploads\/2024\/09\/TulpFietsen-1-768x512.jpg 768w, https:\/\/social-enterprise.nl\/wp-content\/uploads\/2024\/09\/TulpFietsen-1-1536x1024.jpg 1536w, https:\/\/social-enterprise.nl\/wp-content\/uploads\/2024\/09\/TulpFietsen-1-18x12.jpg 18w\" sizes=\"auto, (max-width: 1920px) 100vw, 1920px\" \/>            <div class=\"grid-item-content\">\r\n                <h2 class=\"grid-item-title\">Zelf ontworpen fietsen die voor meer eigenwaarde zorgen<\/h2>\r\n                <span class=\"grid-item-date\">13 May 2013<\/span>\r\n                <div class=\"grid-item-excerpt\">Frank Klemann bouwde in 2010 een online fietsenwinkel:&nbsp;Tulpfietsen.&nbsp;Je kunt vanachter je computer een eigen fiets&hellip;<\/div>\r\n                <!--<div><span class=\"grid-item-category\">Artikelen<\/span><\/div>-->\r\n            <\/div>\r\n        <\/a>\r\n                <a href=\"https:\/\/social-enterprise.nl\/en\/artikelen\/geld-verdienen-door-te-delen\/\" class=\"grid-item-link grid-item\">\r\n            <img loading=\"lazy\" decoding=\"async\" width=\"720\" height=\"266\" src=\"https:\/\/social-enterprise.nl\/wp-content\/uploads\/2024\/09\/Deeleconomie.jpg\" class=\"attachment-small size-small wp-post-image\" alt=\"\" srcset=\"https:\/\/social-enterprise.nl\/wp-content\/uploads\/2024\/09\/Deeleconomie.jpg 720w, https:\/\/social-enterprise.nl\/wp-content\/uploads\/2024\/09\/Deeleconomie-18x7.jpg 18w\" sizes=\"auto, (max-width: 720px) 100vw, 720px\" \/>            <div class=\"grid-item-content\">\r\n                <h2 class=\"grid-item-title\">Geld verdienen door te delen<\/h2>\r\n                <span class=\"grid-item-date\">2 May 2013<\/span>\r\n                <div class=\"grid-item-excerpt\">De sleutel naar een duurzame, nieuwe economie zit &#8216;m in het faciliteren van toegang tot&hellip;<\/div>\r\n                <!--<div><span class=\"grid-item-category\">Artikelen<\/span><\/div>-->\r\n            <\/div>\r\n        <\/a>\r\n                <a href=\"https:\/\/social-enterprise.nl\/en\/nieuws\/column-boegbeeld-voor-sociale-duurzaamheid\/\" class=\"grid-item-link grid-item\">\r\n            <img loading=\"lazy\" decoding=\"async\" width=\"700\" height=\"280\" src=\"https:\/\/social-enterprise.nl\/wp-content\/uploads\/2024\/08\/531441049421_021_There_s_a_new_generation_of_entrepreneurs-2.jpg\" class=\"attachment-small size-small wp-post-image\" alt=\"\" \/>            <div class=\"grid-item-content\">\r\n                <h2 class=\"grid-item-title\">Column: boegbeeld voor sociale duurzaamheid<\/h2>\r\n                <span class=\"grid-item-date\">23 April 2013<\/span>\r\n                <div class=\"grid-item-excerpt\">Gastcolumn door Martien Kromwijk Hoe je het ook bekijkt: we leven in een fascinerende tijd.&hellip;<\/div>\r\n                <!--<div><span class=\"grid-item-category\">Nieuws<\/span><\/div>-->\r\n            <\/div>\r\n        <\/a>\r\n                <a href=\"https:\/\/social-enterprise.nl\/en\/artikelen\/sociaal-netwerk-zorgvoorelkaar\/\" class=\"grid-item-link grid-item\">\r\n                        <div class=\"grid-item-content\">\r\n                <h2 class=\"grid-item-title\">Sociaal netwerk Zorgvoorelkaar<\/h2>\r\n                <span class=\"grid-item-date\">23 April 2013<\/span>\r\n                <div class=\"grid-item-excerpt\">Stel je een dame voor van 86 jaar oud. Haar liefste wens is om de&hellip;<\/div>\r\n                <!--<div><span class=\"grid-item-category\">Artikelen<\/span><\/div>-->\r\n            <\/div>\r\n        <\/a>\r\n                <a href=\"https:\/\/social-enterprise.nl\/en\/artikelen\/verlangen-naar-boegbeeld-voor-sociale-duurzaamheid\/\" class=\"grid-item-link grid-item\">\r\n            <img loading=\"lazy\" decoding=\"async\" width=\"620\" height=\"274\" src=\"https:\/\/social-enterprise.nl\/wp-content\/uploads\/2024\/09\/wordcloud_sociale_duurzaamheid.jpg\" class=\"attachment-small size-small wp-post-image\" alt=\"\" srcset=\"https:\/\/social-enterprise.nl\/wp-content\/uploads\/2024\/09\/wordcloud_sociale_duurzaamheid.jpg 620w, https:\/\/social-enterprise.nl\/wp-content\/uploads\/2024\/09\/wordcloud_sociale_duurzaamheid-18x8.jpg 18w\" sizes=\"auto, (max-width: 620px) 100vw, 620px\" \/>            <div class=\"grid-item-content\">\r\n                <h2 class=\"grid-item-title\">Verlangen naar boegbeeld voor sociale duurzaamheid<\/h2>\r\n                <span class=\"grid-item-date\">23 April 2013<\/span>\r\n                <div class=\"grid-item-excerpt\">Gastcolumn door\u00a0Martien Kromwijk Hoe je het ook bekijkt: we leven in een fascinerende tijd. De&hellip;<\/div>\r\n                <!--<div><span class=\"grid-item-category\">Artikelen<\/span><\/div>-->\r\n            <\/div>\r\n        <\/a>\r\n                <a href=\"https:\/\/social-enterprise.nl\/en\/artikelen\/katja-schuurman-in-nederlandse-vakjury-join-our-core\/\" class=\"grid-item-link grid-item\">\r\n            <img loading=\"lazy\" decoding=\"async\" width=\"620\" height=\"250\" src=\"https:\/\/social-enterprise.nl\/wp-content\/uploads\/2024\/09\/join_our_competitie.jpg\" class=\"attachment-small size-small wp-post-image\" alt=\"\" srcset=\"https:\/\/social-enterprise.nl\/wp-content\/uploads\/2024\/09\/join_our_competitie.jpg 620w, https:\/\/social-enterprise.nl\/wp-content\/uploads\/2024\/09\/join_our_competitie-18x7.jpg 18w\" sizes=\"auto, (max-width: 620px) 100vw, 620px\" \/>            <div class=\"grid-item-content\">\r\n                <h2 class=\"grid-item-title\">Katja Schuurman in Nederlandse vakjury Join Our Core<\/h2>\r\n                <span class=\"grid-item-date\">4 April 2013<\/span>\r\n                <div class=\"grid-item-excerpt\">Katja Schuurman (Return to Sender), Teun van de Keuken (Tony\u2019s Chocoloney) en Willemijn Verloop (Social&hellip;<\/div>\r\n                <!--<div><span class=\"grid-item-category\">Artikelen<\/span><\/div>-->\r\n            <\/div>\r\n        <\/a>\r\n                <a href=\"https:\/\/social-enterprise.nl\/en\/artikelen\/naar-100-slaafvrije-chocolade\/\" class=\"grid-item-link grid-item\">\r\n            <img loading=\"lazy\" decoding=\"async\" width=\"1520\" height=\"1040\" src=\"https:\/\/social-enterprise.nl\/wp-content\/uploads\/2024\/07\/851556872423_Tony-Chocolonely.png\" class=\"attachment-small size-small wp-post-image\" alt=\"\" srcset=\"https:\/\/social-enterprise.nl\/wp-content\/uploads\/2024\/07\/851556872423_Tony-Chocolonely.png 1520w, https:\/\/social-enterprise.nl\/wp-content\/uploads\/2024\/07\/851556872423_Tony-Chocolonely-768x525.png 768w\" sizes=\"auto, (max-width: 1520px) 100vw, 1520px\" \/>            <div class=\"grid-item-content\">\r\n                <h2 class=\"grid-item-title\">Naar 100% slaafvrije chocolade<\/h2>\r\n                <span class=\"grid-item-date\">26 March 2013<\/span>\r\n                <div class=\"grid-item-excerpt\">Tony\u2019s Chocolonely&nbsp;wil super lekkere chocolade maken op een zo goed mogelijke manier. Hun droom: een&hellip;<\/div>\r\n                <!--<div><span class=\"grid-item-category\">Artikelen<\/span><\/div>-->\r\n            <\/div>\r\n        <\/a>\r\n                <a href=\"https:\/\/social-enterprise.nl\/en\/nieuws\/europa-zet-hoog-in-op-social-enterprises\/\" class=\"grid-item-link grid-item\">\r\n            <img loading=\"lazy\" decoding=\"async\" width=\"2500\" height=\"1000\" src=\"https:\/\/social-enterprise.nl\/wp-content\/uploads\/2024\/08\/131441049418_015_Social_enterprises_in_Europe-1.jpg\" class=\"attachment-small size-small wp-post-image\" alt=\"\" srcset=\"https:\/\/social-enterprise.nl\/wp-content\/uploads\/2024\/08\/131441049418_015_Social_enterprises_in_Europe-1.jpg 2500w, https:\/\/social-enterprise.nl\/wp-content\/uploads\/2024\/08\/131441049418_015_Social_enterprises_in_Europe-1-768x307.jpg 768w, https:\/\/social-enterprise.nl\/wp-content\/uploads\/2024\/08\/131441049418_015_Social_enterprises_in_Europe-1-1536x614.jpg 1536w, https:\/\/social-enterprise.nl\/wp-content\/uploads\/2024\/08\/131441049418_015_Social_enterprises_in_Europe-1-2048x819.jpg 2048w\" sizes=\"auto, (max-width: 2500px) 100vw, 2500px\" \/>            <div class=\"grid-item-content\">\r\n                <h2 class=\"grid-item-title\">Europa zet hoog in op social enterprises<\/h2>\r\n                <span class=\"grid-item-date\">22 March 2013<\/span>\r\n                <div class=\"grid-item-excerpt\">De komende anderhalf jaar zet de Europese Commissie hoog in op het stimuleren van social&hellip;<\/div>\r\n                <!--<div><span class=\"grid-item-category\">Nieuws<\/span><\/div>-->\r\n            <\/div>\r\n        <\/a>\r\n                <a href=\"https:\/\/social-enterprise.nl\/en\/artikelen\/ook-bvs-kunnen-ondernemen-om-de-wereld-verbeteren\/\" class=\"grid-item-link grid-item\">\r\n            <img loading=\"lazy\" decoding=\"async\" width=\"640\" height=\"480\" src=\"https:\/\/social-enterprise.nl\/wp-content\/uploads\/2024\/09\/Willemijn_Koffietijd.jpg\" class=\"attachment-small size-small wp-post-image\" alt=\"\" srcset=\"https:\/\/social-enterprise.nl\/wp-content\/uploads\/2024\/09\/Willemijn_Koffietijd.jpg 640w, https:\/\/social-enterprise.nl\/wp-content\/uploads\/2024\/09\/Willemijn_Koffietijd-16x12.jpg 16w\" sizes=\"auto, (max-width: 640px) 100vw, 640px\" \/>            <div class=\"grid-item-content\">\r\n                <h2 class=\"grid-item-title\">&#8216;Ook bv&#8217;s kunnen ondernemen om de wereld verbeteren&#8217;<\/h2>\r\n                <span class=\"grid-item-date\">19 March 2013<\/span>\r\n                <div class=\"grid-item-excerpt\">Willemijn Verloop schoof vanmorgen bij Koffietijd aan om te praten over social enterprises en hoe&hellip;<\/div>\r\n                <!--<div><span class=\"grid-item-category\">Artikelen<\/span><\/div>-->\r\n            <\/div>\r\n        <\/a>\r\n                <a href=\"https:\/\/social-enterprise.nl\/en\/nieuws\/workshop-impact-meten\/\" class=\"grid-item-link grid-item\">\r\n            <img loading=\"lazy\" decoding=\"async\" width=\"2500\" height=\"1000\" src=\"https:\/\/social-enterprise.nl\/wp-content\/uploads\/2024\/08\/611467275176_SE_basislogo-1.jpg\" class=\"attachment-small size-small wp-post-image\" alt=\"\" srcset=\"https:\/\/social-enterprise.nl\/wp-content\/uploads\/2024\/08\/611467275176_SE_basislogo-1.jpg 2500w, https:\/\/social-enterprise.nl\/wp-content\/uploads\/2024\/08\/611467275176_SE_basislogo-1-768x307.jpg 768w, https:\/\/social-enterprise.nl\/wp-content\/uploads\/2024\/08\/611467275176_SE_basislogo-1-1536x614.jpg 1536w, https:\/\/social-enterprise.nl\/wp-content\/uploads\/2024\/08\/611467275176_SE_basislogo-1-2048x819.jpg 2048w\" sizes=\"auto, (max-width: 2500px) 100vw, 2500px\" \/>            <div class=\"grid-item-content\">\r\n                <h2 class=\"grid-item-title\">Workshop Impact Meten<\/h2>\r\n                <span class=\"grid-item-date\">14 March 2013<\/span>\r\n                <div class=\"grid-item-excerpt\">Als social enterprise stuur je naast je financi&#235;le doelstellingen ook primair op maatschappelijke impact. Maar&hellip;<\/div>\r\n                <!--<div><span class=\"grid-item-category\">Nieuws<\/span><\/div>-->\r\n            <\/div>\r\n        <\/a>\r\n                <a href=\"https:\/\/social-enterprise.nl\/en\/nieuws\/ga-de-strijd-aan-en-geef-jouw-social-enterprise-of-businessidee-een-boost\/\" class=\"grid-item-link grid-item\">\r\n            <img loading=\"lazy\" decoding=\"async\" width=\"390\" height=\"129\" src=\"https:\/\/social-enterprise.nl\/wp-content\/uploads\/2024\/08\/231441049421_joc-1.png\" class=\"attachment-small size-small wp-post-image\" alt=\"\" \/>            <div class=\"grid-item-content\">\r\n                <h2 class=\"grid-item-title\">Ga de strijd aan en geef jouw social enterprise of businessidee een boost<\/h2>\r\n                <span class=\"grid-item-date\">11 March 2013<\/span>\r\n                <div class=\"grid-item-excerpt\">Social entrepreneurship is helemaal hip en happening. Dat blijkt wel uit de vele initiatieven en&hellip;<\/div>\r\n                <!--<div><span class=\"grid-item-category\">Nieuws<\/span><\/div>-->\r\n            <\/div>\r\n        <\/a>\r\n                <a href=\"https:\/\/social-enterprise.nl\/en\/artikelen\/strijd-mee-met-sociaal-duurzaam-businessidee\/\" class=\"grid-item-link grid-item\">\r\n                        <div class=\"grid-item-content\">\r\n                <h2 class=\"grid-item-title\">Strijd mee met sociaal duurzaam businessidee<\/h2>\r\n                <span class=\"grid-item-date\">11 March 2013<\/span>\r\n                <div class=\"grid-item-excerpt\">Social entrepreneurship is helemaal hip en\u00a0happening. Dat blijkt wel uit de vele initiatieven en wedstrijden&hellip;<\/div>\r\n                <!--<div><span class=\"grid-item-category\">Artikelen<\/span><\/div>-->\r\n            <\/div>\r\n        <\/a>\r\n                <a href=\"https:\/\/social-enterprise.nl\/en\/nieuws\/acceleratieprogramma-social-enterprises\/\" class=\"grid-item-link grid-item\">\r\n            <img loading=\"lazy\" decoding=\"async\" width=\"610\" height=\"343\" src=\"https:\/\/social-enterprise.nl\/wp-content\/uploads\/2024\/08\/881441049421_impact_accelerator_gras-1.png\" class=\"attachment-small size-small wp-post-image\" alt=\"\" \/>            <div class=\"grid-item-content\">\r\n                <h2 class=\"grid-item-title\">Acceleratieprogramma social enterprises<\/h2>\r\n                <span class=\"grid-item-date\">7 March 2013<\/span>\r\n                <div class=\"grid-item-excerpt\">ABN AMRO, Dialogues Incubator (innovatie dochter ABN AMRO) en organisatieadviesbureau dutch hebben onlangs de Impact&hellip;<\/div>\r\n                <!--<div><span class=\"grid-item-category\">Nieuws<\/span><\/div>-->\r\n            <\/div>\r\n        <\/a>\r\n                <a href=\"https:\/\/social-enterprise.nl\/en\/nieuws\/social-entrepreneurship-initiative-gelanceerd-door-universiteit-utrecht\/\" class=\"grid-item-link grid-item\">\r\n            <img loading=\"lazy\" decoding=\"async\" width=\"700\" height=\"280\" src=\"https:\/\/social-enterprise.nl\/wp-content\/uploads\/2024\/08\/121441049421_014_Social_entrepreneurship_and_education-1.jpg\" class=\"attachment-small size-small wp-post-image\" alt=\"\" \/>            <div class=\"grid-item-content\">\r\n                <h2 class=\"grid-item-title\">Social Entrepreneurship Initiative gelanceerd door Universiteit Utrecht<\/h2>\r\n                <span class=\"grid-item-date\">7 March 2013<\/span>\r\n                <div class=\"grid-item-excerpt\">Om onderzoek en onderwijs op het gebied van sociaal ondernemerschap te stimuleren, start de Universiteit&hellip;<\/div>\r\n                <!--<div><span class=\"grid-item-category\">Nieuws<\/span><\/div>-->\r\n            <\/div>\r\n        <\/a>\r\n                <a href=\"https:\/\/social-enterprise.nl\/en\/nieuws\/column-onbetaalbaar-eten\/\" class=\"grid-item-link grid-item\">\r\n            <img loading=\"lazy\" decoding=\"async\" width=\"346\" height=\"238\" src=\"https:\/\/social-enterprise.nl\/wp-content\/uploads\/2024\/08\/731441049420_soulkitchen-1.jpg\" class=\"attachment-small size-small wp-post-image\" alt=\"\" \/>            <div class=\"grid-item-content\">\r\n                <h2 class=\"grid-item-title\">Column: onbetaalbaar eten<\/h2>\r\n                <span class=\"grid-item-date\">18 February 2013<\/span>\r\n                <div class=\"grid-item-excerpt\">Gastblog door Judith ManshandenUit alle hoeken van de VS (en zelfs vanuit de wereld) waren&hellip;<\/div>\r\n                <!--<div><span class=\"grid-item-category\">Nieuws<\/span><\/div>-->\r\n            <\/div>\r\n        <\/a>\r\n                <a href=\"https:\/\/social-enterprise.nl\/en\/nieuws\/onderzoek-naar-sociaal-ondernemerschap\/\" class=\"grid-item-link grid-item\">\r\n            <img loading=\"lazy\" decoding=\"async\" width=\"2500\" height=\"1000\" src=\"https:\/\/social-enterprise.nl\/wp-content\/uploads\/2024\/08\/171441049420_022_There_s_a_new_generation_of_entrepreneurs-1.jpg\" class=\"attachment-small size-small wp-post-image\" alt=\"\" srcset=\"https:\/\/social-enterprise.nl\/wp-content\/uploads\/2024\/08\/171441049420_022_There_s_a_new_generation_of_entrepreneurs-1.jpg 2500w, https:\/\/social-enterprise.nl\/wp-content\/uploads\/2024\/08\/171441049420_022_There_s_a_new_generation_of_entrepreneurs-1-768x307.jpg 768w, https:\/\/social-enterprise.nl\/wp-content\/uploads\/2024\/08\/171441049420_022_There_s_a_new_generation_of_entrepreneurs-1-1536x614.jpg 1536w, https:\/\/social-enterprise.nl\/wp-content\/uploads\/2024\/08\/171441049420_022_There_s_a_new_generation_of_entrepreneurs-1-2048x819.jpg 2048w\" sizes=\"auto, (max-width: 2500px) 100vw, 2500px\" \/>            <div class=\"grid-item-content\">\r\n                <h2 class=\"grid-item-title\">Onderzoek naar sociaal ondernemerschap<\/h2>\r\n                <span class=\"grid-item-date\">18 February 2013<\/span>\r\n                <div class=\"grid-item-excerpt\">Sociaal ondernemerschap is als fenomeen niet nieuw, maar het belang ervan wordt wel steeds meer&hellip;<\/div>\r\n                <!--<div><span class=\"grid-item-category\">Nieuws<\/span><\/div>-->\r\n            <\/div>\r\n        <\/a>\r\n                <a href=\"https:\/\/social-enterprise.nl\/en\/nieuws\/uitwisselingsprogramma-sociaal-ondernemerschap\/\" class=\"grid-item-link grid-item\">\r\n            <img loading=\"lazy\" decoding=\"async\" width=\"2500\" height=\"1000\" src=\"https:\/\/social-enterprise.nl\/wp-content\/uploads\/2024\/08\/131441049418_015_Social_enterprises_in_Europe-2.jpg\" class=\"attachment-small size-small wp-post-image\" alt=\"\" srcset=\"https:\/\/social-enterprise.nl\/wp-content\/uploads\/2024\/08\/131441049418_015_Social_enterprises_in_Europe-2.jpg 2500w, https:\/\/social-enterprise.nl\/wp-content\/uploads\/2024\/08\/131441049418_015_Social_enterprises_in_Europe-2-768x307.jpg 768w, https:\/\/social-enterprise.nl\/wp-content\/uploads\/2024\/08\/131441049418_015_Social_enterprises_in_Europe-2-1536x614.jpg 1536w, https:\/\/social-enterprise.nl\/wp-content\/uploads\/2024\/08\/131441049418_015_Social_enterprises_in_Europe-2-2048x819.jpg 2048w\" sizes=\"auto, (max-width: 2500px) 100vw, 2500px\" \/>            <div class=\"grid-item-content\">\r\n                <h2 class=\"grid-item-title\">Uitwisselingsprogramma sociaal ondernemerschap<\/h2>\r\n                <span class=\"grid-item-date\">18 February 2013<\/span>\r\n                <div class=\"grid-item-excerpt\">Kennisland, lid van Social Enterprise NL, is partner is het SEED-consortium dat tussen 2013 en&hellip;<\/div>\r\n                <!--<div><span class=\"grid-item-category\">Nieuws<\/span><\/div>-->\r\n            <\/div>\r\n        <\/a>\r\n                <a href=\"https:\/\/social-enterprise.nl\/en\/nieuws\/twee-miljoen-beschikbaar-nieuw-initiatief-social-enterprise-accelerator\/\" class=\"grid-item-link grid-item\">\r\n            <img loading=\"lazy\" decoding=\"async\" width=\"350\" height=\"140\" src=\"https:\/\/social-enterprise.nl\/wp-content\/uploads\/2024\/08\/471544518616_016_Acces_to_capital_and_growing_capital_for_social_enterprises-1.jpg\" class=\"attachment-small size-small wp-post-image\" alt=\"\" \/>            <div class=\"grid-item-content\">\r\n                <h2 class=\"grid-item-title\">Twee miljoen beschikbaar nieuw initiatief: Social Enterprise Accelerator<\/h2>\r\n                <span class=\"grid-item-date\">14 February 2013<\/span>\r\n                <div class=\"grid-item-excerpt\">Er komt een startkapitaal van 2 miljoen euro beschikbaar voor Social Enterprise Accelerator. Het nieuw&hellip;<\/div>\r\n                <!--<div><span class=\"grid-item-category\">Nieuws<\/span><\/div>-->\r\n            <\/div>\r\n        <\/a>\r\n                <a href=\"https:\/\/social-enterprise.nl\/en\/artikelen\/een-duurzame-en-sociale-taxirit\/\" class=\"grid-item-link grid-item\">\r\n            <img loading=\"lazy\" decoding=\"async\" width=\"620\" height=\"250\" src=\"https:\/\/social-enterprise.nl\/wp-content\/uploads\/2024\/09\/Taxi_E_blog_.jpg\" class=\"attachment-small size-small wp-post-image\" alt=\"\" srcset=\"https:\/\/social-enterprise.nl\/wp-content\/uploads\/2024\/09\/Taxi_E_blog_.jpg 620w, https:\/\/social-enterprise.nl\/wp-content\/uploads\/2024\/09\/Taxi_E_blog_-18x7.jpg 18w\" sizes=\"auto, (max-width: 620px) 100vw, 620px\" \/>            <div class=\"grid-item-content\">\r\n                <h2 class=\"grid-item-title\">Een duurzame \u00e9n sociale taxirit<\/h2>\r\n                <span class=\"grid-item-date\">12 February 2013<\/span>\r\n                <div class=\"grid-item-excerpt\">Wist je dat een taxi in de stad gemiddeld net zoveel vervuiling veroorzaakt als 35&hellip;<\/div>\r\n                <!--<div><span class=\"grid-item-category\">Artikelen<\/span><\/div>-->\r\n            <\/div>\r\n        <\/a>\r\n                <a href=\"https:\/\/social-enterprise.nl\/en\/artikelen\/de-nieuwe-helden\/\" class=\"grid-item-link grid-item\">\r\n            <img loading=\"lazy\" decoding=\"async\" width=\"620\" height=\"250\" src=\"https:\/\/social-enterprise.nl\/wp-content\/uploads\/2024\/09\/willemijn_def.jpg\" class=\"attachment-small size-small wp-post-image\" alt=\"\" srcset=\"https:\/\/social-enterprise.nl\/wp-content\/uploads\/2024\/09\/willemijn_def.jpg 620w, https:\/\/social-enterprise.nl\/wp-content\/uploads\/2024\/09\/willemijn_def-18x7.jpg 18w\" sizes=\"auto, (max-width: 620px) 100vw, 620px\" \/>            <div class=\"grid-item-content\">\r\n                <h2 class=\"grid-item-title\">De nieuwe helden<\/h2>\r\n                <span class=\"grid-item-date\">12 February 2013<\/span>\r\n                <div class=\"grid-item-excerpt\">&#8220;Ik wil jullie iets vertellen waar ik waanzinnig enthousiast over ben. Het gaat over maatschappelijke&hellip;<\/div>\r\n                <!--<div><span class=\"grid-item-category\">Artikelen<\/span><\/div>-->\r\n            <\/div>\r\n        <\/a>\r\n                <a href=\"https:\/\/social-enterprise.nl\/en\/artikelen\/social-enterprises-in-beeld\/\" class=\"grid-item-link grid-item\">\r\n                        <div class=\"grid-item-content\">\r\n                <h2 class=\"grid-item-title\">Social enterprises in beeld<\/h2>\r\n                <span class=\"grid-item-date\">12 February 2013<\/span>\r\n                <div class=\"grid-item-excerpt\">SERIE &#8211; Aflevering 1 Op deze plek presenteren we elke maand een bijzondere foto&nbsp;die het&hellip;<\/div>\r\n                <!--<div><span class=\"grid-item-category\">Artikelen<\/span><\/div>-->\r\n            <\/div>\r\n        <\/a>\r\n                <a href=\"https:\/\/social-enterprise.nl\/en\/nieuws\/pay-as-you-can-komt-ook-naar-nederland\/\" class=\"grid-item-link grid-item\">\r\n            <img loading=\"lazy\" decoding=\"async\" width=\"672\" height=\"375\" src=\"https:\/\/social-enterprise.nl\/wp-content\/uploads\/2024\/08\/521441049419_geef_cut-1.jpg\" class=\"attachment-small size-small wp-post-image\" alt=\"\" \/>            <div class=\"grid-item-content\">\r\n                <h2 class=\"grid-item-title\">Pay as You Can komt ook naar Nederland<\/h2>\r\n                <span class=\"grid-item-date\">11 February 2013<\/span>\r\n                <div class=\"grid-item-excerpt\">Nieuwe, succesvolle en sociale businessmodellen kom je niet elke dag tegen. Pay as You Can&hellip;<\/div>\r\n                <!--<div><span class=\"grid-item-category\">Nieuws<\/span><\/div>-->\r\n            <\/div>\r\n        <\/a>\r\n                <a href=\"https:\/\/social-enterprise.nl\/en\/nieuws\/stage-social-enterprise-nl\/\" class=\"grid-item-link grid-item\">\r\n                        <div class=\"grid-item-content\">\r\n                <h2 class=\"grid-item-title\">Stage Social Enterprise NL<\/h2>\r\n                <span class=\"grid-item-date\">30 January 2013<\/span>\r\n                <div class=\"grid-item-excerpt\">Ben jij ge&#239;nteresseerd in (sociale) innovatie en wil je concreet meebouwen aan het social enterprise&hellip;<\/div>\r\n                <!--<div><span class=\"grid-item-category\">Nieuws<\/span><\/div>-->\r\n            <\/div>\r\n        <\/a>\r\n                <a href=\"https:\/\/social-enterprise.nl\/en\/nieuws\/faq-plugin-images-do-not-remove\/\" class=\"grid-item-link grid-item\">\r\n            <img loading=\"lazy\" decoding=\"async\" width=\"2500\" height=\"1000\" src=\"https:\/\/social-enterprise.nl\/wp-content\/uploads\/2024\/08\/611467275176_SE_basislogo-1.jpg\" class=\"attachment-small size-small wp-post-image\" alt=\"\" srcset=\"https:\/\/social-enterprise.nl\/wp-content\/uploads\/2024\/08\/611467275176_SE_basislogo-1.jpg 2500w, https:\/\/social-enterprise.nl\/wp-content\/uploads\/2024\/08\/611467275176_SE_basislogo-1-768x307.jpg 768w, https:\/\/social-enterprise.nl\/wp-content\/uploads\/2024\/08\/611467275176_SE_basislogo-1-1536x614.jpg 1536w, https:\/\/social-enterprise.nl\/wp-content\/uploads\/2024\/08\/611467275176_SE_basislogo-1-2048x819.jpg 2048w\" sizes=\"auto, (max-width: 2500px) 100vw, 2500px\" \/>            <div class=\"grid-item-content\">\r\n                <h2 class=\"grid-item-title\">FAQ plugin images (do not remove)<\/h2>\r\n                <span class=\"grid-item-date\">26 January 2013<\/span>\r\n                <div class=\"grid-item-excerpt\">This is a placeholder for the FAQ plugin images. You may edit and reuse this&hellip;<\/div>\r\n                <!--<div><span class=\"grid-item-category\">Nieuws<\/span><\/div>-->\r\n            <\/div>\r\n        <\/a>\r\n                <a href=\"https:\/\/social-enterprise.nl\/en\/nieuws\/social-enterprise-iedereen-winst\/\" class=\"grid-item-link grid-item\">\r\n            <img loading=\"lazy\" decoding=\"async\" width=\"2500\" height=\"1000\" src=\"https:\/\/social-enterprise.nl\/wp-content\/uploads\/2024\/08\/321441049419_025_Free_assignment-1.jpg\" class=\"attachment-small size-small wp-post-image\" alt=\"\" srcset=\"https:\/\/social-enterprise.nl\/wp-content\/uploads\/2024\/08\/321441049419_025_Free_assignment-1.jpg 2500w, https:\/\/social-enterprise.nl\/wp-content\/uploads\/2024\/08\/321441049419_025_Free_assignment-1-768x307.jpg 768w, https:\/\/social-enterprise.nl\/wp-content\/uploads\/2024\/08\/321441049419_025_Free_assignment-1-1536x614.jpg 1536w, https:\/\/social-enterprise.nl\/wp-content\/uploads\/2024\/08\/321441049419_025_Free_assignment-1-2048x819.jpg 2048w\" sizes=\"auto, (max-width: 2500px) 100vw, 2500px\" \/>            <div class=\"grid-item-content\">\r\n                <h2 class=\"grid-item-title\">Social enterprise = Iedereen Winst<\/h2>\r\n                <span class=\"grid-item-date\">15 January 2013<\/span>\r\n                <div class=\"grid-item-excerpt\">Nog veel te weinig Nederlanders weten wat social enterprises zijn, wat ze doen en waarom&hellip;<\/div>\r\n                <!--<div><span class=\"grid-item-category\">Nieuws<\/span><\/div>-->\r\n            <\/div>\r\n        <\/a>\r\n                <a href=\"https:\/\/social-enterprise.nl\/en\/nieuws\/masterclass-financiering-voor-social-enterprises\/\" class=\"grid-item-link grid-item\">\r\n            <img loading=\"lazy\" decoding=\"async\" width=\"2500\" height=\"1000\" src=\"https:\/\/social-enterprise.nl\/wp-content\/uploads\/2024\/08\/251441049419_019_Services_discounts-1.jpg\" class=\"attachment-small size-small wp-post-image\" alt=\"\" srcset=\"https:\/\/social-enterprise.nl\/wp-content\/uploads\/2024\/08\/251441049419_019_Services_discounts-1.jpg 2500w, https:\/\/social-enterprise.nl\/wp-content\/uploads\/2024\/08\/251441049419_019_Services_discounts-1-768x307.jpg 768w, https:\/\/social-enterprise.nl\/wp-content\/uploads\/2024\/08\/251441049419_019_Services_discounts-1-1536x614.jpg 1536w, https:\/\/social-enterprise.nl\/wp-content\/uploads\/2024\/08\/251441049419_019_Services_discounts-1-2048x819.jpg 2048w\" sizes=\"auto, (max-width: 2500px) 100vw, 2500px\" \/>            <div class=\"grid-item-content\">\r\n                <h2 class=\"grid-item-title\">Masterclass Financiering voor Social Enterprises<\/h2>\r\n                <span class=\"grid-item-date\">20 December 2012<\/span>\r\n                <div class=\"grid-item-excerpt\">Ben jij op zoek naar groeikapitaal voor jouw Social Enterprise en wil je graag meer&hellip;<\/div>\r\n                <!--<div><span class=\"grid-item-category\">Nieuws<\/span><\/div>-->\r\n            <\/div>\r\n        <\/a>\r\n                <a href=\"https:\/\/social-enterprise.nl\/en\/nieuws\/stage-communicatie-research\/\" class=\"grid-item-link grid-item\">\r\n                        <div class=\"grid-item-content\">\r\n                <h2 class=\"grid-item-title\">Stage Communicatie &amp; Research<\/h2>\r\n                <span class=\"grid-item-date\">29 November 2012<\/span>\r\n                <div class=\"grid-item-excerpt\">Van januari - juni 2013 zijn wij op zoek naar een enthousiaste communicatie &amp; research&hellip;<\/div>\r\n                <!--<div><span class=\"grid-item-category\">Nieuws<\/span><\/div>-->\r\n            <\/div>\r\n        <\/a>\r\n                <a href=\"https:\/\/social-enterprise.nl\/en\/nieuws\/social-business-initiative-europese-commissie\/\" class=\"grid-item-link grid-item\">\r\n            <img loading=\"lazy\" decoding=\"async\" width=\"2500\" height=\"1000\" src=\"https:\/\/social-enterprise.nl\/wp-content\/uploads\/2024\/08\/131441049418_015_Social_enterprises_in_Europe-3.jpg\" class=\"attachment-small size-small wp-post-image\" alt=\"\" srcset=\"https:\/\/social-enterprise.nl\/wp-content\/uploads\/2024\/08\/131441049418_015_Social_enterprises_in_Europe-3.jpg 2500w, https:\/\/social-enterprise.nl\/wp-content\/uploads\/2024\/08\/131441049418_015_Social_enterprises_in_Europe-3-768x307.jpg 768w, https:\/\/social-enterprise.nl\/wp-content\/uploads\/2024\/08\/131441049418_015_Social_enterprises_in_Europe-3-1536x614.jpg 1536w, https:\/\/social-enterprise.nl\/wp-content\/uploads\/2024\/08\/131441049418_015_Social_enterprises_in_Europe-3-2048x819.jpg 2048w\" sizes=\"auto, (max-width: 2500px) 100vw, 2500px\" \/>            <div class=\"grid-item-content\">\r\n                <h2 class=\"grid-item-title\">Social Business Initiative, Europese Commissie<\/h2>\r\n                <span class=\"grid-item-date\">14 November 2012<\/span>\r\n                <div class=\"grid-item-excerpt\">Wat gebeurt er eigenlijk allemaal in Europa om Social Entrepreneurship te stimuleren? De Europese Commissie&hellip;<\/div>\r\n                <!--<div><span class=\"grid-item-category\">Nieuws<\/span><\/div>-->\r\n            <\/div>\r\n        <\/a>\r\n                <a href=\"https:\/\/social-enterprise.nl\/en\/nieuws\/steun-ondernemers-die-voor-iedereen-winst-creren\/\" class=\"grid-item-link grid-item\">\r\n            <img loading=\"lazy\" decoding=\"async\" width=\"1920\" height=\"1279\" src=\"https:\/\/social-enterprise.nl\/wp-content\/uploads\/2012\/09\/971441049417_Circle_of_Support_630x420-1-scaled-1.jpg\" class=\"attachment-small size-small wp-post-image\" alt=\"\" srcset=\"https:\/\/social-enterprise.nl\/wp-content\/uploads\/2012\/09\/971441049417_Circle_of_Support_630x420-1-scaled-1.jpg 1920w, https:\/\/social-enterprise.nl\/wp-content\/uploads\/2012\/09\/971441049417_Circle_of_Support_630x420-1-scaled-1-768x512.jpg 768w, https:\/\/social-enterprise.nl\/wp-content\/uploads\/2012\/09\/971441049417_Circle_of_Support_630x420-1-scaled-1-1536x1023.jpg 1536w, https:\/\/social-enterprise.nl\/wp-content\/uploads\/2012\/09\/971441049417_Circle_of_Support_630x420-1-scaled-1-18x12.jpg 18w\" sizes=\"auto, (max-width: 1920px) 100vw, 1920px\" \/>            <div class=\"grid-item-content\">\r\n                <h2 class=\"grid-item-title\">&#039;Steun ondernemers die voor iedereen winst cre&euml;ren&#039;<\/h2>\r\n                <span class=\"grid-item-date\">29 September 2012<\/span>\r\n                <div class=\"grid-item-excerpt\">Social Enterprise NL publiceerde aflevering vijf van een reeks artikelen over 'Mijn idee voor Nederland'&hellip;<\/div>\r\n                <!--<div><span class=\"grid-item-category\">Nieuws<\/span><\/div>-->\r\n            <\/div>\r\n        <\/a>\r\n                <a href=\"https:\/\/social-enterprise.nl\/en\/nieuws\/overname-valid-express-door-post-nl\/\" class=\"grid-item-link grid-item\">\r\n            <img loading=\"lazy\" decoding=\"async\" width=\"2500\" height=\"1000\" src=\"https:\/\/social-enterprise.nl\/wp-content\/uploads\/2024\/08\/611467275176_SE_basislogo-1.jpg\" class=\"attachment-small size-small wp-post-image\" alt=\"\" srcset=\"https:\/\/social-enterprise.nl\/wp-content\/uploads\/2024\/08\/611467275176_SE_basislogo-1.jpg 2500w, https:\/\/social-enterprise.nl\/wp-content\/uploads\/2024\/08\/611467275176_SE_basislogo-1-768x307.jpg 768w, https:\/\/social-enterprise.nl\/wp-content\/uploads\/2024\/08\/611467275176_SE_basislogo-1-1536x614.jpg 1536w, https:\/\/social-enterprise.nl\/wp-content\/uploads\/2024\/08\/611467275176_SE_basislogo-1-2048x819.jpg 2048w\" sizes=\"auto, (max-width: 2500px) 100vw, 2500px\" \/>            <div class=\"grid-item-content\">\r\n                <h2 class=\"grid-item-title\">Overname Valid Express door Post NL<\/h2>\r\n                <span class=\"grid-item-date\">26 September 2012<\/span>\r\n                <div class=\"grid-item-excerpt\">PostNL heeft koeriersbedrijf en social enterprise, Valid Express overgenomen. Met deze transactie verbreedt PostNL het&hellip;<\/div>\r\n                <!--<div><span class=\"grid-item-category\">Nieuws<\/span><\/div>-->\r\n            <\/div>\r\n        <\/a>\r\n                <a href=\"https:\/\/social-enterprise.nl\/en\/nieuws\/social-enterprise-nl-zoekt-office-manager\/\" class=\"grid-item-link grid-item\">\r\n            <img loading=\"lazy\" decoding=\"async\" width=\"2500\" height=\"1000\" src=\"https:\/\/social-enterprise.nl\/wp-content\/uploads\/2024\/08\/611467275176_SE_basislogo-1.jpg\" class=\"attachment-small size-small wp-post-image\" alt=\"\" srcset=\"https:\/\/social-enterprise.nl\/wp-content\/uploads\/2024\/08\/611467275176_SE_basislogo-1.jpg 2500w, https:\/\/social-enterprise.nl\/wp-content\/uploads\/2024\/08\/611467275176_SE_basislogo-1-768x307.jpg 768w, https:\/\/social-enterprise.nl\/wp-content\/uploads\/2024\/08\/611467275176_SE_basislogo-1-1536x614.jpg 1536w, https:\/\/social-enterprise.nl\/wp-content\/uploads\/2024\/08\/611467275176_SE_basislogo-1-2048x819.jpg 2048w\" sizes=\"auto, (max-width: 2500px) 100vw, 2500px\" \/>            <div class=\"grid-item-content\">\r\n                <h2 class=\"grid-item-title\">Social Enterprise NL zoekt Office Manager<\/h2>\r\n                <span class=\"grid-item-date\">12 September 2012<\/span>\r\n                <div class=\"grid-item-excerpt\">Wij zijn per direct opzoek naar een nieuwe collega die (part-time) ons team wil komen&hellip;<\/div>\r\n                <!--<div><span class=\"grid-item-category\">Nieuws<\/span><\/div>-->\r\n            <\/div>\r\n        <\/a>\r\n                <a href=\"https:\/\/social-enterprise.nl\/en\/nieuws\/workshop-social-e-valuator153-impact-meten-hoe-doe-je-dat\/\" class=\"grid-item-link grid-item\">\r\n            <img loading=\"lazy\" decoding=\"async\" width=\"2500\" height=\"1000\" src=\"https:\/\/social-enterprise.nl\/wp-content\/uploads\/2024\/08\/611467275176_SE_basislogo-1.jpg\" class=\"attachment-small size-small wp-post-image\" alt=\"\" srcset=\"https:\/\/social-enterprise.nl\/wp-content\/uploads\/2024\/08\/611467275176_SE_basislogo-1.jpg 2500w, https:\/\/social-enterprise.nl\/wp-content\/uploads\/2024\/08\/611467275176_SE_basislogo-1-768x307.jpg 768w, https:\/\/social-enterprise.nl\/wp-content\/uploads\/2024\/08\/611467275176_SE_basislogo-1-1536x614.jpg 1536w, https:\/\/social-enterprise.nl\/wp-content\/uploads\/2024\/08\/611467275176_SE_basislogo-1-2048x819.jpg 2048w\" sizes=\"auto, (max-width: 2500px) 100vw, 2500px\" \/>            <div class=\"grid-item-content\">\r\n                <h2 class=\"grid-item-title\">Workshop Social e-valuator&amp;#153; Impact meten: hoe doe je dat?<\/h2>\r\n                <span class=\"grid-item-date\">10 September 2012<\/span>\r\n                <div class=\"grid-item-excerpt\">Impact meten: hoe doe je dat? Sociaal ondernemen is hot! Als sociaal ondernemer tracht je&hellip;<\/div>\r\n                <!--<div><span class=\"grid-item-category\">Nieuws<\/span><\/div>-->\r\n            <\/div>\r\n        <\/a>\r\n                <a href=\"https:\/\/social-enterprise.nl\/en\/nieuws\/salesforce-attempts-to-trademark-social-enterprise\/\" class=\"grid-item-link grid-item\">\r\n            <img loading=\"lazy\" decoding=\"async\" width=\"1920\" height=\"768\" src=\"https:\/\/social-enterprise.nl\/wp-content\/uploads\/2012\/08\/011_Community_of_social_enterprises-members_of_movement_Social_Enterprise_NL-1.jpg\" class=\"attachment-small size-small wp-post-image\" alt=\"\" srcset=\"https:\/\/social-enterprise.nl\/wp-content\/uploads\/2012\/08\/011_Community_of_social_enterprises-members_of_movement_Social_Enterprise_NL-1.jpg 1920w, https:\/\/social-enterprise.nl\/wp-content\/uploads\/2012\/08\/011_Community_of_social_enterprises-members_of_movement_Social_Enterprise_NL-1-768x307.jpg 768w, https:\/\/social-enterprise.nl\/wp-content\/uploads\/2012\/08\/011_Community_of_social_enterprises-members_of_movement_Social_Enterprise_NL-1-1536x614.jpg 1536w, https:\/\/social-enterprise.nl\/wp-content\/uploads\/2012\/08\/011_Community_of_social_enterprises-members_of_movement_Social_Enterprise_NL-1-18x7.jpg 18w\" sizes=\"auto, (max-width: 1920px) 100vw, 1920px\" \/>            <div class=\"grid-item-content\">\r\n                <h2 class=\"grid-item-title\">Salesforce attempts to trademark Social Enterprise<\/h2>\r\n                <span class=\"grid-item-date\">16 August 2012<\/span>\r\n                <div class=\"grid-item-excerpt\">Social Enterprise NL supports Social Enterprise UK's campaign challenging Salesforce's attempts to trademark the term&hellip;<\/div>\r\n                <!--<div><span class=\"grid-item-category\">Nieuws<\/span><\/div>-->\r\n            <\/div>\r\n        <\/a>\r\n                <a href=\"https:\/\/social-enterprise.nl\/en\/nieuws\/de-balie-27-september-mijn-idee-voor-nederland\/\" class=\"grid-item-link grid-item\">\r\n            <img loading=\"lazy\" decoding=\"async\" width=\"2500\" height=\"1000\" src=\"https:\/\/social-enterprise.nl\/wp-content\/uploads\/2024\/08\/611467275176_SE_basislogo-1.jpg\" class=\"attachment-small size-small wp-post-image\" alt=\"\" srcset=\"https:\/\/social-enterprise.nl\/wp-content\/uploads\/2024\/08\/611467275176_SE_basislogo-1.jpg 2500w, https:\/\/social-enterprise.nl\/wp-content\/uploads\/2024\/08\/611467275176_SE_basislogo-1-768x307.jpg 768w, https:\/\/social-enterprise.nl\/wp-content\/uploads\/2024\/08\/611467275176_SE_basislogo-1-1536x614.jpg 1536w, https:\/\/social-enterprise.nl\/wp-content\/uploads\/2024\/08\/611467275176_SE_basislogo-1-2048x819.jpg 2048w\" sizes=\"auto, (max-width: 2500px) 100vw, 2500px\" \/>            <div class=\"grid-item-content\">\r\n                <h2 class=\"grid-item-title\">De Balie: 27 September &#039;Mijn Idee voor Nederland&#039;<\/h2>\r\n                <span class=\"grid-item-date\">14 August 2012<\/span>\r\n                <div class=\"grid-item-excerpt\">&nbsp; In de vijfde aflevering van &#8216;Mijn idee voor Nederland&#8217; zal Willemijn Verloop Social Enterprise&hellip;<\/div>\r\n                <!--<div><span class=\"grid-item-category\">Nieuws<\/span><\/div>-->\r\n            <\/div>\r\n        <\/a>\r\n                <a href=\"https:\/\/social-enterprise.nl\/en\/nieuws\/het-nederlandse-social-enterprise-platform-is-van-start\/\" class=\"grid-item-link grid-item\">\r\n            <img loading=\"lazy\" decoding=\"async\" width=\"2500\" height=\"1000\" src=\"https:\/\/social-enterprise.nl\/wp-content\/uploads\/2024\/08\/611467275176_SE_basislogo-1.jpg\" class=\"attachment-small size-small wp-post-image\" alt=\"\" srcset=\"https:\/\/social-enterprise.nl\/wp-content\/uploads\/2024\/08\/611467275176_SE_basislogo-1.jpg 2500w, https:\/\/social-enterprise.nl\/wp-content\/uploads\/2024\/08\/611467275176_SE_basislogo-1-768x307.jpg 768w, https:\/\/social-enterprise.nl\/wp-content\/uploads\/2024\/08\/611467275176_SE_basislogo-1-1536x614.jpg 1536w, https:\/\/social-enterprise.nl\/wp-content\/uploads\/2024\/08\/611467275176_SE_basislogo-1-2048x819.jpg 2048w\" sizes=\"auto, (max-width: 2500px) 100vw, 2500px\" \/>            <div class=\"grid-item-content\">\r\n                <h2 class=\"grid-item-title\">Het Nederlandse Social Enterprise Platform is van start!<\/h2>\r\n                <span class=\"grid-item-date\">2 August 2012<\/span>\r\n                <div class=\"grid-item-excerpt\">Welkom op Social Enterprise NL. Het nieuwe platform voor Nederlandse Social Enterpreneurs.<\/div>\r\n                <!--<div><span class=\"grid-item-category\">Nieuws<\/span><\/div>-->\r\n            <\/div>\r\n        <\/a>\r\n                <a href=\"https:\/\/social-enterprise.nl\/en\/nieuws\/145kanaliseren-van-maatschappelijk-engagement146\/\" class=\"grid-item-link grid-item\">\r\n            <img loading=\"lazy\" decoding=\"async\" width=\"2500\" height=\"1000\" src=\"https:\/\/social-enterprise.nl\/wp-content\/uploads\/2024\/08\/611467275176_SE_basislogo-1.jpg\" class=\"attachment-small size-small wp-post-image\" alt=\"\" srcset=\"https:\/\/social-enterprise.nl\/wp-content\/uploads\/2024\/08\/611467275176_SE_basislogo-1.jpg 2500w, https:\/\/social-enterprise.nl\/wp-content\/uploads\/2024\/08\/611467275176_SE_basislogo-1-768x307.jpg 768w, https:\/\/social-enterprise.nl\/wp-content\/uploads\/2024\/08\/611467275176_SE_basislogo-1-1536x614.jpg 1536w, https:\/\/social-enterprise.nl\/wp-content\/uploads\/2024\/08\/611467275176_SE_basislogo-1-2048x819.jpg 2048w\" sizes=\"auto, (max-width: 2500px) 100vw, 2500px\" \/>            <div class=\"grid-item-content\">\r\n                <h2 class=\"grid-item-title\">&amp;#145;Kanaliseren van maatschappelijk engagement&amp;#146;<\/h2>\r\n                <span class=\"grid-item-date\">24 July 2012<\/span>\r\n                <div class=\"grid-item-excerpt\">Peter Linde,&#160;docent vak social entrepreneurship as challenge aan de&#160;Utrechtse School voor Bestuurs- en Organisatiewetenschap bespreekt&hellip;<\/div>\r\n                <!--<div><span class=\"grid-item-category\">Nieuws<\/span><\/div>-->\r\n            <\/div>\r\n        <\/a>\r\n                <a href=\"https:\/\/social-enterprise.nl\/en\/nieuws\/the-social-enterprise-world-forum-october-16-18-2012-in-rio-de-janeiro-brazil\/\" class=\"grid-item-link grid-item\">\r\n            <img loading=\"lazy\" decoding=\"async\" width=\"2500\" height=\"1000\" src=\"https:\/\/social-enterprise.nl\/wp-content\/uploads\/2024\/08\/611467275176_SE_basislogo-1.jpg\" class=\"attachment-small size-small wp-post-image\" alt=\"\" srcset=\"https:\/\/social-enterprise.nl\/wp-content\/uploads\/2024\/08\/611467275176_SE_basislogo-1.jpg 2500w, https:\/\/social-enterprise.nl\/wp-content\/uploads\/2024\/08\/611467275176_SE_basislogo-1-768x307.jpg 768w, https:\/\/social-enterprise.nl\/wp-content\/uploads\/2024\/08\/611467275176_SE_basislogo-1-1536x614.jpg 1536w, https:\/\/social-enterprise.nl\/wp-content\/uploads\/2024\/08\/611467275176_SE_basislogo-1-2048x819.jpg 2048w\" sizes=\"auto, (max-width: 2500px) 100vw, 2500px\" \/>            <div class=\"grid-item-content\">\r\n                <h2 class=\"grid-item-title\">The Social Enterprise World Forum: October 16-18, 2012 in Rio de Janeiro, Brazil!<\/h2>\r\n                <span class=\"grid-item-date\">18 July 2012<\/span>\r\n                <div class=\"grid-item-excerpt\">Het 'Social Enterprise World Forum (SEWF)' is&#160;het&#160;wereldwijde evenement uitsluitend gericht op social enterprises en op&hellip;<\/div>\r\n                <!--<div><span class=\"grid-item-category\">Nieuws<\/span><\/div>-->\r\n            <\/div>\r\n        <\/a>\r\n                <a href=\"https:\/\/social-enterprise.nl\/en\/nieuws\/triodos-in-het-nieuws-triodos-zet-groene-groei-door\/\" class=\"grid-item-link grid-item\">\r\n            <img loading=\"lazy\" decoding=\"async\" width=\"2500\" height=\"1000\" src=\"https:\/\/social-enterprise.nl\/wp-content\/uploads\/2024\/08\/611467275176_SE_basislogo-1.jpg\" class=\"attachment-small size-small wp-post-image\" alt=\"\" srcset=\"https:\/\/social-enterprise.nl\/wp-content\/uploads\/2024\/08\/611467275176_SE_basislogo-1.jpg 2500w, https:\/\/social-enterprise.nl\/wp-content\/uploads\/2024\/08\/611467275176_SE_basislogo-1-768x307.jpg 768w, https:\/\/social-enterprise.nl\/wp-content\/uploads\/2024\/08\/611467275176_SE_basislogo-1-1536x614.jpg 1536w, https:\/\/social-enterprise.nl\/wp-content\/uploads\/2024\/08\/611467275176_SE_basislogo-1-2048x819.jpg 2048w\" sizes=\"auto, (max-width: 2500px) 100vw, 2500px\" \/>            <div class=\"grid-item-content\">\r\n                <h2 class=\"grid-item-title\">Triodos in het nieuws: Triodos zet &#039;groene&#039; groei door.<\/h2>\r\n                <span class=\"grid-item-date\">26 June 2012<\/span>\r\n                <div class=\"grid-item-excerpt\">Onder 'Duurzaam' rapporteert NUzakelijk over hoe Triodos zich, dankzij toenemende vraag naar duurzame projecten, zonder&hellip;<\/div>\r\n                <!--<div><span class=\"grid-item-category\">Nieuws<\/span><\/div>-->\r\n            <\/div>\r\n        <\/a>\r\n                <a href=\"https:\/\/social-enterprise.nl\/en\/nieuws\/social-enterprise-buurtboer-interview\/\" class=\"grid-item-link grid-item\">\r\n            <img loading=\"lazy\" decoding=\"async\" width=\"2500\" height=\"1000\" src=\"https:\/\/social-enterprise.nl\/wp-content\/uploads\/2024\/08\/611467275176_SE_basislogo-1.jpg\" class=\"attachment-small size-small wp-post-image\" alt=\"\" srcset=\"https:\/\/social-enterprise.nl\/wp-content\/uploads\/2024\/08\/611467275176_SE_basislogo-1.jpg 2500w, https:\/\/social-enterprise.nl\/wp-content\/uploads\/2024\/08\/611467275176_SE_basislogo-1-768x307.jpg 768w, https:\/\/social-enterprise.nl\/wp-content\/uploads\/2024\/08\/611467275176_SE_basislogo-1-1536x614.jpg 1536w, https:\/\/social-enterprise.nl\/wp-content\/uploads\/2024\/08\/611467275176_SE_basislogo-1-2048x819.jpg 2048w\" sizes=\"auto, (max-width: 2500px) 100vw, 2500px\" \/>            <div class=\"grid-item-content\">\r\n                <h2 class=\"grid-item-title\">Social Enterprise &#039;Buurtboer&#039; interview.<\/h2>\r\n                <span class=\"grid-item-date\">21 June 2012<\/span>\r\n                <div class=\"grid-item-excerpt\">Bas Hakker nam voor MarketingTribune een interview af met Nikki Wiesman over het succes van&hellip;<\/div>\r\n                <!--<div><span class=\"grid-item-category\">Nieuws<\/span><\/div>-->\r\n            <\/div>\r\n        <\/a>\r\n                <a href=\"https:\/\/social-enterprise.nl\/en\/nieuws\/social-enterprise-valid-express-wint-goldlineaward\/\" class=\"grid-item-link grid-item\">\r\n            <img loading=\"lazy\" decoding=\"async\" width=\"2500\" height=\"1000\" src=\"https:\/\/social-enterprise.nl\/wp-content\/uploads\/2024\/08\/611467275176_SE_basislogo-1.jpg\" class=\"attachment-small size-small wp-post-image\" alt=\"\" srcset=\"https:\/\/social-enterprise.nl\/wp-content\/uploads\/2024\/08\/611467275176_SE_basislogo-1.jpg 2500w, https:\/\/social-enterprise.nl\/wp-content\/uploads\/2024\/08\/611467275176_SE_basislogo-1-768x307.jpg 768w, https:\/\/social-enterprise.nl\/wp-content\/uploads\/2024\/08\/611467275176_SE_basislogo-1-1536x614.jpg 1536w, https:\/\/social-enterprise.nl\/wp-content\/uploads\/2024\/08\/611467275176_SE_basislogo-1-2048x819.jpg 2048w\" sizes=\"auto, (max-width: 2500px) 100vw, 2500px\" \/>            <div class=\"grid-item-content\">\r\n                <h2 class=\"grid-item-title\">Social Enterprise Valid Express wint GoldLineAward<\/h2>\r\n                <span class=\"grid-item-date\">14 June 2012<\/span>\r\n                <div class=\"grid-item-excerpt\">Op 13 Juni 2012 heeft Nicolette Mak met haar social enterprise Valid Express de GoldLineAward&hellip;<\/div>\r\n                <!--<div><span class=\"grid-item-category\">Nieuws<\/span><\/div>-->\r\n            <\/div>\r\n        <\/a>\r\n                <a href=\"https:\/\/social-enterprise.nl\/en\/nieuws\/weer-minder-durfkapitaal-in-cleantech\/\" class=\"grid-item-link grid-item\">\r\n            <img loading=\"lazy\" decoding=\"async\" width=\"2500\" height=\"1000\" src=\"https:\/\/social-enterprise.nl\/wp-content\/uploads\/2024\/08\/611467275176_SE_basislogo-1.jpg\" class=\"attachment-small size-small wp-post-image\" alt=\"\" srcset=\"https:\/\/social-enterprise.nl\/wp-content\/uploads\/2024\/08\/611467275176_SE_basislogo-1.jpg 2500w, https:\/\/social-enterprise.nl\/wp-content\/uploads\/2024\/08\/611467275176_SE_basislogo-1-768x307.jpg 768w, https:\/\/social-enterprise.nl\/wp-content\/uploads\/2024\/08\/611467275176_SE_basislogo-1-1536x614.jpg 1536w, https:\/\/social-enterprise.nl\/wp-content\/uploads\/2024\/08\/611467275176_SE_basislogo-1-2048x819.jpg 2048w\" sizes=\"auto, (max-width: 2500px) 100vw, 2500px\" \/>            <div class=\"grid-item-content\">\r\n                <h2 class=\"grid-item-title\">Weer minder durfkapitaal in cleantech<\/h2>\r\n                <span class=\"grid-item-date\">11 June 2012<\/span>\r\n                <div class=\"grid-item-excerpt\">Er is dit kwartaal wereldwijd 14% minder met durfkapitaal ge&#239;nvesteerd in cleantech bedrijven dan vorig&hellip;<\/div>\r\n                <!--<div><span class=\"grid-item-category\">Nieuws<\/span><\/div>-->\r\n            <\/div>\r\n        <\/a>\r\n                <a href=\"https:\/\/social-enterprise.nl\/en\/nieuws\/man-bijt-hond-social-enterprise-de-prael-veilige-haven-tijdens-crisis\/\" class=\"grid-item-link grid-item\">\r\n            <img loading=\"lazy\" decoding=\"async\" width=\"2500\" height=\"1000\" src=\"https:\/\/social-enterprise.nl\/wp-content\/uploads\/2024\/08\/611467275176_SE_basislogo-1.jpg\" class=\"attachment-small size-small wp-post-image\" alt=\"\" srcset=\"https:\/\/social-enterprise.nl\/wp-content\/uploads\/2024\/08\/611467275176_SE_basislogo-1.jpg 2500w, https:\/\/social-enterprise.nl\/wp-content\/uploads\/2024\/08\/611467275176_SE_basislogo-1-768x307.jpg 768w, https:\/\/social-enterprise.nl\/wp-content\/uploads\/2024\/08\/611467275176_SE_basislogo-1-1536x614.jpg 1536w, https:\/\/social-enterprise.nl\/wp-content\/uploads\/2024\/08\/611467275176_SE_basislogo-1-2048x819.jpg 2048w\" sizes=\"auto, (max-width: 2500px) 100vw, 2500px\" \/>            <div class=\"grid-item-content\">\r\n                <h2 class=\"grid-item-title\">Man bijt hond: social enterprise de Prael veilige haven tijdens crisis<\/h2>\r\n                <span class=\"grid-item-date\">7 March 2012<\/span>\r\n                <div class=\"grid-item-excerpt\">Social Enterprise De Prael krijgt bezoek van 'Man Bijt Hond'. Terwijl het kabinet plannen maakt&hellip;<\/div>\r\n                <!--<div><span class=\"grid-item-category\">Nieuws<\/span><\/div>-->\r\n            <\/div>\r\n        <\/a>\r\n                <a href=\"https:\/\/social-enterprise.nl\/en\/nieuws\/social-enterprises-up-to-the-mark\/\" class=\"grid-item-link grid-item\">\r\n            <img loading=\"lazy\" decoding=\"async\" width=\"2500\" height=\"1000\" src=\"https:\/\/social-enterprise.nl\/wp-content\/uploads\/2024\/08\/611467275176_SE_basislogo-1.jpg\" class=\"attachment-small size-small wp-post-image\" alt=\"\" srcset=\"https:\/\/social-enterprise.nl\/wp-content\/uploads\/2024\/08\/611467275176_SE_basislogo-1.jpg 2500w, https:\/\/social-enterprise.nl\/wp-content\/uploads\/2024\/08\/611467275176_SE_basislogo-1-768x307.jpg 768w, https:\/\/social-enterprise.nl\/wp-content\/uploads\/2024\/08\/611467275176_SE_basislogo-1-1536x614.jpg 1536w, https:\/\/social-enterprise.nl\/wp-content\/uploads\/2024\/08\/611467275176_SE_basislogo-1-2048x819.jpg 2048w\" sizes=\"auto, (max-width: 2500px) 100vw, 2500px\" \/>            <div class=\"grid-item-content\">\r\n                <h2 class=\"grid-item-title\">Social Enterprises: up to the Mark<\/h2>\r\n                <span class=\"grid-item-date\">23 February 2012<\/span>\r\n                <div class=\"grid-item-excerpt\">In het Verenigd Koninkrijk wil het Ministerie van Justitie het makkelijker maken voor sociale ondernemingen&hellip;<\/div>\r\n                <!--<div><span class=\"grid-item-category\">Nieuws<\/span><\/div>-->\r\n            <\/div>\r\n        <\/a>\r\n                <a href=\"https:\/\/social-enterprise.nl\/en\/nieuws\/social-enterprise-greenfox-wint-prijs\/\" class=\"grid-item-link grid-item\">\r\n            <img loading=\"lazy\" decoding=\"async\" width=\"2500\" height=\"1000\" src=\"https:\/\/social-enterprise.nl\/wp-content\/uploads\/2024\/08\/611467275176_SE_basislogo-1.jpg\" class=\"attachment-small size-small wp-post-image\" alt=\"\" srcset=\"https:\/\/social-enterprise.nl\/wp-content\/uploads\/2024\/08\/611467275176_SE_basislogo-1.jpg 2500w, https:\/\/social-enterprise.nl\/wp-content\/uploads\/2024\/08\/611467275176_SE_basislogo-1-768x307.jpg 768w, https:\/\/social-enterprise.nl\/wp-content\/uploads\/2024\/08\/611467275176_SE_basislogo-1-1536x614.jpg 1536w, https:\/\/social-enterprise.nl\/wp-content\/uploads\/2024\/08\/611467275176_SE_basislogo-1-2048x819.jpg 2048w\" sizes=\"auto, (max-width: 2500px) 100vw, 2500px\" \/>            <div class=\"grid-item-content\">\r\n                <h2 class=\"grid-item-title\">Social enterprise GreenFox wint prijs<\/h2>\r\n                <span class=\"grid-item-date\">20 January 2012<\/span>\r\n                <div class=\"grid-item-excerpt\">GreenFox wint 20.000 euro voor meest succesvolle werkgelegenheidsproject binnen de regio Utrecht. In de sociale&hellip;<\/div>\r\n                <!--<div><span class=\"grid-item-category\">Nieuws<\/span><\/div>-->\r\n            <\/div>\r\n        <\/a>\r\n                <a href=\"https:\/\/social-enterprise.nl\/en\/nieuws\/bbc-op-onderzoek-in-social-enterprise-sector\/\" class=\"grid-item-link grid-item\">\r\n            <img loading=\"lazy\" decoding=\"async\" width=\"2500\" height=\"1000\" src=\"https:\/\/social-enterprise.nl\/wp-content\/uploads\/2024\/08\/611467275176_SE_basislogo-1.jpg\" class=\"attachment-small size-small wp-post-image\" alt=\"\" srcset=\"https:\/\/social-enterprise.nl\/wp-content\/uploads\/2024\/08\/611467275176_SE_basislogo-1.jpg 2500w, https:\/\/social-enterprise.nl\/wp-content\/uploads\/2024\/08\/611467275176_SE_basislogo-1-768x307.jpg 768w, https:\/\/social-enterprise.nl\/wp-content\/uploads\/2024\/08\/611467275176_SE_basislogo-1-1536x614.jpg 1536w, https:\/\/social-enterprise.nl\/wp-content\/uploads\/2024\/08\/611467275176_SE_basislogo-1-2048x819.jpg 2048w\" sizes=\"auto, (max-width: 2500px) 100vw, 2500px\" \/>            <div class=\"grid-item-content\">\r\n                <h2 class=\"grid-item-title\">BBC op onderzoek in social enterprise sector<\/h2>\r\n                <span class=\"grid-item-date\">22 November 2011<\/span>\r\n                <div class=\"grid-item-excerpt\">De social enterprise sector is sterk gegroeid in de UK. De BBC vraagt zich af&hellip;<\/div>\r\n                <!--<div><span class=\"grid-item-category\">Nieuws<\/span><\/div>-->\r\n            <\/div>\r\n        <\/a>\r\n                <a href=\"https:\/\/social-enterprise.nl\/en\/nieuws\/een-dag-uit-het-leven-van-antoinette-gast-van-tuyu-een-reis-door-de-andes\/\" class=\"grid-item-link grid-item\">\r\n            <img loading=\"lazy\" decoding=\"async\" width=\"2500\" height=\"1000\" src=\"https:\/\/social-enterprise.nl\/wp-content\/uploads\/2024\/08\/611467275176_SE_basislogo-1.jpg\" class=\"attachment-small size-small wp-post-image\" alt=\"\" srcset=\"https:\/\/social-enterprise.nl\/wp-content\/uploads\/2024\/08\/611467275176_SE_basislogo-1.jpg 2500w, https:\/\/social-enterprise.nl\/wp-content\/uploads\/2024\/08\/611467275176_SE_basislogo-1-768x307.jpg 768w, https:\/\/social-enterprise.nl\/wp-content\/uploads\/2024\/08\/611467275176_SE_basislogo-1-1536x614.jpg 1536w, https:\/\/social-enterprise.nl\/wp-content\/uploads\/2024\/08\/611467275176_SE_basislogo-1-2048x819.jpg 2048w\" sizes=\"auto, (max-width: 2500px) 100vw, 2500px\" \/>            <div class=\"grid-item-content\">\r\n                <h2 class=\"grid-item-title\">Een dag uit het leven van&#8230;. Antoinette Gast van Tuyu: een reis door de Andes<\/h2>\r\n                <span class=\"grid-item-date\">24 October 2011<\/span>\r\n                <div class=\"grid-item-excerpt\">MVO Nederland maakt een verslag over een dag uit het leven van Antoinette Gast van&hellip;<\/div>\r\n                <!--<div><span class=\"grid-item-category\">Nieuws<\/span><\/div>-->\r\n            <\/div>\r\n        <\/a>\r\n                <a href=\"https:\/\/social-enterprise.nl\/en\/nieuws\/tim-cambell-over-zijn-ervaring-met-social-enterprises\/\" class=\"grid-item-link grid-item\">\r\n            <img loading=\"lazy\" decoding=\"async\" width=\"2500\" height=\"1000\" src=\"https:\/\/social-enterprise.nl\/wp-content\/uploads\/2024\/08\/611467275176_SE_basislogo-1.jpg\" class=\"attachment-small size-small wp-post-image\" alt=\"\" srcset=\"https:\/\/social-enterprise.nl\/wp-content\/uploads\/2024\/08\/611467275176_SE_basislogo-1.jpg 2500w, https:\/\/social-enterprise.nl\/wp-content\/uploads\/2024\/08\/611467275176_SE_basislogo-1-768x307.jpg 768w, https:\/\/social-enterprise.nl\/wp-content\/uploads\/2024\/08\/611467275176_SE_basislogo-1-1536x614.jpg 1536w, https:\/\/social-enterprise.nl\/wp-content\/uploads\/2024\/08\/611467275176_SE_basislogo-1-2048x819.jpg 2048w\" sizes=\"auto, (max-width: 2500px) 100vw, 2500px\" \/>            <div class=\"grid-item-content\">\r\n                <h2 class=\"grid-item-title\">Tim Cambell over zijn ervaring met Social Enterprises<\/h2>\r\n                <span class=\"grid-item-date\">20 May 2009<\/span>\r\n                <div class=\"grid-item-excerpt\">Tim Cambell, Ambassadeur social enterprise UK, spreekt op 'social enterprise day' over zijn ervaring met&hellip;<\/div>\r\n                <!--<div><span class=\"grid-item-category\">Nieuws<\/span><\/div>-->\r\n            <\/div>\r\n        <\/a>\r\n        <\/div>\t\r\n\t<div class=\"pagination\">\r\n\t\t\r\n\t\t\t<\/div>\r\n\t\r\n\t\r\n\t\r\n\t<\/div>\n<\/div><\/div>\n\n<\/div><\/div>","protected":false},"excerpt":{"rendered":"<p>Doorzoek het archief<\/p>","protected":false},"author":1,"featured_media":0,"parent":84,"menu_order":0,"comment_status":"closed","ping_status":"closed","template":"","meta":{"_acf_changed":false,"_kad_blocks_custom_css":"\/* filter *\/\r\n.searchandfilter ul {\r\n    padding-left: 0;\r\n    display: grid;\r\n    grid-template-columns: repeat(3, 1fr);\r\n    gap: 32px;\r\n    align-items: end;\r\n    padding: 0!important;\r\n}\r\n.searchandfilter ul li {\r\n    list-style: none;\r\n}\r\n.searchandfilter h4  {\r\n    color: var(--global-palette3) !important;\r\n}\r\n.searchandfilter label {\r\n    width: 100%;\r\n}\r\n.searchandfilter select.sf-input-select {\r\n    border: none;\r\n    background: var(--global-palette9) url(data:image\/svg+xml;base64,PHN2ZyB4bWxucz0iaHR0cDovL3d3dy53My5vcmcvMjAwMC9zdmciIHdpZHRoPSIxMCIgaGVpZ2h0PSI2IiBmaWxsPSJibGFjayIgc3Ryb2tlPSJub25lIj48cGF0aCBkPSJNMSAwbDQuNSA2TDkgMHoiLz48L3N2Zz4=) no-repeat 98% 50%;\r\n    -webkit-appearance: none;\r\n    -moz-appearance: none;\r\n    appearance: none;\r\n    box-shadow: none;\r\n    outline: 0;\r\n    padding: 8px 35px 8px 16px;\r\n    background-size: 30px 14px;\r\n    color: var(--global-palette3);\r\n    font-weight: 500;\r\n    width: 100%;\r\n}\r\ninput.sf-input-text {\r\n    border-radius: 0;\r\n    width: 100%;\r\n    padding: 8px 16px;\r\n    border: none;\r\n}\r\n.sf-field-submit input[type=\"submit\"] {\r\n    border: 1px solid var(--global-palette3);\r\n    background: transparent;\r\n    color: var(--global-palette3);\r\n    padding: 8px 16px;\r\n    width: 100%;\r\n}\r\n.sf-field-submit input[type=\"submit\"]:hover {\r\n    background: var(--global-palette3);\r\n    border-color: var(--global-palette3);\r\n    color: var(--global-palette9);\r\n}\r\n\r\n.grid-container {\r\n    display: grid;\r\n    grid-template-columns: repeat(3, 1fr);\r\n    gap: 32px;\r\n}\r\n.grid-item {\r\n    position: relative;\r\n}\r\n\r\n.grid-item-link {\r\n    display: block;\r\n    text-decoration: none;\r\n    color: inherit;\r\n    transition: transform 0.2s;\r\n    overflow: hidden;\r\n    color: var(--global-palette3);\r\n    position: relative;\r\n    border: 1px solid var(--global-palette3);\r\n    padding: 1.5rem;\r\n}\r\n.grid-item-link.grid-item:after {\r\n    content: '';\r\n    width: 0;\r\n    height: 0;\r\n    border-top: 30px solid transparent;\r\n    border-right: 30px solid var(--global-palette1);\r\n    position: absolute;\r\n    bottom: 5px;\r\n    right: 5px;\r\n}\r\n.first-item:after {\r\n  display: none;\r\n}\r\n.first-item {\r\n    grid-column: span 2;\r\n    position: relative;\r\n    color: var(--global-palette9);\r\n    overflow: hidden;\r\n    display: flex;\r\n    align-items: end;\r\n    background-size: cover;\r\n    border: none;\r\n    padding: 24px;\r\n}\r\n.first-item .grid-item-content {\r\n    max-width: 500px;\r\n    color: var(--global-palette3);\r\n    background: var(--global-palette8);\r\n    padding: 1.5rem;\r\n    border: 1px solid var(--global-palette3);\r\n}\r\n.first-item .grid-item-content:after {\r\n    content: '';\r\n    width: 0;\r\n    height: 0;\r\n    border-top: 30px solid transparent;\r\n    border-right: 30px solid var(--global-palette1);\r\n    position: absolute;\r\n    bottom: 8px;\r\n    right: 8px;\r\n}\r\n.overlay-content {\r\n    position: relative;\r\n}\r\n.grid-item img {\r\n    object-fit: cover;\r\n    aspect-ratio: 16 \/ 9;\r\n}\r\n.grid-item-title {\r\n    font-size: 24px;\r\n    color: var(--global-palette3);\r\n}\r\n.grid-item-content {\r\n    padding: 24px 8px 24px;\r\n}\r\n.grid-item-date {\r\n    position: relative;\r\n    padding-left: 24px;\r\n    color: var(--global-palette3);\r\n    font-size: 85%;\r\n    letter-spacing: -1px;\r\n}\r\n.grid-item-date .kb-svg-icon-wrap.kb-svg-icon-fe_calendar {\r\n    position: absolute;\r\n    left: 0;\r\n    top: 50%;\r\n    transform: translateY(-50%);\r\n}\r\n.grid-item-date svg {\r\n    width: 1em;\r\n    height: 1em;\r\n}\r\n.grid-item-category {\r\n    display: inline-block;\r\n    margin-top: 10px;\r\n    font-weight: 600;\r\n    color: var(--global-palette9);\r\n    background: var(--global-palette3);\r\n    padding: 0 12px;\r\n}\r\n.grid-item-link:hover .grid-item-title,\r\n.grid-item-link:hover .grid-item-date,\r\n.grid-item-link:hover .grid-item-excerpt {\r\n    color: var(--global-palette1);\r\n}\r\n\/* Tablet grid style *\/\r\n@media (max-width: 1024px) and (min-width: 768px) {\r\n    .searchandfilter ul {\r\n        grid-template-columns: repeat(2, 1fr);\r\n    }\r\n    .sf-field-submit {\r\n        grid-column: span 2;\r\n    }\r\n    .grid-container {\r\n        grid-template-columns: repeat(2, 1fr);\r\n    }\r\n    .first-item {\r\n        grid-column: span 2;\r\n        padding-top: 120px;\r\n    }\r\n    .grid-item-content {\r\n        padding: 24px;\r\n    }\r\n}\r\n@media (max-width: 767px) {\r\n    .searchandfilter ul {\r\n        grid-template-columns: 1fr;\r\n        gap: 16px;\r\n    }\r\n    .sf-field-submit {\r\n        margin-top: 8px!important;\r\n    }\r\n    .grid-container {\r\n        grid-template-columns: 1fr;\r\n    }\r\n    .first-item {\r\n        grid-column: 1 \/ 2;\r\n        padding-top: 240px;\r\n    }\r\n    .first-item .grid-item-title {\r\n        font-size: 30px;\r\n    }\r\n    .grid-item-content {\r\n        padding: 24px;\r\n    }\r\n}","_kad_blocks_head_custom_js":"","_kad_blocks_body_custom_js":"","_kad_blocks_footer_custom_js":"<script>\r\n  jQuery(document).ready(function($) {\r\n    \/\/ Define the new SVG icon\r\n    var calendarSvgIcon = '<span class=\"kb-svg-icon-wrap kb-svg-icon-fe_calendar\">' +\r\n                          '<svg viewBox=\"0 0 24 24\" fill=\"none\" stroke=\"currentColor\" stroke-width=\"2\" stroke-linecap=\"round\" stroke-linejoin=\"round\" xmlns=\"http:\/\/www.w3.org\/2000\/svg\" aria-hidden=\"true\">' +\r\n                          '<rect x=\"3\" y=\"4\" width=\"18\" height=\"18\" rx=\"2\" ry=\"2\"><\/rect>' +\r\n                          '<line x1=\"16\" y1=\"2\" x2=\"16\" y2=\"6\"><\/line>' +\r\n                          '<line x1=\"8\" y1=\"2\" x2=\"8\" y2=\"6\"><\/line>' +\r\n                          '<line x1=\"3\" y1=\"10\" x2=\"21\" y2=\"10\"><\/line>' +\r\n                          '<\/svg>' +\r\n                          '<\/span>';\r\n\r\n    \/\/ Function to add the icon to each element with the class 'grid-item-date'\r\n    function addCalendarIcons() {\r\n      $('.grid-item-date').each(function() {\r\n        if (!$(this).find('.kb-svg-icon-wrap').length) { \/\/ Avoid adding duplicates\r\n          $(this).prepend(calendarSvgIcon);\r\n        }\r\n      });\r\n    }\r\n\r\n    \/\/ Run on document ready\r\n    addCalendarIcons();\r\n\r\n    \/\/ Re-run the function after AJAX content loads\r\n    $(document).ajaxComplete(function() {\r\n      addCalendarIcons();\r\n    });\r\n  });\r\n<\/script>\r\n","_kad_post_transparent":"","_kad_post_title":"","_kad_post_layout":"normal","_kad_post_sidebar_id":"","_kad_post_content_style":"","_kad_post_vertical_padding":"","_kad_post_feature":"","_kad_post_feature_position":"","_kad_post_header":false,"_kad_post_footer":false,"_kad_post_classname":"","footnotes":""},"class_list":["post-85","page","type-page","status-publish","hentry"],"acf":[],"taxonomy_info":[],"featured_image_src_large":false,"author_info":{"display_name":"wijzijnmeo","author_link":"https:\/\/social-enterprise.nl\/en\/author\/25a89330ad4e43a2\/"},"comment_info":0,"_links":{"self":[{"href":"https:\/\/social-enterprise.nl\/en\/wp-json\/wp\/v2\/pages\/85","targetHints":{"allow":["GET"]}}],"collection":[{"href":"https:\/\/social-enterprise.nl\/en\/wp-json\/wp\/v2\/pages"}],"about":[{"href":"https:\/\/social-enterprise.nl\/en\/wp-json\/wp\/v2\/types\/page"}],"author":[{"embeddable":true,"href":"https:\/\/social-enterprise.nl\/en\/wp-json\/wp\/v2\/users\/1"}],"replies":[{"embeddable":true,"href":"https:\/\/social-enterprise.nl\/en\/wp-json\/wp\/v2\/comments?post=85"}],"version-history":[{"count":5,"href":"https:\/\/social-enterprise.nl\/en\/wp-json\/wp\/v2\/pages\/85\/revisions"}],"predecessor-version":[{"id":15044,"href":"https:\/\/social-enterprise.nl\/en\/wp-json\/wp\/v2\/pages\/85\/revisions\/15044"}],"up":[{"embeddable":true,"href":"https:\/\/social-enterprise.nl\/en\/wp-json\/wp\/v2\/pages\/84"}],"wp:attachment":[{"href":"https:\/\/social-enterprise.nl\/en\/wp-json\/wp\/v2\/media?parent=85"}],"curies":[{"name":"wp","href":"https:\/\/api.w.org\/{rel}","templated":true}]}}